{"id":71069,"date":"2020-08-21T17:00:00","date_gmt":"2020-08-21T17:00:00","guid":{"rendered":"https:\/\/transinfo.pl\/x\/infobus\/polski-debiut-yutonga-e12-w-jeleniej-gorze-_more_126490\/"},"modified":"2020-08-21T17:00:00","modified_gmt":"2020-08-21T17:00:00","slug":"polski-debiut-yutonga-e12-w-jeleniej-gorze-_more_126490","status":"publish","type":"infobus","link":"https:\/\/transinfo.pl\/x\/infobus\/polski-debiut-yutonga-e12-w-jeleniej-gorze-_more_126490\/","title":{"rendered":"Polski debiut Yutonga E12 w Jeleniej G\u00f3rze!"},"content":{"rendered":"<p><span style=\"font-weight: bold\">-&#8222;Jako pierwsi w Polsce, i to przez dwa tygodnie, b\u0119dziemy mogli testowa\u0107 chi\u0144ski autobus marki Yutong&#8221; \u2013 poinformowa\u0142a sp\u00f3\u0142ka MZK Jelenia G\u00f3ra.<\/span><\/p>\n<p>Tester to elektrobus marki Yutong model E12, kt\u00f3ry w naszym kraju oferowany jest przez firm\u0119 BUSNEX Poland \u2013 wy\u0142\u0105cznego przedstawiciel chi\u0144skiego producenta w Polsce. Tego typu pojazdy mo\u017cna spotka\u0107 ju\u017c w Europie \u2013 m.in. w Helsinkach, Reykjaviku, czy Roskilde. <\/p>\n<p>W Polsce blisko zakupu 9 szt. autobus\u00f3w tej marki s\u0105 Polkowice \u2013 <a target=\"_blank\" href=\"http:\/\/infobus.pl\/yutong-wygrywa-w-polkowicach-_more_123363.html\" rel=\"noopener noreferrer\">o czym pisali\u015bmy w InfoBusie TUTAJ<\/a>, gdzie BUSNEX zaoferowa\u0142 w przetargu kr\u00f3tszy model \u2013 E10 o d\u0142ugo\u015bci 10 m z bateri\u0105 o pojemno\u015bci 340 kWh i pojemno\u015bci 81 pasa\u017cer\u00f3w, w tym 22 na miejscach siedz\u0105cych. Ta oferta uznana zosta\u0142a za najkorzystniejsz\u0105, jednak t\u0119 decyzj\u0119 Polkowic oprotestowa\u0142 SOR i sprawa trafi\u0142a do KIO. <\/p>\n<p>Natomiast pierwsz\u0105 swoj\u0105 umow\u0119 na dostaw\u0119 autobus elektrycznego w Polsce, firma BUSNEX Poland zawar\u0142a w Bobowej \u2013 <a target=\"_blank\" href=\"http:\/\/infobus.pl\/yutong-z-pierwsza-umowa-w-polsce-_more_126136.html\" rel=\"noopener noreferrer\">o czym pisali\u015bmy TUTAJ<\/a><\/p>\n<h3>Kiedy start?<\/h3>\n<p>Na jeleniog\u00f3rskich ulicach Yutong E12 powinien pojawi\u0107 si\u0119 na pocz\u0105tku przysz\u0142ego tygodnia. B\u0119dzie sprawdzany na r\u00f3\u017cnych liniach i w r\u00f3\u017cnych warunkach. Przejazd nim b\u0119dzie bezp\u0142atny.<\/p>\n<p>Dwunastometrowy autobus demonstracyjny posiada m.in. w automatyczny najazd dla w\u00f3zk\u00f3w obs\u0142ugiwany z miejsca pracy kierowcy. Magazyn energii to 374 kWh. W zale\u017cno\u015bci od konfiguracji w modelu, E12 mo\u017ce zaproponowa\u0107 od 23 do 32 miejsc siedz\u0105cych.<\/p>\n<p><span style=\"font-style: italic\">-&#8222;Pojazd charakteryzuje si\u0119 znakomitymi osi\u0105gami. Do Jeleniej G\u00f3ry z Warszawy (470 km) przyjecha\u0142 na jednym \u0142adowaniu! Przedstawiciele producenta zapewniaj\u0105, \u017ce w codziennej eksploatacji \u0142adowa\u0107 go trzeba co oko\u0142o 350 km, co by\u0142oby rewelacyjnym wynikiem &#8211; m\u00f3wi Zbigniew Rzo\u0144ca, rzecznik prasowy MZK Jelenia G\u00f3ra. <\/span><\/p>\n<p>Pasa\u017cer\u00f3w zapraszamy do wzi\u0119cia udzia\u0142u w g\u0142osowaniu na trasy, kt\u00f3rymi autobus b\u0119dzie je\u017adzi\u0142 w naszym regionie. <a target=\"_blank\" href=\"https:\/\/docs.google.com\/forms\/d\/e\/1FAIpQLScPzWI1G5dZOqAuYEzRyk8uY8YxQC6Yw3QU9bWxt2nlQXOZVw\/viewform?fbclid=IwAR1U7fRRMiBPuoAeg7pCjObuI6OJxHix5z-hbUhZzlcpEdiAS0NbWiBkNXw\" rel=\"noopener noreferrer\">Link do ankiety znajduje si\u0119 TUTAJ<\/a><\/p>\n<p><\/p>\n<p><\/p>\n<p><\/p>\n<p>&#8222;<\/p>\n","protected":false},"author":1,"featured_media":71070,"comment_status":"","ping_status":"closed","template":"","categories":[26],"tags":[2184,1002],"class_list":["post-71069","infobus","type-infobus","status-publish","has-post-thumbnail","hentry","category-przewoznicy","tag-elektrobus","tag-test"],"acf":[],"yoast_head":"<!-- This site is optimized with the Yoast SEO Premium plugin v21.8 (Yoast SEO v23.7) - https:\/\/yoast.com\/wordpress\/plugins\/seo\/ -->\n<title>Polski debiut Yutonga E12 w Jeleniej G\u00f3rze! - TransInfo Archiwum<\/title>\n<meta name=\"robots\" content=\"index, follow, max-snippet:-1, max-image-preview:large, max-video-preview:-1\" \/>\n<link rel=\"canonical\" href=\"https:\/\/transinfo.pl\/x\/infobus\/polski-debiut-yutonga-e12-w-jeleniej-gorze-_more_126490\/\" \/>\n<meta property=\"og:locale\" content=\"pl_PL\" \/>\n<meta property=\"og:type\" content=\"article\" \/>\n<meta property=\"og:title\" content=\"Polski debiut Yutonga E12 w Jeleniej G\u00f3rze!\" \/>\n<meta property=\"og:description\" content=\"-&#8222;Jako pierwsi w Polsce, i to przez dwa tygodnie, b\u0119dziemy mogli testowa\u0107 chi\u0144ski autobus...\" \/>\n<meta property=\"og:url\" content=\"https:\/\/transinfo.pl\/x\/infobus\/polski-debiut-yutonga-e12-w-jeleniej-gorze-_more_126490\/\" \/>\n<meta property=\"og:site_name\" content=\"TransInfo Archiwum\" \/>\n<meta property=\"og:image\" content=\"http:\/\/default\" \/>\n<meta name=\"twitter:card\" content=\"summary_large_image\" \/>\n<meta name=\"twitter:label1\" content=\"Szacowany czas czytania\" \/>\n\t<meta name=\"twitter:data1\" content=\"2 minuty\" \/>\n<script type=\"application\/ld+json\" class=\"yoast-schema-graph\">{\"@context\":\"https:\/\/schema.org\",\"@graph\":[{\"@type\":\"WebPage\",\"@id\":\"https:\/\/transinfo.pl\/x\/infobus\/polski-debiut-yutonga-e12-w-jeleniej-gorze-_more_126490\/\",\"url\":\"https:\/\/transinfo.pl\/x\/infobus\/polski-debiut-yutonga-e12-w-jeleniej-gorze-_more_126490\/\",\"name\":\"Polski debiut Yutonga E12 w Jeleniej G\u00f3rze! - TransInfo Archiwum\",\"isPartOf\":{\"@id\":\"https:\/\/transinfo.pl\/x\/#website\"},\"primaryImageOfPage\":{\"@id\":\"https:\/\/transinfo.pl\/x\/infobus\/polski-debiut-yutonga-e12-w-jeleniej-gorze-_more_126490\/#primaryimage\"},\"image\":{\"@id\":\"https:\/\/transinfo.pl\/x\/infobus\/polski-debiut-yutonga-e12-w-jeleniej-gorze-_more_126490\/#primaryimage\"},\"thumbnailUrl\":\"https:\/\/transinfo.pl\/x\/wp-content\/uploads\/2022\/01\/Polski-debiut-Yutonga-E12-w-Jeleniej-Gorze-fot.-UM-Jelenia-Gora-0.jpg\",\"datePublished\":\"2020-08-21T17:00:00+00:00\",\"dateModified\":\"2020-08-21T17:00:00+00:00\",\"breadcrumb\":{\"@id\":\"https:\/\/transinfo.pl\/x\/infobus\/polski-debiut-yutonga-e12-w-jeleniej-gorze-_more_126490\/#breadcrumb\"},\"inLanguage\":\"pl-PL\",\"potentialAction\":[{\"@type\":\"ReadAction\",\"target\":[\"https:\/\/transinfo.pl\/x\/infobus\/polski-debiut-yutonga-e12-w-jeleniej-gorze-_more_126490\/\"]}]},{\"@type\":\"ImageObject\",\"inLanguage\":\"pl-PL\",\"@id\":\"https:\/\/transinfo.pl\/x\/infobus\/polski-debiut-yutonga-e12-w-jeleniej-gorze-_more_126490\/#primaryimage\",\"url\":\"https:\/\/transinfo.pl\/x\/wp-content\/uploads\/2022\/01\/Polski-debiut-Yutonga-E12-w-Jeleniej-Gorze-fot.-UM-Jelenia-Gora-0.jpg\",\"contentUrl\":\"https:\/\/transinfo.pl\/x\/wp-content\/uploads\/2022\/01\/Polski-debiut-Yutonga-E12-w-Jeleniej-Gorze-fot.-UM-Jelenia-Gora-0.jpg\"},{\"@type\":\"BreadcrumbList\",\"@id\":\"https:\/\/transinfo.pl\/x\/infobus\/polski-debiut-yutonga-e12-w-jeleniej-gorze-_more_126490\/#breadcrumb\",\"itemListElement\":[{\"@type\":\"ListItem\",\"position\":1,\"name\":\"Home\",\"item\":\"https:\/\/transinfo.pl\/x\/\"},{\"@type\":\"ListItem\",\"position\":2,\"name\":\"Infobus\",\"item\":\"https:\/\/transinfo.pl\/x\/infobus\/\"},{\"@type\":\"ListItem\",\"position\":3,\"name\":\"Polski debiut Yutonga E12 w Jeleniej G\u00f3rze!\"}]},{\"@type\":\"WebSite\",\"@id\":\"https:\/\/transinfo.pl\/x\/#website\",\"url\":\"https:\/\/transinfo.pl\/x\/\",\"name\":\"TransInfo Archiwum\",\"description\":\"Ca\u0142y transport w jednym miejscu\",\"publisher\":{\"@id\":\"https:\/\/transinfo.pl\/x\/#organization\"},\"potentialAction\":[{\"@type\":\"SearchAction\",\"target\":{\"@type\":\"EntryPoint\",\"urlTemplate\":\"https:\/\/transinfo.pl\/x\/?s={search_term_string}\"},\"query-input\":{\"@type\":\"PropertyValueSpecification\",\"valueRequired\":true,\"valueName\":\"search_term_string\"}}],\"inLanguage\":\"pl-PL\"},{\"@type\":\"Organization\",\"@id\":\"https:\/\/transinfo.pl\/x\/#organization\",\"name\":\"TransInfo\",\"url\":\"https:\/\/transinfo.pl\/x\/\",\"logo\":{\"@type\":\"ImageObject\",\"inLanguage\":\"pl-PL\",\"@id\":\"https:\/\/transinfo.pl\/x\/#\/schema\/logo\/image\/\",\"url\":\"https:\/\/transinfo.pl\/x\/wp-content\/uploads\/2024\/10\/favicon.png\",\"contentUrl\":\"https:\/\/transinfo.pl\/x\/wp-content\/uploads\/2024\/10\/favicon.png\",\"width\":512,\"height\":512,\"caption\":\"TransInfo\"},\"image\":{\"@id\":\"https:\/\/transinfo.pl\/x\/#\/schema\/logo\/image\/\"}}]}<\/script>\n<!-- \/ Yoast SEO Premium plugin. -->","yoast_head_json":{"title":"Polski debiut Yutonga E12 w Jeleniej G\u00f3rze! - TransInfo Archiwum","robots":{"index":"index","follow":"follow","max-snippet":"max-snippet:-1","max-image-preview":"max-image-preview:large","max-video-preview":"max-video-preview:-1"},"canonical":"https:\/\/transinfo.pl\/x\/infobus\/polski-debiut-yutonga-e12-w-jeleniej-gorze-_more_126490\/","og_locale":"pl_PL","og_type":"article","og_title":"Polski debiut Yutonga E12 w Jeleniej G\u00f3rze!","og_description":"-&#8222;Jako pierwsi w Polsce, i to przez dwa tygodnie, b\u0119dziemy mogli testowa\u0107 chi\u0144ski autobus...","og_url":"https:\/\/transinfo.pl\/x\/infobus\/polski-debiut-yutonga-e12-w-jeleniej-gorze-_more_126490\/","og_site_name":"TransInfo Archiwum","og_image":[{"url":"default"}],"twitter_card":"summary_large_image","twitter_misc":{"Szacowany czas czytania":"2 minuty"},"schema":{"@context":"https:\/\/schema.org","@graph":[{"@type":"WebPage","@id":"https:\/\/transinfo.pl\/x\/infobus\/polski-debiut-yutonga-e12-w-jeleniej-gorze-_more_126490\/","url":"https:\/\/transinfo.pl\/x\/infobus\/polski-debiut-yutonga-e12-w-jeleniej-gorze-_more_126490\/","name":"Polski debiut Yutonga E12 w Jeleniej G\u00f3rze! - TransInfo Archiwum","isPartOf":{"@id":"https:\/\/transinfo.pl\/x\/#website"},"primaryImageOfPage":{"@id":"https:\/\/transinfo.pl\/x\/infobus\/polski-debiut-yutonga-e12-w-jeleniej-gorze-_more_126490\/#primaryimage"},"image":{"@id":"https:\/\/transinfo.pl\/x\/infobus\/polski-debiut-yutonga-e12-w-jeleniej-gorze-_more_126490\/#primaryimage"},"thumbnailUrl":"https:\/\/transinfo.pl\/x\/wp-content\/uploads\/2022\/01\/Polski-debiut-Yutonga-E12-w-Jeleniej-Gorze-fot.-UM-Jelenia-Gora-0.jpg","datePublished":"2020-08-21T17:00:00+00:00","dateModified":"2020-08-21T17:00:00+00:00","breadcrumb":{"@id":"https:\/\/transinfo.pl\/x\/infobus\/polski-debiut-yutonga-e12-w-jeleniej-gorze-_more_126490\/#breadcrumb"},"inLanguage":"pl-PL","potentialAction":[{"@type":"ReadAction","target":["https:\/\/transinfo.pl\/x\/infobus\/polski-debiut-yutonga-e12-w-jeleniej-gorze-_more_126490\/"]}]},{"@type":"ImageObject","inLanguage":"pl-PL","@id":"https:\/\/transinfo.pl\/x\/infobus\/polski-debiut-yutonga-e12-w-jeleniej-gorze-_more_126490\/#primaryimage","url":"https:\/\/transinfo.pl\/x\/wp-content\/uploads\/2022\/01\/Polski-debiut-Yutonga-E12-w-Jeleniej-Gorze-fot.-UM-Jelenia-Gora-0.jpg","contentUrl":"https:\/\/transinfo.pl\/x\/wp-content\/uploads\/2022\/01\/Polski-debiut-Yutonga-E12-w-Jeleniej-Gorze-fot.-UM-Jelenia-Gora-0.jpg"},{"@type":"BreadcrumbList","@id":"https:\/\/transinfo.pl\/x\/infobus\/polski-debiut-yutonga-e12-w-jeleniej-gorze-_more_126490\/#breadcrumb","itemListElement":[{"@type":"ListItem","position":1,"name":"Home","item":"https:\/\/transinfo.pl\/x\/"},{"@type":"ListItem","position":2,"name":"Infobus","item":"https:\/\/transinfo.pl\/x\/infobus\/"},{"@type":"ListItem","position":3,"name":"Polski debiut Yutonga E12 w Jeleniej G\u00f3rze!"}]},{"@type":"WebSite","@id":"https:\/\/transinfo.pl\/x\/#website","url":"https:\/\/transinfo.pl\/x\/","name":"TransInfo Archiwum","description":"Ca\u0142y transport w jednym miejscu","publisher":{"@id":"https:\/\/transinfo.pl\/x\/#organization"},"potentialAction":[{"@type":"SearchAction","target":{"@type":"EntryPoint","urlTemplate":"https:\/\/transinfo.pl\/x\/?s={search_term_string}"},"query-input":{"@type":"PropertyValueSpecification","valueRequired":true,"valueName":"search_term_string"}}],"inLanguage":"pl-PL"},{"@type":"Organization","@id":"https:\/\/transinfo.pl\/x\/#organization","name":"TransInfo","url":"https:\/\/transinfo.pl\/x\/","logo":{"@type":"ImageObject","inLanguage":"pl-PL","@id":"https:\/\/transinfo.pl\/x\/#\/schema\/logo\/image\/","url":"https:\/\/transinfo.pl\/x\/wp-content\/uploads\/2024\/10\/favicon.png","contentUrl":"https:\/\/transinfo.pl\/x\/wp-content\/uploads\/2024\/10\/favicon.png","width":512,"height":512,"caption":"TransInfo"},"image":{"@id":"https:\/\/transinfo.pl\/x\/#\/schema\/logo\/image\/"}}]}},"_links":{"self":[{"href":"https:\/\/transinfo.pl\/x\/wp-json\/wp\/v2\/infobus\/71069","targetHints":{"allow":["GET"]}}],"collection":[{"href":"https:\/\/transinfo.pl\/x\/wp-json\/wp\/v2\/infobus"}],"about":[{"href":"https:\/\/transinfo.pl\/x\/wp-json\/wp\/v2\/types\/infobus"}],"author":[{"embeddable":true,"href":"https:\/\/transinfo.pl\/x\/wp-json\/wp\/v2\/users\/1"}],"replies":[{"embeddable":true,"href":"https:\/\/transinfo.pl\/x\/wp-json\/wp\/v2\/comments?post=71069"}],"wp:featuredmedia":[{"embeddable":true,"href":"https:\/\/transinfo.pl\/x\/wp-json\/wp\/v2\/media\/71070"}],"wp:attachment":[{"href":"https:\/\/transinfo.pl\/x\/wp-json\/wp\/v2\/media?parent=71069"}],"wp:term":[{"taxonomy":"category","embeddable":true,"href":"https:\/\/transinfo.pl\/x\/wp-json\/wp\/v2\/categories?post=71069"},{"taxonomy":"post_tag","embeddable":true,"href":"https:\/\/transinfo.pl\/x\/wp-json\/wp\/v2\/tags?post=71069"}],"curies":[{"name":"wp","href":"https:\/\/api.w.org\/{rel}","templated":true}]}}