{"id":267735,"date":"2024-04-12T11:01:02","date_gmt":"2024-04-12T11:01:02","guid":{"rendered":"https:\/\/transinfo.pl\/x\/infobus\/warszawa-zapalil-sie-autobus-miejski-dzieki-szybkiej-reakcji-kierowcy-nikt-nie-zostal-ranny\/"},"modified":"2024-04-12T11:01:02","modified_gmt":"2024-04-12T11:01:02","slug":"warszawa-zapalil-sie-autobus-miejski-dzieki-szybkiej-reakcji-kierowcy-nikt-nie-zostal-ranny","status":"publish","type":"infobus","link":"https:\/\/transinfo.pl\/x\/infobus\/warszawa-zapalil-sie-autobus-miejski-dzieki-szybkiej-reakcji-kierowcy-nikt-nie-zostal-ranny\/","title":{"rendered":"Warszawa: Zapali\u0142 si\u0119 autobus miejski. Dzi\u0119ki szybkiej reakcji kierowcy nikt nie zosta\u0142 ranny"},"content":{"rendered":"<style>h1,h2,h3,h4,h5,h6{margin:0 0 1.25rem;font-family:Arial,sans-serif;font-weight:600;color:#050505}h1{font-size:1.875rem;line-height:1.1em;text-transform:none}@media(min-width: 768px){h1{font-size:2.375rem}}h2{font-size:1.1875rem;line-height:1.2em;text-transform:uppercase}@media(min-width: 768px){h2{font-size:1.0625rem}}h3{font-size:0.9375rem;line-height:1.4em;font-weight:900;margin-bottom:0.9375rem}h4{font-size:0.875rem;line-height:1.2em;font-weight:500}h5{font-size:0.9375rem;line-height:1.6;font-weight:400}h6{font-size:0.9375rem;line-height:1.6;font-weight:600}\n<\/style>\n<h3 class=\"wp-block-heading\" id=\"h-w-nocy-z-11-na-12-kwietnia-doszlo-do-pozaru-autobusu-miejskiego-solbus-sm-18\">W nocy z 11 na 12 kwietnia dosz\u0142o do po\u017caru autobusu miejskiego Solbus SM 18.<\/h3>\n\n\n<style>p{margin:0 0 1.5rem}p:last-child{margin:0}p.is-style-uppercase{text-transform:uppercase}p.is-style-preheading{color:#12406a;text-transform:uppercase}p.is-style-leadparagraph{font-size:1rem;line-height:1.625;font-weight:700}@media(min-width: 768px){p.is-style-leadparagraph{font-size:1.125rem;line-height:1.5555555556}}p.has-small-margin{margin-bottom:0.625rem}p.has-small-margin+h1,p.has-small-margin+h2,p.has-small-margin+h3{margin-top:1.875rem}\n<\/style>\n<p>Po\u017car wybuch\u0142 oko\u0142o p\u00f3\u0142nocy na wysoko\u015bci przystanku Wa\u0142owicka w dzielnicy W\u0142ochy. Na miejscu zdarzenia pojawi\u0142y si\u0119 cztery zast\u0119py stra\u017cy po\u017carnej. Pojazd MZA sp\u0142on\u0105\u0142 doszcz\u0119tnie, ale nikomu si\u0119 nic nie sta\u0142o. <\/p>\n\n\n\n<h2 class=\"wp-block-heading\" id=\"h-cztery-minuty-po-polnocy\">cztery minuty po p\u00f3\u0142nocy <\/h2>\n\n\n\n<p>Do bardzo gro\u017anie wygl\u0105daj\u0105cej sytuacji dosz\u0142o, gdy autobus miejski linii 189 jecha\u0142 ulic\u0105 Globusow\u0105 we W\u0142ochach. Nag\u0142e w komorze silnika pojawi\u0142 si\u0119 ogie\u0144, kt\u00f3ry zacz\u0105\u0142 sie szybko rozprzestrzenia\u0107 na ty\u0142 pojazdu. <\/p>\n\n\n\n<p>Dzi\u0119ki szybkiej reakcji kierowcy, autobus natychmiast zatrzyma\u0142 si\u0119 na poboczu, a dziesi\u0119\u0107 podr\u00f3\u017cuj\u0105cych nim os\u00f3b zosta\u0142o sprawnie ewakuowanych. Nikt nie odni\u00f3s\u0142 obra\u017ce\u0144.<\/p>\n\n\n<style>.wp-block-quote{border-left:0.1875rem solid var(--page-color);font-size:1rem;font-style:italic;margin:0 0 1.6875rem;padding:1.25rem}.wp-block-quote cite{color:#050505}.wp-block-quote.is-style-large p{margin-bottom:10px}.wp-block-quote.is-style-large cite{color:#12406a}\n<\/style>\n<blockquote class=\"wp-block-quote is-layout-flow wp-block-quote-is-layout-flow\">\n<p>-&#8222;Cztery minuty po p\u00f3\u0142nocy otrzymali\u015bmy zg\u0142oszenie o p\u0142on\u0105cym autobusie. Na miejscu pracowa\u0142y cztery zast\u0119py i grupa operacyjna. Obj\u0119ty po\u017carem by\u0142 ca\u0142y autobus&#8221;&nbsp;&#8211; przekaza\u0142 B<em>ogdan Smoter z Komendy Miejskiej Pa\u0144stwowej Stra\u017cy Po\u017carnej<\/em> i doda\u0142: <\/p>\n\n\n\n<p>-&#8222;Z informacji przekazanych przez kierowc\u0119 wynika, \u017ce pojazdem podr\u00f3\u017cowa\u0142o w sumie 10 os\u00f3b. Opu\u015bci\u0142y pojazd zanim po\u017car si\u0119 rozwin\u0105\u0142. Nikt nie odni\u00f3s\u0142 obra\u017ce\u0144.<\/p>\n<\/blockquote>\n\n\n\n<p>Mimo, \u017ce kierowca podj\u0105\u0142 pr\u00f3b\u0119 gaszenia pojazdu przy u\u017cyciu ga\u015bnicy, a stra\u017cacy b\u0142yskawicznie pojawili si\u0119 na miejscu zdarzenia, autobus sp\u0142on\u0105\u0142 doszcz\u0119tniej. <\/p>\n\n\n<style>.wp-block-image{margin:1.25rem 0;text-align:center}.wp-block-image figcaption{padding:0 0.9375rem;text-align:center}\n<\/style>\n<figure class=\"wp-block-image size-full\"><a href=\"https:\/\/transinfo.pl\/wp-content\/uploads\/2024\/04\/autobus-pozar-warszawa-2.jpg\"><img decoding=\"async\" src=\"https:\/\/transinfo.pl\/wp-content\/uploads\/2024\/04\/autobus-pozar-warszawa-2.jpg\" alt=\"\" class=\"wp-image-471206\" \/><\/a><figcaption class=\"wp-element-caption\">W nocy 12 kwietnia w Warszawie autobus MZA linii 189 stan\u0105\u0142 w ogniu.&nbsp; \/ foto. WAWA HOT NEWS 24<\/figcaption><\/figure>\n","protected":false},"author":2,"featured_media":267736,"comment_status":"","ping_status":"closed","template":"","categories":[24],"tags":[167,585,5808,1015,375],"class_list":["post-267735","infobus","type-infobus","status-publish","has-post-thumbnail","hentry","category-prawo","tag-autobus","tag-mazowieckie","tag-miejski","tag-pozar","tag-wypadek"],"acf":[],"yoast_head":"<!-- This site is optimized with the Yoast SEO Premium plugin v21.8 (Yoast SEO v23.7) - https:\/\/yoast.com\/wordpress\/plugins\/seo\/ -->\n<title>Warszawa: Zapali\u0142 si\u0119 autobus miejski. Dzi\u0119ki szybkiej reakcji kierowcy nikt nie zosta\u0142 ranny - TransInfo Archiwum<\/title>\n<meta name=\"description\" content=\"W nocy z 11 na 12 kwietnia dosz\u0142o do po\u017caru autobusu miejskiego Solbus SM 18. \u017badne z pasa\u017cer\u00f3w nie ucierpia\u0142 podczas zdarzenia.\" \/>\n<meta name=\"robots\" content=\"index, follow, max-snippet:-1, max-image-preview:large, max-video-preview:-1\" \/>\n<link rel=\"canonical\" href=\"https:\/\/transinfo.pl\/x\/infobus\/warszawa-zapalil-sie-autobus-miejski-dzieki-szybkiej-reakcji-kierowcy-nikt-nie-zostal-ranny\/\" \/>\n<meta property=\"og:locale\" content=\"pl_PL\" \/>\n<meta property=\"og:type\" content=\"article\" \/>\n<meta property=\"og:title\" content=\"Warszawa: Zapali\u0142 si\u0119 autobus miejski. Dzi\u0119ki szybkiej reakcji kierowcy nikt nie zosta\u0142 ranny\" \/>\n<meta property=\"og:description\" content=\"W nocy z 11 na 12 kwietnia dosz\u0142o do po\u017caru autobusu miejskiego Solbus SM 18. \u017badne z pasa\u017cer\u00f3w nie ucierpia\u0142 podczas zdarzenia.\" \/>\n<meta property=\"og:url\" content=\"https:\/\/transinfo.pl\/x\/infobus\/warszawa-zapalil-sie-autobus-miejski-dzieki-szybkiej-reakcji-kierowcy-nikt-nie-zostal-ranny\/\" \/>\n<meta property=\"og:site_name\" content=\"TransInfo Archiwum\" \/>\n<meta property=\"og:image\" content=\"https:\/\/transinfo.pl\/x\/wp-content\/uploads\/2024\/04\/kolaz-pozar-warszawa1-scaled.jpg\" \/>\n\t<meta property=\"og:image:width\" content=\"1\" \/>\n\t<meta property=\"og:image:height\" content=\"1\" \/>\n\t<meta property=\"og:image:type\" content=\"image\/jpeg\" \/>\n<meta name=\"twitter:card\" content=\"summary_large_image\" \/>\n<meta name=\"twitter:label1\" content=\"Szacowany czas czytania\" \/>\n\t<meta name=\"twitter:data1\" content=\"1 minuta\" \/>\n<script type=\"application\/ld+json\" class=\"yoast-schema-graph\">{\"@context\":\"https:\/\/schema.org\",\"@graph\":[{\"@type\":\"WebPage\",\"@id\":\"https:\/\/transinfo.pl\/x\/infobus\/warszawa-zapalil-sie-autobus-miejski-dzieki-szybkiej-reakcji-kierowcy-nikt-nie-zostal-ranny\/\",\"url\":\"https:\/\/transinfo.pl\/x\/infobus\/warszawa-zapalil-sie-autobus-miejski-dzieki-szybkiej-reakcji-kierowcy-nikt-nie-zostal-ranny\/\",\"name\":\"Warszawa: Zapali\u0142 si\u0119 autobus miejski. Dzi\u0119ki szybkiej reakcji kierowcy nikt nie zosta\u0142 ranny - TransInfo Archiwum\",\"isPartOf\":{\"@id\":\"https:\/\/transinfo.pl\/x\/#website\"},\"primaryImageOfPage\":{\"@id\":\"https:\/\/transinfo.pl\/x\/infobus\/warszawa-zapalil-sie-autobus-miejski-dzieki-szybkiej-reakcji-kierowcy-nikt-nie-zostal-ranny\/#primaryimage\"},\"image\":{\"@id\":\"https:\/\/transinfo.pl\/x\/infobus\/warszawa-zapalil-sie-autobus-miejski-dzieki-szybkiej-reakcji-kierowcy-nikt-nie-zostal-ranny\/#primaryimage\"},\"thumbnailUrl\":\"https:\/\/transinfo.pl\/x\/wp-content\/uploads\/2024\/04\/kolaz-pozar-warszawa1-scaled.jpg\",\"datePublished\":\"2024-04-12T11:01:02+00:00\",\"dateModified\":\"2024-04-12T11:01:02+00:00\",\"description\":\"W nocy z 11 na 12 kwietnia dosz\u0142o do po\u017caru autobusu miejskiego Solbus SM 18. \u017badne z pasa\u017cer\u00f3w nie ucierpia\u0142 podczas zdarzenia.\",\"breadcrumb\":{\"@id\":\"https:\/\/transinfo.pl\/x\/infobus\/warszawa-zapalil-sie-autobus-miejski-dzieki-szybkiej-reakcji-kierowcy-nikt-nie-zostal-ranny\/#breadcrumb\"},\"inLanguage\":\"pl-PL\",\"potentialAction\":[{\"@type\":\"ReadAction\",\"target\":[\"https:\/\/transinfo.pl\/x\/infobus\/warszawa-zapalil-sie-autobus-miejski-dzieki-szybkiej-reakcji-kierowcy-nikt-nie-zostal-ranny\/\"]}]},{\"@type\":\"ImageObject\",\"inLanguage\":\"pl-PL\",\"@id\":\"https:\/\/transinfo.pl\/x\/infobus\/warszawa-zapalil-sie-autobus-miejski-dzieki-szybkiej-reakcji-kierowcy-nikt-nie-zostal-ranny\/#primaryimage\",\"url\":\"https:\/\/transinfo.pl\/x\/wp-content\/uploads\/2024\/04\/kolaz-pozar-warszawa1-scaled.jpg\",\"contentUrl\":\"https:\/\/transinfo.pl\/x\/wp-content\/uploads\/2024\/04\/kolaz-pozar-warszawa1-scaled.jpg\"},{\"@type\":\"BreadcrumbList\",\"@id\":\"https:\/\/transinfo.pl\/x\/infobus\/warszawa-zapalil-sie-autobus-miejski-dzieki-szybkiej-reakcji-kierowcy-nikt-nie-zostal-ranny\/#breadcrumb\",\"itemListElement\":[{\"@type\":\"ListItem\",\"position\":1,\"name\":\"Home\",\"item\":\"https:\/\/transinfo.pl\/x\/\"},{\"@type\":\"ListItem\",\"position\":2,\"name\":\"Infobus\",\"item\":\"https:\/\/transinfo.pl\/x\/infobus\/\"},{\"@type\":\"ListItem\",\"position\":3,\"name\":\"Warszawa: Zapali\u0142 si\u0119 autobus miejski. Dzi\u0119ki szybkiej reakcji kierowcy nikt nie zosta\u0142 ranny\"}]},{\"@type\":\"WebSite\",\"@id\":\"https:\/\/transinfo.pl\/x\/#website\",\"url\":\"https:\/\/transinfo.pl\/x\/\",\"name\":\"TransInfo Archiwum\",\"description\":\"Ca\u0142y transport w jednym miejscu\",\"publisher\":{\"@id\":\"https:\/\/transinfo.pl\/x\/#organization\"},\"potentialAction\":[{\"@type\":\"SearchAction\",\"target\":{\"@type\":\"EntryPoint\",\"urlTemplate\":\"https:\/\/transinfo.pl\/x\/?s={search_term_string}\"},\"query-input\":{\"@type\":\"PropertyValueSpecification\",\"valueRequired\":true,\"valueName\":\"search_term_string\"}}],\"inLanguage\":\"pl-PL\"},{\"@type\":\"Organization\",\"@id\":\"https:\/\/transinfo.pl\/x\/#organization\",\"name\":\"TransInfo\",\"url\":\"https:\/\/transinfo.pl\/x\/\",\"logo\":{\"@type\":\"ImageObject\",\"inLanguage\":\"pl-PL\",\"@id\":\"https:\/\/transinfo.pl\/x\/#\/schema\/logo\/image\/\",\"url\":\"https:\/\/transinfo.pl\/x\/wp-content\/uploads\/2024\/10\/favicon.png\",\"contentUrl\":\"https:\/\/transinfo.pl\/x\/wp-content\/uploads\/2024\/10\/favicon.png\",\"width\":512,\"height\":512,\"caption\":\"TransInfo\"},\"image\":{\"@id\":\"https:\/\/transinfo.pl\/x\/#\/schema\/logo\/image\/\"}}]}<\/script>\n<!-- \/ Yoast SEO Premium plugin. -->","yoast_head_json":{"title":"Warszawa: Zapali\u0142 si\u0119 autobus miejski. Dzi\u0119ki szybkiej reakcji kierowcy nikt nie zosta\u0142 ranny - TransInfo Archiwum","description":"W nocy z 11 na 12 kwietnia dosz\u0142o do po\u017caru autobusu miejskiego Solbus SM 18. \u017badne z pasa\u017cer\u00f3w nie ucierpia\u0142 podczas zdarzenia.","robots":{"index":"index","follow":"follow","max-snippet":"max-snippet:-1","max-image-preview":"max-image-preview:large","max-video-preview":"max-video-preview:-1"},"canonical":"https:\/\/transinfo.pl\/x\/infobus\/warszawa-zapalil-sie-autobus-miejski-dzieki-szybkiej-reakcji-kierowcy-nikt-nie-zostal-ranny\/","og_locale":"pl_PL","og_type":"article","og_title":"Warszawa: Zapali\u0142 si\u0119 autobus miejski. Dzi\u0119ki szybkiej reakcji kierowcy nikt nie zosta\u0142 ranny","og_description":"W nocy z 11 na 12 kwietnia dosz\u0142o do po\u017caru autobusu miejskiego Solbus SM 18. \u017badne z pasa\u017cer\u00f3w nie ucierpia\u0142 podczas zdarzenia.","og_url":"https:\/\/transinfo.pl\/x\/infobus\/warszawa-zapalil-sie-autobus-miejski-dzieki-szybkiej-reakcji-kierowcy-nikt-nie-zostal-ranny\/","og_site_name":"TransInfo Archiwum","og_image":[{"url":"https:\/\/transinfo.pl\/x\/wp-content\/uploads\/2024\/04\/kolaz-pozar-warszawa1-scaled.jpg","width":1,"height":1,"type":"image\/jpeg"}],"twitter_card":"summary_large_image","twitter_misc":{"Szacowany czas czytania":"1 minuta"},"schema":{"@context":"https:\/\/schema.org","@graph":[{"@type":"WebPage","@id":"https:\/\/transinfo.pl\/x\/infobus\/warszawa-zapalil-sie-autobus-miejski-dzieki-szybkiej-reakcji-kierowcy-nikt-nie-zostal-ranny\/","url":"https:\/\/transinfo.pl\/x\/infobus\/warszawa-zapalil-sie-autobus-miejski-dzieki-szybkiej-reakcji-kierowcy-nikt-nie-zostal-ranny\/","name":"Warszawa: Zapali\u0142 si\u0119 autobus miejski. Dzi\u0119ki szybkiej reakcji kierowcy nikt nie zosta\u0142 ranny - TransInfo Archiwum","isPartOf":{"@id":"https:\/\/transinfo.pl\/x\/#website"},"primaryImageOfPage":{"@id":"https:\/\/transinfo.pl\/x\/infobus\/warszawa-zapalil-sie-autobus-miejski-dzieki-szybkiej-reakcji-kierowcy-nikt-nie-zostal-ranny\/#primaryimage"},"image":{"@id":"https:\/\/transinfo.pl\/x\/infobus\/warszawa-zapalil-sie-autobus-miejski-dzieki-szybkiej-reakcji-kierowcy-nikt-nie-zostal-ranny\/#primaryimage"},"thumbnailUrl":"https:\/\/transinfo.pl\/x\/wp-content\/uploads\/2024\/04\/kolaz-pozar-warszawa1-scaled.jpg","datePublished":"2024-04-12T11:01:02+00:00","dateModified":"2024-04-12T11:01:02+00:00","description":"W nocy z 11 na 12 kwietnia dosz\u0142o do po\u017caru autobusu miejskiego Solbus SM 18. \u017badne z pasa\u017cer\u00f3w nie ucierpia\u0142 podczas zdarzenia.","breadcrumb":{"@id":"https:\/\/transinfo.pl\/x\/infobus\/warszawa-zapalil-sie-autobus-miejski-dzieki-szybkiej-reakcji-kierowcy-nikt-nie-zostal-ranny\/#breadcrumb"},"inLanguage":"pl-PL","potentialAction":[{"@type":"ReadAction","target":["https:\/\/transinfo.pl\/x\/infobus\/warszawa-zapalil-sie-autobus-miejski-dzieki-szybkiej-reakcji-kierowcy-nikt-nie-zostal-ranny\/"]}]},{"@type":"ImageObject","inLanguage":"pl-PL","@id":"https:\/\/transinfo.pl\/x\/infobus\/warszawa-zapalil-sie-autobus-miejski-dzieki-szybkiej-reakcji-kierowcy-nikt-nie-zostal-ranny\/#primaryimage","url":"https:\/\/transinfo.pl\/x\/wp-content\/uploads\/2024\/04\/kolaz-pozar-warszawa1-scaled.jpg","contentUrl":"https:\/\/transinfo.pl\/x\/wp-content\/uploads\/2024\/04\/kolaz-pozar-warszawa1-scaled.jpg"},{"@type":"BreadcrumbList","@id":"https:\/\/transinfo.pl\/x\/infobus\/warszawa-zapalil-sie-autobus-miejski-dzieki-szybkiej-reakcji-kierowcy-nikt-nie-zostal-ranny\/#breadcrumb","itemListElement":[{"@type":"ListItem","position":1,"name":"Home","item":"https:\/\/transinfo.pl\/x\/"},{"@type":"ListItem","position":2,"name":"Infobus","item":"https:\/\/transinfo.pl\/x\/infobus\/"},{"@type":"ListItem","position":3,"name":"Warszawa: Zapali\u0142 si\u0119 autobus miejski. Dzi\u0119ki szybkiej reakcji kierowcy nikt nie zosta\u0142 ranny"}]},{"@type":"WebSite","@id":"https:\/\/transinfo.pl\/x\/#website","url":"https:\/\/transinfo.pl\/x\/","name":"TransInfo Archiwum","description":"Ca\u0142y transport w jednym miejscu","publisher":{"@id":"https:\/\/transinfo.pl\/x\/#organization"},"potentialAction":[{"@type":"SearchAction","target":{"@type":"EntryPoint","urlTemplate":"https:\/\/transinfo.pl\/x\/?s={search_term_string}"},"query-input":{"@type":"PropertyValueSpecification","valueRequired":true,"valueName":"search_term_string"}}],"inLanguage":"pl-PL"},{"@type":"Organization","@id":"https:\/\/transinfo.pl\/x\/#organization","name":"TransInfo","url":"https:\/\/transinfo.pl\/x\/","logo":{"@type":"ImageObject","inLanguage":"pl-PL","@id":"https:\/\/transinfo.pl\/x\/#\/schema\/logo\/image\/","url":"https:\/\/transinfo.pl\/x\/wp-content\/uploads\/2024\/10\/favicon.png","contentUrl":"https:\/\/transinfo.pl\/x\/wp-content\/uploads\/2024\/10\/favicon.png","width":512,"height":512,"caption":"TransInfo"},"image":{"@id":"https:\/\/transinfo.pl\/x\/#\/schema\/logo\/image\/"}}]}},"_links":{"self":[{"href":"https:\/\/transinfo.pl\/x\/wp-json\/wp\/v2\/infobus\/267735","targetHints":{"allow":["GET"]}}],"collection":[{"href":"https:\/\/transinfo.pl\/x\/wp-json\/wp\/v2\/infobus"}],"about":[{"href":"https:\/\/transinfo.pl\/x\/wp-json\/wp\/v2\/types\/infobus"}],"author":[{"embeddable":true,"href":"https:\/\/transinfo.pl\/x\/wp-json\/wp\/v2\/users\/2"}],"replies":[{"embeddable":true,"href":"https:\/\/transinfo.pl\/x\/wp-json\/wp\/v2\/comments?post=267735"}],"wp:featuredmedia":[{"embeddable":true,"href":"https:\/\/transinfo.pl\/x\/wp-json\/wp\/v2\/media\/267736"}],"wp:attachment":[{"href":"https:\/\/transinfo.pl\/x\/wp-json\/wp\/v2\/media?parent=267735"}],"wp:term":[{"taxonomy":"category","embeddable":true,"href":"https:\/\/transinfo.pl\/x\/wp-json\/wp\/v2\/categories?post=267735"},{"taxonomy":"post_tag","embeddable":true,"href":"https:\/\/transinfo.pl\/x\/wp-json\/wp\/v2\/tags?post=267735"}],"curies":[{"name":"wp","href":"https:\/\/api.w.org\/{rel}","templated":true}]}}