{"id":267726,"date":"2024-04-12T09:09:14","date_gmt":"2024-04-12T09:09:14","guid":{"rendered":"https:\/\/transinfo.pl\/x\/infobus\/sanok-ponownie-na-zakupach-autobusow-elektrycznych-bez-autosana\/"},"modified":"2024-04-12T09:09:14","modified_gmt":"2024-04-12T09:09:14","slug":"sanok-ponownie-na-zakupach-autobusow-elektrycznych-bez-autosana","status":"publish","type":"infobus","link":"https:\/\/transinfo.pl\/x\/infobus\/sanok-ponownie-na-zakupach-autobusow-elektrycznych-bez-autosana\/","title":{"rendered":"Sanok ponownie na zakupach autobus\u00f3w elektrycznych. Bez Autosana"},"content":{"rendered":"<style>h1,h2,h3,h4,h5,h6{margin:0 0 1.25rem;font-family:Arial,sans-serif;font-weight:600;color:#050505}h1{font-size:1.875rem;line-height:1.1em;text-transform:none}@media(min-width: 768px){h1{font-size:2.375rem}}h2{font-size:1.1875rem;line-height:1.2em;text-transform:uppercase}@media(min-width: 768px){h2{font-size:1.0625rem}}h3{font-size:0.9375rem;line-height:1.4em;font-weight:900;margin-bottom:0.9375rem}h4{font-size:0.875rem;line-height:1.2em;font-weight:500}h5{font-size:0.9375rem;line-height:1.6;font-weight:400}h6{font-size:0.9375rem;line-height:1.6;font-weight:600}\n<\/style>\n<h3 class=\"wp-block-heading\" id=\"h-12-kwietnia-gmina-miasta-sanoka-oglosila-ponowny-przetarg-na-zakup-trzech-autobusow-elektrycznych-wraz-z-niezbedna-infrastruktura-ladowania-tym-razem-jednak-w-innej-kategorii-wagowej\">12 kwietnia Gmina Miasta Sanoka og\u0142osi\u0142a ponowny przetarg na zakup trzech autobus\u00f3w elektrycznych wraz z niezb\u0119dn\u0105 infrastruktur\u0105 \u0142adowania. Tym razem jednak w innej kategorii wagowej.<\/h3>\n\n\n<style>p{margin:0 0 1.5rem}p:last-child{margin:0}p.is-style-uppercase{text-transform:uppercase}p.is-style-preheading{color:#12406a;text-transform:uppercase}p.is-style-leadparagraph{font-size:1rem;line-height:1.625;font-weight:700}@media(min-width: 768px){p.is-style-leadparagraph{font-size:1.125rem;line-height:1.5555555556}}p.has-small-margin{margin-bottom:0.625rem}p.has-small-margin+h1,p.has-small-margin+h2,p.has-small-margin+h3{margin-top:1.875rem}\n<\/style>\n<p>To powt\u00f3rka poprzedniego zam\u00f3wienia, kt\u00f3re<a href=\"https:\/\/transinfo.pl\/infobus\/sanok-uniewaznia-przetarg-na-dwa-elektrobusy-ikarus-i-hsw-bez-szczescia\/\"> anulowane <\/a><a href=\"https:\/\/transinfo.pl\/infobus\/sanok-uniewaznia-przetarg-na-dwa-elektrobusy-ikarus-i-hsw-bez-szczescia\/\">zosta\u0142o<\/a> <a href=\"https:\/\/transinfo.pl\/infobus\/sanok-uniewaznia-przetarg-na-dwa-elektrobusy-ikarus-i-hsw-bez-szczescia\/\">w maju 2023<\/a>. W mi\u0119dzyczasie podkarpackie zmieni\u0142o zakres i gabaryty pojazd\u00f3w, jakie chce kupi\u0107. Teraz to kategoria MINI, co mo\u017cna odebra\u0107 jako uk\u0142on w stron\u0119 drugiego producenta w tym mie\u015bcie \u2013 firmy Automet. Ca\u0142y czas ta inwestycja ma dofinansowanie z programu z II edycji \u201eZielonego Transport Publiczny\u201d.<\/p>\n\n\n\n<h2 class=\"wp-block-heading\" id=\"h-drugie-podejscie\">drugie podej\u015bcie<\/h2>\n\n\n\n<p>O pierwszym zam\u00f3wieniu Sanoka <a href=\"https:\/\/transinfo.pl\/infobus\/sanok-uniewaznia-przetarg-na-dwa-elektrobusy-ikarus-i-hsw-bez-szczescia\/\">pisali\u015bmy w InfoBusie w zesz\u0142ym roku<\/a>. W elektrycznym finale swoje swoje oferty z\u0142o\u017cy\u0142y firmy Autosan i Ikarus, ale miasto uniewa\u017cni\u0142o ten przetarg. Teraz mamy powt\u00f3rk\u0119 i strategiczn\u0105 zmian\u0119 kategorii wagowej na MINI, a nie jak poprzednio MIDI\/MAXI (od 10 do 12 m). Dzi\u0119ki temu liczba zamawianych pojazd\u00f3w wzros\u0142a z dw\u00f3ch do trzech. <\/p>\n\n\n\n<p>Troch\u0119 szkoda tej zmiany &#8222;gabarytu&#8221;, gdy\u017c po cichu liczyli\u015bmy, \u017ce to w\u0142a\u015bnie w swoim rodzimym mie\u015bcie Autosan si\u0119 elektrycznie odrodzi i prze\u0142amie ostatni\u0105 niemoc w przetargach. Ju\u017c wiemy, \u017ce ten scenariusz nie przejdzie. Zamawiane pojazdy maj\u0105 mie\u0107 do 9 metr\u00f3w, a takich konstrukcji Autosan w swoim portfolio nie ma. Z kolei drugi sanocki producent \u2013 Automet \u2013 jak najbardziej ma szanse na wygranie tego zam\u00f3wienia, gdy\u017c elektryczny bestseler na rynku &#8211; Automet MiniCity Electric ze swoj\u0105 d\u0142ugo\u015bci\u0105 8,3 m mie\u015bci si\u0119 w tych zapisach idealnie.<\/p>\n\n\n\n<p>Przypomnijmy, \u017ce zakup nowych autobus\u00f3w by\u0142 mo\u017cliwy dzi\u0119ki podpisaniu umowy pomi\u0119dzy Narodowym Funduszem Ochrony \u015arodowiska i Gospodarki Wodnej z Gmin\u0105 Sanok na dofinansowanie zakupu dw\u00f3ch autobus\u00f3w elektrycznych i utworzenie dw\u00f3ch punkt\u00f3w \u0142adowania. Kwota dofinansowania w formie dotacji wynios\u0142a 3.905.000 z\u0142, a dofinansowanie w formie po\u017cyczki 1.155.000 z\u0142. <\/p>\n\n\n\n<p>Warto doda\u0107, \u017ce Sanok w 37% le\u017cy na obszarze NATURA 2000, a 32% obszaru Sanoka to tereny zielone.<\/p>\n\n\n<style>.wp-block-image{margin:1.25rem 0;text-align:center}.wp-block-image figcaption{padding:0 0.9375rem;text-align:center}\n<\/style>\n<figure class=\"wp-block-image aligncenter size-large\"><a href=\"https:\/\/transinfo.pl\/wp-content\/uploads\/2024\/04\/autobus-automet-sanok-1.jpg\"><img decoding=\"async\" src=\"https:\/\/transinfo.pl\/wp-content\/uploads\/2024\/04\/autobus-automet-sanok-1-576x1024.jpg\" alt=\"\" class=\"wp-image-471183\" \/><\/a><figcaption class=\"wp-element-caption\">Sanok ponownie na zakupach autobus\u00f3w elektrycznych. Bez Autosana<\/figcaption><\/figure>\n\n\n\n<h2 class=\"wp-block-heading\" id=\"h-trzy-elektrobusy\">Trzy elektrobusy<\/h2>\n\n\n\n<p>Przedmiotem zam\u00f3wienia jest:<\/p>\n\n\n<style>.page-content ul:not([class]),.acf-block ul:not([class]),.editor-rich-text ul,ol{padding-left:0.9375rem;margin-top:0;margin-bottom:1.5rem}.page-content ul:not([class]) ul,.page-content ul:not([class]) ol,.acf-block ul:not([class]) ul,.acf-block ul:not([class]) ol,.editor-rich-text ul ul,.editor-rich-text ul ol,ol ul,ol ol{margin:0}.page-content ul:not([class]) li,.acf-block ul:not([class]) li,.editor-rich-text ul li,ol li{margin-bottom:1.5rem}ul.with-icons{list-style:none;margin-left:0;padding-left:0}ul.with-icons li{margin-bottom:1.875rem}ul.with-icons li img{margin-bottom:15px}\n<\/style>\n<ul class=\"wp-block-list\">\n<li>Dostawa trzech sztuk fabrycznie nowych, kompletnych i pe\u0142nowarto\u015bciowych niskopod\u0142ogowych, jednocz\u0142onowych elektrycznych autobus\u00f3w miejskich (EV \u2013 Electric Vehicle) d\u0142ugo\u015bci od 8,00m do 9,00 m<\/li>\n<\/ul>\n\n\n\n<ul class=\"wp-block-list\">\n<li>Dostawa i monta\u017c dw\u00f3ch szt. \u0142adowarek zewn\u0119trznych o mocy 80 kW(2&#215;40 kW), umo\u017cliwiaj\u0105cych \u0142adowanie magazynu energii systemem Plug-in, zapewniaj\u0105cych pe\u0142ne na\u0142adowanie magazynu energii w czasie nie wi\u0119kszym ni\u017c 5,5 godziny<\/li>\n<\/ul>\n\n\n\n<ul class=\"wp-block-list\">\n<li>Przeprowadzenie szkole\u0144 wyznaczonych pracownik\u00f3w Operatora transportu publicznego z obs\u0142ugi autobus\u00f3w i infrastruktury do \u0142adowania.<\/li>\n<\/ul>\n\n\n\n<p>W zakresie do\u015bwiadczenia zamawiaj\u0105cy wymaga w okresie ostatnich 3 lat dostawy co&nbsp; najmniej 3 szt. nowych autobus\u00f3w EV niskopod\u0142ogowych.<\/p>\n\n\n\n<p>Na oferty Sanok czeka do 29 kwietnia (czyli nie ma tak du\u017co czasu) i oceni z\u0142o\u017cone propozycje wed\u0142ug trzech kryteri\u00f3w:<\/p>\n\n\n\n<ul class=\"wp-block-list\">\n<li>Cena:60%<\/li>\n<\/ul>\n\n\n\n<ul class=\"wp-block-list\">\n<li>Zu\u017cycie energii: 20%, gdzie maja zosta\u0107 podane wyniki wg SORT 2. W przypadku warto\u015bci przekraczaj\u0105cej 1,10 kWh\/km oferta zostanie odrzucena.<\/li>\n<\/ul>\n\n\n\n<ul class=\"wp-block-list\">\n<li>Gwarancja: 20%, gdzie wykonawca otrzyma za okres gwarancji 60 m-cy komplet punkt\u00f3w. Za gwarancj\u0119 na 48 m-ce \u2013 10 pkt., a za 36 m-cy \u2013 0 pkt.<\/li>\n<\/ul>\n\n\n\n<p>Na koniec warto doda\u0107, \u017ce termin realizacji sanockiego zam\u00f3wienia jest sztywny. To daty od 17\/06\/2024 do 31\/07\/2025. Link do zam\u00f3wienia <a href=\"https:\/\/ezamowienia.gov.pl\/mp-client\/search\/list\/ocds-148610-df1aa1cc-eac7-11ee-9c02-ce2b643d361d\">https:\/\/ezamowienia.gov.pl\/mp-client\/search\/list\/ocds-148610-df1aa1cc-eac7-11ee-9c02-ce2b643d361d<\/a><\/p>\n","protected":false},"author":2,"featured_media":267727,"comment_status":"","ping_status":"closed","template":"","categories":[1],"tags":[],"class_list":["post-267726","infobus","type-infobus","status-publish","has-post-thumbnail","hentry","category-kontrakty"],"acf":[],"yoast_head":"<!-- This site is optimized with the Yoast SEO Premium plugin v21.8 (Yoast SEO v23.7) - https:\/\/yoast.com\/wordpress\/plugins\/seo\/ -->\n<title>Sanok ponownie na zakupach autobus\u00f3w elektrycznych. Bez Autosana - TransInfo Archiwum<\/title>\n<meta name=\"description\" content=\"12 kwietnia Gmina Miasta Sanoka og\u0142osi\u0142a ponowny przetarg na zakup autobus\u00f3w elektrycznych. Ale tym razem w innej kategorii wagowej.\" \/>\n<meta name=\"robots\" content=\"index, follow, max-snippet:-1, max-image-preview:large, max-video-preview:-1\" \/>\n<link rel=\"canonical\" href=\"https:\/\/transinfo.pl\/x\/infobus\/sanok-ponownie-na-zakupach-autobusow-elektrycznych-bez-autosana\/\" \/>\n<meta property=\"og:locale\" content=\"pl_PL\" \/>\n<meta property=\"og:type\" content=\"article\" \/>\n<meta property=\"og:title\" content=\"Sanok ponownie na zakupach autobus\u00f3w elektrycznych. Bez Autosana\" \/>\n<meta property=\"og:description\" content=\"12 kwietnia Gmina Miasta Sanoka og\u0142osi\u0142a ponowny przetarg na zakup autobus\u00f3w elektrycznych. Ale tym razem w innej kategorii wagowej.\" \/>\n<meta property=\"og:url\" content=\"https:\/\/transinfo.pl\/x\/infobus\/sanok-ponownie-na-zakupach-autobusow-elektrycznych-bez-autosana\/\" \/>\n<meta property=\"og:site_name\" content=\"TransInfo Archiwum\" \/>\n<meta property=\"og:image\" content=\"https:\/\/transinfo.pl\/x\/wp-content\/uploads\/2024\/04\/autobus-automet-sanok-21.jpg\" \/>\n\t<meta property=\"og:image:width\" content=\"1\" \/>\n\t<meta property=\"og:image:height\" content=\"1\" \/>\n\t<meta property=\"og:image:type\" content=\"image\/jpeg\" \/>\n<meta name=\"twitter:card\" content=\"summary_large_image\" \/>\n<meta name=\"twitter:label1\" content=\"Szacowany czas czytania\" \/>\n\t<meta name=\"twitter:data1\" content=\"3 minuty\" \/>\n<script type=\"application\/ld+json\" class=\"yoast-schema-graph\">{\"@context\":\"https:\/\/schema.org\",\"@graph\":[{\"@type\":\"WebPage\",\"@id\":\"https:\/\/transinfo.pl\/x\/infobus\/sanok-ponownie-na-zakupach-autobusow-elektrycznych-bez-autosana\/\",\"url\":\"https:\/\/transinfo.pl\/x\/infobus\/sanok-ponownie-na-zakupach-autobusow-elektrycznych-bez-autosana\/\",\"name\":\"Sanok ponownie na zakupach autobus\u00f3w elektrycznych. Bez Autosana - TransInfo Archiwum\",\"isPartOf\":{\"@id\":\"https:\/\/transinfo.pl\/x\/#website\"},\"primaryImageOfPage\":{\"@id\":\"https:\/\/transinfo.pl\/x\/infobus\/sanok-ponownie-na-zakupach-autobusow-elektrycznych-bez-autosana\/#primaryimage\"},\"image\":{\"@id\":\"https:\/\/transinfo.pl\/x\/infobus\/sanok-ponownie-na-zakupach-autobusow-elektrycznych-bez-autosana\/#primaryimage\"},\"thumbnailUrl\":\"https:\/\/transinfo.pl\/x\/wp-content\/uploads\/2024\/04\/autobus-automet-sanok-21.jpg\",\"datePublished\":\"2024-04-12T09:09:14+00:00\",\"dateModified\":\"2024-04-12T09:09:14+00:00\",\"description\":\"12 kwietnia Gmina Miasta Sanoka og\u0142osi\u0142a ponowny przetarg na zakup autobus\u00f3w elektrycznych. Ale tym razem w innej kategorii wagowej.\",\"breadcrumb\":{\"@id\":\"https:\/\/transinfo.pl\/x\/infobus\/sanok-ponownie-na-zakupach-autobusow-elektrycznych-bez-autosana\/#breadcrumb\"},\"inLanguage\":\"pl-PL\",\"potentialAction\":[{\"@type\":\"ReadAction\",\"target\":[\"https:\/\/transinfo.pl\/x\/infobus\/sanok-ponownie-na-zakupach-autobusow-elektrycznych-bez-autosana\/\"]}]},{\"@type\":\"ImageObject\",\"inLanguage\":\"pl-PL\",\"@id\":\"https:\/\/transinfo.pl\/x\/infobus\/sanok-ponownie-na-zakupach-autobusow-elektrycznych-bez-autosana\/#primaryimage\",\"url\":\"https:\/\/transinfo.pl\/x\/wp-content\/uploads\/2024\/04\/autobus-automet-sanok-21.jpg\",\"contentUrl\":\"https:\/\/transinfo.pl\/x\/wp-content\/uploads\/2024\/04\/autobus-automet-sanok-21.jpg\"},{\"@type\":\"BreadcrumbList\",\"@id\":\"https:\/\/transinfo.pl\/x\/infobus\/sanok-ponownie-na-zakupach-autobusow-elektrycznych-bez-autosana\/#breadcrumb\",\"itemListElement\":[{\"@type\":\"ListItem\",\"position\":1,\"name\":\"Home\",\"item\":\"https:\/\/transinfo.pl\/x\/\"},{\"@type\":\"ListItem\",\"position\":2,\"name\":\"Infobus\",\"item\":\"https:\/\/transinfo.pl\/x\/infobus\/\"},{\"@type\":\"ListItem\",\"position\":3,\"name\":\"Sanok ponownie na zakupach autobus\u00f3w elektrycznych. Bez Autosana\"}]},{\"@type\":\"WebSite\",\"@id\":\"https:\/\/transinfo.pl\/x\/#website\",\"url\":\"https:\/\/transinfo.pl\/x\/\",\"name\":\"TransInfo Archiwum\",\"description\":\"Ca\u0142y transport w jednym miejscu\",\"publisher\":{\"@id\":\"https:\/\/transinfo.pl\/x\/#organization\"},\"potentialAction\":[{\"@type\":\"SearchAction\",\"target\":{\"@type\":\"EntryPoint\",\"urlTemplate\":\"https:\/\/transinfo.pl\/x\/?s={search_term_string}\"},\"query-input\":{\"@type\":\"PropertyValueSpecification\",\"valueRequired\":true,\"valueName\":\"search_term_string\"}}],\"inLanguage\":\"pl-PL\"},{\"@type\":\"Organization\",\"@id\":\"https:\/\/transinfo.pl\/x\/#organization\",\"name\":\"TransInfo\",\"url\":\"https:\/\/transinfo.pl\/x\/\",\"logo\":{\"@type\":\"ImageObject\",\"inLanguage\":\"pl-PL\",\"@id\":\"https:\/\/transinfo.pl\/x\/#\/schema\/logo\/image\/\",\"url\":\"https:\/\/transinfo.pl\/x\/wp-content\/uploads\/2024\/10\/favicon.png\",\"contentUrl\":\"https:\/\/transinfo.pl\/x\/wp-content\/uploads\/2024\/10\/favicon.png\",\"width\":512,\"height\":512,\"caption\":\"TransInfo\"},\"image\":{\"@id\":\"https:\/\/transinfo.pl\/x\/#\/schema\/logo\/image\/\"}}]}<\/script>\n<!-- \/ Yoast SEO Premium plugin. -->","yoast_head_json":{"title":"Sanok ponownie na zakupach autobus\u00f3w elektrycznych. Bez Autosana - TransInfo Archiwum","description":"12 kwietnia Gmina Miasta Sanoka og\u0142osi\u0142a ponowny przetarg na zakup autobus\u00f3w elektrycznych. Ale tym razem w innej kategorii wagowej.","robots":{"index":"index","follow":"follow","max-snippet":"max-snippet:-1","max-image-preview":"max-image-preview:large","max-video-preview":"max-video-preview:-1"},"canonical":"https:\/\/transinfo.pl\/x\/infobus\/sanok-ponownie-na-zakupach-autobusow-elektrycznych-bez-autosana\/","og_locale":"pl_PL","og_type":"article","og_title":"Sanok ponownie na zakupach autobus\u00f3w elektrycznych. Bez Autosana","og_description":"12 kwietnia Gmina Miasta Sanoka og\u0142osi\u0142a ponowny przetarg na zakup autobus\u00f3w elektrycznych. Ale tym razem w innej kategorii wagowej.","og_url":"https:\/\/transinfo.pl\/x\/infobus\/sanok-ponownie-na-zakupach-autobusow-elektrycznych-bez-autosana\/","og_site_name":"TransInfo Archiwum","og_image":[{"url":"https:\/\/transinfo.pl\/x\/wp-content\/uploads\/2024\/04\/autobus-automet-sanok-21.jpg","width":1,"height":1,"type":"image\/jpeg"}],"twitter_card":"summary_large_image","twitter_misc":{"Szacowany czas czytania":"3 minuty"},"schema":{"@context":"https:\/\/schema.org","@graph":[{"@type":"WebPage","@id":"https:\/\/transinfo.pl\/x\/infobus\/sanok-ponownie-na-zakupach-autobusow-elektrycznych-bez-autosana\/","url":"https:\/\/transinfo.pl\/x\/infobus\/sanok-ponownie-na-zakupach-autobusow-elektrycznych-bez-autosana\/","name":"Sanok ponownie na zakupach autobus\u00f3w elektrycznych. Bez Autosana - TransInfo Archiwum","isPartOf":{"@id":"https:\/\/transinfo.pl\/x\/#website"},"primaryImageOfPage":{"@id":"https:\/\/transinfo.pl\/x\/infobus\/sanok-ponownie-na-zakupach-autobusow-elektrycznych-bez-autosana\/#primaryimage"},"image":{"@id":"https:\/\/transinfo.pl\/x\/infobus\/sanok-ponownie-na-zakupach-autobusow-elektrycznych-bez-autosana\/#primaryimage"},"thumbnailUrl":"https:\/\/transinfo.pl\/x\/wp-content\/uploads\/2024\/04\/autobus-automet-sanok-21.jpg","datePublished":"2024-04-12T09:09:14+00:00","dateModified":"2024-04-12T09:09:14+00:00","description":"12 kwietnia Gmina Miasta Sanoka og\u0142osi\u0142a ponowny przetarg na zakup autobus\u00f3w elektrycznych. Ale tym razem w innej kategorii wagowej.","breadcrumb":{"@id":"https:\/\/transinfo.pl\/x\/infobus\/sanok-ponownie-na-zakupach-autobusow-elektrycznych-bez-autosana\/#breadcrumb"},"inLanguage":"pl-PL","potentialAction":[{"@type":"ReadAction","target":["https:\/\/transinfo.pl\/x\/infobus\/sanok-ponownie-na-zakupach-autobusow-elektrycznych-bez-autosana\/"]}]},{"@type":"ImageObject","inLanguage":"pl-PL","@id":"https:\/\/transinfo.pl\/x\/infobus\/sanok-ponownie-na-zakupach-autobusow-elektrycznych-bez-autosana\/#primaryimage","url":"https:\/\/transinfo.pl\/x\/wp-content\/uploads\/2024\/04\/autobus-automet-sanok-21.jpg","contentUrl":"https:\/\/transinfo.pl\/x\/wp-content\/uploads\/2024\/04\/autobus-automet-sanok-21.jpg"},{"@type":"BreadcrumbList","@id":"https:\/\/transinfo.pl\/x\/infobus\/sanok-ponownie-na-zakupach-autobusow-elektrycznych-bez-autosana\/#breadcrumb","itemListElement":[{"@type":"ListItem","position":1,"name":"Home","item":"https:\/\/transinfo.pl\/x\/"},{"@type":"ListItem","position":2,"name":"Infobus","item":"https:\/\/transinfo.pl\/x\/infobus\/"},{"@type":"ListItem","position":3,"name":"Sanok ponownie na zakupach autobus\u00f3w elektrycznych. Bez Autosana"}]},{"@type":"WebSite","@id":"https:\/\/transinfo.pl\/x\/#website","url":"https:\/\/transinfo.pl\/x\/","name":"TransInfo Archiwum","description":"Ca\u0142y transport w jednym miejscu","publisher":{"@id":"https:\/\/transinfo.pl\/x\/#organization"},"potentialAction":[{"@type":"SearchAction","target":{"@type":"EntryPoint","urlTemplate":"https:\/\/transinfo.pl\/x\/?s={search_term_string}"},"query-input":{"@type":"PropertyValueSpecification","valueRequired":true,"valueName":"search_term_string"}}],"inLanguage":"pl-PL"},{"@type":"Organization","@id":"https:\/\/transinfo.pl\/x\/#organization","name":"TransInfo","url":"https:\/\/transinfo.pl\/x\/","logo":{"@type":"ImageObject","inLanguage":"pl-PL","@id":"https:\/\/transinfo.pl\/x\/#\/schema\/logo\/image\/","url":"https:\/\/transinfo.pl\/x\/wp-content\/uploads\/2024\/10\/favicon.png","contentUrl":"https:\/\/transinfo.pl\/x\/wp-content\/uploads\/2024\/10\/favicon.png","width":512,"height":512,"caption":"TransInfo"},"image":{"@id":"https:\/\/transinfo.pl\/x\/#\/schema\/logo\/image\/"}}]}},"_links":{"self":[{"href":"https:\/\/transinfo.pl\/x\/wp-json\/wp\/v2\/infobus\/267726","targetHints":{"allow":["GET"]}}],"collection":[{"href":"https:\/\/transinfo.pl\/x\/wp-json\/wp\/v2\/infobus"}],"about":[{"href":"https:\/\/transinfo.pl\/x\/wp-json\/wp\/v2\/types\/infobus"}],"author":[{"embeddable":true,"href":"https:\/\/transinfo.pl\/x\/wp-json\/wp\/v2\/users\/2"}],"replies":[{"embeddable":true,"href":"https:\/\/transinfo.pl\/x\/wp-json\/wp\/v2\/comments?post=267726"}],"wp:featuredmedia":[{"embeddable":true,"href":"https:\/\/transinfo.pl\/x\/wp-json\/wp\/v2\/media\/267727"}],"wp:attachment":[{"href":"https:\/\/transinfo.pl\/x\/wp-json\/wp\/v2\/media?parent=267726"}],"wp:term":[{"taxonomy":"category","embeddable":true,"href":"https:\/\/transinfo.pl\/x\/wp-json\/wp\/v2\/categories?post=267726"},{"taxonomy":"post_tag","embeddable":true,"href":"https:\/\/transinfo.pl\/x\/wp-json\/wp\/v2\/tags?post=267726"}],"curies":[{"name":"wp","href":"https:\/\/api.w.org\/{rel}","templated":true}]}}