{"id":267631,"date":"2024-04-11T10:00:00","date_gmt":"2024-04-11T10:00:00","guid":{"rendered":"https:\/\/transinfo.pl\/x\/infobus\/jeszcze-autobusowa-europa-nie-zginela-vdl-otwiera-nowa-fabryke-w-roeselare\/"},"modified":"2024-04-11T10:00:00","modified_gmt":"2024-04-11T10:00:00","slug":"jeszcze-autobusowa-europa-nie-zginela-vdl-otwiera-nowa-fabryke-w-roeselare","status":"publish","type":"infobus","link":"https:\/\/transinfo.pl\/x\/infobus\/jeszcze-autobusowa-europa-nie-zginela-vdl-otwiera-nowa-fabryke-w-roeselare\/","title":{"rendered":"Jeszcze autobusowa Europa nie zgin\u0119\u0142a. VDL otwiera now\u0105 fabryk\u0119 w Roeselare"},"content":{"rendered":"<style>h1,h2,h3,h4,h5,h6{margin:0 0 1.25rem;font-family:Arial,sans-serif;font-weight:600;color:#050505}h1{font-size:1.875rem;line-height:1.1em;text-transform:none}@media(min-width: 768px){h1{font-size:2.375rem}}h2{font-size:1.1875rem;line-height:1.2em;text-transform:uppercase}@media(min-width: 768px){h2{font-size:1.0625rem}}h3{font-size:0.9375rem;line-height:1.4em;font-weight:900;margin-bottom:0.9375rem}h4{font-size:0.875rem;line-height:1.2em;font-weight:500}h5{font-size:0.9375rem;line-height:1.6;font-weight:400}h6{font-size:0.9375rem;line-height:1.6;font-weight:600}\n<\/style>\n<h3 class=\"wp-block-heading\" id=\"h-10-kwietnia-oficjalnie-nowy-zaklad-produkcji-elektrycznych-autobusow-miejskich-vdl-bus-amp-coach-przy-krommebeekpark-2-w-roeselare\">10 kwietnia oficjalnie nowy zak\u0142ad produkcji elektrycznych autobus\u00f3w miejskich VDL Bus &amp; Coach przy Krommebeekpark 2 w Roeselare. <\/h3>\n\n\n<style>p{margin:0 0 1.5rem}p:last-child{margin:0}p.is-style-uppercase{text-transform:uppercase}p.is-style-preheading{color:#12406a;text-transform:uppercase}p.is-style-leadparagraph{font-size:1rem;line-height:1.625;font-weight:700}@media(min-width: 768px){p.is-style-leadparagraph{font-size:1.125rem;line-height:1.5555555556}}p.has-small-margin{margin-bottom:0.625rem}p.has-small-margin+h1,p.has-small-margin+h2,p.has-small-margin+h3{margin-top:1.875rem}\n<\/style>\n<p>Obiekt zajmuj\u0105cy powierzchni\u0119 77 000 m2 dzia\u0142a ju\u017c od jakiego\u015b czasu, natomiast teraz mia\u0142a miejsce jego oficjalna inauguracja w obecno\u015bci zaproszonych VIP-\u00f3w. W VDL Bus Roeselare prowadzona jest seryjna produkcja nowej generacji Citea, czyli w 100% elektrycznego autobusu przeznaczonego do miejskiego do transportu publicznego.<\/p>\n\n\n\n<h2 class=\"wp-block-heading\" id=\"h-z-naciskiem-na-ekologie\">z naciskiem na ekologi\u0119<\/h2>\n\n\n\n<p>Kamie\u0144 w\u0119gielny pod now\u0105 fabryk\u0119 autobus\u00f3w VDL Groep po\u0142o\u017cono 8 lutego 2022 r. Po ponad dw\u00f3ch latach plany te doczeka\u0142y si\u0119 realizacji w najnowocze\u015bniejszej fabryce autobus\u00f3w w Europie.<\/p>\n\n\n\n<p>Nowa siedziba charakteryzuje si\u0119 filozofi\u0105 zr\u00f3wnowa\u017conego rozwoju i innowacji VDL Groep, kt\u00f3ra znajduje odzwierciedlenie w kilku obszarach. Budynek zosta\u0142 zaprojektowany z naciskiem na ekologi\u0119, z ogrzewaniem pod\u0142ogowym i rozbudowanymi systemami wentylacji zapewniaj\u0105cymi efektywne wykorzystanie energii. W projekcie zintegrowano panele s\u0142oneczne, dzi\u0119ki czemu elektrownia jest w du\u017cej mierze samowystarczalna pod wzgl\u0119dem zapotrzebowania na energi\u0119. <\/p>\n\n\n\n<p>Zielony dach nie tylko wp\u0142ywa na estetyk\u0119 budynku, ale tak\u017ce dzia\u0142a jako naturalny izolator i przyczynia si\u0119 do r\u00f3\u017cnorodno\u015bci biologicznej \u015brodowiska. Dzi\u0119ki tym obiektom firma VDL Bus &amp; Coach d\u0105\u017cy do stworzenia zr\u00f3wnowa\u017conego i ekologicznie odpowiedzialnego \u015brodowiska produkcyjnego i z dum\u0105 kontynuuje prace nad zmniejszeniem swojego \u015bladu ekologicznego.<\/p>\n\n\n<style>.wp-block-image{margin:1.25rem 0;text-align:center}.wp-block-image figcaption{padding:0 0.9375rem;text-align:center}\n<\/style>\n<figure class=\"wp-block-image size-large\"><img decoding=\"async\" src=\"https:\/\/transinfo.pl\/wp-content\/uploads\/2024\/04\/autobus-fabryka-vdl-2-1024x358.jpg\" alt=\"VDL Bus &amp; Coach otwiera nowa fabryk\u0119 autobus\u00f3w w Roeselare we Flandrii\" class=\"wp-image-470949\" \/><figcaption class=\"wp-element-caption\">W otwarciu fabryki VDL uczestniczyli premier flamandzki Jan Jambon i flamandzki minister Lydia Peeters (mobilno\u015b\u0107), a tak\u017ce klienci, dostawcy i media.<\/figcaption><\/figure>\n\n\n\n<h2 class=\"wp-block-heading\" id=\"h-produkcja-europejska\">produkcja europejska<\/h2>\n\n\n\n<p>Zarz\u0105d VDL Bus &amp; Coach podkre\u015bli\u0142, \u017ce \u015bwiadomie zdecydowa\u0142 si\u0119 na budow\u0119 fabryki autobus\u00f3w w Europie. <\/p>\n\n\n<style>.wp-block-quote{border-left:0.1875rem solid var(--page-color);font-size:1rem;font-style:italic;margin:0 0 1.6875rem;padding:1.25rem}.wp-block-quote cite{color:#050505}.wp-block-quote.is-style-large p{margin-bottom:10px}.wp-block-quote.is-style-large cite{color:#12406a}\n<\/style>\n<blockquote class=\"wp-block-quote is-layout-flow wp-block-quote-is-layout-flow\">\n<p>-\u201ePosiadamy niezawodn\u0105 sie\u0107 zak\u0142ad\u00f3w produkcyjnych, blisko klient\u00f3w, w\u0142asnych, wykwalifikowanych pracownik\u00f3w, kt\u00f3rzy s\u0105 nam wierni od lat oraz stosuj\u0105cych zr\u00f3wnowa\u017cone metody produkcji. Nasi pracownicy s\u0105 wysoko wykwalifikowani i korzystaj\u0105 z najnowocze\u015bniejszych technologii, aby produkowa\u0107 autobusy elektryczne dzi\u015b i w przysz\u0142o\u015bci\u201d \u2013 powiedzia\u0142 Rolf-Jan Zweep, dyrektor generalny VDL Bus &amp; Coach.<\/p>\n<\/blockquote>\n\n\n\n<p>Alain Doucet, dyrektor zarz\u0105dzaj\u0105cy VDL Bus Roeselare r\u00f3wnie\u017c podkre\u015bla znaczenie inwestowania w miejsca pracy: <\/p>\n\n\n\n<blockquote class=\"wp-block-quote is-layout-flow wp-block-quote-is-layout-flow\">\n<p>-\u201eWiemy, \u017ce wykwalifikowani technicznie ludzie maj\u0105 ogromne znaczenie w bran\u017cy produkcyjnej z najwy\u017cszej p\u00f3\u0142ki. Niezwykle wa\u017cne jest, aby\u015bmy nadal inwestowali w kszta\u0142cenie przez ca\u0142e \u017cycie jako konstruktorom autobus\u00f3w dostosowa\u0107 umiej\u0119tno\u015bci naszych pracownik\u00f3w do zmieniaj\u0105cych si\u0119 potrzeb gospodarki. Nie nale\u017cy jednak zak\u0142ada\u0107, \u017ce dzieje si\u0119 to automatycznie: wymaga to du\u017cego wysi\u0142ku zar\u00f3wno ze strony pracodawcy, jak i pracownika.\u201d<\/p>\n<\/blockquote>\n\n\n\n<p>Zobaczcie film z otwarcia zak\u0142adu:<\/p>\n\n\n\n\n\n\n\n<h2 class=\"wp-block-heading\" id=\"h-te-same-zasady\">te same zasady <\/h2>\n\n\n\n<p>VDL Bus &amp; Coach, cz\u0119\u015b\u0107 rodzinnej VDL Groep, jest zagorza\u0142ym or\u0119downikiem utrzymania zatrudnienia, wiedzy i umiej\u0119tno\u015bci w Europie, a konkretnie w regionie Flandrii. <\/p>\n\n\n\n<blockquote class=\"wp-block-quote is-layout-flow wp-block-quote-is-layout-flow\">\n<p>-\u201eAby utrzyma\u0107 ten stan musi istnie\u0107 uczciwa konkurencja i gra wed\u0142ug tych samych zasad\u201d \u2013 doda\u0142 Rolf-Jan Zweep.<\/p>\n<\/blockquote>\n\n\n\n<p>Zdolno\u015b\u0107 produkcyjna VDL Bus Roeselare wynosi oko\u0142o 800 autobus\u00f3w rocznie. Pomimo faktu, \u017ce fabryka w Roeselare by\u0142aby w stanie co roku samodzielnie wyprodukowa\u0107 ca\u0142\u0105 liczb\u0119 pojazd\u00f3w Citeas nowej generacji, firma VDL Bus &amp; Coach celowo zdecydowa\u0142a si\u0119 na podzielenie produkcji tego elektrycznego autobusu miejskiego z inn\u0105 swoj\u0105 fabryk\u0105 &#8211; w Valkenswaard. Maksymalizuje to wykorzystanie dost\u0119pnych mocy produkcyjnych, a tak\u017ce zwi\u0119ksza elastyczno\u015b\u0107 w zakresie wykorzystania zasob\u00f3w ludzkich w r\u00f3\u017cnych lokalizacjach.<\/p>\n\n\n\n<figure class=\"wp-block-image size-large\"><a href=\"https:\/\/transinfo.pl\/wp-content\/uploads\/2024\/04\/autobus-fabryka-vdl.jpg\"><img decoding=\"async\" src=\"https:\/\/transinfo.pl\/wp-content\/uploads\/2024\/04\/autobus-fabryka-vdl-1024x879.jpg\" alt=\"VDL Bus &amp; Coach otwiera nowa fabryk\u0119 autobus\u00f3w w Roeselare we Flandrii\" class=\"wp-image-470950\" \/><\/a><figcaption class=\"wp-element-caption\">VDL Bus &amp; Coach otwiera nowa fabryk\u0119 autobus\u00f3w w Roeselare we Flandrii<\/figcaption><\/figure>\n","protected":false},"author":2,"featured_media":267632,"comment_status":"","ping_status":"closed","template":"","categories":[25],"tags":[167,3279,2184,1074,627,5808,2404],"class_list":["post-267631","infobus","type-infobus","status-publish","has-post-thumbnail","hentry","category-producenci","tag-autobus","tag-citea","tag-elektrobus","tag-fabryka","tag-holandia","tag-miejski","tag-vdl"],"acf":[],"yoast_head":"<!-- This site is optimized with the Yoast SEO Premium plugin v21.8 (Yoast SEO v23.7) - https:\/\/yoast.com\/wordpress\/plugins\/seo\/ -->\n<title>Jeszcze autobusowa Europa nie zgin\u0119\u0142a. VDL otwiera now\u0105 fabryk\u0119 w Roeselare - TransInfo Archiwum<\/title>\n<meta name=\"description\" content=\"10 kwietnia oficjalnie nowy zak\u0142ad produkcji elektrycznych autobus\u00f3w miejskich VDL Bus &amp; Coach przy Krommebeekpark 2 w Roeselare.\" \/>\n<meta name=\"robots\" content=\"index, follow, max-snippet:-1, max-image-preview:large, max-video-preview:-1\" \/>\n<link rel=\"canonical\" href=\"https:\/\/transinfo.pl\/x\/infobus\/jeszcze-autobusowa-europa-nie-zginela-vdl-otwiera-nowa-fabryke-w-roeselare\/\" \/>\n<meta property=\"og:locale\" content=\"pl_PL\" \/>\n<meta property=\"og:type\" content=\"article\" \/>\n<meta property=\"og:title\" content=\"Jeszcze autobusowa Europa nie zgin\u0119\u0142a. VDL otwiera now\u0105 fabryk\u0119 w Roeselare\" \/>\n<meta property=\"og:description\" content=\"10 kwietnia oficjalnie nowy zak\u0142ad produkcji elektrycznych autobus\u00f3w miejskich VDL Bus &amp; Coach przy Krommebeekpark 2 w Roeselare.\" \/>\n<meta property=\"og:url\" content=\"https:\/\/transinfo.pl\/x\/infobus\/jeszcze-autobusowa-europa-nie-zginela-vdl-otwiera-nowa-fabryke-w-roeselare\/\" \/>\n<meta property=\"og:site_name\" content=\"TransInfo Archiwum\" \/>\n<meta property=\"og:image\" content=\"https:\/\/transinfo.pl\/x\/wp-content\/uploads\/2024\/04\/240410_VDL-Fabryka-w-Roeselare_04a.jpg\" \/>\n\t<meta property=\"og:image:width\" content=\"1\" \/>\n\t<meta property=\"og:image:height\" content=\"1\" \/>\n\t<meta property=\"og:image:type\" content=\"image\/jpeg\" \/>\n<meta name=\"twitter:card\" content=\"summary_large_image\" \/>\n<meta name=\"twitter:label1\" content=\"Szacowany czas czytania\" \/>\n\t<meta name=\"twitter:data1\" content=\"3 minuty\" \/>\n<script type=\"application\/ld+json\" class=\"yoast-schema-graph\">{\"@context\":\"https:\/\/schema.org\",\"@graph\":[{\"@type\":\"WebPage\",\"@id\":\"https:\/\/transinfo.pl\/x\/infobus\/jeszcze-autobusowa-europa-nie-zginela-vdl-otwiera-nowa-fabryke-w-roeselare\/\",\"url\":\"https:\/\/transinfo.pl\/x\/infobus\/jeszcze-autobusowa-europa-nie-zginela-vdl-otwiera-nowa-fabryke-w-roeselare\/\",\"name\":\"Jeszcze autobusowa Europa nie zgin\u0119\u0142a. VDL otwiera now\u0105 fabryk\u0119 w Roeselare - TransInfo Archiwum\",\"isPartOf\":{\"@id\":\"https:\/\/transinfo.pl\/x\/#website\"},\"primaryImageOfPage\":{\"@id\":\"https:\/\/transinfo.pl\/x\/infobus\/jeszcze-autobusowa-europa-nie-zginela-vdl-otwiera-nowa-fabryke-w-roeselare\/#primaryimage\"},\"image\":{\"@id\":\"https:\/\/transinfo.pl\/x\/infobus\/jeszcze-autobusowa-europa-nie-zginela-vdl-otwiera-nowa-fabryke-w-roeselare\/#primaryimage\"},\"thumbnailUrl\":\"https:\/\/transinfo.pl\/x\/wp-content\/uploads\/2024\/04\/240410_VDL-Fabryka-w-Roeselare_04a.jpg\",\"datePublished\":\"2024-04-11T10:00:00+00:00\",\"dateModified\":\"2024-04-11T10:00:00+00:00\",\"description\":\"10 kwietnia oficjalnie nowy zak\u0142ad produkcji elektrycznych autobus\u00f3w miejskich VDL Bus & Coach przy Krommebeekpark 2 w Roeselare.\",\"breadcrumb\":{\"@id\":\"https:\/\/transinfo.pl\/x\/infobus\/jeszcze-autobusowa-europa-nie-zginela-vdl-otwiera-nowa-fabryke-w-roeselare\/#breadcrumb\"},\"inLanguage\":\"pl-PL\",\"potentialAction\":[{\"@type\":\"ReadAction\",\"target\":[\"https:\/\/transinfo.pl\/x\/infobus\/jeszcze-autobusowa-europa-nie-zginela-vdl-otwiera-nowa-fabryke-w-roeselare\/\"]}]},{\"@type\":\"ImageObject\",\"inLanguage\":\"pl-PL\",\"@id\":\"https:\/\/transinfo.pl\/x\/infobus\/jeszcze-autobusowa-europa-nie-zginela-vdl-otwiera-nowa-fabryke-w-roeselare\/#primaryimage\",\"url\":\"https:\/\/transinfo.pl\/x\/wp-content\/uploads\/2024\/04\/240410_VDL-Fabryka-w-Roeselare_04a.jpg\",\"contentUrl\":\"https:\/\/transinfo.pl\/x\/wp-content\/uploads\/2024\/04\/240410_VDL-Fabryka-w-Roeselare_04a.jpg\"},{\"@type\":\"BreadcrumbList\",\"@id\":\"https:\/\/transinfo.pl\/x\/infobus\/jeszcze-autobusowa-europa-nie-zginela-vdl-otwiera-nowa-fabryke-w-roeselare\/#breadcrumb\",\"itemListElement\":[{\"@type\":\"ListItem\",\"position\":1,\"name\":\"Home\",\"item\":\"https:\/\/transinfo.pl\/x\/\"},{\"@type\":\"ListItem\",\"position\":2,\"name\":\"Infobus\",\"item\":\"https:\/\/transinfo.pl\/x\/infobus\/\"},{\"@type\":\"ListItem\",\"position\":3,\"name\":\"Jeszcze autobusowa Europa nie zgin\u0119\u0142a. VDL otwiera now\u0105 fabryk\u0119 w Roeselare\"}]},{\"@type\":\"WebSite\",\"@id\":\"https:\/\/transinfo.pl\/x\/#website\",\"url\":\"https:\/\/transinfo.pl\/x\/\",\"name\":\"TransInfo Archiwum\",\"description\":\"Ca\u0142y transport w jednym miejscu\",\"publisher\":{\"@id\":\"https:\/\/transinfo.pl\/x\/#organization\"},\"potentialAction\":[{\"@type\":\"SearchAction\",\"target\":{\"@type\":\"EntryPoint\",\"urlTemplate\":\"https:\/\/transinfo.pl\/x\/?s={search_term_string}\"},\"query-input\":{\"@type\":\"PropertyValueSpecification\",\"valueRequired\":true,\"valueName\":\"search_term_string\"}}],\"inLanguage\":\"pl-PL\"},{\"@type\":\"Organization\",\"@id\":\"https:\/\/transinfo.pl\/x\/#organization\",\"name\":\"TransInfo\",\"url\":\"https:\/\/transinfo.pl\/x\/\",\"logo\":{\"@type\":\"ImageObject\",\"inLanguage\":\"pl-PL\",\"@id\":\"https:\/\/transinfo.pl\/x\/#\/schema\/logo\/image\/\",\"url\":\"https:\/\/transinfo.pl\/x\/wp-content\/uploads\/2024\/10\/favicon.png\",\"contentUrl\":\"https:\/\/transinfo.pl\/x\/wp-content\/uploads\/2024\/10\/favicon.png\",\"width\":512,\"height\":512,\"caption\":\"TransInfo\"},\"image\":{\"@id\":\"https:\/\/transinfo.pl\/x\/#\/schema\/logo\/image\/\"}}]}<\/script>\n<!-- \/ Yoast SEO Premium plugin. -->","yoast_head_json":{"title":"Jeszcze autobusowa Europa nie zgin\u0119\u0142a. VDL otwiera now\u0105 fabryk\u0119 w Roeselare - TransInfo Archiwum","description":"10 kwietnia oficjalnie nowy zak\u0142ad produkcji elektrycznych autobus\u00f3w miejskich VDL Bus & Coach przy Krommebeekpark 2 w Roeselare.","robots":{"index":"index","follow":"follow","max-snippet":"max-snippet:-1","max-image-preview":"max-image-preview:large","max-video-preview":"max-video-preview:-1"},"canonical":"https:\/\/transinfo.pl\/x\/infobus\/jeszcze-autobusowa-europa-nie-zginela-vdl-otwiera-nowa-fabryke-w-roeselare\/","og_locale":"pl_PL","og_type":"article","og_title":"Jeszcze autobusowa Europa nie zgin\u0119\u0142a. VDL otwiera now\u0105 fabryk\u0119 w Roeselare","og_description":"10 kwietnia oficjalnie nowy zak\u0142ad produkcji elektrycznych autobus\u00f3w miejskich VDL Bus & Coach przy Krommebeekpark 2 w Roeselare.","og_url":"https:\/\/transinfo.pl\/x\/infobus\/jeszcze-autobusowa-europa-nie-zginela-vdl-otwiera-nowa-fabryke-w-roeselare\/","og_site_name":"TransInfo Archiwum","og_image":[{"url":"https:\/\/transinfo.pl\/x\/wp-content\/uploads\/2024\/04\/240410_VDL-Fabryka-w-Roeselare_04a.jpg","width":1,"height":1,"type":"image\/jpeg"}],"twitter_card":"summary_large_image","twitter_misc":{"Szacowany czas czytania":"3 minuty"},"schema":{"@context":"https:\/\/schema.org","@graph":[{"@type":"WebPage","@id":"https:\/\/transinfo.pl\/x\/infobus\/jeszcze-autobusowa-europa-nie-zginela-vdl-otwiera-nowa-fabryke-w-roeselare\/","url":"https:\/\/transinfo.pl\/x\/infobus\/jeszcze-autobusowa-europa-nie-zginela-vdl-otwiera-nowa-fabryke-w-roeselare\/","name":"Jeszcze autobusowa Europa nie zgin\u0119\u0142a. VDL otwiera now\u0105 fabryk\u0119 w Roeselare - TransInfo Archiwum","isPartOf":{"@id":"https:\/\/transinfo.pl\/x\/#website"},"primaryImageOfPage":{"@id":"https:\/\/transinfo.pl\/x\/infobus\/jeszcze-autobusowa-europa-nie-zginela-vdl-otwiera-nowa-fabryke-w-roeselare\/#primaryimage"},"image":{"@id":"https:\/\/transinfo.pl\/x\/infobus\/jeszcze-autobusowa-europa-nie-zginela-vdl-otwiera-nowa-fabryke-w-roeselare\/#primaryimage"},"thumbnailUrl":"https:\/\/transinfo.pl\/x\/wp-content\/uploads\/2024\/04\/240410_VDL-Fabryka-w-Roeselare_04a.jpg","datePublished":"2024-04-11T10:00:00+00:00","dateModified":"2024-04-11T10:00:00+00:00","description":"10 kwietnia oficjalnie nowy zak\u0142ad produkcji elektrycznych autobus\u00f3w miejskich VDL Bus & Coach przy Krommebeekpark 2 w Roeselare.","breadcrumb":{"@id":"https:\/\/transinfo.pl\/x\/infobus\/jeszcze-autobusowa-europa-nie-zginela-vdl-otwiera-nowa-fabryke-w-roeselare\/#breadcrumb"},"inLanguage":"pl-PL","potentialAction":[{"@type":"ReadAction","target":["https:\/\/transinfo.pl\/x\/infobus\/jeszcze-autobusowa-europa-nie-zginela-vdl-otwiera-nowa-fabryke-w-roeselare\/"]}]},{"@type":"ImageObject","inLanguage":"pl-PL","@id":"https:\/\/transinfo.pl\/x\/infobus\/jeszcze-autobusowa-europa-nie-zginela-vdl-otwiera-nowa-fabryke-w-roeselare\/#primaryimage","url":"https:\/\/transinfo.pl\/x\/wp-content\/uploads\/2024\/04\/240410_VDL-Fabryka-w-Roeselare_04a.jpg","contentUrl":"https:\/\/transinfo.pl\/x\/wp-content\/uploads\/2024\/04\/240410_VDL-Fabryka-w-Roeselare_04a.jpg"},{"@type":"BreadcrumbList","@id":"https:\/\/transinfo.pl\/x\/infobus\/jeszcze-autobusowa-europa-nie-zginela-vdl-otwiera-nowa-fabryke-w-roeselare\/#breadcrumb","itemListElement":[{"@type":"ListItem","position":1,"name":"Home","item":"https:\/\/transinfo.pl\/x\/"},{"@type":"ListItem","position":2,"name":"Infobus","item":"https:\/\/transinfo.pl\/x\/infobus\/"},{"@type":"ListItem","position":3,"name":"Jeszcze autobusowa Europa nie zgin\u0119\u0142a. VDL otwiera now\u0105 fabryk\u0119 w Roeselare"}]},{"@type":"WebSite","@id":"https:\/\/transinfo.pl\/x\/#website","url":"https:\/\/transinfo.pl\/x\/","name":"TransInfo Archiwum","description":"Ca\u0142y transport w jednym miejscu","publisher":{"@id":"https:\/\/transinfo.pl\/x\/#organization"},"potentialAction":[{"@type":"SearchAction","target":{"@type":"EntryPoint","urlTemplate":"https:\/\/transinfo.pl\/x\/?s={search_term_string}"},"query-input":{"@type":"PropertyValueSpecification","valueRequired":true,"valueName":"search_term_string"}}],"inLanguage":"pl-PL"},{"@type":"Organization","@id":"https:\/\/transinfo.pl\/x\/#organization","name":"TransInfo","url":"https:\/\/transinfo.pl\/x\/","logo":{"@type":"ImageObject","inLanguage":"pl-PL","@id":"https:\/\/transinfo.pl\/x\/#\/schema\/logo\/image\/","url":"https:\/\/transinfo.pl\/x\/wp-content\/uploads\/2024\/10\/favicon.png","contentUrl":"https:\/\/transinfo.pl\/x\/wp-content\/uploads\/2024\/10\/favicon.png","width":512,"height":512,"caption":"TransInfo"},"image":{"@id":"https:\/\/transinfo.pl\/x\/#\/schema\/logo\/image\/"}}]}},"_links":{"self":[{"href":"https:\/\/transinfo.pl\/x\/wp-json\/wp\/v2\/infobus\/267631","targetHints":{"allow":["GET"]}}],"collection":[{"href":"https:\/\/transinfo.pl\/x\/wp-json\/wp\/v2\/infobus"}],"about":[{"href":"https:\/\/transinfo.pl\/x\/wp-json\/wp\/v2\/types\/infobus"}],"author":[{"embeddable":true,"href":"https:\/\/transinfo.pl\/x\/wp-json\/wp\/v2\/users\/2"}],"replies":[{"embeddable":true,"href":"https:\/\/transinfo.pl\/x\/wp-json\/wp\/v2\/comments?post=267631"}],"wp:featuredmedia":[{"embeddable":true,"href":"https:\/\/transinfo.pl\/x\/wp-json\/wp\/v2\/media\/267632"}],"wp:attachment":[{"href":"https:\/\/transinfo.pl\/x\/wp-json\/wp\/v2\/media?parent=267631"}],"wp:term":[{"taxonomy":"category","embeddable":true,"href":"https:\/\/transinfo.pl\/x\/wp-json\/wp\/v2\/categories?post=267631"},{"taxonomy":"post_tag","embeddable":true,"href":"https:\/\/transinfo.pl\/x\/wp-json\/wp\/v2\/tags?post=267631"}],"curies":[{"name":"wp","href":"https:\/\/api.w.org\/{rel}","templated":true}]}}