{"id":267457,"date":"2024-04-09T17:09:00","date_gmt":"2024-04-09T17:09:00","guid":{"rendered":"https:\/\/transinfo.pl\/x\/infobus\/mercedes-benz-tourismo-autobusowy-bestseler-juz-bez-lusterek\/"},"modified":"2024-04-09T17:09:00","modified_gmt":"2024-04-09T17:09:00","slug":"mercedes-benz-tourismo-autobusowy-bestseler-juz-bez-lusterek","status":"publish","type":"infobus","link":"https:\/\/transinfo.pl\/x\/infobus\/mercedes-benz-tourismo-autobusowy-bestseler-juz-bez-lusterek\/","title":{"rendered":"Mercedes-Benz Tourismo &#8211; autobusowy bestseler ju\u017c bez lusterek"},"content":{"rendered":"<style>h1,h2,h3,h4,h5,h6{margin:0 0 1.25rem;font-family:Arial,sans-serif;font-weight:600;color:#050505}h1{font-size:1.875rem;line-height:1.1em;text-transform:none}@media(min-width: 768px){h1{font-size:2.375rem}}h2{font-size:1.1875rem;line-height:1.2em;text-transform:uppercase}@media(min-width: 768px){h2{font-size:1.0625rem}}h3{font-size:0.9375rem;line-height:1.4em;font-weight:900;margin-bottom:0.9375rem}h4{font-size:0.875rem;line-height:1.2em;font-weight:500}h5{font-size:0.9375rem;line-height:1.6;font-weight:400}h6{font-size:0.9375rem;line-height:1.6;font-weight:600}\n<\/style>\n<h3 class=\"wp-block-heading\" id=\"h-kontynuujemy-cykl-artykulow-z-daimler-buses-driving-experience-2024-kolejnym-naszym-testerem-byl-autokar-mercedes-benz-tourismo-bez-lusterek-zewnetrznych\">Kontynuujemy cykl artyku\u0142\u00f3w z Daimler Buses Driving Experience 2024. Kolejnym naszym testerem by\u0142 autokar Mercedes-Benz Tourismo bez lusterek zewn\u0119trznych.<\/h3>\n\n\n<style>p{margin:0 0 1.5rem}p:last-child{margin:0}p.is-style-uppercase{text-transform:uppercase}p.is-style-preheading{color:#12406a;text-transform:uppercase}p.is-style-leadparagraph{font-size:1rem;line-height:1.625;font-weight:700}@media(min-width: 768px){p.is-style-leadparagraph{font-size:1.125rem;line-height:1.5555555556}}p.has-small-margin{margin-bottom:0.625rem}p.has-small-margin+h1,p.has-small-margin+h2,p.has-small-margin+h3{margin-top:1.875rem}\n<\/style>\n<p>Ju\u017c od kilku generacji autobusy turystyczne Tourismo zaliczane s\u0105 do najbezpieczniejszych pojazd\u00f3w w swej klasie. Ich bogate standardowe wyposa\u017cenie techniczne od dawna wyznacza wzorce dla innych. I ca\u0142y czas tak jest. <\/p>\n\n\n\n<h2 class=\"wp-block-heading\" id=\"h-tourismo-dane-techniczne\"><strong>Tourismo \u2013 dane techniczne<\/strong><strong><\/strong><\/h2>\n\n\n\n<p>Autokar Mercedes-Benz Tourismo to uniwersalny pojazd z modelami dwu- lub trzyosiowymi o d\u0142ugo\u015bci od 12,3 do 13,9 metra. Tourismo jest ekonomicznym i uniwersalnym pojazdem dla wszystkich segment\u00f3w \u2013 jako model podstawowy lub wzorcowy pojazd biznesowy z luksusowym wyposa\u017ceniem. Pojazd ten imponuje nowoczesnym designem, niepowtarzalnym j\u0119zykiem formy, wysok\u0105 jako\u015bci\u0105, bezkonkurencyjnymi standardami bezpiecze\u0144stwa i programem wyposa\u017cenia umo\u017cliwiaj\u0105cym bardzo elastyczn\u0105 personalizacj\u0119. <\/p>\n\n\n\n<p>Ju\u017c od kilku generacji autobusy turystyczne Tourismo zaliczane s\u0105 do najbezpieczniejszych pojazd\u00f3w w swej klasie. Ich bogate standardowe wyposa\u017cenie techniczne od dawna wyznacza wzorce dla innych. Nasz tester by\u0142 nap\u0119dzany silnikiem Mercedes-Benz OM 470 o mocy 265 kW. Silnik ten spe\u0142nia\u0142 normy emisji spalin Euro 6e.<\/p>\n\n\n<style>.wp-block-image{margin:1.25rem 0;text-align:center}.wp-block-image figcaption{padding:0 0.9375rem;text-align:center}\n<\/style>\n<figure class=\"wp-block-image aligncenter size-large\"><img decoding=\"async\" src=\"https:\/\/transinfo.pl\/wp-content\/uploads\/2024\/04\/autobus-mercedes-torurismo-1-1-683x1024.jpg\" alt=\"Daimler Buses Driving Experience 2024. Bezlusterkowy Mercedes-Benz Tourismo\" class=\"wp-image-470685\" \/><figcaption class=\"wp-element-caption\">Daimler Buses Driving Experience 2024. Bezlusterkowy Mercedes-Benz Tourismo<\/figcaption><\/figure>\n\n\n\n<p>Pozosta\u0142e dane techniczne przedstawiaj\u0105 si\u0119 nast\u0119puj\u0105co:<\/p>\n\n\n<style>.wp-block-table,table{margin:0 0 1.5rem;width:100%;border:0.0625rem solid rgba(0,0,0,.1)}.wp-block-table th,.wp-block-table td,table th,table td{border-style:solid;border-color:rgba(0,0,0,.1);border-width:0 0.0625rem 0.0625rem 0;padding:0.5rem}.wp-block-table th,table th{font-weight:700}.wp-block-table{border-width:0}\n<\/style>\n<figure class=\"wp-block-table\"><table><tbody><tr><td>D\u0142ugo\u015b\u0107 [mm]<\/td><td>12 295<\/td><\/tr><tr><td>Szeroko\u015b\u0107 [mm]<\/td><td>2&nbsp;550<\/td><\/tr><tr><td>Wysoko\u015b\u0107 [mm]<\/td><td>3&nbsp;680 &nbsp;<\/td><\/tr><tr><td>Wysoko\u015b\u0107 do stania wewn\u0105trz pojazdu [mm]<\/td><td>2 010<\/td><\/tr><tr><td>Rozstaw osi, o\u015b przednia \u2013 o\u015b nap\u0119dowa [mm]<\/td><td>6 090<\/td><\/tr><tr><td>Rozmiar opon<\/td><td>295\/80 R22.5<\/td><\/tr><tr><td>Zwis przedni [mm]<\/td><td>2&nbsp;890 &nbsp;<\/td><\/tr><tr><td>Zwis tylny [mm] &nbsp;<\/td><td>3&nbsp;315 &nbsp;<\/td><\/tr><tr><td>\u015arednica zawracania [mm] &nbsp;<\/td><td>21 634 &nbsp;<\/td><\/tr><tr><td>Wymiar zachodzenia [mm]<\/td><td>719 &nbsp;<\/td><\/tr><tr><td>Wysoko\u015b\u0107 pod\u0142ogi przej\u015bcia \u015brodkowego nad jezdni\u0105 [mm]<\/td><td>1 370 &nbsp;<\/td><\/tr><tr><td>Pojemno\u015b\u0107 baga\u017cnika [m3] &nbsp;<\/td><td>9,9<\/td><\/tr><\/tbody><\/table><\/figure>\n\n\n\n<h2 class=\"wp-block-heading\" id=\"h-brak-lusterek-zewnetrznych\"><strong>Brak lusterek zewn\u0119trznych<\/strong><\/h2>\n\n\n\n<p>Testowane Tourismo mia\u0142o jeszcze jedn\u0105 cech\u0119 charakterystyczn\u0105 \u2013 brak lusterek zewn\u0119trznych. Obecnie wszystkie serie autobus\u00f3w\/autokar\u00f3w turystycznych marki Mercedes-Benz i Setra, zar\u00f3wno miejskie, mi\u0119dzymiastowe, jak i turystyczne, s\u0105 opcjonalnie dost\u0119pne z kamerami zamiast wcze\u015bniej instalowanych lusterek zewn\u0119trznych. Nowo\u015b\u0107 ta nie tylko zmienia wygl\u0105d pojazd\u00f3w, ale tak\u017ce wp\u0142ywa na funkcjonalno\u015b\u0107, bezpiecze\u0144stwo i rentowno\u015b\u0107. Rozszerzone pole widzenia pozwala kierowcy widzie\u0107 pieszych, rowerzyst\u00f3w i innych u\u017cytkownik\u00f3w drogi w otoczeniu. Eliminuje to martwe pole podczas skr\u0119cania w prawo. Dodatkowo kamery gwarantuj\u0105 znacznie lepsz\u0105 widoczno\u015b\u0107 do ty\u0142u w ciemno\u015bci dzi\u0119ki wzmocnieniu \u015bwiat\u0142a. Niewielka powierzchnia obiektywu aparatu jest mniej podatna na zabrudzenia i lepiej zabezpieczona przed dzia\u0142aniem warunk\u00f3w atmosferycznych. W por\u00f3wnaniu do konwencjonalnych lusterek, MirrorCam tylko nieznacznie wystaje poza kraw\u0119dzie pojazdu. Oznacza to \u0142atwiejsze manewrowanie i mniejsze ryzyko uszkodze\u0144. Ostatecznie powierzchnia czo\u0142owa autobusu\/autokaru turystycznego zostaje zmniejszona, co powoduje mniejszy op\u00f3r powietrza. Ma to pozytywny wp\u0142yw na zu\u017cycie paliwa.<\/p>\n\n\n\n<p>Tak dzia\u0142a MirrorCam w testowanym Tourismo: obrazy z kamer przesy\u0142ane s\u0105 do 15-calowych monitor\u00f3w zamontowanych po wewn\u0119trznej stronie s\u0142upk\u00f3w A. Linia odleg\u0142o\u015bci, wraz z trwale skalibrowan\u0105 lini\u0105 ko\u0144cow\u0105 pojazdu, pomaga kierowcy w ocenie zbli\u017caj\u0105cych si\u0119 obiekt\u00f3w. Uruchamia si\u0119 je poprzez w\u0142\u0105czenie biegu wstecznego lub w\u0142\u0105czenie kierunkowskaz\u00f3w. Dodatkowa kamera i drugi monitor w formacie siedmiocalowym zapewniaj\u0105 widok na prawy przedni r\u00f3g pojazdu. Kamera jest podgrzewana. Fotodiody w monitorach wykrywaj\u0105 padaj\u0105ce \u015bwiat\u0142o i indywidualnie dostosowuj\u0105 jasno\u015b\u0107 monitor\u00f3w. W razie potrzeby na monitorach mo\u017cna wy\u015bwietli\u0107 ostrze\u017cenia dotycz\u0105ce funkcji Sideguard Assist.<\/p>\n\n\n\n<figure class=\"wp-block-image aligncenter size-large\"><img decoding=\"async\" src=\"https:\/\/transinfo.pl\/wp-content\/uploads\/2024\/04\/autobus-mercedes-torurismo-14-683x1024.jpg\" alt=\"Daimler Buses Driving Experience 2024. Bezlusterkowy Mercedes-Benz Tourismo\" class=\"wp-image-470684\" \/><figcaption class=\"wp-element-caption\">Mercedes-Benz Tourismo M\/2<\/figcaption><\/figure>\n","protected":false},"author":2,"featured_media":267458,"comment_status":"","ping_status":"closed","template":"","categories":[25],"tags":[167,2244,551,2938,2144,3289,21252],"class_list":["post-267457","infobus","type-infobus","status-publish","has-post-thumbnail","hentry","category-producenci","tag-autobus","tag-autokar","tag-bezpieczenstwo","tag-diesel","tag-mercedes","tag-tourismo","tag-turystyczny"],"acf":[],"yoast_head":"<!-- This site is optimized with the Yoast SEO Premium plugin v21.8 (Yoast SEO v23.7) - https:\/\/yoast.com\/wordpress\/plugins\/seo\/ -->\n<title>Mercedes-Benz Tourismo - autobusowy bestseler ju\u017c bez lusterek - TransInfo Archiwum<\/title>\n<meta name=\"description\" content=\"Kontynuujemy cykl artyku\u0142\u00f3w z Daimler Buses 2024. Kolejnym naszym testerem by\u0142 autokar Mercedes Tourismo bez lusterek zewn\u0119trznych.\" \/>\n<meta name=\"robots\" content=\"index, follow, max-snippet:-1, max-image-preview:large, max-video-preview:-1\" \/>\n<link rel=\"canonical\" href=\"https:\/\/transinfo.pl\/x\/infobus\/mercedes-benz-tourismo-autobusowy-bestseler-juz-bez-lusterek\/\" \/>\n<meta property=\"og:locale\" content=\"pl_PL\" \/>\n<meta property=\"og:type\" content=\"article\" \/>\n<meta property=\"og:title\" content=\"Mercedes-Benz Tourismo - autobusowy bestseler ju\u017c bez lusterek\" \/>\n<meta property=\"og:description\" content=\"Kontynuujemy cykl artyku\u0142\u00f3w z Daimler Buses 2024. Kolejnym naszym testerem by\u0142 autokar Mercedes Tourismo bez lusterek zewn\u0119trznych.\" \/>\n<meta property=\"og:url\" content=\"https:\/\/transinfo.pl\/x\/infobus\/mercedes-benz-tourismo-autobusowy-bestseler-juz-bez-lusterek\/\" \/>\n<meta property=\"og:site_name\" content=\"TransInfo Archiwum\" \/>\n<meta property=\"og:image\" content=\"https:\/\/transinfo.pl\/x\/wp-content\/uploads\/2024\/04\/autobus-mercedes-torurismo-4.jpg\" \/>\n\t<meta property=\"og:image:width\" content=\"1\" \/>\n\t<meta property=\"og:image:height\" content=\"1\" \/>\n\t<meta property=\"og:image:type\" content=\"image\/jpeg\" \/>\n<meta name=\"twitter:card\" content=\"summary_large_image\" \/>\n<meta name=\"twitter:label1\" content=\"Szacowany czas czytania\" \/>\n\t<meta name=\"twitter:data1\" content=\"3 minuty\" \/>\n<script type=\"application\/ld+json\" class=\"yoast-schema-graph\">{\"@context\":\"https:\/\/schema.org\",\"@graph\":[{\"@type\":\"WebPage\",\"@id\":\"https:\/\/transinfo.pl\/x\/infobus\/mercedes-benz-tourismo-autobusowy-bestseler-juz-bez-lusterek\/\",\"url\":\"https:\/\/transinfo.pl\/x\/infobus\/mercedes-benz-tourismo-autobusowy-bestseler-juz-bez-lusterek\/\",\"name\":\"Mercedes-Benz Tourismo - autobusowy bestseler ju\u017c bez lusterek - TransInfo Archiwum\",\"isPartOf\":{\"@id\":\"https:\/\/transinfo.pl\/x\/#website\"},\"primaryImageOfPage\":{\"@id\":\"https:\/\/transinfo.pl\/x\/infobus\/mercedes-benz-tourismo-autobusowy-bestseler-juz-bez-lusterek\/#primaryimage\"},\"image\":{\"@id\":\"https:\/\/transinfo.pl\/x\/infobus\/mercedes-benz-tourismo-autobusowy-bestseler-juz-bez-lusterek\/#primaryimage\"},\"thumbnailUrl\":\"https:\/\/transinfo.pl\/x\/wp-content\/uploads\/2024\/04\/autobus-mercedes-torurismo-4.jpg\",\"datePublished\":\"2024-04-09T17:09:00+00:00\",\"dateModified\":\"2024-04-09T17:09:00+00:00\",\"description\":\"Kontynuujemy cykl artyku\u0142\u00f3w z Daimler Buses 2024. Kolejnym naszym testerem by\u0142 autokar Mercedes Tourismo bez lusterek zewn\u0119trznych.\",\"breadcrumb\":{\"@id\":\"https:\/\/transinfo.pl\/x\/infobus\/mercedes-benz-tourismo-autobusowy-bestseler-juz-bez-lusterek\/#breadcrumb\"},\"inLanguage\":\"pl-PL\",\"potentialAction\":[{\"@type\":\"ReadAction\",\"target\":[\"https:\/\/transinfo.pl\/x\/infobus\/mercedes-benz-tourismo-autobusowy-bestseler-juz-bez-lusterek\/\"]}]},{\"@type\":\"ImageObject\",\"inLanguage\":\"pl-PL\",\"@id\":\"https:\/\/transinfo.pl\/x\/infobus\/mercedes-benz-tourismo-autobusowy-bestseler-juz-bez-lusterek\/#primaryimage\",\"url\":\"https:\/\/transinfo.pl\/x\/wp-content\/uploads\/2024\/04\/autobus-mercedes-torurismo-4.jpg\",\"contentUrl\":\"https:\/\/transinfo.pl\/x\/wp-content\/uploads\/2024\/04\/autobus-mercedes-torurismo-4.jpg\"},{\"@type\":\"BreadcrumbList\",\"@id\":\"https:\/\/transinfo.pl\/x\/infobus\/mercedes-benz-tourismo-autobusowy-bestseler-juz-bez-lusterek\/#breadcrumb\",\"itemListElement\":[{\"@type\":\"ListItem\",\"position\":1,\"name\":\"Home\",\"item\":\"https:\/\/transinfo.pl\/x\/\"},{\"@type\":\"ListItem\",\"position\":2,\"name\":\"Infobus\",\"item\":\"https:\/\/transinfo.pl\/x\/infobus\/\"},{\"@type\":\"ListItem\",\"position\":3,\"name\":\"Mercedes-Benz Tourismo &#8211; autobusowy bestseler ju\u017c bez lusterek\"}]},{\"@type\":\"WebSite\",\"@id\":\"https:\/\/transinfo.pl\/x\/#website\",\"url\":\"https:\/\/transinfo.pl\/x\/\",\"name\":\"TransInfo Archiwum\",\"description\":\"Ca\u0142y transport w jednym miejscu\",\"publisher\":{\"@id\":\"https:\/\/transinfo.pl\/x\/#organization\"},\"potentialAction\":[{\"@type\":\"SearchAction\",\"target\":{\"@type\":\"EntryPoint\",\"urlTemplate\":\"https:\/\/transinfo.pl\/x\/?s={search_term_string}\"},\"query-input\":{\"@type\":\"PropertyValueSpecification\",\"valueRequired\":true,\"valueName\":\"search_term_string\"}}],\"inLanguage\":\"pl-PL\"},{\"@type\":\"Organization\",\"@id\":\"https:\/\/transinfo.pl\/x\/#organization\",\"name\":\"TransInfo\",\"url\":\"https:\/\/transinfo.pl\/x\/\",\"logo\":{\"@type\":\"ImageObject\",\"inLanguage\":\"pl-PL\",\"@id\":\"https:\/\/transinfo.pl\/x\/#\/schema\/logo\/image\/\",\"url\":\"https:\/\/transinfo.pl\/x\/wp-content\/uploads\/2024\/10\/favicon.png\",\"contentUrl\":\"https:\/\/transinfo.pl\/x\/wp-content\/uploads\/2024\/10\/favicon.png\",\"width\":512,\"height\":512,\"caption\":\"TransInfo\"},\"image\":{\"@id\":\"https:\/\/transinfo.pl\/x\/#\/schema\/logo\/image\/\"}}]}<\/script>\n<!-- \/ Yoast SEO Premium plugin. -->","yoast_head_json":{"title":"Mercedes-Benz Tourismo - autobusowy bestseler ju\u017c bez lusterek - TransInfo Archiwum","description":"Kontynuujemy cykl artyku\u0142\u00f3w z Daimler Buses 2024. Kolejnym naszym testerem by\u0142 autokar Mercedes Tourismo bez lusterek zewn\u0119trznych.","robots":{"index":"index","follow":"follow","max-snippet":"max-snippet:-1","max-image-preview":"max-image-preview:large","max-video-preview":"max-video-preview:-1"},"canonical":"https:\/\/transinfo.pl\/x\/infobus\/mercedes-benz-tourismo-autobusowy-bestseler-juz-bez-lusterek\/","og_locale":"pl_PL","og_type":"article","og_title":"Mercedes-Benz Tourismo - autobusowy bestseler ju\u017c bez lusterek","og_description":"Kontynuujemy cykl artyku\u0142\u00f3w z Daimler Buses 2024. Kolejnym naszym testerem by\u0142 autokar Mercedes Tourismo bez lusterek zewn\u0119trznych.","og_url":"https:\/\/transinfo.pl\/x\/infobus\/mercedes-benz-tourismo-autobusowy-bestseler-juz-bez-lusterek\/","og_site_name":"TransInfo Archiwum","og_image":[{"url":"https:\/\/transinfo.pl\/x\/wp-content\/uploads\/2024\/04\/autobus-mercedes-torurismo-4.jpg","width":1,"height":1,"type":"image\/jpeg"}],"twitter_card":"summary_large_image","twitter_misc":{"Szacowany czas czytania":"3 minuty"},"schema":{"@context":"https:\/\/schema.org","@graph":[{"@type":"WebPage","@id":"https:\/\/transinfo.pl\/x\/infobus\/mercedes-benz-tourismo-autobusowy-bestseler-juz-bez-lusterek\/","url":"https:\/\/transinfo.pl\/x\/infobus\/mercedes-benz-tourismo-autobusowy-bestseler-juz-bez-lusterek\/","name":"Mercedes-Benz Tourismo - autobusowy bestseler ju\u017c bez lusterek - TransInfo Archiwum","isPartOf":{"@id":"https:\/\/transinfo.pl\/x\/#website"},"primaryImageOfPage":{"@id":"https:\/\/transinfo.pl\/x\/infobus\/mercedes-benz-tourismo-autobusowy-bestseler-juz-bez-lusterek\/#primaryimage"},"image":{"@id":"https:\/\/transinfo.pl\/x\/infobus\/mercedes-benz-tourismo-autobusowy-bestseler-juz-bez-lusterek\/#primaryimage"},"thumbnailUrl":"https:\/\/transinfo.pl\/x\/wp-content\/uploads\/2024\/04\/autobus-mercedes-torurismo-4.jpg","datePublished":"2024-04-09T17:09:00+00:00","dateModified":"2024-04-09T17:09:00+00:00","description":"Kontynuujemy cykl artyku\u0142\u00f3w z Daimler Buses 2024. Kolejnym naszym testerem by\u0142 autokar Mercedes Tourismo bez lusterek zewn\u0119trznych.","breadcrumb":{"@id":"https:\/\/transinfo.pl\/x\/infobus\/mercedes-benz-tourismo-autobusowy-bestseler-juz-bez-lusterek\/#breadcrumb"},"inLanguage":"pl-PL","potentialAction":[{"@type":"ReadAction","target":["https:\/\/transinfo.pl\/x\/infobus\/mercedes-benz-tourismo-autobusowy-bestseler-juz-bez-lusterek\/"]}]},{"@type":"ImageObject","inLanguage":"pl-PL","@id":"https:\/\/transinfo.pl\/x\/infobus\/mercedes-benz-tourismo-autobusowy-bestseler-juz-bez-lusterek\/#primaryimage","url":"https:\/\/transinfo.pl\/x\/wp-content\/uploads\/2024\/04\/autobus-mercedes-torurismo-4.jpg","contentUrl":"https:\/\/transinfo.pl\/x\/wp-content\/uploads\/2024\/04\/autobus-mercedes-torurismo-4.jpg"},{"@type":"BreadcrumbList","@id":"https:\/\/transinfo.pl\/x\/infobus\/mercedes-benz-tourismo-autobusowy-bestseler-juz-bez-lusterek\/#breadcrumb","itemListElement":[{"@type":"ListItem","position":1,"name":"Home","item":"https:\/\/transinfo.pl\/x\/"},{"@type":"ListItem","position":2,"name":"Infobus","item":"https:\/\/transinfo.pl\/x\/infobus\/"},{"@type":"ListItem","position":3,"name":"Mercedes-Benz Tourismo &#8211; autobusowy bestseler ju\u017c bez lusterek"}]},{"@type":"WebSite","@id":"https:\/\/transinfo.pl\/x\/#website","url":"https:\/\/transinfo.pl\/x\/","name":"TransInfo Archiwum","description":"Ca\u0142y transport w jednym miejscu","publisher":{"@id":"https:\/\/transinfo.pl\/x\/#organization"},"potentialAction":[{"@type":"SearchAction","target":{"@type":"EntryPoint","urlTemplate":"https:\/\/transinfo.pl\/x\/?s={search_term_string}"},"query-input":{"@type":"PropertyValueSpecification","valueRequired":true,"valueName":"search_term_string"}}],"inLanguage":"pl-PL"},{"@type":"Organization","@id":"https:\/\/transinfo.pl\/x\/#organization","name":"TransInfo","url":"https:\/\/transinfo.pl\/x\/","logo":{"@type":"ImageObject","inLanguage":"pl-PL","@id":"https:\/\/transinfo.pl\/x\/#\/schema\/logo\/image\/","url":"https:\/\/transinfo.pl\/x\/wp-content\/uploads\/2024\/10\/favicon.png","contentUrl":"https:\/\/transinfo.pl\/x\/wp-content\/uploads\/2024\/10\/favicon.png","width":512,"height":512,"caption":"TransInfo"},"image":{"@id":"https:\/\/transinfo.pl\/x\/#\/schema\/logo\/image\/"}}]}},"_links":{"self":[{"href":"https:\/\/transinfo.pl\/x\/wp-json\/wp\/v2\/infobus\/267457","targetHints":{"allow":["GET"]}}],"collection":[{"href":"https:\/\/transinfo.pl\/x\/wp-json\/wp\/v2\/infobus"}],"about":[{"href":"https:\/\/transinfo.pl\/x\/wp-json\/wp\/v2\/types\/infobus"}],"author":[{"embeddable":true,"href":"https:\/\/transinfo.pl\/x\/wp-json\/wp\/v2\/users\/2"}],"replies":[{"embeddable":true,"href":"https:\/\/transinfo.pl\/x\/wp-json\/wp\/v2\/comments?post=267457"}],"wp:featuredmedia":[{"embeddable":true,"href":"https:\/\/transinfo.pl\/x\/wp-json\/wp\/v2\/media\/267458"}],"wp:attachment":[{"href":"https:\/\/transinfo.pl\/x\/wp-json\/wp\/v2\/media?parent=267457"}],"wp:term":[{"taxonomy":"category","embeddable":true,"href":"https:\/\/transinfo.pl\/x\/wp-json\/wp\/v2\/categories?post=267457"},{"taxonomy":"post_tag","embeddable":true,"href":"https:\/\/transinfo.pl\/x\/wp-json\/wp\/v2\/tags?post=267457"}],"curies":[{"name":"wp","href":"https:\/\/api.w.org\/{rel}","templated":true}]}}