{"id":267389,"date":"2024-04-09T09:05:00","date_gmt":"2024-04-09T09:05:00","guid":{"rendered":"https:\/\/transinfo.pl\/x\/infobus\/trzy-lata-oleckiej-gminnej-komunikacji-publicznej-z-autobusami-faster\/"},"modified":"2024-04-09T09:05:00","modified_gmt":"2024-04-09T09:05:00","slug":"trzy-lata-oleckiej-gminnej-komunikacji-publicznej-z-autobusami-faster","status":"publish","type":"infobus","link":"https:\/\/transinfo.pl\/x\/infobus\/trzy-lata-oleckiej-gminnej-komunikacji-publicznej-z-autobusami-faster\/","title":{"rendered":"Trzy lata oleckiej Gminnej Komunikacji Publicznej. Z autobusami Faster"},"content":{"rendered":"<style>h1,h2,h3,h4,h5,h6{margin:0 0 1.25rem;font-family:Arial,sans-serif;font-weight:600;color:#050505}h1{font-size:1.875rem;line-height:1.1em;text-transform:none}@media(min-width: 768px){h1{font-size:2.375rem}}h2{font-size:1.1875rem;line-height:1.2em;text-transform:uppercase}@media(min-width: 768px){h2{font-size:1.0625rem}}h3{font-size:0.9375rem;line-height:1.4em;font-weight:900;margin-bottom:0.9375rem}h4{font-size:0.875rem;line-height:1.2em;font-weight:500}h5{font-size:0.9375rem;line-height:1.6;font-weight:400}h6{font-size:0.9375rem;line-height:1.6;font-weight:600}\n<\/style>\n<h3 class=\"wp-block-heading\" id=\"h-w-pazdzierniku-2023-roku-minely-trzy-lata-od-kiedy-realizacje-przewozow-autobusowych-w-olecku-rozpoczela-gminna-komunikacja-publiczna\">W pa\u017adzierniku 2023 roku min\u0119\u0142y trzy lata, od kiedy realizacj\u0119 przewoz\u00f3w autobusowych w Olecku rozpocz\u0119\u0142a Gminna Komunikacja Publiczna.<\/h3>\n\n\n<style>p{margin:0 0 1.5rem}p:last-child{margin:0}p.is-style-uppercase{text-transform:uppercase}p.is-style-preheading{color:#12406a;text-transform:uppercase}p.is-style-leadparagraph{font-size:1rem;line-height:1.625;font-weight:700}@media(min-width: 768px){p.is-style-leadparagraph{font-size:1.125rem;line-height:1.5555555556}}p.has-small-margin{margin-bottom:0.625rem}p.has-small-margin+h1,p.has-small-margin+h2,p.has-small-margin+h3{margin-top:1.875rem}\n<\/style>\n<p>Na samym pocz\u0105tku wszyscy mieli ju\u017c do\u015b\u0107 tych wiekowych \u201egimbus\u00f3w\u201d, natomiast pierwsze linie GPK kursowa\u0142y wy\u0142\u0105cznie w granicach gminy Olecko. Jednak popularno\u015b\u0107 komunikacji autobusowej wzros\u0142a i dzisiaj lokalny system transportu publicznego wygl\u0105da zupe\u0142nie inaczej.<\/p>\n\n\n\n<h2 class=\"wp-block-heading\" id=\"h-olecki-transport-w-liczbach\">Olecki Transport w liczbach<\/h2>\n\n\n\n<p>Funkcjonuj\u0105ca na obszarze czterech gmin powiatu oleckiego komunikacja publiczna pokona\u0142a w 2023 r. ponad milion kilometr\u00f3w. Przewioz\u0142a oko\u0142o 160.000 pasa\u017cer\u00f3w, w tym tylko na obszarze samej gminy Olecko by\u0142o to ponad 90.000 os\u00f3b.<\/p>\n\n\n\n<p>Regularnie co miesi\u0105c, na podstawie bilet\u00f3w miesi\u0119cznych, korzysta z niej niemal 2000 uczni\u00f3w, ponad 1000 os\u00f3b doje\u017cd\u017caj\u0105cych do pracy i oko\u0142o 12000 os\u00f3b odbywaj\u0105cych przewozy jednorazowe.<\/p>\n\n\n\n<p>Rewolucja w lokalnym transporcie pasa\u017cerskim rozpocz\u0119\u0142a si\u0119 1 pa\u017adziernika 2020 r., kiedy a gminne drogi wyjecha\u0142y pierwsze autobusy prywatnej firmy Faster Wtedy komunikacja zamyka\u0142a si\u0119 w obr\u0119bie Olecka oraz okolicznych miejscowo\u015bci. Bardzo szybko okaza\u0142o si\u0119, \u017ce takie rozwi\u0105zanie podoba si\u0119 gminom s\u0105siednim i dlatego rok p\u00f3\u017aniej, dzi\u0119ki porozumieniom zawartym z gminami Kowale Oleckie, \u015awi\u0119tajno oraz Wieliczki, lokalny transport przekszta\u0142ci\u0142 si\u0119 w profesjonaln\u0105 sie\u0107 po\u0142\u0105cze\u0144 komunikuj\u0105cych wszystkich gminy powiatu oleckiego.<\/p>\n\n\n<style>.wp-block-quote{border-left:0.1875rem solid var(--page-color);font-size:1rem;font-style:italic;margin:0 0 1.6875rem;padding:1.25rem}.wp-block-quote cite{color:#050505}.wp-block-quote.is-style-large p{margin-bottom:10px}.wp-block-quote.is-style-large cite{color:#12406a}\n<\/style>\n<blockquote class=\"wp-block-quote is-layout-flow wp-block-quote-is-layout-flow\">\n<p>-\u201eDzi\u0119ki komunikacji publicznej przezwyci\u0119\u017cyli\u015bmy problem, istniej\u0105cego przed 2020 r., wykluczenia komunikacyjnego i wyszli\u015bmy naprzeciw potrzebom mieszka\u0144c\u00f3w, dla kt\u00f3rych transport publiczny stanowi teraz istotny element codziennego funkcjonowania \u2013 podkre\u015bli\u0142 Karol Sobczak, burmistrz Olecka<\/p>\n<\/blockquote>\n\n\n<style>.wp-block-image{margin:1.25rem 0;text-align:center}.wp-block-image figcaption{padding:0 0.9375rem;text-align:center}\n<\/style>\n<figure class=\"wp-block-image aligncenter size-full\"><img decoding=\"async\" src=\"https:\/\/transinfo.pl\/wp-content\/uploads\/2024\/04\/autobus-faster-1.jpg\" alt=\"\" class=\"wp-image-470588\" \/><figcaption class=\"wp-element-caption\">Trzy lata Gminnej Komunikacji Publicznej z autobusami Faster<\/figcaption><\/figure>\n\n\n\n<h2 class=\"wp-block-heading\" id=\"h-trudne-poczatki\">trudne Pocz\u0105tki <\/h2>\n\n\n\n<blockquote class=\"wp-block-quote is-layout-flow wp-block-quote-is-layout-flow\">\n<p>-\u201eJeszcze w trakcie wakacji 2020 r. w planach by\u0142a prosta kontynuacja zamkni\u0119tych dowoz\u00f3w szkolnych, wykonywanych za pomoc\u0105 tzw. gimbus\u00f3w \u2014 opowiada Karol Sobczak. \u2014 S\u0142uchaj\u0105c g\u0142os\u00f3w mieszka\u0144c\u00f3w czu\u0142em jednak ju\u017c w\u00f3wczas, \u017ce oczekuj\u0105 wi\u0119cej. Postanowi\u0142em wi\u0119c podj\u0105\u0107 du\u017cy wysi\u0142ek organizacyjny, aby wyj\u015b\u0107 naprzeciw licznym postulatom mieszka\u0144c\u00f3w, kt\u00f3rzy wielokrotnie wskazywali mi na potrzeb\u0119 uruchomienia w naszej Gminie regularnych przewoz\u00f3w autobusowych.<\/p>\n<\/blockquote>\n\n\n\n<p>Szybko okaza\u0142o si\u0119, \u017ce autobusy to wygodny \u015brodek komunikacji tak\u017ce do pracy, na zakupy, czy do lekarza lub urz\u0119du. Nie bez znaczenia na taki rozw\u00f3j przewoz\u00f3w mia\u0142a otwarto\u015b\u0107 w\u0142adz gminnych na oczekiwania pasa\u017cer\u00f3w.<\/p>\n\n\n\n<blockquote class=\"wp-block-quote is-layout-flow wp-block-quote-is-layout-flow\">\n<p>-\u201eStarali\u015bmy si\u0119 w jak najwi\u0119kszym stopniu realizowa\u0107 sugestie mieszka\u0144c\u00f3w, kt\u00f3rzy sami podsuwali pomys\u0142y dotycz\u0105ce cz\u0119stotliwo\u015bci kurs\u00f3w, przebiegu tras i godzin odjazd\u00f3w. Efekt jest taki, \u017ce obecny kszta\u0142t naszej komunikacji stanowi odzwierciedlenie potrzeb pasa\u017cerskich, kt\u00f3re w ten spos\u00f3b mog\u0105 by\u0107 zaspokajane w jak najwi\u0119kszym stopniu \u2014 opowiada burmistrz Sobczak.<\/p>\n<\/blockquote>\n\n\n\n<p>Od samego pocz\u0105tku komunikacj\u0119 gminn\u0105 realizuje firma Faster. <\/p>\n\n\n\n<p>-\u201ePocz\u0105tki by\u0142y takie, \u017ce ludzie pytali, dlaczego przewozy w Olecku ma realizowa\u0107 przewo\u017anik z Olsztyna, bo tam faktycznie mie\u015bci si\u0119 g\u0142\u00f3wna siedziba firmy. Deklarowa\u0142em jednak wtedy, \u017ce je\u015bli komunikacja gminna spotka si\u0119 z zainteresowaniem spo\u0142ecznym, a wsp\u00f3\u0142praca z gmin\u0105 b\u0119dzie uk\u0142ada\u0142a si\u0119 poprawnie, to w Olecku powstanie najwi\u0119kszy oddzia\u0142 mojego przedsi\u0119biorstwa. I s\u0142owa dotrzyma\u0142em &#8211; podkre\u015bli\u0142 Rados\u0142aw Typa, w\u0142a\u015bciciel firmy Faster. <\/p>\n\n\n\n<p>Teraz Faster planuje dalszy rozw\u00f3j zwi\u0105zany z obs\u0142ug\u0105 oleckiej komunikacji gminnej. Sukcesywnie wymieniany i modernizowany jest tabor autobusowy. Wkr\u00f3tce pojawi\u0107 ma si\u0119 tak\u017ce specjalna aplikacja do zakupu bilet\u00f3w on-line, a tak\u017ce do \u015bledzenia autobus\u00f3w w czasie rzeczywistym. Dzi\u0119ki temu ostatniemu rozwi\u0105zaniu pasa\u017cerowie b\u0119d\u0105 wiedzieli, gdzie dok\u0142adnie w danym czasie znajduje si\u0119 konkretny autobus i za ile mo\u017cna spodziewa\u0107 si\u0119 powrotu do domu, czy to dziecka ze szko\u0142y.<\/p>\n","protected":false},"author":2,"featured_media":267390,"comment_status":"","ping_status":"closed","template":"","categories":[26],"tags":[167,23065,35,5894],"class_list":["post-267389","infobus","type-infobus","status-publish","has-post-thumbnail","hentry","category-przewoznicy","tag-autobus","tag-faster","tag-linie","tag-olecko"],"acf":[],"yoast_head":"<!-- This site is optimized with the Yoast SEO Premium plugin v21.8 (Yoast SEO v23.7) - https:\/\/yoast.com\/wordpress\/plugins\/seo\/ -->\n<title>Trzy lata oleckiej Gminnej Komunikacji Publicznej. Z autobusami Faster - TransInfo Archiwum<\/title>\n<meta name=\"description\" content=\"W pa\u017adzierniku 2023 roku min\u0119\u0142y trzy lata, od kiedy realizacj\u0119 przewoz\u00f3w autobusowych w Olecku rozpocz\u0119\u0142a Gminna Komunikacja Publiczna.\" \/>\n<meta name=\"robots\" content=\"index, follow, max-snippet:-1, max-image-preview:large, max-video-preview:-1\" \/>\n<link rel=\"canonical\" href=\"https:\/\/transinfo.pl\/x\/infobus\/trzy-lata-oleckiej-gminnej-komunikacji-publicznej-z-autobusami-faster\/\" \/>\n<meta property=\"og:locale\" content=\"pl_PL\" \/>\n<meta property=\"og:type\" content=\"article\" \/>\n<meta property=\"og:title\" content=\"Trzy lata oleckiej Gminnej Komunikacji Publicznej. Z autobusami Faster\" \/>\n<meta property=\"og:description\" content=\"W pa\u017adzierniku 2023 roku min\u0119\u0142y trzy lata, od kiedy realizacj\u0119 przewoz\u00f3w autobusowych w Olecku rozpocz\u0119\u0142a Gminna Komunikacja Publiczna.\" \/>\n<meta property=\"og:url\" content=\"https:\/\/transinfo.pl\/x\/infobus\/trzy-lata-oleckiej-gminnej-komunikacji-publicznej-z-autobusami-faster\/\" \/>\n<meta property=\"og:site_name\" content=\"TransInfo Archiwum\" \/>\n<meta property=\"og:image\" content=\"https:\/\/transinfo.pl\/x\/wp-content\/uploads\/2024\/04\/autobus-mercus-faster.jpg\" \/>\n\t<meta property=\"og:image:width\" content=\"1\" \/>\n\t<meta property=\"og:image:height\" content=\"1\" \/>\n\t<meta property=\"og:image:type\" content=\"image\/jpeg\" \/>\n<meta name=\"twitter:card\" content=\"summary_large_image\" \/>\n<meta name=\"twitter:label1\" content=\"Szacowany czas czytania\" \/>\n\t<meta name=\"twitter:data1\" content=\"3 minuty\" \/>\n<script type=\"application\/ld+json\" class=\"yoast-schema-graph\">{\"@context\":\"https:\/\/schema.org\",\"@graph\":[{\"@type\":\"WebPage\",\"@id\":\"https:\/\/transinfo.pl\/x\/infobus\/trzy-lata-oleckiej-gminnej-komunikacji-publicznej-z-autobusami-faster\/\",\"url\":\"https:\/\/transinfo.pl\/x\/infobus\/trzy-lata-oleckiej-gminnej-komunikacji-publicznej-z-autobusami-faster\/\",\"name\":\"Trzy lata oleckiej Gminnej Komunikacji Publicznej. Z autobusami Faster - TransInfo Archiwum\",\"isPartOf\":{\"@id\":\"https:\/\/transinfo.pl\/x\/#website\"},\"primaryImageOfPage\":{\"@id\":\"https:\/\/transinfo.pl\/x\/infobus\/trzy-lata-oleckiej-gminnej-komunikacji-publicznej-z-autobusami-faster\/#primaryimage\"},\"image\":{\"@id\":\"https:\/\/transinfo.pl\/x\/infobus\/trzy-lata-oleckiej-gminnej-komunikacji-publicznej-z-autobusami-faster\/#primaryimage\"},\"thumbnailUrl\":\"https:\/\/transinfo.pl\/x\/wp-content\/uploads\/2024\/04\/autobus-mercus-faster.jpg\",\"datePublished\":\"2024-04-09T09:05:00+00:00\",\"dateModified\":\"2024-04-09T09:05:00+00:00\",\"description\":\"W pa\u017adzierniku 2023 roku min\u0119\u0142y trzy lata, od kiedy realizacj\u0119 przewoz\u00f3w autobusowych w Olecku rozpocz\u0119\u0142a Gminna Komunikacja Publiczna.\",\"breadcrumb\":{\"@id\":\"https:\/\/transinfo.pl\/x\/infobus\/trzy-lata-oleckiej-gminnej-komunikacji-publicznej-z-autobusami-faster\/#breadcrumb\"},\"inLanguage\":\"pl-PL\",\"potentialAction\":[{\"@type\":\"ReadAction\",\"target\":[\"https:\/\/transinfo.pl\/x\/infobus\/trzy-lata-oleckiej-gminnej-komunikacji-publicznej-z-autobusami-faster\/\"]}]},{\"@type\":\"ImageObject\",\"inLanguage\":\"pl-PL\",\"@id\":\"https:\/\/transinfo.pl\/x\/infobus\/trzy-lata-oleckiej-gminnej-komunikacji-publicznej-z-autobusami-faster\/#primaryimage\",\"url\":\"https:\/\/transinfo.pl\/x\/wp-content\/uploads\/2024\/04\/autobus-mercus-faster.jpg\",\"contentUrl\":\"https:\/\/transinfo.pl\/x\/wp-content\/uploads\/2024\/04\/autobus-mercus-faster.jpg\"},{\"@type\":\"BreadcrumbList\",\"@id\":\"https:\/\/transinfo.pl\/x\/infobus\/trzy-lata-oleckiej-gminnej-komunikacji-publicznej-z-autobusami-faster\/#breadcrumb\",\"itemListElement\":[{\"@type\":\"ListItem\",\"position\":1,\"name\":\"Home\",\"item\":\"https:\/\/transinfo.pl\/x\/\"},{\"@type\":\"ListItem\",\"position\":2,\"name\":\"Infobus\",\"item\":\"https:\/\/transinfo.pl\/x\/infobus\/\"},{\"@type\":\"ListItem\",\"position\":3,\"name\":\"Trzy lata oleckiej Gminnej Komunikacji Publicznej. Z autobusami Faster\"}]},{\"@type\":\"WebSite\",\"@id\":\"https:\/\/transinfo.pl\/x\/#website\",\"url\":\"https:\/\/transinfo.pl\/x\/\",\"name\":\"TransInfo Archiwum\",\"description\":\"Ca\u0142y transport w jednym miejscu\",\"publisher\":{\"@id\":\"https:\/\/transinfo.pl\/x\/#organization\"},\"potentialAction\":[{\"@type\":\"SearchAction\",\"target\":{\"@type\":\"EntryPoint\",\"urlTemplate\":\"https:\/\/transinfo.pl\/x\/?s={search_term_string}\"},\"query-input\":{\"@type\":\"PropertyValueSpecification\",\"valueRequired\":true,\"valueName\":\"search_term_string\"}}],\"inLanguage\":\"pl-PL\"},{\"@type\":\"Organization\",\"@id\":\"https:\/\/transinfo.pl\/x\/#organization\",\"name\":\"TransInfo\",\"url\":\"https:\/\/transinfo.pl\/x\/\",\"logo\":{\"@type\":\"ImageObject\",\"inLanguage\":\"pl-PL\",\"@id\":\"https:\/\/transinfo.pl\/x\/#\/schema\/logo\/image\/\",\"url\":\"https:\/\/transinfo.pl\/x\/wp-content\/uploads\/2024\/10\/favicon.png\",\"contentUrl\":\"https:\/\/transinfo.pl\/x\/wp-content\/uploads\/2024\/10\/favicon.png\",\"width\":512,\"height\":512,\"caption\":\"TransInfo\"},\"image\":{\"@id\":\"https:\/\/transinfo.pl\/x\/#\/schema\/logo\/image\/\"}}]}<\/script>\n<!-- \/ Yoast SEO Premium plugin. -->","yoast_head_json":{"title":"Trzy lata oleckiej Gminnej Komunikacji Publicznej. Z autobusami Faster - TransInfo Archiwum","description":"W pa\u017adzierniku 2023 roku min\u0119\u0142y trzy lata, od kiedy realizacj\u0119 przewoz\u00f3w autobusowych w Olecku rozpocz\u0119\u0142a Gminna Komunikacja Publiczna.","robots":{"index":"index","follow":"follow","max-snippet":"max-snippet:-1","max-image-preview":"max-image-preview:large","max-video-preview":"max-video-preview:-1"},"canonical":"https:\/\/transinfo.pl\/x\/infobus\/trzy-lata-oleckiej-gminnej-komunikacji-publicznej-z-autobusami-faster\/","og_locale":"pl_PL","og_type":"article","og_title":"Trzy lata oleckiej Gminnej Komunikacji Publicznej. Z autobusami Faster","og_description":"W pa\u017adzierniku 2023 roku min\u0119\u0142y trzy lata, od kiedy realizacj\u0119 przewoz\u00f3w autobusowych w Olecku rozpocz\u0119\u0142a Gminna Komunikacja Publiczna.","og_url":"https:\/\/transinfo.pl\/x\/infobus\/trzy-lata-oleckiej-gminnej-komunikacji-publicznej-z-autobusami-faster\/","og_site_name":"TransInfo Archiwum","og_image":[{"url":"https:\/\/transinfo.pl\/x\/wp-content\/uploads\/2024\/04\/autobus-mercus-faster.jpg","width":1,"height":1,"type":"image\/jpeg"}],"twitter_card":"summary_large_image","twitter_misc":{"Szacowany czas czytania":"3 minuty"},"schema":{"@context":"https:\/\/schema.org","@graph":[{"@type":"WebPage","@id":"https:\/\/transinfo.pl\/x\/infobus\/trzy-lata-oleckiej-gminnej-komunikacji-publicznej-z-autobusami-faster\/","url":"https:\/\/transinfo.pl\/x\/infobus\/trzy-lata-oleckiej-gminnej-komunikacji-publicznej-z-autobusami-faster\/","name":"Trzy lata oleckiej Gminnej Komunikacji Publicznej. Z autobusami Faster - TransInfo Archiwum","isPartOf":{"@id":"https:\/\/transinfo.pl\/x\/#website"},"primaryImageOfPage":{"@id":"https:\/\/transinfo.pl\/x\/infobus\/trzy-lata-oleckiej-gminnej-komunikacji-publicznej-z-autobusami-faster\/#primaryimage"},"image":{"@id":"https:\/\/transinfo.pl\/x\/infobus\/trzy-lata-oleckiej-gminnej-komunikacji-publicznej-z-autobusami-faster\/#primaryimage"},"thumbnailUrl":"https:\/\/transinfo.pl\/x\/wp-content\/uploads\/2024\/04\/autobus-mercus-faster.jpg","datePublished":"2024-04-09T09:05:00+00:00","dateModified":"2024-04-09T09:05:00+00:00","description":"W pa\u017adzierniku 2023 roku min\u0119\u0142y trzy lata, od kiedy realizacj\u0119 przewoz\u00f3w autobusowych w Olecku rozpocz\u0119\u0142a Gminna Komunikacja Publiczna.","breadcrumb":{"@id":"https:\/\/transinfo.pl\/x\/infobus\/trzy-lata-oleckiej-gminnej-komunikacji-publicznej-z-autobusami-faster\/#breadcrumb"},"inLanguage":"pl-PL","potentialAction":[{"@type":"ReadAction","target":["https:\/\/transinfo.pl\/x\/infobus\/trzy-lata-oleckiej-gminnej-komunikacji-publicznej-z-autobusami-faster\/"]}]},{"@type":"ImageObject","inLanguage":"pl-PL","@id":"https:\/\/transinfo.pl\/x\/infobus\/trzy-lata-oleckiej-gminnej-komunikacji-publicznej-z-autobusami-faster\/#primaryimage","url":"https:\/\/transinfo.pl\/x\/wp-content\/uploads\/2024\/04\/autobus-mercus-faster.jpg","contentUrl":"https:\/\/transinfo.pl\/x\/wp-content\/uploads\/2024\/04\/autobus-mercus-faster.jpg"},{"@type":"BreadcrumbList","@id":"https:\/\/transinfo.pl\/x\/infobus\/trzy-lata-oleckiej-gminnej-komunikacji-publicznej-z-autobusami-faster\/#breadcrumb","itemListElement":[{"@type":"ListItem","position":1,"name":"Home","item":"https:\/\/transinfo.pl\/x\/"},{"@type":"ListItem","position":2,"name":"Infobus","item":"https:\/\/transinfo.pl\/x\/infobus\/"},{"@type":"ListItem","position":3,"name":"Trzy lata oleckiej Gminnej Komunikacji Publicznej. Z autobusami Faster"}]},{"@type":"WebSite","@id":"https:\/\/transinfo.pl\/x\/#website","url":"https:\/\/transinfo.pl\/x\/","name":"TransInfo Archiwum","description":"Ca\u0142y transport w jednym miejscu","publisher":{"@id":"https:\/\/transinfo.pl\/x\/#organization"},"potentialAction":[{"@type":"SearchAction","target":{"@type":"EntryPoint","urlTemplate":"https:\/\/transinfo.pl\/x\/?s={search_term_string}"},"query-input":{"@type":"PropertyValueSpecification","valueRequired":true,"valueName":"search_term_string"}}],"inLanguage":"pl-PL"},{"@type":"Organization","@id":"https:\/\/transinfo.pl\/x\/#organization","name":"TransInfo","url":"https:\/\/transinfo.pl\/x\/","logo":{"@type":"ImageObject","inLanguage":"pl-PL","@id":"https:\/\/transinfo.pl\/x\/#\/schema\/logo\/image\/","url":"https:\/\/transinfo.pl\/x\/wp-content\/uploads\/2024\/10\/favicon.png","contentUrl":"https:\/\/transinfo.pl\/x\/wp-content\/uploads\/2024\/10\/favicon.png","width":512,"height":512,"caption":"TransInfo"},"image":{"@id":"https:\/\/transinfo.pl\/x\/#\/schema\/logo\/image\/"}}]}},"_links":{"self":[{"href":"https:\/\/transinfo.pl\/x\/wp-json\/wp\/v2\/infobus\/267389","targetHints":{"allow":["GET"]}}],"collection":[{"href":"https:\/\/transinfo.pl\/x\/wp-json\/wp\/v2\/infobus"}],"about":[{"href":"https:\/\/transinfo.pl\/x\/wp-json\/wp\/v2\/types\/infobus"}],"author":[{"embeddable":true,"href":"https:\/\/transinfo.pl\/x\/wp-json\/wp\/v2\/users\/2"}],"replies":[{"embeddable":true,"href":"https:\/\/transinfo.pl\/x\/wp-json\/wp\/v2\/comments?post=267389"}],"wp:featuredmedia":[{"embeddable":true,"href":"https:\/\/transinfo.pl\/x\/wp-json\/wp\/v2\/media\/267390"}],"wp:attachment":[{"href":"https:\/\/transinfo.pl\/x\/wp-json\/wp\/v2\/media?parent=267389"}],"wp:term":[{"taxonomy":"category","embeddable":true,"href":"https:\/\/transinfo.pl\/x\/wp-json\/wp\/v2\/categories?post=267389"},{"taxonomy":"post_tag","embeddable":true,"href":"https:\/\/transinfo.pl\/x\/wp-json\/wp\/v2\/tags?post=267389"}],"curies":[{"name":"wp","href":"https:\/\/api.w.org\/{rel}","templated":true}]}}