{"id":267375,"date":"2024-04-08T18:02:00","date_gmt":"2024-04-08T18:02:00","guid":{"rendered":"https:\/\/transinfo.pl\/x\/infobus\/beda-kolejne-autobusy-isuzu-we-flocie-pkm-swierklaniec-z-opcja-czy-bez-opcji\/"},"modified":"2024-04-08T18:02:00","modified_gmt":"2024-04-08T18:02:00","slug":"beda-kolejne-autobusy-isuzu-we-flocie-pkm-swierklaniec-z-opcja-czy-bez-opcji","status":"publish","type":"infobus","link":"https:\/\/transinfo.pl\/x\/infobus\/beda-kolejne-autobusy-isuzu-we-flocie-pkm-swierklaniec-z-opcja-czy-bez-opcji\/","title":{"rendered":"B\u0119d\u0105 kolejne autobusy Isuzu we flocie PKM \u015awierklaniec. Z opcja czy bez opcji?"},"content":{"rendered":"<style>h1,h2,h3,h4,h5,h6{margin:0 0 1.25rem;font-family:Arial,sans-serif;font-weight:600;color:#050505}h1{font-size:1.875rem;line-height:1.1em;text-transform:none}@media(min-width: 768px){h1{font-size:2.375rem}}h2{font-size:1.1875rem;line-height:1.2em;text-transform:uppercase}@media(min-width: 768px){h2{font-size:1.0625rem}}h3{font-size:0.9375rem;line-height:1.4em;font-weight:900;margin-bottom:0.9375rem}h4{font-size:0.875rem;line-height:1.2em;font-weight:500}h5{font-size:0.9375rem;line-height:1.6;font-weight:400}h6{font-size:0.9375rem;line-height:1.6;font-weight:600}\n<\/style>\n<h3 class=\"wp-block-heading\" id=\"h-4-kwietnia-przedsiebiorstwo-komunikacji-metropolitarnej-w-swierklancu-dokonalo-wyboru-najkorzystniejszej-oferty-w-przetargu-na-dostawe-pieciu-nowych-autobusow-miejskich-w-formie-leasingu-operacyjnego\">4 kwietnia Przedsi\u0119biorstwo Komunikacji Metropolitarnej w \u015awierkla\u0144cu dokona\u0142o wyboru najkorzystniejszej oferty w przetargu na dostaw\u0119 pi\u0119ciu nowych autobus\u00f3w miejskich w formie leasingu operacyjnego.<\/h3>\n\n\n<style>p{margin:0 0 1.5rem}p:last-child{margin:0}p.is-style-uppercase{text-transform:uppercase}p.is-style-preheading{color:#12406a;text-transform:uppercase}p.is-style-leadparagraph{font-size:1rem;line-height:1.625;font-weight:700}@media(min-width: 768px){p.is-style-leadparagraph{font-size:1.125rem;line-height:1.5555555556}}p.has-small-margin{margin-bottom:0.625rem}p.has-small-margin+h1,p.has-small-margin+h2,p.has-small-margin+h3{margin-top:1.875rem}\n<\/style>\n<p>O og\u0142oszeniu tego przetargu <a href=\"https:\/\/transinfo.pl\/infobus\/jedna-oferta-w-autobusowym-przetargu-pkm-swierklaniec-z-szansa-na-opcje\/\">pisali\u015bmy ju\u017c wcze\u015bniej w InfoBusie<\/a>. W kryteriach technicznych na pierwszy plan wysuwa\u0142o si\u0119 kryterium unifikacji silnika, co dawa\u0142o \u2013 teoretycznie \u2013 lekk\u0105 przewag\u0119 takim producentom, taki jak Iveco, MAN czy Mercedes. Jak si\u0119 jednak okaza\u0142o, rzeczywisto\u015b\u0107 twardo zweryfikowa\u0142a t\u0119 teori\u0119\u2026<\/p>\n\n\n\n<h2 class=\"wp-block-heading\" id=\"h-preferencje-pkm-swierklaniec\">PREFERENCJE PKM \u015aWIERKLANIEC<\/h2>\n\n\n\n<p>Zanim przejdziemy do wybranej oferty, przypomnijmy, co chcia\u0142 otrzyma\u0107 PKM \u015awierklaniec. Firma premiowa\u0142a nast\u0119puj\u0105ce rozwi\u0105zania:<\/p>\n\n\n<style>.page-content ul:not([class]),.acf-block ul:not([class]),.editor-rich-text ul,ol{padding-left:0.9375rem;margin-top:0;margin-bottom:1.5rem}.page-content ul:not([class]) ul,.page-content ul:not([class]) ol,.acf-block ul:not([class]) ul,.acf-block ul:not([class]) ol,.editor-rich-text ul ul,.editor-rich-text ul ol,ol ul,ol ol{margin:0}.page-content ul:not([class]) li,.acf-block ul:not([class]) li,.editor-rich-text ul li,ol li{margin-bottom:1.5rem}ul.with-icons{list-style:none;margin-left:0;padding-left:0}ul.with-icons li{margin-bottom:1.875rem}ul.with-icons li img{margin-bottom:15px}\n<\/style>\n<ul class=\"wp-block-list\">\n<li>materia\u0142 element\u00f3w konstrukcyjnych szkieletu nadwozia i szkieletu \u2013 profile ze stali odpornej na korozj\u0119 (zgodnie z PN-EN 10088), profile ze stali o podwy\u017cszonej wytrzyma\u0142o\u015bci zabezpieczone antykorozyjnie metod\u0105 kataforezy zanurzeniowej, aluminium nie wymagaj\u0105ce dalszego zabezpieczenia antykorozyjnego\u2013 10 pkt,<\/li>\n<\/ul>\n\n\n\n<ul class=\"wp-block-list\">\n<li>materia\u0142 poszycia zewn\u0119trznego nadwozia &#8211; Blachy ze stali odpornej na: korozj\u0119 (zgodnie z PN-EN 10088), blachy ze stali obustronnie ocynkowanej o podwy\u017cszonej wytrzyma\u0142o\u015bci, zabezpieczone antykorozyjnie metod\u0105 kataforezy zanurzeniowej lub aluminium, tworzywa sztuczne wzmocnione w\u0142\u00f3knem szklanym oraz tworzywa sztuczne przeznaczone do stosowania na zewn\u0105trz o du\u017cej odporno\u015bci na niskie temperatury oraz uszkodzenia mechaniczne, nie wymagaj\u0105ce dalszego zabezpieczenia antykorozyjnego \u2013 10 pkt,<\/li>\n<\/ul>\n\n\n\n<ul class=\"wp-block-list\">\n<li>moc silnika: powy\u017cej 240 kW i powy\u017cej \u2013 16 pkt,<\/li>\n<\/ul>\n\n\n\n<ul class=\"wp-block-list\">\n<li>gwarantowany okres mi\u0119dzy obs\u0142ugowy silnik co najmniej 60 000 km \u2013 16 pkt,<\/li>\n<\/ul>\n\n\n\n<ul class=\"wp-block-list\">\n<li>silnik i pojazd jednego producenta \u2013 16 pkt, 11 i wi\u0119cej miejsc z poziomu niskiej pod\u0142ogi \u2013 16 pkt,<\/li>\n<\/ul>\n\n\n\n<ul class=\"wp-block-list\">\n<li>mocowanie paneli bocznych &#8211; przykr\u0119cane na \u015bruby, szybkowymienne \u2013 16 pkt.<\/li>\n<\/ul>\n\n\n<style>.wp-block-image{margin:1.25rem 0;text-align:center}.wp-block-image figcaption{padding:0 0.9375rem;text-align:center}\n<\/style>\n<figure class=\"wp-block-image size-large\"><a href=\"https:\/\/transinfo.pl\/wp-content\/uploads\/2024\/04\/autobus-isuzu-pkm-swierklaniec-2.jpg\"><img decoding=\"async\" src=\"https:\/\/transinfo.pl\/wp-content\/uploads\/2024\/04\/autobus-isuzu-pkm-swierklaniec-2-1024x683.jpg\" alt=\"B\u0119d\u0105 kolejne autobusy Isuzu we flocie PKM \u015awierklaniec. \" class=\"wp-image-470579\" \/><\/a><figcaption class=\"wp-element-caption\">B\u0119d\u0105 kolejne autobusy Isuzu we flocie PKM \u015awierklaniec.<\/figcaption><\/figure>\n\n\n\n<h2 class=\"wp-block-heading\" id=\"h-jedna-oferta\">JEDNA OFERTA<\/h2>\n\n\n\n<p>22 lutego Przedsi\u0119biorstwo Komunikacji Metropolitarnej dokona\u0142o procedery otwarcia ofert. Wp\u0142yn\u0119\u0142a tylko jedna propozycja. Od konsorcjum Busimport z PEKAO Leasing , kt\u00f3re zaoferowa\u0142o autobusy Isuzu Citiport, kt\u00f3re s\u0105 ju\u017c doskonale znane w \u015awierkla\u0144cu.<\/p>\n\n\n\n<p>Propozycja opiewa\u0142a na sum\u0119 14.968.921,31 PLN brutto \/ 12.169.854 PLN netto &#8211; w tym zam\u00f3wienie podstawowe 8.316.067,39 PLN brutto i prawo opcji 6.652.853,91 PLN brutto &#8211; co daje jednostkow\u0105 cen\u0119 Isuzu Citiwport (z leasingiem) na poziomie 1.352.206 PLN netto. Za finansowanie b\u0119dzie odpowiedzialna sp\u00f3\u0142ka Pekao Leasing.<\/p>\n\n\n\n<p>I bud\u017cet. Kwota, jak\u0105 zamawiaj\u0105cy zamierza\u0142 przeznaczy\u0107 na sfinansowanie zam\u00f3wienia to 16.663.258,31 PLN brutto, w tym zam\u00f3wienie podstawowe 9.257.365,73 PLN brutto, opcja 7.405.892,58 PLN brutto.<\/p>\n\n\n\n<p>To oznacza, \u017ce zaproponowana przez Busimport\/Pekao Leasing kwota spokojnie zmie\u015bci\u0142a si\u0119 w bud\u017cecie PKM-u, kt\u00f3ry z kolei nie mia\u0142 \u017cadnego problemu z jej wyborem. Sta\u0142o si\u0119 to 4 kwietnia, po wcze\u015bniejszej ocenie na podstawie czterech kryteri\u00f3w: ceny (60%), oceny technicznej (20%), warunk\u00f3w gwarancji (10%), terminu dostawy (10%).<\/p>\n\n\n\n<p>Pami\u0119tajmy, \u017ce zamawiaj\u0105cy mo\u017ce skorzysta\u0107 z prawa opcji (plus cztery identyczne pojazdy) nie p\u00f3\u017aniej ni\u017c przed up\u0142ywem 8 tygodni od dnia zawarcia pierwszej z um\u00f3w leasingowych. Czekamy zatem na umow\u0119 na linii PKM \u015awierklaniec &#8211; Busimport\/PEKAO i decyzj\u0119 ws. wykorzystania opcji.<\/p>\n\n\n\n<figure class=\"wp-block-image size-full\"><a href=\"https:\/\/transinfo.pl\/wp-content\/uploads\/2024\/04\/pkm-swierklaniec-informacja-o-wyborze.jpg\"><img decoding=\"async\" src=\"https:\/\/transinfo.pl\/wp-content\/uploads\/2024\/04\/pkm-swierklaniec-informacja-o-wyborze.jpg\" alt=\"B\u0119d\u0105 kolejne autobusy Isuzu we flocie PKM \u015awierklaniec. \" class=\"wp-image-470577\" \/><\/a><figcaption class=\"wp-element-caption\">B\u0119d\u0105 kolejne autobusy Isuzu we flocie PKM \u015awierklaniec.<\/figcaption><\/figure>\n\n\n\n<h2 class=\"wp-block-heading\" id=\"h-specyfikacja-techniczna\">SPECYFIKACJA TECHNICZNA<\/h2>\n\n\n\n<p>Autobusy dla \u015awierkla\u0144ca maj\u0105 mie\u0107 d\u0142ugo\u015b\u0107 od 11,5 do 12,5 m i wysoko\u015b\u0107 do 3,25 m. Oferowane konstrukcje powinny by\u0107 pojazdami z ca\u0142kowicie nisk\u0105 pod\u0142og\u0105, bez stopni po\u015brednich wewn\u0105trz, o wysoko\u015bci pod\u0142ogi maksymalnie 340 mm od pod\u0142o\u017ca. Przep\u0142yw pasa\u017cer\u00f3w ma odbywa\u0107 si\u0119 przez troje dwuskrzyd\u0142owych drzwi, w uk\u0142adzie 2-2-2, otwieranych do wewn\u0105trz o szeroko\u015bci nie mniejszej ni\u017c 1 200 mm. Autobusy b\u0119d\u0105 nap\u0119dzane silnikiem spe\u0142niaj\u0105cym norm\u0119 czysto\u015bci spalin EURO 6, o mocy minimum 220 kW.<\/p>\n\n\n\n<p>W przedziale pasa\u017cerskim znajd\u0105 si\u0119 siedzenia wykonane z tworzywa sztucznego na szkielecie stalowym lub z tworzywa sztucznego, z mo\u017cliwo\u015bci\u0105 \u0142atwego monta\u017cu i demonta\u017cu. Maj\u0105 to by\u0107 siedzenia \u201emi\u0119kkie\u201d &#8211; pe\u0142na tapicerka siedziska i oparcia z mi\u0119kkim wype\u0142nieniem o grubo\u015bci co najmniej 15 mm dla siedziska i 10 mm dla oparcia. Przestrze\u0144 pasa\u017cerska jak i kabina kierowcy maj\u0105 by\u0107 klimatyzowane.<\/p>\n\n\n\n<p>Z kolei kabina kierowcy ma by\u0107 typu zamkni\u0119tego wyposa\u017cone w przesuwne okno z blokad\u0105 oraz p\u00f3\u0142k\u0119 do wydawania (sprzeda\u017cy) bilet\u00f3w.<\/p>\n\n\n\n<p>Informacja dla pasa\u017cer\u00f3w to przede wszystkim trzy diodowe tablice zewn\u0119trzne w kolorze bia\u0142ym, a tak\u017ce monitor wewn\u0119trzny, o przek\u0105tnej minimum 21,5 cali. Dodatkowo, pod sufitem umieszczona b\u0119dzie tablica dwustronna reklamowa. Ponadto, autobusy b\u0119d\u0105 wyposa\u017cone w system zliczania pasa\u017cer\u00f3w i system kontroli trze\u017awo\u015bci kierowcy. <\/p>\n\n\n\n<p>Po wi\u0119cej przetargowych informacji odsy\u0142amy do strony:<a href=\"https:\/\/platformazakupowa.pl\/transakcja\/875547\"> https:\/\/platformazakupowa.pl\/transakcja\/875547<\/a><\/p>\n","protected":false},"author":2,"featured_media":0,"comment_status":"","ping_status":"closed","template":"","categories":[1],"tags":[167,22192,2938,2423,5808,7449,2892,518],"class_list":["post-267375","infobus","type-infobus","status-publish","hentry","category-kontrakty","tag-autobus","tag-busimport","tag-diesel","tag-isuzu","tag-miejski","tag-pekao-leasing","tag-pkm-swierklaniec","tag-przetarg"],"acf":[],"yoast_head":"<!-- This site is optimized with the Yoast SEO Premium plugin v21.8 (Yoast SEO v23.7) - https:\/\/yoast.com\/wordpress\/plugins\/seo\/ -->\n<title>B\u0119d\u0105 kolejne autobusy Isuzu we flocie PKM \u015awierklaniec. Z opcja czy bez opcji? - TransInfo Archiwum<\/title>\n<meta name=\"description\" content=\"4 kwietnia PKM \u015awierklaniec dokona\u0142o wyboru najkorzystniejszej oferty w przetargu na dostaw\u0119 5. nowych autobus\u00f3w miejskich w formie leasingu.\" \/>\n<meta name=\"robots\" content=\"index, follow, max-snippet:-1, max-image-preview:large, max-video-preview:-1\" \/>\n<link rel=\"canonical\" href=\"https:\/\/transinfo.pl\/x\/infobus\/beda-kolejne-autobusy-isuzu-we-flocie-pkm-swierklaniec-z-opcja-czy-bez-opcji\/\" \/>\n<meta property=\"og:locale\" content=\"pl_PL\" \/>\n<meta property=\"og:type\" content=\"article\" \/>\n<meta property=\"og:title\" content=\"B\u0119d\u0105 kolejne autobusy Isuzu we flocie PKM \u015awierklaniec. Z opcja czy bez opcji?\" \/>\n<meta property=\"og:description\" content=\"4 kwietnia PKM \u015awierklaniec dokona\u0142o wyboru najkorzystniejszej oferty w przetargu na dostaw\u0119 5. nowych autobus\u00f3w miejskich w formie leasingu.\" \/>\n<meta property=\"og:url\" content=\"https:\/\/transinfo.pl\/x\/infobus\/beda-kolejne-autobusy-isuzu-we-flocie-pkm-swierklaniec-z-opcja-czy-bez-opcji\/\" \/>\n<meta property=\"og:site_name\" content=\"TransInfo Archiwum\" \/>\n<meta property=\"og:image\" content=\"http:\/\/default\" \/>\n<meta name=\"twitter:card\" content=\"summary_large_image\" \/>\n<meta name=\"twitter:label1\" content=\"Szacowany czas czytania\" \/>\n\t<meta name=\"twitter:data1\" content=\"4 minuty\" \/>\n<script type=\"application\/ld+json\" class=\"yoast-schema-graph\">{\"@context\":\"https:\/\/schema.org\",\"@graph\":[{\"@type\":\"WebPage\",\"@id\":\"https:\/\/transinfo.pl\/x\/infobus\/beda-kolejne-autobusy-isuzu-we-flocie-pkm-swierklaniec-z-opcja-czy-bez-opcji\/\",\"url\":\"https:\/\/transinfo.pl\/x\/infobus\/beda-kolejne-autobusy-isuzu-we-flocie-pkm-swierklaniec-z-opcja-czy-bez-opcji\/\",\"name\":\"B\u0119d\u0105 kolejne autobusy Isuzu we flocie PKM \u015awierklaniec. Z opcja czy bez opcji? - TransInfo Archiwum\",\"isPartOf\":{\"@id\":\"https:\/\/transinfo.pl\/x\/#website\"},\"primaryImageOfPage\":{\"@id\":\"https:\/\/transinfo.pl\/x\/infobus\/beda-kolejne-autobusy-isuzu-we-flocie-pkm-swierklaniec-z-opcja-czy-bez-opcji\/#primaryimage\"},\"image\":{\"@id\":\"https:\/\/transinfo.pl\/x\/infobus\/beda-kolejne-autobusy-isuzu-we-flocie-pkm-swierklaniec-z-opcja-czy-bez-opcji\/#primaryimage\"},\"thumbnailUrl\":\"https:\/\/transinfo.pl\/wp-content\/uploads\/2024\/04\/autobus-isuzu-pkm-swierklaniec-2-1024x683.jpg\",\"datePublished\":\"2024-04-08T18:02:00+00:00\",\"dateModified\":\"2024-04-08T18:02:00+00:00\",\"description\":\"4 kwietnia PKM \u015awierklaniec dokona\u0142o wyboru najkorzystniejszej oferty w przetargu na dostaw\u0119 5. nowych autobus\u00f3w miejskich w formie leasingu.\",\"breadcrumb\":{\"@id\":\"https:\/\/transinfo.pl\/x\/infobus\/beda-kolejne-autobusy-isuzu-we-flocie-pkm-swierklaniec-z-opcja-czy-bez-opcji\/#breadcrumb\"},\"inLanguage\":\"pl-PL\",\"potentialAction\":[{\"@type\":\"ReadAction\",\"target\":[\"https:\/\/transinfo.pl\/x\/infobus\/beda-kolejne-autobusy-isuzu-we-flocie-pkm-swierklaniec-z-opcja-czy-bez-opcji\/\"]}]},{\"@type\":\"ImageObject\",\"inLanguage\":\"pl-PL\",\"@id\":\"https:\/\/transinfo.pl\/x\/infobus\/beda-kolejne-autobusy-isuzu-we-flocie-pkm-swierklaniec-z-opcja-czy-bez-opcji\/#primaryimage\",\"url\":\"https:\/\/transinfo.pl\/wp-content\/uploads\/2024\/04\/autobus-isuzu-pkm-swierklaniec-2-1024x683.jpg\",\"contentUrl\":\"https:\/\/transinfo.pl\/wp-content\/uploads\/2024\/04\/autobus-isuzu-pkm-swierklaniec-2-1024x683.jpg\"},{\"@type\":\"BreadcrumbList\",\"@id\":\"https:\/\/transinfo.pl\/x\/infobus\/beda-kolejne-autobusy-isuzu-we-flocie-pkm-swierklaniec-z-opcja-czy-bez-opcji\/#breadcrumb\",\"itemListElement\":[{\"@type\":\"ListItem\",\"position\":1,\"name\":\"Home\",\"item\":\"https:\/\/transinfo.pl\/x\/\"},{\"@type\":\"ListItem\",\"position\":2,\"name\":\"Infobus\",\"item\":\"https:\/\/transinfo.pl\/x\/infobus\/\"},{\"@type\":\"ListItem\",\"position\":3,\"name\":\"B\u0119d\u0105 kolejne autobusy Isuzu we flocie PKM \u015awierklaniec. Z opcja czy bez opcji?\"}]},{\"@type\":\"WebSite\",\"@id\":\"https:\/\/transinfo.pl\/x\/#website\",\"url\":\"https:\/\/transinfo.pl\/x\/\",\"name\":\"TransInfo Archiwum\",\"description\":\"Ca\u0142y transport w jednym miejscu\",\"publisher\":{\"@id\":\"https:\/\/transinfo.pl\/x\/#organization\"},\"potentialAction\":[{\"@type\":\"SearchAction\",\"target\":{\"@type\":\"EntryPoint\",\"urlTemplate\":\"https:\/\/transinfo.pl\/x\/?s={search_term_string}\"},\"query-input\":{\"@type\":\"PropertyValueSpecification\",\"valueRequired\":true,\"valueName\":\"search_term_string\"}}],\"inLanguage\":\"pl-PL\"},{\"@type\":\"Organization\",\"@id\":\"https:\/\/transinfo.pl\/x\/#organization\",\"name\":\"TransInfo\",\"url\":\"https:\/\/transinfo.pl\/x\/\",\"logo\":{\"@type\":\"ImageObject\",\"inLanguage\":\"pl-PL\",\"@id\":\"https:\/\/transinfo.pl\/x\/#\/schema\/logo\/image\/\",\"url\":\"https:\/\/transinfo.pl\/x\/wp-content\/uploads\/2024\/10\/favicon.png\",\"contentUrl\":\"https:\/\/transinfo.pl\/x\/wp-content\/uploads\/2024\/10\/favicon.png\",\"width\":512,\"height\":512,\"caption\":\"TransInfo\"},\"image\":{\"@id\":\"https:\/\/transinfo.pl\/x\/#\/schema\/logo\/image\/\"}}]}<\/script>\n<!-- \/ Yoast SEO Premium plugin. -->","yoast_head_json":{"title":"B\u0119d\u0105 kolejne autobusy Isuzu we flocie PKM \u015awierklaniec. Z opcja czy bez opcji? - TransInfo Archiwum","description":"4 kwietnia PKM \u015awierklaniec dokona\u0142o wyboru najkorzystniejszej oferty w przetargu na dostaw\u0119 5. nowych autobus\u00f3w miejskich w formie leasingu.","robots":{"index":"index","follow":"follow","max-snippet":"max-snippet:-1","max-image-preview":"max-image-preview:large","max-video-preview":"max-video-preview:-1"},"canonical":"https:\/\/transinfo.pl\/x\/infobus\/beda-kolejne-autobusy-isuzu-we-flocie-pkm-swierklaniec-z-opcja-czy-bez-opcji\/","og_locale":"pl_PL","og_type":"article","og_title":"B\u0119d\u0105 kolejne autobusy Isuzu we flocie PKM \u015awierklaniec. Z opcja czy bez opcji?","og_description":"4 kwietnia PKM \u015awierklaniec dokona\u0142o wyboru najkorzystniejszej oferty w przetargu na dostaw\u0119 5. nowych autobus\u00f3w miejskich w formie leasingu.","og_url":"https:\/\/transinfo.pl\/x\/infobus\/beda-kolejne-autobusy-isuzu-we-flocie-pkm-swierklaniec-z-opcja-czy-bez-opcji\/","og_site_name":"TransInfo Archiwum","og_image":[{"url":"default"}],"twitter_card":"summary_large_image","twitter_misc":{"Szacowany czas czytania":"4 minuty"},"schema":{"@context":"https:\/\/schema.org","@graph":[{"@type":"WebPage","@id":"https:\/\/transinfo.pl\/x\/infobus\/beda-kolejne-autobusy-isuzu-we-flocie-pkm-swierklaniec-z-opcja-czy-bez-opcji\/","url":"https:\/\/transinfo.pl\/x\/infobus\/beda-kolejne-autobusy-isuzu-we-flocie-pkm-swierklaniec-z-opcja-czy-bez-opcji\/","name":"B\u0119d\u0105 kolejne autobusy Isuzu we flocie PKM \u015awierklaniec. Z opcja czy bez opcji? - TransInfo Archiwum","isPartOf":{"@id":"https:\/\/transinfo.pl\/x\/#website"},"primaryImageOfPage":{"@id":"https:\/\/transinfo.pl\/x\/infobus\/beda-kolejne-autobusy-isuzu-we-flocie-pkm-swierklaniec-z-opcja-czy-bez-opcji\/#primaryimage"},"image":{"@id":"https:\/\/transinfo.pl\/x\/infobus\/beda-kolejne-autobusy-isuzu-we-flocie-pkm-swierklaniec-z-opcja-czy-bez-opcji\/#primaryimage"},"thumbnailUrl":"https:\/\/transinfo.pl\/wp-content\/uploads\/2024\/04\/autobus-isuzu-pkm-swierklaniec-2-1024x683.jpg","datePublished":"2024-04-08T18:02:00+00:00","dateModified":"2024-04-08T18:02:00+00:00","description":"4 kwietnia PKM \u015awierklaniec dokona\u0142o wyboru najkorzystniejszej oferty w przetargu na dostaw\u0119 5. nowych autobus\u00f3w miejskich w formie leasingu.","breadcrumb":{"@id":"https:\/\/transinfo.pl\/x\/infobus\/beda-kolejne-autobusy-isuzu-we-flocie-pkm-swierklaniec-z-opcja-czy-bez-opcji\/#breadcrumb"},"inLanguage":"pl-PL","potentialAction":[{"@type":"ReadAction","target":["https:\/\/transinfo.pl\/x\/infobus\/beda-kolejne-autobusy-isuzu-we-flocie-pkm-swierklaniec-z-opcja-czy-bez-opcji\/"]}]},{"@type":"ImageObject","inLanguage":"pl-PL","@id":"https:\/\/transinfo.pl\/x\/infobus\/beda-kolejne-autobusy-isuzu-we-flocie-pkm-swierklaniec-z-opcja-czy-bez-opcji\/#primaryimage","url":"https:\/\/transinfo.pl\/wp-content\/uploads\/2024\/04\/autobus-isuzu-pkm-swierklaniec-2-1024x683.jpg","contentUrl":"https:\/\/transinfo.pl\/wp-content\/uploads\/2024\/04\/autobus-isuzu-pkm-swierklaniec-2-1024x683.jpg"},{"@type":"BreadcrumbList","@id":"https:\/\/transinfo.pl\/x\/infobus\/beda-kolejne-autobusy-isuzu-we-flocie-pkm-swierklaniec-z-opcja-czy-bez-opcji\/#breadcrumb","itemListElement":[{"@type":"ListItem","position":1,"name":"Home","item":"https:\/\/transinfo.pl\/x\/"},{"@type":"ListItem","position":2,"name":"Infobus","item":"https:\/\/transinfo.pl\/x\/infobus\/"},{"@type":"ListItem","position":3,"name":"B\u0119d\u0105 kolejne autobusy Isuzu we flocie PKM \u015awierklaniec. Z opcja czy bez opcji?"}]},{"@type":"WebSite","@id":"https:\/\/transinfo.pl\/x\/#website","url":"https:\/\/transinfo.pl\/x\/","name":"TransInfo Archiwum","description":"Ca\u0142y transport w jednym miejscu","publisher":{"@id":"https:\/\/transinfo.pl\/x\/#organization"},"potentialAction":[{"@type":"SearchAction","target":{"@type":"EntryPoint","urlTemplate":"https:\/\/transinfo.pl\/x\/?s={search_term_string}"},"query-input":{"@type":"PropertyValueSpecification","valueRequired":true,"valueName":"search_term_string"}}],"inLanguage":"pl-PL"},{"@type":"Organization","@id":"https:\/\/transinfo.pl\/x\/#organization","name":"TransInfo","url":"https:\/\/transinfo.pl\/x\/","logo":{"@type":"ImageObject","inLanguage":"pl-PL","@id":"https:\/\/transinfo.pl\/x\/#\/schema\/logo\/image\/","url":"https:\/\/transinfo.pl\/x\/wp-content\/uploads\/2024\/10\/favicon.png","contentUrl":"https:\/\/transinfo.pl\/x\/wp-content\/uploads\/2024\/10\/favicon.png","width":512,"height":512,"caption":"TransInfo"},"image":{"@id":"https:\/\/transinfo.pl\/x\/#\/schema\/logo\/image\/"}}]}},"_links":{"self":[{"href":"https:\/\/transinfo.pl\/x\/wp-json\/wp\/v2\/infobus\/267375","targetHints":{"allow":["GET"]}}],"collection":[{"href":"https:\/\/transinfo.pl\/x\/wp-json\/wp\/v2\/infobus"}],"about":[{"href":"https:\/\/transinfo.pl\/x\/wp-json\/wp\/v2\/types\/infobus"}],"author":[{"embeddable":true,"href":"https:\/\/transinfo.pl\/x\/wp-json\/wp\/v2\/users\/2"}],"replies":[{"embeddable":true,"href":"https:\/\/transinfo.pl\/x\/wp-json\/wp\/v2\/comments?post=267375"}],"wp:attachment":[{"href":"https:\/\/transinfo.pl\/x\/wp-json\/wp\/v2\/media?parent=267375"}],"wp:term":[{"taxonomy":"category","embeddable":true,"href":"https:\/\/transinfo.pl\/x\/wp-json\/wp\/v2\/categories?post=267375"},{"taxonomy":"post_tag","embeddable":true,"href":"https:\/\/transinfo.pl\/x\/wp-json\/wp\/v2\/tags?post=267375"}],"curies":[{"name":"wp","href":"https:\/\/api.w.org\/{rel}","templated":true}]}}