{"id":100749,"date":"2024-04-06T11:05:00","date_gmt":"2024-04-06T11:05:00","guid":{"rendered":"https:\/\/transinfo.pl\/x\/infobus\/pierwszy-autobus-elektryczny-pks-strzelce-opolskie-od-autometu\/"},"modified":"2024-04-06T11:05:00","modified_gmt":"2024-04-06T11:05:00","slug":"pierwszy-autobus-elektryczny-pks-strzelce-opolskie-od-autometu","status":"publish","type":"infobus","link":"https:\/\/transinfo.pl\/x\/infobus\/pierwszy-autobus-elektryczny-pks-strzelce-opolskie-od-autometu\/","title":{"rendered":"Pierwszy autobus elektryczny PKS Strzelce Opolskie. Od Autometu"},"content":{"rendered":"<style>h1,h2,h3,h4,h5,h6{margin:0 0 1.25rem;font-family:Arial,sans-serif;font-weight:600;color:#050505}h1{font-size:1.875rem;line-height:1.1em;text-transform:none}@media(min-width: 768px){h1{font-size:2.375rem}}h2{font-size:1.1875rem;line-height:1.2em;text-transform:uppercase}@media(min-width: 768px){h2{font-size:1.0625rem}}h3{font-size:0.9375rem;line-height:1.4em;font-weight:900;margin-bottom:0.9375rem}h4{font-size:0.875rem;line-height:1.2em;font-weight:500}h5{font-size:0.9375rem;line-height:1.6;font-weight:400}h6{font-size:0.9375rem;line-height:1.6;font-weight:600}\n<\/style>\n<h3 class=\"wp-block-heading\" id=\"h-5-kwietnia-w-siedzibie-pks-strzelce-opolskie-odbylo-sie-uroczyste-przekazanie-pierwszego-z-czterech-nowych-autobusow-elektrycznych-klasy-ii-kategorii-mini\">5 kwietnia w siedzibie PKS Strzelce Opolskie odby\u0142o si\u0119 uroczyste przekazanie pierwszego z czterech nowych autobus\u00f3w elektrycznych klasy II kategorii MINI.<\/h3>\n\n\n<style>p{margin:0 0 1.5rem}p:last-child{margin:0}p.is-style-uppercase{text-transform:uppercase}p.is-style-preheading{color:#12406a;text-transform:uppercase}p.is-style-leadparagraph{font-size:1rem;line-height:1.625;font-weight:700}@media(min-width: 768px){p.is-style-leadparagraph{font-size:1.125rem;line-height:1.5555555556}}p.has-small-margin{margin-bottom:0.625rem}p.has-small-margin+h1,p.has-small-margin+h2,p.has-small-margin+h3{margin-top:1.875rem}\n<\/style>\n<p>Pojazdy dostarczone przez firm\u0119 Automet do Zwi\u0105zku Powiatowo-Gminnego &#8222;Jed\u017a z nami&#8221; w Strzelcach Opolskich. Elektryczny tabor to generalnie dla wszystkich PKS-\u00f3w w Polsce nowa jako\u015b\u0107 i nowy rozdzia\u0142 w historii.<\/p>\n\n\n\n<h2 class=\"wp-block-heading\" id=\"h-nowa-jakosc\">Nowa jako\u015b\u0107<\/h2>\n\n\n\n<p>W ramach projektu &#8222;Jed\u017a z nami elektrycznymi autobusami&#8221; w pi\u0105tek, 5 kwietnia, odby\u0142a si\u0119 prezentacja i przekazanie nowego elektrobusu Automet MiniCity Electric, zbudowanego na bazie Mercedes-Benz Sprinter.<\/p>\n\n\n\n<p>\u0141\u0105cznie zakupiono cztery fabrycznie nowe, zeroemisyjne pojazdy elektryczne. Pierwszy z elektrobus\u00f3w ju\u017c zaparkowa\u0142 w strzeleckiej zajezdni, za\u015b pozosta\u0142e zostan\u0105 dostarczone do ko\u0144ca kwietnia.<\/p>\n\n\n\n<p>Ka\u017cdy z nich ma 22 miejsca, w tym 13 siedz\u0105cych, oraz jest dostosowany do przewozu os\u00f3b niepe\u0142nosprawnych. Dwa z tych autobus\u00f3w b\u0119d\u0105 obs\u0142ugiwa\u0142y komunikacj\u0119 publiczn\u0105 na terenie Strzelec Opolskich, natomiast dwa kolejne b\u0119d\u0105 kursowa\u0142y na terenie gminy Krapkowice.<\/p>\n\n\n<style>.wp-block-image{margin:1.25rem 0;text-align:center}.wp-block-image figcaption{padding:0 0.9375rem;text-align:center}\n<\/style>\n<figure class=\"wp-block-image aligncenter size-large is-resized\"><img loading=\"lazy\" decoding=\"async\" src=\"https:\/\/transinfo.pl\/wp-content\/uploads\/2024\/04\/autobus-automet-pks-strzelce-7-576x1024.jpg\" alt=\"Tabor Zwi\u0105zku Powiatowo-Gminnego \u201eJed\u017a z nami\u201d zasil\u0105 cztery zeroemisyjne autobusy \/ fot. PKS Strzelce Opolskie\" class=\"wp-image-470438\" width=\"456\" height=\"811\" \/><figcaption class=\"wp-element-caption\">Tabor Zwi\u0105zku Powiatowo-Gminnego \u201eJed\u017a z nami\u201d zasil\u0105 cztery zeroemisyjne elektrobusy \/ fot. PKS Strzelce Opolskie<\/figcaption><\/figure>\n\n\n\n<h2 class=\"wp-block-heading\" id=\"h-nowy-rozdzial\">Nowy rozdzia\u0142<\/h2>\n\n\n\n<p>Waldemar Gaida, przewodnicz\u0105cy zwi\u0105zku \u201eJed\u017a z Nami\u201d, wyrazi\u0142 rado\u015b\u0107 z wprowadzenia ekologicznych autobus\u00f3w do komunikacji powiatowej, wyra\u017caj\u0105c nadziej\u0119 na dalszy rozw\u00f3j tego typu inwestycji. Kierowcy minibus\u00f3w b\u0119d\u0105 mogli \u0142adowa\u0107 pojazdy w czasie przerwy autobusowej dzi\u0119ki mobilnym \u0142adowarkom, co znacznie u\u0142atwi obs\u0142ug\u0119 floty elektrycznych autobus\u00f3w.<\/p>\n\n\n\n<p>Arnold Joszko, zast\u0119pca burmistrza Krapkowic, podkre\u015bli\u0142, \u017ce testowanie autobus\u00f3w tego typu by\u0142o krokiem w kierunku ochrony \u015brodowiska i przysz\u0142o\u015bci sp\u00f3\u0142ki zarz\u0105dzaj\u0105cej transportem publicznym w regionie.<\/p>\n\n\n\n<p>Koszt zakupu przekroczy\u0142 7 mln z\u0142otych, natomiast ta inwestycja zosta\u0142a dofinansowana z programu \u201eZielony Transport Publiczny\u201d, prowadzonego przez Narodowy Fundusz Ochrony \u015arodowiska i Gospodarki Wodnej. Wk\u0142ad w\u0142asny pochodzi z bud\u017cet\u00f3w Gmin Strzelce Opolskie i Krapkowice.<\/p>\n\n\n\n<figure class=\"wp-block-image aligncenter size-large is-resized\"><img loading=\"lazy\" decoding=\"async\" src=\"https:\/\/transinfo.pl\/wp-content\/uploads\/2024\/04\/autobus-automet-pks-strzelce-2-576x1024.jpg\" alt=\"Tabor Zwi\u0105zku Powiatowo-Gminnego \u201eJed\u017a z nami\u201d zasil\u0105 cztery zeroemisyjne autobusy \/ fot. PKS Strzelce Opolskie\" class=\"wp-image-470437\" width=\"448\" height=\"796\" \/><figcaption class=\"wp-element-caption\">Tabor Zwi\u0105zku Powiatowo-Gminnego \u201eJed\u017a z nami\u201d zasil\u0105 cztery zeroemisyjne elektrobusy  \/ fot. PKS Strzelce Opolskie<\/figcaption><\/figure>\n","protected":false},"author":2,"featured_media":100750,"comment_status":"","ping_status":"closed","template":"","categories":[26],"tags":[167,2391,8326,10497,2184,9110,4863,6171],"class_list":["post-100749","infobus","type-infobus","status-publish","has-post-thumbnail","hentry","category-przewoznicy","tag-autobus","tag-automet","tag-dofinasowanie","tag-dostawa","tag-elektrobus","tag-miedzymiastowy","tag-minibus","tag-ztp"],"acf":[],"yoast_head":"<!-- This site is optimized with the Yoast SEO Premium plugin v21.8 (Yoast SEO v23.7) - https:\/\/yoast.com\/wordpress\/plugins\/seo\/ -->\n<title>Pierwszy autobus elektryczny PKS Strzelce Opolskie. Od Autometu - TransInfo Archiwum<\/title>\n<meta name=\"description\" content=\"W PKS Strzelce Opolskie odby\u0142o si\u0119 uroczyste przekazanie pierwszego z czterech nowych autobus\u00f3w elektrycznych klasy II kategorii MINI.\" \/>\n<meta name=\"robots\" content=\"index, follow, max-snippet:-1, max-image-preview:large, max-video-preview:-1\" \/>\n<link rel=\"canonical\" href=\"https:\/\/transinfo.pl\/x\/infobus\/pierwszy-autobus-elektryczny-pks-strzelce-opolskie-od-autometu\/\" \/>\n<meta property=\"og:locale\" content=\"pl_PL\" \/>\n<meta property=\"og:type\" content=\"article\" \/>\n<meta property=\"og:title\" content=\"Pierwszy autobus elektryczny PKS Strzelce Opolskie. Od Autometu\" \/>\n<meta property=\"og:description\" content=\"W PKS Strzelce Opolskie odby\u0142o si\u0119 uroczyste przekazanie pierwszego z czterech nowych autobus\u00f3w elektrycznych klasy II kategorii MINI.\" \/>\n<meta property=\"og:url\" content=\"https:\/\/transinfo.pl\/x\/infobus\/pierwszy-autobus-elektryczny-pks-strzelce-opolskie-od-autometu\/\" \/>\n<meta property=\"og:site_name\" content=\"TransInfo Archiwum\" \/>\n<meta property=\"og:image\" content=\"https:\/\/transinfo.pl\/x\/wp-content\/uploads\/2024\/04\/autobus-automet-pks-strzelce-8.jpg\" \/>\n\t<meta property=\"og:image:width\" content=\"1\" \/>\n\t<meta property=\"og:image:height\" content=\"1\" \/>\n\t<meta property=\"og:image:type\" content=\"image\/jpeg\" \/>\n<meta name=\"twitter:card\" content=\"summary_large_image\" \/>\n<meta name=\"twitter:label1\" content=\"Szacowany czas czytania\" \/>\n\t<meta name=\"twitter:data1\" content=\"2 minuty\" \/>\n<script type=\"application\/ld+json\" class=\"yoast-schema-graph\">{\"@context\":\"https:\/\/schema.org\",\"@graph\":[{\"@type\":\"WebPage\",\"@id\":\"https:\/\/transinfo.pl\/x\/infobus\/pierwszy-autobus-elektryczny-pks-strzelce-opolskie-od-autometu\/\",\"url\":\"https:\/\/transinfo.pl\/x\/infobus\/pierwszy-autobus-elektryczny-pks-strzelce-opolskie-od-autometu\/\",\"name\":\"Pierwszy autobus elektryczny PKS Strzelce Opolskie. Od Autometu - TransInfo Archiwum\",\"isPartOf\":{\"@id\":\"https:\/\/transinfo.pl\/x\/#website\"},\"primaryImageOfPage\":{\"@id\":\"https:\/\/transinfo.pl\/x\/infobus\/pierwszy-autobus-elektryczny-pks-strzelce-opolskie-od-autometu\/#primaryimage\"},\"image\":{\"@id\":\"https:\/\/transinfo.pl\/x\/infobus\/pierwszy-autobus-elektryczny-pks-strzelce-opolskie-od-autometu\/#primaryimage\"},\"thumbnailUrl\":\"https:\/\/transinfo.pl\/x\/wp-content\/uploads\/2024\/04\/autobus-automet-pks-strzelce-8.jpg\",\"datePublished\":\"2024-04-06T11:05:00+00:00\",\"dateModified\":\"2024-04-06T11:05:00+00:00\",\"description\":\"W PKS Strzelce Opolskie odby\u0142o si\u0119 uroczyste przekazanie pierwszego z czterech nowych autobus\u00f3w elektrycznych klasy II kategorii MINI.\",\"breadcrumb\":{\"@id\":\"https:\/\/transinfo.pl\/x\/infobus\/pierwszy-autobus-elektryczny-pks-strzelce-opolskie-od-autometu\/#breadcrumb\"},\"inLanguage\":\"pl-PL\",\"potentialAction\":[{\"@type\":\"ReadAction\",\"target\":[\"https:\/\/transinfo.pl\/x\/infobus\/pierwszy-autobus-elektryczny-pks-strzelce-opolskie-od-autometu\/\"]}]},{\"@type\":\"ImageObject\",\"inLanguage\":\"pl-PL\",\"@id\":\"https:\/\/transinfo.pl\/x\/infobus\/pierwszy-autobus-elektryczny-pks-strzelce-opolskie-od-autometu\/#primaryimage\",\"url\":\"https:\/\/transinfo.pl\/x\/wp-content\/uploads\/2024\/04\/autobus-automet-pks-strzelce-8.jpg\",\"contentUrl\":\"https:\/\/transinfo.pl\/x\/wp-content\/uploads\/2024\/04\/autobus-automet-pks-strzelce-8.jpg\"},{\"@type\":\"BreadcrumbList\",\"@id\":\"https:\/\/transinfo.pl\/x\/infobus\/pierwszy-autobus-elektryczny-pks-strzelce-opolskie-od-autometu\/#breadcrumb\",\"itemListElement\":[{\"@type\":\"ListItem\",\"position\":1,\"name\":\"Home\",\"item\":\"https:\/\/transinfo.pl\/x\/\"},{\"@type\":\"ListItem\",\"position\":2,\"name\":\"Infobus\",\"item\":\"https:\/\/transinfo.pl\/x\/infobus\/\"},{\"@type\":\"ListItem\",\"position\":3,\"name\":\"Pierwszy autobus elektryczny PKS Strzelce Opolskie. Od Autometu\"}]},{\"@type\":\"WebSite\",\"@id\":\"https:\/\/transinfo.pl\/x\/#website\",\"url\":\"https:\/\/transinfo.pl\/x\/\",\"name\":\"TransInfo Archiwum\",\"description\":\"Ca\u0142y transport w jednym miejscu\",\"publisher\":{\"@id\":\"https:\/\/transinfo.pl\/x\/#organization\"},\"potentialAction\":[{\"@type\":\"SearchAction\",\"target\":{\"@type\":\"EntryPoint\",\"urlTemplate\":\"https:\/\/transinfo.pl\/x\/?s={search_term_string}\"},\"query-input\":{\"@type\":\"PropertyValueSpecification\",\"valueRequired\":true,\"valueName\":\"search_term_string\"}}],\"inLanguage\":\"pl-PL\"},{\"@type\":\"Organization\",\"@id\":\"https:\/\/transinfo.pl\/x\/#organization\",\"name\":\"TransInfo\",\"url\":\"https:\/\/transinfo.pl\/x\/\",\"logo\":{\"@type\":\"ImageObject\",\"inLanguage\":\"pl-PL\",\"@id\":\"https:\/\/transinfo.pl\/x\/#\/schema\/logo\/image\/\",\"url\":\"https:\/\/transinfo.pl\/x\/wp-content\/uploads\/2024\/10\/favicon.png\",\"contentUrl\":\"https:\/\/transinfo.pl\/x\/wp-content\/uploads\/2024\/10\/favicon.png\",\"width\":512,\"height\":512,\"caption\":\"TransInfo\"},\"image\":{\"@id\":\"https:\/\/transinfo.pl\/x\/#\/schema\/logo\/image\/\"}}]}<\/script>\n<!-- \/ Yoast SEO Premium plugin. -->","yoast_head_json":{"title":"Pierwszy autobus elektryczny PKS Strzelce Opolskie. Od Autometu - TransInfo Archiwum","description":"W PKS Strzelce Opolskie odby\u0142o si\u0119 uroczyste przekazanie pierwszego z czterech nowych autobus\u00f3w elektrycznych klasy II kategorii MINI.","robots":{"index":"index","follow":"follow","max-snippet":"max-snippet:-1","max-image-preview":"max-image-preview:large","max-video-preview":"max-video-preview:-1"},"canonical":"https:\/\/transinfo.pl\/x\/infobus\/pierwszy-autobus-elektryczny-pks-strzelce-opolskie-od-autometu\/","og_locale":"pl_PL","og_type":"article","og_title":"Pierwszy autobus elektryczny PKS Strzelce Opolskie. Od Autometu","og_description":"W PKS Strzelce Opolskie odby\u0142o si\u0119 uroczyste przekazanie pierwszego z czterech nowych autobus\u00f3w elektrycznych klasy II kategorii MINI.","og_url":"https:\/\/transinfo.pl\/x\/infobus\/pierwszy-autobus-elektryczny-pks-strzelce-opolskie-od-autometu\/","og_site_name":"TransInfo Archiwum","og_image":[{"url":"https:\/\/transinfo.pl\/x\/wp-content\/uploads\/2024\/04\/autobus-automet-pks-strzelce-8.jpg","width":1,"height":1,"type":"image\/jpeg"}],"twitter_card":"summary_large_image","twitter_misc":{"Szacowany czas czytania":"2 minuty"},"schema":{"@context":"https:\/\/schema.org","@graph":[{"@type":"WebPage","@id":"https:\/\/transinfo.pl\/x\/infobus\/pierwszy-autobus-elektryczny-pks-strzelce-opolskie-od-autometu\/","url":"https:\/\/transinfo.pl\/x\/infobus\/pierwszy-autobus-elektryczny-pks-strzelce-opolskie-od-autometu\/","name":"Pierwszy autobus elektryczny PKS Strzelce Opolskie. Od Autometu - TransInfo Archiwum","isPartOf":{"@id":"https:\/\/transinfo.pl\/x\/#website"},"primaryImageOfPage":{"@id":"https:\/\/transinfo.pl\/x\/infobus\/pierwszy-autobus-elektryczny-pks-strzelce-opolskie-od-autometu\/#primaryimage"},"image":{"@id":"https:\/\/transinfo.pl\/x\/infobus\/pierwszy-autobus-elektryczny-pks-strzelce-opolskie-od-autometu\/#primaryimage"},"thumbnailUrl":"https:\/\/transinfo.pl\/x\/wp-content\/uploads\/2024\/04\/autobus-automet-pks-strzelce-8.jpg","datePublished":"2024-04-06T11:05:00+00:00","dateModified":"2024-04-06T11:05:00+00:00","description":"W PKS Strzelce Opolskie odby\u0142o si\u0119 uroczyste przekazanie pierwszego z czterech nowych autobus\u00f3w elektrycznych klasy II kategorii MINI.","breadcrumb":{"@id":"https:\/\/transinfo.pl\/x\/infobus\/pierwszy-autobus-elektryczny-pks-strzelce-opolskie-od-autometu\/#breadcrumb"},"inLanguage":"pl-PL","potentialAction":[{"@type":"ReadAction","target":["https:\/\/transinfo.pl\/x\/infobus\/pierwszy-autobus-elektryczny-pks-strzelce-opolskie-od-autometu\/"]}]},{"@type":"ImageObject","inLanguage":"pl-PL","@id":"https:\/\/transinfo.pl\/x\/infobus\/pierwszy-autobus-elektryczny-pks-strzelce-opolskie-od-autometu\/#primaryimage","url":"https:\/\/transinfo.pl\/x\/wp-content\/uploads\/2024\/04\/autobus-automet-pks-strzelce-8.jpg","contentUrl":"https:\/\/transinfo.pl\/x\/wp-content\/uploads\/2024\/04\/autobus-automet-pks-strzelce-8.jpg"},{"@type":"BreadcrumbList","@id":"https:\/\/transinfo.pl\/x\/infobus\/pierwszy-autobus-elektryczny-pks-strzelce-opolskie-od-autometu\/#breadcrumb","itemListElement":[{"@type":"ListItem","position":1,"name":"Home","item":"https:\/\/transinfo.pl\/x\/"},{"@type":"ListItem","position":2,"name":"Infobus","item":"https:\/\/transinfo.pl\/x\/infobus\/"},{"@type":"ListItem","position":3,"name":"Pierwszy autobus elektryczny PKS Strzelce Opolskie. Od Autometu"}]},{"@type":"WebSite","@id":"https:\/\/transinfo.pl\/x\/#website","url":"https:\/\/transinfo.pl\/x\/","name":"TransInfo Archiwum","description":"Ca\u0142y transport w jednym miejscu","publisher":{"@id":"https:\/\/transinfo.pl\/x\/#organization"},"potentialAction":[{"@type":"SearchAction","target":{"@type":"EntryPoint","urlTemplate":"https:\/\/transinfo.pl\/x\/?s={search_term_string}"},"query-input":{"@type":"PropertyValueSpecification","valueRequired":true,"valueName":"search_term_string"}}],"inLanguage":"pl-PL"},{"@type":"Organization","@id":"https:\/\/transinfo.pl\/x\/#organization","name":"TransInfo","url":"https:\/\/transinfo.pl\/x\/","logo":{"@type":"ImageObject","inLanguage":"pl-PL","@id":"https:\/\/transinfo.pl\/x\/#\/schema\/logo\/image\/","url":"https:\/\/transinfo.pl\/x\/wp-content\/uploads\/2024\/10\/favicon.png","contentUrl":"https:\/\/transinfo.pl\/x\/wp-content\/uploads\/2024\/10\/favicon.png","width":512,"height":512,"caption":"TransInfo"},"image":{"@id":"https:\/\/transinfo.pl\/x\/#\/schema\/logo\/image\/"}}]}},"_links":{"self":[{"href":"https:\/\/transinfo.pl\/x\/wp-json\/wp\/v2\/infobus\/100749","targetHints":{"allow":["GET"]}}],"collection":[{"href":"https:\/\/transinfo.pl\/x\/wp-json\/wp\/v2\/infobus"}],"about":[{"href":"https:\/\/transinfo.pl\/x\/wp-json\/wp\/v2\/types\/infobus"}],"author":[{"embeddable":true,"href":"https:\/\/transinfo.pl\/x\/wp-json\/wp\/v2\/users\/2"}],"replies":[{"embeddable":true,"href":"https:\/\/transinfo.pl\/x\/wp-json\/wp\/v2\/comments?post=100749"}],"wp:featuredmedia":[{"embeddable":true,"href":"https:\/\/transinfo.pl\/x\/wp-json\/wp\/v2\/media\/100750"}],"wp:attachment":[{"href":"https:\/\/transinfo.pl\/x\/wp-json\/wp\/v2\/media?parent=100749"}],"wp:term":[{"taxonomy":"category","embeddable":true,"href":"https:\/\/transinfo.pl\/x\/wp-json\/wp\/v2\/categories?post=100749"},{"taxonomy":"post_tag","embeddable":true,"href":"https:\/\/transinfo.pl\/x\/wp-json\/wp\/v2\/tags?post=100749"}],"curies":[{"name":"wp","href":"https:\/\/api.w.org\/{rel}","templated":true}]}}