{"id":100661,"date":"2024-04-03T19:03:00","date_gmt":"2024-04-03T19:03:00","guid":{"rendered":"https:\/\/transinfo.pl\/x\/infobus\/pierwsze-autobusy-elektryczne-w-nowych-barwach-mpk-opoczno-od-solarisa\/"},"modified":"2024-04-03T19:03:00","modified_gmt":"2024-04-03T19:03:00","slug":"pierwsze-autobusy-elektryczne-w-nowych-barwach-mpk-opoczno-od-solarisa","status":"publish","type":"infobus","link":"https:\/\/transinfo.pl\/x\/infobus\/pierwsze-autobusy-elektryczne-w-nowych-barwach-mpk-opoczno-od-solarisa\/","title":{"rendered":"Pierwsze autobusy elektryczne w nowych barwach MPK Opoczno. Od Solarisa"},"content":{"rendered":"<style>h1,h2,h3,h4,h5,h6{margin:0 0 1.25rem;font-family:Arial,sans-serif;font-weight:600;color:#050505}h1{font-size:1.875rem;line-height:1.1em;text-transform:none}@media(min-width: 768px){h1{font-size:2.375rem}}h2{font-size:1.1875rem;line-height:1.2em;text-transform:uppercase}@media(min-width: 768px){h2{font-size:1.0625rem}}h3{font-size:0.9375rem;line-height:1.4em;font-weight:900;margin-bottom:0.9375rem}h4{font-size:0.875rem;line-height:1.2em;font-weight:500}h5{font-size:0.9375rem;line-height:1.6;font-weight:400}h6{font-size:0.9375rem;line-height:1.6;font-weight:600}\n<\/style>\n<h3 class=\"wp-block-heading\" id=\"h-miejskie-przedsiebiorstwo-komunikacyjne-w-opocznie-pokazalo-swoje-pierwsze-autobusy-elektryczne-solaris-urbino-12-electric\">Miejskie Przedsi\u0119biorstwo Komunikacyjne w Opocznie pokaza\u0142o swoje pierwsze autobusy elektryczne \u2013 Solaris Urbino 12 electric.<\/h3>\n\n\n<style>p{margin:0 0 1.5rem}p:last-child{margin:0}p.is-style-uppercase{text-transform:uppercase}p.is-style-preheading{color:#12406a;text-transform:uppercase}p.is-style-leadparagraph{font-size:1rem;line-height:1.625;font-weight:700}@media(min-width: 768px){p.is-style-leadparagraph{font-size:1.125rem;line-height:1.5555555556}}p.has-small-margin{margin-bottom:0.625rem}p.has-small-margin+h1,p.has-small-margin+h2,p.has-small-margin+h3{margin-top:1.875rem}\n<\/style>\n<p>Jak na razie do bazy MPK przyjecha\u0142y dwa elektrobusy z 12 zam\u00f3wionych w fabryce w Bolechowie. To znacz\u0105cy krok firmy w stron\u0119 ekologicznego i zr\u00f3wnowa\u017conego transportu miejskiego. Do tego mamy zmian\u0119 barw z klasycznych &#8222;\u017c\u00f3\u0142to-czerwonych&#8221; &#8211; w kierunku bieli z ekologicznymi emblematami. <\/p>\n\n\n\n<h2 class=\"wp-block-heading\" id=\"h-elektryki-i-gazowce\">Elektryki i gazowce<\/h2>\n\n\n\n<p>MPK Opoczno zam\u00f3wi\u0142o w Solaris Bus &amp; Coach \u0142\u0105cznie 12 autobus\u00f3w elektrycznych marki Solaris.<\/p>\n\n\n<style>.wp-block-quote{border-left:0.1875rem solid var(--page-color);font-size:1rem;font-style:italic;margin:0 0 1.6875rem;padding:1.25rem}.wp-block-quote cite{color:#050505}.wp-block-quote.is-style-large p{margin-bottom:10px}.wp-block-quote.is-style-large cite{color:#12406a}\n<\/style>\n<blockquote class=\"wp-block-quote is-layout-flow wp-block-quote-is-layout-flow\">\n<p>-\u201eNa razie przyjecha\u0142y do nas pierwsze dwa autobusy elektryczne \u2013 powiedzia\u0142 zast\u0119pca burmistrza Tomasz \u0141uczkowski.<\/p>\n<\/blockquote>\n\n\n\n<p>Kolejne elektrobusy b\u0119d\u0105 sukcesywnie przyje\u017cd\u017ca\u0107 do Opoczna w ci\u0105gu najbli\u017cszych tygodni. R\u00f3wnie\u017c w najbli\u017cszym czasie przyjedzie bus\u00f3w gazowych minibus\u00f3w od MMI. W sumie do MPK Opoczno trafi a\u017c 15 nowych autobus\u00f3w, w tym: <\/p>\n\n\n<style>.page-content ul:not([class]),.acf-block ul:not([class]),.editor-rich-text ul,ol{padding-left:0.9375rem;margin-top:0;margin-bottom:1.5rem}.page-content ul:not([class]) ul,.page-content ul:not([class]) ol,.acf-block ul:not([class]) ul,.acf-block ul:not([class]) ol,.editor-rich-text ul ul,.editor-rich-text ul ol,ol ul,ol ol{margin:0}.page-content ul:not([class]) li,.acf-block ul:not([class]) li,.editor-rich-text ul li,ol li{margin-bottom:1.5rem}ul.with-icons{list-style:none;margin-left:0;padding-left:0}ul.with-icons li{margin-bottom:1.875rem}ul.with-icons li img{margin-bottom:15px}\n<\/style>\n<ul class=\"wp-block-list\">\n<li>6 szt. elektrycznych autobus\u00f3w Solaris Urbino 12 electric; <\/li>\n<\/ul>\n\n\n\n<ul class=\"wp-block-list\">\n<li>6 szt. elektrycznych autobus\u00f3w Solaris Urbino 9 LE electric; <\/li>\n<\/ul>\n\n\n\n<ul class=\"wp-block-list\">\n<li>3 szt. autobus\u00f3w gazowych Iveco-MMI Urby CNG. <\/li>\n<\/ul>\n\n\n\n<p>Ca\u0142y proces wymiany autobus\u00f3w na nowoczesne pojazdy b\u0119dzie realizowany z my\u015bl\u0105 i o ekologii, i o ekonomii. Pieni\u0105dze na zakup nowych autobus\u00f3w zosta\u0142y pozyskane przez Gmin\u0119 Opoczno oraz MPK z Narodowego Funduszu Ochrony \u015arodowiska i Gospodarki Wodnej oraz z Wojew\u00f3dzkiego Funduszu Ochrony \u015arodowiska i Gospodarki Wodnej w \u0141odzi. Ca\u0142kowity koszt zakupu pojazd\u00f3w szacowany jest na oko\u0142o 40 milion\u00f3w z\u0142otych. <\/p>\n\n\n\n\n\n\n\n<h2 class=\"wp-block-heading\" id=\"h-gotowa-infrastruktura\">Gotowa infrastruktura <\/h2>\n\n\n\n<p>R\u00f3wnolegle MPK Opoczno ca\u0142y czas intensywnie przygotowuje swoj\u0105 zajezdni\u0119 do odbioru nowych pojazd\u00f3w. Prace inwestycyjne obj\u0119\u0142y monta\u017c \u0142adowarek (od \u0142\u00f3dzkiej firmy Enika) umo\u017cliwiaj\u0105cych bezpieczne i efektywne \u0142adowanie autobus\u00f3w elektrycznych. Do tego sp\u00f3\u0142ka finalizuje budowy stacji CNG, co umo\u017cliwi wprowadzenie do eksploatacji autobus\u00f3w nap\u0119dzanych gazem ziemnym. <\/p>\n\n\n\n<p>Zadanie to nie tylko ma wp\u0142yw na jako\u015b\u0107 obs\u0142ugi nowych pojazd\u00f3w, ale r\u00f3wnie\u017c przyczynia si\u0119 do poprawy estetyki placu oraz og\u00f3lnej jako\u015bci \u015bwiadczonych us\u0142ug przez sp\u00f3\u0142k\u0119. Wprowadzane inwestycje s\u0105 nie tylko krokiem naprz\u00f3d w dziedzinie ekologii, ale tak\u017ce stanowi\u0105 wa\u017cny element rozwoju infrastruktury komunikacyjnej regionu. <\/p>\n\n\n\n<p>Aktualnie na terenie zajezdni MPK Opoczno ku ko\u0144cowi zmierzaj\u0105 prace modernizacyjne, kt\u00f3rych efektem b\u0119dzie po\u0142o\u017cenie nowej nawierzchni asfaltowej. Te dzia\u0142ania nie tylko przyczyni\u0105 si\u0119 do poprawy stanu technicznego terenu, ale tak\u017ce zapewni\u0105 lepsze warunki dla obs\u0142ugi pojazd\u00f3w oraz u\u017cytkownik\u00f3w komunikacji miejskiej.<\/p>\n\n\n\n<h2 class=\"wp-block-heading\" id=\"h-solarisy-dla-opoczna\">SOLARISY DLA OPOCZNA <\/h2>\n\n\n<style>.wp-block-image{margin:1.25rem 0;text-align:center}.wp-block-image figcaption{padding:0 0.9375rem;text-align:center}\n<\/style>\n<figure class=\"wp-block-image aligncenter size-large is-resized\"><img loading=\"lazy\" decoding=\"async\" src=\"https:\/\/transinfo.pl\/wp-content\/uploads\/2024\/04\/autobus-mpk-opoczno-solaris-4-1-769x1024.jpg\" alt=\"Pierwsze autobusy elektryczne dojecha\u0142y ju\u017c do Opoczna.\" class=\"wp-image-470094\" width=\"611\" height=\"814\" \/><figcaption class=\"wp-element-caption\">Pierwsze autobusy elektryczne dojecha\u0142y ju\u017c do Opoczna. fot. MPK Opoczno<\/figcaption><\/figure>\n\n\n\n<p>18 kwietnia przedstawiciele Gminy Opoczno podpisali z\u00a0firm\u0105 Solaris umow\u0119 na\u00a0dostaw\u0119 12 elektrycznych autobus\u00f3w wraz z\u00a0infrastruktur\u0105 \u0142adowania. Jest to\u00a0pierwsze zam\u00f3wienie realizowane dla\u00a0Opoczna przez producenta. Warto\u015b\u0107 kontraktu wynosi ponad 36 mln\u00a0z\u0142 brutto. Zam\u00f3wione przez miasto 6 sztuk modelu Urbino 9 LE\u00a0electric oraz 6 sztuk modelu Urbino 12 electric to\u00a0autobusy ciche i\u00a0ca\u0142kowicie bezemisyjne w\u00a0miejscu u\u017cytkowania. <\/p>\n\n\n\n<p>Poza dostarczeniem pojazd\u00f3w, zam\u00f3wienie obejmuje r\u00f3wnie\u017c dostaw\u0119 infrastruktury \u0142adowania.<\/p>\n\n\n\n<blockquote class=\"wp-block-quote is-layout-flow wp-block-quote-is-layout-flow\">\n<p>-\u201eCieszymy si\u0119, \u017ce\u00a0Opoczno zdecydowa\u0142o si\u0119\u00a0na wsp\u00f3\u0142prac\u0119 z\u00a0nami, staj\u0105c si\u0119\u00a0jednocze\u015bnie kolejnym miastem na\u00a0mapie u\u017cytkownik\u00f3w zeroemisyjnych Solaris\u00f3w. Elektromobilno\u015b\u0107 to\u00a0z pewno\u015bci\u0105 przysz\u0142o\u015b\u0107 transportu, a\u00a0bezemisyjne autobusy, kt\u00f3re wkr\u00f3tce do\u0142\u0105cz\u0105 do\u00a0tutejszej floty, dostarcz\u0105 niezaprzeczalnych korzy\u015bci dla\u00a0mieszka\u0144c\u00f3w\u201d, podkre\u015bli\u0142 Jakub Zakrzewski, dyrektor sprzeda\u017cy Regionu P\u00f3\u0142nocnego w\u00a0Polsce w\u00a0Solaris Bus\u00a0&amp; Coach. <\/p>\n<\/blockquote>\n\n\n\n<p>Zam\u00f3wione elektrobusy b\u0119d\u0105 zasilane nowoczesnymi bateriami High Energy o\u00a0\u0142\u0105cznej pojemno\u015bci 280 kWh\u00a0w przypadku pojazd\u00f3w dziewi\u0119ciometrowych oraz 420 kWh\u00a0dla pojazd\u00f3w dwunastometrowych. Magazyny energii b\u0119d\u0105 mog\u0142y by\u0107\u00a0\u0142adowane poprzez klasyczn\u0105 wtyczk\u0119 plug-in. P\u0142ynn\u0105 jazd\u0119 ka\u017cdego z\u00a0autobus\u00f3w zapewni elektryczny centralny silnik trakcyjny. <\/p>\n\n\n\n<p>W komfortowych wn\u0119trzach Urbino electric, zaopatrzonych w\u00a0pe\u0142ni zautomatyzowan\u0105 klimatyzacj\u0119 ca\u0142opojazdow\u0105, pomie\u015bci si\u0119\u00a0co najmniej 55 os\u00f3b w\u00a0przypadku kr\u00f3tszego modelu oraz minimalnie 70 pasa\u017cer\u00f3w w\u00a012-metrowych pojazdach. W\u00a0autobusach zostan\u0105 wykorzystane tak\u017ce liczne udogodnienia i\u00a0nowoczesne rozwi\u0105zania, jak\u00a0na przyk\u0142ad automatyczny system liczenia pasa\u017cer\u00f3w, czy\u00a0te\u017c system prekondycjonowania termicznego podczas \u0142adowania. Ta\u00a0funkcja pozwoli zwi\u0119kszy\u0107 zasi\u0119g pojazd\u00f3w po\u00a0na\u0142adowaniu baterii, a\u00a0tak\u017ce skr\u00f3ci\u0107 czas pomi\u0119dzy startem autobusu a\u00a0osi\u0105gni\u0119ciem optymalnej dla\u00a0przewo\u017cenia pasa\u017cer\u00f3w temperatury wewn\u0105trz.<\/p>\n\n\n\n<figure class=\"wp-block-image aligncenter size-large is-resized\"><a href=\"https:\/\/transinfo.pl\/wp-content\/uploads\/2024\/04\/autobus-mpk-opoczno-solaris-10-edited.jpg\"><img loading=\"lazy\" decoding=\"async\" src=\"https:\/\/transinfo.pl\/wp-content\/uploads\/2024\/04\/autobus-mpk-opoczno-solaris-10-edited.jpg\" alt=\"Poza dostarczeniem elektrobus\u00f3w, zam\u00f3wienie obejmuje r\u00f3wnie\u017c dostaw\u0119 infrastruktury \u0142adowania.\" class=\"wp-image-470083\" width=\"513\" height=\"682\" \/><\/a><figcaption class=\"wp-element-caption\">Poza dostarczeniem elektrobus\u00f3w, zam\u00f3wienie obejmuje r\u00f3wnie\u017c dostaw\u0119 infrastruktury \u0142adowania \/ fot. MPK Opoczno<\/figcaption><\/figure>\n","protected":false},"author":2,"featured_media":100662,"comment_status":"","ping_status":"closed","template":"","categories":[26],"tags":[167,21708,2184,1401,2270,5808,8572,813,6171],"class_list":["post-100661","infobus","type-infobus","status-publish","has-post-thumbnail","hentry","category-przewoznicy","tag-autobus","tag-dofinansowane","tag-elektrobus","tag-enika","tag-ladowarka","tag-miejski","tag-mpk-opoczno","tag-solaris","tag-ztp"],"acf":[],"yoast_head":"<!-- This site is optimized with the Yoast SEO Premium plugin v21.8 (Yoast SEO v23.7) - https:\/\/yoast.com\/wordpress\/plugins\/seo\/ -->\n<title>Pierwsze autobusy elektryczne w nowych barwach MPK Opoczno. Od Solarisa - TransInfo Archiwum<\/title>\n<meta name=\"description\" content=\"Miejskie Przedsi\u0119biorstwo Komunikacyjne w Opocznie pokaza\u0142o swoje pierwsze autobusy elektryczne \u2013 Solaris Urbino 12 electric.\" \/>\n<meta name=\"robots\" content=\"index, follow, max-snippet:-1, max-image-preview:large, max-video-preview:-1\" \/>\n<link rel=\"canonical\" href=\"https:\/\/transinfo.pl\/x\/infobus\/pierwsze-autobusy-elektryczne-w-nowych-barwach-mpk-opoczno-od-solarisa\/\" \/>\n<meta property=\"og:locale\" content=\"pl_PL\" \/>\n<meta property=\"og:type\" content=\"article\" \/>\n<meta property=\"og:title\" content=\"Pierwsze autobusy elektryczne w nowych barwach MPK Opoczno. Od Solarisa\" \/>\n<meta property=\"og:description\" content=\"Miejskie Przedsi\u0119biorstwo Komunikacyjne w Opocznie pokaza\u0142o swoje pierwsze autobusy elektryczne \u2013 Solaris Urbino 12 electric.\" \/>\n<meta property=\"og:url\" content=\"https:\/\/transinfo.pl\/x\/infobus\/pierwsze-autobusy-elektryczne-w-nowych-barwach-mpk-opoczno-od-solarisa\/\" \/>\n<meta property=\"og:site_name\" content=\"TransInfo Archiwum\" \/>\n<meta property=\"og:image\" content=\"https:\/\/transinfo.pl\/x\/wp-content\/uploads\/2024\/04\/autobus-mpk-opoczno-solaris-7.jpg\" \/>\n\t<meta property=\"og:image:width\" content=\"1\" \/>\n\t<meta property=\"og:image:height\" content=\"1\" \/>\n\t<meta property=\"og:image:type\" content=\"image\/jpeg\" \/>\n<meta name=\"twitter:card\" content=\"summary_large_image\" \/>\n<meta name=\"twitter:label1\" content=\"Szacowany czas czytania\" \/>\n\t<meta name=\"twitter:data1\" content=\"4 minuty\" \/>\n<script type=\"application\/ld+json\" class=\"yoast-schema-graph\">{\"@context\":\"https:\/\/schema.org\",\"@graph\":[{\"@type\":\"WebPage\",\"@id\":\"https:\/\/transinfo.pl\/x\/infobus\/pierwsze-autobusy-elektryczne-w-nowych-barwach-mpk-opoczno-od-solarisa\/\",\"url\":\"https:\/\/transinfo.pl\/x\/infobus\/pierwsze-autobusy-elektryczne-w-nowych-barwach-mpk-opoczno-od-solarisa\/\",\"name\":\"Pierwsze autobusy elektryczne w nowych barwach MPK Opoczno. Od Solarisa - TransInfo Archiwum\",\"isPartOf\":{\"@id\":\"https:\/\/transinfo.pl\/x\/#website\"},\"primaryImageOfPage\":{\"@id\":\"https:\/\/transinfo.pl\/x\/infobus\/pierwsze-autobusy-elektryczne-w-nowych-barwach-mpk-opoczno-od-solarisa\/#primaryimage\"},\"image\":{\"@id\":\"https:\/\/transinfo.pl\/x\/infobus\/pierwsze-autobusy-elektryczne-w-nowych-barwach-mpk-opoczno-od-solarisa\/#primaryimage\"},\"thumbnailUrl\":\"https:\/\/transinfo.pl\/x\/wp-content\/uploads\/2024\/04\/autobus-mpk-opoczno-solaris-7.jpg\",\"datePublished\":\"2024-04-03T19:03:00+00:00\",\"dateModified\":\"2024-04-03T19:03:00+00:00\",\"description\":\"Miejskie Przedsi\u0119biorstwo Komunikacyjne w Opocznie pokaza\u0142o swoje pierwsze autobusy elektryczne \u2013 Solaris Urbino 12 electric.\",\"breadcrumb\":{\"@id\":\"https:\/\/transinfo.pl\/x\/infobus\/pierwsze-autobusy-elektryczne-w-nowych-barwach-mpk-opoczno-od-solarisa\/#breadcrumb\"},\"inLanguage\":\"pl-PL\",\"potentialAction\":[{\"@type\":\"ReadAction\",\"target\":[\"https:\/\/transinfo.pl\/x\/infobus\/pierwsze-autobusy-elektryczne-w-nowych-barwach-mpk-opoczno-od-solarisa\/\"]}]},{\"@type\":\"ImageObject\",\"inLanguage\":\"pl-PL\",\"@id\":\"https:\/\/transinfo.pl\/x\/infobus\/pierwsze-autobusy-elektryczne-w-nowych-barwach-mpk-opoczno-od-solarisa\/#primaryimage\",\"url\":\"https:\/\/transinfo.pl\/x\/wp-content\/uploads\/2024\/04\/autobus-mpk-opoczno-solaris-7.jpg\",\"contentUrl\":\"https:\/\/transinfo.pl\/x\/wp-content\/uploads\/2024\/04\/autobus-mpk-opoczno-solaris-7.jpg\"},{\"@type\":\"BreadcrumbList\",\"@id\":\"https:\/\/transinfo.pl\/x\/infobus\/pierwsze-autobusy-elektryczne-w-nowych-barwach-mpk-opoczno-od-solarisa\/#breadcrumb\",\"itemListElement\":[{\"@type\":\"ListItem\",\"position\":1,\"name\":\"Home\",\"item\":\"https:\/\/transinfo.pl\/x\/\"},{\"@type\":\"ListItem\",\"position\":2,\"name\":\"Infobus\",\"item\":\"https:\/\/transinfo.pl\/x\/infobus\/\"},{\"@type\":\"ListItem\",\"position\":3,\"name\":\"Pierwsze autobusy elektryczne w nowych barwach MPK Opoczno. Od Solarisa\"}]},{\"@type\":\"WebSite\",\"@id\":\"https:\/\/transinfo.pl\/x\/#website\",\"url\":\"https:\/\/transinfo.pl\/x\/\",\"name\":\"TransInfo Archiwum\",\"description\":\"Ca\u0142y transport w jednym miejscu\",\"publisher\":{\"@id\":\"https:\/\/transinfo.pl\/x\/#organization\"},\"potentialAction\":[{\"@type\":\"SearchAction\",\"target\":{\"@type\":\"EntryPoint\",\"urlTemplate\":\"https:\/\/transinfo.pl\/x\/?s={search_term_string}\"},\"query-input\":{\"@type\":\"PropertyValueSpecification\",\"valueRequired\":true,\"valueName\":\"search_term_string\"}}],\"inLanguage\":\"pl-PL\"},{\"@type\":\"Organization\",\"@id\":\"https:\/\/transinfo.pl\/x\/#organization\",\"name\":\"TransInfo\",\"url\":\"https:\/\/transinfo.pl\/x\/\",\"logo\":{\"@type\":\"ImageObject\",\"inLanguage\":\"pl-PL\",\"@id\":\"https:\/\/transinfo.pl\/x\/#\/schema\/logo\/image\/\",\"url\":\"https:\/\/transinfo.pl\/x\/wp-content\/uploads\/2024\/10\/favicon.png\",\"contentUrl\":\"https:\/\/transinfo.pl\/x\/wp-content\/uploads\/2024\/10\/favicon.png\",\"width\":512,\"height\":512,\"caption\":\"TransInfo\"},\"image\":{\"@id\":\"https:\/\/transinfo.pl\/x\/#\/schema\/logo\/image\/\"}}]}<\/script>\n<!-- \/ Yoast SEO Premium plugin. -->","yoast_head_json":{"title":"Pierwsze autobusy elektryczne w nowych barwach MPK Opoczno. Od Solarisa - TransInfo Archiwum","description":"Miejskie Przedsi\u0119biorstwo Komunikacyjne w Opocznie pokaza\u0142o swoje pierwsze autobusy elektryczne \u2013 Solaris Urbino 12 electric.","robots":{"index":"index","follow":"follow","max-snippet":"max-snippet:-1","max-image-preview":"max-image-preview:large","max-video-preview":"max-video-preview:-1"},"canonical":"https:\/\/transinfo.pl\/x\/infobus\/pierwsze-autobusy-elektryczne-w-nowych-barwach-mpk-opoczno-od-solarisa\/","og_locale":"pl_PL","og_type":"article","og_title":"Pierwsze autobusy elektryczne w nowych barwach MPK Opoczno. Od Solarisa","og_description":"Miejskie Przedsi\u0119biorstwo Komunikacyjne w Opocznie pokaza\u0142o swoje pierwsze autobusy elektryczne \u2013 Solaris Urbino 12 electric.","og_url":"https:\/\/transinfo.pl\/x\/infobus\/pierwsze-autobusy-elektryczne-w-nowych-barwach-mpk-opoczno-od-solarisa\/","og_site_name":"TransInfo Archiwum","og_image":[{"url":"https:\/\/transinfo.pl\/x\/wp-content\/uploads\/2024\/04\/autobus-mpk-opoczno-solaris-7.jpg","width":1,"height":1,"type":"image\/jpeg"}],"twitter_card":"summary_large_image","twitter_misc":{"Szacowany czas czytania":"4 minuty"},"schema":{"@context":"https:\/\/schema.org","@graph":[{"@type":"WebPage","@id":"https:\/\/transinfo.pl\/x\/infobus\/pierwsze-autobusy-elektryczne-w-nowych-barwach-mpk-opoczno-od-solarisa\/","url":"https:\/\/transinfo.pl\/x\/infobus\/pierwsze-autobusy-elektryczne-w-nowych-barwach-mpk-opoczno-od-solarisa\/","name":"Pierwsze autobusy elektryczne w nowych barwach MPK Opoczno. Od Solarisa - TransInfo Archiwum","isPartOf":{"@id":"https:\/\/transinfo.pl\/x\/#website"},"primaryImageOfPage":{"@id":"https:\/\/transinfo.pl\/x\/infobus\/pierwsze-autobusy-elektryczne-w-nowych-barwach-mpk-opoczno-od-solarisa\/#primaryimage"},"image":{"@id":"https:\/\/transinfo.pl\/x\/infobus\/pierwsze-autobusy-elektryczne-w-nowych-barwach-mpk-opoczno-od-solarisa\/#primaryimage"},"thumbnailUrl":"https:\/\/transinfo.pl\/x\/wp-content\/uploads\/2024\/04\/autobus-mpk-opoczno-solaris-7.jpg","datePublished":"2024-04-03T19:03:00+00:00","dateModified":"2024-04-03T19:03:00+00:00","description":"Miejskie Przedsi\u0119biorstwo Komunikacyjne w Opocznie pokaza\u0142o swoje pierwsze autobusy elektryczne \u2013 Solaris Urbino 12 electric.","breadcrumb":{"@id":"https:\/\/transinfo.pl\/x\/infobus\/pierwsze-autobusy-elektryczne-w-nowych-barwach-mpk-opoczno-od-solarisa\/#breadcrumb"},"inLanguage":"pl-PL","potentialAction":[{"@type":"ReadAction","target":["https:\/\/transinfo.pl\/x\/infobus\/pierwsze-autobusy-elektryczne-w-nowych-barwach-mpk-opoczno-od-solarisa\/"]}]},{"@type":"ImageObject","inLanguage":"pl-PL","@id":"https:\/\/transinfo.pl\/x\/infobus\/pierwsze-autobusy-elektryczne-w-nowych-barwach-mpk-opoczno-od-solarisa\/#primaryimage","url":"https:\/\/transinfo.pl\/x\/wp-content\/uploads\/2024\/04\/autobus-mpk-opoczno-solaris-7.jpg","contentUrl":"https:\/\/transinfo.pl\/x\/wp-content\/uploads\/2024\/04\/autobus-mpk-opoczno-solaris-7.jpg"},{"@type":"BreadcrumbList","@id":"https:\/\/transinfo.pl\/x\/infobus\/pierwsze-autobusy-elektryczne-w-nowych-barwach-mpk-opoczno-od-solarisa\/#breadcrumb","itemListElement":[{"@type":"ListItem","position":1,"name":"Home","item":"https:\/\/transinfo.pl\/x\/"},{"@type":"ListItem","position":2,"name":"Infobus","item":"https:\/\/transinfo.pl\/x\/infobus\/"},{"@type":"ListItem","position":3,"name":"Pierwsze autobusy elektryczne w nowych barwach MPK Opoczno. Od Solarisa"}]},{"@type":"WebSite","@id":"https:\/\/transinfo.pl\/x\/#website","url":"https:\/\/transinfo.pl\/x\/","name":"TransInfo Archiwum","description":"Ca\u0142y transport w jednym miejscu","publisher":{"@id":"https:\/\/transinfo.pl\/x\/#organization"},"potentialAction":[{"@type":"SearchAction","target":{"@type":"EntryPoint","urlTemplate":"https:\/\/transinfo.pl\/x\/?s={search_term_string}"},"query-input":{"@type":"PropertyValueSpecification","valueRequired":true,"valueName":"search_term_string"}}],"inLanguage":"pl-PL"},{"@type":"Organization","@id":"https:\/\/transinfo.pl\/x\/#organization","name":"TransInfo","url":"https:\/\/transinfo.pl\/x\/","logo":{"@type":"ImageObject","inLanguage":"pl-PL","@id":"https:\/\/transinfo.pl\/x\/#\/schema\/logo\/image\/","url":"https:\/\/transinfo.pl\/x\/wp-content\/uploads\/2024\/10\/favicon.png","contentUrl":"https:\/\/transinfo.pl\/x\/wp-content\/uploads\/2024\/10\/favicon.png","width":512,"height":512,"caption":"TransInfo"},"image":{"@id":"https:\/\/transinfo.pl\/x\/#\/schema\/logo\/image\/"}}]}},"_links":{"self":[{"href":"https:\/\/transinfo.pl\/x\/wp-json\/wp\/v2\/infobus\/100661","targetHints":{"allow":["GET"]}}],"collection":[{"href":"https:\/\/transinfo.pl\/x\/wp-json\/wp\/v2\/infobus"}],"about":[{"href":"https:\/\/transinfo.pl\/x\/wp-json\/wp\/v2\/types\/infobus"}],"author":[{"embeddable":true,"href":"https:\/\/transinfo.pl\/x\/wp-json\/wp\/v2\/users\/2"}],"replies":[{"embeddable":true,"href":"https:\/\/transinfo.pl\/x\/wp-json\/wp\/v2\/comments?post=100661"}],"wp:featuredmedia":[{"embeddable":true,"href":"https:\/\/transinfo.pl\/x\/wp-json\/wp\/v2\/media\/100662"}],"wp:attachment":[{"href":"https:\/\/transinfo.pl\/x\/wp-json\/wp\/v2\/media?parent=100661"}],"wp:term":[{"taxonomy":"category","embeddable":true,"href":"https:\/\/transinfo.pl\/x\/wp-json\/wp\/v2\/categories?post=100661"},{"taxonomy":"post_tag","embeddable":true,"href":"https:\/\/transinfo.pl\/x\/wp-json\/wp\/v2\/tags?post=100661"}],"curies":[{"name":"wp","href":"https:\/\/api.w.org\/{rel}","templated":true}]}}