{"id":100624,"date":"2024-04-02T19:14:54","date_gmt":"2024-04-02T19:14:54","guid":{"rendered":"https:\/\/transinfo.pl\/x\/infobus\/we-flocie-mpk-swidnica-beda-pierwsze-autobusy-elektryczne-od-solarisa\/"},"modified":"2024-04-02T19:14:54","modified_gmt":"2024-04-02T19:14:54","slug":"we-flocie-mpk-swidnica-beda-pierwsze-autobusy-elektryczne-od-solarisa","status":"publish","type":"infobus","link":"https:\/\/transinfo.pl\/x\/infobus\/we-flocie-mpk-swidnica-beda-pierwsze-autobusy-elektryczne-od-solarisa\/","title":{"rendered":"We flocie MPK \u015awidnica b\u0119d\u0105 pierwsze autobusy elektryczne od Solarisa"},"content":{"rendered":"<style>h1,h2,h3,h4,h5,h6{margin:0 0 1.25rem;font-family:Arial,sans-serif;font-weight:600;color:#050505}h1{font-size:1.875rem;line-height:1.1em;text-transform:none}@media(min-width: 768px){h1{font-size:2.375rem}}h2{font-size:1.1875rem;line-height:1.2em;text-transform:uppercase}@media(min-width: 768px){h2{font-size:1.0625rem}}h3{font-size:0.9375rem;line-height:1.4em;font-weight:900;margin-bottom:0.9375rem}h4{font-size:0.875rem;line-height:1.2em;font-weight:500}h5{font-size:0.9375rem;line-height:1.6;font-weight:400}h6{font-size:0.9375rem;line-height:1.6;font-weight:600}\n<\/style>\n<h3 class=\"wp-block-heading\" id=\"h-2-kwietnia-gmina-miasto-swidnica-dokonala-wyboru-najkorzystniejszej-oferty-w-przetargu-na-dostawe-10-autobusow-elektrycznych-kategorii-maxi\">2 kwietnia Gmina Miasto \u015awidnica dokona\u0142a wyboru najkorzystniejszej oferty w przetargu na dostaw\u0119 10 autobus\u00f3w elektrycznych kategorii MAXI. <\/h3>\n\n\n<style>p{margin:0 0 1.5rem}p:last-child{margin:0}p.is-style-uppercase{text-transform:uppercase}p.is-style-preheading{color:#12406a;text-transform:uppercase}p.is-style-leadparagraph{font-size:1rem;line-height:1.625;font-weight:700}@media(min-width: 768px){p.is-style-leadparagraph{font-size:1.125rem;line-height:1.5555555556}}p.has-small-margin{margin-bottom:0.625rem}p.has-small-margin+h1,p.has-small-margin+h2,p.has-small-margin+h3{margin-top:1.875rem}\n<\/style>\n<p>Przetarg \u2013 podobnie jak wcze\u015bniej anulowane zam\u00f3wienie \u2013 oparty jest na dofinansowaniu z NFO\u015aiGW, w ramach II edycji programu priorytetowego \u201eZielony Transport Publiczny\u201d. W\u00f3wczas do dolno\u015bl\u0105skiego miasta zg\u0142osi\u0142 si\u0119 tylko Solaris. Teraz by\u0142o podobnie, ale mamy rozstrzygniecie. <\/p>\n\n\n\n<h2 class=\"wp-block-heading\" id=\"h-co-chciala-swidnica\">CO CHCia\u0142a \u015aWIDNICA? <\/h2>\n\n\n\n<p>Przedmiotem zam\u00f3wienia by\u0142 zakup i dostawa 10 sztuk autobus\u00f3w elektrycznych, niskopod\u0142ogowych, jednocz\u0142onowych (nap\u0119dzanych w 100% energi\u0105 elektryczn\u0105) kategorii MAXI, o pojemno\u015bci co najmniej 75 pasa\u017cer\u00f3w, z czego minimum 27 na miejscach siedz\u0105cych.<\/p>\n\n\n\n<p>Przypomnijmy, \u017ce w ramach pierwszego podej\u015bcia z ZTP 2.0 \u201d miasto chcia\u0142o zakupi\u0107 12 elektrobus\u00f3w. \u00a0Jak wida\u0107 inflacja zrobi\u0142a swoje i teraz w puli mamy \u201eelektryczn\u0105 dziesi\u0105tk\u0119\u201d. <\/p>\n\n\n\n<p>W ramach najnowszego zam\u00f3wienia, wykonawca zobowi\u0105zany jest zrealizowa\u0107 dostaw\u0119 w maksymalnym terminie:<\/p>\n\n\n<style>.page-content ul:not([class]),.acf-block ul:not([class]),.editor-rich-text ul,ol{padding-left:0.9375rem;margin-top:0;margin-bottom:1.5rem}.page-content ul:not([class]) ul,.page-content ul:not([class]) ol,.acf-block ul:not([class]) ul,.acf-block ul:not([class]) ol,.editor-rich-text ul ul,.editor-rich-text ul ol,ol ul,ol ol{margin:0}.page-content ul:not([class]) li,.acf-block ul:not([class]) li,.editor-rich-text ul li,ol li{margin-bottom:1.5rem}ul.with-icons{list-style:none;margin-left:0;padding-left:0}ul.with-icons li{margin-bottom:1.875rem}ul.with-icons li img{margin-bottom:15px}\n<\/style>\n<ul class=\"wp-block-list\">\n<li>autobusy EV do 30.04.2025 r. z tym, \u017ce dostawy autobus\u00f3w nie mog\u0105 si\u0119 rozpocz\u0105\u0107 wcze\u015bniej ni\u017c 01.04.2025 r. <\/li>\n<\/ul>\n\n\n\n<ul class=\"wp-block-list\">\n<li>pozosta\u0142e elementy zwi\u0105zane z przedmiotem zam\u00f3wienia, takie jak cz\u0119\u015bci zamienne, dodatkowe wyposa\u017cenie, dokumentacja, szkolenia &#8211; do 01.04.2025 r. z tym, \u017ce dostawy tych element\u00f3w nie mog\u0105 si\u0119 rozpocz\u0105\u0107 wcze\u015bniej ni\u017c 01.03.2025 r. <\/li>\n<\/ul>\n\n\n\n<ul class=\"wp-block-list\">\n<li>generalny termin zako\u0144czenia realizacji zam\u00f3wienia to 30.04.2025 r. \u00a0z kolei rozliczenie finansowe musi nast\u0105pi\u0107 maksymalnie do 30.06.2025 r. <\/li>\n<\/ul>\n\n\n<style>.wp-block-image{margin:1.25rem 0;text-align:center}.wp-block-image figcaption{padding:0 0.9375rem;text-align:center}\n<\/style>\n<figure class=\"wp-block-image size-full\"><a href=\"https:\/\/transinfo.pl\/wp-content\/uploads\/2024\/04\/autobus-volvo-mpk-swidnica-2.jpg\"><img decoding=\"async\" src=\"https:\/\/transinfo.pl\/wp-content\/uploads\/2024\/04\/autobus-volvo-mpk-swidnica-2.jpg\" alt=\"Po autobusach Volvo do floty MPK \u015awidnica do\u0142\u0105cz\u0105 elektrobusy od Solarisa. \" class=\"wp-image-469970\" \/><\/a><figcaption class=\"wp-element-caption\">Po autobusach Volvo do floty MPK \u015awidnica do\u0142\u0105cz\u0105 elektrobusy od Solarisa.<\/figcaption><\/figure>\n\n\n\n<h2 class=\"wp-block-heading\" id=\"h-jedna-oferta\">JEDNA OFERTA <\/h2>\n\n\n\n<p><a href=\"https:\/\/transinfo.pl\/infobus\/w-swidnicy-bez-zmian-tylko-solaris-chce-dostarczyc-autobusy-elektryczne-dla-mpk\/\">29 lutego \u015awidnica otrzyma\u0142 ofert\u0119<\/a> od firmy Solaris Bus &amp; Coach na sum\u0119 30.012.000,00 PLN brutto \/ 24.400.000 PLN netto, co daje cen\u0119 jednostkow\u0105 Urbino 12 electric na poziomie 2.440.000 PLN netto. <\/p>\n\n\n\n<p>R\u00f3wnolegle zamawiaj\u0105cy poinformowa\u0142, \u017ce na sfinansowanie zam\u00f3wienia zamierza przeznaczy\u0107 kwot\u0119 36.000.000 PLN brutto. To oznacza ofert\u0119 w bud\u017cecie i spore oszcz\u0119dno\u015bci dla MPK. <\/p>\n\n\n\n<p>Komisja przetargowa oceni\u0142a z\u0142o\u017con\u0105 propozycj\u0119 wed\u0142ug trzech kryteri\u00f3w: <\/p>\n\n\n\n<ul class=\"wp-block-list\">\n<li>Cena ofertowa brutto &#8211; 60% <\/li>\n<\/ul>\n\n\n\n<ul class=\"wp-block-list\">\n<li>Zu\u017cycie energii elektrycznej wed\u0142ug SORT 2 &#8211; 10% <\/li>\n<\/ul>\n\n\n\n<ul class=\"wp-block-list\">\n<li>Warunki gwarancji &#8211; 30% <\/li>\n<\/ul>\n\n\n\n<p>2 kwietnia za najkorzystniejsz\u0105 ofert\u0119 uznano oczywi\u015bcie propozycj\u0119 od Solarisa. Nie mog\u0142o by\u0107 inaczej. Czekamy zatem na podpisanie umowy. <\/p>\n\n\n\n<figure class=\"wp-block-image size-full\"><a href=\"https:\/\/transinfo.pl\/wp-content\/uploads\/2024\/04\/Swidnica-wybor-oferty-najkorzystniejszej-komisja-P-6.II_.24.jpg\"><img decoding=\"async\" src=\"https:\/\/transinfo.pl\/wp-content\/uploads\/2024\/04\/Swidnica-wybor-oferty-najkorzystniejszej-komisja-P-6.II_.24.jpg\" alt=\"Po autobusach Volvo do floty MPK \u015awidnica do\u0142\u0105cz\u0105 elektrobusy od Solarisa. \" class=\"wp-image-469969\" \/><\/a><figcaption class=\"wp-element-caption\">Po autobusach Volvo do floty MPK \u015awidnica do\u0142\u0105cz\u0105 elektrobusy od Solarisa.<\/figcaption><\/figure>\n\n\n\n<h2 class=\"wp-block-heading\" id=\"h-za-pierwszy-razem\">ZA PIERWSZY RAZEM <\/h2>\n\n\n\n<p>Przypomnijmy, \u017ce \u015awidnica podpisa\u0142a umow\u0119 z NFO\u015aiGW w ramach II edycji programu Zielony Program Publiczny pod koniec 2022r.. <\/p>\n\n\n<style>.wp-block-quote{border-left:0.1875rem solid var(--page-color);font-size:1rem;font-style:italic;margin:0 0 1.6875rem;padding:1.25rem}.wp-block-quote cite{color:#050505}.wp-block-quote.is-style-large p{margin-bottom:10px}.wp-block-quote.is-style-large cite{color:#12406a}\n<\/style>\n<blockquote class=\"wp-block-quote is-layout-flow wp-block-quote-is-layout-flow\">\n<p>-\u201eMiasto \u015awidnica zakupi dwana\u015bcie autobus\u00f3w z nap\u0119dem elektrycznym oraz dwana\u015bcie stacjonarnych stacji \u0142adowania typu plug-in, na co otrzyma dotacj\u0119 w kwocie 23 772 358 z\u0142, a tak\u017ce po\u017cyczk\u0119 w kwocie 6 926 829 z\u0142 (\u0142\u0105czna warto\u015b\u0107 projektu, to 37 760 000 z\u0142).\u201d \u2013 przekaza\u0142 Fundusz<\/p>\n<\/blockquote>\n\n\n\n<p>11 pa\u017adziernika 2022 r. Z kolei w czerwcu 2023r. Urz\u0105d Miejski w \u015awidnicy og\u0142osi\u0142 zam\u00f3wienie na zakup i dostaw\u0119 12 sztuk fabrycznie nowych, 12-metrowych autobus\u00f3w o nap\u0119dzie elektrycznym. Zakupione pojazdy mia\u0142y by\u0107 niskopod\u0142ogowe, mie\u015bci\u0107 co najmniej 75 pasa\u017cer\u00f3w \u2013 z czego minimum 27 na miejscach siedz\u0105cych, a tak\u017ce posiada\u0107 zasi\u0119g na jednym \u0142adowaniu wynosz\u0105cym minimum 250 km. Wyposa\u017cenie to system informacji pasa\u017cerskiej, monitoringu wizyjnego oraz system kamer pe\u0142ni\u0105cych funkcj\u0119 lusterek, ogrzewanie i klimatyzacj\u0119 przedzia\u0142u pasa\u017cerskiego, kasowniki z funkcj\u0105 biletomatu, czy te\u017c porty \u0142adowania USB. <\/p>\n\n\n\n<blockquote class=\"wp-block-quote is-layout-flow wp-block-quote-is-layout-flow\">\n<p>-\u201eObecnie dysponujemy o\u015bmioma autobusami elektrycznymi. Jako MPK z\u0142o\u017cyli\u015bmy te\u017c wniosek o dofinansowanie zakupu kolejnych trzech autobus\u00f3w przegubowych o nap\u0119dzie elektrycznym. Je\u017celi uzyskaliby\u015bmy dofinansowanie na ten cel, to do ko\u0144ca 2025 roku nasz tabor wykorzystywany w komunikacji miejskiej w 100% sk\u0142ada\u0142by si\u0119 z pojazd\u00f3w elektrycznych \u2013 powiedzia\u0142 w\u00f3wczas prezes MPK Tomasz Kurzawa. <\/p>\n<\/blockquote>\n\n\n\n<p>12 wrze\u015bnia zosta\u0142y otwarte oferty w przetargu na zakup elektryk\u00f3w. Potencjalny wykonawca Solaris Bus &amp; Coach Sp. z o.o. chcia\u0142 za wykonanie tego zadania dla \u015awidnicy 45 047 520 z\u0142. Miasto nie do\u0142o\u017cy\u0142o brakuj\u0105cych kilku milion\u00f3w z\u0142otych. <\/p>\n\n\n\n<blockquote class=\"wp-block-quote is-layout-flow wp-block-quote-is-layout-flow\">\n<p>-\u201ePrzetarg zosta\u0142 uniewa\u017cniony, z przyczyn finansowych le\u017c\u0105cych po stronie zamawiaj\u0105cego. Cena oferty przekroczy\u0142a kwot\u0119, jak\u0105 zamawiaj\u0105cy zamierza\u0142 przeznaczy\u0107 na finansowanie zam\u00f3wienia \u2013 poinformowa\u0142a Magdalena Dzwonkowska, rzeczniczka UM. Jak si\u0119 dzisiaj okaza\u0142o by\u0142a to dobra decyzja. <\/p>\n<\/blockquote>\n\n\n\n<p>Dalsze szczeg\u00f3\u0142y na <a href=\"https:\/\/platformazakupowa.pl\/transakcja\/874375\">https:\/\/platformazakupowa.pl\/transakcja\/874375<\/a><\/p>\n","protected":false},"author":2,"featured_media":100625,"comment_status":"","ping_status":"closed","template":"","categories":[1],"tags":[167,1354,2184,2364,518,813,6171],"class_list":["post-100624","infobus","type-infobus","status-publish","has-post-thumbnail","hentry","category-kontrakty","tag-autobus","tag-dofinansowanie","tag-elektrobus","tag-mpk-swidnica","tag-przetarg","tag-solaris","tag-ztp"],"acf":[],"yoast_head":"<!-- This site is optimized with the Yoast SEO Premium plugin v21.8 (Yoast SEO v23.7) - https:\/\/yoast.com\/wordpress\/plugins\/seo\/ -->\n<title>We flocie MPK \u015awidnica b\u0119d\u0105 pierwsze autobusy elektryczne od Solarisa - TransInfo Archiwum<\/title>\n<meta name=\"description\" content=\"2 kwietnia Gmina Miasto \u015awidnica dokona\u0142a wyboru najkorzystniejszej oferty w przetargu na dostaw\u0119 10 autobus\u00f3w elektrycznych kategorii MAXI.\" \/>\n<meta name=\"robots\" content=\"index, follow, max-snippet:-1, max-image-preview:large, max-video-preview:-1\" \/>\n<link rel=\"canonical\" href=\"https:\/\/transinfo.pl\/x\/infobus\/we-flocie-mpk-swidnica-beda-pierwsze-autobusy-elektryczne-od-solarisa\/\" \/>\n<meta property=\"og:locale\" content=\"pl_PL\" \/>\n<meta property=\"og:type\" content=\"article\" \/>\n<meta property=\"og:title\" content=\"We flocie MPK \u015awidnica b\u0119d\u0105 pierwsze autobusy elektryczne od Solarisa\" \/>\n<meta property=\"og:description\" content=\"2 kwietnia Gmina Miasto \u015awidnica dokona\u0142a wyboru najkorzystniejszej oferty w przetargu na dostaw\u0119 10 autobus\u00f3w elektrycznych kategorii MAXI.\" \/>\n<meta property=\"og:url\" content=\"https:\/\/transinfo.pl\/x\/infobus\/we-flocie-mpk-swidnica-beda-pierwsze-autobusy-elektryczne-od-solarisa\/\" \/>\n<meta property=\"og:site_name\" content=\"TransInfo Archiwum\" \/>\n<meta property=\"og:image\" content=\"https:\/\/transinfo.pl\/x\/wp-content\/uploads\/2024\/04\/mpk-swidnica-autobus-1-1024x7491-1.jpg\" \/>\n\t<meta property=\"og:image:width\" content=\"1\" \/>\n\t<meta property=\"og:image:height\" content=\"1\" \/>\n\t<meta property=\"og:image:type\" content=\"image\/jpeg\" \/>\n<meta name=\"twitter:card\" content=\"summary_large_image\" \/>\n<meta name=\"twitter:label1\" content=\"Szacowany czas czytania\" \/>\n\t<meta name=\"twitter:data1\" content=\"3 minuty\" \/>\n<script type=\"application\/ld+json\" class=\"yoast-schema-graph\">{\"@context\":\"https:\/\/schema.org\",\"@graph\":[{\"@type\":\"WebPage\",\"@id\":\"https:\/\/transinfo.pl\/x\/infobus\/we-flocie-mpk-swidnica-beda-pierwsze-autobusy-elektryczne-od-solarisa\/\",\"url\":\"https:\/\/transinfo.pl\/x\/infobus\/we-flocie-mpk-swidnica-beda-pierwsze-autobusy-elektryczne-od-solarisa\/\",\"name\":\"We flocie MPK \u015awidnica b\u0119d\u0105 pierwsze autobusy elektryczne od Solarisa - TransInfo Archiwum\",\"isPartOf\":{\"@id\":\"https:\/\/transinfo.pl\/x\/#website\"},\"primaryImageOfPage\":{\"@id\":\"https:\/\/transinfo.pl\/x\/infobus\/we-flocie-mpk-swidnica-beda-pierwsze-autobusy-elektryczne-od-solarisa\/#primaryimage\"},\"image\":{\"@id\":\"https:\/\/transinfo.pl\/x\/infobus\/we-flocie-mpk-swidnica-beda-pierwsze-autobusy-elektryczne-od-solarisa\/#primaryimage\"},\"thumbnailUrl\":\"https:\/\/transinfo.pl\/x\/wp-content\/uploads\/2024\/04\/mpk-swidnica-autobus-1-1024x7491-1.jpg\",\"datePublished\":\"2024-04-02T19:14:54+00:00\",\"dateModified\":\"2024-04-02T19:14:54+00:00\",\"description\":\"2 kwietnia Gmina Miasto \u015awidnica dokona\u0142a wyboru najkorzystniejszej oferty w przetargu na dostaw\u0119 10 autobus\u00f3w elektrycznych kategorii MAXI.\",\"breadcrumb\":{\"@id\":\"https:\/\/transinfo.pl\/x\/infobus\/we-flocie-mpk-swidnica-beda-pierwsze-autobusy-elektryczne-od-solarisa\/#breadcrumb\"},\"inLanguage\":\"pl-PL\",\"potentialAction\":[{\"@type\":\"ReadAction\",\"target\":[\"https:\/\/transinfo.pl\/x\/infobus\/we-flocie-mpk-swidnica-beda-pierwsze-autobusy-elektryczne-od-solarisa\/\"]}]},{\"@type\":\"ImageObject\",\"inLanguage\":\"pl-PL\",\"@id\":\"https:\/\/transinfo.pl\/x\/infobus\/we-flocie-mpk-swidnica-beda-pierwsze-autobusy-elektryczne-od-solarisa\/#primaryimage\",\"url\":\"https:\/\/transinfo.pl\/x\/wp-content\/uploads\/2024\/04\/mpk-swidnica-autobus-1-1024x7491-1.jpg\",\"contentUrl\":\"https:\/\/transinfo.pl\/x\/wp-content\/uploads\/2024\/04\/mpk-swidnica-autobus-1-1024x7491-1.jpg\"},{\"@type\":\"BreadcrumbList\",\"@id\":\"https:\/\/transinfo.pl\/x\/infobus\/we-flocie-mpk-swidnica-beda-pierwsze-autobusy-elektryczne-od-solarisa\/#breadcrumb\",\"itemListElement\":[{\"@type\":\"ListItem\",\"position\":1,\"name\":\"Home\",\"item\":\"https:\/\/transinfo.pl\/x\/\"},{\"@type\":\"ListItem\",\"position\":2,\"name\":\"Infobus\",\"item\":\"https:\/\/transinfo.pl\/x\/infobus\/\"},{\"@type\":\"ListItem\",\"position\":3,\"name\":\"We flocie MPK \u015awidnica b\u0119d\u0105 pierwsze autobusy elektryczne od Solarisa\"}]},{\"@type\":\"WebSite\",\"@id\":\"https:\/\/transinfo.pl\/x\/#website\",\"url\":\"https:\/\/transinfo.pl\/x\/\",\"name\":\"TransInfo Archiwum\",\"description\":\"Ca\u0142y transport w jednym miejscu\",\"publisher\":{\"@id\":\"https:\/\/transinfo.pl\/x\/#organization\"},\"potentialAction\":[{\"@type\":\"SearchAction\",\"target\":{\"@type\":\"EntryPoint\",\"urlTemplate\":\"https:\/\/transinfo.pl\/x\/?s={search_term_string}\"},\"query-input\":{\"@type\":\"PropertyValueSpecification\",\"valueRequired\":true,\"valueName\":\"search_term_string\"}}],\"inLanguage\":\"pl-PL\"},{\"@type\":\"Organization\",\"@id\":\"https:\/\/transinfo.pl\/x\/#organization\",\"name\":\"TransInfo\",\"url\":\"https:\/\/transinfo.pl\/x\/\",\"logo\":{\"@type\":\"ImageObject\",\"inLanguage\":\"pl-PL\",\"@id\":\"https:\/\/transinfo.pl\/x\/#\/schema\/logo\/image\/\",\"url\":\"https:\/\/transinfo.pl\/x\/wp-content\/uploads\/2024\/10\/favicon.png\",\"contentUrl\":\"https:\/\/transinfo.pl\/x\/wp-content\/uploads\/2024\/10\/favicon.png\",\"width\":512,\"height\":512,\"caption\":\"TransInfo\"},\"image\":{\"@id\":\"https:\/\/transinfo.pl\/x\/#\/schema\/logo\/image\/\"}}]}<\/script>\n<!-- \/ Yoast SEO Premium plugin. -->","yoast_head_json":{"title":"We flocie MPK \u015awidnica b\u0119d\u0105 pierwsze autobusy elektryczne od Solarisa - TransInfo Archiwum","description":"2 kwietnia Gmina Miasto \u015awidnica dokona\u0142a wyboru najkorzystniejszej oferty w przetargu na dostaw\u0119 10 autobus\u00f3w elektrycznych kategorii MAXI.","robots":{"index":"index","follow":"follow","max-snippet":"max-snippet:-1","max-image-preview":"max-image-preview:large","max-video-preview":"max-video-preview:-1"},"canonical":"https:\/\/transinfo.pl\/x\/infobus\/we-flocie-mpk-swidnica-beda-pierwsze-autobusy-elektryczne-od-solarisa\/","og_locale":"pl_PL","og_type":"article","og_title":"We flocie MPK \u015awidnica b\u0119d\u0105 pierwsze autobusy elektryczne od Solarisa","og_description":"2 kwietnia Gmina Miasto \u015awidnica dokona\u0142a wyboru najkorzystniejszej oferty w przetargu na dostaw\u0119 10 autobus\u00f3w elektrycznych kategorii MAXI.","og_url":"https:\/\/transinfo.pl\/x\/infobus\/we-flocie-mpk-swidnica-beda-pierwsze-autobusy-elektryczne-od-solarisa\/","og_site_name":"TransInfo Archiwum","og_image":[{"url":"https:\/\/transinfo.pl\/x\/wp-content\/uploads\/2024\/04\/mpk-swidnica-autobus-1-1024x7491-1.jpg","width":1,"height":1,"type":"image\/jpeg"}],"twitter_card":"summary_large_image","twitter_misc":{"Szacowany czas czytania":"3 minuty"},"schema":{"@context":"https:\/\/schema.org","@graph":[{"@type":"WebPage","@id":"https:\/\/transinfo.pl\/x\/infobus\/we-flocie-mpk-swidnica-beda-pierwsze-autobusy-elektryczne-od-solarisa\/","url":"https:\/\/transinfo.pl\/x\/infobus\/we-flocie-mpk-swidnica-beda-pierwsze-autobusy-elektryczne-od-solarisa\/","name":"We flocie MPK \u015awidnica b\u0119d\u0105 pierwsze autobusy elektryczne od Solarisa - TransInfo Archiwum","isPartOf":{"@id":"https:\/\/transinfo.pl\/x\/#website"},"primaryImageOfPage":{"@id":"https:\/\/transinfo.pl\/x\/infobus\/we-flocie-mpk-swidnica-beda-pierwsze-autobusy-elektryczne-od-solarisa\/#primaryimage"},"image":{"@id":"https:\/\/transinfo.pl\/x\/infobus\/we-flocie-mpk-swidnica-beda-pierwsze-autobusy-elektryczne-od-solarisa\/#primaryimage"},"thumbnailUrl":"https:\/\/transinfo.pl\/x\/wp-content\/uploads\/2024\/04\/mpk-swidnica-autobus-1-1024x7491-1.jpg","datePublished":"2024-04-02T19:14:54+00:00","dateModified":"2024-04-02T19:14:54+00:00","description":"2 kwietnia Gmina Miasto \u015awidnica dokona\u0142a wyboru najkorzystniejszej oferty w przetargu na dostaw\u0119 10 autobus\u00f3w elektrycznych kategorii MAXI.","breadcrumb":{"@id":"https:\/\/transinfo.pl\/x\/infobus\/we-flocie-mpk-swidnica-beda-pierwsze-autobusy-elektryczne-od-solarisa\/#breadcrumb"},"inLanguage":"pl-PL","potentialAction":[{"@type":"ReadAction","target":["https:\/\/transinfo.pl\/x\/infobus\/we-flocie-mpk-swidnica-beda-pierwsze-autobusy-elektryczne-od-solarisa\/"]}]},{"@type":"ImageObject","inLanguage":"pl-PL","@id":"https:\/\/transinfo.pl\/x\/infobus\/we-flocie-mpk-swidnica-beda-pierwsze-autobusy-elektryczne-od-solarisa\/#primaryimage","url":"https:\/\/transinfo.pl\/x\/wp-content\/uploads\/2024\/04\/mpk-swidnica-autobus-1-1024x7491-1.jpg","contentUrl":"https:\/\/transinfo.pl\/x\/wp-content\/uploads\/2024\/04\/mpk-swidnica-autobus-1-1024x7491-1.jpg"},{"@type":"BreadcrumbList","@id":"https:\/\/transinfo.pl\/x\/infobus\/we-flocie-mpk-swidnica-beda-pierwsze-autobusy-elektryczne-od-solarisa\/#breadcrumb","itemListElement":[{"@type":"ListItem","position":1,"name":"Home","item":"https:\/\/transinfo.pl\/x\/"},{"@type":"ListItem","position":2,"name":"Infobus","item":"https:\/\/transinfo.pl\/x\/infobus\/"},{"@type":"ListItem","position":3,"name":"We flocie MPK \u015awidnica b\u0119d\u0105 pierwsze autobusy elektryczne od Solarisa"}]},{"@type":"WebSite","@id":"https:\/\/transinfo.pl\/x\/#website","url":"https:\/\/transinfo.pl\/x\/","name":"TransInfo Archiwum","description":"Ca\u0142y transport w jednym miejscu","publisher":{"@id":"https:\/\/transinfo.pl\/x\/#organization"},"potentialAction":[{"@type":"SearchAction","target":{"@type":"EntryPoint","urlTemplate":"https:\/\/transinfo.pl\/x\/?s={search_term_string}"},"query-input":{"@type":"PropertyValueSpecification","valueRequired":true,"valueName":"search_term_string"}}],"inLanguage":"pl-PL"},{"@type":"Organization","@id":"https:\/\/transinfo.pl\/x\/#organization","name":"TransInfo","url":"https:\/\/transinfo.pl\/x\/","logo":{"@type":"ImageObject","inLanguage":"pl-PL","@id":"https:\/\/transinfo.pl\/x\/#\/schema\/logo\/image\/","url":"https:\/\/transinfo.pl\/x\/wp-content\/uploads\/2024\/10\/favicon.png","contentUrl":"https:\/\/transinfo.pl\/x\/wp-content\/uploads\/2024\/10\/favicon.png","width":512,"height":512,"caption":"TransInfo"},"image":{"@id":"https:\/\/transinfo.pl\/x\/#\/schema\/logo\/image\/"}}]}},"_links":{"self":[{"href":"https:\/\/transinfo.pl\/x\/wp-json\/wp\/v2\/infobus\/100624","targetHints":{"allow":["GET"]}}],"collection":[{"href":"https:\/\/transinfo.pl\/x\/wp-json\/wp\/v2\/infobus"}],"about":[{"href":"https:\/\/transinfo.pl\/x\/wp-json\/wp\/v2\/types\/infobus"}],"author":[{"embeddable":true,"href":"https:\/\/transinfo.pl\/x\/wp-json\/wp\/v2\/users\/2"}],"replies":[{"embeddable":true,"href":"https:\/\/transinfo.pl\/x\/wp-json\/wp\/v2\/comments?post=100624"}],"wp:featuredmedia":[{"embeddable":true,"href":"https:\/\/transinfo.pl\/x\/wp-json\/wp\/v2\/media\/100625"}],"wp:attachment":[{"href":"https:\/\/transinfo.pl\/x\/wp-json\/wp\/v2\/media?parent=100624"}],"wp:term":[{"taxonomy":"category","embeddable":true,"href":"https:\/\/transinfo.pl\/x\/wp-json\/wp\/v2\/categories?post=100624"},{"taxonomy":"post_tag","embeddable":true,"href":"https:\/\/transinfo.pl\/x\/wp-json\/wp\/v2\/tags?post=100624"}],"curies":[{"name":"wp","href":"https:\/\/api.w.org\/{rel}","templated":true}]}}