{"id":100586,"date":"2024-03-31T17:00:00","date_gmt":"2024-03-31T17:00:00","guid":{"rendered":"https:\/\/transinfo.pl\/x\/infobus\/podkarpackie-z-nowym-przejsciem-w-malhowicach-na-100-autobusow-dziennie\/"},"modified":"2024-03-31T17:00:00","modified_gmt":"2024-03-31T17:00:00","slug":"podkarpackie-z-nowym-przejsciem-w-malhowicach-na-100-autobusow-dziennie","status":"publish","type":"infobus","link":"https:\/\/transinfo.pl\/x\/infobus\/podkarpackie-z-nowym-przejsciem-w-malhowicach-na-100-autobusow-dziennie\/","title":{"rendered":"Podkarpackie z nowym przej\u015bciem w Malhowicach. Na 100 autobus\u00f3w dziennie"},"content":{"rendered":"<style>h1,h2,h3,h4,h5,h6{margin:0 0 1.25rem;font-family:Arial,sans-serif;font-weight:600;color:#050505}h1{font-size:1.875rem;line-height:1.1em;text-transform:none}@media(min-width: 768px){h1{font-size:2.375rem}}h2{font-size:1.1875rem;line-height:1.2em;text-transform:uppercase}@media(min-width: 768px){h2{font-size:1.0625rem}}h3{font-size:0.9375rem;line-height:1.4em;font-weight:900;margin-bottom:0.9375rem}h4{font-size:0.875rem;line-height:1.2em;font-weight:500}h5{font-size:0.9375rem;line-height:1.6;font-weight:400}h6{font-size:0.9375rem;line-height:1.6;font-weight:600}\n<\/style>\n<h3 class=\"wp-block-heading\" id=\"h-rozpoczal-sie-etap-wyposazania-w-niezbedny-sprzet-do-uruchomienia-odpraw-na-przejsciu-granicznym-z-ukraina-w-malhowicach-na-podkarpaciu\">Rozpocz\u0105\u0142 si\u0119 etap wyposa\u017cania w niezb\u0119dny sprz\u0119t do uruchomienia odpraw na przej\u015bciu granicznym z Ukrain\u0105 w Malhowicach na Podkarpaciu<\/h3>\n\n\n<style>p{margin:0 0 1.5rem}p:last-child{margin:0}p.is-style-uppercase{text-transform:uppercase}p.is-style-preheading{color:#12406a;text-transform:uppercase}p.is-style-leadparagraph{font-size:1rem;line-height:1.625;font-weight:700}@media(min-width: 768px){p.is-style-leadparagraph{font-size:1.125rem;line-height:1.5555555556}}p.has-small-margin{margin-bottom:0.625rem}p.has-small-margin+h1,p.has-small-margin+h2,p.has-small-margin+h3{margin-top:1.875rem}\n<\/style>\n<p>Tak\u0105 informacj\u0119 przekaza\u0142 15 marca rzecznik prasowy wojewody podkarpackiego Bartosz Gubernat. Przej\u015bcie zacz\u0105\u0107 ma funkcjonowa\u0107 pod koniec br. Budynki odpraw na przej\u015bciu zosta\u0142y ju\u017c odebrane od wykonawcy. Koszt inwestycji wyni\u00f3s\u0142 ponad 131,4 mln z\u0142.<\/p>\n\n\n\n<h2 class=\"wp-block-heading\" id=\"h-etap-wyposazania\"> etap wyposa\u017cania<\/h2>\n\n\n\n<p>Jak poda\u0142 w pi\u0105tek Gubernat, obecnie rozpocz\u0105\u0142 si\u0119 etap wyposa\u017cania w niezb\u0119dny sprz\u0119t do uruchomienia odpraw, czyli m.in. w meble, sprz\u0119t biurowy, komputery, czytnik paszport\u00f3w oraz czytnik linii papilarnych. &#8222;Uruchomienie odpraw granicznych planowane jest do ko\u0144ca tego roku&#8221; \u2013 doda\u0142.<\/p>\n\n\n\n<p>Przej\u015bcie w Malhowicach-Ni\u017cankowicach b\u0119dzie przeznaczone dla samochod\u00f3w o masie do 3,5 tony, z wy\u0142\u0105czeniem ruchu pieszego. Na przej\u015bciu odbywa\u0107 si\u0119 b\u0119dzie wsp\u00f3lna polsko-ukrai\u0144ska kontrola graniczna. Wed\u0142ug szacunk\u00f3w, w ci\u0105gu doby b\u0119dzie tu przeje\u017cd\u017ca\u0107 ok. 4,1 tysi\u0105ca samochod\u00f3w osobowych i 100 autobus\u00f3w. W sumie granic\u0119 ma przekracza\u0107 na tym przej\u015bciu ok. 7 tys. os\u00f3b w ci\u0105gu doby.<\/p>\n\n\n\n<p>Jak przypomnia\u0142 Gubernat, w ramach inwestycji wybudowany zosta\u0142 budynek odpraw autokar\u00f3w, budynki kontroli szczeg\u00f3\u0142owej, budynek odpraw tax free i magazyn materia\u0142\u00f3w niebezpiecznych. &#8222;Powsta\u0142o te\u017c 10 pawilon\u00f3w kontrolerskich, budynek Zak\u0142adu Obs\u0142ugi Przej\u015b\u0107 Granicznych, toalety dla podr\u00f3\u017cnych na obu kierunkach oraz kojce dla ps\u00f3w. W sumie to blisko 5 tys. m kw. powierzchni u\u017cytkowej&#8221; \u2013 podkre\u015bli\u0142 rzecznik.<\/p>\n\n\n<style>.wp-block-image{margin:1.25rem 0;text-align:center}.wp-block-image figcaption{padding:0 0.9375rem;text-align:center}\n<\/style>\n<figure class=\"wp-block-image size-large\"><img decoding=\"async\" src=\"https:\/\/transinfo.pl\/wp-content\/uploads\/2024\/03\/autobus-przejscie-graniczne-1-1024x578.jpg\" alt=\"Podkarpackie\/ Przej\u015bcie graniczne w Malhowicach b\u0119dzie otwarte pod koniec br.\" class=\"wp-image-467903\" \/><figcaption class=\"wp-element-caption\"> Przej\u015bcie w Malhowicach \/ fot PAP <\/figcaption><\/figure>\n\n\n\n<h2 class=\"wp-block-heading\" id=\"h-z-rzadowa-wizyta\">Z rz\u0105dow\u0105 wizyt\u0105 <\/h2>\n\n\n\n<p>W tym tygodniu nowe przej\u015bcie wizytowa\u0142 wiceminister spraw wewn\u0119trznych i administracji Maciej Duszczyk.<\/p>\n\n\n\n<p>Jak relacjonowa\u0142a spotkanie wojewoda podkarpacki Teresa Kubas-Hul, rozmowy dotyczy\u0142y stanu zaawansowania prac zwi\u0105zanych z budow\u0105 nowego przej\u015bcia granicznego, a tak\u017ce dalszych plan\u00f3w inwestycyjnych. &#8222;Ma zosta\u0107 opracowana koncepcja ca\u0142o\u015bciowa rozwoju infrastruktury, uwzgl\u0119dniaj\u0105c przej\u015bcie drogowe, kolejowe i piesze, z mo\u017cliwo\u015bci\u0105 ewentualnego uruchomienia w przysz\u0142o\u015bci kolejowego przej\u015bcia towarowego&#8221; \u2013 doda\u0142a wojewoda.<\/p>\n\n\n\n<p>Jednym z punkt\u00f3w wizyty wiceministra MSWiA by\u0142o te\u017c przej\u015bcie w Korczowej. Tu, jak poda\u0142 urz\u0105d wojew\u00f3dzki, planowana jest budowa terminala do odpraw samochod\u00f3w ci\u0119\u017carowych. W tym roku w bud\u017cecie wojewody przeznaczone s\u0105 pieni\u0105dze na opracowanie koncepcji architektoniczno-budowlanej.(PAP)<\/p>\n","protected":false},"author":2,"featured_media":100587,"comment_status":"","ping_status":"closed","template":"","categories":[23],"tags":[167,244,211],"class_list":["post-100586","infobus","type-infobus","status-publish","has-post-thumbnail","hentry","category-infrastruktura","tag-autobus","tag-granica","tag-ukraina"],"acf":[],"yoast_head":"<!-- This site is optimized with the Yoast SEO Premium plugin v21.8 (Yoast SEO v23.7) - https:\/\/yoast.com\/wordpress\/plugins\/seo\/ -->\n<title>Podkarpackie z nowym przej\u015bciem w Malhowicach. Na 100 autobus\u00f3w dziennie - TransInfo Archiwum<\/title>\n<meta name=\"description\" content=\"Rozpocz\u0105\u0142 si\u0119 etap wyposa\u017cania w niezb\u0119dny sprz\u0119t do uruchomienia odpraw na przej\u015bciu granicznym z Ukrain\u0105 w Malhowicach na Podkarpaciu\" \/>\n<meta name=\"robots\" content=\"index, follow, max-snippet:-1, max-image-preview:large, max-video-preview:-1\" \/>\n<link rel=\"canonical\" href=\"https:\/\/transinfo.pl\/x\/infobus\/podkarpackie-z-nowym-przejsciem-w-malhowicach-na-100-autobusow-dziennie\/\" \/>\n<meta property=\"og:locale\" content=\"pl_PL\" \/>\n<meta property=\"og:type\" content=\"article\" \/>\n<meta property=\"og:title\" content=\"Podkarpackie z nowym przej\u015bciem w Malhowicach. Na 100 autobus\u00f3w dziennie\" \/>\n<meta property=\"og:description\" content=\"Rozpocz\u0105\u0142 si\u0119 etap wyposa\u017cania w niezb\u0119dny sprz\u0119t do uruchomienia odpraw na przej\u015bciu granicznym z Ukrain\u0105 w Malhowicach na Podkarpaciu\" \/>\n<meta property=\"og:url\" content=\"https:\/\/transinfo.pl\/x\/infobus\/podkarpackie-z-nowym-przejsciem-w-malhowicach-na-100-autobusow-dziennie\/\" \/>\n<meta property=\"og:site_name\" content=\"TransInfo Archiwum\" \/>\n<meta property=\"og:image\" content=\"https:\/\/transinfo.pl\/x\/wp-content\/uploads\/2024\/03\/autobus-przejscie-graniczne-2.jpg\" \/>\n\t<meta property=\"og:image:width\" content=\"1\" \/>\n\t<meta property=\"og:image:height\" content=\"1\" \/>\n\t<meta property=\"og:image:type\" content=\"image\/jpeg\" \/>\n<meta name=\"twitter:card\" content=\"summary_large_image\" \/>\n<meta name=\"twitter:label1\" content=\"Szacowany czas czytania\" \/>\n\t<meta name=\"twitter:data1\" content=\"2 minuty\" \/>\n<script type=\"application\/ld+json\" class=\"yoast-schema-graph\">{\"@context\":\"https:\/\/schema.org\",\"@graph\":[{\"@type\":\"WebPage\",\"@id\":\"https:\/\/transinfo.pl\/x\/infobus\/podkarpackie-z-nowym-przejsciem-w-malhowicach-na-100-autobusow-dziennie\/\",\"url\":\"https:\/\/transinfo.pl\/x\/infobus\/podkarpackie-z-nowym-przejsciem-w-malhowicach-na-100-autobusow-dziennie\/\",\"name\":\"Podkarpackie z nowym przej\u015bciem w Malhowicach. Na 100 autobus\u00f3w dziennie - TransInfo Archiwum\",\"isPartOf\":{\"@id\":\"https:\/\/transinfo.pl\/x\/#website\"},\"primaryImageOfPage\":{\"@id\":\"https:\/\/transinfo.pl\/x\/infobus\/podkarpackie-z-nowym-przejsciem-w-malhowicach-na-100-autobusow-dziennie\/#primaryimage\"},\"image\":{\"@id\":\"https:\/\/transinfo.pl\/x\/infobus\/podkarpackie-z-nowym-przejsciem-w-malhowicach-na-100-autobusow-dziennie\/#primaryimage\"},\"thumbnailUrl\":\"https:\/\/transinfo.pl\/x\/wp-content\/uploads\/2024\/03\/autobus-przejscie-graniczne-2.jpg\",\"datePublished\":\"2024-03-31T17:00:00+00:00\",\"dateModified\":\"2024-03-31T17:00:00+00:00\",\"description\":\"Rozpocz\u0105\u0142 si\u0119 etap wyposa\u017cania w niezb\u0119dny sprz\u0119t do uruchomienia odpraw na przej\u015bciu granicznym z Ukrain\u0105 w Malhowicach na Podkarpaciu\",\"breadcrumb\":{\"@id\":\"https:\/\/transinfo.pl\/x\/infobus\/podkarpackie-z-nowym-przejsciem-w-malhowicach-na-100-autobusow-dziennie\/#breadcrumb\"},\"inLanguage\":\"pl-PL\",\"potentialAction\":[{\"@type\":\"ReadAction\",\"target\":[\"https:\/\/transinfo.pl\/x\/infobus\/podkarpackie-z-nowym-przejsciem-w-malhowicach-na-100-autobusow-dziennie\/\"]}]},{\"@type\":\"ImageObject\",\"inLanguage\":\"pl-PL\",\"@id\":\"https:\/\/transinfo.pl\/x\/infobus\/podkarpackie-z-nowym-przejsciem-w-malhowicach-na-100-autobusow-dziennie\/#primaryimage\",\"url\":\"https:\/\/transinfo.pl\/x\/wp-content\/uploads\/2024\/03\/autobus-przejscie-graniczne-2.jpg\",\"contentUrl\":\"https:\/\/transinfo.pl\/x\/wp-content\/uploads\/2024\/03\/autobus-przejscie-graniczne-2.jpg\"},{\"@type\":\"BreadcrumbList\",\"@id\":\"https:\/\/transinfo.pl\/x\/infobus\/podkarpackie-z-nowym-przejsciem-w-malhowicach-na-100-autobusow-dziennie\/#breadcrumb\",\"itemListElement\":[{\"@type\":\"ListItem\",\"position\":1,\"name\":\"Home\",\"item\":\"https:\/\/transinfo.pl\/x\/\"},{\"@type\":\"ListItem\",\"position\":2,\"name\":\"Infobus\",\"item\":\"https:\/\/transinfo.pl\/x\/infobus\/\"},{\"@type\":\"ListItem\",\"position\":3,\"name\":\"Podkarpackie z nowym przej\u015bciem w Malhowicach. Na 100 autobus\u00f3w dziennie\"}]},{\"@type\":\"WebSite\",\"@id\":\"https:\/\/transinfo.pl\/x\/#website\",\"url\":\"https:\/\/transinfo.pl\/x\/\",\"name\":\"TransInfo Archiwum\",\"description\":\"Ca\u0142y transport w jednym miejscu\",\"publisher\":{\"@id\":\"https:\/\/transinfo.pl\/x\/#organization\"},\"potentialAction\":[{\"@type\":\"SearchAction\",\"target\":{\"@type\":\"EntryPoint\",\"urlTemplate\":\"https:\/\/transinfo.pl\/x\/?s={search_term_string}\"},\"query-input\":{\"@type\":\"PropertyValueSpecification\",\"valueRequired\":true,\"valueName\":\"search_term_string\"}}],\"inLanguage\":\"pl-PL\"},{\"@type\":\"Organization\",\"@id\":\"https:\/\/transinfo.pl\/x\/#organization\",\"name\":\"TransInfo\",\"url\":\"https:\/\/transinfo.pl\/x\/\",\"logo\":{\"@type\":\"ImageObject\",\"inLanguage\":\"pl-PL\",\"@id\":\"https:\/\/transinfo.pl\/x\/#\/schema\/logo\/image\/\",\"url\":\"https:\/\/transinfo.pl\/x\/wp-content\/uploads\/2024\/10\/favicon.png\",\"contentUrl\":\"https:\/\/transinfo.pl\/x\/wp-content\/uploads\/2024\/10\/favicon.png\",\"width\":512,\"height\":512,\"caption\":\"TransInfo\"},\"image\":{\"@id\":\"https:\/\/transinfo.pl\/x\/#\/schema\/logo\/image\/\"}}]}<\/script>\n<!-- \/ Yoast SEO Premium plugin. -->","yoast_head_json":{"title":"Podkarpackie z nowym przej\u015bciem w Malhowicach. Na 100 autobus\u00f3w dziennie - TransInfo Archiwum","description":"Rozpocz\u0105\u0142 si\u0119 etap wyposa\u017cania w niezb\u0119dny sprz\u0119t do uruchomienia odpraw na przej\u015bciu granicznym z Ukrain\u0105 w Malhowicach na Podkarpaciu","robots":{"index":"index","follow":"follow","max-snippet":"max-snippet:-1","max-image-preview":"max-image-preview:large","max-video-preview":"max-video-preview:-1"},"canonical":"https:\/\/transinfo.pl\/x\/infobus\/podkarpackie-z-nowym-przejsciem-w-malhowicach-na-100-autobusow-dziennie\/","og_locale":"pl_PL","og_type":"article","og_title":"Podkarpackie z nowym przej\u015bciem w Malhowicach. Na 100 autobus\u00f3w dziennie","og_description":"Rozpocz\u0105\u0142 si\u0119 etap wyposa\u017cania w niezb\u0119dny sprz\u0119t do uruchomienia odpraw na przej\u015bciu granicznym z Ukrain\u0105 w Malhowicach na Podkarpaciu","og_url":"https:\/\/transinfo.pl\/x\/infobus\/podkarpackie-z-nowym-przejsciem-w-malhowicach-na-100-autobusow-dziennie\/","og_site_name":"TransInfo Archiwum","og_image":[{"url":"https:\/\/transinfo.pl\/x\/wp-content\/uploads\/2024\/03\/autobus-przejscie-graniczne-2.jpg","width":1,"height":1,"type":"image\/jpeg"}],"twitter_card":"summary_large_image","twitter_misc":{"Szacowany czas czytania":"2 minuty"},"schema":{"@context":"https:\/\/schema.org","@graph":[{"@type":"WebPage","@id":"https:\/\/transinfo.pl\/x\/infobus\/podkarpackie-z-nowym-przejsciem-w-malhowicach-na-100-autobusow-dziennie\/","url":"https:\/\/transinfo.pl\/x\/infobus\/podkarpackie-z-nowym-przejsciem-w-malhowicach-na-100-autobusow-dziennie\/","name":"Podkarpackie z nowym przej\u015bciem w Malhowicach. Na 100 autobus\u00f3w dziennie - TransInfo Archiwum","isPartOf":{"@id":"https:\/\/transinfo.pl\/x\/#website"},"primaryImageOfPage":{"@id":"https:\/\/transinfo.pl\/x\/infobus\/podkarpackie-z-nowym-przejsciem-w-malhowicach-na-100-autobusow-dziennie\/#primaryimage"},"image":{"@id":"https:\/\/transinfo.pl\/x\/infobus\/podkarpackie-z-nowym-przejsciem-w-malhowicach-na-100-autobusow-dziennie\/#primaryimage"},"thumbnailUrl":"https:\/\/transinfo.pl\/x\/wp-content\/uploads\/2024\/03\/autobus-przejscie-graniczne-2.jpg","datePublished":"2024-03-31T17:00:00+00:00","dateModified":"2024-03-31T17:00:00+00:00","description":"Rozpocz\u0105\u0142 si\u0119 etap wyposa\u017cania w niezb\u0119dny sprz\u0119t do uruchomienia odpraw na przej\u015bciu granicznym z Ukrain\u0105 w Malhowicach na Podkarpaciu","breadcrumb":{"@id":"https:\/\/transinfo.pl\/x\/infobus\/podkarpackie-z-nowym-przejsciem-w-malhowicach-na-100-autobusow-dziennie\/#breadcrumb"},"inLanguage":"pl-PL","potentialAction":[{"@type":"ReadAction","target":["https:\/\/transinfo.pl\/x\/infobus\/podkarpackie-z-nowym-przejsciem-w-malhowicach-na-100-autobusow-dziennie\/"]}]},{"@type":"ImageObject","inLanguage":"pl-PL","@id":"https:\/\/transinfo.pl\/x\/infobus\/podkarpackie-z-nowym-przejsciem-w-malhowicach-na-100-autobusow-dziennie\/#primaryimage","url":"https:\/\/transinfo.pl\/x\/wp-content\/uploads\/2024\/03\/autobus-przejscie-graniczne-2.jpg","contentUrl":"https:\/\/transinfo.pl\/x\/wp-content\/uploads\/2024\/03\/autobus-przejscie-graniczne-2.jpg"},{"@type":"BreadcrumbList","@id":"https:\/\/transinfo.pl\/x\/infobus\/podkarpackie-z-nowym-przejsciem-w-malhowicach-na-100-autobusow-dziennie\/#breadcrumb","itemListElement":[{"@type":"ListItem","position":1,"name":"Home","item":"https:\/\/transinfo.pl\/x\/"},{"@type":"ListItem","position":2,"name":"Infobus","item":"https:\/\/transinfo.pl\/x\/infobus\/"},{"@type":"ListItem","position":3,"name":"Podkarpackie z nowym przej\u015bciem w Malhowicach. Na 100 autobus\u00f3w dziennie"}]},{"@type":"WebSite","@id":"https:\/\/transinfo.pl\/x\/#website","url":"https:\/\/transinfo.pl\/x\/","name":"TransInfo Archiwum","description":"Ca\u0142y transport w jednym miejscu","publisher":{"@id":"https:\/\/transinfo.pl\/x\/#organization"},"potentialAction":[{"@type":"SearchAction","target":{"@type":"EntryPoint","urlTemplate":"https:\/\/transinfo.pl\/x\/?s={search_term_string}"},"query-input":{"@type":"PropertyValueSpecification","valueRequired":true,"valueName":"search_term_string"}}],"inLanguage":"pl-PL"},{"@type":"Organization","@id":"https:\/\/transinfo.pl\/x\/#organization","name":"TransInfo","url":"https:\/\/transinfo.pl\/x\/","logo":{"@type":"ImageObject","inLanguage":"pl-PL","@id":"https:\/\/transinfo.pl\/x\/#\/schema\/logo\/image\/","url":"https:\/\/transinfo.pl\/x\/wp-content\/uploads\/2024\/10\/favicon.png","contentUrl":"https:\/\/transinfo.pl\/x\/wp-content\/uploads\/2024\/10\/favicon.png","width":512,"height":512,"caption":"TransInfo"},"image":{"@id":"https:\/\/transinfo.pl\/x\/#\/schema\/logo\/image\/"}}]}},"_links":{"self":[{"href":"https:\/\/transinfo.pl\/x\/wp-json\/wp\/v2\/infobus\/100586","targetHints":{"allow":["GET"]}}],"collection":[{"href":"https:\/\/transinfo.pl\/x\/wp-json\/wp\/v2\/infobus"}],"about":[{"href":"https:\/\/transinfo.pl\/x\/wp-json\/wp\/v2\/types\/infobus"}],"author":[{"embeddable":true,"href":"https:\/\/transinfo.pl\/x\/wp-json\/wp\/v2\/users\/2"}],"replies":[{"embeddable":true,"href":"https:\/\/transinfo.pl\/x\/wp-json\/wp\/v2\/comments?post=100586"}],"wp:featuredmedia":[{"embeddable":true,"href":"https:\/\/transinfo.pl\/x\/wp-json\/wp\/v2\/media\/100587"}],"wp:attachment":[{"href":"https:\/\/transinfo.pl\/x\/wp-json\/wp\/v2\/media?parent=100586"}],"wp:term":[{"taxonomy":"category","embeddable":true,"href":"https:\/\/transinfo.pl\/x\/wp-json\/wp\/v2\/categories?post=100586"},{"taxonomy":"post_tag","embeddable":true,"href":"https:\/\/transinfo.pl\/x\/wp-json\/wp\/v2\/tags?post=100586"}],"curies":[{"name":"wp","href":"https:\/\/api.w.org\/{rel}","templated":true}]}}