{"id":100535,"date":"2024-03-29T09:08:15","date_gmt":"2024-03-29T09:08:15","guid":{"rendered":"https:\/\/transinfo.pl\/x\/infobus\/niemcy-policja-ustalila-ofiary-autobusowego-wypadku-na-a8-wsrod-nich-polka\/"},"modified":"2024-03-29T09:08:15","modified_gmt":"2024-03-29T09:08:15","slug":"niemcy-policja-ustalila-ofiary-autobusowego-wypadku-na-a8-wsrod-nich-polka","status":"publish","type":"infobus","link":"https:\/\/transinfo.pl\/x\/infobus\/niemcy-policja-ustalila-ofiary-autobusowego-wypadku-na-a8-wsrod-nich-polka\/","title":{"rendered":"Niemcy: Policja ustali\u0142a ofiary autobusowego wypadku na A8. W\u015br\u00f3d nich Polka"},"content":{"rendered":"<style>h1,h2,h3,h4,h5,h6{margin:0 0 1.25rem;font-family:Arial,sans-serif;font-weight:600;color:#050505}h1{font-size:1.875rem;line-height:1.1em;text-transform:none}@media(min-width: 768px){h1{font-size:2.375rem}}h2{font-size:1.1875rem;line-height:1.2em;text-transform:uppercase}@media(min-width: 768px){h2{font-size:1.0625rem}}h3{font-size:0.9375rem;line-height:1.4em;font-weight:900;margin-bottom:0.9375rem}h4{font-size:0.875rem;line-height:1.2em;font-weight:500}h5{font-size:0.9375rem;line-height:1.6;font-weight:400}h6{font-size:0.9375rem;line-height:1.6;font-weight:600}\n<\/style>\n<h3 class=\"wp-block-heading\" id=\"h-47-letnia-polka-jest-jedna-z-ofiar-smiertelnych-wypadku-autobusowego-do-ktorego-doszlo-27-marca-na-autostradzie-a9-w-poblizu-lipska-na-wschodzie-niemiec\">47-letnia Polka jest jedn\u0105 z ofiar \u015bmiertelnych wypadku autobusowego, do kt\u00f3rego dosz\u0142o 27 marca na autostradzie A9 w pobli\u017cu Lipska na wschodzie Niemiec. <\/h3>\n\n\n<style>p{margin:0 0 1.5rem}p:last-child{margin:0}p.is-style-uppercase{text-transform:uppercase}p.is-style-preheading{color:#12406a;text-transform:uppercase}p.is-style-leadparagraph{font-size:1rem;line-height:1.625;font-weight:700}@media(min-width: 768px){p.is-style-leadparagraph{font-size:1.125rem;line-height:1.5555555556}}p.has-small-margin{margin-bottom:0.625rem}p.has-small-margin+h1,p.has-small-margin+h2,p.has-small-margin+h3{margin-top:1.875rem}\n<\/style>\n<p>Policja przekaza\u0142a w czwartek informacje na temat to\u017csamo\u015bci trzech spo\u015br\u00f3d czterech os\u00f3b zabitych w wypadku. O tym tragicznym zdarzeniu <a href=\"https:\/\/transinfo.pl\/infobus\/niemcy-wypadek-autokaru-na-autostradzie-a9-pod-lipskiem-relacji-berlin-zurych\/\">pisali\u015bmy w InfoBusie ju\u017c wcze\u015bniej. <\/a><\/p>\n\n\n\n<h2 class=\"wp-block-heading\" id=\"h-cztery-ofiary-smiertelne\">cztery ofiary \u015bmiertelne<\/h2>\n\n\n\n<p>Wszystkie cztery ofiary \u015bmiertelne to kobiety. Opr\u00f3cz Polki zgin\u0119\u0142a 20-letnia Indonezyjka mieszkaj\u0105ca w Berlinie i 19-letnia kobieta z Bawarii na po\u0142udniu Niemiec. To\u017csamo\u015b\u0107 czwartej kobiety nie zosta\u0142a jeszcze ustalona ponad wszelk\u0105 w\u0105tpliwo\u015b\u0107 &#8211; pisze portal tygodnika &#8222;Spiegel&#8221;.<\/p>\n\n\n\n<p>Flixbus z 54 osobami, w tym dwoma kierowcami, zjecha\u0142 z szosy w \u015brod\u0119 rano i przewr\u00f3ci\u0142 si\u0119 na bok. Cztery osoby zgin\u0119\u0142y, sze\u015b\u0107 zosta\u0142o powa\u017cnie rannych, a 29 odnios\u0142o lekkie obra\u017cenia. Wed\u0142ug policji wielu poszkodowanych zosta\u0142o wypisanych ze szpitala po opatrzeniu drobnych obra\u017ce\u0144.<\/p>\n\n\n\n<p>Wi\u0119kszo\u015b\u0107 pasa\u017cer\u00f3w autobusu nie pochodzi\u0142a z Niemiec. Spo\u015br\u00f3d 54 pasa\u017cer\u00f3w, 18 by\u0142o obywatelami RFN, a pozostali pochodzili z ponad 20 kraj\u00f3w, w tym z Peru, Nowej Zelandii, Chin, Kanady i USA.<\/p>\n\n\n\n<p>Autobus uleg\u0142 wypadkowi w drodze z Berlina do Zurychu. Wed\u0142ug przewo\u017anika, kierowca autobusu przestrzega\u0142 wszystkich przepis\u00f3w dotycz\u0105cych czasu prowadzenia pojazdu i odpoczynku. Prokuratura wszcz\u0119\u0142a ju\u017c \u015bledztwo przeciwko kierowcy autobusu &#8211; pisze &#8222;Spiegel&#8221;.<\/p>\n\n\n<style>.wp-block-image{margin:1.25rem 0;text-align:center}.wp-block-image figcaption{padding:0 0.9375rem;text-align:center}\n<\/style>\n<figure class=\"wp-block-image size-full\"><a href=\"https:\/\/transinfo.pl\/wp-content\/uploads\/2024\/03\/autobus-wypadek-niemcy-1-3.jpg\"><img decoding=\"async\" src=\"https:\/\/transinfo.pl\/wp-content\/uploads\/2024\/03\/autobus-wypadek-niemcy-1-3.jpg\" alt=\"Niemcy\/ Polka w\u015br\u00f3d ofiar \u015bmiertelnych wypadku autobusu pod Lipskiem\" class=\"wp-image-469546\" \/><\/a><figcaption class=\"wp-element-caption\">Niemcy\/ Polka w\u015br\u00f3d ofiar \u015bmiertelnych wypadku autobusu pod Lipskiem \/ fot. (Quelle: t-online)<\/figcaption><\/figure>\n","protected":false},"author":2,"featured_media":100536,"comment_status":"","ping_status":"closed","template":"","categories":[24],"tags":[167,2244,374,21252,375],"class_list":["post-100535","infobus","type-infobus","status-publish","has-post-thumbnail","hentry","category-prawo","tag-autobus","tag-autokar","tag-niemcy","tag-turystyczny","tag-wypadek"],"acf":[],"yoast_head":"<!-- This site is optimized with the Yoast SEO Premium plugin v21.8 (Yoast SEO v23.7) - https:\/\/yoast.com\/wordpress\/plugins\/seo\/ -->\n<title>Niemcy: Policja ustali\u0142a ofiary autobusowego wypadku na A8. W\u015br\u00f3d nich Polka - TransInfo Archiwum<\/title>\n<meta name=\"description\" content=\"47-letnia Polka jest jedn\u0105 z ofiar \u015bmiertelnych wypadku autobusowego, do kt\u00f3rego dosz\u0142o 27 marca na autostradzie A9 w pobli\u017cu Lipska.\" \/>\n<meta name=\"robots\" content=\"index, follow, max-snippet:-1, max-image-preview:large, max-video-preview:-1\" \/>\n<link rel=\"canonical\" href=\"https:\/\/transinfo.pl\/x\/infobus\/niemcy-policja-ustalila-ofiary-autobusowego-wypadku-na-a8-wsrod-nich-polka\/\" \/>\n<meta property=\"og:locale\" content=\"pl_PL\" \/>\n<meta property=\"og:type\" content=\"article\" \/>\n<meta property=\"og:title\" content=\"Niemcy: Policja ustali\u0142a ofiary autobusowego wypadku na A8. W\u015br\u00f3d nich Polka\" \/>\n<meta property=\"og:description\" content=\"47-letnia Polka jest jedn\u0105 z ofiar \u015bmiertelnych wypadku autobusowego, do kt\u00f3rego dosz\u0142o 27 marca na autostradzie A9 w pobli\u017cu Lipska.\" \/>\n<meta property=\"og:url\" content=\"https:\/\/transinfo.pl\/x\/infobus\/niemcy-policja-ustalila-ofiary-autobusowego-wypadku-na-a8-wsrod-nich-polka\/\" \/>\n<meta property=\"og:site_name\" content=\"TransInfo Archiwum\" \/>\n<meta property=\"og:image\" content=\"https:\/\/transinfo.pl\/x\/wp-content\/uploads\/2024\/03\/autobus-wypadek-niemcy-2-2.jpg\" \/>\n\t<meta property=\"og:image:width\" content=\"1\" \/>\n\t<meta property=\"og:image:height\" content=\"1\" \/>\n\t<meta property=\"og:image:type\" content=\"image\/jpeg\" \/>\n<meta name=\"twitter:card\" content=\"summary_large_image\" \/>\n<meta name=\"twitter:label1\" content=\"Szacowany czas czytania\" \/>\n\t<meta name=\"twitter:data1\" content=\"1 minuta\" \/>\n<script type=\"application\/ld+json\" class=\"yoast-schema-graph\">{\"@context\":\"https:\/\/schema.org\",\"@graph\":[{\"@type\":\"WebPage\",\"@id\":\"https:\/\/transinfo.pl\/x\/infobus\/niemcy-policja-ustalila-ofiary-autobusowego-wypadku-na-a8-wsrod-nich-polka\/\",\"url\":\"https:\/\/transinfo.pl\/x\/infobus\/niemcy-policja-ustalila-ofiary-autobusowego-wypadku-na-a8-wsrod-nich-polka\/\",\"name\":\"Niemcy: Policja ustali\u0142a ofiary autobusowego wypadku na A8. W\u015br\u00f3d nich Polka - TransInfo Archiwum\",\"isPartOf\":{\"@id\":\"https:\/\/transinfo.pl\/x\/#website\"},\"primaryImageOfPage\":{\"@id\":\"https:\/\/transinfo.pl\/x\/infobus\/niemcy-policja-ustalila-ofiary-autobusowego-wypadku-na-a8-wsrod-nich-polka\/#primaryimage\"},\"image\":{\"@id\":\"https:\/\/transinfo.pl\/x\/infobus\/niemcy-policja-ustalila-ofiary-autobusowego-wypadku-na-a8-wsrod-nich-polka\/#primaryimage\"},\"thumbnailUrl\":\"https:\/\/transinfo.pl\/x\/wp-content\/uploads\/2024\/03\/autobus-wypadek-niemcy-2-2.jpg\",\"datePublished\":\"2024-03-29T09:08:15+00:00\",\"dateModified\":\"2024-03-29T09:08:15+00:00\",\"description\":\"47-letnia Polka jest jedn\u0105 z ofiar \u015bmiertelnych wypadku autobusowego, do kt\u00f3rego dosz\u0142o 27 marca na autostradzie A9 w pobli\u017cu Lipska.\",\"breadcrumb\":{\"@id\":\"https:\/\/transinfo.pl\/x\/infobus\/niemcy-policja-ustalila-ofiary-autobusowego-wypadku-na-a8-wsrod-nich-polka\/#breadcrumb\"},\"inLanguage\":\"pl-PL\",\"potentialAction\":[{\"@type\":\"ReadAction\",\"target\":[\"https:\/\/transinfo.pl\/x\/infobus\/niemcy-policja-ustalila-ofiary-autobusowego-wypadku-na-a8-wsrod-nich-polka\/\"]}]},{\"@type\":\"ImageObject\",\"inLanguage\":\"pl-PL\",\"@id\":\"https:\/\/transinfo.pl\/x\/infobus\/niemcy-policja-ustalila-ofiary-autobusowego-wypadku-na-a8-wsrod-nich-polka\/#primaryimage\",\"url\":\"https:\/\/transinfo.pl\/x\/wp-content\/uploads\/2024\/03\/autobus-wypadek-niemcy-2-2.jpg\",\"contentUrl\":\"https:\/\/transinfo.pl\/x\/wp-content\/uploads\/2024\/03\/autobus-wypadek-niemcy-2-2.jpg\"},{\"@type\":\"BreadcrumbList\",\"@id\":\"https:\/\/transinfo.pl\/x\/infobus\/niemcy-policja-ustalila-ofiary-autobusowego-wypadku-na-a8-wsrod-nich-polka\/#breadcrumb\",\"itemListElement\":[{\"@type\":\"ListItem\",\"position\":1,\"name\":\"Home\",\"item\":\"https:\/\/transinfo.pl\/x\/\"},{\"@type\":\"ListItem\",\"position\":2,\"name\":\"Infobus\",\"item\":\"https:\/\/transinfo.pl\/x\/infobus\/\"},{\"@type\":\"ListItem\",\"position\":3,\"name\":\"Niemcy: Policja ustali\u0142a ofiary autobusowego wypadku na A8. W\u015br\u00f3d nich Polka\"}]},{\"@type\":\"WebSite\",\"@id\":\"https:\/\/transinfo.pl\/x\/#website\",\"url\":\"https:\/\/transinfo.pl\/x\/\",\"name\":\"TransInfo Archiwum\",\"description\":\"Ca\u0142y transport w jednym miejscu\",\"publisher\":{\"@id\":\"https:\/\/transinfo.pl\/x\/#organization\"},\"potentialAction\":[{\"@type\":\"SearchAction\",\"target\":{\"@type\":\"EntryPoint\",\"urlTemplate\":\"https:\/\/transinfo.pl\/x\/?s={search_term_string}\"},\"query-input\":{\"@type\":\"PropertyValueSpecification\",\"valueRequired\":true,\"valueName\":\"search_term_string\"}}],\"inLanguage\":\"pl-PL\"},{\"@type\":\"Organization\",\"@id\":\"https:\/\/transinfo.pl\/x\/#organization\",\"name\":\"TransInfo\",\"url\":\"https:\/\/transinfo.pl\/x\/\",\"logo\":{\"@type\":\"ImageObject\",\"inLanguage\":\"pl-PL\",\"@id\":\"https:\/\/transinfo.pl\/x\/#\/schema\/logo\/image\/\",\"url\":\"https:\/\/transinfo.pl\/x\/wp-content\/uploads\/2024\/10\/favicon.png\",\"contentUrl\":\"https:\/\/transinfo.pl\/x\/wp-content\/uploads\/2024\/10\/favicon.png\",\"width\":512,\"height\":512,\"caption\":\"TransInfo\"},\"image\":{\"@id\":\"https:\/\/transinfo.pl\/x\/#\/schema\/logo\/image\/\"}}]}<\/script>\n<!-- \/ Yoast SEO Premium plugin. -->","yoast_head_json":{"title":"Niemcy: Policja ustali\u0142a ofiary autobusowego wypadku na A8. W\u015br\u00f3d nich Polka - TransInfo Archiwum","description":"47-letnia Polka jest jedn\u0105 z ofiar \u015bmiertelnych wypadku autobusowego, do kt\u00f3rego dosz\u0142o 27 marca na autostradzie A9 w pobli\u017cu Lipska.","robots":{"index":"index","follow":"follow","max-snippet":"max-snippet:-1","max-image-preview":"max-image-preview:large","max-video-preview":"max-video-preview:-1"},"canonical":"https:\/\/transinfo.pl\/x\/infobus\/niemcy-policja-ustalila-ofiary-autobusowego-wypadku-na-a8-wsrod-nich-polka\/","og_locale":"pl_PL","og_type":"article","og_title":"Niemcy: Policja ustali\u0142a ofiary autobusowego wypadku na A8. W\u015br\u00f3d nich Polka","og_description":"47-letnia Polka jest jedn\u0105 z ofiar \u015bmiertelnych wypadku autobusowego, do kt\u00f3rego dosz\u0142o 27 marca na autostradzie A9 w pobli\u017cu Lipska.","og_url":"https:\/\/transinfo.pl\/x\/infobus\/niemcy-policja-ustalila-ofiary-autobusowego-wypadku-na-a8-wsrod-nich-polka\/","og_site_name":"TransInfo Archiwum","og_image":[{"url":"https:\/\/transinfo.pl\/x\/wp-content\/uploads\/2024\/03\/autobus-wypadek-niemcy-2-2.jpg","width":1,"height":1,"type":"image\/jpeg"}],"twitter_card":"summary_large_image","twitter_misc":{"Szacowany czas czytania":"1 minuta"},"schema":{"@context":"https:\/\/schema.org","@graph":[{"@type":"WebPage","@id":"https:\/\/transinfo.pl\/x\/infobus\/niemcy-policja-ustalila-ofiary-autobusowego-wypadku-na-a8-wsrod-nich-polka\/","url":"https:\/\/transinfo.pl\/x\/infobus\/niemcy-policja-ustalila-ofiary-autobusowego-wypadku-na-a8-wsrod-nich-polka\/","name":"Niemcy: Policja ustali\u0142a ofiary autobusowego wypadku na A8. W\u015br\u00f3d nich Polka - TransInfo Archiwum","isPartOf":{"@id":"https:\/\/transinfo.pl\/x\/#website"},"primaryImageOfPage":{"@id":"https:\/\/transinfo.pl\/x\/infobus\/niemcy-policja-ustalila-ofiary-autobusowego-wypadku-na-a8-wsrod-nich-polka\/#primaryimage"},"image":{"@id":"https:\/\/transinfo.pl\/x\/infobus\/niemcy-policja-ustalila-ofiary-autobusowego-wypadku-na-a8-wsrod-nich-polka\/#primaryimage"},"thumbnailUrl":"https:\/\/transinfo.pl\/x\/wp-content\/uploads\/2024\/03\/autobus-wypadek-niemcy-2-2.jpg","datePublished":"2024-03-29T09:08:15+00:00","dateModified":"2024-03-29T09:08:15+00:00","description":"47-letnia Polka jest jedn\u0105 z ofiar \u015bmiertelnych wypadku autobusowego, do kt\u00f3rego dosz\u0142o 27 marca na autostradzie A9 w pobli\u017cu Lipska.","breadcrumb":{"@id":"https:\/\/transinfo.pl\/x\/infobus\/niemcy-policja-ustalila-ofiary-autobusowego-wypadku-na-a8-wsrod-nich-polka\/#breadcrumb"},"inLanguage":"pl-PL","potentialAction":[{"@type":"ReadAction","target":["https:\/\/transinfo.pl\/x\/infobus\/niemcy-policja-ustalila-ofiary-autobusowego-wypadku-na-a8-wsrod-nich-polka\/"]}]},{"@type":"ImageObject","inLanguage":"pl-PL","@id":"https:\/\/transinfo.pl\/x\/infobus\/niemcy-policja-ustalila-ofiary-autobusowego-wypadku-na-a8-wsrod-nich-polka\/#primaryimage","url":"https:\/\/transinfo.pl\/x\/wp-content\/uploads\/2024\/03\/autobus-wypadek-niemcy-2-2.jpg","contentUrl":"https:\/\/transinfo.pl\/x\/wp-content\/uploads\/2024\/03\/autobus-wypadek-niemcy-2-2.jpg"},{"@type":"BreadcrumbList","@id":"https:\/\/transinfo.pl\/x\/infobus\/niemcy-policja-ustalila-ofiary-autobusowego-wypadku-na-a8-wsrod-nich-polka\/#breadcrumb","itemListElement":[{"@type":"ListItem","position":1,"name":"Home","item":"https:\/\/transinfo.pl\/x\/"},{"@type":"ListItem","position":2,"name":"Infobus","item":"https:\/\/transinfo.pl\/x\/infobus\/"},{"@type":"ListItem","position":3,"name":"Niemcy: Policja ustali\u0142a ofiary autobusowego wypadku na A8. W\u015br\u00f3d nich Polka"}]},{"@type":"WebSite","@id":"https:\/\/transinfo.pl\/x\/#website","url":"https:\/\/transinfo.pl\/x\/","name":"TransInfo Archiwum","description":"Ca\u0142y transport w jednym miejscu","publisher":{"@id":"https:\/\/transinfo.pl\/x\/#organization"},"potentialAction":[{"@type":"SearchAction","target":{"@type":"EntryPoint","urlTemplate":"https:\/\/transinfo.pl\/x\/?s={search_term_string}"},"query-input":{"@type":"PropertyValueSpecification","valueRequired":true,"valueName":"search_term_string"}}],"inLanguage":"pl-PL"},{"@type":"Organization","@id":"https:\/\/transinfo.pl\/x\/#organization","name":"TransInfo","url":"https:\/\/transinfo.pl\/x\/","logo":{"@type":"ImageObject","inLanguage":"pl-PL","@id":"https:\/\/transinfo.pl\/x\/#\/schema\/logo\/image\/","url":"https:\/\/transinfo.pl\/x\/wp-content\/uploads\/2024\/10\/favicon.png","contentUrl":"https:\/\/transinfo.pl\/x\/wp-content\/uploads\/2024\/10\/favicon.png","width":512,"height":512,"caption":"TransInfo"},"image":{"@id":"https:\/\/transinfo.pl\/x\/#\/schema\/logo\/image\/"}}]}},"_links":{"self":[{"href":"https:\/\/transinfo.pl\/x\/wp-json\/wp\/v2\/infobus\/100535","targetHints":{"allow":["GET"]}}],"collection":[{"href":"https:\/\/transinfo.pl\/x\/wp-json\/wp\/v2\/infobus"}],"about":[{"href":"https:\/\/transinfo.pl\/x\/wp-json\/wp\/v2\/types\/infobus"}],"author":[{"embeddable":true,"href":"https:\/\/transinfo.pl\/x\/wp-json\/wp\/v2\/users\/2"}],"replies":[{"embeddable":true,"href":"https:\/\/transinfo.pl\/x\/wp-json\/wp\/v2\/comments?post=100535"}],"wp:featuredmedia":[{"embeddable":true,"href":"https:\/\/transinfo.pl\/x\/wp-json\/wp\/v2\/media\/100536"}],"wp:attachment":[{"href":"https:\/\/transinfo.pl\/x\/wp-json\/wp\/v2\/media?parent=100535"}],"wp:term":[{"taxonomy":"category","embeddable":true,"href":"https:\/\/transinfo.pl\/x\/wp-json\/wp\/v2\/categories?post=100535"},{"taxonomy":"post_tag","embeddable":true,"href":"https:\/\/transinfo.pl\/x\/wp-json\/wp\/v2\/tags?post=100535"}],"curies":[{"name":"wp","href":"https:\/\/api.w.org\/{rel}","templated":true}]}}