{"id":100285,"date":"2024-03-20T19:01:24","date_gmt":"2024-03-20T19:01:24","guid":{"rendered":"https:\/\/transinfo.pl\/x\/infobus\/mzk-boleslawiec-ma-4-autobusy-elektryczne-pierwszy-solaris-z-nowej-generacji\/"},"modified":"2024-03-20T19:01:24","modified_gmt":"2024-03-20T19:01:24","slug":"mzk-boleslawiec-ma-4-autobusy-elektryczne-pierwszy-solaris-z-nowej-generacji","status":"publish","type":"infobus","link":"https:\/\/transinfo.pl\/x\/infobus\/mzk-boleslawiec-ma-4-autobusy-elektryczne-pierwszy-solaris-z-nowej-generacji\/","title":{"rendered":"MZK Boles\u0142awiec ma 4 autobusy elektryczne. Pierwszy Solaris z nowej generacji"},"content":{"rendered":"<style>h1,h2,h3,h4,h5,h6{margin:0 0 1.25rem;font-family:Arial,sans-serif;font-weight:600;color:#050505}h1{font-size:1.875rem;line-height:1.1em;text-transform:none}@media(min-width: 768px){h1{font-size:2.375rem}}h2{font-size:1.1875rem;line-height:1.2em;text-transform:uppercase}@media(min-width: 768px){h2{font-size:1.0625rem}}h3{font-size:0.9375rem;line-height:1.4em;font-weight:900;margin-bottom:0.9375rem}h4{font-size:0.875rem;line-height:1.2em;font-weight:500}h5{font-size:0.9375rem;line-height:1.6;font-weight:400}h6{font-size:0.9375rem;line-height:1.6;font-weight:600}\n<\/style>\n<h3 class=\"wp-block-heading\" id=\"h-20-marca-miejski-zaklad-komunikacyjny-w-boleslawcu-uroczyscie-przedstawil-swoj-najnowszy-autobus-elektryczny-solaris-urbino-9-le-electric\">20 marca Miejski Zak\u0142ad Komunikacyjny w Boles\u0142awcu uroczy\u015bcie przedstawi\u0142 sw\u00f3j najnowszy autobus elektryczny &#8211; Solaris Urbino 9 LE electric.<\/h3>\n\n\n<style>p{margin:0 0 1.5rem}p:last-child{margin:0}p.is-style-uppercase{text-transform:uppercase}p.is-style-preheading{color:#12406a;text-transform:uppercase}p.is-style-leadparagraph{font-size:1rem;line-height:1.625;font-weight:700}@media(min-width: 768px){p.is-style-leadparagraph{font-size:1.125rem;line-height:1.5555555556}}p.has-small-margin{margin-bottom:0.625rem}p.has-small-margin+h1,p.has-small-margin+h2,p.has-small-margin+h3{margin-top:1.875rem}\n<\/style>\n<p>Przypomnijmy, \u017ce w taborze MZK Boles\u0142awiec dzia\u0142aj\u0105 ju\u017c trzy elektrobusy (te\u017c marki Solaris), ale z poprzedniej generacji \u2013 Urbino 8,9 LE electric. Najnowszy model to wej\u015bcie MZK w IV generacj\u0119 autobus\u00f3w Solarisa, kt\u00f3re generalnie maj\u0105 ponad 90% udzia\u0142 we flocie dolno\u015bl\u0105skiego przewo\u017anika<\/p>\n\n\n\n<h2 class=\"wp-block-heading\" id=\"h-nowe-urbino\">Nowe urbino<\/h2>\n\n\n\n<p>Uroczysto\u015b\u0107 symbolicznego przekazania kolejnego autobusu elektrycznego odby\u0142a si\u0119 w \u015brod\u0119, 20 marca w Sali Rajc\u00f3w boles\u0142awieckiego ratusza. W trakcie spotkania Piotr Roman, prezydent Boles\u0142awca podkre\u015bla\u0142, \u017ce ka\u017cdy nowy e-bus to kolejny krok w budowie inteligentnego miasta, smart city. Wyrazi\u0142 te\u017c nadziej\u0119 na dalszy rozw\u00f3j sieci komunikacji miejskiej, w\u0142\u0105czaj\u0105c w to mo\u017cliwo\u015b\u0107 uruchomienia nowych linii.<\/p>\n\n\n\n<p>To nie koniec dobrych wie\u015bci dla pasa\u017cer\u00f3w MZK \u2013 planowane jest tak\u017ce zakup kolejnych pi\u0119ciu elektrobus\u00f3w kategorii MIDI przez Miasto Boles\u0142awiec.<\/p>\n\n\n\n<p>Pokazany autobus Urbino 9 LE electric ma silnik Siemens o mocy 230 kM. Energia niezb\u0119dna do jego nap\u0119dzania gromadzona jest w bateriach o ca\u0142kowitej pojemno\u015bci 280 kWh, zasi\u0119g pojazdu ponad 230 km bez do\u0142adowania. Do \u0142adowania baterii zakupiono \u0142adowark\u0119 dwustanowiskow\u0105 o mocy 80 kW. Uzupe\u0142nianie odbywa si\u0119 poprzez z\u0142\u0105cze plug-in.<\/p>\n\n\n\n<p>Jednorazowo na pok\u0142adzie pojazdu mo\u017ce znajdowa\u0107 si\u0119 60 pasa\u017cer\u00f3w, w tym 27 na miejscach siedz\u0105cych. Pasa\u017cerowie b\u0119d\u0105 mieli r\u00f3wnie\u017c dost\u0119p do aplikacji myBus, kt\u00f3ra umo\u017cliwi \u015bledzenie autobusu w czasie rzeczywistym oraz sprawdzanie rozk\u0142adu jazdy i jego aktualnej lokalizacji. <\/p>\n\n\n<style>.wp-block-image{margin:1.25rem 0;text-align:center}.wp-block-image figcaption{padding:0 0.9375rem;text-align:center}\n<\/style>\n<figure class=\"wp-block-image aligncenter size-large\"><img decoding=\"async\" src=\"https:\/\/transinfo.pl\/wp-content\/uploads\/2024\/03\/autobus-solaris-mzk-boleslawiec-12-1024x683.jpg\" alt=\"Kolejny autobus elektryczny od Solarisa dla MZK Boles\u0142awiec. fot. UM Boles\u0142awiec\" class=\"wp-image-468387\" \/><figcaption class=\"wp-element-caption\">Kolejny autobus elektryczny od Solarisa dla MZK Boles\u0142awiec. fot. UM Boles\u0142awiec<\/figcaption><\/figure>\n\n\n\n<h2 class=\"wp-block-heading\" id=\"h-statystyki-mzk\">Statystyki MZK<\/h2>\n\n\n\n<p>W roku 2023 MZK przewi\u00f3z\u0142 3,4 miliona pasa\u017cer\u00f3w, co stanowi wzrost w por\u00f3wnaniu do okresu, gdy komunikacja by\u0142a p\u0142atna i obejmowa\u0142a teren Gminy Boles\u0142awiec, kiedy to MZK przewozi\u0142o oko\u0142o 2 miliony pasa\u017cer\u00f3w rocznie.<\/p>\n\n\n\n<p>Dodajmy, \u017ce boles\u0142awieckie MZK posiada instalacj\u0119 fotowoltaiczn\u0105 o mocy 50 kW.<\/p>\n\n\n<style>.wp-block-quote{border-left:0.1875rem solid var(--page-color);font-size:1rem;font-style:italic;margin:0 0 1.6875rem;padding:1.25rem}.wp-block-quote cite{color:#050505}.wp-block-quote.is-style-large p{margin-bottom:10px}.wp-block-quote.is-style-large cite{color:#12406a}\n<\/style>\n<blockquote class=\"wp-block-quote is-layout-flow wp-block-quote-is-layout-flow\">\n<p>-\u201eDotychczasowe u\u017cytkowanie elektrycznych autobus\u00f3w w Boles\u0142awcu pokaza\u0142o, \u017ce koszty ich eksploatacji s\u0105 ni\u017csze ni\u017c w przypadku tradycyjnych pojazd\u00f3w spalinowych\u201d \u2013 przekaza\u0142o miasto.<\/p>\n<\/blockquote>\n\n\n\n<figure class=\"wp-block-image size-large\"><a href=\"https:\/\/transinfo.pl\/wp-content\/uploads\/2024\/03\/autobus-solaris-mzk-boleslawiec-1.jpg\"><img decoding=\"async\" src=\"https:\/\/transinfo.pl\/wp-content\/uploads\/2024\/03\/autobus-solaris-mzk-boleslawiec-1-1024x683.jpg\" alt=\"Kolejny autobus elektryczny od Solarisa dla MZK Boles\u0142awiec. fot. UM Boles\u0142awiec\" class=\"wp-image-468389\" \/><\/a><figcaption class=\"wp-element-caption\">Kolejny autobus elektryczny od Solarisa dla MZK Boles\u0142awiec. fot. UM Boles\u0142awiec<\/figcaption><\/figure>\n","protected":false},"author":2,"featured_media":100286,"comment_status":"","ping_status":"closed","template":"","categories":[26],"tags":[167,1354,10497,2184,21479,2361,813,6171],"class_list":["post-100285","infobus","type-infobus","status-publish","has-post-thumbnail","hentry","category-przewoznicy","tag-autobus","tag-dofinansowanie","tag-dostawa","tag-elektrobus","tag-miejskie","tag-mzk-boleslawiec","tag-solaris","tag-ztp"],"acf":[],"yoast_head":"<!-- This site is optimized with the Yoast SEO Premium plugin v21.8 (Yoast SEO v23.7) - https:\/\/yoast.com\/wordpress\/plugins\/seo\/ -->\n<title>MZK Boles\u0142awiec ma 4 autobusy elektryczne. Pierwszy Solaris z nowej generacji - TransInfo Archiwum<\/title>\n<meta name=\"description\" content=\"20 marca Miejski Zak\u0142ad Komunikacyjny w Boles\u0142awcu uroczy\u015bcie przedstawi\u0142 sw\u00f3j najnowszy autobus elektryczny - Solaris Urbino 9 LE electric.\" \/>\n<meta name=\"robots\" content=\"index, follow, max-snippet:-1, max-image-preview:large, max-video-preview:-1\" \/>\n<link rel=\"canonical\" href=\"https:\/\/transinfo.pl\/x\/infobus\/mzk-boleslawiec-ma-4-autobusy-elektryczne-pierwszy-solaris-z-nowej-generacji\/\" \/>\n<meta property=\"og:locale\" content=\"pl_PL\" \/>\n<meta property=\"og:type\" content=\"article\" \/>\n<meta property=\"og:title\" content=\"MZK Boles\u0142awiec ma 4 autobusy elektryczne. Pierwszy Solaris z nowej generacji\" \/>\n<meta property=\"og:description\" content=\"20 marca Miejski Zak\u0142ad Komunikacyjny w Boles\u0142awcu uroczy\u015bcie przedstawi\u0142 sw\u00f3j najnowszy autobus elektryczny - Solaris Urbino 9 LE electric.\" \/>\n<meta property=\"og:url\" content=\"https:\/\/transinfo.pl\/x\/infobus\/mzk-boleslawiec-ma-4-autobusy-elektryczne-pierwszy-solaris-z-nowej-generacji\/\" \/>\n<meta property=\"og:site_name\" content=\"TransInfo Archiwum\" \/>\n<meta property=\"og:image\" content=\"https:\/\/transinfo.pl\/x\/wp-content\/uploads\/2024\/03\/autobus-solaris-mzk-boleslawiec-9.jpg\" \/>\n\t<meta property=\"og:image:width\" content=\"1\" \/>\n\t<meta property=\"og:image:height\" content=\"1\" \/>\n\t<meta property=\"og:image:type\" content=\"image\/jpeg\" \/>\n<meta name=\"twitter:card\" content=\"summary_large_image\" \/>\n<meta name=\"twitter:label1\" content=\"Szacowany czas czytania\" \/>\n\t<meta name=\"twitter:data1\" content=\"2 minuty\" \/>\n<script type=\"application\/ld+json\" class=\"yoast-schema-graph\">{\"@context\":\"https:\/\/schema.org\",\"@graph\":[{\"@type\":\"WebPage\",\"@id\":\"https:\/\/transinfo.pl\/x\/infobus\/mzk-boleslawiec-ma-4-autobusy-elektryczne-pierwszy-solaris-z-nowej-generacji\/\",\"url\":\"https:\/\/transinfo.pl\/x\/infobus\/mzk-boleslawiec-ma-4-autobusy-elektryczne-pierwszy-solaris-z-nowej-generacji\/\",\"name\":\"MZK Boles\u0142awiec ma 4 autobusy elektryczne. Pierwszy Solaris z nowej generacji - TransInfo Archiwum\",\"isPartOf\":{\"@id\":\"https:\/\/transinfo.pl\/x\/#website\"},\"primaryImageOfPage\":{\"@id\":\"https:\/\/transinfo.pl\/x\/infobus\/mzk-boleslawiec-ma-4-autobusy-elektryczne-pierwszy-solaris-z-nowej-generacji\/#primaryimage\"},\"image\":{\"@id\":\"https:\/\/transinfo.pl\/x\/infobus\/mzk-boleslawiec-ma-4-autobusy-elektryczne-pierwszy-solaris-z-nowej-generacji\/#primaryimage\"},\"thumbnailUrl\":\"https:\/\/transinfo.pl\/x\/wp-content\/uploads\/2024\/03\/autobus-solaris-mzk-boleslawiec-9.jpg\",\"datePublished\":\"2024-03-20T19:01:24+00:00\",\"dateModified\":\"2024-03-20T19:01:24+00:00\",\"description\":\"20 marca Miejski Zak\u0142ad Komunikacyjny w Boles\u0142awcu uroczy\u015bcie przedstawi\u0142 sw\u00f3j najnowszy autobus elektryczny - Solaris Urbino 9 LE electric.\",\"breadcrumb\":{\"@id\":\"https:\/\/transinfo.pl\/x\/infobus\/mzk-boleslawiec-ma-4-autobusy-elektryczne-pierwszy-solaris-z-nowej-generacji\/#breadcrumb\"},\"inLanguage\":\"pl-PL\",\"potentialAction\":[{\"@type\":\"ReadAction\",\"target\":[\"https:\/\/transinfo.pl\/x\/infobus\/mzk-boleslawiec-ma-4-autobusy-elektryczne-pierwszy-solaris-z-nowej-generacji\/\"]}]},{\"@type\":\"ImageObject\",\"inLanguage\":\"pl-PL\",\"@id\":\"https:\/\/transinfo.pl\/x\/infobus\/mzk-boleslawiec-ma-4-autobusy-elektryczne-pierwszy-solaris-z-nowej-generacji\/#primaryimage\",\"url\":\"https:\/\/transinfo.pl\/x\/wp-content\/uploads\/2024\/03\/autobus-solaris-mzk-boleslawiec-9.jpg\",\"contentUrl\":\"https:\/\/transinfo.pl\/x\/wp-content\/uploads\/2024\/03\/autobus-solaris-mzk-boleslawiec-9.jpg\"},{\"@type\":\"BreadcrumbList\",\"@id\":\"https:\/\/transinfo.pl\/x\/infobus\/mzk-boleslawiec-ma-4-autobusy-elektryczne-pierwszy-solaris-z-nowej-generacji\/#breadcrumb\",\"itemListElement\":[{\"@type\":\"ListItem\",\"position\":1,\"name\":\"Home\",\"item\":\"https:\/\/transinfo.pl\/x\/\"},{\"@type\":\"ListItem\",\"position\":2,\"name\":\"Infobus\",\"item\":\"https:\/\/transinfo.pl\/x\/infobus\/\"},{\"@type\":\"ListItem\",\"position\":3,\"name\":\"MZK Boles\u0142awiec ma 4 autobusy elektryczne. Pierwszy Solaris z nowej generacji\"}]},{\"@type\":\"WebSite\",\"@id\":\"https:\/\/transinfo.pl\/x\/#website\",\"url\":\"https:\/\/transinfo.pl\/x\/\",\"name\":\"TransInfo Archiwum\",\"description\":\"Ca\u0142y transport w jednym miejscu\",\"publisher\":{\"@id\":\"https:\/\/transinfo.pl\/x\/#organization\"},\"potentialAction\":[{\"@type\":\"SearchAction\",\"target\":{\"@type\":\"EntryPoint\",\"urlTemplate\":\"https:\/\/transinfo.pl\/x\/?s={search_term_string}\"},\"query-input\":{\"@type\":\"PropertyValueSpecification\",\"valueRequired\":true,\"valueName\":\"search_term_string\"}}],\"inLanguage\":\"pl-PL\"},{\"@type\":\"Organization\",\"@id\":\"https:\/\/transinfo.pl\/x\/#organization\",\"name\":\"TransInfo\",\"url\":\"https:\/\/transinfo.pl\/x\/\",\"logo\":{\"@type\":\"ImageObject\",\"inLanguage\":\"pl-PL\",\"@id\":\"https:\/\/transinfo.pl\/x\/#\/schema\/logo\/image\/\",\"url\":\"https:\/\/transinfo.pl\/x\/wp-content\/uploads\/2024\/10\/favicon.png\",\"contentUrl\":\"https:\/\/transinfo.pl\/x\/wp-content\/uploads\/2024\/10\/favicon.png\",\"width\":512,\"height\":512,\"caption\":\"TransInfo\"},\"image\":{\"@id\":\"https:\/\/transinfo.pl\/x\/#\/schema\/logo\/image\/\"}}]}<\/script>\n<!-- \/ Yoast SEO Premium plugin. -->","yoast_head_json":{"title":"MZK Boles\u0142awiec ma 4 autobusy elektryczne. Pierwszy Solaris z nowej generacji - TransInfo Archiwum","description":"20 marca Miejski Zak\u0142ad Komunikacyjny w Boles\u0142awcu uroczy\u015bcie przedstawi\u0142 sw\u00f3j najnowszy autobus elektryczny - Solaris Urbino 9 LE electric.","robots":{"index":"index","follow":"follow","max-snippet":"max-snippet:-1","max-image-preview":"max-image-preview:large","max-video-preview":"max-video-preview:-1"},"canonical":"https:\/\/transinfo.pl\/x\/infobus\/mzk-boleslawiec-ma-4-autobusy-elektryczne-pierwszy-solaris-z-nowej-generacji\/","og_locale":"pl_PL","og_type":"article","og_title":"MZK Boles\u0142awiec ma 4 autobusy elektryczne. Pierwszy Solaris z nowej generacji","og_description":"20 marca Miejski Zak\u0142ad Komunikacyjny w Boles\u0142awcu uroczy\u015bcie przedstawi\u0142 sw\u00f3j najnowszy autobus elektryczny - Solaris Urbino 9 LE electric.","og_url":"https:\/\/transinfo.pl\/x\/infobus\/mzk-boleslawiec-ma-4-autobusy-elektryczne-pierwszy-solaris-z-nowej-generacji\/","og_site_name":"TransInfo Archiwum","og_image":[{"url":"https:\/\/transinfo.pl\/x\/wp-content\/uploads\/2024\/03\/autobus-solaris-mzk-boleslawiec-9.jpg","width":1,"height":1,"type":"image\/jpeg"}],"twitter_card":"summary_large_image","twitter_misc":{"Szacowany czas czytania":"2 minuty"},"schema":{"@context":"https:\/\/schema.org","@graph":[{"@type":"WebPage","@id":"https:\/\/transinfo.pl\/x\/infobus\/mzk-boleslawiec-ma-4-autobusy-elektryczne-pierwszy-solaris-z-nowej-generacji\/","url":"https:\/\/transinfo.pl\/x\/infobus\/mzk-boleslawiec-ma-4-autobusy-elektryczne-pierwszy-solaris-z-nowej-generacji\/","name":"MZK Boles\u0142awiec ma 4 autobusy elektryczne. Pierwszy Solaris z nowej generacji - TransInfo Archiwum","isPartOf":{"@id":"https:\/\/transinfo.pl\/x\/#website"},"primaryImageOfPage":{"@id":"https:\/\/transinfo.pl\/x\/infobus\/mzk-boleslawiec-ma-4-autobusy-elektryczne-pierwszy-solaris-z-nowej-generacji\/#primaryimage"},"image":{"@id":"https:\/\/transinfo.pl\/x\/infobus\/mzk-boleslawiec-ma-4-autobusy-elektryczne-pierwszy-solaris-z-nowej-generacji\/#primaryimage"},"thumbnailUrl":"https:\/\/transinfo.pl\/x\/wp-content\/uploads\/2024\/03\/autobus-solaris-mzk-boleslawiec-9.jpg","datePublished":"2024-03-20T19:01:24+00:00","dateModified":"2024-03-20T19:01:24+00:00","description":"20 marca Miejski Zak\u0142ad Komunikacyjny w Boles\u0142awcu uroczy\u015bcie przedstawi\u0142 sw\u00f3j najnowszy autobus elektryczny - Solaris Urbino 9 LE electric.","breadcrumb":{"@id":"https:\/\/transinfo.pl\/x\/infobus\/mzk-boleslawiec-ma-4-autobusy-elektryczne-pierwszy-solaris-z-nowej-generacji\/#breadcrumb"},"inLanguage":"pl-PL","potentialAction":[{"@type":"ReadAction","target":["https:\/\/transinfo.pl\/x\/infobus\/mzk-boleslawiec-ma-4-autobusy-elektryczne-pierwszy-solaris-z-nowej-generacji\/"]}]},{"@type":"ImageObject","inLanguage":"pl-PL","@id":"https:\/\/transinfo.pl\/x\/infobus\/mzk-boleslawiec-ma-4-autobusy-elektryczne-pierwszy-solaris-z-nowej-generacji\/#primaryimage","url":"https:\/\/transinfo.pl\/x\/wp-content\/uploads\/2024\/03\/autobus-solaris-mzk-boleslawiec-9.jpg","contentUrl":"https:\/\/transinfo.pl\/x\/wp-content\/uploads\/2024\/03\/autobus-solaris-mzk-boleslawiec-9.jpg"},{"@type":"BreadcrumbList","@id":"https:\/\/transinfo.pl\/x\/infobus\/mzk-boleslawiec-ma-4-autobusy-elektryczne-pierwszy-solaris-z-nowej-generacji\/#breadcrumb","itemListElement":[{"@type":"ListItem","position":1,"name":"Home","item":"https:\/\/transinfo.pl\/x\/"},{"@type":"ListItem","position":2,"name":"Infobus","item":"https:\/\/transinfo.pl\/x\/infobus\/"},{"@type":"ListItem","position":3,"name":"MZK Boles\u0142awiec ma 4 autobusy elektryczne. Pierwszy Solaris z nowej generacji"}]},{"@type":"WebSite","@id":"https:\/\/transinfo.pl\/x\/#website","url":"https:\/\/transinfo.pl\/x\/","name":"TransInfo Archiwum","description":"Ca\u0142y transport w jednym miejscu","publisher":{"@id":"https:\/\/transinfo.pl\/x\/#organization"},"potentialAction":[{"@type":"SearchAction","target":{"@type":"EntryPoint","urlTemplate":"https:\/\/transinfo.pl\/x\/?s={search_term_string}"},"query-input":{"@type":"PropertyValueSpecification","valueRequired":true,"valueName":"search_term_string"}}],"inLanguage":"pl-PL"},{"@type":"Organization","@id":"https:\/\/transinfo.pl\/x\/#organization","name":"TransInfo","url":"https:\/\/transinfo.pl\/x\/","logo":{"@type":"ImageObject","inLanguage":"pl-PL","@id":"https:\/\/transinfo.pl\/x\/#\/schema\/logo\/image\/","url":"https:\/\/transinfo.pl\/x\/wp-content\/uploads\/2024\/10\/favicon.png","contentUrl":"https:\/\/transinfo.pl\/x\/wp-content\/uploads\/2024\/10\/favicon.png","width":512,"height":512,"caption":"TransInfo"},"image":{"@id":"https:\/\/transinfo.pl\/x\/#\/schema\/logo\/image\/"}}]}},"_links":{"self":[{"href":"https:\/\/transinfo.pl\/x\/wp-json\/wp\/v2\/infobus\/100285","targetHints":{"allow":["GET"]}}],"collection":[{"href":"https:\/\/transinfo.pl\/x\/wp-json\/wp\/v2\/infobus"}],"about":[{"href":"https:\/\/transinfo.pl\/x\/wp-json\/wp\/v2\/types\/infobus"}],"author":[{"embeddable":true,"href":"https:\/\/transinfo.pl\/x\/wp-json\/wp\/v2\/users\/2"}],"replies":[{"embeddable":true,"href":"https:\/\/transinfo.pl\/x\/wp-json\/wp\/v2\/comments?post=100285"}],"wp:featuredmedia":[{"embeddable":true,"href":"https:\/\/transinfo.pl\/x\/wp-json\/wp\/v2\/media\/100286"}],"wp:attachment":[{"href":"https:\/\/transinfo.pl\/x\/wp-json\/wp\/v2\/media?parent=100285"}],"wp:term":[{"taxonomy":"category","embeddable":true,"href":"https:\/\/transinfo.pl\/x\/wp-json\/wp\/v2\/categories?post=100285"},{"taxonomy":"post_tag","embeddable":true,"href":"https:\/\/transinfo.pl\/x\/wp-json\/wp\/v2\/tags?post=100285"}],"curies":[{"name":"wp","href":"https:\/\/api.w.org\/{rel}","templated":true}]}}