{"id":100246,"date":"2024-03-19T18:01:00","date_gmt":"2024-03-19T18:01:00","guid":{"rendered":"https:\/\/transinfo.pl\/x\/infobus\/solaris-zamknal-autobusowy-kontrakt-dla-mzk-piotrkow-elektryczna-dwunastka\/"},"modified":"2024-03-19T18:01:00","modified_gmt":"2024-03-19T18:01:00","slug":"solaris-zamknal-autobusowy-kontrakt-dla-mzk-piotrkow-elektryczna-dwunastka","status":"publish","type":"infobus","link":"https:\/\/transinfo.pl\/x\/infobus\/solaris-zamknal-autobusowy-kontrakt-dla-mzk-piotrkow-elektryczna-dwunastka\/","title":{"rendered":"Solaris zamkn\u0105\u0142 autobusowy kontrakt dla MZK Piotrk\u00f3w. Elektryczna dwunastka"},"content":{"rendered":"<style>h1,h2,h3,h4,h5,h6{margin:0 0 1.25rem;font-family:Arial,sans-serif;font-weight:600;color:#050505}h1{font-size:1.875rem;line-height:1.1em;text-transform:none}@media(min-width: 768px){h1{font-size:2.375rem}}h2{font-size:1.1875rem;line-height:1.2em;text-transform:uppercase}@media(min-width: 768px){h2{font-size:1.0625rem}}h3{font-size:0.9375rem;line-height:1.4em;font-weight:900;margin-bottom:0.9375rem}h4{font-size:0.875rem;line-height:1.2em;font-weight:500}h5{font-size:0.9375rem;line-height:1.6;font-weight:400}h6{font-size:0.9375rem;line-height:1.6;font-weight:600}\n<\/style>\n<h3 class=\"wp-block-heading\" id=\"h-15-marca-kolejnych-piec-autobusow-elektrycznych-solaris-urbino-12-electric-wyjechalo-na-piotrkowskie-ulice\">15 marca kolejnych pi\u0119\u0107 autobus\u00f3w elektrycznych Solaris Urbino 12 electric wyjecha\u0142o na piotrkowskie ulice.<\/h3>\n\n\n<style>p{margin:0 0 1.5rem}p:last-child{margin:0}p.is-style-uppercase{text-transform:uppercase}p.is-style-preheading{color:#12406a;text-transform:uppercase}p.is-style-leadparagraph{font-size:1rem;line-height:1.625;font-weight:700}@media(min-width: 768px){p.is-style-leadparagraph{font-size:1.125rem;line-height:1.5555555556}}p.has-small-margin{margin-bottom:0.625rem}p.has-small-margin+h1,p.has-small-margin+h2,p.has-small-margin+h3{margin-top:1.875rem}\n<\/style>\n<p>Pojazdy b\u0119d\u0105 obs\u0142ugiwa\u0107 ruch pasa\u017cerski na wszystkich liniach. Dodajmy, \u017ce obiorami elektrobus\u00f3w <a href=\"https:\/\/transinfo.pl\/infobus\/mzk-piotrkow-bedzie-mial-12-autobusow-elektrycznych-od-solarisa-odbiory-z-ptc\/\">zajmuje si\u0119 firma PTC Marcin Gromadzki<\/a> i to II etap dostaw e-bus\u00f3w dla MZK Piotrk\u00f3w Trybunalski. Pierwsza si\u00f3demka dzia\u0142a ju\u017c w \u0142\u00f3dzkim mie\u015bcie od wrze\u015bnia 2023 roku. A to nie koniec miejskich e-zakup\u00f3w.<\/p>\n\n\n\n<h2 class=\"wp-block-heading\" id=\"h-autobusowa-flota\">Autobusowa flota<\/h2>\n\n\n\n<p>Dzi\u0119ki ostatnim zam\u00f3wieniom, w piotrkowskiej komunikacji miejskiej eksploatowanych jest 18 nowoczesnych autobus\u00f3w, w tym:<\/p>\n\n\n<style>.page-content ul:not([class]),.acf-block ul:not([class]),.editor-rich-text ul,ol{padding-left:0.9375rem;margin-top:0;margin-bottom:1.5rem}.page-content ul:not([class]) ul,.page-content ul:not([class]) ol,.acf-block ul:not([class]) ul,.acf-block ul:not([class]) ol,.editor-rich-text ul ul,.editor-rich-text ul ol,ol ul,ol ol{margin:0}.page-content ul:not([class]) li,.acf-block ul:not([class]) li,.editor-rich-text ul li,ol li{margin-bottom:1.5rem}ul.with-icons{list-style:none;margin-left:0;padding-left:0}ul.with-icons li{margin-bottom:1.875rem}ul.with-icons li img{margin-bottom:15px}\n<\/style>\n<ul class=\"wp-block-list\">\n<li>5 szt. Solaris\u00f3w Urbino 12 hybrid;<\/li>\n<\/ul>\n\n\n\n<ul class=\"wp-block-list\">\n<li>12 szt. Solaris Urbino 12 electric.<\/li>\n<\/ul>\n\n\n<style>.wp-block-quote{border-left:0.1875rem solid var(--page-color);font-size:1rem;font-style:italic;margin:0 0 1.6875rem;padding:1.25rem}.wp-block-quote cite{color:#050505}.wp-block-quote.is-style-large p{margin-bottom:10px}.wp-block-quote.is-style-large cite{color:#12406a}\n<\/style>\n<blockquote class=\"wp-block-quote is-layout-flow wp-block-quote-is-layout-flow\">\n<p>-\u201eLinie komunikacji miejskiej obs\u0142uguj\u0105 ju\u017c 12 zeroemisyjnych autobus\u00f3w elektrycznych, z kt\u00f3rych pierwsza partia, sk\u0142adaj\u0105ca si\u0119 z 7 sztuk, zosta\u0142a wprowadzona do eksploatacji we wrze\u015bniu 2023 r. Dodatkowo, od ponad roku ruch pasa\u017cerski obs\u0142ugiwany jest przez sze\u015b\u0107 nowoczesnych autobus\u00f3w hybrydowych \u2013 przekaza\u0142 prezydent Krzysztof Chojniak, dodaj\u0105c, \u017ce miasto z\u0142o\u017cy\u0142o wniosek o dofinansowanie zakupu kolejnych 10 autobus\u00f3w elektrycznych.<\/p>\n<\/blockquote>\n\n\n\n<p>Dodajmy, \u017ce w Piotrkowie Trybunalskim postanowiono na model do\u0142adowywania pojazd\u00f3w na trasie poprzez pantograf umieszczony na poje\u017adzie. Autobusy maj\u0105 wi\u0119c bardzo wysok\u0105 operacyjno\u015b\u0107.<\/p>\n\n\n\n<p>Koszt zakupu autobus\u00f3w elektrycznych wyni\u00f3s\u0142 11&nbsp;650&nbsp;000,00 z\u0142 netto, czyli 14&nbsp;329&nbsp;500,00 z\u0142 brutto, z czego 75% koszt\u00f3w kwalifikowanych zosta\u0142o dofinansowanych przez NFO\u015aiGW w ramach programu ZTP (8&nbsp;737&nbsp;500,00 z\u0142).<\/p>\n\n\n\n<p>\u0141\u0105czne nak\u0142ady poniesione przez miasto na odnow\u0119 floty MZK oraz wybudowanie infrastruktury do \u0142adowania autobus\u00f3w elektrycznych to ponad 53 mln z\u0142, z w tym dofinansowanie 22,1 mln z\u0142.\u00a0Umowa z producentem obejmuje nie tylko zakup autobus\u00f3w, ale te\u017c\u00a0serwis\u00a0gwarancyjny\u00a0i pogwarancyjny\u00a0oraz szkolenia z obs\u0142ugi autobus\u00f3w dla kierowc\u00f3w i os\u00f3b, kt\u00f3re b\u0119d\u0105 je naprawia\u0107.<\/p>\n\n\n<style>.wp-block-image{margin:1.25rem 0;text-align:center}.wp-block-image figcaption{padding:0 0.9375rem;text-align:center}\n<\/style>\n<figure class=\"wp-block-image size-large\"><img decoding=\"async\" src=\"https:\/\/transinfo.pl\/wp-content\/uploads\/2024\/03\/autobus-piotrkow-1-1-1024x694.jpg\" alt=\"Kolejne autobusy elektryczne wyjecha\u0142y na piotrkowskie ulice. \" class=\"wp-image-468191\" \/><figcaption class=\"wp-element-caption\">Kolejne autobusy elektryczne wyjecha\u0142y na piotrkowskie ulice \/ fot. UM Piotrk\u00f3w Tryb.<\/figcaption><\/figure>\n\n\n\n<h2 class=\"wp-block-heading\" id=\"h-piotrkowski-standard\">Piotrkowski standard<\/h2>\n\n\n\n<p>Wprowadzone\u00a0do ruchu &#8222;elektryki&#8221; mog\u0105\u00a0przewie\u017a\u0107 ok. 75 pasa\u017cer\u00f3w, w tym 31 na miejscach siedz\u0105cych. Ponadto pojazdy wyposa\u017cone s\u0105 m.in. w:<\/p>\n\n\n\n<ul class=\"wp-block-list\">\n<li>system odzyskiwania energii podczas hamowania i jazdy z g\u00f3ry, energia wykorzystywana b\u0119dzie do do\u0142adowania akumulator\u00f3w;<\/li>\n\n\n\n<li>funkcj\u0119 przykl\u0119ku uruchamian\u0105 przez kierowc\u0119 w czasie postoju, przy otwartych<br>i zamkni\u0119tych drzwiach;<\/li>\n\n\n\n<li>klimatyzacj\u0119 kabiny kierowcy oraz przedzia\u0142u pasa\u017cerskiego;<\/li>\n\n\n\n<li>automatyczny system wykrywania i gaszenia po\u017caru;<\/li>\n\n\n\n<li>\u0142adowarki USB w przedziale pasa\u017cerskim;<\/li>\n\n\n\n<li>wydzielone miejsce na w\u00f3zek inwalidzki lub dzieci\u0119cy naprzeciwko II drzwi;<\/li>\n\n\n\n<li>system informacji pasa\u017cerskiej, w sk\u0142ad, kt\u00f3rego wejd\u0105 elektroniczne tablice kierunkowe, 2 wewn\u0119trzne monitory LCD pokazuj\u0105ce tras\u0119 przejazdu oraz komunikaty i system g\u0142osowej zapowiedzi przystank\u00f3w;<\/li>\n\n\n\n<li>monitoring przestrzeni pasa\u017cerskiej, kabiny kierowcy oraz obszaru przed czo\u0142em pojazdu, za pojazdem oraz prawego boku pojazdu.<\/li>\n<\/ul>\n\n\n\n<figure class=\"wp-block-image aligncenter size-large\"><img decoding=\"async\" src=\"https:\/\/transinfo.pl\/wp-content\/uploads\/2024\/03\/autobus-piotrkow-1-5-1024x577.jpg\" alt=\"Kolejne autobusy elektryczne wyjecha\u0142y na piotrkowskie ulice. \" class=\"wp-image-468192\" \/><figcaption class=\"wp-element-caption\">Kolejne autobusy elektryczne wyjecha\u0142y na piotrkowskie ulice \/ fot. UM Piotrk\u00f3w Tryb.<\/figcaption><\/figure>\n","protected":false},"author":2,"featured_media":0,"comment_status":"","ping_status":"closed","template":"","categories":[26],"tags":[167,1354,10497,2184,5808,8061,813,6171],"class_list":["post-100246","infobus","type-infobus","status-publish","hentry","category-przewoznicy","tag-autobus","tag-dofinansowanie","tag-dostawa","tag-elektrobus","tag-miejski","tag-mzk-piotrkow-tryb","tag-solaris","tag-ztp"],"acf":[],"yoast_head":"<!-- This site is optimized with the Yoast SEO Premium plugin v21.8 (Yoast SEO v23.7) - https:\/\/yoast.com\/wordpress\/plugins\/seo\/ -->\n<title>Solaris zamkn\u0105\u0142 autobusowy kontrakt dla MZK Piotrk\u00f3w. Elektryczna dwunastka - TransInfo Archiwum<\/title>\n<meta name=\"description\" content=\"15 marca kolejnych pi\u0119\u0107 autobus\u00f3w elektrycznych Solaris Urbino 12 electric wyjecha\u0142o na piotrkowskie ulice.\" \/>\n<meta name=\"robots\" content=\"index, follow, max-snippet:-1, max-image-preview:large, max-video-preview:-1\" \/>\n<link rel=\"canonical\" href=\"https:\/\/transinfo.pl\/x\/infobus\/solaris-zamknal-autobusowy-kontrakt-dla-mzk-piotrkow-elektryczna-dwunastka\/\" \/>\n<meta property=\"og:locale\" content=\"pl_PL\" \/>\n<meta property=\"og:type\" content=\"article\" \/>\n<meta property=\"og:title\" content=\"Solaris zamkn\u0105\u0142 autobusowy kontrakt dla MZK Piotrk\u00f3w. Elektryczna dwunastka\" \/>\n<meta property=\"og:description\" content=\"15 marca kolejnych pi\u0119\u0107 autobus\u00f3w elektrycznych Solaris Urbino 12 electric wyjecha\u0142o na piotrkowskie ulice.\" \/>\n<meta property=\"og:url\" content=\"https:\/\/transinfo.pl\/x\/infobus\/solaris-zamknal-autobusowy-kontrakt-dla-mzk-piotrkow-elektryczna-dwunastka\/\" \/>\n<meta property=\"og:site_name\" content=\"TransInfo Archiwum\" \/>\n<meta property=\"og:image\" content=\"http:\/\/default\" \/>\n<meta name=\"twitter:card\" content=\"summary_large_image\" \/>\n<meta name=\"twitter:label1\" content=\"Szacowany czas czytania\" \/>\n\t<meta name=\"twitter:data1\" content=\"2 minuty\" \/>\n<script type=\"application\/ld+json\" class=\"yoast-schema-graph\">{\"@context\":\"https:\/\/schema.org\",\"@graph\":[{\"@type\":\"WebPage\",\"@id\":\"https:\/\/transinfo.pl\/x\/infobus\/solaris-zamknal-autobusowy-kontrakt-dla-mzk-piotrkow-elektryczna-dwunastka\/\",\"url\":\"https:\/\/transinfo.pl\/x\/infobus\/solaris-zamknal-autobusowy-kontrakt-dla-mzk-piotrkow-elektryczna-dwunastka\/\",\"name\":\"Solaris zamkn\u0105\u0142 autobusowy kontrakt dla MZK Piotrk\u00f3w. Elektryczna dwunastka - TransInfo Archiwum\",\"isPartOf\":{\"@id\":\"https:\/\/transinfo.pl\/x\/#website\"},\"primaryImageOfPage\":{\"@id\":\"https:\/\/transinfo.pl\/x\/infobus\/solaris-zamknal-autobusowy-kontrakt-dla-mzk-piotrkow-elektryczna-dwunastka\/#primaryimage\"},\"image\":{\"@id\":\"https:\/\/transinfo.pl\/x\/infobus\/solaris-zamknal-autobusowy-kontrakt-dla-mzk-piotrkow-elektryczna-dwunastka\/#primaryimage\"},\"thumbnailUrl\":\"https:\/\/transinfo.pl\/wp-content\/uploads\/2024\/03\/autobus-piotrkow-1-1-1024x694.jpg\",\"datePublished\":\"2024-03-19T18:01:00+00:00\",\"dateModified\":\"2024-03-19T18:01:00+00:00\",\"description\":\"15 marca kolejnych pi\u0119\u0107 autobus\u00f3w elektrycznych Solaris Urbino 12 electric wyjecha\u0142o na piotrkowskie ulice.\",\"breadcrumb\":{\"@id\":\"https:\/\/transinfo.pl\/x\/infobus\/solaris-zamknal-autobusowy-kontrakt-dla-mzk-piotrkow-elektryczna-dwunastka\/#breadcrumb\"},\"inLanguage\":\"pl-PL\",\"potentialAction\":[{\"@type\":\"ReadAction\",\"target\":[\"https:\/\/transinfo.pl\/x\/infobus\/solaris-zamknal-autobusowy-kontrakt-dla-mzk-piotrkow-elektryczna-dwunastka\/\"]}]},{\"@type\":\"ImageObject\",\"inLanguage\":\"pl-PL\",\"@id\":\"https:\/\/transinfo.pl\/x\/infobus\/solaris-zamknal-autobusowy-kontrakt-dla-mzk-piotrkow-elektryczna-dwunastka\/#primaryimage\",\"url\":\"https:\/\/transinfo.pl\/wp-content\/uploads\/2024\/03\/autobus-piotrkow-1-1-1024x694.jpg\",\"contentUrl\":\"https:\/\/transinfo.pl\/wp-content\/uploads\/2024\/03\/autobus-piotrkow-1-1-1024x694.jpg\"},{\"@type\":\"BreadcrumbList\",\"@id\":\"https:\/\/transinfo.pl\/x\/infobus\/solaris-zamknal-autobusowy-kontrakt-dla-mzk-piotrkow-elektryczna-dwunastka\/#breadcrumb\",\"itemListElement\":[{\"@type\":\"ListItem\",\"position\":1,\"name\":\"Home\",\"item\":\"https:\/\/transinfo.pl\/x\/\"},{\"@type\":\"ListItem\",\"position\":2,\"name\":\"Infobus\",\"item\":\"https:\/\/transinfo.pl\/x\/infobus\/\"},{\"@type\":\"ListItem\",\"position\":3,\"name\":\"Solaris zamkn\u0105\u0142 autobusowy kontrakt dla MZK Piotrk\u00f3w. Elektryczna dwunastka\"}]},{\"@type\":\"WebSite\",\"@id\":\"https:\/\/transinfo.pl\/x\/#website\",\"url\":\"https:\/\/transinfo.pl\/x\/\",\"name\":\"TransInfo Archiwum\",\"description\":\"Ca\u0142y transport w jednym miejscu\",\"publisher\":{\"@id\":\"https:\/\/transinfo.pl\/x\/#organization\"},\"potentialAction\":[{\"@type\":\"SearchAction\",\"target\":{\"@type\":\"EntryPoint\",\"urlTemplate\":\"https:\/\/transinfo.pl\/x\/?s={search_term_string}\"},\"query-input\":{\"@type\":\"PropertyValueSpecification\",\"valueRequired\":true,\"valueName\":\"search_term_string\"}}],\"inLanguage\":\"pl-PL\"},{\"@type\":\"Organization\",\"@id\":\"https:\/\/transinfo.pl\/x\/#organization\",\"name\":\"TransInfo\",\"url\":\"https:\/\/transinfo.pl\/x\/\",\"logo\":{\"@type\":\"ImageObject\",\"inLanguage\":\"pl-PL\",\"@id\":\"https:\/\/transinfo.pl\/x\/#\/schema\/logo\/image\/\",\"url\":\"https:\/\/transinfo.pl\/x\/wp-content\/uploads\/2024\/10\/favicon.png\",\"contentUrl\":\"https:\/\/transinfo.pl\/x\/wp-content\/uploads\/2024\/10\/favicon.png\",\"width\":512,\"height\":512,\"caption\":\"TransInfo\"},\"image\":{\"@id\":\"https:\/\/transinfo.pl\/x\/#\/schema\/logo\/image\/\"}}]}<\/script>\n<!-- \/ Yoast SEO Premium plugin. -->","yoast_head_json":{"title":"Solaris zamkn\u0105\u0142 autobusowy kontrakt dla MZK Piotrk\u00f3w. Elektryczna dwunastka - TransInfo Archiwum","description":"15 marca kolejnych pi\u0119\u0107 autobus\u00f3w elektrycznych Solaris Urbino 12 electric wyjecha\u0142o na piotrkowskie ulice.","robots":{"index":"index","follow":"follow","max-snippet":"max-snippet:-1","max-image-preview":"max-image-preview:large","max-video-preview":"max-video-preview:-1"},"canonical":"https:\/\/transinfo.pl\/x\/infobus\/solaris-zamknal-autobusowy-kontrakt-dla-mzk-piotrkow-elektryczna-dwunastka\/","og_locale":"pl_PL","og_type":"article","og_title":"Solaris zamkn\u0105\u0142 autobusowy kontrakt dla MZK Piotrk\u00f3w. Elektryczna dwunastka","og_description":"15 marca kolejnych pi\u0119\u0107 autobus\u00f3w elektrycznych Solaris Urbino 12 electric wyjecha\u0142o na piotrkowskie ulice.","og_url":"https:\/\/transinfo.pl\/x\/infobus\/solaris-zamknal-autobusowy-kontrakt-dla-mzk-piotrkow-elektryczna-dwunastka\/","og_site_name":"TransInfo Archiwum","og_image":[{"url":"default"}],"twitter_card":"summary_large_image","twitter_misc":{"Szacowany czas czytania":"2 minuty"},"schema":{"@context":"https:\/\/schema.org","@graph":[{"@type":"WebPage","@id":"https:\/\/transinfo.pl\/x\/infobus\/solaris-zamknal-autobusowy-kontrakt-dla-mzk-piotrkow-elektryczna-dwunastka\/","url":"https:\/\/transinfo.pl\/x\/infobus\/solaris-zamknal-autobusowy-kontrakt-dla-mzk-piotrkow-elektryczna-dwunastka\/","name":"Solaris zamkn\u0105\u0142 autobusowy kontrakt dla MZK Piotrk\u00f3w. Elektryczna dwunastka - TransInfo Archiwum","isPartOf":{"@id":"https:\/\/transinfo.pl\/x\/#website"},"primaryImageOfPage":{"@id":"https:\/\/transinfo.pl\/x\/infobus\/solaris-zamknal-autobusowy-kontrakt-dla-mzk-piotrkow-elektryczna-dwunastka\/#primaryimage"},"image":{"@id":"https:\/\/transinfo.pl\/x\/infobus\/solaris-zamknal-autobusowy-kontrakt-dla-mzk-piotrkow-elektryczna-dwunastka\/#primaryimage"},"thumbnailUrl":"https:\/\/transinfo.pl\/wp-content\/uploads\/2024\/03\/autobus-piotrkow-1-1-1024x694.jpg","datePublished":"2024-03-19T18:01:00+00:00","dateModified":"2024-03-19T18:01:00+00:00","description":"15 marca kolejnych pi\u0119\u0107 autobus\u00f3w elektrycznych Solaris Urbino 12 electric wyjecha\u0142o na piotrkowskie ulice.","breadcrumb":{"@id":"https:\/\/transinfo.pl\/x\/infobus\/solaris-zamknal-autobusowy-kontrakt-dla-mzk-piotrkow-elektryczna-dwunastka\/#breadcrumb"},"inLanguage":"pl-PL","potentialAction":[{"@type":"ReadAction","target":["https:\/\/transinfo.pl\/x\/infobus\/solaris-zamknal-autobusowy-kontrakt-dla-mzk-piotrkow-elektryczna-dwunastka\/"]}]},{"@type":"ImageObject","inLanguage":"pl-PL","@id":"https:\/\/transinfo.pl\/x\/infobus\/solaris-zamknal-autobusowy-kontrakt-dla-mzk-piotrkow-elektryczna-dwunastka\/#primaryimage","url":"https:\/\/transinfo.pl\/wp-content\/uploads\/2024\/03\/autobus-piotrkow-1-1-1024x694.jpg","contentUrl":"https:\/\/transinfo.pl\/wp-content\/uploads\/2024\/03\/autobus-piotrkow-1-1-1024x694.jpg"},{"@type":"BreadcrumbList","@id":"https:\/\/transinfo.pl\/x\/infobus\/solaris-zamknal-autobusowy-kontrakt-dla-mzk-piotrkow-elektryczna-dwunastka\/#breadcrumb","itemListElement":[{"@type":"ListItem","position":1,"name":"Home","item":"https:\/\/transinfo.pl\/x\/"},{"@type":"ListItem","position":2,"name":"Infobus","item":"https:\/\/transinfo.pl\/x\/infobus\/"},{"@type":"ListItem","position":3,"name":"Solaris zamkn\u0105\u0142 autobusowy kontrakt dla MZK Piotrk\u00f3w. Elektryczna dwunastka"}]},{"@type":"WebSite","@id":"https:\/\/transinfo.pl\/x\/#website","url":"https:\/\/transinfo.pl\/x\/","name":"TransInfo Archiwum","description":"Ca\u0142y transport w jednym miejscu","publisher":{"@id":"https:\/\/transinfo.pl\/x\/#organization"},"potentialAction":[{"@type":"SearchAction","target":{"@type":"EntryPoint","urlTemplate":"https:\/\/transinfo.pl\/x\/?s={search_term_string}"},"query-input":{"@type":"PropertyValueSpecification","valueRequired":true,"valueName":"search_term_string"}}],"inLanguage":"pl-PL"},{"@type":"Organization","@id":"https:\/\/transinfo.pl\/x\/#organization","name":"TransInfo","url":"https:\/\/transinfo.pl\/x\/","logo":{"@type":"ImageObject","inLanguage":"pl-PL","@id":"https:\/\/transinfo.pl\/x\/#\/schema\/logo\/image\/","url":"https:\/\/transinfo.pl\/x\/wp-content\/uploads\/2024\/10\/favicon.png","contentUrl":"https:\/\/transinfo.pl\/x\/wp-content\/uploads\/2024\/10\/favicon.png","width":512,"height":512,"caption":"TransInfo"},"image":{"@id":"https:\/\/transinfo.pl\/x\/#\/schema\/logo\/image\/"}}]}},"_links":{"self":[{"href":"https:\/\/transinfo.pl\/x\/wp-json\/wp\/v2\/infobus\/100246","targetHints":{"allow":["GET"]}}],"collection":[{"href":"https:\/\/transinfo.pl\/x\/wp-json\/wp\/v2\/infobus"}],"about":[{"href":"https:\/\/transinfo.pl\/x\/wp-json\/wp\/v2\/types\/infobus"}],"author":[{"embeddable":true,"href":"https:\/\/transinfo.pl\/x\/wp-json\/wp\/v2\/users\/2"}],"replies":[{"embeddable":true,"href":"https:\/\/transinfo.pl\/x\/wp-json\/wp\/v2\/comments?post=100246"}],"wp:attachment":[{"href":"https:\/\/transinfo.pl\/x\/wp-json\/wp\/v2\/media?parent=100246"}],"wp:term":[{"taxonomy":"category","embeddable":true,"href":"https:\/\/transinfo.pl\/x\/wp-json\/wp\/v2\/categories?post=100246"},{"taxonomy":"post_tag","embeddable":true,"href":"https:\/\/transinfo.pl\/x\/wp-json\/wp\/v2\/tags?post=100246"}],"curies":[{"name":"wp","href":"https:\/\/api.w.org\/{rel}","templated":true}]}}