{"id":100237,"date":"2024-03-19T13:00:00","date_gmt":"2024-03-19T13:00:00","guid":{"rendered":"https:\/\/transinfo.pl\/x\/infobus\/mzk-opole-dmucha-na-zimne-autobusy-elektryczne-trwa-szkolenie-strazakow\/"},"modified":"2024-03-19T13:00:00","modified_gmt":"2024-03-19T13:00:00","slug":"mzk-opole-dmucha-na-zimne-autobusy-elektryczne-trwa-szkolenie-strazakow","status":"publish","type":"infobus","link":"https:\/\/transinfo.pl\/x\/infobus\/mzk-opole-dmucha-na-zimne-autobusy-elektryczne-trwa-szkolenie-strazakow\/","title":{"rendered":"MZK Opole dmucha na zimne &#8230; autobusy elektryczne. Trwa szkolenie stra\u017cak\u00f3w."},"content":{"rendered":"<style>h1,h2,h3,h4,h5,h6{margin:0 0 1.25rem;font-family:Arial,sans-serif;font-weight:600;color:#050505}h1{font-size:1.875rem;line-height:1.1em;text-transform:none}@media(min-width: 768px){h1{font-size:2.375rem}}h2{font-size:1.1875rem;line-height:1.2em;text-transform:uppercase}@media(min-width: 768px){h2{font-size:1.0625rem}}h3{font-size:0.9375rem;line-height:1.4em;font-weight:900;margin-bottom:0.9375rem}h4{font-size:0.875rem;line-height:1.2em;font-weight:500}h5{font-size:0.9375rem;line-height:1.6;font-weight:400}h6{font-size:0.9375rem;line-height:1.6;font-weight:600}\n<\/style>\n<h3 class=\"wp-block-heading\" id=\"h-18-marca-strazacy-z-komendy-miejskiej-panstwowej-strazy-pozarnej-w-opolu-rozpoczeli-kolejne-szkolenie-w-zakresie-autobusow-elektrycznych\">18 marca stra\u017cacy z Komendy Miejskiej Pa\u0144stwowej Stra\u017cy Po\u017carnej w Opolu rozpocz\u0119li kolejne szkolenie w zakresie autobus\u00f3w elektrycznych. <\/h3>\n\n\n<style>p{margin:0 0 1.5rem}p:last-child{margin:0}p.is-style-uppercase{text-transform:uppercase}p.is-style-preheading{color:#12406a;text-transform:uppercase}p.is-style-leadparagraph{font-size:1rem;line-height:1.625;font-weight:700}@media(min-width: 768px){p.is-style-leadparagraph{font-size:1.125rem;line-height:1.5555555556}}p.has-small-margin{margin-bottom:0.625rem}p.has-small-margin+h1,p.has-small-margin+h2,p.has-small-margin+h3{margin-top:1.875rem}\n<\/style>\n<p>Szkolenie zosta\u0142o zorganizowane przez MZK Opole na p\u0119tli autobusowej przy ul. Pu\u017caka i obejmowa\u0142o m.in. zapoznanie si\u0119 z systemami tych autobus\u00f3w w zdarzeniach awaryjnych oraz kompleksowe szkolenie, w jaki spos\u00f3b nale\u017cy gasi\u0107 po\u017cary w takich pojazdach. Szkolenia stra\u017cak\u00f3w z MZK potrwaj\u0105 do \u015brody (20.03).<\/p>\n\n\n\n<h2 class=\"wp-block-heading\" id=\"h-30-zawodowych-strazakow\">30 zawodowych stra\u017cak\u00f3w<\/h2>\n\n\n\n<p>W \u0107wiczeniach wzi\u0119\u0142o udzia\u0142 30 zawodowych stra\u017cak\u00f3w z Miejskiej Pa\u0144stwowej Stra\u017cy Po\u017carnej w Opolu. Stra\u017cacy opr\u00f3cz budowy e-bus\u00f3w, poznali te\u017c zasady dzia\u0142ania pantografu, czyli szybkiej \u0142adowarki, a tak\u017ce przyjrzeli si\u0119 procesowi \u0142adowania autobusu elektrycznego. <\/p>\n\n\n<style>.wp-block-quote{border-left:0.1875rem solid var(--page-color);font-size:1rem;font-style:italic;margin:0 0 1.6875rem;padding:1.25rem}.wp-block-quote cite{color:#050505}.wp-block-quote.is-style-large p{margin-bottom:10px}.wp-block-quote.is-style-large cite{color:#12406a}\n<\/style>\n<blockquote class=\"wp-block-quote is-layout-flow wp-block-quote-is-layout-flow\">\n<p>-&#8222;<em>Celem tych \u0107wicze\u0144 jest zapoznanie si\u0119 z obs\u0142ug\u0105 pojazd\u00f3w o nap\u0119dzie elektrycznym przy zdarzeniach awaryjnych, przy r\u00f3\u017cnych zagro\u017ceniach zwi\u0105zanych z pojazdami o takim nap\u0119dzie<\/em> \u2013 m\u00f3wi st. kpt. Piotr Bibu\u0142owicz, zast\u0119pca dow\u00f3dcy Jednostki Ratowniczo-Ga\u015bniczej nr 2 w Opolu. \u2013 <em>Przede wszystkim zapoznajemy si\u0119 z obs\u0142ug\u0105 takiego pojazdu, omawiamy r\u00f3\u017cne zagro\u017cenia zwi\u0105azne z jego obs\u0142ug\u0105 oraz konstrujc\u0105 oraz konstrukcj\u0105 i rozwa\u017camy r\u00f3\u017cne scenariusze na wypadek zdarze\u0144 awaryjnych.<\/em><\/p>\n<\/blockquote>\n\n\n\n<p>Jak m\u00f3wi Marcin Kik, kierownik dzia\u0142u technicznego w Miejski Zak\u0142adzie Komunikacyjnym w Opolu, celem szkolenia jest tak\u017ce wypracowanie wsp\u00f3lnych schemat\u00f3w dzia\u0142ania w sytuacjach potencjalnego zagro\u017cenia, tak aby by\u0142y efektywne i skuteczne.<\/p>\n\n\n\n<blockquote class=\"wp-block-quote is-layout-flow wp-block-quote-is-layout-flow\">\n<p>-&#8222;<em>Paki bateryjne, kt\u00f3re zasilaj\u0105 autobusy elektryczne, kumuluj\u0105 bardzo du\u017ce ilo\u015bci energii. W momencie zagro\u017cenia, mo\u017ce doj\u015b\u0107 do powstania ognia. W tym momencie stra\u017cacy musz\u0105 wiedzie\u0107, gdzie te paki s\u0105 zlokalizowane, gdzie i jak mo\u017cna roz\u0142\u0105czy\u0107 wysokie napi\u0119cie, tak, \u017ceby jak najbezpieczniej przyst\u0105pi\u0107 do eliminowania zagro\u017cenia. Do ugaszenia po\u017caru baterii elektrycznej trzeba zu\u017cy\u0107 du\u017co wi\u0119cej wody. W przypadku zagro\u017cenia po\u017carowego na pewno nie obejdzie si\u0119 bez przyjazdu stra\u017cy. Je\u015bli chodzi o nasze autobusy, zabezpieczamy si\u0119 systemami gaszenia i detekcji po\u017caru powstaj\u0105cych w komorze autobusu, a je\u015bli chodzi o paki bateryjne, zastosowali\u015bmy system spowalniania palno\u015bci tych pak\u00f3w. Co on nam daje? Nie zgasi co prawda po\u017caru baterii, ale pozwoli zyska\u0107 czas, niezb\u0119dny do ewakuacji pasa\u017cer\u00f3w, poinformowanie s\u0142u\u017cb \u2013 dyspozytora i stra\u017cy po\u017carnej. Tak, \u017ceby kierowca m\u00f3g\u0142 bezpiecznie przeprowadzi\u0107 te czynno\u015bci i r\u00f3wnie\u017c opu\u015bci\u0107 autobus.<\/em><\/p>\n<\/blockquote>\n\n\n<style>.wp-block-embed{margin:2.5rem 0;position:relative;padding-bottom:56.25%;overflow:hidden;max-width:100%;height:auto}.wp-block-embed.wp-embed-aspect-21-9{padding-bottom:42.85%}.wp-block-embed.wp-embed-aspect-18-9{padding-bottom:50%}.wp-block-embed.wp-embed-aspect-16-9{padding-bottom:56.25%}.wp-block-embed.wp-embed-aspect-4-3{padding-bottom:75%}.wp-block-embed.wp-embed-aspect-1-1{padding-bottom:100%}.wp-block-embed.wp-embed-aspect-9-16{padding-bottom:177.77%}.wp-block-embed.wp-embed-aspect-1-2{padding-bottom:200%}.wp-block-embed iframe{position:absolute;top:0;left:0;width:100%;height:100%;transform:translateX(0)}\n<\/style>\n<figure class=\"wp-block-embed is-type-video is-provider-youtube wp-block-embed-youtube wp-embed-aspect-16-9 wp-has-aspect-ratio\"><div class=\"wp-block-embed__wrapper\">\n<iframe loading=\"lazy\" title=\"Opolscy stra\u017cacy przeszkoleni. Tematem instrukta\u017cu by\u0142y miejskie autobusy\" width=\"500\" height=\"281\" src=\"https:\/\/www.youtube.com\/embed\/2IKGTp_qnas?feature=oembed\" frameborder=\"0\" allow=\"accelerometer; autoplay; clipboard-write; encrypted-media; gyroscope; picture-in-picture; web-share\" referrerpolicy=\"strict-origin-when-cross-origin\" allowfullscreen><\/iframe>\n<\/div><figcaption class=\"wp-element-caption\">Opolscy stra\u017cacy przeszkoleni z miejskich autobus\u00f3w elektrycznych.<\/figcaption><\/figure>\n\n\n\n<p>Stra\u017cacy przyznaj\u0105, \u017ce takie szkolenia s\u0105 niezb\u0119dne do zapewnienia bezpiecze\u0144stwa, r\u00f3wnie\u017c ich samych.<\/p>\n\n\n\n<blockquote class=\"wp-block-quote is-layout-flow wp-block-quote-is-layout-flow\">\n<p><em>Dotychczas mieli\u015bmy do czynienia ze szkoleniami z aut osobowych, natomiast mo\u017cna zaobserwowa\u0107 w mie\u015bcie coraz cz\u0119\u015bciej pojawiaj\u0105ce si\u0119 autobusy elektryczne. Stanowi\u0105 one dla nas zawsze zagro\u017cenie po\u017carowe, dlatego warto wiedzie\u0107, warto si\u0119 szkoli\u0107 z tych element\u00f3w, kt\u00f3re mog\u0105 nam si\u0119 przyda\u0107 w pracy<\/em> \u2013 zaznaczy\u0142 m\u0142odszy ogniomistrz \u0141ukasz Markiewicz.<\/p>\n<\/blockquote>\n\n\n\n<p>Dla stra\u017cak\u00f3w wa\u017cne jest m.in. <em>rozmieszczenie baterii, modu\u0142\u00f3w oraz wszystkie elementy zwi\u0105zane z bezpiecze\u0144stwem po\u017carowym. <\/em><\/p>\n\n\n\n<blockquote class=\"wp-block-quote is-layout-flow wp-block-quote-is-layout-flow\">\n<p>-&#8222;W jakim momencie mo\u017cemy pozby\u0107 si\u0119 np. wysokiego napi\u0119cia , kt\u00f3re stanowi najwi\u0119ksze zagro\u017cenie dla stra\u017cak\u00f3w, co zrobi\u0107, kiedy ten po\u017car ju\u017c zacznie si\u0119 rozwija\u0107, jak funkcjonuj\u0105 systemy bezpiecze\u0144stwa, zainstalowane w autobusach i czego my si\u0119 mo\u017cemy spodziewa\u0107 po przyje\u017adzie na miejsce zdarzenia &#8211; doda\u0142 \u0141ukasz Markiewicz.<\/p>\n<\/blockquote>\n\n\n<style>.wp-block-image{margin:1.25rem 0;text-align:center}.wp-block-image figcaption{padding:0 0.9375rem;text-align:center}\n<\/style>\n<figure class=\"wp-block-image aligncenter size-full\"><a href=\"https:\/\/transinfo.pl\/wp-content\/uploads\/2024\/03\/strazacy3-1024x577-1.jpg\"><img decoding=\"async\" src=\"https:\/\/transinfo.pl\/wp-content\/uploads\/2024\/03\/strazacy3-1024x577-1.jpg\" alt=\"Opolscy stra\u017cacy przeszkoleni z miejskich autobus\u00f3w elektrycznych. \" class=\"wp-image-468219\" \/><\/a><figcaption class=\"wp-element-caption\">Opolscy stra\u017cacy przeszkoleni z miejskich autobus\u00f3w elektrycznych \/ fot. MZK Opole<\/figcaption><\/figure>\n","protected":false},"author":2,"featured_media":100238,"comment_status":"","ping_status":"closed","template":"","categories":[26],"tags":[167,2184,2401,813,2827,938],"class_list":["post-100237","infobus","type-infobus","status-publish","has-post-thumbnail","hentry","category-przewoznicy","tag-autobus","tag-elektrobus","tag-mzk-opole","tag-solaris","tag-straz","tag-szkolenie"],"acf":[],"yoast_head":"<!-- This site is optimized with the Yoast SEO Premium plugin v21.8 (Yoast SEO v23.7) - https:\/\/yoast.com\/wordpress\/plugins\/seo\/ -->\n<title>MZK Opole dmucha na zimne ... autobusy elektryczne. Trwa szkolenie stra\u017cak\u00f3w. - TransInfo Archiwum<\/title>\n<meta name=\"description\" content=\"18 marca stra\u017cacy z Komendy Miejskiej Pa\u0144stwowej Stra\u017cy Po\u017carnej w Opolu rozpocz\u0119li kolejne szkolenie w zakresie autobus\u00f3w elektrycznych.\" \/>\n<meta name=\"robots\" content=\"index, follow, max-snippet:-1, max-image-preview:large, max-video-preview:-1\" \/>\n<link rel=\"canonical\" href=\"https:\/\/transinfo.pl\/x\/infobus\/mzk-opole-dmucha-na-zimne-autobusy-elektryczne-trwa-szkolenie-strazakow\/\" \/>\n<meta property=\"og:locale\" content=\"pl_PL\" \/>\n<meta property=\"og:type\" content=\"article\" \/>\n<meta property=\"og:title\" content=\"MZK Opole dmucha na zimne ... autobusy elektryczne. Trwa szkolenie stra\u017cak\u00f3w.\" \/>\n<meta property=\"og:description\" content=\"18 marca stra\u017cacy z Komendy Miejskiej Pa\u0144stwowej Stra\u017cy Po\u017carnej w Opolu rozpocz\u0119li kolejne szkolenie w zakresie autobus\u00f3w elektrycznych.\" \/>\n<meta property=\"og:url\" content=\"https:\/\/transinfo.pl\/x\/infobus\/mzk-opole-dmucha-na-zimne-autobusy-elektryczne-trwa-szkolenie-strazakow\/\" \/>\n<meta property=\"og:site_name\" content=\"TransInfo Archiwum\" \/>\n<meta property=\"og:image\" content=\"https:\/\/transinfo.pl\/x\/wp-content\/uploads\/2024\/03\/autobus-solaris-mzk-opole-straz.jpg\" \/>\n\t<meta property=\"og:image:width\" content=\"1\" \/>\n\t<meta property=\"og:image:height\" content=\"1\" \/>\n\t<meta property=\"og:image:type\" content=\"image\/jpeg\" \/>\n<meta name=\"twitter:card\" content=\"summary_large_image\" \/>\n<meta name=\"twitter:label1\" content=\"Szacowany czas czytania\" \/>\n\t<meta name=\"twitter:data1\" content=\"3 minuty\" \/>\n<script type=\"application\/ld+json\" class=\"yoast-schema-graph\">{\"@context\":\"https:\/\/schema.org\",\"@graph\":[{\"@type\":\"WebPage\",\"@id\":\"https:\/\/transinfo.pl\/x\/infobus\/mzk-opole-dmucha-na-zimne-autobusy-elektryczne-trwa-szkolenie-strazakow\/\",\"url\":\"https:\/\/transinfo.pl\/x\/infobus\/mzk-opole-dmucha-na-zimne-autobusy-elektryczne-trwa-szkolenie-strazakow\/\",\"name\":\"MZK Opole dmucha na zimne ... autobusy elektryczne. Trwa szkolenie stra\u017cak\u00f3w. - TransInfo Archiwum\",\"isPartOf\":{\"@id\":\"https:\/\/transinfo.pl\/x\/#website\"},\"primaryImageOfPage\":{\"@id\":\"https:\/\/transinfo.pl\/x\/infobus\/mzk-opole-dmucha-na-zimne-autobusy-elektryczne-trwa-szkolenie-strazakow\/#primaryimage\"},\"image\":{\"@id\":\"https:\/\/transinfo.pl\/x\/infobus\/mzk-opole-dmucha-na-zimne-autobusy-elektryczne-trwa-szkolenie-strazakow\/#primaryimage\"},\"thumbnailUrl\":\"https:\/\/transinfo.pl\/x\/wp-content\/uploads\/2024\/03\/autobus-solaris-mzk-opole-straz.jpg\",\"datePublished\":\"2024-03-19T13:00:00+00:00\",\"dateModified\":\"2024-03-19T13:00:00+00:00\",\"description\":\"18 marca stra\u017cacy z Komendy Miejskiej Pa\u0144stwowej Stra\u017cy Po\u017carnej w Opolu rozpocz\u0119li kolejne szkolenie w zakresie autobus\u00f3w elektrycznych.\",\"breadcrumb\":{\"@id\":\"https:\/\/transinfo.pl\/x\/infobus\/mzk-opole-dmucha-na-zimne-autobusy-elektryczne-trwa-szkolenie-strazakow\/#breadcrumb\"},\"inLanguage\":\"pl-PL\",\"potentialAction\":[{\"@type\":\"ReadAction\",\"target\":[\"https:\/\/transinfo.pl\/x\/infobus\/mzk-opole-dmucha-na-zimne-autobusy-elektryczne-trwa-szkolenie-strazakow\/\"]}]},{\"@type\":\"ImageObject\",\"inLanguage\":\"pl-PL\",\"@id\":\"https:\/\/transinfo.pl\/x\/infobus\/mzk-opole-dmucha-na-zimne-autobusy-elektryczne-trwa-szkolenie-strazakow\/#primaryimage\",\"url\":\"https:\/\/transinfo.pl\/x\/wp-content\/uploads\/2024\/03\/autobus-solaris-mzk-opole-straz.jpg\",\"contentUrl\":\"https:\/\/transinfo.pl\/x\/wp-content\/uploads\/2024\/03\/autobus-solaris-mzk-opole-straz.jpg\"},{\"@type\":\"BreadcrumbList\",\"@id\":\"https:\/\/transinfo.pl\/x\/infobus\/mzk-opole-dmucha-na-zimne-autobusy-elektryczne-trwa-szkolenie-strazakow\/#breadcrumb\",\"itemListElement\":[{\"@type\":\"ListItem\",\"position\":1,\"name\":\"Home\",\"item\":\"https:\/\/transinfo.pl\/x\/\"},{\"@type\":\"ListItem\",\"position\":2,\"name\":\"Infobus\",\"item\":\"https:\/\/transinfo.pl\/x\/infobus\/\"},{\"@type\":\"ListItem\",\"position\":3,\"name\":\"MZK Opole dmucha na zimne &#8230; autobusy elektryczne. Trwa szkolenie stra\u017cak\u00f3w.\"}]},{\"@type\":\"WebSite\",\"@id\":\"https:\/\/transinfo.pl\/x\/#website\",\"url\":\"https:\/\/transinfo.pl\/x\/\",\"name\":\"TransInfo Archiwum\",\"description\":\"Ca\u0142y transport w jednym miejscu\",\"publisher\":{\"@id\":\"https:\/\/transinfo.pl\/x\/#organization\"},\"potentialAction\":[{\"@type\":\"SearchAction\",\"target\":{\"@type\":\"EntryPoint\",\"urlTemplate\":\"https:\/\/transinfo.pl\/x\/?s={search_term_string}\"},\"query-input\":{\"@type\":\"PropertyValueSpecification\",\"valueRequired\":true,\"valueName\":\"search_term_string\"}}],\"inLanguage\":\"pl-PL\"},{\"@type\":\"Organization\",\"@id\":\"https:\/\/transinfo.pl\/x\/#organization\",\"name\":\"TransInfo\",\"url\":\"https:\/\/transinfo.pl\/x\/\",\"logo\":{\"@type\":\"ImageObject\",\"inLanguage\":\"pl-PL\",\"@id\":\"https:\/\/transinfo.pl\/x\/#\/schema\/logo\/image\/\",\"url\":\"https:\/\/transinfo.pl\/x\/wp-content\/uploads\/2024\/10\/favicon.png\",\"contentUrl\":\"https:\/\/transinfo.pl\/x\/wp-content\/uploads\/2024\/10\/favicon.png\",\"width\":512,\"height\":512,\"caption\":\"TransInfo\"},\"image\":{\"@id\":\"https:\/\/transinfo.pl\/x\/#\/schema\/logo\/image\/\"}}]}<\/script>\n<!-- \/ Yoast SEO Premium plugin. -->","yoast_head_json":{"title":"MZK Opole dmucha na zimne ... autobusy elektryczne. Trwa szkolenie stra\u017cak\u00f3w. - TransInfo Archiwum","description":"18 marca stra\u017cacy z Komendy Miejskiej Pa\u0144stwowej Stra\u017cy Po\u017carnej w Opolu rozpocz\u0119li kolejne szkolenie w zakresie autobus\u00f3w elektrycznych.","robots":{"index":"index","follow":"follow","max-snippet":"max-snippet:-1","max-image-preview":"max-image-preview:large","max-video-preview":"max-video-preview:-1"},"canonical":"https:\/\/transinfo.pl\/x\/infobus\/mzk-opole-dmucha-na-zimne-autobusy-elektryczne-trwa-szkolenie-strazakow\/","og_locale":"pl_PL","og_type":"article","og_title":"MZK Opole dmucha na zimne ... autobusy elektryczne. Trwa szkolenie stra\u017cak\u00f3w.","og_description":"18 marca stra\u017cacy z Komendy Miejskiej Pa\u0144stwowej Stra\u017cy Po\u017carnej w Opolu rozpocz\u0119li kolejne szkolenie w zakresie autobus\u00f3w elektrycznych.","og_url":"https:\/\/transinfo.pl\/x\/infobus\/mzk-opole-dmucha-na-zimne-autobusy-elektryczne-trwa-szkolenie-strazakow\/","og_site_name":"TransInfo Archiwum","og_image":[{"url":"https:\/\/transinfo.pl\/x\/wp-content\/uploads\/2024\/03\/autobus-solaris-mzk-opole-straz.jpg","width":1,"height":1,"type":"image\/jpeg"}],"twitter_card":"summary_large_image","twitter_misc":{"Szacowany czas czytania":"3 minuty"},"schema":{"@context":"https:\/\/schema.org","@graph":[{"@type":"WebPage","@id":"https:\/\/transinfo.pl\/x\/infobus\/mzk-opole-dmucha-na-zimne-autobusy-elektryczne-trwa-szkolenie-strazakow\/","url":"https:\/\/transinfo.pl\/x\/infobus\/mzk-opole-dmucha-na-zimne-autobusy-elektryczne-trwa-szkolenie-strazakow\/","name":"MZK Opole dmucha na zimne ... autobusy elektryczne. Trwa szkolenie stra\u017cak\u00f3w. - TransInfo Archiwum","isPartOf":{"@id":"https:\/\/transinfo.pl\/x\/#website"},"primaryImageOfPage":{"@id":"https:\/\/transinfo.pl\/x\/infobus\/mzk-opole-dmucha-na-zimne-autobusy-elektryczne-trwa-szkolenie-strazakow\/#primaryimage"},"image":{"@id":"https:\/\/transinfo.pl\/x\/infobus\/mzk-opole-dmucha-na-zimne-autobusy-elektryczne-trwa-szkolenie-strazakow\/#primaryimage"},"thumbnailUrl":"https:\/\/transinfo.pl\/x\/wp-content\/uploads\/2024\/03\/autobus-solaris-mzk-opole-straz.jpg","datePublished":"2024-03-19T13:00:00+00:00","dateModified":"2024-03-19T13:00:00+00:00","description":"18 marca stra\u017cacy z Komendy Miejskiej Pa\u0144stwowej Stra\u017cy Po\u017carnej w Opolu rozpocz\u0119li kolejne szkolenie w zakresie autobus\u00f3w elektrycznych.","breadcrumb":{"@id":"https:\/\/transinfo.pl\/x\/infobus\/mzk-opole-dmucha-na-zimne-autobusy-elektryczne-trwa-szkolenie-strazakow\/#breadcrumb"},"inLanguage":"pl-PL","potentialAction":[{"@type":"ReadAction","target":["https:\/\/transinfo.pl\/x\/infobus\/mzk-opole-dmucha-na-zimne-autobusy-elektryczne-trwa-szkolenie-strazakow\/"]}]},{"@type":"ImageObject","inLanguage":"pl-PL","@id":"https:\/\/transinfo.pl\/x\/infobus\/mzk-opole-dmucha-na-zimne-autobusy-elektryczne-trwa-szkolenie-strazakow\/#primaryimage","url":"https:\/\/transinfo.pl\/x\/wp-content\/uploads\/2024\/03\/autobus-solaris-mzk-opole-straz.jpg","contentUrl":"https:\/\/transinfo.pl\/x\/wp-content\/uploads\/2024\/03\/autobus-solaris-mzk-opole-straz.jpg"},{"@type":"BreadcrumbList","@id":"https:\/\/transinfo.pl\/x\/infobus\/mzk-opole-dmucha-na-zimne-autobusy-elektryczne-trwa-szkolenie-strazakow\/#breadcrumb","itemListElement":[{"@type":"ListItem","position":1,"name":"Home","item":"https:\/\/transinfo.pl\/x\/"},{"@type":"ListItem","position":2,"name":"Infobus","item":"https:\/\/transinfo.pl\/x\/infobus\/"},{"@type":"ListItem","position":3,"name":"MZK Opole dmucha na zimne &#8230; autobusy elektryczne. Trwa szkolenie stra\u017cak\u00f3w."}]},{"@type":"WebSite","@id":"https:\/\/transinfo.pl\/x\/#website","url":"https:\/\/transinfo.pl\/x\/","name":"TransInfo Archiwum","description":"Ca\u0142y transport w jednym miejscu","publisher":{"@id":"https:\/\/transinfo.pl\/x\/#organization"},"potentialAction":[{"@type":"SearchAction","target":{"@type":"EntryPoint","urlTemplate":"https:\/\/transinfo.pl\/x\/?s={search_term_string}"},"query-input":{"@type":"PropertyValueSpecification","valueRequired":true,"valueName":"search_term_string"}}],"inLanguage":"pl-PL"},{"@type":"Organization","@id":"https:\/\/transinfo.pl\/x\/#organization","name":"TransInfo","url":"https:\/\/transinfo.pl\/x\/","logo":{"@type":"ImageObject","inLanguage":"pl-PL","@id":"https:\/\/transinfo.pl\/x\/#\/schema\/logo\/image\/","url":"https:\/\/transinfo.pl\/x\/wp-content\/uploads\/2024\/10\/favicon.png","contentUrl":"https:\/\/transinfo.pl\/x\/wp-content\/uploads\/2024\/10\/favicon.png","width":512,"height":512,"caption":"TransInfo"},"image":{"@id":"https:\/\/transinfo.pl\/x\/#\/schema\/logo\/image\/"}}]}},"_links":{"self":[{"href":"https:\/\/transinfo.pl\/x\/wp-json\/wp\/v2\/infobus\/100237","targetHints":{"allow":["GET"]}}],"collection":[{"href":"https:\/\/transinfo.pl\/x\/wp-json\/wp\/v2\/infobus"}],"about":[{"href":"https:\/\/transinfo.pl\/x\/wp-json\/wp\/v2\/types\/infobus"}],"author":[{"embeddable":true,"href":"https:\/\/transinfo.pl\/x\/wp-json\/wp\/v2\/users\/2"}],"replies":[{"embeddable":true,"href":"https:\/\/transinfo.pl\/x\/wp-json\/wp\/v2\/comments?post=100237"}],"wp:featuredmedia":[{"embeddable":true,"href":"https:\/\/transinfo.pl\/x\/wp-json\/wp\/v2\/media\/100238"}],"wp:attachment":[{"href":"https:\/\/transinfo.pl\/x\/wp-json\/wp\/v2\/media?parent=100237"}],"wp:term":[{"taxonomy":"category","embeddable":true,"href":"https:\/\/transinfo.pl\/x\/wp-json\/wp\/v2\/categories?post=100237"},{"taxonomy":"post_tag","embeddable":true,"href":"https:\/\/transinfo.pl\/x\/wp-json\/wp\/v2\/tags?post=100237"}],"curies":[{"name":"wp","href":"https:\/\/api.w.org\/{rel}","templated":true}]}}