{"id":100026,"date":"2024-03-13T16:04:00","date_gmt":"2024-03-13T16:04:00","guid":{"rendered":"https:\/\/transinfo.pl\/x\/infobus\/scania-przedstawila-wyniki-finansowe-za-2023-r-autobusy-ida-w-gore\/"},"modified":"2024-03-13T16:04:00","modified_gmt":"2024-03-13T16:04:00","slug":"scania-przedstawila-wyniki-finansowe-za-2023-r-autobusy-ida-w-gore","status":"publish","type":"infobus","link":"https:\/\/transinfo.pl\/x\/infobus\/scania-przedstawila-wyniki-finansowe-za-2023-r-autobusy-ida-w-gore\/","title":{"rendered":"Scania przedstawi\u0142a wyniki finansowe za 2023 r. Autobusy id\u0105 w g\u00f3r\u0119"},"content":{"rendered":"<style>h1,h2,h3,h4,h5,h6{margin:0 0 1.25rem;font-family:Arial,sans-serif;font-weight:600;color:#050505}h1{font-size:1.875rem;line-height:1.1em;text-transform:none}@media(min-width: 768px){h1{font-size:2.375rem}}h2{font-size:1.1875rem;line-height:1.2em;text-transform:uppercase}@media(min-width: 768px){h2{font-size:1.0625rem}}h3{font-size:0.9375rem;line-height:1.4em;font-weight:900;margin-bottom:0.9375rem}h4{font-size:0.875rem;line-height:1.2em;font-weight:500}h5{font-size:0.9375rem;line-height:1.6;font-weight:400}h6{font-size:0.9375rem;line-height:1.6;font-weight:600}\n<\/style>\n<h3 class=\"wp-block-heading\" id=\"h-szwedzki-producent-samochodow-ciezarowych-autobusow-oraz-silnikow-przemyslowych-zamknal-rok-2023-z-duzym-sukcesem\">Szwedzki producent samochod\u00f3w ci\u0119\u017carowych, autobus\u00f3w oraz silnik\u00f3w przemys\u0142owych zamkn\u0105\u0142 rok 2023 z du\u017cym sukcesem. <\/h3>\n\n\n<style>p{margin:0 0 1.5rem}p:last-child{margin:0}p.is-style-uppercase{text-transform:uppercase}p.is-style-preheading{color:#12406a;text-transform:uppercase}p.is-style-leadparagraph{font-size:1rem;line-height:1.625;font-weight:700}@media(min-width: 768px){p.is-style-leadparagraph{font-size:1.125rem;line-height:1.5555555556}}p.has-small-margin{margin-bottom:0.625rem}p.has-small-margin+h1,p.has-small-margin+h2,p.has-small-margin+h3{margin-top:1.875rem}\n<\/style>\n<p>W ubieg\u0142ym roku Scania zanotowa\u0142a znaczny wzrost sprzeda\u017cy i zysk\u00f3w. Mo\u017cna odnie\u015b\u0107 wra\u017cenie, \u017ce po decyzji o zamkni\u0119ciu fabryki autobus\u00f3w w S\u0142upsku, szwedzki koncern nabra\u0142 &#8222;wiatru w \u017cagle&#8221;. <\/p>\n\n\n\n<h2 class=\"wp-block-heading\" id=\"h-wyniki-finansowe\"><strong>Wyniki finansowe<\/strong><\/h2>\n\n\n\n<p>Rok 2023 by\u0142 kolejnym rokiem, w kt\u00f3rym na otoczenie biznesowe wp\u0142ywa\u0142a niestabilno\u015b\u0107 geopolityczna i makroekonomiczna. Scanii uda\u0142o si\u0119 jednak przezwyci\u0119\u017cy\u0107 t\u0119 sytuacj\u0119 i zapewni\u0107 zr\u00f3wnowa\u017cony rozw\u00f3j. Sprzeda\u017c osi\u0105gn\u0119\u0142a ponad 200 miliard\u00f3w SEK, co oznacza podwojenie sprzeda\u017cy w ci\u0105gu 7 lat.<\/p>\n\n\n<style>.wp-block-image{margin:1.25rem 0;text-align:center}.wp-block-image figcaption{padding:0 0.9375rem;text-align:center}\n<\/style>\n<figure class=\"wp-block-image aligncenter size-full\"><a href=\"https:\/\/transinfo.pl\/wp-content\/uploads\/2024\/03\/scania-annual-and-sustainability-report-2023-6.jpg\"><img decoding=\"async\" src=\"https:\/\/transinfo.pl\/wp-content\/uploads\/2024\/03\/scania-annual-and-sustainability-report-2023-6.jpg\" alt=\"Scania przedstawi\u0142a wyniki finansowe za 2023 r. \" class=\"wp-image-467440\" \/><\/a><figcaption class=\"wp-element-caption\">Scania przedstawi\u0142a wyniki finansowe za 2023 r.<\/figcaption><\/figure>\n\n\n\n<p>W tym dzia\u0142 autobus\u00f3w odnotowa\u0142 wzrost sprzeda\u017cy autobus\u00f3w i podwozi autobusowych o 2 procent &#8211; z 4994 szt. szt. do 5075 szt. w 2023 r.  Wzros\u0142a tak\u017ce duchowo\u015b\u0107 tego segemntu (w SEK):<\/p>\n\n\n\n<figure class=\"wp-block-image aligncenter size-full\"><img decoding=\"async\" src=\"https:\/\/transinfo.pl\/wp-content\/uploads\/2024\/03\/scania-annual-and-sustainability-report-2023-4.jpg\" alt=\"Scania przedstawi\u0142a wyniki finansowe za 2023 r. \" class=\"wp-image-467441\" \/><figcaption class=\"wp-element-caption\">Scania przedstawi\u0142a wyniki finansowe za 2023 r.<\/figcaption><\/figure>\n\n\n\n<p> <\/p>\n\n\n\n<p>Popyt na produkty i us\u0142ugi Scania w 2023 r. utrzymywa\u0142 si\u0119 na wysokim poziomie, pomimo spadku z wcze\u015bniej bardzo wysokiego poziomu na niekt\u00f3rych kluczowych rynkach. Scanii uda\u0142o si\u0119 znacz\u0105co ustabilizowa\u0107 przep\u0142yw zam\u00f3wie\u0144 i dostaw pojazd\u00f3w, zwi\u0119kszaj\u0105c dostawy o 13% w por\u00f3wnaniu do roku poprzedniego. Zyski osi\u0105gn\u0119\u0142y rekordowy poziom, na co pozytywnie wp\u0142yn\u0105\u0142 wi\u0119kszy wolumen pojazd\u00f3w i us\u0142ug, dobrze pozycjonowane ceny, asortyment i wp\u0142yw walut. Z kolei inflacja, wy\u017csze ceny surowc\u00f3w i utrzymuj\u0105ce si\u0119 komplikacje w \u0142a\u0144cuchach dostaw by\u0142y negatywnymi czynnikami wp\u0142ywaj\u0105cymi na zyskowno\u015b\u0107.<\/p>\n\n\n<style>.wp-block-quote{border-left:0.1875rem solid var(--page-color);font-size:1rem;font-style:italic;margin:0 0 1.6875rem;padding:1.25rem}.wp-block-quote cite{color:#050505}.wp-block-quote.is-style-large p{margin-bottom:10px}.wp-block-quote.is-style-large cite{color:#12406a}\n<\/style>\n<blockquote class=\"wp-block-quote is-layout-flow wp-block-quote-is-layout-flow\">\n<p>\u201ePodobnie jak wiele innych firm, Scania dostosowuje si\u0119 do \u015bwiata, w kt\u00f3rym niepewno\u015b\u0107 i ci\u0105g\u0142e niepokoje s\u0105 now\u0105 norm\u0105. Cho\u0107 w 2023 roku uda\u0142o nam si\u0119 ustabilizowa\u0107 przep\u0142ywy i osi\u0105gn\u0105\u0107 dobre wyniki finansowe, nadal wsp\u00f3lnie z partnerami i producentami nadwozi ci\u0119\u017cko pracujemy nad popraw\u0105 dok\u0142adno\u015bci dostaw do naszych klient\u00f3w\u201d \u2013 m\u00f3wi\u0142 dyrektor generalny Christian Levin.<\/p>\n<\/blockquote>\n\n\n\n<p>W 2023 r. Scania osi\u0105gn\u0119\u0142a wiele kamieni milowych na drodze do zr\u00f3wnowa\u017conego systemu transportu. Nale\u017c\u0105 do nich na przyk\u0142ad otwarcie zak\u0142adu monta\u017cu akumulator\u00f3w, kt\u00f3ry umo\u017cliwi produkcj\u0119 elektrycznych ci\u0119\u017car\u00f3wek na du\u017c\u0105 skal\u0119, inwestycje w i poszerzanie portfolio produkt\u00f3w elektrycznych oraz prze\u0142o\u017cenie cel\u00f3w dekarbonizacji \u0142a\u0144cucha dostaw na wymogi formalne.<\/p>\n\n\n\n<figure class=\"wp-block-image aligncenter size-full\"><a href=\"https:\/\/transinfo.pl\/wp-content\/uploads\/2024\/03\/scania-annual-and-sustainability-report-2023-3.jpg\"><img decoding=\"async\" src=\"https:\/\/transinfo.pl\/wp-content\/uploads\/2024\/03\/scania-annual-and-sustainability-report-2023-3.jpg\" alt=\"Scania przedstawi\u0142a wyniki finansowe za 2023 r. \" class=\"wp-image-467445\" \/><\/a><figcaption class=\"wp-element-caption\">Scania przedstawi\u0142a wyniki finansowe za 2023 r.<\/figcaption><\/figure>\n\n\n\n<h2 class=\"wp-block-heading\" id=\"h-cele-na-ten-i-przyszly-rok\"><strong>Cele na ten i przysz\u0142y rok<\/strong><\/h2>\n\n\n\n<p>Scania jako pierwsza w bran\u017cy zobowi\u0105za\u0142a si\u0119 do realizacji cel\u00f3w opartych na podstawach naukowych i wyznaczy\u0142a cele globalne na rok 2025. Scania jest na dobrej drodze do osi\u0105gni\u0119cia cel\u00f3w w obszarach 1 i 2 (emisje z w\u0142asnej dzia\u0142alno\u015bci), zmniejszaj\u0105c emisje o 42% do docelowego poziomu 50%. W 2024 r. do g\u0142\u00f3wnych obszar\u00f3w zainteresowania firmy nale\u017ce\u0107 b\u0119dzie dalsze uwzgl\u0119dnianie odnawialnych \u017ar\u00f3de\u0142 energii (w szczeg\u00f3lno\u015bci zielonej energii elektrycznej) zar\u00f3wno w zak\u0142adach przemys\u0142owych, jak i obiektach handlowych, a tak\u017ce aktywne przechodzenie na odnawialne \u017ar\u00f3d\u0142a energii, w krajach takich jak Republika Po\u0142udniowej Afryki i obie Ameryki. Scania b\u0119dzie tak\u017ce kontynuowa\u0107 instalacj\u0119 pomp ciep\u0142a w obiektach i kontynuowa\u0107 przechodzenie na pojazdy elektryczne na potrzeby transportu firmy.<\/p>\n\n\n\n<p>W ramach tzw. obszaru 3, czyli \u201epojazd\u00f3w Scania w eksploatacji\u201d, celem jest osi\u0105gni\u0119cie 20% redukcji emisji do 2025 roku. Obecnie redukcja w stosunku do pocz\u0105tkowego roku 2015 wynosi nieca\u0142e 3%. W 2024 r. Scania skoncentruje si\u0119 na wydajno\u015bci kierowc\u00f3w, optymalizacji specyfikacji pojazd\u00f3w, promowaniu paliw odnawialnych i rozwijaniu rozwi\u0105za\u0144 zelektryfikowanych, umo\u017cliwiaj\u0105c w dalszym ci\u0105gu realizacj\u0119 cel\u00f3w w zakresie redukcji emisji.<\/p>\n\n\n\n<blockquote class=\"wp-block-quote is-layout-flow wp-block-quote-is-layout-flow\">\n<p>\u201eChocia\u017c elektryfikacja jest ostateczn\u0105 odpowiedzi\u0105 i robimy wszystko, co w naszej mocy, aby zwi\u0119kszy\u0107 produkcj\u0119 akumulatorowych pojazd\u00f3w elektrycznych, kt\u00f3re b\u0119dziemy dostarcza\u0107 naszym klientom, tu i teraz decyduj\u0105cymi \u015brodkami na rzecz dekarbonizacji s\u0105 oszcz\u0119dno\u015b\u0107 paliwa i wykorzystanie paliw odnawialnych\u201d \u2013 doda\u0142 Christian Levin.<\/p>\n<\/blockquote>\n","protected":false},"author":2,"featured_media":100027,"comment_status":"","ping_status":"closed","template":"","categories":[25],"tags":[167,576,651,2269],"class_list":["post-100026","infobus","type-infobus","status-publish","has-post-thumbnail","hentry","category-producenci","tag-autobus","tag-raport","tag-rynek","tag-scania"],"acf":[],"yoast_head":"<!-- This site is optimized with the Yoast SEO Premium plugin v21.8 (Yoast SEO v23.7) - https:\/\/yoast.com\/wordpress\/plugins\/seo\/ -->\n<title>Scania przedstawi\u0142a wyniki finansowe za 2023 r. Autobusy id\u0105 w g\u00f3r\u0119 - TransInfo Archiwum<\/title>\n<meta name=\"description\" content=\"Szwedzki producent samochod\u00f3w ci\u0119\u017carowych, autobus\u00f3w oraz silnik\u00f3w przemys\u0142owych zamkn\u0105\u0142 rok 2023 z du\u017cym sukcesem.\" \/>\n<meta name=\"robots\" content=\"index, follow, max-snippet:-1, max-image-preview:large, max-video-preview:-1\" \/>\n<link rel=\"canonical\" href=\"https:\/\/transinfo.pl\/x\/infobus\/scania-przedstawila-wyniki-finansowe-za-2023-r-autobusy-ida-w-gore\/\" \/>\n<meta property=\"og:locale\" content=\"pl_PL\" \/>\n<meta property=\"og:type\" content=\"article\" \/>\n<meta property=\"og:title\" content=\"Scania przedstawi\u0142a wyniki finansowe za 2023 r. Autobusy id\u0105 w g\u00f3r\u0119\" \/>\n<meta property=\"og:description\" content=\"Szwedzki producent samochod\u00f3w ci\u0119\u017carowych, autobus\u00f3w oraz silnik\u00f3w przemys\u0142owych zamkn\u0105\u0142 rok 2023 z du\u017cym sukcesem.\" \/>\n<meta property=\"og:url\" content=\"https:\/\/transinfo.pl\/x\/infobus\/scania-przedstawila-wyniki-finansowe-za-2023-r-autobusy-ida-w-gore\/\" \/>\n<meta property=\"og:site_name\" content=\"TransInfo Archiwum\" \/>\n<meta property=\"og:image\" content=\"https:\/\/transinfo.pl\/x\/wp-content\/uploads\/2024\/03\/scania-annual-and-sustainability-report-2023-1.jpg\" \/>\n\t<meta property=\"og:image:width\" content=\"1\" \/>\n\t<meta property=\"og:image:height\" content=\"1\" \/>\n\t<meta property=\"og:image:type\" content=\"image\/jpeg\" \/>\n<meta name=\"twitter:card\" content=\"summary_large_image\" \/>\n<meta name=\"twitter:label1\" content=\"Szacowany czas czytania\" \/>\n\t<meta name=\"twitter:data1\" content=\"3 minuty\" \/>\n<script type=\"application\/ld+json\" class=\"yoast-schema-graph\">{\"@context\":\"https:\/\/schema.org\",\"@graph\":[{\"@type\":\"WebPage\",\"@id\":\"https:\/\/transinfo.pl\/x\/infobus\/scania-przedstawila-wyniki-finansowe-za-2023-r-autobusy-ida-w-gore\/\",\"url\":\"https:\/\/transinfo.pl\/x\/infobus\/scania-przedstawila-wyniki-finansowe-za-2023-r-autobusy-ida-w-gore\/\",\"name\":\"Scania przedstawi\u0142a wyniki finansowe za 2023 r. Autobusy id\u0105 w g\u00f3r\u0119 - TransInfo Archiwum\",\"isPartOf\":{\"@id\":\"https:\/\/transinfo.pl\/x\/#website\"},\"primaryImageOfPage\":{\"@id\":\"https:\/\/transinfo.pl\/x\/infobus\/scania-przedstawila-wyniki-finansowe-za-2023-r-autobusy-ida-w-gore\/#primaryimage\"},\"image\":{\"@id\":\"https:\/\/transinfo.pl\/x\/infobus\/scania-przedstawila-wyniki-finansowe-za-2023-r-autobusy-ida-w-gore\/#primaryimage\"},\"thumbnailUrl\":\"https:\/\/transinfo.pl\/x\/wp-content\/uploads\/2024\/03\/scania-annual-and-sustainability-report-2023-1.jpg\",\"datePublished\":\"2024-03-13T16:04:00+00:00\",\"dateModified\":\"2024-03-13T16:04:00+00:00\",\"description\":\"Szwedzki producent samochod\u00f3w ci\u0119\u017carowych, autobus\u00f3w oraz silnik\u00f3w przemys\u0142owych zamkn\u0105\u0142 rok 2023 z du\u017cym sukcesem.\",\"breadcrumb\":{\"@id\":\"https:\/\/transinfo.pl\/x\/infobus\/scania-przedstawila-wyniki-finansowe-za-2023-r-autobusy-ida-w-gore\/#breadcrumb\"},\"inLanguage\":\"pl-PL\",\"potentialAction\":[{\"@type\":\"ReadAction\",\"target\":[\"https:\/\/transinfo.pl\/x\/infobus\/scania-przedstawila-wyniki-finansowe-za-2023-r-autobusy-ida-w-gore\/\"]}]},{\"@type\":\"ImageObject\",\"inLanguage\":\"pl-PL\",\"@id\":\"https:\/\/transinfo.pl\/x\/infobus\/scania-przedstawila-wyniki-finansowe-za-2023-r-autobusy-ida-w-gore\/#primaryimage\",\"url\":\"https:\/\/transinfo.pl\/x\/wp-content\/uploads\/2024\/03\/scania-annual-and-sustainability-report-2023-1.jpg\",\"contentUrl\":\"https:\/\/transinfo.pl\/x\/wp-content\/uploads\/2024\/03\/scania-annual-and-sustainability-report-2023-1.jpg\"},{\"@type\":\"BreadcrumbList\",\"@id\":\"https:\/\/transinfo.pl\/x\/infobus\/scania-przedstawila-wyniki-finansowe-za-2023-r-autobusy-ida-w-gore\/#breadcrumb\",\"itemListElement\":[{\"@type\":\"ListItem\",\"position\":1,\"name\":\"Home\",\"item\":\"https:\/\/transinfo.pl\/x\/\"},{\"@type\":\"ListItem\",\"position\":2,\"name\":\"Infobus\",\"item\":\"https:\/\/transinfo.pl\/x\/infobus\/\"},{\"@type\":\"ListItem\",\"position\":3,\"name\":\"Scania przedstawi\u0142a wyniki finansowe za 2023 r. Autobusy id\u0105 w g\u00f3r\u0119\"}]},{\"@type\":\"WebSite\",\"@id\":\"https:\/\/transinfo.pl\/x\/#website\",\"url\":\"https:\/\/transinfo.pl\/x\/\",\"name\":\"TransInfo Archiwum\",\"description\":\"Ca\u0142y transport w jednym miejscu\",\"publisher\":{\"@id\":\"https:\/\/transinfo.pl\/x\/#organization\"},\"potentialAction\":[{\"@type\":\"SearchAction\",\"target\":{\"@type\":\"EntryPoint\",\"urlTemplate\":\"https:\/\/transinfo.pl\/x\/?s={search_term_string}\"},\"query-input\":{\"@type\":\"PropertyValueSpecification\",\"valueRequired\":true,\"valueName\":\"search_term_string\"}}],\"inLanguage\":\"pl-PL\"},{\"@type\":\"Organization\",\"@id\":\"https:\/\/transinfo.pl\/x\/#organization\",\"name\":\"TransInfo\",\"url\":\"https:\/\/transinfo.pl\/x\/\",\"logo\":{\"@type\":\"ImageObject\",\"inLanguage\":\"pl-PL\",\"@id\":\"https:\/\/transinfo.pl\/x\/#\/schema\/logo\/image\/\",\"url\":\"https:\/\/transinfo.pl\/x\/wp-content\/uploads\/2024\/10\/favicon.png\",\"contentUrl\":\"https:\/\/transinfo.pl\/x\/wp-content\/uploads\/2024\/10\/favicon.png\",\"width\":512,\"height\":512,\"caption\":\"TransInfo\"},\"image\":{\"@id\":\"https:\/\/transinfo.pl\/x\/#\/schema\/logo\/image\/\"}}]}<\/script>\n<!-- \/ Yoast SEO Premium plugin. -->","yoast_head_json":{"title":"Scania przedstawi\u0142a wyniki finansowe za 2023 r. Autobusy id\u0105 w g\u00f3r\u0119 - TransInfo Archiwum","description":"Szwedzki producent samochod\u00f3w ci\u0119\u017carowych, autobus\u00f3w oraz silnik\u00f3w przemys\u0142owych zamkn\u0105\u0142 rok 2023 z du\u017cym sukcesem.","robots":{"index":"index","follow":"follow","max-snippet":"max-snippet:-1","max-image-preview":"max-image-preview:large","max-video-preview":"max-video-preview:-1"},"canonical":"https:\/\/transinfo.pl\/x\/infobus\/scania-przedstawila-wyniki-finansowe-za-2023-r-autobusy-ida-w-gore\/","og_locale":"pl_PL","og_type":"article","og_title":"Scania przedstawi\u0142a wyniki finansowe za 2023 r. Autobusy id\u0105 w g\u00f3r\u0119","og_description":"Szwedzki producent samochod\u00f3w ci\u0119\u017carowych, autobus\u00f3w oraz silnik\u00f3w przemys\u0142owych zamkn\u0105\u0142 rok 2023 z du\u017cym sukcesem.","og_url":"https:\/\/transinfo.pl\/x\/infobus\/scania-przedstawila-wyniki-finansowe-za-2023-r-autobusy-ida-w-gore\/","og_site_name":"TransInfo Archiwum","og_image":[{"url":"https:\/\/transinfo.pl\/x\/wp-content\/uploads\/2024\/03\/scania-annual-and-sustainability-report-2023-1.jpg","width":1,"height":1,"type":"image\/jpeg"}],"twitter_card":"summary_large_image","twitter_misc":{"Szacowany czas czytania":"3 minuty"},"schema":{"@context":"https:\/\/schema.org","@graph":[{"@type":"WebPage","@id":"https:\/\/transinfo.pl\/x\/infobus\/scania-przedstawila-wyniki-finansowe-za-2023-r-autobusy-ida-w-gore\/","url":"https:\/\/transinfo.pl\/x\/infobus\/scania-przedstawila-wyniki-finansowe-za-2023-r-autobusy-ida-w-gore\/","name":"Scania przedstawi\u0142a wyniki finansowe za 2023 r. Autobusy id\u0105 w g\u00f3r\u0119 - TransInfo Archiwum","isPartOf":{"@id":"https:\/\/transinfo.pl\/x\/#website"},"primaryImageOfPage":{"@id":"https:\/\/transinfo.pl\/x\/infobus\/scania-przedstawila-wyniki-finansowe-za-2023-r-autobusy-ida-w-gore\/#primaryimage"},"image":{"@id":"https:\/\/transinfo.pl\/x\/infobus\/scania-przedstawila-wyniki-finansowe-za-2023-r-autobusy-ida-w-gore\/#primaryimage"},"thumbnailUrl":"https:\/\/transinfo.pl\/x\/wp-content\/uploads\/2024\/03\/scania-annual-and-sustainability-report-2023-1.jpg","datePublished":"2024-03-13T16:04:00+00:00","dateModified":"2024-03-13T16:04:00+00:00","description":"Szwedzki producent samochod\u00f3w ci\u0119\u017carowych, autobus\u00f3w oraz silnik\u00f3w przemys\u0142owych zamkn\u0105\u0142 rok 2023 z du\u017cym sukcesem.","breadcrumb":{"@id":"https:\/\/transinfo.pl\/x\/infobus\/scania-przedstawila-wyniki-finansowe-za-2023-r-autobusy-ida-w-gore\/#breadcrumb"},"inLanguage":"pl-PL","potentialAction":[{"@type":"ReadAction","target":["https:\/\/transinfo.pl\/x\/infobus\/scania-przedstawila-wyniki-finansowe-za-2023-r-autobusy-ida-w-gore\/"]}]},{"@type":"ImageObject","inLanguage":"pl-PL","@id":"https:\/\/transinfo.pl\/x\/infobus\/scania-przedstawila-wyniki-finansowe-za-2023-r-autobusy-ida-w-gore\/#primaryimage","url":"https:\/\/transinfo.pl\/x\/wp-content\/uploads\/2024\/03\/scania-annual-and-sustainability-report-2023-1.jpg","contentUrl":"https:\/\/transinfo.pl\/x\/wp-content\/uploads\/2024\/03\/scania-annual-and-sustainability-report-2023-1.jpg"},{"@type":"BreadcrumbList","@id":"https:\/\/transinfo.pl\/x\/infobus\/scania-przedstawila-wyniki-finansowe-za-2023-r-autobusy-ida-w-gore\/#breadcrumb","itemListElement":[{"@type":"ListItem","position":1,"name":"Home","item":"https:\/\/transinfo.pl\/x\/"},{"@type":"ListItem","position":2,"name":"Infobus","item":"https:\/\/transinfo.pl\/x\/infobus\/"},{"@type":"ListItem","position":3,"name":"Scania przedstawi\u0142a wyniki finansowe za 2023 r. Autobusy id\u0105 w g\u00f3r\u0119"}]},{"@type":"WebSite","@id":"https:\/\/transinfo.pl\/x\/#website","url":"https:\/\/transinfo.pl\/x\/","name":"TransInfo Archiwum","description":"Ca\u0142y transport w jednym miejscu","publisher":{"@id":"https:\/\/transinfo.pl\/x\/#organization"},"potentialAction":[{"@type":"SearchAction","target":{"@type":"EntryPoint","urlTemplate":"https:\/\/transinfo.pl\/x\/?s={search_term_string}"},"query-input":{"@type":"PropertyValueSpecification","valueRequired":true,"valueName":"search_term_string"}}],"inLanguage":"pl-PL"},{"@type":"Organization","@id":"https:\/\/transinfo.pl\/x\/#organization","name":"TransInfo","url":"https:\/\/transinfo.pl\/x\/","logo":{"@type":"ImageObject","inLanguage":"pl-PL","@id":"https:\/\/transinfo.pl\/x\/#\/schema\/logo\/image\/","url":"https:\/\/transinfo.pl\/x\/wp-content\/uploads\/2024\/10\/favicon.png","contentUrl":"https:\/\/transinfo.pl\/x\/wp-content\/uploads\/2024\/10\/favicon.png","width":512,"height":512,"caption":"TransInfo"},"image":{"@id":"https:\/\/transinfo.pl\/x\/#\/schema\/logo\/image\/"}}]}},"_links":{"self":[{"href":"https:\/\/transinfo.pl\/x\/wp-json\/wp\/v2\/infobus\/100026","targetHints":{"allow":["GET"]}}],"collection":[{"href":"https:\/\/transinfo.pl\/x\/wp-json\/wp\/v2\/infobus"}],"about":[{"href":"https:\/\/transinfo.pl\/x\/wp-json\/wp\/v2\/types\/infobus"}],"author":[{"embeddable":true,"href":"https:\/\/transinfo.pl\/x\/wp-json\/wp\/v2\/users\/2"}],"replies":[{"embeddable":true,"href":"https:\/\/transinfo.pl\/x\/wp-json\/wp\/v2\/comments?post=100026"}],"wp:featuredmedia":[{"embeddable":true,"href":"https:\/\/transinfo.pl\/x\/wp-json\/wp\/v2\/media\/100027"}],"wp:attachment":[{"href":"https:\/\/transinfo.pl\/x\/wp-json\/wp\/v2\/media?parent=100026"}],"wp:term":[{"taxonomy":"category","embeddable":true,"href":"https:\/\/transinfo.pl\/x\/wp-json\/wp\/v2\/categories?post=100026"},{"taxonomy":"post_tag","embeddable":true,"href":"https:\/\/transinfo.pl\/x\/wp-json\/wp\/v2\/tags?post=100026"}],"curies":[{"name":"wp","href":"https:\/\/api.w.org\/{rel}","templated":true}]}}