{"id":267036,"date":"2024-03-31T18:15:00","date_gmt":"2024-03-31T18:15:00","guid":{"rendered":"https:\/\/transinfo.pl\/x\/infobike\/czy-przy-wroclawskich-dworcach-powstana-wieze-rowerowe-taki-pomysl-maja-koleje-dolnoslaskie\/"},"modified":"2024-03-31T18:15:00","modified_gmt":"2024-03-31T18:15:00","slug":"czy-przy-wroclawskich-dworcach-powstana-wieze-rowerowe-taki-pomysl-maja-koleje-dolnoslaskie","status":"publish","type":"infobike","link":"https:\/\/transinfo.pl\/x\/infobike\/czy-przy-wroclawskich-dworcach-powstana-wieze-rowerowe-taki-pomysl-maja-koleje-dolnoslaskie\/","title":{"rendered":"Czy przy wroc\u0142awskich dworcach powstan\u0105 wie\u017ce rowerowe? Taki pomys\u0142 maj\u0105 Koleje Dolno\u015bl\u0105skie"},"content":{"rendered":"<style>h1,h2,h3,h4,h5,h6{margin:0 0 1.25rem;font-family:Arial,sans-serif;font-weight:600;color:#050505}h1{font-size:1.875rem;line-height:1.1em;text-transform:none}@media(min-width: 768px){h1{font-size:2.375rem}}h2{font-size:1.1875rem;line-height:1.2em;text-transform:uppercase}@media(min-width: 768px){h2{font-size:1.0625rem}}h3{font-size:0.9375rem;line-height:1.4em;font-weight:900;margin-bottom:0.9375rem}h4{font-size:0.875rem;line-height:1.2em;font-weight:500}h5{font-size:0.9375rem;line-height:1.6;font-weight:400}h6{font-size:0.9375rem;line-height:1.6;font-weight:600}\n<\/style>\n<h3 class=\"wp-block-heading\" id=\"h-koleje-dolnoslaskie-chcialyby-budowy-we-wroclawiu-wiez-rowerowych-mialyby-powstac-przed-dworcem-glownym-i-kilkoma-innymi-duzymi-stacjami-w-miescie\">Koleje Dolno\u015bl\u0105skie chcia\u0142yby budowy we Wroc\u0142awiu wie\u017c rowerowych. Mia\u0142yby powsta\u0107 przed Dworcem G\u0142\u00f3wnym i kilkoma innymi du\u017cymi stacjami w mie\u015bcie.\u00a0<\/h3>\n\n\n<style>p{margin:0 0 1.5rem}p:last-child{margin:0}p.is-style-uppercase{text-transform:uppercase}p.is-style-preheading{color:#12406a;text-transform:uppercase}p.is-style-leadparagraph{font-size:1rem;line-height:1.625;font-weight:700}@media(min-width: 768px){p.is-style-leadparagraph{font-size:1.125rem;line-height:1.5555555556}}p.has-small-margin{margin-bottom:0.625rem}p.has-small-margin+h1,p.has-small-margin+h2,p.has-small-margin+h3{margin-top:1.875rem}\n<\/style>\n<p>Wie\u017ca rowerowa to automatyczny parking &#8211; rowerzysta umieszcza sw\u00f3j pojazd na specjalnym stojaku, a robot przenosi go w bezpieczne miejsce na jednym z poziom\u00f3w wie\u017cy. Do zaparkowanego tak roweru nikt nie ma dost\u0119pu, mo\u017cna wi\u0119c zostawi\u0107 na nim nawet fotelik dzieci\u0119cy czy kosz z zakupami.<\/p>\n\n\n<style>.wp-block-quote{border-left:0.1875rem solid var(--page-color);font-size:1rem;font-style:italic;margin:0 0 1.6875rem;padding:1.25rem}.wp-block-quote cite{color:#050505}.wp-block-quote.is-style-large p{margin-bottom:10px}.wp-block-quote.is-style-large cite{color:#12406a}\n<\/style>\n<blockquote class=\"wp-block-quote is-layout-flow wp-block-quote-is-layout-flow\">\n<p>Zaproponujemy prezydentowi Wroc\u0142awia w nowej kadencji wybudowanie Bike Tower, kt\u00f3re znane s\u0105 chocia\u017cby z Czech czy Szwajcarii. Rowerowa wie\u017ca powsta\u0142aby przy stacji Wroc\u0142aw G\u0142\u00f3wny oraz przy innych, najwi\u0119kszych stacjach Wroc\u0142awia &#8211; og\u0142osi\u0142 dzi\u015b Damian Stawikowski, prezes Kolei Dolno\u015bl\u0105skich.&nbsp;<\/p>\n<\/blockquote>\n\n\n\n<p>Damian Stawikowski wymieni\u0142 te\u017c zalety takiego rozwi\u0105zania. To m.in. zabezpieczone miejsca parkingowe dla rower\u00f3w, mo\u017cliwo\u015b\u0107 integracji w ofercie KD &#8211; bilet z gwarancj\u0105 miejsca w Bike Tower, a tak\u017ce zwi\u0119kszenie dost\u0119pno\u015bci do kolei dla coraz wi\u0119kszej liczby podr\u00f3\u017cnych.<\/p>\n\n\n\n<blockquote class=\"wp-block-quote is-layout-flow wp-block-quote-is-layout-flow\">\n<p>Wewn\u0105trz wie\u017cy rowerowej rowerzy\u015bci mog\u0105 przechowywa\u0107 swoje rowery w bezpiecznym i suchym \u015brodowisku bez dost\u0119pu innych os\u00f3b. W wie\u017cy rowerowej rowerzy\u015bci mog\u0105 przechowywa\u0107 wraz z rowerem akcesoria rowerowe, baga\u017c, fotelik dzieci\u0119cy, kask czy torb\u0119 z zakupami na kierownicy. Bezpieczna i niezawodna przechowalnia jest dost\u0119pna 24 godziny na dob\u0119 przez ca\u0142y rok &#8211; zachwala czeski operator systemu.<\/p>\n<\/blockquote>\n\n\n<style>.wp-block-image{margin:1.25rem 0;text-align:center}.wp-block-image figcaption{padding:0 0.9375rem;text-align:center}\n<\/style>\n<figure class=\"wp-block-image size-large\"><img decoding=\"async\" src=\"https:\/\/www.tuwroclaw.com\/images\/galbigpopup\/news\/74130\/11700957-928495803882936-6394150063481629155-o_66055f1d487496_17392964.jpg.jpg\" alt=\"Bezpieczna i niezawodna przechowalnia jest dost\u0119pna 24 godziny na dob\u0119 przez ca\u0142y rok - zachwala czeski operator systemu.\" \/><figcaption class=\"wp-element-caption\">Bezpieczna i niezawodna przechowalnia jest dost\u0119pna 24 godziny na dob\u0119 przez ca\u0142y rok &#8211; zachwala czeski operator systemu.<\/figcaption><\/figure>\n","protected":false},"author":1,"featured_media":267037,"comment_status":"","ping_status":"closed","template":"","categories":[23],"tags":[1003,1491,23050,55],"class_list":["post-267036","infobike","type-infobike","status-publish","has-post-thumbnail","hentry","category-infrastruktura","tag-koleje-dolnoslaskie","tag-parking-rowerowy","tag-wieza-rowerowa","tag-wroclaw"],"acf":[],"yoast_head":"<!-- This site is optimized with the Yoast SEO Premium plugin v21.8 (Yoast SEO v23.7) - https:\/\/yoast.com\/wordpress\/plugins\/seo\/ -->\n<title>Czy przy wroc\u0142awskich dworcach powstan\u0105 wie\u017ce rowerowe? Taki pomys\u0142 maj\u0105 Koleje Dolno\u015bl\u0105skie - TransInfo Archiwum<\/title>\n<meta name=\"description\" content=\"Koleje Dolno\u015bl\u0105skie chcia\u0142yby budowy we Wroc\u0142awiu wie\u017c rowerowych. Mia\u0142aby powsta\u0107 przed Dworcem G\u0142\u00f3wnym\" \/>\n<meta name=\"robots\" content=\"index, follow, max-snippet:-1, max-image-preview:large, max-video-preview:-1\" \/>\n<link rel=\"canonical\" href=\"https:\/\/transinfo.pl\/x\/infobike\/czy-przy-wroclawskich-dworcach-powstana-wieze-rowerowe-taki-pomysl-maja-koleje-dolnoslaskie\/\" \/>\n<meta property=\"og:locale\" content=\"pl_PL\" \/>\n<meta property=\"og:type\" content=\"article\" \/>\n<meta property=\"og:title\" content=\"Czy przy wroc\u0142awskich dworcach powstan\u0105 wie\u017ce rowerowe? Taki pomys\u0142 maj\u0105 Koleje Dolno\u015bl\u0105skie\" \/>\n<meta property=\"og:description\" content=\"Koleje Dolno\u015bl\u0105skie chcia\u0142yby budowy we Wroc\u0142awiu wie\u017c rowerowych. Mia\u0142aby powsta\u0107 przed Dworcem G\u0142\u00f3wnym\" \/>\n<meta property=\"og:url\" content=\"https:\/\/transinfo.pl\/x\/infobike\/czy-przy-wroclawskich-dworcach-powstana-wieze-rowerowe-taki-pomysl-maja-koleje-dolnoslaskie\/\" \/>\n<meta property=\"og:site_name\" content=\"TransInfo Archiwum\" \/>\n<meta property=\"og:image\" content=\"https:\/\/transinfo.pl\/x\/wp-content\/uploads\/2024\/04\/wieza-rowerowa.jpg\" \/>\n\t<meta property=\"og:image:width\" content=\"1\" \/>\n\t<meta property=\"og:image:height\" content=\"1\" \/>\n\t<meta property=\"og:image:type\" content=\"image\/jpeg\" \/>\n<meta name=\"twitter:card\" content=\"summary_large_image\" \/>\n<meta name=\"twitter:label1\" content=\"Szacowany czas czytania\" \/>\n\t<meta name=\"twitter:data1\" content=\"1 minuta\" \/>\n<script type=\"application\/ld+json\" class=\"yoast-schema-graph\">{\"@context\":\"https:\/\/schema.org\",\"@graph\":[{\"@type\":\"WebPage\",\"@id\":\"https:\/\/transinfo.pl\/x\/infobike\/czy-przy-wroclawskich-dworcach-powstana-wieze-rowerowe-taki-pomysl-maja-koleje-dolnoslaskie\/\",\"url\":\"https:\/\/transinfo.pl\/x\/infobike\/czy-przy-wroclawskich-dworcach-powstana-wieze-rowerowe-taki-pomysl-maja-koleje-dolnoslaskie\/\",\"name\":\"Czy przy wroc\u0142awskich dworcach powstan\u0105 wie\u017ce rowerowe? Taki pomys\u0142 maj\u0105 Koleje Dolno\u015bl\u0105skie - TransInfo Archiwum\",\"isPartOf\":{\"@id\":\"https:\/\/transinfo.pl\/x\/#website\"},\"primaryImageOfPage\":{\"@id\":\"https:\/\/transinfo.pl\/x\/infobike\/czy-przy-wroclawskich-dworcach-powstana-wieze-rowerowe-taki-pomysl-maja-koleje-dolnoslaskie\/#primaryimage\"},\"image\":{\"@id\":\"https:\/\/transinfo.pl\/x\/infobike\/czy-przy-wroclawskich-dworcach-powstana-wieze-rowerowe-taki-pomysl-maja-koleje-dolnoslaskie\/#primaryimage\"},\"thumbnailUrl\":\"https:\/\/transinfo.pl\/x\/wp-content\/uploads\/2024\/04\/wieza-rowerowa.jpg\",\"datePublished\":\"2024-03-31T18:15:00+00:00\",\"dateModified\":\"2024-03-31T18:15:00+00:00\",\"description\":\"Koleje Dolno\u015bl\u0105skie chcia\u0142yby budowy we Wroc\u0142awiu wie\u017c rowerowych. Mia\u0142aby powsta\u0107 przed Dworcem G\u0142\u00f3wnym\",\"breadcrumb\":{\"@id\":\"https:\/\/transinfo.pl\/x\/infobike\/czy-przy-wroclawskich-dworcach-powstana-wieze-rowerowe-taki-pomysl-maja-koleje-dolnoslaskie\/#breadcrumb\"},\"inLanguage\":\"pl-PL\",\"potentialAction\":[{\"@type\":\"ReadAction\",\"target\":[\"https:\/\/transinfo.pl\/x\/infobike\/czy-przy-wroclawskich-dworcach-powstana-wieze-rowerowe-taki-pomysl-maja-koleje-dolnoslaskie\/\"]}]},{\"@type\":\"ImageObject\",\"inLanguage\":\"pl-PL\",\"@id\":\"https:\/\/transinfo.pl\/x\/infobike\/czy-przy-wroclawskich-dworcach-powstana-wieze-rowerowe-taki-pomysl-maja-koleje-dolnoslaskie\/#primaryimage\",\"url\":\"https:\/\/transinfo.pl\/x\/wp-content\/uploads\/2024\/04\/wieza-rowerowa.jpg\",\"contentUrl\":\"https:\/\/transinfo.pl\/x\/wp-content\/uploads\/2024\/04\/wieza-rowerowa.jpg\"},{\"@type\":\"BreadcrumbList\",\"@id\":\"https:\/\/transinfo.pl\/x\/infobike\/czy-przy-wroclawskich-dworcach-powstana-wieze-rowerowe-taki-pomysl-maja-koleje-dolnoslaskie\/#breadcrumb\",\"itemListElement\":[{\"@type\":\"ListItem\",\"position\":1,\"name\":\"Home\",\"item\":\"https:\/\/transinfo.pl\/x\/\"},{\"@type\":\"ListItem\",\"position\":2,\"name\":\"Infobike\",\"item\":\"https:\/\/transinfo.pl\/x\/infobike\/\"},{\"@type\":\"ListItem\",\"position\":3,\"name\":\"Czy przy wroc\u0142awskich dworcach powstan\u0105 wie\u017ce rowerowe? Taki pomys\u0142 maj\u0105 Koleje Dolno\u015bl\u0105skie\"}]},{\"@type\":\"WebSite\",\"@id\":\"https:\/\/transinfo.pl\/x\/#website\",\"url\":\"https:\/\/transinfo.pl\/x\/\",\"name\":\"TransInfo Archiwum\",\"description\":\"Ca\u0142y transport w jednym miejscu\",\"publisher\":{\"@id\":\"https:\/\/transinfo.pl\/x\/#organization\"},\"potentialAction\":[{\"@type\":\"SearchAction\",\"target\":{\"@type\":\"EntryPoint\",\"urlTemplate\":\"https:\/\/transinfo.pl\/x\/?s={search_term_string}\"},\"query-input\":{\"@type\":\"PropertyValueSpecification\",\"valueRequired\":true,\"valueName\":\"search_term_string\"}}],\"inLanguage\":\"pl-PL\"},{\"@type\":\"Organization\",\"@id\":\"https:\/\/transinfo.pl\/x\/#organization\",\"name\":\"TransInfo\",\"url\":\"https:\/\/transinfo.pl\/x\/\",\"logo\":{\"@type\":\"ImageObject\",\"inLanguage\":\"pl-PL\",\"@id\":\"https:\/\/transinfo.pl\/x\/#\/schema\/logo\/image\/\",\"url\":\"https:\/\/transinfo.pl\/x\/wp-content\/uploads\/2024\/10\/favicon.png\",\"contentUrl\":\"https:\/\/transinfo.pl\/x\/wp-content\/uploads\/2024\/10\/favicon.png\",\"width\":512,\"height\":512,\"caption\":\"TransInfo\"},\"image\":{\"@id\":\"https:\/\/transinfo.pl\/x\/#\/schema\/logo\/image\/\"}}]}<\/script>\n<!-- \/ Yoast SEO Premium plugin. -->","yoast_head_json":{"title":"Czy przy wroc\u0142awskich dworcach powstan\u0105 wie\u017ce rowerowe? Taki pomys\u0142 maj\u0105 Koleje Dolno\u015bl\u0105skie - TransInfo Archiwum","description":"Koleje Dolno\u015bl\u0105skie chcia\u0142yby budowy we Wroc\u0142awiu wie\u017c rowerowych. Mia\u0142aby powsta\u0107 przed Dworcem G\u0142\u00f3wnym","robots":{"index":"index","follow":"follow","max-snippet":"max-snippet:-1","max-image-preview":"max-image-preview:large","max-video-preview":"max-video-preview:-1"},"canonical":"https:\/\/transinfo.pl\/x\/infobike\/czy-przy-wroclawskich-dworcach-powstana-wieze-rowerowe-taki-pomysl-maja-koleje-dolnoslaskie\/","og_locale":"pl_PL","og_type":"article","og_title":"Czy przy wroc\u0142awskich dworcach powstan\u0105 wie\u017ce rowerowe? Taki pomys\u0142 maj\u0105 Koleje Dolno\u015bl\u0105skie","og_description":"Koleje Dolno\u015bl\u0105skie chcia\u0142yby budowy we Wroc\u0142awiu wie\u017c rowerowych. Mia\u0142aby powsta\u0107 przed Dworcem G\u0142\u00f3wnym","og_url":"https:\/\/transinfo.pl\/x\/infobike\/czy-przy-wroclawskich-dworcach-powstana-wieze-rowerowe-taki-pomysl-maja-koleje-dolnoslaskie\/","og_site_name":"TransInfo Archiwum","og_image":[{"url":"https:\/\/transinfo.pl\/x\/wp-content\/uploads\/2024\/04\/wieza-rowerowa.jpg","width":1,"height":1,"type":"image\/jpeg"}],"twitter_card":"summary_large_image","twitter_misc":{"Szacowany czas czytania":"1 minuta"},"schema":{"@context":"https:\/\/schema.org","@graph":[{"@type":"WebPage","@id":"https:\/\/transinfo.pl\/x\/infobike\/czy-przy-wroclawskich-dworcach-powstana-wieze-rowerowe-taki-pomysl-maja-koleje-dolnoslaskie\/","url":"https:\/\/transinfo.pl\/x\/infobike\/czy-przy-wroclawskich-dworcach-powstana-wieze-rowerowe-taki-pomysl-maja-koleje-dolnoslaskie\/","name":"Czy przy wroc\u0142awskich dworcach powstan\u0105 wie\u017ce rowerowe? Taki pomys\u0142 maj\u0105 Koleje Dolno\u015bl\u0105skie - TransInfo Archiwum","isPartOf":{"@id":"https:\/\/transinfo.pl\/x\/#website"},"primaryImageOfPage":{"@id":"https:\/\/transinfo.pl\/x\/infobike\/czy-przy-wroclawskich-dworcach-powstana-wieze-rowerowe-taki-pomysl-maja-koleje-dolnoslaskie\/#primaryimage"},"image":{"@id":"https:\/\/transinfo.pl\/x\/infobike\/czy-przy-wroclawskich-dworcach-powstana-wieze-rowerowe-taki-pomysl-maja-koleje-dolnoslaskie\/#primaryimage"},"thumbnailUrl":"https:\/\/transinfo.pl\/x\/wp-content\/uploads\/2024\/04\/wieza-rowerowa.jpg","datePublished":"2024-03-31T18:15:00+00:00","dateModified":"2024-03-31T18:15:00+00:00","description":"Koleje Dolno\u015bl\u0105skie chcia\u0142yby budowy we Wroc\u0142awiu wie\u017c rowerowych. Mia\u0142aby powsta\u0107 przed Dworcem G\u0142\u00f3wnym","breadcrumb":{"@id":"https:\/\/transinfo.pl\/x\/infobike\/czy-przy-wroclawskich-dworcach-powstana-wieze-rowerowe-taki-pomysl-maja-koleje-dolnoslaskie\/#breadcrumb"},"inLanguage":"pl-PL","potentialAction":[{"@type":"ReadAction","target":["https:\/\/transinfo.pl\/x\/infobike\/czy-przy-wroclawskich-dworcach-powstana-wieze-rowerowe-taki-pomysl-maja-koleje-dolnoslaskie\/"]}]},{"@type":"ImageObject","inLanguage":"pl-PL","@id":"https:\/\/transinfo.pl\/x\/infobike\/czy-przy-wroclawskich-dworcach-powstana-wieze-rowerowe-taki-pomysl-maja-koleje-dolnoslaskie\/#primaryimage","url":"https:\/\/transinfo.pl\/x\/wp-content\/uploads\/2024\/04\/wieza-rowerowa.jpg","contentUrl":"https:\/\/transinfo.pl\/x\/wp-content\/uploads\/2024\/04\/wieza-rowerowa.jpg"},{"@type":"BreadcrumbList","@id":"https:\/\/transinfo.pl\/x\/infobike\/czy-przy-wroclawskich-dworcach-powstana-wieze-rowerowe-taki-pomysl-maja-koleje-dolnoslaskie\/#breadcrumb","itemListElement":[{"@type":"ListItem","position":1,"name":"Home","item":"https:\/\/transinfo.pl\/x\/"},{"@type":"ListItem","position":2,"name":"Infobike","item":"https:\/\/transinfo.pl\/x\/infobike\/"},{"@type":"ListItem","position":3,"name":"Czy przy wroc\u0142awskich dworcach powstan\u0105 wie\u017ce rowerowe? Taki pomys\u0142 maj\u0105 Koleje Dolno\u015bl\u0105skie"}]},{"@type":"WebSite","@id":"https:\/\/transinfo.pl\/x\/#website","url":"https:\/\/transinfo.pl\/x\/","name":"TransInfo Archiwum","description":"Ca\u0142y transport w jednym miejscu","publisher":{"@id":"https:\/\/transinfo.pl\/x\/#organization"},"potentialAction":[{"@type":"SearchAction","target":{"@type":"EntryPoint","urlTemplate":"https:\/\/transinfo.pl\/x\/?s={search_term_string}"},"query-input":{"@type":"PropertyValueSpecification","valueRequired":true,"valueName":"search_term_string"}}],"inLanguage":"pl-PL"},{"@type":"Organization","@id":"https:\/\/transinfo.pl\/x\/#organization","name":"TransInfo","url":"https:\/\/transinfo.pl\/x\/","logo":{"@type":"ImageObject","inLanguage":"pl-PL","@id":"https:\/\/transinfo.pl\/x\/#\/schema\/logo\/image\/","url":"https:\/\/transinfo.pl\/x\/wp-content\/uploads\/2024\/10\/favicon.png","contentUrl":"https:\/\/transinfo.pl\/x\/wp-content\/uploads\/2024\/10\/favicon.png","width":512,"height":512,"caption":"TransInfo"},"image":{"@id":"https:\/\/transinfo.pl\/x\/#\/schema\/logo\/image\/"}}]}},"_links":{"self":[{"href":"https:\/\/transinfo.pl\/x\/wp-json\/wp\/v2\/infobike\/267036","targetHints":{"allow":["GET"]}}],"collection":[{"href":"https:\/\/transinfo.pl\/x\/wp-json\/wp\/v2\/infobike"}],"about":[{"href":"https:\/\/transinfo.pl\/x\/wp-json\/wp\/v2\/types\/infobike"}],"author":[{"embeddable":true,"href":"https:\/\/transinfo.pl\/x\/wp-json\/wp\/v2\/users\/1"}],"replies":[{"embeddable":true,"href":"https:\/\/transinfo.pl\/x\/wp-json\/wp\/v2\/comments?post=267036"}],"wp:featuredmedia":[{"embeddable":true,"href":"https:\/\/transinfo.pl\/x\/wp-json\/wp\/v2\/media\/267037"}],"wp:attachment":[{"href":"https:\/\/transinfo.pl\/x\/wp-json\/wp\/v2\/media?parent=267036"}],"wp:term":[{"taxonomy":"category","embeddable":true,"href":"https:\/\/transinfo.pl\/x\/wp-json\/wp\/v2\/categories?post=267036"},{"taxonomy":"post_tag","embeddable":true,"href":"https:\/\/transinfo.pl\/x\/wp-json\/wp\/v2\/tags?post=267036"}],"curies":[{"name":"wp","href":"https:\/\/api.w.org\/{rel}","templated":true}]}}