{"id":266466,"date":"2024-03-19T11:15:00","date_gmt":"2024-03-19T11:15:00","guid":{"rendered":"https:\/\/transinfo.pl\/x\/infobike\/mial-zakaz-kierowania-wszelkimi-pojazdami-po-kielichu-jechal-na-hulajnodze-czeka-go-sad\/"},"modified":"2024-03-19T11:15:00","modified_gmt":"2024-03-19T11:15:00","slug":"mial-zakaz-kierowania-wszelkimi-pojazdami-po-kielichu-jechal-na-hulajnodze-czeka-go-sad","status":"publish","type":"infobike","link":"https:\/\/transinfo.pl\/x\/infobike\/mial-zakaz-kierowania-wszelkimi-pojazdami-po-kielichu-jechal-na-hulajnodze-czeka-go-sad\/","title":{"rendered":"Mia\u0142 zakaz kierowania wszelkimi pojazdami. Po kielichu jecha\u0142 na hulajnodze &#8211; czeka go s\u0105d!"},"content":{"rendered":"<style>h1,h2,h3,h4,h5,h6{margin:0 0 1.25rem;font-family:Arial,sans-serif;font-weight:600;color:#050505}h1{font-size:1.875rem;line-height:1.1em;text-transform:none}@media(min-width: 768px){h1{font-size:2.375rem}}h2{font-size:1.1875rem;line-height:1.2em;text-transform:uppercase}@media(min-width: 768px){h2{font-size:1.0625rem}}h3{font-size:0.9375rem;line-height:1.4em;font-weight:900;margin-bottom:0.9375rem}h4{font-size:0.875rem;line-height:1.2em;font-weight:500}h5{font-size:0.9375rem;line-height:1.6;font-weight:400}h6{font-size:0.9375rem;line-height:1.6;font-weight:600}\n<\/style>\n<h3 class=\"wp-block-heading\" id=\"h-przed-sadem-stanie-37-letni-mezczyzna-za-jazde-hulajnoga-elektryczna-w-stanie-po-uzyciu-alkoholu-wobec-kierujacego-sad-wydal-orzeczenie-o-zakazie-kierowania-pojazdami\">Przed s\u0105dem stanie 37-letni m\u0119\u017cczyzna za jazd\u0119 hulajnog\u0105 elektryczn\u0105 w stanie po u\u017cyciu alkoholu. Wobec kieruj\u0105cego s\u0105d wyda\u0142 orzeczenie o zakazie kierowania pojazdami. <\/h3>\n\n\n<style>p{margin:0 0 1.5rem}p:last-child{margin:0}p.is-style-uppercase{text-transform:uppercase}p.is-style-preheading{color:#12406a;text-transform:uppercase}p.is-style-leadparagraph{font-size:1rem;line-height:1.625;font-weight:700}@media(min-width: 768px){p.is-style-leadparagraph{font-size:1.125rem;line-height:1.5555555556}}p.has-small-margin{margin-bottom:0.625rem}p.has-small-margin+h1,p.has-small-margin+h2,p.has-small-margin+h3{margin-top:1.875rem}\n<\/style>\n<p>Podczas ubieg\u0142ego weekendu policjanci w Nowej Rudzie zatrzymali 37-letniego m\u0119\u017cczyzn\u0119 kieruj\u0105cego hulajnog\u0105. Zachowanie kieruj\u0105cego \u015bwiadczy\u0142o, \u017ce mo\u017ce si\u0119 on znajdowa\u0107 w stanie po spo\u017cyciu alkoholu. <\/p>\n\n\n<style>.wp-block-quote{border-left:0.1875rem solid var(--page-color);font-size:1rem;font-style:italic;margin:0 0 1.6875rem;padding:1.25rem}.wp-block-quote cite{color:#050505}.wp-block-quote.is-style-large p{margin-bottom:10px}.wp-block-quote.is-style-large cite{color:#12406a}\n<\/style>\n<blockquote class=\"wp-block-quote is-layout-flow wp-block-quote-is-layout-flow\">\n<p>Mundurowi sprawdzili stan trze\u017awo\u015bci 37-latka. Po przebadaniu okaza\u0142o si\u0119, \u017ce kieruj\u0105cy elektryczn\u0105 hulajnog\u0105 zdecydowa\u0142 si\u0119 na jazd\u0119 maj\u0105c 0,37 promila alkoholu w organizmie. Policjanci ustalili, \u017ce 37-latek posiada orzeczony przez s\u0105d zakaz kierowania wszelkimi pojazdami. Teraz sprawa trafi do s\u0105du, a m\u0119\u017cczy\u017anie grozi kara pozbawienia wolno\u015bci nawet do 5 lat &#8211; poinformowa\u0142a podinsp. Wioletta Martuszewska Oficer Prasowy KPP w K\u0142odzku<br><\/p>\n<\/blockquote>\n\n\n\n<p><\/p>\n\n\n<style>.wp-block-image{margin:1.25rem 0;text-align:center}.wp-block-image figcaption{padding:0 0.9375rem;text-align:center}\n<\/style>\n<figure class=\"wp-block-image size-large\"><img decoding=\"async\" src=\"https:\/\/transinfo.pl\/wp-content\/uploads\/2022\/10\/Hulajnoga-wypadek-zdjecie-ilustracyjne-1024x602.jpg\" alt=\"POlicja notuje coraz wi\u0119cej wypadk\u00f3w u\u017cytkownik\u00f3w huajn\u00f3g je\u017cdz\u0105cych po spo\u017cyciu akoholu\" class=\"wp-image-391099\" \/><figcaption class=\"wp-element-caption\">Policjanci kolejny ju\u017c raz apeluj\u0105 do wszystkich kierowc\u00f3w o to, aby nie kierowali pojazdami po spo\u017cyciu cho\u0107by najmniejszej ilo\u015bci alkoholu! <\/figcaption><\/figure>\n\n\n\n<p>Policjanci kolejny ju\u017c raz apeluj\u0105 do wszystkich kierowc\u00f3w o to, aby nie kierowali pojazdami po spo\u017cyciu cho\u0107by najmniejszej ilo\u015bci alkoholu! Apelujemy do wszystkich uczestnik\u00f3w ruchu drogowego o rozwag\u0119 i zachowanie ostro\u017cno\u015bci na drodze!<\/p>\n\n\n\n<blockquote class=\"wp-block-quote is-layout-flow wp-block-quote-is-layout-flow\">\n<p>Apelujemy zar\u00f3wno do kierowc\u00f3w, jak i do postronnych os\u00f3b, kt\u00f3rzy widz\u0105, \u017ce osoba nietrze\u017awa kieruje pojazdem lub pr\u00f3buje wsi\u0105\u015b\u0107 za kierownic\u0119, aby uniemo\u017cliwi\u0107 jej to i powiadomi\u0107 s\u0142u\u017cby. Nie reaguj\u0105c na naganne zachowanie, dajemy przyzwolenie nietrze\u017awym na kierowanie pojazdami, co w konsekwencji mo\u017ce doprowadzi\u0107 do tragedii. Apelujemy r\u00f3wnie\u017c do kieruj\u0105cych hulajnogami o korzystanie z tych pojazd\u00f3w wy\u0142\u0105cznie w stanie trze\u017awo\u015bci oraz o przestrzeganie obowi\u0105zuj\u0105cych przepis\u00f3w ruchu drogowego &#8211; przekaza\u0142a podinsp. Wioletta Martuszewska<\/p>\n<\/blockquote>\n\n\n\n<p><\/p>\n","protected":false},"author":1,"featured_media":266467,"comment_status":"","ping_status":"closed","template":"","categories":[24,27],"tags":[1948,1095,1101,8962,339],"class_list":["post-266466","infobike","type-infobike","status-publish","has-post-thumbnail","hentry","category-prawo","category-wydarzenia","tag-alkohol","tag-hulajnoga","tag-kierowca","tag-nowa-ruda","tag-policja"],"acf":[],"yoast_head":"<!-- This site is optimized with the Yoast SEO Premium plugin v21.8 (Yoast SEO v23.7) - https:\/\/yoast.com\/wordpress\/plugins\/seo\/ -->\n<title>Mia\u0142 zakaz kierowania wszelkimi pojazdami. Po kielichu jecha\u0142 na hulajnodze - czeka go s\u0105d! - TransInfo Archiwum<\/title>\n<meta name=\"description\" content=\"Przed s\u0105dem stanie 37-letni m\u0119\u017cczyzna za jazd\u0119 hulajnog\u0105 elektryczn\u0105 w stanie po u\u017cyciu alkoholu.\" \/>\n<meta name=\"robots\" content=\"index, follow, max-snippet:-1, max-image-preview:large, max-video-preview:-1\" \/>\n<link rel=\"canonical\" href=\"https:\/\/transinfo.pl\/x\/infobike\/mial-zakaz-kierowania-wszelkimi-pojazdami-po-kielichu-jechal-na-hulajnodze-czeka-go-sad\/\" \/>\n<meta property=\"og:locale\" content=\"pl_PL\" \/>\n<meta property=\"og:type\" content=\"article\" \/>\n<meta property=\"og:title\" content=\"Mia\u0142 zakaz kierowania wszelkimi pojazdami. Po kielichu jecha\u0142 na hulajnodze - czeka go s\u0105d!\" \/>\n<meta property=\"og:description\" content=\"Przed s\u0105dem stanie 37-letni m\u0119\u017cczyzna za jazd\u0119 hulajnog\u0105 elektryczn\u0105 w stanie po u\u017cyciu alkoholu.\" \/>\n<meta property=\"og:url\" content=\"https:\/\/transinfo.pl\/x\/infobike\/mial-zakaz-kierowania-wszelkimi-pojazdami-po-kielichu-jechal-na-hulajnodze-czeka-go-sad\/\" \/>\n<meta property=\"og:site_name\" content=\"TransInfo Archiwum\" \/>\n<meta property=\"og:image\" content=\"https:\/\/transinfo.pl\/x\/wp-content\/uploads\/2022\/01\/Z-bankami-na-bance.-Mistrz-fot.-Policja-0.jpg\" \/>\n\t<meta property=\"og:image:width\" content=\"1\" \/>\n\t<meta property=\"og:image:height\" content=\"1\" \/>\n\t<meta property=\"og:image:type\" content=\"image\/jpeg\" \/>\n<meta name=\"twitter:card\" content=\"summary_large_image\" \/>\n<meta name=\"twitter:label1\" content=\"Szacowany czas czytania\" \/>\n\t<meta name=\"twitter:data1\" content=\"1 minuta\" \/>\n<script type=\"application\/ld+json\" class=\"yoast-schema-graph\">{\"@context\":\"https:\/\/schema.org\",\"@graph\":[{\"@type\":\"WebPage\",\"@id\":\"https:\/\/transinfo.pl\/x\/infobike\/mial-zakaz-kierowania-wszelkimi-pojazdami-po-kielichu-jechal-na-hulajnodze-czeka-go-sad\/\",\"url\":\"https:\/\/transinfo.pl\/x\/infobike\/mial-zakaz-kierowania-wszelkimi-pojazdami-po-kielichu-jechal-na-hulajnodze-czeka-go-sad\/\",\"name\":\"Mia\u0142 zakaz kierowania wszelkimi pojazdami. Po kielichu jecha\u0142 na hulajnodze - czeka go s\u0105d! - TransInfo Archiwum\",\"isPartOf\":{\"@id\":\"https:\/\/transinfo.pl\/x\/#website\"},\"primaryImageOfPage\":{\"@id\":\"https:\/\/transinfo.pl\/x\/infobike\/mial-zakaz-kierowania-wszelkimi-pojazdami-po-kielichu-jechal-na-hulajnodze-czeka-go-sad\/#primaryimage\"},\"image\":{\"@id\":\"https:\/\/transinfo.pl\/x\/infobike\/mial-zakaz-kierowania-wszelkimi-pojazdami-po-kielichu-jechal-na-hulajnodze-czeka-go-sad\/#primaryimage\"},\"thumbnailUrl\":\"https:\/\/transinfo.pl\/x\/wp-content\/uploads\/2022\/01\/Z-bankami-na-bance.-Mistrz-fot.-Policja-0.jpg\",\"datePublished\":\"2024-03-19T11:15:00+00:00\",\"dateModified\":\"2024-03-19T11:15:00+00:00\",\"description\":\"Przed s\u0105dem stanie 37-letni m\u0119\u017cczyzna za jazd\u0119 hulajnog\u0105 elektryczn\u0105 w stanie po u\u017cyciu alkoholu.\",\"breadcrumb\":{\"@id\":\"https:\/\/transinfo.pl\/x\/infobike\/mial-zakaz-kierowania-wszelkimi-pojazdami-po-kielichu-jechal-na-hulajnodze-czeka-go-sad\/#breadcrumb\"},\"inLanguage\":\"pl-PL\",\"potentialAction\":[{\"@type\":\"ReadAction\",\"target\":[\"https:\/\/transinfo.pl\/x\/infobike\/mial-zakaz-kierowania-wszelkimi-pojazdami-po-kielichu-jechal-na-hulajnodze-czeka-go-sad\/\"]}]},{\"@type\":\"ImageObject\",\"inLanguage\":\"pl-PL\",\"@id\":\"https:\/\/transinfo.pl\/x\/infobike\/mial-zakaz-kierowania-wszelkimi-pojazdami-po-kielichu-jechal-na-hulajnodze-czeka-go-sad\/#primaryimage\",\"url\":\"https:\/\/transinfo.pl\/x\/wp-content\/uploads\/2022\/01\/Z-bankami-na-bance.-Mistrz-fot.-Policja-0.jpg\",\"contentUrl\":\"https:\/\/transinfo.pl\/x\/wp-content\/uploads\/2022\/01\/Z-bankami-na-bance.-Mistrz-fot.-Policja-0.jpg\"},{\"@type\":\"BreadcrumbList\",\"@id\":\"https:\/\/transinfo.pl\/x\/infobike\/mial-zakaz-kierowania-wszelkimi-pojazdami-po-kielichu-jechal-na-hulajnodze-czeka-go-sad\/#breadcrumb\",\"itemListElement\":[{\"@type\":\"ListItem\",\"position\":1,\"name\":\"Home\",\"item\":\"https:\/\/transinfo.pl\/x\/\"},{\"@type\":\"ListItem\",\"position\":2,\"name\":\"Infobike\",\"item\":\"https:\/\/transinfo.pl\/x\/infobike\/\"},{\"@type\":\"ListItem\",\"position\":3,\"name\":\"Mia\u0142 zakaz kierowania wszelkimi pojazdami. Po kielichu jecha\u0142 na hulajnodze &#8211; czeka go s\u0105d!\"}]},{\"@type\":\"WebSite\",\"@id\":\"https:\/\/transinfo.pl\/x\/#website\",\"url\":\"https:\/\/transinfo.pl\/x\/\",\"name\":\"TransInfo Archiwum\",\"description\":\"Ca\u0142y transport w jednym miejscu\",\"publisher\":{\"@id\":\"https:\/\/transinfo.pl\/x\/#organization\"},\"potentialAction\":[{\"@type\":\"SearchAction\",\"target\":{\"@type\":\"EntryPoint\",\"urlTemplate\":\"https:\/\/transinfo.pl\/x\/?s={search_term_string}\"},\"query-input\":{\"@type\":\"PropertyValueSpecification\",\"valueRequired\":true,\"valueName\":\"search_term_string\"}}],\"inLanguage\":\"pl-PL\"},{\"@type\":\"Organization\",\"@id\":\"https:\/\/transinfo.pl\/x\/#organization\",\"name\":\"TransInfo\",\"url\":\"https:\/\/transinfo.pl\/x\/\",\"logo\":{\"@type\":\"ImageObject\",\"inLanguage\":\"pl-PL\",\"@id\":\"https:\/\/transinfo.pl\/x\/#\/schema\/logo\/image\/\",\"url\":\"https:\/\/transinfo.pl\/x\/wp-content\/uploads\/2024\/10\/favicon.png\",\"contentUrl\":\"https:\/\/transinfo.pl\/x\/wp-content\/uploads\/2024\/10\/favicon.png\",\"width\":512,\"height\":512,\"caption\":\"TransInfo\"},\"image\":{\"@id\":\"https:\/\/transinfo.pl\/x\/#\/schema\/logo\/image\/\"}}]}<\/script>\n<!-- \/ Yoast SEO Premium plugin. -->","yoast_head_json":{"title":"Mia\u0142 zakaz kierowania wszelkimi pojazdami. Po kielichu jecha\u0142 na hulajnodze - czeka go s\u0105d! - TransInfo Archiwum","description":"Przed s\u0105dem stanie 37-letni m\u0119\u017cczyzna za jazd\u0119 hulajnog\u0105 elektryczn\u0105 w stanie po u\u017cyciu alkoholu.","robots":{"index":"index","follow":"follow","max-snippet":"max-snippet:-1","max-image-preview":"max-image-preview:large","max-video-preview":"max-video-preview:-1"},"canonical":"https:\/\/transinfo.pl\/x\/infobike\/mial-zakaz-kierowania-wszelkimi-pojazdami-po-kielichu-jechal-na-hulajnodze-czeka-go-sad\/","og_locale":"pl_PL","og_type":"article","og_title":"Mia\u0142 zakaz kierowania wszelkimi pojazdami. Po kielichu jecha\u0142 na hulajnodze - czeka go s\u0105d!","og_description":"Przed s\u0105dem stanie 37-letni m\u0119\u017cczyzna za jazd\u0119 hulajnog\u0105 elektryczn\u0105 w stanie po u\u017cyciu alkoholu.","og_url":"https:\/\/transinfo.pl\/x\/infobike\/mial-zakaz-kierowania-wszelkimi-pojazdami-po-kielichu-jechal-na-hulajnodze-czeka-go-sad\/","og_site_name":"TransInfo Archiwum","og_image":[{"url":"https:\/\/transinfo.pl\/x\/wp-content\/uploads\/2022\/01\/Z-bankami-na-bance.-Mistrz-fot.-Policja-0.jpg","width":1,"height":1,"type":"image\/jpeg"}],"twitter_card":"summary_large_image","twitter_misc":{"Szacowany czas czytania":"1 minuta"},"schema":{"@context":"https:\/\/schema.org","@graph":[{"@type":"WebPage","@id":"https:\/\/transinfo.pl\/x\/infobike\/mial-zakaz-kierowania-wszelkimi-pojazdami-po-kielichu-jechal-na-hulajnodze-czeka-go-sad\/","url":"https:\/\/transinfo.pl\/x\/infobike\/mial-zakaz-kierowania-wszelkimi-pojazdami-po-kielichu-jechal-na-hulajnodze-czeka-go-sad\/","name":"Mia\u0142 zakaz kierowania wszelkimi pojazdami. Po kielichu jecha\u0142 na hulajnodze - czeka go s\u0105d! - TransInfo Archiwum","isPartOf":{"@id":"https:\/\/transinfo.pl\/x\/#website"},"primaryImageOfPage":{"@id":"https:\/\/transinfo.pl\/x\/infobike\/mial-zakaz-kierowania-wszelkimi-pojazdami-po-kielichu-jechal-na-hulajnodze-czeka-go-sad\/#primaryimage"},"image":{"@id":"https:\/\/transinfo.pl\/x\/infobike\/mial-zakaz-kierowania-wszelkimi-pojazdami-po-kielichu-jechal-na-hulajnodze-czeka-go-sad\/#primaryimage"},"thumbnailUrl":"https:\/\/transinfo.pl\/x\/wp-content\/uploads\/2022\/01\/Z-bankami-na-bance.-Mistrz-fot.-Policja-0.jpg","datePublished":"2024-03-19T11:15:00+00:00","dateModified":"2024-03-19T11:15:00+00:00","description":"Przed s\u0105dem stanie 37-letni m\u0119\u017cczyzna za jazd\u0119 hulajnog\u0105 elektryczn\u0105 w stanie po u\u017cyciu alkoholu.","breadcrumb":{"@id":"https:\/\/transinfo.pl\/x\/infobike\/mial-zakaz-kierowania-wszelkimi-pojazdami-po-kielichu-jechal-na-hulajnodze-czeka-go-sad\/#breadcrumb"},"inLanguage":"pl-PL","potentialAction":[{"@type":"ReadAction","target":["https:\/\/transinfo.pl\/x\/infobike\/mial-zakaz-kierowania-wszelkimi-pojazdami-po-kielichu-jechal-na-hulajnodze-czeka-go-sad\/"]}]},{"@type":"ImageObject","inLanguage":"pl-PL","@id":"https:\/\/transinfo.pl\/x\/infobike\/mial-zakaz-kierowania-wszelkimi-pojazdami-po-kielichu-jechal-na-hulajnodze-czeka-go-sad\/#primaryimage","url":"https:\/\/transinfo.pl\/x\/wp-content\/uploads\/2022\/01\/Z-bankami-na-bance.-Mistrz-fot.-Policja-0.jpg","contentUrl":"https:\/\/transinfo.pl\/x\/wp-content\/uploads\/2022\/01\/Z-bankami-na-bance.-Mistrz-fot.-Policja-0.jpg"},{"@type":"BreadcrumbList","@id":"https:\/\/transinfo.pl\/x\/infobike\/mial-zakaz-kierowania-wszelkimi-pojazdami-po-kielichu-jechal-na-hulajnodze-czeka-go-sad\/#breadcrumb","itemListElement":[{"@type":"ListItem","position":1,"name":"Home","item":"https:\/\/transinfo.pl\/x\/"},{"@type":"ListItem","position":2,"name":"Infobike","item":"https:\/\/transinfo.pl\/x\/infobike\/"},{"@type":"ListItem","position":3,"name":"Mia\u0142 zakaz kierowania wszelkimi pojazdami. Po kielichu jecha\u0142 na hulajnodze &#8211; czeka go s\u0105d!"}]},{"@type":"WebSite","@id":"https:\/\/transinfo.pl\/x\/#website","url":"https:\/\/transinfo.pl\/x\/","name":"TransInfo Archiwum","description":"Ca\u0142y transport w jednym miejscu","publisher":{"@id":"https:\/\/transinfo.pl\/x\/#organization"},"potentialAction":[{"@type":"SearchAction","target":{"@type":"EntryPoint","urlTemplate":"https:\/\/transinfo.pl\/x\/?s={search_term_string}"},"query-input":{"@type":"PropertyValueSpecification","valueRequired":true,"valueName":"search_term_string"}}],"inLanguage":"pl-PL"},{"@type":"Organization","@id":"https:\/\/transinfo.pl\/x\/#organization","name":"TransInfo","url":"https:\/\/transinfo.pl\/x\/","logo":{"@type":"ImageObject","inLanguage":"pl-PL","@id":"https:\/\/transinfo.pl\/x\/#\/schema\/logo\/image\/","url":"https:\/\/transinfo.pl\/x\/wp-content\/uploads\/2024\/10\/favicon.png","contentUrl":"https:\/\/transinfo.pl\/x\/wp-content\/uploads\/2024\/10\/favicon.png","width":512,"height":512,"caption":"TransInfo"},"image":{"@id":"https:\/\/transinfo.pl\/x\/#\/schema\/logo\/image\/"}}]}},"_links":{"self":[{"href":"https:\/\/transinfo.pl\/x\/wp-json\/wp\/v2\/infobike\/266466","targetHints":{"allow":["GET"]}}],"collection":[{"href":"https:\/\/transinfo.pl\/x\/wp-json\/wp\/v2\/infobike"}],"about":[{"href":"https:\/\/transinfo.pl\/x\/wp-json\/wp\/v2\/types\/infobike"}],"author":[{"embeddable":true,"href":"https:\/\/transinfo.pl\/x\/wp-json\/wp\/v2\/users\/1"}],"replies":[{"embeddable":true,"href":"https:\/\/transinfo.pl\/x\/wp-json\/wp\/v2\/comments?post=266466"}],"wp:featuredmedia":[{"embeddable":true,"href":"https:\/\/transinfo.pl\/x\/wp-json\/wp\/v2\/media\/266467"}],"wp:attachment":[{"href":"https:\/\/transinfo.pl\/x\/wp-json\/wp\/v2\/media?parent=266466"}],"wp:term":[{"taxonomy":"category","embeddable":true,"href":"https:\/\/transinfo.pl\/x\/wp-json\/wp\/v2\/categories?post=266466"},{"taxonomy":"post_tag","embeddable":true,"href":"https:\/\/transinfo.pl\/x\/wp-json\/wp\/v2\/tags?post=266466"}],"curies":[{"name":"wp","href":"https:\/\/api.w.org\/{rel}","templated":true}]}}