{"id":264790,"date":"2024-02-12T18:15:00","date_gmt":"2024-02-12T18:15:00","guid":{"rendered":"https:\/\/transinfo.pl\/x\/infobike\/1100-km-nowych-tras-rowerowych-polaczy-warszawe-z-sasiednimi-wojewodztwami\/"},"modified":"2024-02-12T18:15:00","modified_gmt":"2024-02-12T18:15:00","slug":"1100-km-nowych-tras-rowerowych-polaczy-warszawe-z-sasiednimi-wojewodztwami","status":"publish","type":"infobike","link":"https:\/\/transinfo.pl\/x\/infobike\/1100-km-nowych-tras-rowerowych-polaczy-warszawe-z-sasiednimi-wojewodztwami\/","title":{"rendered":"1100 km nowych tras rowerowych po\u0142\u0105czy Warszaw\u0119 z s\u0105siednimi wojew\u00f3dztwami"},"content":{"rendered":"<style>h1,h2,h3,h4,h5,h6{margin:0 0 1.25rem;font-family:Arial,sans-serif;font-weight:600;color:#050505}h1{font-size:1.875rem;line-height:1.1em;text-transform:none}@media(min-width: 768px){h1{font-size:2.375rem}}h2{font-size:1.1875rem;line-height:1.2em;text-transform:uppercase}@media(min-width: 768px){h2{font-size:1.0625rem}}h3{font-size:0.9375rem;line-height:1.4em;font-weight:900;margin-bottom:0.9375rem}h4{font-size:0.875rem;line-height:1.2em;font-weight:500}h5{font-size:0.9375rem;line-height:1.6;font-weight:400}h6{font-size:0.9375rem;line-height:1.6;font-weight:600}\n<\/style>\n<h3 class=\"wp-block-heading\" id=\"h-w-wojewodztwie-mazowieckim-powstanie-1100-km-tras-drog-nbsp-rowerowych-pierwsze-dwie-umowy-dotyczace-koncepcji-budowy-ok-550-km-tras-nbsp-rowerowych-zostaly-wlasnie-podpisane-mowa-o-trasach-laczacych-warszawe-z-wojewodztwami-lodzkim-podlaskim-warminsko-mazurskim-i-swietokrzyskim-na-ten-cel-sejmik-mazowsza-zarezerwowal-11-mln-zl\">W wojew\u00f3dztwie mazowieckim powstanie 1100 km tras dr\u00f3g&nbsp;rowerowych. Pierwsze dwie umowy dotycz\u0105ce koncepcji budowy ok. 550 km tras&nbsp;rowerowych zosta\u0142y w\u0142a\u015bnie podpisane. Mowa o trasach \u0142\u0105cz\u0105cych Warszaw\u0119 z wojew\u00f3dztwami \u0142\u00f3dzkim, podlaskim, warmi\u0144sko-mazurskim i \u015bwi\u0119tokrzyskim. Na ten cel sejmik Mazowsza zarezerwowa\u0142 11 mln z\u0142.<\/h3>\n\n\n<style>p{margin:0 0 1.5rem}p:last-child{margin:0}p.is-style-uppercase{text-transform:uppercase}p.is-style-preheading{color:#12406a;text-transform:uppercase}p.is-style-leadparagraph{font-size:1rem;line-height:1.625;font-weight:700}@media(min-width: 768px){p.is-style-leadparagraph{font-size:1.125rem;line-height:1.5555555556}}p.has-small-margin{margin-bottom:0.625rem}p.has-small-margin+h1,p.has-small-margin+h2,p.has-small-margin+h3{margin-top:1.875rem}\n<\/style>\n<p>Marsza\u0142ek Adam Struzik podkre\u015bli\u0142 w trakcie poniedzia\u0142kowego briefingu, \u017ce Mazowsze stawia na turystyk\u0119\u00a0rowerow\u0105. <\/p>\n\n\n<style>.wp-block-quote{border-left:0.1875rem solid var(--page-color);font-size:1rem;font-style:italic;margin:0 0 1.6875rem;padding:1.25rem}.wp-block-quote cite{color:#050505}.wp-block-quote.is-style-large p{margin-bottom:10px}.wp-block-quote.is-style-large cite{color:#12406a}\n<\/style>\n<blockquote class=\"wp-block-quote is-layout-flow wp-block-quote-is-layout-flow\">\n<p>Chcemy, aby mieszka\u0144cy mogli aktywnie sp\u0119dza\u0107 czas i odkrywa\u0107 atrakcje, kt\u00f3re s\u0105 na wyci\u0105gni\u0119cie r\u0119ki. Tu, na Mazowszu, ale tak\u017ce w innych regionach, bo nasze trasy b\u0119d\u0105 elementem EuroVelo \u2013 tras turystycznych o znaczeniu mi\u0119dzynarodowym. Ruszamy z pracami. Przeznaczyli\u015bmy 11 mln z\u0142 na przygotowanie dokumentacji przedprojektowej. Chcemy, aby na ca\u0142ym Mazowszu powsta\u0142o a\u017c 1100 kilometr\u00f3w wygodnych tras &#8211; doda\u0142.<\/p>\n<\/blockquote>\n\n\n\n<p>Samorz\u0105d wojew\u00f3dztwa podpisa\u0142 w poniedzia\u0142ek dwie umowy. Pierwsza dotyczy przebiegu trasy wzd\u0142u\u017c Wis\u0142y i na linii Kozienice \u2013 Radom \u2013 woj. \u015bwi\u0119tokrzyskie. Obejmuje on tras\u0119 wzd\u0142u\u017c Wis\u0142y w regionie warszawskim sto\u0142ecznym (ok. 110 km) oraz tras\u0119 z Kozienic do Radomia i wojew\u00f3dztwa \u015bwi\u0119tokrzyskiego (ok. 95 km). Koszt umowy to 2,3 mln z\u0142.<\/p>\n\n\n\n<p>Druga umowa dotyczy przebiegu wzd\u0142u\u017c linii kolejowych. Obejmuje tras\u0119 z Warszawy do \u017byrardowa i wojew\u00f3dztwa \u0142\u00f3dzkiego (ok. 60 km), tras\u0119 z Warszawy do Ciechanowa i woj. warmi\u0144sko-mazurskiego (ok. 100 km) oraz tras\u0119 z Warszawy do Siedlec i wojew\u00f3dztwa podlaskiego (ok. 150 km), a tak\u017ce pierwszy odcinek trasy z Warszawy do Radomia wzd\u0142u\u017c linii kolejowej Warszawa \u2013 Radom, odcinek do Piaseczna, po\u0142\u0105czony z tras\u0105 wzd\u0142u\u017c Wis\u0142y (ok. 35 km). Koszt umowy to 3,6 mln z\u0142.<\/p>\n\n\n\n<p>Trasy te maj\u0105 po\u0142\u0105czy\u0107 Warszaw\u0119 z innymi miastami w regionie, ale r\u00f3wnie\u017c b\u0119d\u0105 prowadzi\u0142y m.in. do wojew\u00f3dztw \u0142\u00f3dzkiego, podlaskiego, warmi\u0144sko-mazurskiego czy \u015bwi\u0119tokrzyskiego.<\/p>\n\n\n<style>.wp-block-image{margin:1.25rem 0;text-align:center}.wp-block-image figcaption{padding:0 0.9375rem;text-align:center}\n<\/style>\n<figure class=\"wp-block-image size-full\"><img decoding=\"async\" src=\"https:\/\/transinfo.pl\/wp-content\/uploads\/2024\/02\/sciezka-rowerowa_nieporet.jpg\" alt=\"\u015acie\u017cka rowerowa w gminie Niepor\u0119t\" class=\"wp-image-463629\" \/><figcaption class=\"wp-element-caption\">\u015acie\u017cka rowerowa w gminie Niepor\u0119t<\/figcaption><\/figure>\n\n\n\n<p>Cz\u0142onek zarz\u0105du wojew\u00f3dztwa mazowieckiego Janina Ewa Orze\u0142owska wyja\u015bni\u0142a, \u017ce za\u0142o\u017ceniem projektu jest to, aby bieg\u0142y one mo\u017cliwie bezkolizyjnie. <\/p>\n\n\n\n<blockquote class=\"wp-block-quote is-layout-flow wp-block-quote-is-layout-flow\">\n<p>\u015acie\u017cki maj\u0105 by\u0107 poprowadzone m.in. wa\u0142ami przeciwpowodziowymi, czy wzd\u0142u\u017c linii kolejowych, co pozwoli je skomunikowa\u0107 z transportem publicznym. Parametry tras b\u0119d\u0105 dostosowane do pe\u0142nienia funkcji turystycznych, ale i transportowych. Po to, aby lokalne \u015bcie\u017cki sta\u0142y si\u0119 wygodn\u0105 alternatyw\u0105 dla innych \u015brodk\u00f3w komunikacji &#8211; doda\u0142a Janina Ewa Orze\u0142owska.<\/p>\n<\/blockquote>\n\n\n\n<p>Dyrektor Mazowieckiego Biura Planowania Regionalnego El\u017cbieta Kozubek poinformowa\u0142a, \u017ce w najbli\u017cszym czasie wojew\u00f3dztwo przyst\u0105pi do podpisania um\u00f3w na koncepcje programowe kolejnych tras. <\/p>\n\n\n\n<blockquote class=\"wp-block-quote is-layout-flow wp-block-quote-is-layout-flow\">\n<p>W ich przypadku przetargi musia\u0142y zosta\u0142y ponowione ze wzgl\u0119du na zbyt wysokie ceny ofertowe. Mowa o trasach wzd\u0142u\u017c Wis\u0142y w regionie mazowieckim regionalnym (ok. 170 km), z Warszawy do Ostro\u0142\u0119ki i granicy wojew\u00f3dztwa podlaskiego (ok. 175 km) oraz z Warszawy do granicy wojew\u00f3dztwa lubelskiego (ok. 205 km). Termin sk\u0142adania ofert to 4 marca &#8211; wyja\u015bni\u0142a Kozubek.<\/p>\n<\/blockquote>\n\n\n\n<p>Samorz\u0105dowcy przewiduj\u0105, \u017ce opracowanie koncepcji potrwa rok. Nast\u0119pnym krokiem b\u0119dzie przygotowanie projekt\u00f3w budowlanych i poprowadzenie inwestycji.<\/p>\n\n\n\n<blockquote class=\"wp-block-quote is-layout-flow wp-block-quote-is-layout-flow\">\n<p>Realizacja projektu b\u0119dzie mo\u017cliwa dzi\u0119ki temu, \u017ce Mazowsze w ko\u0144cu zosta\u0142o obj\u0119te dost\u0119pem do \u015brodk\u00f3w unijnych w ramach Polski Wschodniej, o co zabiega\u0142 samorz\u0105d wojew\u00f3dztwa. Obecnie Mazowsze wsp\u00f3\u0142pracuje z wojew\u00f3dztwem podkarpackim, \u015bwi\u0119tokrzyskim i lubelskim w ramach wsp\u00f3lnego projektu o roboczej nazwie &#8222;Blue Valley&#8221;, kt\u00f3rego celem jest realizacja tras\u00a0rowerowych wzd\u0142u\u017c Wis\u0142y i Sanu. Planowane jest pozyskanie na ten cel \u015brodk\u00f3w z Funduszy Europejskich dla Polski Wschodniej. Kolejnymi \u017ar\u00f3d\u0142ami finansowania s\u0105 \u015brodki unijne w ramach KPO, ZIT i Funduszy Europejskich dla Mazowsza &#8211; przekaza\u0142 samorz\u0105d Mazowsza.<\/p>\n<\/blockquote>\n\n\n\n<p>Trasy realizowane przez samorz\u0105d wojew\u00f3dztwa b\u0119d\u0105 cz\u0119\u015bci\u0105 sieci EuroVelo &#8211; europejskiej sieci szlak\u00f3w\u00a0rowerowych. <\/p>\n\n\n\n<blockquote class=\"wp-block-quote is-layout-flow wp-block-quote-is-layout-flow\">\n<p>Jest to projekt Europejskiej Federacji Cyklist\u00f3w, kt\u00f3rego celem jest budowa 19 d\u0142ugodystansowych szlak\u00f3w\u00a0rowerowych biegn\u0105cych przez ca\u0142\u0105 Europ\u0119. Ca\u0142kowita d\u0142ugo\u015b\u0107 szlak\u00f3w ma wynosi\u0107 prawie 90 tysi\u0119cy kilometr\u00f3w. Mazowsze b\u0119dzie cz\u0119\u015bci\u0105 wielkiego projektu \u2013 podkre\u015bli\u0142 wicemarsza\u0142ek Wies\u0142aw Raboszuk.(PAP)<\/p>\n<\/blockquote>\n","protected":false},"author":1,"featured_media":264791,"comment_status":"","ping_status":"closed","template":"","categories":[23,27],"tags":[1494,7098,1502,1477,4031],"class_list":["post-264790","infobike","type-infobike","status-publish","has-post-thumbnail","hentry","category-infrastruktura","category-wydarzenia","tag-droga-rowerowa","tag-eurovelo","tag-infrastruktura-rowerowa","tag-trasa-rowerowa","tag-wojewodztwo-mazowieckie"],"acf":[],"yoast_head":"<!-- This site is optimized with the Yoast SEO Premium plugin v21.8 (Yoast SEO v23.7) - https:\/\/yoast.com\/wordpress\/plugins\/seo\/ -->\n<title>1100 km nowych tras rowerowych po\u0142\u0105czy Warszaw\u0119 z s\u0105siednimi wojew\u00f3dztwami - TransInfo Archiwum<\/title>\n<meta name=\"description\" content=\"W wojew\u00f3dztwie mazowieckim powstanie 1100 km tras dr\u00f3g\u00a0rowerowych. Na ten cel sejmik Mazowsza zarezerwowa\u0142 11 mln z\u0142.\" \/>\n<meta name=\"robots\" content=\"index, follow, max-snippet:-1, max-image-preview:large, max-video-preview:-1\" \/>\n<link rel=\"canonical\" href=\"https:\/\/transinfo.pl\/x\/infobike\/1100-km-nowych-tras-rowerowych-polaczy-warszawe-z-sasiednimi-wojewodztwami\/\" \/>\n<meta property=\"og:locale\" content=\"pl_PL\" \/>\n<meta property=\"og:type\" content=\"article\" \/>\n<meta property=\"og:title\" content=\"1100 km nowych tras rowerowych po\u0142\u0105czy Warszaw\u0119 z s\u0105siednimi wojew\u00f3dztwami\" \/>\n<meta property=\"og:description\" content=\"W wojew\u00f3dztwie mazowieckim powstanie 1100 km tras dr\u00f3g\u00a0rowerowych. Na ten cel sejmik Mazowsza zarezerwowa\u0142 11 mln z\u0142.\" \/>\n<meta property=\"og:url\" content=\"https:\/\/transinfo.pl\/x\/infobike\/1100-km-nowych-tras-rowerowych-polaczy-warszawe-z-sasiednimi-wojewodztwami\/\" \/>\n<meta property=\"og:site_name\" content=\"TransInfo Archiwum\" \/>\n<meta property=\"og:image\" content=\"https:\/\/transinfo.pl\/x\/wp-content\/uploads\/2024\/02\/sciezka-rowerowa_nieporet-1.jpg\" \/>\n\t<meta property=\"og:image:width\" content=\"1\" \/>\n\t<meta property=\"og:image:height\" content=\"1\" \/>\n\t<meta property=\"og:image:type\" content=\"image\/jpeg\" \/>\n<meta name=\"twitter:card\" content=\"summary_large_image\" \/>\n<meta name=\"twitter:label1\" content=\"Szacowany czas czytania\" \/>\n\t<meta name=\"twitter:data1\" content=\"3 minuty\" \/>\n<script type=\"application\/ld+json\" class=\"yoast-schema-graph\">{\"@context\":\"https:\/\/schema.org\",\"@graph\":[{\"@type\":\"WebPage\",\"@id\":\"https:\/\/transinfo.pl\/x\/infobike\/1100-km-nowych-tras-rowerowych-polaczy-warszawe-z-sasiednimi-wojewodztwami\/\",\"url\":\"https:\/\/transinfo.pl\/x\/infobike\/1100-km-nowych-tras-rowerowych-polaczy-warszawe-z-sasiednimi-wojewodztwami\/\",\"name\":\"1100 km nowych tras rowerowych po\u0142\u0105czy Warszaw\u0119 z s\u0105siednimi wojew\u00f3dztwami - TransInfo Archiwum\",\"isPartOf\":{\"@id\":\"https:\/\/transinfo.pl\/x\/#website\"},\"primaryImageOfPage\":{\"@id\":\"https:\/\/transinfo.pl\/x\/infobike\/1100-km-nowych-tras-rowerowych-polaczy-warszawe-z-sasiednimi-wojewodztwami\/#primaryimage\"},\"image\":{\"@id\":\"https:\/\/transinfo.pl\/x\/infobike\/1100-km-nowych-tras-rowerowych-polaczy-warszawe-z-sasiednimi-wojewodztwami\/#primaryimage\"},\"thumbnailUrl\":\"https:\/\/transinfo.pl\/x\/wp-content\/uploads\/2024\/02\/sciezka-rowerowa_nieporet-1.jpg\",\"datePublished\":\"2024-02-12T18:15:00+00:00\",\"dateModified\":\"2024-02-12T18:15:00+00:00\",\"description\":\"W wojew\u00f3dztwie mazowieckim powstanie 1100 km tras dr\u00f3g\u00a0rowerowych. Na ten cel sejmik Mazowsza zarezerwowa\u0142 11 mln z\u0142.\",\"breadcrumb\":{\"@id\":\"https:\/\/transinfo.pl\/x\/infobike\/1100-km-nowych-tras-rowerowych-polaczy-warszawe-z-sasiednimi-wojewodztwami\/#breadcrumb\"},\"inLanguage\":\"pl-PL\",\"potentialAction\":[{\"@type\":\"ReadAction\",\"target\":[\"https:\/\/transinfo.pl\/x\/infobike\/1100-km-nowych-tras-rowerowych-polaczy-warszawe-z-sasiednimi-wojewodztwami\/\"]}]},{\"@type\":\"ImageObject\",\"inLanguage\":\"pl-PL\",\"@id\":\"https:\/\/transinfo.pl\/x\/infobike\/1100-km-nowych-tras-rowerowych-polaczy-warszawe-z-sasiednimi-wojewodztwami\/#primaryimage\",\"url\":\"https:\/\/transinfo.pl\/x\/wp-content\/uploads\/2024\/02\/sciezka-rowerowa_nieporet-1.jpg\",\"contentUrl\":\"https:\/\/transinfo.pl\/x\/wp-content\/uploads\/2024\/02\/sciezka-rowerowa_nieporet-1.jpg\"},{\"@type\":\"BreadcrumbList\",\"@id\":\"https:\/\/transinfo.pl\/x\/infobike\/1100-km-nowych-tras-rowerowych-polaczy-warszawe-z-sasiednimi-wojewodztwami\/#breadcrumb\",\"itemListElement\":[{\"@type\":\"ListItem\",\"position\":1,\"name\":\"Home\",\"item\":\"https:\/\/transinfo.pl\/x\/\"},{\"@type\":\"ListItem\",\"position\":2,\"name\":\"Infobike\",\"item\":\"https:\/\/transinfo.pl\/x\/infobike\/\"},{\"@type\":\"ListItem\",\"position\":3,\"name\":\"1100 km nowych tras rowerowych po\u0142\u0105czy Warszaw\u0119 z s\u0105siednimi wojew\u00f3dztwami\"}]},{\"@type\":\"WebSite\",\"@id\":\"https:\/\/transinfo.pl\/x\/#website\",\"url\":\"https:\/\/transinfo.pl\/x\/\",\"name\":\"TransInfo Archiwum\",\"description\":\"Ca\u0142y transport w jednym miejscu\",\"publisher\":{\"@id\":\"https:\/\/transinfo.pl\/x\/#organization\"},\"potentialAction\":[{\"@type\":\"SearchAction\",\"target\":{\"@type\":\"EntryPoint\",\"urlTemplate\":\"https:\/\/transinfo.pl\/x\/?s={search_term_string}\"},\"query-input\":{\"@type\":\"PropertyValueSpecification\",\"valueRequired\":true,\"valueName\":\"search_term_string\"}}],\"inLanguage\":\"pl-PL\"},{\"@type\":\"Organization\",\"@id\":\"https:\/\/transinfo.pl\/x\/#organization\",\"name\":\"TransInfo\",\"url\":\"https:\/\/transinfo.pl\/x\/\",\"logo\":{\"@type\":\"ImageObject\",\"inLanguage\":\"pl-PL\",\"@id\":\"https:\/\/transinfo.pl\/x\/#\/schema\/logo\/image\/\",\"url\":\"https:\/\/transinfo.pl\/x\/wp-content\/uploads\/2024\/10\/favicon.png\",\"contentUrl\":\"https:\/\/transinfo.pl\/x\/wp-content\/uploads\/2024\/10\/favicon.png\",\"width\":512,\"height\":512,\"caption\":\"TransInfo\"},\"image\":{\"@id\":\"https:\/\/transinfo.pl\/x\/#\/schema\/logo\/image\/\"}}]}<\/script>\n<!-- \/ Yoast SEO Premium plugin. -->","yoast_head_json":{"title":"1100 km nowych tras rowerowych po\u0142\u0105czy Warszaw\u0119 z s\u0105siednimi wojew\u00f3dztwami - TransInfo Archiwum","description":"W wojew\u00f3dztwie mazowieckim powstanie 1100 km tras dr\u00f3g\u00a0rowerowych. Na ten cel sejmik Mazowsza zarezerwowa\u0142 11 mln z\u0142.","robots":{"index":"index","follow":"follow","max-snippet":"max-snippet:-1","max-image-preview":"max-image-preview:large","max-video-preview":"max-video-preview:-1"},"canonical":"https:\/\/transinfo.pl\/x\/infobike\/1100-km-nowych-tras-rowerowych-polaczy-warszawe-z-sasiednimi-wojewodztwami\/","og_locale":"pl_PL","og_type":"article","og_title":"1100 km nowych tras rowerowych po\u0142\u0105czy Warszaw\u0119 z s\u0105siednimi wojew\u00f3dztwami","og_description":"W wojew\u00f3dztwie mazowieckim powstanie 1100 km tras dr\u00f3g\u00a0rowerowych. Na ten cel sejmik Mazowsza zarezerwowa\u0142 11 mln z\u0142.","og_url":"https:\/\/transinfo.pl\/x\/infobike\/1100-km-nowych-tras-rowerowych-polaczy-warszawe-z-sasiednimi-wojewodztwami\/","og_site_name":"TransInfo Archiwum","og_image":[{"url":"https:\/\/transinfo.pl\/x\/wp-content\/uploads\/2024\/02\/sciezka-rowerowa_nieporet-1.jpg","width":1,"height":1,"type":"image\/jpeg"}],"twitter_card":"summary_large_image","twitter_misc":{"Szacowany czas czytania":"3 minuty"},"schema":{"@context":"https:\/\/schema.org","@graph":[{"@type":"WebPage","@id":"https:\/\/transinfo.pl\/x\/infobike\/1100-km-nowych-tras-rowerowych-polaczy-warszawe-z-sasiednimi-wojewodztwami\/","url":"https:\/\/transinfo.pl\/x\/infobike\/1100-km-nowych-tras-rowerowych-polaczy-warszawe-z-sasiednimi-wojewodztwami\/","name":"1100 km nowych tras rowerowych po\u0142\u0105czy Warszaw\u0119 z s\u0105siednimi wojew\u00f3dztwami - TransInfo Archiwum","isPartOf":{"@id":"https:\/\/transinfo.pl\/x\/#website"},"primaryImageOfPage":{"@id":"https:\/\/transinfo.pl\/x\/infobike\/1100-km-nowych-tras-rowerowych-polaczy-warszawe-z-sasiednimi-wojewodztwami\/#primaryimage"},"image":{"@id":"https:\/\/transinfo.pl\/x\/infobike\/1100-km-nowych-tras-rowerowych-polaczy-warszawe-z-sasiednimi-wojewodztwami\/#primaryimage"},"thumbnailUrl":"https:\/\/transinfo.pl\/x\/wp-content\/uploads\/2024\/02\/sciezka-rowerowa_nieporet-1.jpg","datePublished":"2024-02-12T18:15:00+00:00","dateModified":"2024-02-12T18:15:00+00:00","description":"W wojew\u00f3dztwie mazowieckim powstanie 1100 km tras dr\u00f3g\u00a0rowerowych. Na ten cel sejmik Mazowsza zarezerwowa\u0142 11 mln z\u0142.","breadcrumb":{"@id":"https:\/\/transinfo.pl\/x\/infobike\/1100-km-nowych-tras-rowerowych-polaczy-warszawe-z-sasiednimi-wojewodztwami\/#breadcrumb"},"inLanguage":"pl-PL","potentialAction":[{"@type":"ReadAction","target":["https:\/\/transinfo.pl\/x\/infobike\/1100-km-nowych-tras-rowerowych-polaczy-warszawe-z-sasiednimi-wojewodztwami\/"]}]},{"@type":"ImageObject","inLanguage":"pl-PL","@id":"https:\/\/transinfo.pl\/x\/infobike\/1100-km-nowych-tras-rowerowych-polaczy-warszawe-z-sasiednimi-wojewodztwami\/#primaryimage","url":"https:\/\/transinfo.pl\/x\/wp-content\/uploads\/2024\/02\/sciezka-rowerowa_nieporet-1.jpg","contentUrl":"https:\/\/transinfo.pl\/x\/wp-content\/uploads\/2024\/02\/sciezka-rowerowa_nieporet-1.jpg"},{"@type":"BreadcrumbList","@id":"https:\/\/transinfo.pl\/x\/infobike\/1100-km-nowych-tras-rowerowych-polaczy-warszawe-z-sasiednimi-wojewodztwami\/#breadcrumb","itemListElement":[{"@type":"ListItem","position":1,"name":"Home","item":"https:\/\/transinfo.pl\/x\/"},{"@type":"ListItem","position":2,"name":"Infobike","item":"https:\/\/transinfo.pl\/x\/infobike\/"},{"@type":"ListItem","position":3,"name":"1100 km nowych tras rowerowych po\u0142\u0105czy Warszaw\u0119 z s\u0105siednimi wojew\u00f3dztwami"}]},{"@type":"WebSite","@id":"https:\/\/transinfo.pl\/x\/#website","url":"https:\/\/transinfo.pl\/x\/","name":"TransInfo Archiwum","description":"Ca\u0142y transport w jednym miejscu","publisher":{"@id":"https:\/\/transinfo.pl\/x\/#organization"},"potentialAction":[{"@type":"SearchAction","target":{"@type":"EntryPoint","urlTemplate":"https:\/\/transinfo.pl\/x\/?s={search_term_string}"},"query-input":{"@type":"PropertyValueSpecification","valueRequired":true,"valueName":"search_term_string"}}],"inLanguage":"pl-PL"},{"@type":"Organization","@id":"https:\/\/transinfo.pl\/x\/#organization","name":"TransInfo","url":"https:\/\/transinfo.pl\/x\/","logo":{"@type":"ImageObject","inLanguage":"pl-PL","@id":"https:\/\/transinfo.pl\/x\/#\/schema\/logo\/image\/","url":"https:\/\/transinfo.pl\/x\/wp-content\/uploads\/2024\/10\/favicon.png","contentUrl":"https:\/\/transinfo.pl\/x\/wp-content\/uploads\/2024\/10\/favicon.png","width":512,"height":512,"caption":"TransInfo"},"image":{"@id":"https:\/\/transinfo.pl\/x\/#\/schema\/logo\/image\/"}}]}},"_links":{"self":[{"href":"https:\/\/transinfo.pl\/x\/wp-json\/wp\/v2\/infobike\/264790","targetHints":{"allow":["GET"]}}],"collection":[{"href":"https:\/\/transinfo.pl\/x\/wp-json\/wp\/v2\/infobike"}],"about":[{"href":"https:\/\/transinfo.pl\/x\/wp-json\/wp\/v2\/types\/infobike"}],"author":[{"embeddable":true,"href":"https:\/\/transinfo.pl\/x\/wp-json\/wp\/v2\/users\/1"}],"replies":[{"embeddable":true,"href":"https:\/\/transinfo.pl\/x\/wp-json\/wp\/v2\/comments?post=264790"}],"wp:featuredmedia":[{"embeddable":true,"href":"https:\/\/transinfo.pl\/x\/wp-json\/wp\/v2\/media\/264791"}],"wp:attachment":[{"href":"https:\/\/transinfo.pl\/x\/wp-json\/wp\/v2\/media?parent=264790"}],"wp:term":[{"taxonomy":"category","embeddable":true,"href":"https:\/\/transinfo.pl\/x\/wp-json\/wp\/v2\/categories?post=264790"},{"taxonomy":"post_tag","embeddable":true,"href":"https:\/\/transinfo.pl\/x\/wp-json\/wp\/v2\/tags?post=264790"}],"curies":[{"name":"wp","href":"https:\/\/api.w.org\/{rel}","templated":true}]}}