{"id":264274,"date":"2024-02-01T18:15:00","date_gmt":"2024-02-01T18:15:00","guid":{"rendered":"https:\/\/transinfo.pl\/x\/infobike\/gminy-zagan-i-ilowa-podpisaly-list-intencyjny-w-sprawie-budowy-sciezki-rowerowej\/"},"modified":"2024-02-01T18:15:00","modified_gmt":"2024-02-01T18:15:00","slug":"gminy-zagan-i-ilowa-podpisaly-list-intencyjny-w-sprawie-budowy-sciezki-rowerowej","status":"publish","type":"infobike","link":"https:\/\/transinfo.pl\/x\/infobike\/gminy-zagan-i-ilowa-podpisaly-list-intencyjny-w-sprawie-budowy-sciezki-rowerowej\/","title":{"rendered":"Gminy \u017baga\u0144 i I\u0142owa podpisa\u0142y list intencyjny w sprawie budowy \u015bcie\u017cki rowerowej"},"content":{"rendered":"<style>h1,h2,h3,h4,h5,h6{margin:0 0 1.25rem;font-family:Arial,sans-serif;font-weight:600;color:#050505}h1{font-size:1.875rem;line-height:1.1em;text-transform:none}@media(min-width: 768px){h1{font-size:2.375rem}}h2{font-size:1.1875rem;line-height:1.2em;text-transform:uppercase}@media(min-width: 768px){h2{font-size:1.0625rem}}h3{font-size:0.9375rem;line-height:1.4em;font-weight:900;margin-bottom:0.9375rem}h4{font-size:0.875rem;line-height:1.2em;font-weight:500}h5{font-size:0.9375rem;line-height:1.6;font-weight:400}h6{font-size:0.9375rem;line-height:1.6;font-weight:600}\n<\/style>\n<h3 class=\"wp-block-heading\" id=\"h-w-styczniu-w-lubuskim-urzedzie-marszalkowskim-zostal-podpisany-list-intencyjny-w-sprawie-budowy-nowej-sciezki-rowerowej-z-zagania-do-ilowej-a-konkretnie-do-czernej-trasa-ma-polaczyc-oba-miasta-zas-marszalek-gwarantuje-zainteresowanie-i-dofinansowanie-inwestycji\">W styczniu w Lubuskim Urz\u0119dzie Marsza\u0142kowskim zosta\u0142 podpisany list intencyjny w sprawie budowy nowej \u015bcie\u017cki rowerowej z \u017bagania do I\u0142owej, a konkretnie do Czernej. Trasa ma po\u0142\u0105czy\u0107 oba miasta, za\u015b marsza\u0142ek gwarantuje zainteresowanie i dofinansowanie inwestycji.<\/h3>\n\n\n<style>p{margin:0 0 1.5rem}p:last-child{margin:0}p.is-style-uppercase{text-transform:uppercase}p.is-style-preheading{color:#12406a;text-transform:uppercase}p.is-style-leadparagraph{font-size:1rem;line-height:1.625;font-weight:700}@media(min-width: 768px){p.is-style-leadparagraph{font-size:1.125rem;line-height:1.5555555556}}p.has-small-margin{margin-bottom:0.625rem}p.has-small-margin+h1,p.has-small-margin+h2,p.has-small-margin+h3{margin-top:1.875rem}\n<\/style>\n<p>To b\u0119dzie wsp\u00f3lne przedsi\u0119wzi\u0119cie dotycz\u0105ce drogi wojew\u00f3dzkiej nr 296, \u0142\u0105cz\u0105cej \u017baga\u0144 z I\u0142ow\u0105, w przebiegu kt\u00f3rej samorz\u0105dy lokalne chcia\u0142yby wybudowa\u0107 \u015bcie\u017ck\u0119 rowerow\u0105. Gminy wezm\u0105 na siebie ci\u0119\u017car wybudowania \u015bcie\u017cki rowerowej, w wysoko\u015bci 10 mln z\u0142. Ok. 6 mln z\u0142 uda\u0142o si\u0119 pozyska\u0107 z zewn\u0105trz.<\/p>\n\n\n\n<h2 class=\"wp-block-heading\" id=\"h-plany-budowy-sciezki-od-dwoch-lat\">Plany budowy \u015bcie\u017cki od dw\u00f3ch lat<\/h2>\n\n\n<style>.wp-block-quote{border-left:0.1875rem solid var(--page-color);font-size:1rem;font-style:italic;margin:0 0 1.6875rem;padding:1.25rem}.wp-block-quote cite{color:#050505}.wp-block-quote.is-style-large p{margin-bottom:10px}.wp-block-quote.is-style-large cite{color:#12406a}\n<\/style>\n<blockquote class=\"wp-block-quote is-layout-flow wp-block-quote-is-layout-flow\">\n<p>Przed dwoma laty wsp\u00f3lnie z miastem \u017baga\u0144 opracowali\u015bmy program funkcjonalno-u\u017cytkowy tej \u015bcie\u017cki rowerowej. Chcemy j\u0105 sfinansowa\u0107 ze \u015brodk\u00f3w, kt\u00f3re otrzymamy na \u017barsko-\u017baga\u0144ski Obszar Funkcjonalny &#8211; t\u0142umaczy\u0142 burmistrz Pawe\u0142 Lichta\u0144ski podczas podpisania listu intencyjnego w Urz\u0119dzie Marsza\u0142kowskim Wojew\u00f3dztwa Lubuskiego.<\/p>\n<\/blockquote>\n\n\n\n<p>Andrzej Katarzyniec, burmistrz \u017bagania zaznacza\u0142, \u017ce nowa \u015bcie\u017cka rowerowa jest bardzo oczekiwana przez mieszka\u0144c\u00f3w obu miast.<\/p>\n\n\n\n<h2 class=\"wp-block-heading\" id=\"h-ilowa-mocno-inwestuje-w-trasy-rowerowe\">I\u0142owa mocno inwestuje w trasy rowerowe<\/h2>\n\n\n\n<p>Gmina chwali si\u0119 programem &#8222;Rowerem wok\u00f3\u0142 I\u0142owej&#8221;. Wszystkie szlaki w ramach tego programu zaczynaj\u0105 si\u0119 i ko\u0144cz\u0105 przy budynku Urz\u0119du Miejskiego, przy ul. \u017beromskiego 27 w I\u0142owej. Wi\u0119ksza cz\u0119\u015b\u0107 tras prowadzi drogami le\u015bnymi, tylko w nielicznych sytuacjach pojedziemy drogami asfaltowymi.<\/p>\n\n\n\n<p>Szlak \u017c\u00f3\u0142ty \u2013 d\u0142ugo\u015b\u0107 ok. 25 km<\/p>\n\n\n\n<p>Przebieg: UM w I\u0142owej ul. \u017beromskiego 27 \u2013 ul. Drzyma\u0142y \u2013 ul. M\u0142y\u0144ska \u2013 ul. Traugutta \u2013 Czy\u017c\u00f3wek (Karolin\u00f3w) \u2013 droga le\u015bna do Gozdnicy \u2013 Gozdnica ul. I\u0142owia\u0144ska \u2013 ul. \u017baga\u0144ska \u2013 ul. 1 Maja \u2013 ul. Zgorzelecka \u2013 droga asfaltowa nr 350 do Ruszowa \u2013 Le\u015bnictwo D\u0119b\u00f3wek \u2013 droga le\u015bna do Le\u015bnictwa Rychlinek \u2013 Le\u015bnictwo Rychlinek \u2013 droga le\u015bna do Zalewu Klikowskiego \u2013 Zalew Klikowski \u2013 droga le\u015bna przez Klik\u00f3w do I\u0142owej \u2013 UM w I\u0142owej.<\/p>\n\n\n\n<p>Charakterystyka: \u017c\u00f3\u0142ty szlak nale\u017cy do tras \u0142atwych; w zdecydowanej wi\u0119kszo\u015bci prowadzi twardymi, dobrze utrzymanymi drogami le\u015bnymi; kilka niewielkich podjazd\u00f3w pod g\u00f3r\u0119 oraz zjazd\u00f3w zwi\u0119ksza jego atrakcyjno\u015b\u0107.<\/p>\n\n\n\n<p>Szlak czerwony \u2013 d\u0142ugo\u015b\u0107 ok. 35 km<\/p>\n\n\n\n<p>Przebieg: UM w I\u0142owej ul. \u017beromskiego 27 \u2013 ul. M. Konopnickiej \u2013 droga brukowana do Kowalic \u2013 Kowalice \u2013 droga le\u015bna wzd\u0142u\u017c rzeki Czerna Wielka do Nowoszowa \u2013 Nowosz\u00f3w \u2013 droga le\u015bna do Cichego Stawu \u2013 sza\u0142as przy Cichym Stawie \u2013 powr\u00f3t inn\u0105 drog\u0105 le\u015bn\u0105 do Nowoszowa \u2013 Czerwony Mostek \u2013 droga le\u015bna do Ko\u015bcielnej Wsi \u2013 Ko\u015bcielna Wie\u015b \u2013 droga asfaltowa nr 296 do Ruszowa \u2013 Rusz\u00f3w ul. \u017baga\u0144ska \u2013 ul. Kantowicza \u2013 ul. II Armii WP \u2013 ul. Borowska \u2013 droga asfaltowa nr 350 do Gozdnicy \u2013 skr\u0119t w prawo na drog\u0119 le\u015bn\u0105 do Le\u015bnictwa Rychlinek \u2013 Le\u015bnictwo Rychlinek \u2013 droga le\u015bna do Zalewu Klikowskiego \u2013 Zalew Klikowski \u2013 droga le\u015bna przez Klik\u00f3w do I\u0142owej \u2013 UM w I\u0142owej.<\/p>\n\n\n\n<p>Charakterystyka: szlak czerwony jest bardziej wymagaj\u0105cy ni\u017c szlak \u017c\u00f3\u0142ty ze wzgl\u0119du na d\u0142ugo\u015b\u0107 oraz kilka fragment\u00f3w piaszczystej le\u015bnej drogi (zmuszaj\u0105cych do prowadzenia roweru); atrakcj\u0105 tej trasy s\u0105 ruiny cmentarza, jedynej pozosta\u0142o\u015bci po wsi Nowosz\u00f3w, oraz sza\u0142as przy Cichym Stawie, gdzie mo\u017cna odpocz\u0105\u0107; ch\u0119tni mog\u0105 pojecha\u0107 2 km dalej i obejrze\u0107 krzy\u017c pokutny.<\/p>\n\n\n\n<p>Szlak niebieski \u2013 d\u0142ugo\u015b\u0107 ok. 28 km<\/p>\n\n\n\n<p>Przebieg: UM w I\u0142owej ul. \u017beromskiego 27 \u2013 ul. Mickiewicza \u2013 ul. Piaskowa \u2013 ul. \u017baga\u0144ska \u2013 oczyszczalnia \u015bciek\u00f3w przy ul. Dolan\u00f3w \u2013 droga le\u015bna do Czernej przez wiadukt drog\u0105 nad drog\u0105 E36 \u2013 Czerna \u2013 droga le\u015bna do Konina \u2013 Konin \u2013 droga asfaltowa, p\u00f3\u017aniej le\u015bna do Czy\u017c\u00f3wka przez wiadukt drog\u0105 E36 \u2013 Czy\u017c\u00f3wek \u2013 droga le\u015bna do Klikowa \u2013 Klik\u00f3w \u2013 droga le\u015bna do Kowalic \u2013 Kowalice \u2013 droga brukowana do I\u0142owej \u2013 I\u0142owa ul. M. Konopnickiej \u2013 UM w I\u0142owej.<\/p>\n\n\n\n<p>Charakterystyka: niebieski szlak nale\u017cy do tras \u0142atwych; w zdecydowanej wi\u0119kszo\u015bci prowadzi drogami le\u015bnymi; atrakcj\u0105 tej trasy s\u0105 ruiny pa\u0142acu w Czernej oraz baraki po filii obozu pracy Gross Rosen w czas\u00f3w II wojny \u015bwiatowej w Czy\u017c\u00f3wku.<\/p>\n\n\n\n<p>Szlak czerwony \u2013 d\u0142ugo\u015b\u0107 ok. 35 km<\/p>\n\n\n\n<p>Przebieg: UM w I\u0142owej ul. \u017beromskiego 27 \u2013 ul. M. Konopnickiej \u2013 droga brukowana do Kowalic \u2013 Kowalice \u2013 droga le\u015bna wzd\u0142u\u017c rzeki Czerna Wielka do Nowoszowa \u2013 Nowosz\u00f3w \u2013 droga le\u015bna do Cichego Stawu \u2013 sza\u0142as przy Cichym Stawie \u2013 powr\u00f3t inn\u0105 drog\u0105 le\u015bn\u0105 do Nowoszowa \u2013 Czerwony Mostek \u2013 droga le\u015bna do Ko\u015bcielnej Wsi \u2013 Ko\u015bcielna Wie\u015b \u2013 droga asfaltowa nr 296 do Ruszowa \u2013 Rusz\u00f3w ul. \u017baga\u0144ska \u2013 ul. Kantowicza \u2013 ul. II Armii WP \u2013 ul. Borowska \u2013 droga asfaltowa nr 350 do Gozdnicy \u2013 skr\u0119t w prawo na drog\u0119 le\u015bn\u0105 do Le\u015bnictwa Rychlinek \u2013 Le\u015bnictwo Rychlinek \u2013 droga le\u015bna do Zalewu Klikowskiego \u2013 Zalew Klikowski \u2013 droga le\u015bna przez Klik\u00f3w do I\u0142owej \u2013 UM w I\u0142owej.<\/p>\n\n\n\n<p>Charakterystyka: szlak czerwony jest bardziej wymagaj\u0105cy ni\u017c szlak \u017c\u00f3\u0142ty ze wzgl\u0119du na d\u0142ugo\u015b\u0107 oraz kilka fragment\u00f3w piaszczystej le\u015bnej drogi (zmuszaj\u0105cych do prowadzenia roweru); atrakcj\u0105 tej trasy s\u0105 ruiny cmentarza, jedynej pozosta\u0142o\u015bci po wsi Nowosz\u00f3w, oraz sza\u0142as przy Cichym Stawie, gdzie mo\u017cna odpocz\u0105\u0107; ch\u0119tni mog\u0105 pojecha\u0107 2 km dalej i obejrze\u0107 krzy\u017c pokutny.<\/p>\n\n\n\n<p>Szlak niebieski \u2013 d\u0142ugo\u015b\u0107 ok. 28 km<\/p>\n\n\n\n<p>Przebieg: UM w I\u0142owej ul. \u017beromskiego 27 \u2013 ul. Mickiewicza \u2013 ul. Piaskowa \u2013 ul. \u017baga\u0144ska \u2013 oczyszczalnia \u015bciek\u00f3w przy ul. Dolan\u00f3w \u2013 droga le\u015bna do Czernej przez wiadukt drog\u0105 nad drog\u0105 E36 \u2013 Czerna \u2013 droga le\u015bna do Konina \u2013 Konin \u2013 droga asfaltowa, p\u00f3\u017aniej le\u015bna do Czy\u017c\u00f3wka przez wiadukt drog\u0105 E36 \u2013 Czy\u017c\u00f3wek \u2013 droga le\u015bna do Klikowa \u2013 Klik\u00f3w \u2013 droga le\u015bna do Kowalic \u2013 Kowalice \u2013 droga brukowana do I\u0142owej \u2013 I\u0142owa ul. M. Konopnickiej \u2013 UM w I\u0142owej.<\/p>\n\n\n\n<p>Charakterystyka: niebieski szlak nale\u017cy do tras \u0142atwych; w zdecydowanej wi\u0119kszo\u015bci prowadzi drogami le\u015bnymi; atrakcj\u0105 tej trasy s\u0105 ruiny pa\u0142acu w Czernej oraz baraki po filii obozu pracy Gross Rosen w czas\u00f3w II wojny \u015bwiatowej w Czy\u017c\u00f3wku.<\/p>\n\n\n<style>.wp-block-image{margin:1.25rem 0;text-align:center}.wp-block-image figcaption{padding:0 0.9375rem;text-align:center}\n<\/style>\n<figure class=\"wp-block-image aligncenter size-large is-resized\"><img loading=\"lazy\" decoding=\"async\" src=\"https:\/\/www.ilowa.pl\/wp-content\/uploads\/2021\/01\/Trasy_rowerowe_mapa.jpg\" alt=\"mapa \u015bcie\u017cek rowerowych w gminie I\u0142owa\" width=\"586\" height=\"852\" \/><figcaption class=\"wp-element-caption\">Mapa \u015bcie\u017cek rowerowych w Gminie I\u0142owa<\/figcaption><\/figure>\n","protected":false},"author":1,"featured_media":264275,"comment_status":"","ping_status":"closed","template":"","categories":[23,27],"tags":[1494,22845,1502,82,5508,3458],"class_list":["post-264274","infobike","type-infobike","status-publish","has-post-thumbnail","hentry","category-infrastruktura","category-wydarzenia","tag-droga-rowerowa","tag-ilowa","tag-infrastruktura-rowerowa","tag-sciezka-rowerowa","tag-usilowanie-zabojstwa","tag-zagan"],"acf":[],"yoast_head":"<!-- This site is optimized with the Yoast SEO Premium plugin v21.8 (Yoast SEO v23.7) - https:\/\/yoast.com\/wordpress\/plugins\/seo\/ -->\n<title>Gminy \u017baga\u0144 i I\u0142owa podpisa\u0142y list intencyjny w sprawie budowy \u015bcie\u017cki rowerowej - TransInfo Archiwum<\/title>\n<meta name=\"description\" content=\"W styczniu w Lubuskim Urz\u0119dzie Marsza\u0142kowskim zosta\u0142 podpisany list intencyjny w sprawie budowy nowej \u015bcie\u017cki rowerowej z \u017bagania do I\u0142owej\" \/>\n<meta name=\"robots\" content=\"index, follow, max-snippet:-1, max-image-preview:large, max-video-preview:-1\" \/>\n<link rel=\"canonical\" href=\"https:\/\/transinfo.pl\/x\/infobike\/gminy-zagan-i-ilowa-podpisaly-list-intencyjny-w-sprawie-budowy-sciezki-rowerowej\/\" \/>\n<meta property=\"og:locale\" content=\"pl_PL\" \/>\n<meta property=\"og:type\" content=\"article\" \/>\n<meta property=\"og:title\" content=\"Gminy \u017baga\u0144 i I\u0142owa podpisa\u0142y list intencyjny w sprawie budowy \u015bcie\u017cki rowerowej\" \/>\n<meta property=\"og:description\" content=\"W styczniu w Lubuskim Urz\u0119dzie Marsza\u0142kowskim zosta\u0142 podpisany list intencyjny w sprawie budowy nowej \u015bcie\u017cki rowerowej z \u017bagania do I\u0142owej\" \/>\n<meta property=\"og:url\" content=\"https:\/\/transinfo.pl\/x\/infobike\/gminy-zagan-i-ilowa-podpisaly-list-intencyjny-w-sprawie-budowy-sciezki-rowerowej\/\" \/>\n<meta property=\"og:site_name\" content=\"TransInfo Archiwum\" \/>\n<meta property=\"og:image\" content=\"https:\/\/transinfo.pl\/x\/wp-content\/uploads\/2024\/02\/Droga-rowerowa.jpg\" \/>\n\t<meta property=\"og:image:width\" content=\"1\" \/>\n\t<meta property=\"og:image:height\" content=\"1\" \/>\n\t<meta property=\"og:image:type\" content=\"image\/jpeg\" \/>\n<meta name=\"twitter:card\" content=\"summary_large_image\" \/>\n<meta name=\"twitter:label1\" content=\"Szacowany czas czytania\" \/>\n\t<meta name=\"twitter:data1\" content=\"5 minut\" \/>\n<script type=\"application\/ld+json\" class=\"yoast-schema-graph\">{\"@context\":\"https:\/\/schema.org\",\"@graph\":[{\"@type\":\"WebPage\",\"@id\":\"https:\/\/transinfo.pl\/x\/infobike\/gminy-zagan-i-ilowa-podpisaly-list-intencyjny-w-sprawie-budowy-sciezki-rowerowej\/\",\"url\":\"https:\/\/transinfo.pl\/x\/infobike\/gminy-zagan-i-ilowa-podpisaly-list-intencyjny-w-sprawie-budowy-sciezki-rowerowej\/\",\"name\":\"Gminy \u017baga\u0144 i I\u0142owa podpisa\u0142y list intencyjny w sprawie budowy \u015bcie\u017cki rowerowej - TransInfo Archiwum\",\"isPartOf\":{\"@id\":\"https:\/\/transinfo.pl\/x\/#website\"},\"primaryImageOfPage\":{\"@id\":\"https:\/\/transinfo.pl\/x\/infobike\/gminy-zagan-i-ilowa-podpisaly-list-intencyjny-w-sprawie-budowy-sciezki-rowerowej\/#primaryimage\"},\"image\":{\"@id\":\"https:\/\/transinfo.pl\/x\/infobike\/gminy-zagan-i-ilowa-podpisaly-list-intencyjny-w-sprawie-budowy-sciezki-rowerowej\/#primaryimage\"},\"thumbnailUrl\":\"https:\/\/transinfo.pl\/x\/wp-content\/uploads\/2024\/02\/Droga-rowerowa.jpg\",\"datePublished\":\"2024-02-01T18:15:00+00:00\",\"dateModified\":\"2024-02-01T18:15:00+00:00\",\"description\":\"W styczniu w Lubuskim Urz\u0119dzie Marsza\u0142kowskim zosta\u0142 podpisany list intencyjny w sprawie budowy nowej \u015bcie\u017cki rowerowej z \u017bagania do I\u0142owej\",\"breadcrumb\":{\"@id\":\"https:\/\/transinfo.pl\/x\/infobike\/gminy-zagan-i-ilowa-podpisaly-list-intencyjny-w-sprawie-budowy-sciezki-rowerowej\/#breadcrumb\"},\"inLanguage\":\"pl-PL\",\"potentialAction\":[{\"@type\":\"ReadAction\",\"target\":[\"https:\/\/transinfo.pl\/x\/infobike\/gminy-zagan-i-ilowa-podpisaly-list-intencyjny-w-sprawie-budowy-sciezki-rowerowej\/\"]}]},{\"@type\":\"ImageObject\",\"inLanguage\":\"pl-PL\",\"@id\":\"https:\/\/transinfo.pl\/x\/infobike\/gminy-zagan-i-ilowa-podpisaly-list-intencyjny-w-sprawie-budowy-sciezki-rowerowej\/#primaryimage\",\"url\":\"https:\/\/transinfo.pl\/x\/wp-content\/uploads\/2024\/02\/Droga-rowerowa.jpg\",\"contentUrl\":\"https:\/\/transinfo.pl\/x\/wp-content\/uploads\/2024\/02\/Droga-rowerowa.jpg\"},{\"@type\":\"BreadcrumbList\",\"@id\":\"https:\/\/transinfo.pl\/x\/infobike\/gminy-zagan-i-ilowa-podpisaly-list-intencyjny-w-sprawie-budowy-sciezki-rowerowej\/#breadcrumb\",\"itemListElement\":[{\"@type\":\"ListItem\",\"position\":1,\"name\":\"Home\",\"item\":\"https:\/\/transinfo.pl\/x\/\"},{\"@type\":\"ListItem\",\"position\":2,\"name\":\"Infobike\",\"item\":\"https:\/\/transinfo.pl\/x\/infobike\/\"},{\"@type\":\"ListItem\",\"position\":3,\"name\":\"Gminy \u017baga\u0144 i I\u0142owa podpisa\u0142y list intencyjny w sprawie budowy \u015bcie\u017cki rowerowej\"}]},{\"@type\":\"WebSite\",\"@id\":\"https:\/\/transinfo.pl\/x\/#website\",\"url\":\"https:\/\/transinfo.pl\/x\/\",\"name\":\"TransInfo Archiwum\",\"description\":\"Ca\u0142y transport w jednym miejscu\",\"publisher\":{\"@id\":\"https:\/\/transinfo.pl\/x\/#organization\"},\"potentialAction\":[{\"@type\":\"SearchAction\",\"target\":{\"@type\":\"EntryPoint\",\"urlTemplate\":\"https:\/\/transinfo.pl\/x\/?s={search_term_string}\"},\"query-input\":{\"@type\":\"PropertyValueSpecification\",\"valueRequired\":true,\"valueName\":\"search_term_string\"}}],\"inLanguage\":\"pl-PL\"},{\"@type\":\"Organization\",\"@id\":\"https:\/\/transinfo.pl\/x\/#organization\",\"name\":\"TransInfo\",\"url\":\"https:\/\/transinfo.pl\/x\/\",\"logo\":{\"@type\":\"ImageObject\",\"inLanguage\":\"pl-PL\",\"@id\":\"https:\/\/transinfo.pl\/x\/#\/schema\/logo\/image\/\",\"url\":\"https:\/\/transinfo.pl\/x\/wp-content\/uploads\/2024\/10\/favicon.png\",\"contentUrl\":\"https:\/\/transinfo.pl\/x\/wp-content\/uploads\/2024\/10\/favicon.png\",\"width\":512,\"height\":512,\"caption\":\"TransInfo\"},\"image\":{\"@id\":\"https:\/\/transinfo.pl\/x\/#\/schema\/logo\/image\/\"}}]}<\/script>\n<!-- \/ Yoast SEO Premium plugin. -->","yoast_head_json":{"title":"Gminy \u017baga\u0144 i I\u0142owa podpisa\u0142y list intencyjny w sprawie budowy \u015bcie\u017cki rowerowej - TransInfo Archiwum","description":"W styczniu w Lubuskim Urz\u0119dzie Marsza\u0142kowskim zosta\u0142 podpisany list intencyjny w sprawie budowy nowej \u015bcie\u017cki rowerowej z \u017bagania do I\u0142owej","robots":{"index":"index","follow":"follow","max-snippet":"max-snippet:-1","max-image-preview":"max-image-preview:large","max-video-preview":"max-video-preview:-1"},"canonical":"https:\/\/transinfo.pl\/x\/infobike\/gminy-zagan-i-ilowa-podpisaly-list-intencyjny-w-sprawie-budowy-sciezki-rowerowej\/","og_locale":"pl_PL","og_type":"article","og_title":"Gminy \u017baga\u0144 i I\u0142owa podpisa\u0142y list intencyjny w sprawie budowy \u015bcie\u017cki rowerowej","og_description":"W styczniu w Lubuskim Urz\u0119dzie Marsza\u0142kowskim zosta\u0142 podpisany list intencyjny w sprawie budowy nowej \u015bcie\u017cki rowerowej z \u017bagania do I\u0142owej","og_url":"https:\/\/transinfo.pl\/x\/infobike\/gminy-zagan-i-ilowa-podpisaly-list-intencyjny-w-sprawie-budowy-sciezki-rowerowej\/","og_site_name":"TransInfo Archiwum","og_image":[{"url":"https:\/\/transinfo.pl\/x\/wp-content\/uploads\/2024\/02\/Droga-rowerowa.jpg","width":1,"height":1,"type":"image\/jpeg"}],"twitter_card":"summary_large_image","twitter_misc":{"Szacowany czas czytania":"5 minut"},"schema":{"@context":"https:\/\/schema.org","@graph":[{"@type":"WebPage","@id":"https:\/\/transinfo.pl\/x\/infobike\/gminy-zagan-i-ilowa-podpisaly-list-intencyjny-w-sprawie-budowy-sciezki-rowerowej\/","url":"https:\/\/transinfo.pl\/x\/infobike\/gminy-zagan-i-ilowa-podpisaly-list-intencyjny-w-sprawie-budowy-sciezki-rowerowej\/","name":"Gminy \u017baga\u0144 i I\u0142owa podpisa\u0142y list intencyjny w sprawie budowy \u015bcie\u017cki rowerowej - TransInfo Archiwum","isPartOf":{"@id":"https:\/\/transinfo.pl\/x\/#website"},"primaryImageOfPage":{"@id":"https:\/\/transinfo.pl\/x\/infobike\/gminy-zagan-i-ilowa-podpisaly-list-intencyjny-w-sprawie-budowy-sciezki-rowerowej\/#primaryimage"},"image":{"@id":"https:\/\/transinfo.pl\/x\/infobike\/gminy-zagan-i-ilowa-podpisaly-list-intencyjny-w-sprawie-budowy-sciezki-rowerowej\/#primaryimage"},"thumbnailUrl":"https:\/\/transinfo.pl\/x\/wp-content\/uploads\/2024\/02\/Droga-rowerowa.jpg","datePublished":"2024-02-01T18:15:00+00:00","dateModified":"2024-02-01T18:15:00+00:00","description":"W styczniu w Lubuskim Urz\u0119dzie Marsza\u0142kowskim zosta\u0142 podpisany list intencyjny w sprawie budowy nowej \u015bcie\u017cki rowerowej z \u017bagania do I\u0142owej","breadcrumb":{"@id":"https:\/\/transinfo.pl\/x\/infobike\/gminy-zagan-i-ilowa-podpisaly-list-intencyjny-w-sprawie-budowy-sciezki-rowerowej\/#breadcrumb"},"inLanguage":"pl-PL","potentialAction":[{"@type":"ReadAction","target":["https:\/\/transinfo.pl\/x\/infobike\/gminy-zagan-i-ilowa-podpisaly-list-intencyjny-w-sprawie-budowy-sciezki-rowerowej\/"]}]},{"@type":"ImageObject","inLanguage":"pl-PL","@id":"https:\/\/transinfo.pl\/x\/infobike\/gminy-zagan-i-ilowa-podpisaly-list-intencyjny-w-sprawie-budowy-sciezki-rowerowej\/#primaryimage","url":"https:\/\/transinfo.pl\/x\/wp-content\/uploads\/2024\/02\/Droga-rowerowa.jpg","contentUrl":"https:\/\/transinfo.pl\/x\/wp-content\/uploads\/2024\/02\/Droga-rowerowa.jpg"},{"@type":"BreadcrumbList","@id":"https:\/\/transinfo.pl\/x\/infobike\/gminy-zagan-i-ilowa-podpisaly-list-intencyjny-w-sprawie-budowy-sciezki-rowerowej\/#breadcrumb","itemListElement":[{"@type":"ListItem","position":1,"name":"Home","item":"https:\/\/transinfo.pl\/x\/"},{"@type":"ListItem","position":2,"name":"Infobike","item":"https:\/\/transinfo.pl\/x\/infobike\/"},{"@type":"ListItem","position":3,"name":"Gminy \u017baga\u0144 i I\u0142owa podpisa\u0142y list intencyjny w sprawie budowy \u015bcie\u017cki rowerowej"}]},{"@type":"WebSite","@id":"https:\/\/transinfo.pl\/x\/#website","url":"https:\/\/transinfo.pl\/x\/","name":"TransInfo Archiwum","description":"Ca\u0142y transport w jednym miejscu","publisher":{"@id":"https:\/\/transinfo.pl\/x\/#organization"},"potentialAction":[{"@type":"SearchAction","target":{"@type":"EntryPoint","urlTemplate":"https:\/\/transinfo.pl\/x\/?s={search_term_string}"},"query-input":{"@type":"PropertyValueSpecification","valueRequired":true,"valueName":"search_term_string"}}],"inLanguage":"pl-PL"},{"@type":"Organization","@id":"https:\/\/transinfo.pl\/x\/#organization","name":"TransInfo","url":"https:\/\/transinfo.pl\/x\/","logo":{"@type":"ImageObject","inLanguage":"pl-PL","@id":"https:\/\/transinfo.pl\/x\/#\/schema\/logo\/image\/","url":"https:\/\/transinfo.pl\/x\/wp-content\/uploads\/2024\/10\/favicon.png","contentUrl":"https:\/\/transinfo.pl\/x\/wp-content\/uploads\/2024\/10\/favicon.png","width":512,"height":512,"caption":"TransInfo"},"image":{"@id":"https:\/\/transinfo.pl\/x\/#\/schema\/logo\/image\/"}}]}},"_links":{"self":[{"href":"https:\/\/transinfo.pl\/x\/wp-json\/wp\/v2\/infobike\/264274","targetHints":{"allow":["GET"]}}],"collection":[{"href":"https:\/\/transinfo.pl\/x\/wp-json\/wp\/v2\/infobike"}],"about":[{"href":"https:\/\/transinfo.pl\/x\/wp-json\/wp\/v2\/types\/infobike"}],"author":[{"embeddable":true,"href":"https:\/\/transinfo.pl\/x\/wp-json\/wp\/v2\/users\/1"}],"replies":[{"embeddable":true,"href":"https:\/\/transinfo.pl\/x\/wp-json\/wp\/v2\/comments?post=264274"}],"wp:featuredmedia":[{"embeddable":true,"href":"https:\/\/transinfo.pl\/x\/wp-json\/wp\/v2\/media\/264275"}],"wp:attachment":[{"href":"https:\/\/transinfo.pl\/x\/wp-json\/wp\/v2\/media?parent=264274"}],"wp:term":[{"taxonomy":"category","embeddable":true,"href":"https:\/\/transinfo.pl\/x\/wp-json\/wp\/v2\/categories?post=264274"},{"taxonomy":"post_tag","embeddable":true,"href":"https:\/\/transinfo.pl\/x\/wp-json\/wp\/v2\/tags?post=264274"}],"curies":[{"name":"wp","href":"https:\/\/api.w.org\/{rel}","templated":true}]}}