{"id":259326,"date":"2023-10-26T14:15:00","date_gmt":"2023-10-26T14:15:00","guid":{"rendered":"https:\/\/transinfo.pl\/x\/infobike\/bezczelni-jak-zlodzieje-z-rudy-ukradli-rowery-a-potem-na-nich-jezdzili\/"},"modified":"2023-10-26T14:15:00","modified_gmt":"2023-10-26T14:15:00","slug":"bezczelni-jak-zlodzieje-z-rudy-ukradli-rowery-a-potem-na-nich-jezdzili","status":"publish","type":"infobike","link":"https:\/\/transinfo.pl\/x\/infobike\/bezczelni-jak-zlodzieje-z-rudy-ukradli-rowery-a-potem-na-nich-jezdzili\/","title":{"rendered":"Bezczelni jak z\u0142odzieje z Rudy. Ukradli rowery, a potem na nich je\u017adzili\u00a0"},"content":{"rendered":"<style>p{margin:0 0 1.5rem}p:last-child{margin:0}p.is-style-uppercase{text-transform:uppercase}p.is-style-preheading{color:#12406a;text-transform:uppercase}p.is-style-leadparagraph{font-size:1rem;line-height:1.625;font-weight:700}@media(min-width: 768px){p.is-style-leadparagraph{font-size:1.125rem;line-height:1.5555555556}}p.has-small-margin{margin-bottom:0.625rem}p.has-small-margin+h1,p.has-small-margin+h2,p.has-small-margin+h3{margin-top:1.875rem}\n<\/style>\n<p><strong>. Dwoje nastolatk\u00f3w powiadomi\u0142o rodzic\u00f3w, a ci Policj\u0119 o kradzie\u017cy rower\u00f3w, \u0142\u0105cznej warto\u015bci ponad 5 tysi\u0119cy. Dwoje nastolatk\u00f3w powiadomi\u0142o rodzic\u00f3w, a ci Policj\u0119 o kradzie\u017cy rower\u00f3w, \u0142\u0105cznej warto\u015bci ponad 5 tysi\u0119cy. Mundurowi w trakcie kontroli pobliskich ulic, zatrzymali 29-letni\u0105 rudziank\u0119 na jednym ze skradzionych rower\u00f3w, a kilka godzin p\u00f3\u017aniej jej 37-letniego wsp\u00f3lnika, odzyskuj\u0105c drugi z jedno\u015blad\u00f3w.<\/strong><\/p>\n\n\n\n<p>Dwoje nastolatk\u00f3w chc\u0105c zakupi\u0107 co\u015b do picia w sklepie, pozostawi\u0142o swoje rowery przed nim. Gdy po chwili wyszli, zobaczyli odje\u017cd\u017caj\u0105cych na nich z\u0142odziei. Zap\u0142akane dzieci zadzwoni\u0142y do rodzic\u00f3w, a ci natychmiast powiadomili policjant\u00f3w. Kradzie\u017c ta zbieg\u0142a si\u0119 z policyjn\u0105 akcj\u0105 zwi\u0105zan\u0105 z Mi\u0119dzynarodowym Dniem Roweru, maj\u0105c\u0105 na celu zapobieganie kradzie\u017com jedno\u015blad\u00f3w i bezpiecze\u0144stwu rowerzyst\u00f3w. <\/p>\n\n\n\n<p>Mundurowi z halembskiego komisariatu natychmiast rozpocz\u0119li poszukiwania skradzionych rower\u00f3w. Dzielnicowi i policjanci z partol\u00f3wki rozpocz\u0119li kontrole ulic w rejonie miejsca kradzie\u017cy. Na jednej z nich zatrzymali kobiet\u0119 jad\u0105c\u0105 na opisanym przez m\u0142odych rudzian rowerze. Pocz\u0105tkowo 29-latka pr\u00f3bowa\u0142a t\u0142umaczy\u0107, \u017ce to jej rower, jednak po chwili przyzna\u0142a si\u0119 do kradzie\u017cy go z przed sklepu. <\/p>\n\n\n<style>.wp-block-image{margin:1.25rem 0;text-align:center}.wp-block-image figcaption{padding:0 0.9375rem;text-align:center}\n<\/style>\n<figure class=\"wp-block-image aligncenter size-full is-resized\"><img loading=\"lazy\" decoding=\"async\" src=\"https:\/\/transinfo.pl\/wp-content\/uploads\/2023\/10\/Policjanci-zatrzymali-sprawcow-kradziezy-rowerow.jpg\" alt=\"Policjanci z rudzkiej pi\u0105tki zatrzymali m\u0119\u017cczyzn\u0119 i kobiet\u0119, kt\u00f3rzy ukradli pozostawione na chwil\u0119 pod sklepem markowe rowery\" class=\"wp-image-450167\" width=\"415\" height=\"311\" \/><figcaption class=\"wp-element-caption\">Policjanci z rudzkiej pi\u0105tki zatrzymali z\u0142odziei rower\u00f3w<\/figcaption><\/figure>\n\n\n\n<p>Drugi rower zosta\u0142 odzyskany nieco p\u00f3\u017aniej po zatrzymaniu przez kryminalnych drugiego z\u0142odzieja. 37-latek wskaza\u0142 miejsce gdzie ukry\u0142 jedno\u015blad. W ten spos\u00f3b rowery warto\u015bci 2200 i 3000 z\u0142otych wr\u00f3ci\u0142y do okradzionych dzieci, a sprawcy trafili do policyjnej celi. \u015aledczy z pi\u0105tki przedstawili im zarzuty kradzie\u017cy i b\u0119d\u0105 sprawdza\u0107 czy nie maj\u0105 na swoich kontach innych takich przest\u0119pstw.<\/p>\n\n\n\n<p>Jesie\u0144 to czas kiedy cz\u0119\u015b\u0107 z rowerzyst\u00f3w odstawia do wiosny swoje jedno\u015blady. Chowamy je w kom\u00f3rkach, piwnicach, gara\u017cach, a te s\u0142abiej zabezpieczone s\u0105 cz\u0119sto \u0142atwym k\u0105skiem dla z\u0142odziei. Zach\u0119camy do zakupu markowych odpornych na z\u0142odziei zapi\u0119\u0107, co pozwoli nam si\u0119 cieszy\u0107 z rowerowych wycieczek w kolejnym sezon<\/p>\n","protected":false},"author":1,"featured_media":259327,"comment_status":"","ping_status":"closed","template":"","categories":[24,27],"tags":[22324,339,1123],"class_list":["post-259326","infobike","type-infobike","status-publish","has-post-thumbnail","hentry","category-prawo","category-wydarzenia","tag-kradziez-roweru","tag-policja","tag-ruda-slaska"],"acf":[],"yoast_head":"<!-- This site is optimized with the Yoast SEO Premium plugin v21.8 (Yoast SEO v23.7) - https:\/\/yoast.com\/wordpress\/plugins\/seo\/ -->\n<title>Bezczelni jak z\u0142odzieje z Rudy. Ukradli rowery, a potem na nich je\u017adzili\u00a0 - TransInfo Archiwum<\/title>\n<meta name=\"description\" content=\". Dwoje nastolatk\u00f3w powiadomi\u0142o rodzic\u00f3w, a ci Policj\u0119 o kradzie\u017cy rower\u00f3w, \u0142\u0105cznej warto\u015bci ponad 5 tysi\u0119cy\" \/>\n<meta name=\"robots\" content=\"index, follow, max-snippet:-1, max-image-preview:large, max-video-preview:-1\" \/>\n<link rel=\"canonical\" href=\"https:\/\/transinfo.pl\/x\/infobike\/bezczelni-jak-zlodzieje-z-rudy-ukradli-rowery-a-potem-na-nich-jezdzili\/\" \/>\n<meta property=\"og:locale\" content=\"pl_PL\" \/>\n<meta property=\"og:type\" content=\"article\" \/>\n<meta property=\"og:title\" content=\"Bezczelni jak z\u0142odzieje z Rudy. Ukradli rowery, a potem na nich je\u017adzili\u00a0\" \/>\n<meta property=\"og:description\" content=\". Dwoje nastolatk\u00f3w powiadomi\u0142o rodzic\u00f3w, a ci Policj\u0119 o kradzie\u017cy rower\u00f3w, \u0142\u0105cznej warto\u015bci ponad 5 tysi\u0119cy\" \/>\n<meta property=\"og:url\" content=\"https:\/\/transinfo.pl\/x\/infobike\/bezczelni-jak-zlodzieje-z-rudy-ukradli-rowery-a-potem-na-nich-jezdzili\/\" \/>\n<meta property=\"og:site_name\" content=\"TransInfo Archiwum\" \/>\n<meta property=\"og:image\" content=\"https:\/\/transinfo.pl\/x\/wp-content\/uploads\/2022\/01\/policja-radiowoz.jpg\" \/>\n\t<meta property=\"og:image:width\" content=\"1\" \/>\n\t<meta property=\"og:image:height\" content=\"1\" \/>\n\t<meta property=\"og:image:type\" content=\"image\/jpeg\" \/>\n<meta name=\"twitter:card\" content=\"summary_large_image\" \/>\n<meta name=\"twitter:label1\" content=\"Szacowany czas czytania\" \/>\n\t<meta name=\"twitter:data1\" content=\"2 minuty\" \/>\n<script type=\"application\/ld+json\" class=\"yoast-schema-graph\">{\"@context\":\"https:\/\/schema.org\",\"@graph\":[{\"@type\":\"WebPage\",\"@id\":\"https:\/\/transinfo.pl\/x\/infobike\/bezczelni-jak-zlodzieje-z-rudy-ukradli-rowery-a-potem-na-nich-jezdzili\/\",\"url\":\"https:\/\/transinfo.pl\/x\/infobike\/bezczelni-jak-zlodzieje-z-rudy-ukradli-rowery-a-potem-na-nich-jezdzili\/\",\"name\":\"Bezczelni jak z\u0142odzieje z Rudy. Ukradli rowery, a potem na nich je\u017adzili\u00a0 - TransInfo Archiwum\",\"isPartOf\":{\"@id\":\"https:\/\/transinfo.pl\/x\/#website\"},\"primaryImageOfPage\":{\"@id\":\"https:\/\/transinfo.pl\/x\/infobike\/bezczelni-jak-zlodzieje-z-rudy-ukradli-rowery-a-potem-na-nich-jezdzili\/#primaryimage\"},\"image\":{\"@id\":\"https:\/\/transinfo.pl\/x\/infobike\/bezczelni-jak-zlodzieje-z-rudy-ukradli-rowery-a-potem-na-nich-jezdzili\/#primaryimage\"},\"thumbnailUrl\":\"https:\/\/transinfo.pl\/x\/wp-content\/uploads\/2022\/01\/policja-radiowoz.jpg\",\"datePublished\":\"2023-10-26T14:15:00+00:00\",\"dateModified\":\"2023-10-26T14:15:00+00:00\",\"description\":\". Dwoje nastolatk\u00f3w powiadomi\u0142o rodzic\u00f3w, a ci Policj\u0119 o kradzie\u017cy rower\u00f3w, \u0142\u0105cznej warto\u015bci ponad 5 tysi\u0119cy\",\"breadcrumb\":{\"@id\":\"https:\/\/transinfo.pl\/x\/infobike\/bezczelni-jak-zlodzieje-z-rudy-ukradli-rowery-a-potem-na-nich-jezdzili\/#breadcrumb\"},\"inLanguage\":\"pl-PL\",\"potentialAction\":[{\"@type\":\"ReadAction\",\"target\":[\"https:\/\/transinfo.pl\/x\/infobike\/bezczelni-jak-zlodzieje-z-rudy-ukradli-rowery-a-potem-na-nich-jezdzili\/\"]}]},{\"@type\":\"ImageObject\",\"inLanguage\":\"pl-PL\",\"@id\":\"https:\/\/transinfo.pl\/x\/infobike\/bezczelni-jak-zlodzieje-z-rudy-ukradli-rowery-a-potem-na-nich-jezdzili\/#primaryimage\",\"url\":\"https:\/\/transinfo.pl\/x\/wp-content\/uploads\/2022\/01\/policja-radiowoz.jpg\",\"contentUrl\":\"https:\/\/transinfo.pl\/x\/wp-content\/uploads\/2022\/01\/policja-radiowoz.jpg\"},{\"@type\":\"BreadcrumbList\",\"@id\":\"https:\/\/transinfo.pl\/x\/infobike\/bezczelni-jak-zlodzieje-z-rudy-ukradli-rowery-a-potem-na-nich-jezdzili\/#breadcrumb\",\"itemListElement\":[{\"@type\":\"ListItem\",\"position\":1,\"name\":\"Home\",\"item\":\"https:\/\/transinfo.pl\/x\/\"},{\"@type\":\"ListItem\",\"position\":2,\"name\":\"Infobike\",\"item\":\"https:\/\/transinfo.pl\/x\/infobike\/\"},{\"@type\":\"ListItem\",\"position\":3,\"name\":\"Bezczelni jak z\u0142odzieje z Rudy. Ukradli rowery, a potem na nich je\u017adzili\u00a0\"}]},{\"@type\":\"WebSite\",\"@id\":\"https:\/\/transinfo.pl\/x\/#website\",\"url\":\"https:\/\/transinfo.pl\/x\/\",\"name\":\"TransInfo Archiwum\",\"description\":\"Ca\u0142y transport w jednym miejscu\",\"publisher\":{\"@id\":\"https:\/\/transinfo.pl\/x\/#organization\"},\"potentialAction\":[{\"@type\":\"SearchAction\",\"target\":{\"@type\":\"EntryPoint\",\"urlTemplate\":\"https:\/\/transinfo.pl\/x\/?s={search_term_string}\"},\"query-input\":{\"@type\":\"PropertyValueSpecification\",\"valueRequired\":true,\"valueName\":\"search_term_string\"}}],\"inLanguage\":\"pl-PL\"},{\"@type\":\"Organization\",\"@id\":\"https:\/\/transinfo.pl\/x\/#organization\",\"name\":\"TransInfo\",\"url\":\"https:\/\/transinfo.pl\/x\/\",\"logo\":{\"@type\":\"ImageObject\",\"inLanguage\":\"pl-PL\",\"@id\":\"https:\/\/transinfo.pl\/x\/#\/schema\/logo\/image\/\",\"url\":\"https:\/\/transinfo.pl\/x\/wp-content\/uploads\/2024\/10\/favicon.png\",\"contentUrl\":\"https:\/\/transinfo.pl\/x\/wp-content\/uploads\/2024\/10\/favicon.png\",\"width\":512,\"height\":512,\"caption\":\"TransInfo\"},\"image\":{\"@id\":\"https:\/\/transinfo.pl\/x\/#\/schema\/logo\/image\/\"}}]}<\/script>\n<!-- \/ Yoast SEO Premium plugin. -->","yoast_head_json":{"title":"Bezczelni jak z\u0142odzieje z Rudy. Ukradli rowery, a potem na nich je\u017adzili\u00a0 - TransInfo Archiwum","description":". Dwoje nastolatk\u00f3w powiadomi\u0142o rodzic\u00f3w, a ci Policj\u0119 o kradzie\u017cy rower\u00f3w, \u0142\u0105cznej warto\u015bci ponad 5 tysi\u0119cy","robots":{"index":"index","follow":"follow","max-snippet":"max-snippet:-1","max-image-preview":"max-image-preview:large","max-video-preview":"max-video-preview:-1"},"canonical":"https:\/\/transinfo.pl\/x\/infobike\/bezczelni-jak-zlodzieje-z-rudy-ukradli-rowery-a-potem-na-nich-jezdzili\/","og_locale":"pl_PL","og_type":"article","og_title":"Bezczelni jak z\u0142odzieje z Rudy. Ukradli rowery, a potem na nich je\u017adzili\u00a0","og_description":". Dwoje nastolatk\u00f3w powiadomi\u0142o rodzic\u00f3w, a ci Policj\u0119 o kradzie\u017cy rower\u00f3w, \u0142\u0105cznej warto\u015bci ponad 5 tysi\u0119cy","og_url":"https:\/\/transinfo.pl\/x\/infobike\/bezczelni-jak-zlodzieje-z-rudy-ukradli-rowery-a-potem-na-nich-jezdzili\/","og_site_name":"TransInfo Archiwum","og_image":[{"url":"https:\/\/transinfo.pl\/x\/wp-content\/uploads\/2022\/01\/policja-radiowoz.jpg","width":1,"height":1,"type":"image\/jpeg"}],"twitter_card":"summary_large_image","twitter_misc":{"Szacowany czas czytania":"2 minuty"},"schema":{"@context":"https:\/\/schema.org","@graph":[{"@type":"WebPage","@id":"https:\/\/transinfo.pl\/x\/infobike\/bezczelni-jak-zlodzieje-z-rudy-ukradli-rowery-a-potem-na-nich-jezdzili\/","url":"https:\/\/transinfo.pl\/x\/infobike\/bezczelni-jak-zlodzieje-z-rudy-ukradli-rowery-a-potem-na-nich-jezdzili\/","name":"Bezczelni jak z\u0142odzieje z Rudy. Ukradli rowery, a potem na nich je\u017adzili\u00a0 - TransInfo Archiwum","isPartOf":{"@id":"https:\/\/transinfo.pl\/x\/#website"},"primaryImageOfPage":{"@id":"https:\/\/transinfo.pl\/x\/infobike\/bezczelni-jak-zlodzieje-z-rudy-ukradli-rowery-a-potem-na-nich-jezdzili\/#primaryimage"},"image":{"@id":"https:\/\/transinfo.pl\/x\/infobike\/bezczelni-jak-zlodzieje-z-rudy-ukradli-rowery-a-potem-na-nich-jezdzili\/#primaryimage"},"thumbnailUrl":"https:\/\/transinfo.pl\/x\/wp-content\/uploads\/2022\/01\/policja-radiowoz.jpg","datePublished":"2023-10-26T14:15:00+00:00","dateModified":"2023-10-26T14:15:00+00:00","description":". Dwoje nastolatk\u00f3w powiadomi\u0142o rodzic\u00f3w, a ci Policj\u0119 o kradzie\u017cy rower\u00f3w, \u0142\u0105cznej warto\u015bci ponad 5 tysi\u0119cy","breadcrumb":{"@id":"https:\/\/transinfo.pl\/x\/infobike\/bezczelni-jak-zlodzieje-z-rudy-ukradli-rowery-a-potem-na-nich-jezdzili\/#breadcrumb"},"inLanguage":"pl-PL","potentialAction":[{"@type":"ReadAction","target":["https:\/\/transinfo.pl\/x\/infobike\/bezczelni-jak-zlodzieje-z-rudy-ukradli-rowery-a-potem-na-nich-jezdzili\/"]}]},{"@type":"ImageObject","inLanguage":"pl-PL","@id":"https:\/\/transinfo.pl\/x\/infobike\/bezczelni-jak-zlodzieje-z-rudy-ukradli-rowery-a-potem-na-nich-jezdzili\/#primaryimage","url":"https:\/\/transinfo.pl\/x\/wp-content\/uploads\/2022\/01\/policja-radiowoz.jpg","contentUrl":"https:\/\/transinfo.pl\/x\/wp-content\/uploads\/2022\/01\/policja-radiowoz.jpg"},{"@type":"BreadcrumbList","@id":"https:\/\/transinfo.pl\/x\/infobike\/bezczelni-jak-zlodzieje-z-rudy-ukradli-rowery-a-potem-na-nich-jezdzili\/#breadcrumb","itemListElement":[{"@type":"ListItem","position":1,"name":"Home","item":"https:\/\/transinfo.pl\/x\/"},{"@type":"ListItem","position":2,"name":"Infobike","item":"https:\/\/transinfo.pl\/x\/infobike\/"},{"@type":"ListItem","position":3,"name":"Bezczelni jak z\u0142odzieje z Rudy. Ukradli rowery, a potem na nich je\u017adzili\u00a0"}]},{"@type":"WebSite","@id":"https:\/\/transinfo.pl\/x\/#website","url":"https:\/\/transinfo.pl\/x\/","name":"TransInfo Archiwum","description":"Ca\u0142y transport w jednym miejscu","publisher":{"@id":"https:\/\/transinfo.pl\/x\/#organization"},"potentialAction":[{"@type":"SearchAction","target":{"@type":"EntryPoint","urlTemplate":"https:\/\/transinfo.pl\/x\/?s={search_term_string}"},"query-input":{"@type":"PropertyValueSpecification","valueRequired":true,"valueName":"search_term_string"}}],"inLanguage":"pl-PL"},{"@type":"Organization","@id":"https:\/\/transinfo.pl\/x\/#organization","name":"TransInfo","url":"https:\/\/transinfo.pl\/x\/","logo":{"@type":"ImageObject","inLanguage":"pl-PL","@id":"https:\/\/transinfo.pl\/x\/#\/schema\/logo\/image\/","url":"https:\/\/transinfo.pl\/x\/wp-content\/uploads\/2024\/10\/favicon.png","contentUrl":"https:\/\/transinfo.pl\/x\/wp-content\/uploads\/2024\/10\/favicon.png","width":512,"height":512,"caption":"TransInfo"},"image":{"@id":"https:\/\/transinfo.pl\/x\/#\/schema\/logo\/image\/"}}]}},"_links":{"self":[{"href":"https:\/\/transinfo.pl\/x\/wp-json\/wp\/v2\/infobike\/259326","targetHints":{"allow":["GET"]}}],"collection":[{"href":"https:\/\/transinfo.pl\/x\/wp-json\/wp\/v2\/infobike"}],"about":[{"href":"https:\/\/transinfo.pl\/x\/wp-json\/wp\/v2\/types\/infobike"}],"author":[{"embeddable":true,"href":"https:\/\/transinfo.pl\/x\/wp-json\/wp\/v2\/users\/1"}],"replies":[{"embeddable":true,"href":"https:\/\/transinfo.pl\/x\/wp-json\/wp\/v2\/comments?post=259326"}],"wp:featuredmedia":[{"embeddable":true,"href":"https:\/\/transinfo.pl\/x\/wp-json\/wp\/v2\/media\/259327"}],"wp:attachment":[{"href":"https:\/\/transinfo.pl\/x\/wp-json\/wp\/v2\/media?parent=259326"}],"wp:term":[{"taxonomy":"category","embeddable":true,"href":"https:\/\/transinfo.pl\/x\/wp-json\/wp\/v2\/categories?post=259326"},{"taxonomy":"post_tag","embeddable":true,"href":"https:\/\/transinfo.pl\/x\/wp-json\/wp\/v2\/tags?post=259326"}],"curies":[{"name":"wp","href":"https:\/\/api.w.org\/{rel}","templated":true}]}}