{"id":257499,"date":"2023-09-13T19:15:00","date_gmt":"2023-09-13T19:15:00","guid":{"rendered":"https:\/\/transinfo.pl\/x\/infobike\/policjant-pomogl-poszkodowanemu-rowerzyscie-ktory-okazal-sie-poszukiwanym-przestepca\/"},"modified":"2023-09-13T19:15:00","modified_gmt":"2023-09-13T19:15:00","slug":"policjant-pomogl-poszkodowanemu-rowerzyscie-ktory-okazal-sie-poszukiwanym-przestepca","status":"publish","type":"infobike","link":"https:\/\/transinfo.pl\/x\/infobike\/policjant-pomogl-poszkodowanemu-rowerzyscie-ktory-okazal-sie-poszukiwanym-przestepca\/","title":{"rendered":"Policjant pom\u00f3g\u0142 poszkodowanemu rowerzy\u015bcie, kt\u00f3ry okaza\u0142 si\u0119 poszukiwanym przest\u0119pc\u0105"},"content":{"rendered":"<style>h1,h2,h3,h4,h5,h6{margin:0 0 1.25rem;font-family:Arial,sans-serif;font-weight:600;color:#050505}h1{font-size:1.875rem;line-height:1.1em;text-transform:none}@media(min-width: 768px){h1{font-size:2.375rem}}h2{font-size:1.1875rem;line-height:1.2em;text-transform:uppercase}@media(min-width: 768px){h2{font-size:1.0625rem}}h3{font-size:0.9375rem;line-height:1.4em;font-weight:900;margin-bottom:0.9375rem}h4{font-size:0.875rem;line-height:1.2em;font-weight:500}h5{font-size:0.9375rem;line-height:1.6;font-weight:400}h6{font-size:0.9375rem;line-height:1.6;font-weight:600}\n<\/style>\n<h3 class=\"wp-block-heading\" id=\"h-policjant-wracajacy-ze-sluzby-pospieszyl-na-pomoc-lezacemu-zakrwawionemu-rowerzyscie-ten-okazal-sie-poszukiwanym-przez-policje-a-na-dodatek-mial-przy-sobie-narkotyki-informuje-komenda-miejska-policji-w-czestochowie\">Policjant wracaj\u0105cy ze s\u0142u\u017cby pospieszy\u0142 na pomoc le\u017c\u0105cemu zakrwawionemu&nbsp;rowerzy\u015bcie. Ten okaza\u0142 si\u0119 poszukiwanym przez policj\u0119, a na dodatek mia\u0142 przy sobie narkotyki &#8211; informuje Komenda Miejska Policji w Cz\u0119stochowie.<\/h3>\n\n\n<style>p{margin:0 0 1.5rem}p:last-child{margin:0}p.is-style-uppercase{text-transform:uppercase}p.is-style-preheading{color:#12406a;text-transform:uppercase}p.is-style-leadparagraph{font-size:1rem;line-height:1.625;font-weight:700}@media(min-width: 768px){p.is-style-leadparagraph{font-size:1.125rem;line-height:1.5555555556}}p.has-small-margin{margin-bottom:0.625rem}p.has-small-margin+h1,p.has-small-margin+h2,p.has-small-margin+h3{margin-top:1.875rem}\n<\/style>\n<p>W poniedzia\u0142ek rano starszy sier\u017cant Rados\u0142aw Mi\u0119kina, funkcjonariusz Komisariatu IV Policji w Cz\u0119stochowie wraca\u0142 ze s\u0142u\u017cby. Nagle spostrzeg\u0142 le\u017c\u0105cego z&nbsp;rowerem na chodniku przy ul. Dekabryst\u00f3w zakrwawionego m\u0119\u017cczyzn\u0119. Le\u017c\u0105cy z wyra\u017anym trudem pr\u00f3bowa\u0142 si\u0119 podnie\u015b\u0107.<\/p>\n\n\n\n<p>Mundurowy uzna\u0142, \u017ce m\u0119\u017cczyzna najprawdopodobniej b\u0119d\u0105c pod wp\u0142ywem alkoholu przewr\u00f3ci\u0142 si\u0119 i nie m\u00f3g\u0142 wsta\u0107 a poniewa\u017c mocno krwawi\u0142, policjant wezwa\u0142 zesp\u00f3\u0142 pogotowia ratunkowego. Kontakt z krwawi\u0105cym m\u0119\u017cczyzn\u0105 by\u0142 bardzo utrudniony, nie potrafi\u0142 powiedzie\u0107 jak si\u0119 nazywa ani gdzie mieszka. M\u0119\u017cczyzna nie mia\u0142 te\u017c przy sobie \u017cadnego dokumentu to\u017csamo\u015bci.<\/p>\n\n\n<style>.wp-block-image{margin:1.25rem 0;text-align:center}.wp-block-image figcaption{padding:0 0.9375rem;text-align:center}\n<\/style>\n<figure class=\"wp-block-image size-large\"><img decoding=\"async\" src=\"https:\/\/transinfo.pl\/wp-content\/uploads\/2022\/01\/rower-wypadek-zdjecie-ilustracyjne-1024x685.jpg\" alt=\"Policjant pom\u00f3g\u0142 poszkodowanemu rowerzy\u015bcie, kt\u00f3ry okaza\u0142 si\u0119 przest\u0119pc\u0105. Zdj\u0119cie ilustracyjne\" class=\"wp-image-192460\" \/><figcaption class=\"wp-element-caption\">Policjant pom\u00f3g\u0142 poszkodowanemu rowerzy\u015bcie, kt\u00f3ry okaza\u0142 si\u0119 przest\u0119pc\u0105. Zdj\u0119cie ilustracyjne<\/figcaption><\/figure>\n\n\n\n<p>Kiedy str\u00f3\u017c prawa poinformowa\u0142 go, \u017ce jest policjantem, w\u00f3wczas poszkodowany zacz\u0105\u0142 &#8222;kontaktowa\u0107&#8221;: sta\u0142 si\u0119 agresywny i bardziej energicznie pr\u00f3bowa\u0142 wsta\u0107 z miejsca. Podczas przeszukania mia\u0142 w kieszeni woreczek z zielonym suszem.<\/p>\n\n\n\n<p>Wst\u0119pny test potwierdzi\u0142, \u017ce w woreczku by\u0142a marihuana. Po opatrzeniu przez ratownik\u00f3w medycznych policjanci przewie\u017ali m\u0119\u017cczyzn\u0105 na komisariat.. Tam wysz\u0142o na jaw, \u017ce m\u0119\u017cczyzna jest poszukiwany przez s\u0105d w celu odbycia kary pozbawienia wolno\u015bci. Trafi\u0142 ju\u017c do wi\u0119zienia, gdzie sp\u0119dzi najbli\u017csze miesi\u0105ce.<\/p>\n\n\n\n<p>Za posiadanie narkotyk\u00f3w grozi mu dodatkowa kara nawet do 3 lat pozbawienia wolno\u015bci.<\/p>\n\n\n\n<p> \u017ar\u00f3d\u0142o: PAP<\/p>\n","protected":false},"author":1,"featured_media":257500,"comment_status":"","ping_status":"closed","template":"","categories":[24,27],"tags":[808,22271,339,1980],"class_list":["post-257499","infobike","type-infobike","status-publish","has-post-thumbnail","hentry","category-prawo","category-wydarzenia","tag-czestochowa","tag-nartotyki","tag-policja","tag-rowerzysta"],"acf":[],"yoast_head":"<!-- This site is optimized with the Yoast SEO Premium plugin v21.8 (Yoast SEO v23.7) - https:\/\/yoast.com\/wordpress\/plugins\/seo\/ -->\n<title>Policjant pom\u00f3g\u0142 poszkodowanemu rowerzy\u015bcie, kt\u00f3ry okaza\u0142 si\u0119 poszukiwanym przest\u0119pc\u0105 - TransInfo Archiwum<\/title>\n<meta name=\"description\" content=\"Policjant z \u0106z\u0119stochowy pom\u00f3g\u0142 poszkodowanemu rowerzy\u015bcie, kt\u00f3ry okaza\u0142 si\u0119 poszukiwanym przest\u0119pc\u0105\" \/>\n<meta name=\"robots\" content=\"index, follow, max-snippet:-1, max-image-preview:large, max-video-preview:-1\" \/>\n<link rel=\"canonical\" href=\"https:\/\/transinfo.pl\/x\/infobike\/policjant-pomogl-poszkodowanemu-rowerzyscie-ktory-okazal-sie-poszukiwanym-przestepca\/\" \/>\n<meta property=\"og:locale\" content=\"pl_PL\" \/>\n<meta property=\"og:type\" content=\"article\" \/>\n<meta property=\"og:title\" content=\"Policjant pom\u00f3g\u0142 poszkodowanemu rowerzy\u015bcie, kt\u00f3ry okaza\u0142 si\u0119 poszukiwanym przest\u0119pc\u0105\" \/>\n<meta property=\"og:description\" content=\"Policjant z \u0106z\u0119stochowy pom\u00f3g\u0142 poszkodowanemu rowerzy\u015bcie, kt\u00f3ry okaza\u0142 si\u0119 poszukiwanym przest\u0119pc\u0105\" \/>\n<meta property=\"og:url\" content=\"https:\/\/transinfo.pl\/x\/infobike\/policjant-pomogl-poszkodowanemu-rowerzyscie-ktory-okazal-sie-poszukiwanym-przestepca\/\" \/>\n<meta property=\"og:site_name\" content=\"TransInfo Archiwum\" \/>\n<meta property=\"og:image\" content=\"https:\/\/transinfo.pl\/x\/wp-content\/uploads\/2022\/01\/rower-wypadek-zdjecie-ilustracyjne.jpg\" \/>\n\t<meta property=\"og:image:width\" content=\"1\" \/>\n\t<meta property=\"og:image:height\" content=\"1\" \/>\n\t<meta property=\"og:image:type\" content=\"image\/jpeg\" \/>\n<meta name=\"twitter:card\" content=\"summary_large_image\" \/>\n<meta name=\"twitter:label1\" content=\"Szacowany czas czytania\" \/>\n\t<meta name=\"twitter:data1\" content=\"1 minuta\" \/>\n<script type=\"application\/ld+json\" class=\"yoast-schema-graph\">{\"@context\":\"https:\/\/schema.org\",\"@graph\":[{\"@type\":\"WebPage\",\"@id\":\"https:\/\/transinfo.pl\/x\/infobike\/policjant-pomogl-poszkodowanemu-rowerzyscie-ktory-okazal-sie-poszukiwanym-przestepca\/\",\"url\":\"https:\/\/transinfo.pl\/x\/infobike\/policjant-pomogl-poszkodowanemu-rowerzyscie-ktory-okazal-sie-poszukiwanym-przestepca\/\",\"name\":\"Policjant pom\u00f3g\u0142 poszkodowanemu rowerzy\u015bcie, kt\u00f3ry okaza\u0142 si\u0119 poszukiwanym przest\u0119pc\u0105 - TransInfo Archiwum\",\"isPartOf\":{\"@id\":\"https:\/\/transinfo.pl\/x\/#website\"},\"primaryImageOfPage\":{\"@id\":\"https:\/\/transinfo.pl\/x\/infobike\/policjant-pomogl-poszkodowanemu-rowerzyscie-ktory-okazal-sie-poszukiwanym-przestepca\/#primaryimage\"},\"image\":{\"@id\":\"https:\/\/transinfo.pl\/x\/infobike\/policjant-pomogl-poszkodowanemu-rowerzyscie-ktory-okazal-sie-poszukiwanym-przestepca\/#primaryimage\"},\"thumbnailUrl\":\"https:\/\/transinfo.pl\/x\/wp-content\/uploads\/2022\/01\/rower-wypadek-zdjecie-ilustracyjne.jpg\",\"datePublished\":\"2023-09-13T19:15:00+00:00\",\"dateModified\":\"2023-09-13T19:15:00+00:00\",\"description\":\"Policjant z \u0106z\u0119stochowy pom\u00f3g\u0142 poszkodowanemu rowerzy\u015bcie, kt\u00f3ry okaza\u0142 si\u0119 poszukiwanym przest\u0119pc\u0105\",\"breadcrumb\":{\"@id\":\"https:\/\/transinfo.pl\/x\/infobike\/policjant-pomogl-poszkodowanemu-rowerzyscie-ktory-okazal-sie-poszukiwanym-przestepca\/#breadcrumb\"},\"inLanguage\":\"pl-PL\",\"potentialAction\":[{\"@type\":\"ReadAction\",\"target\":[\"https:\/\/transinfo.pl\/x\/infobike\/policjant-pomogl-poszkodowanemu-rowerzyscie-ktory-okazal-sie-poszukiwanym-przestepca\/\"]}]},{\"@type\":\"ImageObject\",\"inLanguage\":\"pl-PL\",\"@id\":\"https:\/\/transinfo.pl\/x\/infobike\/policjant-pomogl-poszkodowanemu-rowerzyscie-ktory-okazal-sie-poszukiwanym-przestepca\/#primaryimage\",\"url\":\"https:\/\/transinfo.pl\/x\/wp-content\/uploads\/2022\/01\/rower-wypadek-zdjecie-ilustracyjne.jpg\",\"contentUrl\":\"https:\/\/transinfo.pl\/x\/wp-content\/uploads\/2022\/01\/rower-wypadek-zdjecie-ilustracyjne.jpg\"},{\"@type\":\"BreadcrumbList\",\"@id\":\"https:\/\/transinfo.pl\/x\/infobike\/policjant-pomogl-poszkodowanemu-rowerzyscie-ktory-okazal-sie-poszukiwanym-przestepca\/#breadcrumb\",\"itemListElement\":[{\"@type\":\"ListItem\",\"position\":1,\"name\":\"Home\",\"item\":\"https:\/\/transinfo.pl\/x\/\"},{\"@type\":\"ListItem\",\"position\":2,\"name\":\"Infobike\",\"item\":\"https:\/\/transinfo.pl\/x\/infobike\/\"},{\"@type\":\"ListItem\",\"position\":3,\"name\":\"Policjant pom\u00f3g\u0142 poszkodowanemu rowerzy\u015bcie, kt\u00f3ry okaza\u0142 si\u0119 poszukiwanym przest\u0119pc\u0105\"}]},{\"@type\":\"WebSite\",\"@id\":\"https:\/\/transinfo.pl\/x\/#website\",\"url\":\"https:\/\/transinfo.pl\/x\/\",\"name\":\"TransInfo Archiwum\",\"description\":\"Ca\u0142y transport w jednym miejscu\",\"publisher\":{\"@id\":\"https:\/\/transinfo.pl\/x\/#organization\"},\"potentialAction\":[{\"@type\":\"SearchAction\",\"target\":{\"@type\":\"EntryPoint\",\"urlTemplate\":\"https:\/\/transinfo.pl\/x\/?s={search_term_string}\"},\"query-input\":{\"@type\":\"PropertyValueSpecification\",\"valueRequired\":true,\"valueName\":\"search_term_string\"}}],\"inLanguage\":\"pl-PL\"},{\"@type\":\"Organization\",\"@id\":\"https:\/\/transinfo.pl\/x\/#organization\",\"name\":\"TransInfo\",\"url\":\"https:\/\/transinfo.pl\/x\/\",\"logo\":{\"@type\":\"ImageObject\",\"inLanguage\":\"pl-PL\",\"@id\":\"https:\/\/transinfo.pl\/x\/#\/schema\/logo\/image\/\",\"url\":\"https:\/\/transinfo.pl\/x\/wp-content\/uploads\/2024\/10\/favicon.png\",\"contentUrl\":\"https:\/\/transinfo.pl\/x\/wp-content\/uploads\/2024\/10\/favicon.png\",\"width\":512,\"height\":512,\"caption\":\"TransInfo\"},\"image\":{\"@id\":\"https:\/\/transinfo.pl\/x\/#\/schema\/logo\/image\/\"}}]}<\/script>\n<!-- \/ Yoast SEO Premium plugin. -->","yoast_head_json":{"title":"Policjant pom\u00f3g\u0142 poszkodowanemu rowerzy\u015bcie, kt\u00f3ry okaza\u0142 si\u0119 poszukiwanym przest\u0119pc\u0105 - TransInfo Archiwum","description":"Policjant z \u0106z\u0119stochowy pom\u00f3g\u0142 poszkodowanemu rowerzy\u015bcie, kt\u00f3ry okaza\u0142 si\u0119 poszukiwanym przest\u0119pc\u0105","robots":{"index":"index","follow":"follow","max-snippet":"max-snippet:-1","max-image-preview":"max-image-preview:large","max-video-preview":"max-video-preview:-1"},"canonical":"https:\/\/transinfo.pl\/x\/infobike\/policjant-pomogl-poszkodowanemu-rowerzyscie-ktory-okazal-sie-poszukiwanym-przestepca\/","og_locale":"pl_PL","og_type":"article","og_title":"Policjant pom\u00f3g\u0142 poszkodowanemu rowerzy\u015bcie, kt\u00f3ry okaza\u0142 si\u0119 poszukiwanym przest\u0119pc\u0105","og_description":"Policjant z \u0106z\u0119stochowy pom\u00f3g\u0142 poszkodowanemu rowerzy\u015bcie, kt\u00f3ry okaza\u0142 si\u0119 poszukiwanym przest\u0119pc\u0105","og_url":"https:\/\/transinfo.pl\/x\/infobike\/policjant-pomogl-poszkodowanemu-rowerzyscie-ktory-okazal-sie-poszukiwanym-przestepca\/","og_site_name":"TransInfo Archiwum","og_image":[{"url":"https:\/\/transinfo.pl\/x\/wp-content\/uploads\/2022\/01\/rower-wypadek-zdjecie-ilustracyjne.jpg","width":1,"height":1,"type":"image\/jpeg"}],"twitter_card":"summary_large_image","twitter_misc":{"Szacowany czas czytania":"1 minuta"},"schema":{"@context":"https:\/\/schema.org","@graph":[{"@type":"WebPage","@id":"https:\/\/transinfo.pl\/x\/infobike\/policjant-pomogl-poszkodowanemu-rowerzyscie-ktory-okazal-sie-poszukiwanym-przestepca\/","url":"https:\/\/transinfo.pl\/x\/infobike\/policjant-pomogl-poszkodowanemu-rowerzyscie-ktory-okazal-sie-poszukiwanym-przestepca\/","name":"Policjant pom\u00f3g\u0142 poszkodowanemu rowerzy\u015bcie, kt\u00f3ry okaza\u0142 si\u0119 poszukiwanym przest\u0119pc\u0105 - TransInfo Archiwum","isPartOf":{"@id":"https:\/\/transinfo.pl\/x\/#website"},"primaryImageOfPage":{"@id":"https:\/\/transinfo.pl\/x\/infobike\/policjant-pomogl-poszkodowanemu-rowerzyscie-ktory-okazal-sie-poszukiwanym-przestepca\/#primaryimage"},"image":{"@id":"https:\/\/transinfo.pl\/x\/infobike\/policjant-pomogl-poszkodowanemu-rowerzyscie-ktory-okazal-sie-poszukiwanym-przestepca\/#primaryimage"},"thumbnailUrl":"https:\/\/transinfo.pl\/x\/wp-content\/uploads\/2022\/01\/rower-wypadek-zdjecie-ilustracyjne.jpg","datePublished":"2023-09-13T19:15:00+00:00","dateModified":"2023-09-13T19:15:00+00:00","description":"Policjant z \u0106z\u0119stochowy pom\u00f3g\u0142 poszkodowanemu rowerzy\u015bcie, kt\u00f3ry okaza\u0142 si\u0119 poszukiwanym przest\u0119pc\u0105","breadcrumb":{"@id":"https:\/\/transinfo.pl\/x\/infobike\/policjant-pomogl-poszkodowanemu-rowerzyscie-ktory-okazal-sie-poszukiwanym-przestepca\/#breadcrumb"},"inLanguage":"pl-PL","potentialAction":[{"@type":"ReadAction","target":["https:\/\/transinfo.pl\/x\/infobike\/policjant-pomogl-poszkodowanemu-rowerzyscie-ktory-okazal-sie-poszukiwanym-przestepca\/"]}]},{"@type":"ImageObject","inLanguage":"pl-PL","@id":"https:\/\/transinfo.pl\/x\/infobike\/policjant-pomogl-poszkodowanemu-rowerzyscie-ktory-okazal-sie-poszukiwanym-przestepca\/#primaryimage","url":"https:\/\/transinfo.pl\/x\/wp-content\/uploads\/2022\/01\/rower-wypadek-zdjecie-ilustracyjne.jpg","contentUrl":"https:\/\/transinfo.pl\/x\/wp-content\/uploads\/2022\/01\/rower-wypadek-zdjecie-ilustracyjne.jpg"},{"@type":"BreadcrumbList","@id":"https:\/\/transinfo.pl\/x\/infobike\/policjant-pomogl-poszkodowanemu-rowerzyscie-ktory-okazal-sie-poszukiwanym-przestepca\/#breadcrumb","itemListElement":[{"@type":"ListItem","position":1,"name":"Home","item":"https:\/\/transinfo.pl\/x\/"},{"@type":"ListItem","position":2,"name":"Infobike","item":"https:\/\/transinfo.pl\/x\/infobike\/"},{"@type":"ListItem","position":3,"name":"Policjant pom\u00f3g\u0142 poszkodowanemu rowerzy\u015bcie, kt\u00f3ry okaza\u0142 si\u0119 poszukiwanym przest\u0119pc\u0105"}]},{"@type":"WebSite","@id":"https:\/\/transinfo.pl\/x\/#website","url":"https:\/\/transinfo.pl\/x\/","name":"TransInfo Archiwum","description":"Ca\u0142y transport w jednym miejscu","publisher":{"@id":"https:\/\/transinfo.pl\/x\/#organization"},"potentialAction":[{"@type":"SearchAction","target":{"@type":"EntryPoint","urlTemplate":"https:\/\/transinfo.pl\/x\/?s={search_term_string}"},"query-input":{"@type":"PropertyValueSpecification","valueRequired":true,"valueName":"search_term_string"}}],"inLanguage":"pl-PL"},{"@type":"Organization","@id":"https:\/\/transinfo.pl\/x\/#organization","name":"TransInfo","url":"https:\/\/transinfo.pl\/x\/","logo":{"@type":"ImageObject","inLanguage":"pl-PL","@id":"https:\/\/transinfo.pl\/x\/#\/schema\/logo\/image\/","url":"https:\/\/transinfo.pl\/x\/wp-content\/uploads\/2024\/10\/favicon.png","contentUrl":"https:\/\/transinfo.pl\/x\/wp-content\/uploads\/2024\/10\/favicon.png","width":512,"height":512,"caption":"TransInfo"},"image":{"@id":"https:\/\/transinfo.pl\/x\/#\/schema\/logo\/image\/"}}]}},"_links":{"self":[{"href":"https:\/\/transinfo.pl\/x\/wp-json\/wp\/v2\/infobike\/257499","targetHints":{"allow":["GET"]}}],"collection":[{"href":"https:\/\/transinfo.pl\/x\/wp-json\/wp\/v2\/infobike"}],"about":[{"href":"https:\/\/transinfo.pl\/x\/wp-json\/wp\/v2\/types\/infobike"}],"author":[{"embeddable":true,"href":"https:\/\/transinfo.pl\/x\/wp-json\/wp\/v2\/users\/1"}],"replies":[{"embeddable":true,"href":"https:\/\/transinfo.pl\/x\/wp-json\/wp\/v2\/comments?post=257499"}],"wp:featuredmedia":[{"embeddable":true,"href":"https:\/\/transinfo.pl\/x\/wp-json\/wp\/v2\/media\/257500"}],"wp:attachment":[{"href":"https:\/\/transinfo.pl\/x\/wp-json\/wp\/v2\/media?parent=257499"}],"wp:term":[{"taxonomy":"category","embeddable":true,"href":"https:\/\/transinfo.pl\/x\/wp-json\/wp\/v2\/categories?post=257499"},{"taxonomy":"post_tag","embeddable":true,"href":"https:\/\/transinfo.pl\/x\/wp-json\/wp\/v2\/tags?post=257499"}],"curies":[{"name":"wp","href":"https:\/\/api.w.org\/{rel}","templated":true}]}}