{"id":256806,"date":"2023-08-25T15:15:00","date_gmt":"2023-08-25T15:15:00","guid":{"rendered":"https:\/\/transinfo.pl\/x\/infobike\/brak-kasku-rowerowego-nie-zawsze-obniza-odszkodowanie\/"},"modified":"2023-08-25T15:15:00","modified_gmt":"2023-08-25T15:15:00","slug":"brak-kasku-rowerowego-nie-zawsze-obniza-odszkodowanie","status":"publish","type":"infobike","link":"https:\/\/transinfo.pl\/x\/infobike\/brak-kasku-rowerowego-nie-zawsze-obniza-odszkodowanie\/","title":{"rendered":"Brak kasku rowerowego nie zawsze obni\u017ca odszkodowanie"},"content":{"rendered":"<style>h1,h2,h3,h4,h5,h6{margin:0 0 1.25rem;font-family:Arial,sans-serif;font-weight:600;color:#050505}h1{font-size:1.875rem;line-height:1.1em;text-transform:none}@media(min-width: 768px){h1{font-size:2.375rem}}h2{font-size:1.1875rem;line-height:1.2em;text-transform:uppercase}@media(min-width: 768px){h2{font-size:1.0625rem}}h3{font-size:0.9375rem;line-height:1.4em;font-weight:900;margin-bottom:0.9375rem}h4{font-size:0.875rem;line-height:1.2em;font-weight:500}h5{font-size:0.9375rem;line-height:1.6;font-weight:400}h6{font-size:0.9375rem;line-height:1.6;font-weight:600}\n<\/style>\n<h6 class=\"wp-block-heading\" id=\"h-kiedy-dochodzi-do-wypadku-na-rowerze-i-rowerzysta-nie-ma-kasku-ubezpieczyciel-zazwyczaj-obniza-mu-wyplate-z-tytulu-oc-to-sie-jednak-moze-zmienic-sad-najwyzszy-nie-uznal-braku-ochrony-glowy-u-nieletniej-cyklistki-poruszajacej-sie-wiejska-droga-za-powod-do-obnizenia-odszkodowania-poinformowal-portal-prawo-pl\">Kiedy dochodzi do wypadku na\u00a0rowerze i\u00a0rowerzysta nie ma kasku, ubezpieczyciel zazwyczaj obni\u017ca mu wyp\u0142at\u0119 z tytu\u0142u OC. To si\u0119 jednak mo\u017ce zmieni\u0107. S\u0105d Najwy\u017cszy nie uzna\u0142 braku ochrony g\u0142owy u nieletniej cyklistki poruszaj\u0105cej si\u0119 wiejsk\u0105 drog\u0105 za pow\u00f3d do obni\u017cenia odszkodowania &#8211; poinformowa\u0142 portal <a href=\"https:\/\/www.prawo.pl\/\" target=\"_blank\" rel=\"noreferrer noopener\">Prawo.pl<\/a><\/h6>\n\n\n<style>p{margin:0 0 1.5rem}p:last-child{margin:0}p.is-style-uppercase{text-transform:uppercase}p.is-style-preheading{color:#12406a;text-transform:uppercase}p.is-style-leadparagraph{font-size:1rem;line-height:1.625;font-weight:700}@media(min-width: 768px){p.is-style-leadparagraph{font-size:1.125rem;line-height:1.5555555556}}p.has-small-margin{margin-bottom:0.625rem}p.has-small-margin+h1,p.has-small-margin+h2,p.has-small-margin+h3{margin-top:1.875rem}\n<\/style>\n<p>W 2022 r.\u00a0rowerzy\u015bci uczestniczyli w 3685 wypadkach drogowych, w kt\u00f3rych zgin\u0119\u0142o 170 cyklist\u00f3w, a obra\u017ce\u0144 dozna\u0142o 3356 os\u00f3b. Wi\u0119kszo\u015b\u0107 wypadk\u00f3w z ich udzia\u0142em mia\u0142a miejsce na obszarze zabudowanym. Jednak to poza obszarem zabudowanym by\u0142o wi\u0119cej zdarze\u0144 ze skutkiem \u015bmiertelnym.<\/p>\n\n\n\n<p>Poszkodowany\u00a0rowerzysta, kt\u00f3ry ucierpia\u0142 w wypadku spowodowanym przez kierowc\u0119 samochodu, mo\u017ce wyst\u0105pi\u0107 do ubezpieczyciela z roszczeniem o wyp\u0142at\u0119 zado\u015b\u0107uczynienia. Je\u015bli zdarzenie zosta\u0142o spowodowane z\u0142ym stanem drogi i brakiem odpowiednich zabezpiecze\u0144, za zdarzenie odpowiada zarz\u0105dca drogi. Wtedy z roszczeniem mo\u017cna wyst\u0105pi\u0107 do jego ubezpieczyciela.<\/p>\n\n\n\n<p>Ubezpieczyciel ma prawo obni\u017cy\u0107 odszkodowanie, je\u015bli uzna, \u017ce poszkodowany przyczyni\u0142 si\u0119 do powstania szkody. Przyczynienie jest ustalane procentowo. Jak czytamy na \u0142amach Prawo.pl, z jazd\u0105 bez kasku jest ten problem, i\u017c wp\u0142ywa ona na bezpiecze\u0144stwo cyklisty. Zdarza si\u0119 wi\u0119c, \u017ce ubezpieczyciele pomniejszaj\u0105 nale\u017cne\u00a0rowerzystom odszkodowanie z powodu jazdy bez kasku.<\/p>\n\n\n<style>.wp-block-image{margin:1.25rem 0;text-align:center}.wp-block-image figcaption{padding:0 0.9375rem;text-align:center}\n<\/style>\n<figure class=\"wp-block-image aligncenter size-full\"><img decoding=\"async\" src=\"https:\/\/transinfo.pl\/wp-content\/uploads\/2022\/01\/Kaski-zabijaja-ruch-rowerowy-w-miescie-0-1.jpg\" alt=\"Brak kasku rowerowego nie powoduje obni\u017cenia odszkodowania\" class=\"wp-image-147572\" \/><figcaption class=\"wp-element-caption\">Brak kasku rowerowego nie powoduje obni\u017cenia odszkodowania<\/figcaption><\/figure>\n\n\n\n<p>Jednak przepisy nie wymagaj\u0105 korzystania z kask\u00f3w przez kieruj\u0105cych rowerami, w odr\u00f3\u017cnieniu od obowi\u0105zku korzystania z pas\u00f3w bezpiecze\u0144stwa w samochodach<\/p>\n\n\n\n<p>Konsekwencji braku kasku dotyczy\u0142 wyrok S\u0105du Najwy\u017cszego z 9 sierpnia 2023 roku. Opisywana przez serwis sprawa dotyczy\u0142a nastolatki, kt\u00f3ra, jad\u0105c\u00a0rowerem, straci\u0142a r\u00f3wnowag\u0119 i wpad\u0142a do rowu melioracyjnego, odnosz\u0105c powa\u017cne obra\u017cenia. SN wskaza\u0142, \u017ce dziewczyna przyczyni\u0142a si\u0119 do wypadku nieostro\u017cn\u0105 i zbyt szybk\u0105 jazd\u0105.  Nie mo\u017cna jednak od 14-latki wymaga\u0107, \u017ceby zadba\u0142a o kask czy ochraniacze. Wszak nie s\u0105 one obowi\u0105zkowym wyposa\u017ceniem\u00a0rowerzyst\u00f3w w Polsce, tak\u017ce tych poni\u017cej 18 lat. Fakt braku kasku nie zosta\u0142 uznany przez SN za pow\u00f3d do obni\u017cenia odszkodowania.<\/p>\n","protected":false},"author":1,"featured_media":256807,"comment_status":"","ping_status":"closed","template":"","categories":[24,27],"tags":[551,8370,5022,7473,6978],"class_list":["post-256806","infobike","type-infobike","status-publish","has-post-thumbnail","hentry","category-prawo","category-wydarzenia","tag-bezpieczenstwo","tag-kask-rowerowy","tag-odszkodowanie","tag-sad-najwyzszy","tag-ubezpieczenie"],"acf":[],"yoast_head":"<!-- This site is optimized with the Yoast SEO Premium plugin v21.8 (Yoast SEO v23.7) - https:\/\/yoast.com\/wordpress\/plugins\/seo\/ -->\n<title>Brak kasku rowerowego nie zawsze obni\u017ca odszkodowanie - TransInfo Archiwum<\/title>\n<meta name=\"description\" content=\"S\u0105d Najwy\u017cszy nie uzna\u0142 braku kasku u nieletniej cyklistki poruszaj\u0105cej si\u0119 wiejsk\u0105 drog\u0105 za pow\u00f3d do obni\u017cenia odszkodowania\" \/>\n<meta name=\"robots\" content=\"index, follow, max-snippet:-1, max-image-preview:large, max-video-preview:-1\" \/>\n<link rel=\"canonical\" href=\"https:\/\/transinfo.pl\/x\/infobike\/brak-kasku-rowerowego-nie-zawsze-obniza-odszkodowanie\/\" \/>\n<meta property=\"og:locale\" content=\"pl_PL\" \/>\n<meta property=\"og:type\" content=\"article\" \/>\n<meta property=\"og:title\" content=\"Brak kasku rowerowego nie zawsze obni\u017ca odszkodowanie\" \/>\n<meta property=\"og:description\" content=\"S\u0105d Najwy\u017cszy nie uzna\u0142 braku kasku u nieletniej cyklistki poruszaj\u0105cej si\u0119 wiejsk\u0105 drog\u0105 za pow\u00f3d do obni\u017cenia odszkodowania\" \/>\n<meta property=\"og:url\" content=\"https:\/\/transinfo.pl\/x\/infobike\/brak-kasku-rowerowego-nie-zawsze-obniza-odszkodowanie\/\" \/>\n<meta property=\"og:site_name\" content=\"TransInfo Archiwum\" \/>\n<meta property=\"og:image\" content=\"https:\/\/transinfo.pl\/x\/wp-content\/uploads\/2022\/01\/Lekarze-apeluja-zakladajcie-kaski-dzieciom-0.jpg\" \/>\n\t<meta property=\"og:image:width\" content=\"1\" \/>\n\t<meta property=\"og:image:height\" content=\"1\" \/>\n\t<meta property=\"og:image:type\" content=\"image\/jpeg\" \/>\n<meta name=\"twitter:card\" content=\"summary_large_image\" \/>\n<meta name=\"twitter:label1\" content=\"Szacowany czas czytania\" \/>\n\t<meta name=\"twitter:data1\" content=\"2 minuty\" \/>\n<script type=\"application\/ld+json\" class=\"yoast-schema-graph\">{\"@context\":\"https:\/\/schema.org\",\"@graph\":[{\"@type\":\"WebPage\",\"@id\":\"https:\/\/transinfo.pl\/x\/infobike\/brak-kasku-rowerowego-nie-zawsze-obniza-odszkodowanie\/\",\"url\":\"https:\/\/transinfo.pl\/x\/infobike\/brak-kasku-rowerowego-nie-zawsze-obniza-odszkodowanie\/\",\"name\":\"Brak kasku rowerowego nie zawsze obni\u017ca odszkodowanie - TransInfo Archiwum\",\"isPartOf\":{\"@id\":\"https:\/\/transinfo.pl\/x\/#website\"},\"primaryImageOfPage\":{\"@id\":\"https:\/\/transinfo.pl\/x\/infobike\/brak-kasku-rowerowego-nie-zawsze-obniza-odszkodowanie\/#primaryimage\"},\"image\":{\"@id\":\"https:\/\/transinfo.pl\/x\/infobike\/brak-kasku-rowerowego-nie-zawsze-obniza-odszkodowanie\/#primaryimage\"},\"thumbnailUrl\":\"https:\/\/transinfo.pl\/x\/wp-content\/uploads\/2022\/01\/Lekarze-apeluja-zakladajcie-kaski-dzieciom-0.jpg\",\"datePublished\":\"2023-08-25T15:15:00+00:00\",\"dateModified\":\"2023-08-25T15:15:00+00:00\",\"description\":\"S\u0105d Najwy\u017cszy nie uzna\u0142 braku kasku u nieletniej cyklistki poruszaj\u0105cej si\u0119 wiejsk\u0105 drog\u0105 za pow\u00f3d do obni\u017cenia odszkodowania\",\"breadcrumb\":{\"@id\":\"https:\/\/transinfo.pl\/x\/infobike\/brak-kasku-rowerowego-nie-zawsze-obniza-odszkodowanie\/#breadcrumb\"},\"inLanguage\":\"pl-PL\",\"potentialAction\":[{\"@type\":\"ReadAction\",\"target\":[\"https:\/\/transinfo.pl\/x\/infobike\/brak-kasku-rowerowego-nie-zawsze-obniza-odszkodowanie\/\"]}]},{\"@type\":\"ImageObject\",\"inLanguage\":\"pl-PL\",\"@id\":\"https:\/\/transinfo.pl\/x\/infobike\/brak-kasku-rowerowego-nie-zawsze-obniza-odszkodowanie\/#primaryimage\",\"url\":\"https:\/\/transinfo.pl\/x\/wp-content\/uploads\/2022\/01\/Lekarze-apeluja-zakladajcie-kaski-dzieciom-0.jpg\",\"contentUrl\":\"https:\/\/transinfo.pl\/x\/wp-content\/uploads\/2022\/01\/Lekarze-apeluja-zakladajcie-kaski-dzieciom-0.jpg\"},{\"@type\":\"BreadcrumbList\",\"@id\":\"https:\/\/transinfo.pl\/x\/infobike\/brak-kasku-rowerowego-nie-zawsze-obniza-odszkodowanie\/#breadcrumb\",\"itemListElement\":[{\"@type\":\"ListItem\",\"position\":1,\"name\":\"Home\",\"item\":\"https:\/\/transinfo.pl\/x\/\"},{\"@type\":\"ListItem\",\"position\":2,\"name\":\"Infobike\",\"item\":\"https:\/\/transinfo.pl\/x\/infobike\/\"},{\"@type\":\"ListItem\",\"position\":3,\"name\":\"Brak kasku rowerowego nie zawsze obni\u017ca odszkodowanie\"}]},{\"@type\":\"WebSite\",\"@id\":\"https:\/\/transinfo.pl\/x\/#website\",\"url\":\"https:\/\/transinfo.pl\/x\/\",\"name\":\"TransInfo Archiwum\",\"description\":\"Ca\u0142y transport w jednym miejscu\",\"publisher\":{\"@id\":\"https:\/\/transinfo.pl\/x\/#organization\"},\"potentialAction\":[{\"@type\":\"SearchAction\",\"target\":{\"@type\":\"EntryPoint\",\"urlTemplate\":\"https:\/\/transinfo.pl\/x\/?s={search_term_string}\"},\"query-input\":{\"@type\":\"PropertyValueSpecification\",\"valueRequired\":true,\"valueName\":\"search_term_string\"}}],\"inLanguage\":\"pl-PL\"},{\"@type\":\"Organization\",\"@id\":\"https:\/\/transinfo.pl\/x\/#organization\",\"name\":\"TransInfo\",\"url\":\"https:\/\/transinfo.pl\/x\/\",\"logo\":{\"@type\":\"ImageObject\",\"inLanguage\":\"pl-PL\",\"@id\":\"https:\/\/transinfo.pl\/x\/#\/schema\/logo\/image\/\",\"url\":\"https:\/\/transinfo.pl\/x\/wp-content\/uploads\/2024\/10\/favicon.png\",\"contentUrl\":\"https:\/\/transinfo.pl\/x\/wp-content\/uploads\/2024\/10\/favicon.png\",\"width\":512,\"height\":512,\"caption\":\"TransInfo\"},\"image\":{\"@id\":\"https:\/\/transinfo.pl\/x\/#\/schema\/logo\/image\/\"}}]}<\/script>\n<!-- \/ Yoast SEO Premium plugin. -->","yoast_head_json":{"title":"Brak kasku rowerowego nie zawsze obni\u017ca odszkodowanie - TransInfo Archiwum","description":"S\u0105d Najwy\u017cszy nie uzna\u0142 braku kasku u nieletniej cyklistki poruszaj\u0105cej si\u0119 wiejsk\u0105 drog\u0105 za pow\u00f3d do obni\u017cenia odszkodowania","robots":{"index":"index","follow":"follow","max-snippet":"max-snippet:-1","max-image-preview":"max-image-preview:large","max-video-preview":"max-video-preview:-1"},"canonical":"https:\/\/transinfo.pl\/x\/infobike\/brak-kasku-rowerowego-nie-zawsze-obniza-odszkodowanie\/","og_locale":"pl_PL","og_type":"article","og_title":"Brak kasku rowerowego nie zawsze obni\u017ca odszkodowanie","og_description":"S\u0105d Najwy\u017cszy nie uzna\u0142 braku kasku u nieletniej cyklistki poruszaj\u0105cej si\u0119 wiejsk\u0105 drog\u0105 za pow\u00f3d do obni\u017cenia odszkodowania","og_url":"https:\/\/transinfo.pl\/x\/infobike\/brak-kasku-rowerowego-nie-zawsze-obniza-odszkodowanie\/","og_site_name":"TransInfo Archiwum","og_image":[{"url":"https:\/\/transinfo.pl\/x\/wp-content\/uploads\/2022\/01\/Lekarze-apeluja-zakladajcie-kaski-dzieciom-0.jpg","width":1,"height":1,"type":"image\/jpeg"}],"twitter_card":"summary_large_image","twitter_misc":{"Szacowany czas czytania":"2 minuty"},"schema":{"@context":"https:\/\/schema.org","@graph":[{"@type":"WebPage","@id":"https:\/\/transinfo.pl\/x\/infobike\/brak-kasku-rowerowego-nie-zawsze-obniza-odszkodowanie\/","url":"https:\/\/transinfo.pl\/x\/infobike\/brak-kasku-rowerowego-nie-zawsze-obniza-odszkodowanie\/","name":"Brak kasku rowerowego nie zawsze obni\u017ca odszkodowanie - TransInfo Archiwum","isPartOf":{"@id":"https:\/\/transinfo.pl\/x\/#website"},"primaryImageOfPage":{"@id":"https:\/\/transinfo.pl\/x\/infobike\/brak-kasku-rowerowego-nie-zawsze-obniza-odszkodowanie\/#primaryimage"},"image":{"@id":"https:\/\/transinfo.pl\/x\/infobike\/brak-kasku-rowerowego-nie-zawsze-obniza-odszkodowanie\/#primaryimage"},"thumbnailUrl":"https:\/\/transinfo.pl\/x\/wp-content\/uploads\/2022\/01\/Lekarze-apeluja-zakladajcie-kaski-dzieciom-0.jpg","datePublished":"2023-08-25T15:15:00+00:00","dateModified":"2023-08-25T15:15:00+00:00","description":"S\u0105d Najwy\u017cszy nie uzna\u0142 braku kasku u nieletniej cyklistki poruszaj\u0105cej si\u0119 wiejsk\u0105 drog\u0105 za pow\u00f3d do obni\u017cenia odszkodowania","breadcrumb":{"@id":"https:\/\/transinfo.pl\/x\/infobike\/brak-kasku-rowerowego-nie-zawsze-obniza-odszkodowanie\/#breadcrumb"},"inLanguage":"pl-PL","potentialAction":[{"@type":"ReadAction","target":["https:\/\/transinfo.pl\/x\/infobike\/brak-kasku-rowerowego-nie-zawsze-obniza-odszkodowanie\/"]}]},{"@type":"ImageObject","inLanguage":"pl-PL","@id":"https:\/\/transinfo.pl\/x\/infobike\/brak-kasku-rowerowego-nie-zawsze-obniza-odszkodowanie\/#primaryimage","url":"https:\/\/transinfo.pl\/x\/wp-content\/uploads\/2022\/01\/Lekarze-apeluja-zakladajcie-kaski-dzieciom-0.jpg","contentUrl":"https:\/\/transinfo.pl\/x\/wp-content\/uploads\/2022\/01\/Lekarze-apeluja-zakladajcie-kaski-dzieciom-0.jpg"},{"@type":"BreadcrumbList","@id":"https:\/\/transinfo.pl\/x\/infobike\/brak-kasku-rowerowego-nie-zawsze-obniza-odszkodowanie\/#breadcrumb","itemListElement":[{"@type":"ListItem","position":1,"name":"Home","item":"https:\/\/transinfo.pl\/x\/"},{"@type":"ListItem","position":2,"name":"Infobike","item":"https:\/\/transinfo.pl\/x\/infobike\/"},{"@type":"ListItem","position":3,"name":"Brak kasku rowerowego nie zawsze obni\u017ca odszkodowanie"}]},{"@type":"WebSite","@id":"https:\/\/transinfo.pl\/x\/#website","url":"https:\/\/transinfo.pl\/x\/","name":"TransInfo Archiwum","description":"Ca\u0142y transport w jednym miejscu","publisher":{"@id":"https:\/\/transinfo.pl\/x\/#organization"},"potentialAction":[{"@type":"SearchAction","target":{"@type":"EntryPoint","urlTemplate":"https:\/\/transinfo.pl\/x\/?s={search_term_string}"},"query-input":{"@type":"PropertyValueSpecification","valueRequired":true,"valueName":"search_term_string"}}],"inLanguage":"pl-PL"},{"@type":"Organization","@id":"https:\/\/transinfo.pl\/x\/#organization","name":"TransInfo","url":"https:\/\/transinfo.pl\/x\/","logo":{"@type":"ImageObject","inLanguage":"pl-PL","@id":"https:\/\/transinfo.pl\/x\/#\/schema\/logo\/image\/","url":"https:\/\/transinfo.pl\/x\/wp-content\/uploads\/2024\/10\/favicon.png","contentUrl":"https:\/\/transinfo.pl\/x\/wp-content\/uploads\/2024\/10\/favicon.png","width":512,"height":512,"caption":"TransInfo"},"image":{"@id":"https:\/\/transinfo.pl\/x\/#\/schema\/logo\/image\/"}}]}},"_links":{"self":[{"href":"https:\/\/transinfo.pl\/x\/wp-json\/wp\/v2\/infobike\/256806","targetHints":{"allow":["GET"]}}],"collection":[{"href":"https:\/\/transinfo.pl\/x\/wp-json\/wp\/v2\/infobike"}],"about":[{"href":"https:\/\/transinfo.pl\/x\/wp-json\/wp\/v2\/types\/infobike"}],"author":[{"embeddable":true,"href":"https:\/\/transinfo.pl\/x\/wp-json\/wp\/v2\/users\/1"}],"replies":[{"embeddable":true,"href":"https:\/\/transinfo.pl\/x\/wp-json\/wp\/v2\/comments?post=256806"}],"wp:featuredmedia":[{"embeddable":true,"href":"https:\/\/transinfo.pl\/x\/wp-json\/wp\/v2\/media\/256807"}],"wp:attachment":[{"href":"https:\/\/transinfo.pl\/x\/wp-json\/wp\/v2\/media?parent=256806"}],"wp:term":[{"taxonomy":"category","embeddable":true,"href":"https:\/\/transinfo.pl\/x\/wp-json\/wp\/v2\/categories?post=256806"},{"taxonomy":"post_tag","embeddable":true,"href":"https:\/\/transinfo.pl\/x\/wp-json\/wp\/v2\/tags?post=256806"}],"curies":[{"name":"wp","href":"https:\/\/api.w.org\/{rel}","templated":true}]}}