{"id":255479,"date":"2023-07-19T18:15:00","date_gmt":"2023-07-19T18:15:00","guid":{"rendered":"https:\/\/transinfo.pl\/x\/infobike\/holenderski-producent-rowerow-vanmoof-oglosil-upadlosc-policja-wydala-oswiadczenie\/"},"modified":"2023-07-19T18:15:00","modified_gmt":"2023-07-19T18:15:00","slug":"holenderski-producent-rowerow-vanmoof-oglosil-upadlosc-policja-wydala-oswiadczenie","status":"publish","type":"infobike","link":"https:\/\/transinfo.pl\/x\/infobike\/holenderski-producent-rowerow-vanmoof-oglosil-upadlosc-policja-wydala-oswiadczenie\/","title":{"rendered":"Holenderski producent rower\u00f3w VanMoof og\u0142osi\u0142 upad\u0142o\u015b\u0107. Policja wyda\u0142a o\u015bwiadczenie"},"content":{"rendered":"<style>h1,h2,h3,h4,h5,h6{margin:0 0 1.25rem;font-family:Arial,sans-serif;font-weight:600;color:#050505}h1{font-size:1.875rem;line-height:1.1em;text-transform:none}@media(min-width: 768px){h1{font-size:2.375rem}}h2{font-size:1.1875rem;line-height:1.2em;text-transform:uppercase}@media(min-width: 768px){h2{font-size:1.0625rem}}h3{font-size:0.9375rem;line-height:1.4em;font-weight:900;margin-bottom:0.9375rem}h4{font-size:0.875rem;line-height:1.2em;font-weight:500}h5{font-size:0.9375rem;line-height:1.6;font-weight:400}h6{font-size:0.9375rem;line-height:1.6;font-weight:600}\n<\/style>\n<h6 class=\"wp-block-heading\">Producent&nbsp;rower\u00f3w elektrycznych VanMoof og\u0142osi\u0142 we wtorek upad\u0142o\u015b\u0107. Firma zamrozi\u0142a sprzeda\u017c i zamkn\u0119\u0142a wszystkie sklepy.<\/h6>\n\n\n<style>p{margin:0 0 1.5rem}p:last-child{margin:0}p.is-style-uppercase{text-transform:uppercase}p.is-style-preheading{color:#12406a;text-transform:uppercase}p.is-style-leadparagraph{font-size:1rem;line-height:1.625;font-weight:700}@media(min-width: 768px){p.is-style-leadparagraph{font-size:1.125rem;line-height:1.5555555556}}p.has-small-margin{margin-bottom:0.625rem}p.has-small-margin+h1,p.has-small-margin+h2,p.has-small-margin+h3{margin-top:1.875rem}\n<\/style>\n<p>Amsterdamski producent&nbsp;rower\u00f3w w ubieg\u0142ym tygodniu z\u0142o\u017cy\u0142 do s\u0105du wniosek o odroczenie p\u0142atno\u015bci i tym samym ochron\u0119 przed wierzycielami. We wtorek firma poinformowa\u0142a, \u017ce s\u0105d og\u0142osi\u0142 jej upad\u0142o\u015b\u0107.<\/p>\n\n\n\n<p>Klienci, kt\u00f3rzy oddali swoje&nbsp;rowery do naprawy lub zap\u0142acili za dostaw\u0119 nowego modelu wylewaj\u0105 swoje \u017cale w internecie, bowiem kontaktu z firm\u0105 ju\u017c nie ma.<\/p>\n\n\n\n<p>Dosz\u0142o do tego, \u017ce policja w Amsterdamie zamie\u015bci\u0142a na Twitterze o\u015bwiadczenie, w kt\u00f3rym informuje, \u017ce otrzymuje obecnie wiele zg\u0142osze\u0144 od klient\u00f3w zbankrutowanej firmy, ale nic nie mo\u017ce zrobi\u0107. <\/p>\n\n\n<style>.wp-block-quote{border-left:0.1875rem solid var(--page-color);font-size:1rem;font-style:italic;margin:0 0 1.6875rem;padding:1.25rem}.wp-block-quote cite{color:#050505}.wp-block-quote.is-style-large p{margin-bottom:10px}.wp-block-quote.is-style-large cite{color:#12406a}\n<\/style>\n<blockquote class=\"wp-block-quote is-layout-flow wp-block-quote-is-layout-flow\">\n<p>Apelujemy do ofiar, aby nie zg\u0142asza\u0142y si\u0119 na policj\u0119. Upad\u0142o\u015b\u0107 to sprawa cywilna, a nie karna. Policja nic nie mo\u017ce zrobi\u0107 w tej sprawie \u2013 czytamy w o\u015bwiadczeniu sto\u0142ecznej komendy.<\/p>\n<\/blockquote>\n\n\n\n<blockquote class=\"twitter-tweet\"><p lang=\"zxx\" dir=\"ltr\"><a href=\"https:\/\/t.co\/y6fZiVL7l1\">pic.twitter.com\/y6fZiVL7l1<\/a><\/p>&mdash; Politie Eenheid Amsterdam (@POL_Amsterdam) <a href=\"https:\/\/twitter.com\/POL_Amsterdam\/status\/1681252598299480064?ref_src=twsrc%5Etfw\">July 18, 2023<\/a><\/blockquote> \n\n\n\n<p>Kosztuj\u0105cy nawet 3 tys. euro&nbsp;rower&nbsp;holenderskiej firmy przez lata by\u0142 symbolem statusu wielkomiejskich elit nie tylko w Holandii.&nbsp;Rower&nbsp;nie tylko wyr\u00f3\u017cnia\u0142 si\u0119 eleganckim wygl\u0105dem, ale tak\u017ce zbiera\u0142 znakomite recenzje. Od momentu powstania VanMoof w 2009 r. na \u015bwiecie sprzedano \u0142\u0105cznie 190 tys.&nbsp;rower\u00f3w tej marki.<\/p>\n\n\n\n<p>Na razie nie wiadomo, co przyczyni\u0142o si\u0119 do upadku popularnej firmy, szczeg\u00f3lnie, \u017ce sprzeda\u017c elektrycznych jedno\u015blad\u00f3w w Niderlandach systematycznie ro\u015bnie. Dziennik \u201eFinancieele Dagblad\u201d poinformowa\u0142, \u017ce producent ma obecnie zad\u0142u\u017cenie w wysoko\u015bci 30 mln euro.<\/p>\n\n\n\n<p>Gazeta ujawnia, \u017ce VanMoof zleci\u0142 bankowi inwestycyjnemu Goldman Sachs poszukiwanie nowych inwestor\u00f3w lub kandydat\u00f3w do przej\u0119cia. Bez skutku.<\/p>\n\n\n\n<p>Dziennik \u201eAlgemeen Dagblad\u201d twierdzi, \u017ce do bankructwa doprowadzi\u0142y b\u0142\u0119dy kierownictwa firmy. Kupowano zbyt drogie cz\u0119\u015bci i wi\u0119cej ni\u017c zak\u0142adano wynosi\u0142y koszty konserwacji&nbsp;rower\u00f3w.<\/p>\n","protected":false},"author":1,"featured_media":255480,"comment_status":"","ping_status":"closed","template":"","categories":[25,27],"tags":[627,5606,3108,21997],"class_list":["post-255479","infobike","type-infobike","status-publish","has-post-thumbnail","hentry","category-producenci","category-wydarzenia","tag-holandia","tag-producent","tag-upadlosc","tag-vanmoof"],"acf":[],"yoast_head":"<!-- This site is optimized with the Yoast SEO Premium plugin v21.8 (Yoast SEO v23.7) - https:\/\/yoast.com\/wordpress\/plugins\/seo\/ -->\n<title>Holenderski producent rower\u00f3w VanMoof og\u0142osi\u0142 upad\u0142o\u015b\u0107. Policja wyda\u0142a o\u015bwiadczenie - TransInfo Archiwum<\/title>\n<meta name=\"description\" content=\"Producent\u00a0rower\u00f3w elektrycznych VanMoof og\u0142osi\u0142 we wtorek upad\u0142o\u015b\u0107. Firma zamrozi\u0142a sprzeda\u017c i zamkn\u0119\u0142a wszystkie sklepy\" \/>\n<meta name=\"robots\" content=\"index, follow, max-snippet:-1, max-image-preview:large, max-video-preview:-1\" \/>\n<link rel=\"canonical\" href=\"https:\/\/transinfo.pl\/x\/infobike\/holenderski-producent-rowerow-vanmoof-oglosil-upadlosc-policja-wydala-oswiadczenie\/\" \/>\n<meta property=\"og:locale\" content=\"pl_PL\" \/>\n<meta property=\"og:type\" content=\"article\" \/>\n<meta property=\"og:title\" content=\"Holenderski producent rower\u00f3w VanMoof og\u0142osi\u0142 upad\u0142o\u015b\u0107. Policja wyda\u0142a o\u015bwiadczenie\" \/>\n<meta property=\"og:description\" content=\"Producent\u00a0rower\u00f3w elektrycznych VanMoof og\u0142osi\u0142 we wtorek upad\u0142o\u015b\u0107. Firma zamrozi\u0142a sprzeda\u017c i zamkn\u0119\u0142a wszystkie sklepy\" \/>\n<meta property=\"og:url\" content=\"https:\/\/transinfo.pl\/x\/infobike\/holenderski-producent-rowerow-vanmoof-oglosil-upadlosc-policja-wydala-oswiadczenie\/\" \/>\n<meta property=\"og:site_name\" content=\"TransInfo Archiwum\" \/>\n<meta property=\"og:image\" content=\"https:\/\/transinfo.pl\/x\/wp-content\/uploads\/2023\/07\/VanMoof-rower.jpg\" \/>\n\t<meta property=\"og:image:width\" content=\"1\" \/>\n\t<meta property=\"og:image:height\" content=\"1\" \/>\n\t<meta property=\"og:image:type\" content=\"image\/jpeg\" \/>\n<meta name=\"twitter:card\" content=\"summary_large_image\" \/>\n<meta name=\"twitter:label1\" content=\"Szacowany czas czytania\" \/>\n\t<meta name=\"twitter:data1\" content=\"2 minuty\" \/>\n<script type=\"application\/ld+json\" class=\"yoast-schema-graph\">{\"@context\":\"https:\/\/schema.org\",\"@graph\":[{\"@type\":\"WebPage\",\"@id\":\"https:\/\/transinfo.pl\/x\/infobike\/holenderski-producent-rowerow-vanmoof-oglosil-upadlosc-policja-wydala-oswiadczenie\/\",\"url\":\"https:\/\/transinfo.pl\/x\/infobike\/holenderski-producent-rowerow-vanmoof-oglosil-upadlosc-policja-wydala-oswiadczenie\/\",\"name\":\"Holenderski producent rower\u00f3w VanMoof og\u0142osi\u0142 upad\u0142o\u015b\u0107. Policja wyda\u0142a o\u015bwiadczenie - TransInfo Archiwum\",\"isPartOf\":{\"@id\":\"https:\/\/transinfo.pl\/x\/#website\"},\"primaryImageOfPage\":{\"@id\":\"https:\/\/transinfo.pl\/x\/infobike\/holenderski-producent-rowerow-vanmoof-oglosil-upadlosc-policja-wydala-oswiadczenie\/#primaryimage\"},\"image\":{\"@id\":\"https:\/\/transinfo.pl\/x\/infobike\/holenderski-producent-rowerow-vanmoof-oglosil-upadlosc-policja-wydala-oswiadczenie\/#primaryimage\"},\"thumbnailUrl\":\"https:\/\/transinfo.pl\/x\/wp-content\/uploads\/2023\/07\/VanMoof-rower.jpg\",\"datePublished\":\"2023-07-19T18:15:00+00:00\",\"dateModified\":\"2023-07-19T18:15:00+00:00\",\"description\":\"Producent\u00a0rower\u00f3w elektrycznych VanMoof og\u0142osi\u0142 we wtorek upad\u0142o\u015b\u0107. Firma zamrozi\u0142a sprzeda\u017c i zamkn\u0119\u0142a wszystkie sklepy\",\"breadcrumb\":{\"@id\":\"https:\/\/transinfo.pl\/x\/infobike\/holenderski-producent-rowerow-vanmoof-oglosil-upadlosc-policja-wydala-oswiadczenie\/#breadcrumb\"},\"inLanguage\":\"pl-PL\",\"potentialAction\":[{\"@type\":\"ReadAction\",\"target\":[\"https:\/\/transinfo.pl\/x\/infobike\/holenderski-producent-rowerow-vanmoof-oglosil-upadlosc-policja-wydala-oswiadczenie\/\"]}]},{\"@type\":\"ImageObject\",\"inLanguage\":\"pl-PL\",\"@id\":\"https:\/\/transinfo.pl\/x\/infobike\/holenderski-producent-rowerow-vanmoof-oglosil-upadlosc-policja-wydala-oswiadczenie\/#primaryimage\",\"url\":\"https:\/\/transinfo.pl\/x\/wp-content\/uploads\/2023\/07\/VanMoof-rower.jpg\",\"contentUrl\":\"https:\/\/transinfo.pl\/x\/wp-content\/uploads\/2023\/07\/VanMoof-rower.jpg\"},{\"@type\":\"BreadcrumbList\",\"@id\":\"https:\/\/transinfo.pl\/x\/infobike\/holenderski-producent-rowerow-vanmoof-oglosil-upadlosc-policja-wydala-oswiadczenie\/#breadcrumb\",\"itemListElement\":[{\"@type\":\"ListItem\",\"position\":1,\"name\":\"Home\",\"item\":\"https:\/\/transinfo.pl\/x\/\"},{\"@type\":\"ListItem\",\"position\":2,\"name\":\"Infobike\",\"item\":\"https:\/\/transinfo.pl\/x\/infobike\/\"},{\"@type\":\"ListItem\",\"position\":3,\"name\":\"Holenderski producent rower\u00f3w VanMoof og\u0142osi\u0142 upad\u0142o\u015b\u0107. Policja wyda\u0142a o\u015bwiadczenie\"}]},{\"@type\":\"WebSite\",\"@id\":\"https:\/\/transinfo.pl\/x\/#website\",\"url\":\"https:\/\/transinfo.pl\/x\/\",\"name\":\"TransInfo Archiwum\",\"description\":\"Ca\u0142y transport w jednym miejscu\",\"publisher\":{\"@id\":\"https:\/\/transinfo.pl\/x\/#organization\"},\"potentialAction\":[{\"@type\":\"SearchAction\",\"target\":{\"@type\":\"EntryPoint\",\"urlTemplate\":\"https:\/\/transinfo.pl\/x\/?s={search_term_string}\"},\"query-input\":{\"@type\":\"PropertyValueSpecification\",\"valueRequired\":true,\"valueName\":\"search_term_string\"}}],\"inLanguage\":\"pl-PL\"},{\"@type\":\"Organization\",\"@id\":\"https:\/\/transinfo.pl\/x\/#organization\",\"name\":\"TransInfo\",\"url\":\"https:\/\/transinfo.pl\/x\/\",\"logo\":{\"@type\":\"ImageObject\",\"inLanguage\":\"pl-PL\",\"@id\":\"https:\/\/transinfo.pl\/x\/#\/schema\/logo\/image\/\",\"url\":\"https:\/\/transinfo.pl\/x\/wp-content\/uploads\/2024\/10\/favicon.png\",\"contentUrl\":\"https:\/\/transinfo.pl\/x\/wp-content\/uploads\/2024\/10\/favicon.png\",\"width\":512,\"height\":512,\"caption\":\"TransInfo\"},\"image\":{\"@id\":\"https:\/\/transinfo.pl\/x\/#\/schema\/logo\/image\/\"}}]}<\/script>\n<!-- \/ Yoast SEO Premium plugin. -->","yoast_head_json":{"title":"Holenderski producent rower\u00f3w VanMoof og\u0142osi\u0142 upad\u0142o\u015b\u0107. Policja wyda\u0142a o\u015bwiadczenie - TransInfo Archiwum","description":"Producent\u00a0rower\u00f3w elektrycznych VanMoof og\u0142osi\u0142 we wtorek upad\u0142o\u015b\u0107. Firma zamrozi\u0142a sprzeda\u017c i zamkn\u0119\u0142a wszystkie sklepy","robots":{"index":"index","follow":"follow","max-snippet":"max-snippet:-1","max-image-preview":"max-image-preview:large","max-video-preview":"max-video-preview:-1"},"canonical":"https:\/\/transinfo.pl\/x\/infobike\/holenderski-producent-rowerow-vanmoof-oglosil-upadlosc-policja-wydala-oswiadczenie\/","og_locale":"pl_PL","og_type":"article","og_title":"Holenderski producent rower\u00f3w VanMoof og\u0142osi\u0142 upad\u0142o\u015b\u0107. Policja wyda\u0142a o\u015bwiadczenie","og_description":"Producent\u00a0rower\u00f3w elektrycznych VanMoof og\u0142osi\u0142 we wtorek upad\u0142o\u015b\u0107. Firma zamrozi\u0142a sprzeda\u017c i zamkn\u0119\u0142a wszystkie sklepy","og_url":"https:\/\/transinfo.pl\/x\/infobike\/holenderski-producent-rowerow-vanmoof-oglosil-upadlosc-policja-wydala-oswiadczenie\/","og_site_name":"TransInfo Archiwum","og_image":[{"url":"https:\/\/transinfo.pl\/x\/wp-content\/uploads\/2023\/07\/VanMoof-rower.jpg","width":1,"height":1,"type":"image\/jpeg"}],"twitter_card":"summary_large_image","twitter_misc":{"Szacowany czas czytania":"2 minuty"},"schema":{"@context":"https:\/\/schema.org","@graph":[{"@type":"WebPage","@id":"https:\/\/transinfo.pl\/x\/infobike\/holenderski-producent-rowerow-vanmoof-oglosil-upadlosc-policja-wydala-oswiadczenie\/","url":"https:\/\/transinfo.pl\/x\/infobike\/holenderski-producent-rowerow-vanmoof-oglosil-upadlosc-policja-wydala-oswiadczenie\/","name":"Holenderski producent rower\u00f3w VanMoof og\u0142osi\u0142 upad\u0142o\u015b\u0107. Policja wyda\u0142a o\u015bwiadczenie - TransInfo Archiwum","isPartOf":{"@id":"https:\/\/transinfo.pl\/x\/#website"},"primaryImageOfPage":{"@id":"https:\/\/transinfo.pl\/x\/infobike\/holenderski-producent-rowerow-vanmoof-oglosil-upadlosc-policja-wydala-oswiadczenie\/#primaryimage"},"image":{"@id":"https:\/\/transinfo.pl\/x\/infobike\/holenderski-producent-rowerow-vanmoof-oglosil-upadlosc-policja-wydala-oswiadczenie\/#primaryimage"},"thumbnailUrl":"https:\/\/transinfo.pl\/x\/wp-content\/uploads\/2023\/07\/VanMoof-rower.jpg","datePublished":"2023-07-19T18:15:00+00:00","dateModified":"2023-07-19T18:15:00+00:00","description":"Producent\u00a0rower\u00f3w elektrycznych VanMoof og\u0142osi\u0142 we wtorek upad\u0142o\u015b\u0107. Firma zamrozi\u0142a sprzeda\u017c i zamkn\u0119\u0142a wszystkie sklepy","breadcrumb":{"@id":"https:\/\/transinfo.pl\/x\/infobike\/holenderski-producent-rowerow-vanmoof-oglosil-upadlosc-policja-wydala-oswiadczenie\/#breadcrumb"},"inLanguage":"pl-PL","potentialAction":[{"@type":"ReadAction","target":["https:\/\/transinfo.pl\/x\/infobike\/holenderski-producent-rowerow-vanmoof-oglosil-upadlosc-policja-wydala-oswiadczenie\/"]}]},{"@type":"ImageObject","inLanguage":"pl-PL","@id":"https:\/\/transinfo.pl\/x\/infobike\/holenderski-producent-rowerow-vanmoof-oglosil-upadlosc-policja-wydala-oswiadczenie\/#primaryimage","url":"https:\/\/transinfo.pl\/x\/wp-content\/uploads\/2023\/07\/VanMoof-rower.jpg","contentUrl":"https:\/\/transinfo.pl\/x\/wp-content\/uploads\/2023\/07\/VanMoof-rower.jpg"},{"@type":"BreadcrumbList","@id":"https:\/\/transinfo.pl\/x\/infobike\/holenderski-producent-rowerow-vanmoof-oglosil-upadlosc-policja-wydala-oswiadczenie\/#breadcrumb","itemListElement":[{"@type":"ListItem","position":1,"name":"Home","item":"https:\/\/transinfo.pl\/x\/"},{"@type":"ListItem","position":2,"name":"Infobike","item":"https:\/\/transinfo.pl\/x\/infobike\/"},{"@type":"ListItem","position":3,"name":"Holenderski producent rower\u00f3w VanMoof og\u0142osi\u0142 upad\u0142o\u015b\u0107. Policja wyda\u0142a o\u015bwiadczenie"}]},{"@type":"WebSite","@id":"https:\/\/transinfo.pl\/x\/#website","url":"https:\/\/transinfo.pl\/x\/","name":"TransInfo Archiwum","description":"Ca\u0142y transport w jednym miejscu","publisher":{"@id":"https:\/\/transinfo.pl\/x\/#organization"},"potentialAction":[{"@type":"SearchAction","target":{"@type":"EntryPoint","urlTemplate":"https:\/\/transinfo.pl\/x\/?s={search_term_string}"},"query-input":{"@type":"PropertyValueSpecification","valueRequired":true,"valueName":"search_term_string"}}],"inLanguage":"pl-PL"},{"@type":"Organization","@id":"https:\/\/transinfo.pl\/x\/#organization","name":"TransInfo","url":"https:\/\/transinfo.pl\/x\/","logo":{"@type":"ImageObject","inLanguage":"pl-PL","@id":"https:\/\/transinfo.pl\/x\/#\/schema\/logo\/image\/","url":"https:\/\/transinfo.pl\/x\/wp-content\/uploads\/2024\/10\/favicon.png","contentUrl":"https:\/\/transinfo.pl\/x\/wp-content\/uploads\/2024\/10\/favicon.png","width":512,"height":512,"caption":"TransInfo"},"image":{"@id":"https:\/\/transinfo.pl\/x\/#\/schema\/logo\/image\/"}}]}},"_links":{"self":[{"href":"https:\/\/transinfo.pl\/x\/wp-json\/wp\/v2\/infobike\/255479","targetHints":{"allow":["GET"]}}],"collection":[{"href":"https:\/\/transinfo.pl\/x\/wp-json\/wp\/v2\/infobike"}],"about":[{"href":"https:\/\/transinfo.pl\/x\/wp-json\/wp\/v2\/types\/infobike"}],"author":[{"embeddable":true,"href":"https:\/\/transinfo.pl\/x\/wp-json\/wp\/v2\/users\/1"}],"replies":[{"embeddable":true,"href":"https:\/\/transinfo.pl\/x\/wp-json\/wp\/v2\/comments?post=255479"}],"wp:featuredmedia":[{"embeddable":true,"href":"https:\/\/transinfo.pl\/x\/wp-json\/wp\/v2\/media\/255480"}],"wp:attachment":[{"href":"https:\/\/transinfo.pl\/x\/wp-json\/wp\/v2\/media?parent=255479"}],"wp:term":[{"taxonomy":"category","embeddable":true,"href":"https:\/\/transinfo.pl\/x\/wp-json\/wp\/v2\/categories?post=255479"},{"taxonomy":"post_tag","embeddable":true,"href":"https:\/\/transinfo.pl\/x\/wp-json\/wp\/v2\/tags?post=255479"}],"curies":[{"name":"wp","href":"https:\/\/api.w.org\/{rel}","templated":true}]}}