{"id":234184,"date":"2021-11-17T17:15:00","date_gmt":"2021-11-17T17:15:00","guid":{"rendered":"https:\/\/transinfo.pl\/x\/infobike\/dobiega-konca-sezon-plockiego-roweru-miejskiego-sa-powody-do-zadowolenia\/"},"modified":"2021-11-17T17:15:00","modified_gmt":"2021-11-17T17:15:00","slug":"dobiega-konca-sezon-plockiego-roweru-miejskiego-sa-powody-do-zadowolenia","status":"publish","type":"infobike","link":"https:\/\/transinfo.pl\/x\/infobike\/dobiega-konca-sezon-plockiego-roweru-miejskiego-sa-powody-do-zadowolenia\/","title":{"rendered":"Dobiega ko\u0144ca sezon P\u0142ockiego Roweru Miejskiego. S\u0105 powody do zadowolenia"},"content":{"rendered":"<style>h1,h2,h3,h4,h5,h6{margin:0 0 1.25rem;font-family:Arial,sans-serif;font-weight:600;color:#050505}h1{font-size:1.875rem;line-height:1.1em;text-transform:none}@media(min-width: 768px){h1{font-size:2.375rem}}h2{font-size:1.1875rem;line-height:1.2em;text-transform:uppercase}@media(min-width: 768px){h2{font-size:1.0625rem}}h3{font-size:0.9375rem;line-height:1.4em;font-weight:900;margin-bottom:0.9375rem}h4{font-size:0.875rem;line-height:1.2em;font-weight:500}h5{font-size:0.9375rem;line-height:1.6;font-weight:400}h6{font-size:0.9375rem;line-height:1.6;font-weight:600}\n<\/style>\n<h6 class=\"wp-block-heading\">Niespe\u0142na dwa tygodnie &#8211; tyle pozosta\u0142o do zako\u0144czenia tegorocznego sezonu P\u0142ockiego Roweru Miejskiego. Mimo pandemii jedno\u015blady cieszy\u0142y si\u0119 du\u017cym zainteresowaniem u\u017cytkownik\u00f3w.&nbsp;<\/h6>\n\n\n<style>p{margin:0 0 1.5rem}p:last-child{margin:0}p.is-style-uppercase{text-transform:uppercase}p.is-style-preheading{color:#12406a;text-transform:uppercase}p.is-style-leadparagraph{font-size:1rem;line-height:1.625;font-weight:700}@media(min-width: 768px){p.is-style-leadparagraph{font-size:1.125rem;line-height:1.5555555556}}p.has-small-margin{margin-bottom:0.625rem}p.has-small-margin+h1,p.has-small-margin+h2,p.has-small-margin+h3{margin-top:1.875rem}\n<\/style>\n<p>P\u0142ockie rowery miejskie zyska\u0142y aprobat\u0119 zar\u00f3wno mieszka\u0144c\u00f3w miasta jak i turyst\u00f3w. Ja podaje firma&nbsp; Nextbike, operator systemu, w tym roku jedno\u015blady by\u0142y wypo\u017cyczane blisko 146 tysi\u0105ce razy.<\/p>\n\n\n<style>.wp-block-quote{border-left:0.1875rem solid var(--page-color);font-size:1rem;font-style:italic;margin:0 0 1.6875rem;padding:1.25rem}.wp-block-quote cite{color:#050505}.wp-block-quote.is-style-large p{margin-bottom:10px}.wp-block-quote.is-style-large cite{color:#12406a}\n<\/style>\n<blockquote class=\"wp-block-quote is-layout-flow wp-block-quote-is-layout-flow\"><p><em>Tylko w sezonie 2021 zarejestrowa\u0142o si\u0119 4360 nowych u\u017cytkownik\u00f3w, a od pocz\u0105tku dzia\u0142ania systemu w P\u0142ocku do systemu przyst\u0105pi\u0142o blisko 31.800, czyli co czwarty mieszkaniec P\u0142ocka \u2013 wyja\u015bnia Jakub Giza dyrektor ds. Rozwoju System\u00f3w Rowerowych Nextbike.<\/em><\/p><\/blockquote>\n\n\n\n<p>Podkre\u015bla te\u017c, \u017ce zainteresowanie u\u017cytkownik\u00f3w rowerem miejskim, pomimo pandemii, pozostaje na wysokim poziomie, a minimalnie ni\u017cszy wynik wypo\u017cycze\u0144 wynika z pogody oraz p\u00f3\u017aniejszego uruchomienia stacji partnerskich Orlen.<\/p>\n\n\n\n<blockquote class=\"wp-block-quote is-layout-flow wp-block-quote-is-layout-flow\"><p><em>Z tego powodu do 24 czerwca system liczy\u0142 307, a po do\u0142\u0105czeniu liczba rower\u00f3w wzros\u0142a do 550 \u2013 t\u0142umaczy dyrektor.<\/em><\/p><\/blockquote>\n\n\n\n<p>&nbsp;P\u0142ocki Rower Miejski w sezonie 2021 b\u0119dzie czynny do 30 listopada. Potem rowery zostan\u0105 przewiezione do magazyn\u00f3w gdzie przejd\u0105 serwis oraz niezb\u0119dne naprawy. Jedno\u015blady maj\u0105 wr\u00f3ci\u0107 na ulice P\u0142ocka na wiosn\u0119 2022 roku.<\/p>\n","protected":false},"author":1,"featured_media":234185,"comment_status":"","ping_status":"closed","template":"","categories":[1],"tags":[1432,196,1672,1433,7686,481],"class_list":["post-234184","infobike","type-infobike","status-publish","has-post-thumbnail","hentry","category-kontrakty","tag-nextbike","tag-plock","tag-plocki-rower-miejski","tag-rower-miejski","tag-sezon-2021","tag-statystyka"],"acf":[],"yoast_head":"<!-- This site is optimized with the Yoast SEO Premium plugin v21.8 (Yoast SEO v23.7) - https:\/\/yoast.com\/wordpress\/plugins\/seo\/ -->\n<title>Dobiega ko\u0144ca sezon P\u0142ockiego Roweru Miejskiego. S\u0105 powody do zadowolenia - TransInfo Archiwum<\/title>\n<meta name=\"robots\" content=\"index, follow, max-snippet:-1, max-image-preview:large, max-video-preview:-1\" \/>\n<link rel=\"canonical\" href=\"https:\/\/transinfo.pl\/x\/infobike\/dobiega-konca-sezon-plockiego-roweru-miejskiego-sa-powody-do-zadowolenia\/\" \/>\n<meta property=\"og:locale\" content=\"pl_PL\" \/>\n<meta property=\"og:type\" content=\"article\" \/>\n<meta property=\"og:title\" content=\"Dobiega ko\u0144ca sezon P\u0142ockiego Roweru Miejskiego. S\u0105 powody do zadowolenia\" \/>\n<meta property=\"og:description\" content=\"Niespe\u0142na dwa tygodnie &#8211; tyle pozosta\u0142o do zako\u0144czenia tegorocznego sezonu P\u0142ockiego Roweru Miejskiego. Mimo...\" \/>\n<meta property=\"og:url\" content=\"https:\/\/transinfo.pl\/x\/infobike\/dobiega-konca-sezon-plockiego-roweru-miejskiego-sa-powody-do-zadowolenia\/\" \/>\n<meta property=\"og:site_name\" content=\"TransInfo Archiwum\" \/>\n<meta property=\"og:image\" content=\"http:\/\/default\" \/>\n<meta name=\"twitter:card\" content=\"summary_large_image\" \/>\n<meta name=\"twitter:label1\" content=\"Szacowany czas czytania\" \/>\n\t<meta name=\"twitter:data1\" content=\"1 minuta\" \/>\n<script type=\"application\/ld+json\" class=\"yoast-schema-graph\">{\"@context\":\"https:\/\/schema.org\",\"@graph\":[{\"@type\":\"WebPage\",\"@id\":\"https:\/\/transinfo.pl\/x\/infobike\/dobiega-konca-sezon-plockiego-roweru-miejskiego-sa-powody-do-zadowolenia\/\",\"url\":\"https:\/\/transinfo.pl\/x\/infobike\/dobiega-konca-sezon-plockiego-roweru-miejskiego-sa-powody-do-zadowolenia\/\",\"name\":\"Dobiega ko\u0144ca sezon P\u0142ockiego Roweru Miejskiego. S\u0105 powody do zadowolenia - TransInfo Archiwum\",\"isPartOf\":{\"@id\":\"https:\/\/transinfo.pl\/x\/#website\"},\"primaryImageOfPage\":{\"@id\":\"https:\/\/transinfo.pl\/x\/infobike\/dobiega-konca-sezon-plockiego-roweru-miejskiego-sa-powody-do-zadowolenia\/#primaryimage\"},\"image\":{\"@id\":\"https:\/\/transinfo.pl\/x\/infobike\/dobiega-konca-sezon-plockiego-roweru-miejskiego-sa-powody-do-zadowolenia\/#primaryimage\"},\"thumbnailUrl\":\"https:\/\/transinfo.pl\/x\/wp-content\/uploads\/2022\/01\/plocki-rower-miejski.jpg\",\"datePublished\":\"2021-11-17T17:15:00+00:00\",\"dateModified\":\"2021-11-17T17:15:00+00:00\",\"breadcrumb\":{\"@id\":\"https:\/\/transinfo.pl\/x\/infobike\/dobiega-konca-sezon-plockiego-roweru-miejskiego-sa-powody-do-zadowolenia\/#breadcrumb\"},\"inLanguage\":\"pl-PL\",\"potentialAction\":[{\"@type\":\"ReadAction\",\"target\":[\"https:\/\/transinfo.pl\/x\/infobike\/dobiega-konca-sezon-plockiego-roweru-miejskiego-sa-powody-do-zadowolenia\/\"]}]},{\"@type\":\"ImageObject\",\"inLanguage\":\"pl-PL\",\"@id\":\"https:\/\/transinfo.pl\/x\/infobike\/dobiega-konca-sezon-plockiego-roweru-miejskiego-sa-powody-do-zadowolenia\/#primaryimage\",\"url\":\"https:\/\/transinfo.pl\/x\/wp-content\/uploads\/2022\/01\/plocki-rower-miejski.jpg\",\"contentUrl\":\"https:\/\/transinfo.pl\/x\/wp-content\/uploads\/2022\/01\/plocki-rower-miejski.jpg\"},{\"@type\":\"BreadcrumbList\",\"@id\":\"https:\/\/transinfo.pl\/x\/infobike\/dobiega-konca-sezon-plockiego-roweru-miejskiego-sa-powody-do-zadowolenia\/#breadcrumb\",\"itemListElement\":[{\"@type\":\"ListItem\",\"position\":1,\"name\":\"Home\",\"item\":\"https:\/\/transinfo.pl\/x\/\"},{\"@type\":\"ListItem\",\"position\":2,\"name\":\"Infobike\",\"item\":\"https:\/\/transinfo.pl\/x\/infobike\/\"},{\"@type\":\"ListItem\",\"position\":3,\"name\":\"Dobiega ko\u0144ca sezon P\u0142ockiego Roweru Miejskiego. S\u0105 powody do zadowolenia\"}]},{\"@type\":\"WebSite\",\"@id\":\"https:\/\/transinfo.pl\/x\/#website\",\"url\":\"https:\/\/transinfo.pl\/x\/\",\"name\":\"TransInfo Archiwum\",\"description\":\"Ca\u0142y transport w jednym miejscu\",\"publisher\":{\"@id\":\"https:\/\/transinfo.pl\/x\/#organization\"},\"potentialAction\":[{\"@type\":\"SearchAction\",\"target\":{\"@type\":\"EntryPoint\",\"urlTemplate\":\"https:\/\/transinfo.pl\/x\/?s={search_term_string}\"},\"query-input\":{\"@type\":\"PropertyValueSpecification\",\"valueRequired\":true,\"valueName\":\"search_term_string\"}}],\"inLanguage\":\"pl-PL\"},{\"@type\":\"Organization\",\"@id\":\"https:\/\/transinfo.pl\/x\/#organization\",\"name\":\"TransInfo\",\"url\":\"https:\/\/transinfo.pl\/x\/\",\"logo\":{\"@type\":\"ImageObject\",\"inLanguage\":\"pl-PL\",\"@id\":\"https:\/\/transinfo.pl\/x\/#\/schema\/logo\/image\/\",\"url\":\"https:\/\/transinfo.pl\/x\/wp-content\/uploads\/2024\/10\/favicon.png\",\"contentUrl\":\"https:\/\/transinfo.pl\/x\/wp-content\/uploads\/2024\/10\/favicon.png\",\"width\":512,\"height\":512,\"caption\":\"TransInfo\"},\"image\":{\"@id\":\"https:\/\/transinfo.pl\/x\/#\/schema\/logo\/image\/\"}}]}<\/script>\n<!-- \/ Yoast SEO Premium plugin. -->","yoast_head_json":{"title":"Dobiega ko\u0144ca sezon P\u0142ockiego Roweru Miejskiego. S\u0105 powody do zadowolenia - TransInfo Archiwum","robots":{"index":"index","follow":"follow","max-snippet":"max-snippet:-1","max-image-preview":"max-image-preview:large","max-video-preview":"max-video-preview:-1"},"canonical":"https:\/\/transinfo.pl\/x\/infobike\/dobiega-konca-sezon-plockiego-roweru-miejskiego-sa-powody-do-zadowolenia\/","og_locale":"pl_PL","og_type":"article","og_title":"Dobiega ko\u0144ca sezon P\u0142ockiego Roweru Miejskiego. S\u0105 powody do zadowolenia","og_description":"Niespe\u0142na dwa tygodnie &#8211; tyle pozosta\u0142o do zako\u0144czenia tegorocznego sezonu P\u0142ockiego Roweru Miejskiego. Mimo...","og_url":"https:\/\/transinfo.pl\/x\/infobike\/dobiega-konca-sezon-plockiego-roweru-miejskiego-sa-powody-do-zadowolenia\/","og_site_name":"TransInfo Archiwum","og_image":[{"url":"default"}],"twitter_card":"summary_large_image","twitter_misc":{"Szacowany czas czytania":"1 minuta"},"schema":{"@context":"https:\/\/schema.org","@graph":[{"@type":"WebPage","@id":"https:\/\/transinfo.pl\/x\/infobike\/dobiega-konca-sezon-plockiego-roweru-miejskiego-sa-powody-do-zadowolenia\/","url":"https:\/\/transinfo.pl\/x\/infobike\/dobiega-konca-sezon-plockiego-roweru-miejskiego-sa-powody-do-zadowolenia\/","name":"Dobiega ko\u0144ca sezon P\u0142ockiego Roweru Miejskiego. S\u0105 powody do zadowolenia - TransInfo Archiwum","isPartOf":{"@id":"https:\/\/transinfo.pl\/x\/#website"},"primaryImageOfPage":{"@id":"https:\/\/transinfo.pl\/x\/infobike\/dobiega-konca-sezon-plockiego-roweru-miejskiego-sa-powody-do-zadowolenia\/#primaryimage"},"image":{"@id":"https:\/\/transinfo.pl\/x\/infobike\/dobiega-konca-sezon-plockiego-roweru-miejskiego-sa-powody-do-zadowolenia\/#primaryimage"},"thumbnailUrl":"https:\/\/transinfo.pl\/x\/wp-content\/uploads\/2022\/01\/plocki-rower-miejski.jpg","datePublished":"2021-11-17T17:15:00+00:00","dateModified":"2021-11-17T17:15:00+00:00","breadcrumb":{"@id":"https:\/\/transinfo.pl\/x\/infobike\/dobiega-konca-sezon-plockiego-roweru-miejskiego-sa-powody-do-zadowolenia\/#breadcrumb"},"inLanguage":"pl-PL","potentialAction":[{"@type":"ReadAction","target":["https:\/\/transinfo.pl\/x\/infobike\/dobiega-konca-sezon-plockiego-roweru-miejskiego-sa-powody-do-zadowolenia\/"]}]},{"@type":"ImageObject","inLanguage":"pl-PL","@id":"https:\/\/transinfo.pl\/x\/infobike\/dobiega-konca-sezon-plockiego-roweru-miejskiego-sa-powody-do-zadowolenia\/#primaryimage","url":"https:\/\/transinfo.pl\/x\/wp-content\/uploads\/2022\/01\/plocki-rower-miejski.jpg","contentUrl":"https:\/\/transinfo.pl\/x\/wp-content\/uploads\/2022\/01\/plocki-rower-miejski.jpg"},{"@type":"BreadcrumbList","@id":"https:\/\/transinfo.pl\/x\/infobike\/dobiega-konca-sezon-plockiego-roweru-miejskiego-sa-powody-do-zadowolenia\/#breadcrumb","itemListElement":[{"@type":"ListItem","position":1,"name":"Home","item":"https:\/\/transinfo.pl\/x\/"},{"@type":"ListItem","position":2,"name":"Infobike","item":"https:\/\/transinfo.pl\/x\/infobike\/"},{"@type":"ListItem","position":3,"name":"Dobiega ko\u0144ca sezon P\u0142ockiego Roweru Miejskiego. S\u0105 powody do zadowolenia"}]},{"@type":"WebSite","@id":"https:\/\/transinfo.pl\/x\/#website","url":"https:\/\/transinfo.pl\/x\/","name":"TransInfo Archiwum","description":"Ca\u0142y transport w jednym miejscu","publisher":{"@id":"https:\/\/transinfo.pl\/x\/#organization"},"potentialAction":[{"@type":"SearchAction","target":{"@type":"EntryPoint","urlTemplate":"https:\/\/transinfo.pl\/x\/?s={search_term_string}"},"query-input":{"@type":"PropertyValueSpecification","valueRequired":true,"valueName":"search_term_string"}}],"inLanguage":"pl-PL"},{"@type":"Organization","@id":"https:\/\/transinfo.pl\/x\/#organization","name":"TransInfo","url":"https:\/\/transinfo.pl\/x\/","logo":{"@type":"ImageObject","inLanguage":"pl-PL","@id":"https:\/\/transinfo.pl\/x\/#\/schema\/logo\/image\/","url":"https:\/\/transinfo.pl\/x\/wp-content\/uploads\/2024\/10\/favicon.png","contentUrl":"https:\/\/transinfo.pl\/x\/wp-content\/uploads\/2024\/10\/favicon.png","width":512,"height":512,"caption":"TransInfo"},"image":{"@id":"https:\/\/transinfo.pl\/x\/#\/schema\/logo\/image\/"}}]}},"_links":{"self":[{"href":"https:\/\/transinfo.pl\/x\/wp-json\/wp\/v2\/infobike\/234184","targetHints":{"allow":["GET"]}}],"collection":[{"href":"https:\/\/transinfo.pl\/x\/wp-json\/wp\/v2\/infobike"}],"about":[{"href":"https:\/\/transinfo.pl\/x\/wp-json\/wp\/v2\/types\/infobike"}],"author":[{"embeddable":true,"href":"https:\/\/transinfo.pl\/x\/wp-json\/wp\/v2\/users\/1"}],"replies":[{"embeddable":true,"href":"https:\/\/transinfo.pl\/x\/wp-json\/wp\/v2\/comments?post=234184"}],"wp:featuredmedia":[{"embeddable":true,"href":"https:\/\/transinfo.pl\/x\/wp-json\/wp\/v2\/media\/234185"}],"wp:attachment":[{"href":"https:\/\/transinfo.pl\/x\/wp-json\/wp\/v2\/media?parent=234184"}],"wp:term":[{"taxonomy":"category","embeddable":true,"href":"https:\/\/transinfo.pl\/x\/wp-json\/wp\/v2\/categories?post=234184"},{"taxonomy":"post_tag","embeddable":true,"href":"https:\/\/transinfo.pl\/x\/wp-json\/wp\/v2\/tags?post=234184"}],"curies":[{"name":"wp","href":"https:\/\/api.w.org\/{rel}","templated":true}]}}