{"id":234166,"date":"2021-11-17T12:15:00","date_gmt":"2021-11-17T12:15:00","guid":{"rendered":"https:\/\/transinfo.pl\/x\/infobike\/gdansk-testy-rowerow-przymierzanych-do-mevo-2-0-kiedy-nowy-system\/"},"modified":"2021-11-17T12:15:00","modified_gmt":"2021-11-17T12:15:00","slug":"gdansk-testy-rowerow-przymierzanych-do-mevo-2-0-kiedy-nowy-system","status":"publish","type":"infobike","link":"https:\/\/transinfo.pl\/x\/infobike\/gdansk-testy-rowerow-przymierzanych-do-mevo-2-0-kiedy-nowy-system\/","title":{"rendered":"Gda\u0144sk: testy rower\u00f3w przymierzanych do Mevo 2.0. Kiedy nowy system?"},"content":{"rendered":"<style>h1,h2,h3,h4,h5,h6{margin:0 0 1.25rem;font-family:Arial,sans-serif;font-weight:600;color:#050505}h1{font-size:1.875rem;line-height:1.1em;text-transform:none}@media(min-width: 768px){h1{font-size:2.375rem}}h2{font-size:1.1875rem;line-height:1.2em;text-transform:uppercase}@media(min-width: 768px){h2{font-size:1.0625rem}}h3{font-size:0.9375rem;line-height:1.4em;font-weight:900;margin-bottom:0.9375rem}h4{font-size:0.875rem;line-height:1.2em;font-weight:500}h5{font-size:0.9375rem;line-height:1.6;font-weight:400}h6{font-size:0.9375rem;line-height:1.6;font-weight:600}\n<\/style>\n<h6 class=\"wp-block-heading\">Wtorek 16 listopada by\u0142 dniem sprawdzianu dla rower\u00f3w przymierzanych do nowego roweru metropolitalnego Mevo 2.0.&nbsp;<\/h6>\n\n\n<style>p{margin:0 0 1.5rem}p:last-child{margin:0}p.is-style-uppercase{text-transform:uppercase}p.is-style-preheading{color:#12406a;text-transform:uppercase}p.is-style-leadparagraph{font-size:1rem;line-height:1.625;font-weight:700}@media(min-width: 768px){p.is-style-leadparagraph{font-size:1.125rem;line-height:1.5555555556}}p.has-small-margin{margin-bottom:0.625rem}p.has-small-margin+h1,p.has-small-margin+h2,p.has-small-margin+h3{margin-top:1.875rem}\n<\/style>\n<p>Dwa egzemplarze ze wspomaganiem elektrycznym i dwa bez wspomagania od rana do wieczora je\u017adzi\u0142y po ulicach Gda\u0144ska. Je\u015bli pomy\u015blnie przejd\u0105 pr\u00f3by, ju\u017c w grudniu mo\u017ce by\u0107 podj\u0119ta decyzja nie tylko co do samych rower\u00f3w, ale te\u017c ich operatora.<\/p>\n\n\n\n<p>Rowery wst\u0119pnie testowane by\u0142y na ulicach przez pracownik\u00f3w urz\u0119d\u00f3w miejskich w Gda\u0144sku, Gdyni, Sopocie i Tczewie oraz Obszaru Metropolitalnego. Pierwsze wra\u017cenia s\u0105 pozytywne. To jedno\u015blady wyprodukowane przez w\u0142osk\u0105 firma VAIMOO, kt\u00f3re od lat obecne s\u0105 m.in. na ulicach Kopenhagi, a ostatnio ten sam producent podpisa\u0142 kontrakt ze Sztokholmem.<\/p>\n\n\n<style>.wp-block-quote{border-left:0.1875rem solid var(--page-color);font-size:1rem;font-style:italic;margin:0 0 1.6875rem;padding:1.25rem}.wp-block-quote cite{color:#050505}.wp-block-quote.is-style-large p{margin-bottom:10px}.wp-block-quote.is-style-large cite{color:#12406a}\n<\/style>\n<blockquote class=\"wp-block-quote is-layout-flow wp-block-quote-is-layout-flow\"><p><em>Je\u017adzi si\u0119 naprawd\u0119 dobrze. Dla nas kluczowa jest jako\u015b\u0107 samych rower\u00f3w, ale tak\u017ce i wytrzyma\u0142o\u015b\u0107 baterii. Pytanie podstawowe: czy da si\u0119 na nich przejecha\u0107 bez \u0142adowania co najmniej 100 kilometr\u00f3w. To wszystko b\u0119dzie szczeg\u00f3\u0142owo sprawdzane, ale podczas tych naszych zupe\u0142nie pierwszych, wst\u0119pnych test\u00f3w przejechali\u015bmy blisko 100 km i bateria nie by\u0142a wyczerpana. Wydaje si\u0119 tak\u017ce, \u017ce wspomaganie dzia\u0142a stabilniej i efektywniej ni\u017c w poprzednim Mevo. Bez wi\u0119kszych problem\u00f3w podjecha\u0142em ulic\u0105 Kampinosk\u0105, gdzie nachylenie si\u0119ga 10 procent &#8211; &#8211; m\u00f3wi Remigiusz Kitli\u0144ski, pe\u0142nomocnik prezydenta Miasta Gda\u0144ska ds. komunikacji rowerowe.<\/em><\/p><\/blockquote>\n\n\n\n<p>Nowy rower sprawia wra\u017cenie smuklejszego od pierwszego Mevo. Rozmiar k\u00f3\u0142 jest ten sam: 26 cali. Bateria w elektryku umocowana jest inaczej &#8211; w nowym rowerze znajduje si\u0119 w ramie, a nie jak poprzednio w baga\u017cniku nad tylnym ko\u0142em. Panel z diodami informuj\u0105cymi u\u017cytkownika o stopniu jej wyczerpania znajduje si\u0119 na kierownicy. Nad przednim ko\u0142em jest koszyk do przewo\u017cenia torby, siatki czy zakup\u00f3w.&nbsp;<\/p>\n\n\n\n<p>Rower elektryczny wyposa\u017cony jest na przednim kole w hamulce tarczowe. Zwraca uwag\u0119 to, \u017ce zamiast klasycznego \u0142a\u0144cucha nap\u0119d przenoszony jest przez pasek. To rozwi\u0105zanie nowocze\u015bniejsze: pasek nie rdzewieje, nie wymaga smarowania i nie wyci\u0105ga si\u0119 tak szybko. Elektryk wa\u017cy nieca\u0142e 33 kg, a wi\u0119c ponad 2 kg mniej od Mevo 1.0. Rower zwyk\u0142y jest wyra\u017anie l\u017cejszy i wa\u017cy 22 kg.<\/p>\n\n\n\n<p>Zaraz po wtorkowych testach, w \u015brod\u0119, rowery przewiezione b\u0119d\u0105 do Szczecina, gdzie rzeczoznawca szczeg\u00f3\u0142owo zapozna si\u0119 z ich funkcjonowaniem i wyda ekspertyz\u0119. Je\u015bli b\u0119dzie pozytywna, rowery pojad\u0105 jeszcze do Lublina, gdzie kolejny rzeczoznawca jeszcze raz we\u017amie je na sw\u00f3j warsztat. Je\u015bli i ta decyzja b\u0119dzie pozytywna w gr\u0119 b\u0119dzie wchodzi\u0142o zam\u00f3wienie 4200 rower\u00f3w, z czego b\u0119dzie 3200 rower\u00f3w elektrycznych &#8211; a pozosta\u0142y tysi\u0105c to rowery bez wspomagania elektrycznego.<\/p>\n\n\n\n<p>Je\u015bli wyb\u00f3r padnie na rowery VAIMOO, operatorem Mevo 2.0 zostanie najprawdopodobniej hiszpa\u0144ska firma CityBike Global.&nbsp;<\/p>\n\n\n\n<p>System najprawdopodobniej b\u0119dzie funkcjonowa\u0142 na obszarze 16 gmin. W ci\u0105gu 14 miesi\u0119cy od podpisania umowy musia\u0142yby rozpocz\u0105\u0107 si\u0119 testy wewn\u0119trzne przy u\u017cyciu 100 pierwszych rower\u00f3w. W drugim etapie dostarczone mia\u0142oby zosta\u0107 50 proc. rower\u00f3w. Ca\u0142o\u015b\u0107 za\u015b dzia\u0142a\u0107 powinna do 17 miesi\u0119cy od podpisania umowy.&nbsp;<\/p>\n","protected":false},"author":1,"featured_media":234167,"comment_status":"","ping_status":"closed","template":"","categories":[1],"tags":[104,7751,7332,1433,8411],"class_list":["post-234166","infobike","type-infobike","status-publish","has-post-thumbnail","hentry","category-kontrakty","tag-gdansk","tag-mevo-2-0","tag-rower-metropolitarny","tag-rower-miejski","tag-vaimoo"],"acf":[],"yoast_head":"<!-- This site is optimized with the Yoast SEO Premium plugin v21.8 (Yoast SEO v23.7) - https:\/\/yoast.com\/wordpress\/plugins\/seo\/ -->\n<title>Gda\u0144sk: testy rower\u00f3w przymierzanych do Mevo 2.0. Kiedy nowy system? - TransInfo Archiwum<\/title>\n<meta name=\"robots\" content=\"index, follow, max-snippet:-1, max-image-preview:large, max-video-preview:-1\" \/>\n<link rel=\"canonical\" href=\"https:\/\/transinfo.pl\/x\/infobike\/gdansk-testy-rowerow-przymierzanych-do-mevo-2-0-kiedy-nowy-system\/\" \/>\n<meta property=\"og:locale\" content=\"pl_PL\" \/>\n<meta property=\"og:type\" content=\"article\" \/>\n<meta property=\"og:title\" content=\"Gda\u0144sk: testy rower\u00f3w przymierzanych do Mevo 2.0. Kiedy nowy system?\" \/>\n<meta property=\"og:description\" content=\"Wtorek 16 listopada by\u0142 dniem sprawdzianu dla rower\u00f3w przymierzanych do nowego roweru metropolitalnego Mevo...\" \/>\n<meta property=\"og:url\" content=\"https:\/\/transinfo.pl\/x\/infobike\/gdansk-testy-rowerow-przymierzanych-do-mevo-2-0-kiedy-nowy-system\/\" \/>\n<meta property=\"og:site_name\" content=\"TransInfo Archiwum\" \/>\n<meta property=\"og:image\" content=\"http:\/\/default\" \/>\n<meta name=\"twitter:card\" content=\"summary_large_image\" \/>\n<meta name=\"twitter:label1\" content=\"Szacowany czas czytania\" \/>\n\t<meta name=\"twitter:data1\" content=\"3 minuty\" \/>\n<script type=\"application\/ld+json\" class=\"yoast-schema-graph\">{\"@context\":\"https:\/\/schema.org\",\"@graph\":[{\"@type\":\"WebPage\",\"@id\":\"https:\/\/transinfo.pl\/x\/infobike\/gdansk-testy-rowerow-przymierzanych-do-mevo-2-0-kiedy-nowy-system\/\",\"url\":\"https:\/\/transinfo.pl\/x\/infobike\/gdansk-testy-rowerow-przymierzanych-do-mevo-2-0-kiedy-nowy-system\/\",\"name\":\"Gda\u0144sk: testy rower\u00f3w przymierzanych do Mevo 2.0. Kiedy nowy system? - TransInfo Archiwum\",\"isPartOf\":{\"@id\":\"https:\/\/transinfo.pl\/x\/#website\"},\"primaryImageOfPage\":{\"@id\":\"https:\/\/transinfo.pl\/x\/infobike\/gdansk-testy-rowerow-przymierzanych-do-mevo-2-0-kiedy-nowy-system\/#primaryimage\"},\"image\":{\"@id\":\"https:\/\/transinfo.pl\/x\/infobike\/gdansk-testy-rowerow-przymierzanych-do-mevo-2-0-kiedy-nowy-system\/#primaryimage\"},\"thumbnailUrl\":\"https:\/\/transinfo.pl\/x\/wp-content\/uploads\/2022\/01\/Gdansk-Mevo2-rower-klasyczny-vaimoo.jpg\",\"datePublished\":\"2021-11-17T12:15:00+00:00\",\"dateModified\":\"2021-11-17T12:15:00+00:00\",\"breadcrumb\":{\"@id\":\"https:\/\/transinfo.pl\/x\/infobike\/gdansk-testy-rowerow-przymierzanych-do-mevo-2-0-kiedy-nowy-system\/#breadcrumb\"},\"inLanguage\":\"pl-PL\",\"potentialAction\":[{\"@type\":\"ReadAction\",\"target\":[\"https:\/\/transinfo.pl\/x\/infobike\/gdansk-testy-rowerow-przymierzanych-do-mevo-2-0-kiedy-nowy-system\/\"]}]},{\"@type\":\"ImageObject\",\"inLanguage\":\"pl-PL\",\"@id\":\"https:\/\/transinfo.pl\/x\/infobike\/gdansk-testy-rowerow-przymierzanych-do-mevo-2-0-kiedy-nowy-system\/#primaryimage\",\"url\":\"https:\/\/transinfo.pl\/x\/wp-content\/uploads\/2022\/01\/Gdansk-Mevo2-rower-klasyczny-vaimoo.jpg\",\"contentUrl\":\"https:\/\/transinfo.pl\/x\/wp-content\/uploads\/2022\/01\/Gdansk-Mevo2-rower-klasyczny-vaimoo.jpg\"},{\"@type\":\"BreadcrumbList\",\"@id\":\"https:\/\/transinfo.pl\/x\/infobike\/gdansk-testy-rowerow-przymierzanych-do-mevo-2-0-kiedy-nowy-system\/#breadcrumb\",\"itemListElement\":[{\"@type\":\"ListItem\",\"position\":1,\"name\":\"Home\",\"item\":\"https:\/\/transinfo.pl\/x\/\"},{\"@type\":\"ListItem\",\"position\":2,\"name\":\"Infobike\",\"item\":\"https:\/\/transinfo.pl\/x\/infobike\/\"},{\"@type\":\"ListItem\",\"position\":3,\"name\":\"Gda\u0144sk: testy rower\u00f3w przymierzanych do Mevo 2.0. Kiedy nowy system?\"}]},{\"@type\":\"WebSite\",\"@id\":\"https:\/\/transinfo.pl\/x\/#website\",\"url\":\"https:\/\/transinfo.pl\/x\/\",\"name\":\"TransInfo Archiwum\",\"description\":\"Ca\u0142y transport w jednym miejscu\",\"publisher\":{\"@id\":\"https:\/\/transinfo.pl\/x\/#organization\"},\"potentialAction\":[{\"@type\":\"SearchAction\",\"target\":{\"@type\":\"EntryPoint\",\"urlTemplate\":\"https:\/\/transinfo.pl\/x\/?s={search_term_string}\"},\"query-input\":{\"@type\":\"PropertyValueSpecification\",\"valueRequired\":true,\"valueName\":\"search_term_string\"}}],\"inLanguage\":\"pl-PL\"},{\"@type\":\"Organization\",\"@id\":\"https:\/\/transinfo.pl\/x\/#organization\",\"name\":\"TransInfo\",\"url\":\"https:\/\/transinfo.pl\/x\/\",\"logo\":{\"@type\":\"ImageObject\",\"inLanguage\":\"pl-PL\",\"@id\":\"https:\/\/transinfo.pl\/x\/#\/schema\/logo\/image\/\",\"url\":\"https:\/\/transinfo.pl\/x\/wp-content\/uploads\/2024\/10\/favicon.png\",\"contentUrl\":\"https:\/\/transinfo.pl\/x\/wp-content\/uploads\/2024\/10\/favicon.png\",\"width\":512,\"height\":512,\"caption\":\"TransInfo\"},\"image\":{\"@id\":\"https:\/\/transinfo.pl\/x\/#\/schema\/logo\/image\/\"}}]}<\/script>\n<!-- \/ Yoast SEO Premium plugin. -->","yoast_head_json":{"title":"Gda\u0144sk: testy rower\u00f3w przymierzanych do Mevo 2.0. Kiedy nowy system? - TransInfo Archiwum","robots":{"index":"index","follow":"follow","max-snippet":"max-snippet:-1","max-image-preview":"max-image-preview:large","max-video-preview":"max-video-preview:-1"},"canonical":"https:\/\/transinfo.pl\/x\/infobike\/gdansk-testy-rowerow-przymierzanych-do-mevo-2-0-kiedy-nowy-system\/","og_locale":"pl_PL","og_type":"article","og_title":"Gda\u0144sk: testy rower\u00f3w przymierzanych do Mevo 2.0. Kiedy nowy system?","og_description":"Wtorek 16 listopada by\u0142 dniem sprawdzianu dla rower\u00f3w przymierzanych do nowego roweru metropolitalnego Mevo...","og_url":"https:\/\/transinfo.pl\/x\/infobike\/gdansk-testy-rowerow-przymierzanych-do-mevo-2-0-kiedy-nowy-system\/","og_site_name":"TransInfo Archiwum","og_image":[{"url":"default"}],"twitter_card":"summary_large_image","twitter_misc":{"Szacowany czas czytania":"3 minuty"},"schema":{"@context":"https:\/\/schema.org","@graph":[{"@type":"WebPage","@id":"https:\/\/transinfo.pl\/x\/infobike\/gdansk-testy-rowerow-przymierzanych-do-mevo-2-0-kiedy-nowy-system\/","url":"https:\/\/transinfo.pl\/x\/infobike\/gdansk-testy-rowerow-przymierzanych-do-mevo-2-0-kiedy-nowy-system\/","name":"Gda\u0144sk: testy rower\u00f3w przymierzanych do Mevo 2.0. Kiedy nowy system? - TransInfo Archiwum","isPartOf":{"@id":"https:\/\/transinfo.pl\/x\/#website"},"primaryImageOfPage":{"@id":"https:\/\/transinfo.pl\/x\/infobike\/gdansk-testy-rowerow-przymierzanych-do-mevo-2-0-kiedy-nowy-system\/#primaryimage"},"image":{"@id":"https:\/\/transinfo.pl\/x\/infobike\/gdansk-testy-rowerow-przymierzanych-do-mevo-2-0-kiedy-nowy-system\/#primaryimage"},"thumbnailUrl":"https:\/\/transinfo.pl\/x\/wp-content\/uploads\/2022\/01\/Gdansk-Mevo2-rower-klasyczny-vaimoo.jpg","datePublished":"2021-11-17T12:15:00+00:00","dateModified":"2021-11-17T12:15:00+00:00","breadcrumb":{"@id":"https:\/\/transinfo.pl\/x\/infobike\/gdansk-testy-rowerow-przymierzanych-do-mevo-2-0-kiedy-nowy-system\/#breadcrumb"},"inLanguage":"pl-PL","potentialAction":[{"@type":"ReadAction","target":["https:\/\/transinfo.pl\/x\/infobike\/gdansk-testy-rowerow-przymierzanych-do-mevo-2-0-kiedy-nowy-system\/"]}]},{"@type":"ImageObject","inLanguage":"pl-PL","@id":"https:\/\/transinfo.pl\/x\/infobike\/gdansk-testy-rowerow-przymierzanych-do-mevo-2-0-kiedy-nowy-system\/#primaryimage","url":"https:\/\/transinfo.pl\/x\/wp-content\/uploads\/2022\/01\/Gdansk-Mevo2-rower-klasyczny-vaimoo.jpg","contentUrl":"https:\/\/transinfo.pl\/x\/wp-content\/uploads\/2022\/01\/Gdansk-Mevo2-rower-klasyczny-vaimoo.jpg"},{"@type":"BreadcrumbList","@id":"https:\/\/transinfo.pl\/x\/infobike\/gdansk-testy-rowerow-przymierzanych-do-mevo-2-0-kiedy-nowy-system\/#breadcrumb","itemListElement":[{"@type":"ListItem","position":1,"name":"Home","item":"https:\/\/transinfo.pl\/x\/"},{"@type":"ListItem","position":2,"name":"Infobike","item":"https:\/\/transinfo.pl\/x\/infobike\/"},{"@type":"ListItem","position":3,"name":"Gda\u0144sk: testy rower\u00f3w przymierzanych do Mevo 2.0. Kiedy nowy system?"}]},{"@type":"WebSite","@id":"https:\/\/transinfo.pl\/x\/#website","url":"https:\/\/transinfo.pl\/x\/","name":"TransInfo Archiwum","description":"Ca\u0142y transport w jednym miejscu","publisher":{"@id":"https:\/\/transinfo.pl\/x\/#organization"},"potentialAction":[{"@type":"SearchAction","target":{"@type":"EntryPoint","urlTemplate":"https:\/\/transinfo.pl\/x\/?s={search_term_string}"},"query-input":{"@type":"PropertyValueSpecification","valueRequired":true,"valueName":"search_term_string"}}],"inLanguage":"pl-PL"},{"@type":"Organization","@id":"https:\/\/transinfo.pl\/x\/#organization","name":"TransInfo","url":"https:\/\/transinfo.pl\/x\/","logo":{"@type":"ImageObject","inLanguage":"pl-PL","@id":"https:\/\/transinfo.pl\/x\/#\/schema\/logo\/image\/","url":"https:\/\/transinfo.pl\/x\/wp-content\/uploads\/2024\/10\/favicon.png","contentUrl":"https:\/\/transinfo.pl\/x\/wp-content\/uploads\/2024\/10\/favicon.png","width":512,"height":512,"caption":"TransInfo"},"image":{"@id":"https:\/\/transinfo.pl\/x\/#\/schema\/logo\/image\/"}}]}},"_links":{"self":[{"href":"https:\/\/transinfo.pl\/x\/wp-json\/wp\/v2\/infobike\/234166","targetHints":{"allow":["GET"]}}],"collection":[{"href":"https:\/\/transinfo.pl\/x\/wp-json\/wp\/v2\/infobike"}],"about":[{"href":"https:\/\/transinfo.pl\/x\/wp-json\/wp\/v2\/types\/infobike"}],"author":[{"embeddable":true,"href":"https:\/\/transinfo.pl\/x\/wp-json\/wp\/v2\/users\/1"}],"replies":[{"embeddable":true,"href":"https:\/\/transinfo.pl\/x\/wp-json\/wp\/v2\/comments?post=234166"}],"wp:featuredmedia":[{"embeddable":true,"href":"https:\/\/transinfo.pl\/x\/wp-json\/wp\/v2\/media\/234167"}],"wp:attachment":[{"href":"https:\/\/transinfo.pl\/x\/wp-json\/wp\/v2\/media?parent=234166"}],"wp:term":[{"taxonomy":"category","embeddable":true,"href":"https:\/\/transinfo.pl\/x\/wp-json\/wp\/v2\/categories?post=234166"},{"taxonomy":"post_tag","embeddable":true,"href":"https:\/\/transinfo.pl\/x\/wp-json\/wp\/v2\/tags?post=234166"}],"curies":[{"name":"wp","href":"https:\/\/api.w.org\/{rel}","templated":true}]}}