{"id":201431,"date":"2019-08-08T09:03:00","date_gmt":"2019-08-08T09:03:00","guid":{"rendered":"https:\/\/transinfo.pl\/x\/infobike\/wloclawek-z-rowerem-miejskim-_more_116697\/"},"modified":"2019-08-08T09:03:00","modified_gmt":"2019-08-08T09:03:00","slug":"wloclawek-z-rowerem-miejskim-_more_116697","status":"publish","type":"infobike","link":"https:\/\/transinfo.pl\/x\/infobike\/wloclawek-z-rowerem-miejskim-_more_116697\/","title":{"rendered":"W\u0142oc\u0142awek z rowerem miejskim"},"content":{"rendered":"<p style=\"text-align:\"><span style=\"font-weight: bold\">Od 7 sierpnia wsze\u015bciu lokalizacjach we W\u0142oc\u0142awku ( Sportowa \u2013 DELFIN, Ostrowska \u2013 P\u0118TLA,Piwna \u2013 PRZYSTA\u0143, Promienna \u2013 RONDO, Okrzei- Ko\u015bciuszki &#8211; PRZEJ\u015aCIE PODZIEMNE,Kaliska \u2013 ZBIEGNIEWSKIEJ ) dost\u0119pnych jest 50 rower\u00f3w miejskich w ramachpilota\u017cowego programu W\u0142oc\u0142awski Rower Miejski.<\/span><\/p>\n<p style=\"text-align: justify\">Operator na wniosek ratusza b\u0119dzie m\u00f3g\u0142 raz w miesi\u0105cuzmieni\u0107 lokalizacj\u0119 najmniej wykorzystanej stacji, tak aby w przysz\u0142ym sezonierowerowym wiedzie\u0107 ju\u017c dok\u0142adnie, gdzie docelowo rozlokowa\u0107 jedno\u015blady.<\/p>\n<p style=\"text-align: justify\">System WRM ma r\u00f3wnie\u017c sk\u0142ada\u0107 si\u0119 z: aplikacji mobilnej,systemu informatycznego, biura obs\u0142ugi klienta. Pe\u0142en regulamin dost\u0119pny jestju\u017c w chwili obecnej na stronie <a href=\"http:\/\/www.wrm.bike\">www.wrm.bike<\/a>.<\/p>\n<p style=\"text-align: justify\">Przypomnijmy, \u017ce rower miejski to projekt og\u00f3lnomiejski,kt\u00f3ry zwyci\u0119\u017cy\u0142 w tegorocznej edycji Bud\u017cetu Obywatelskiego.<\/p>\n<div style=\"text-align: justify\"><span><br \/><\/span><\/div>\n<p> &#8222;<\/p>\n","protected":false},"author":1,"featured_media":201432,"comment_status":"","ping_status":"closed","template":"","categories":[26],"tags":[188],"class_list":["post-201431","infobike","type-infobike","status-publish","has-post-thumbnail","hentry","category-przewoznicy","tag-wloclawek"],"acf":[],"yoast_head":"<!-- This site is optimized with the Yoast SEO Premium plugin v21.8 (Yoast SEO v23.7) - https:\/\/yoast.com\/wordpress\/plugins\/seo\/ -->\n<title>W\u0142oc\u0142awek z rowerem miejskim - TransInfo Archiwum<\/title>\n<meta name=\"robots\" content=\"index, follow, max-snippet:-1, max-image-preview:large, max-video-preview:-1\" \/>\n<link rel=\"canonical\" href=\"https:\/\/transinfo.pl\/x\/infobike\/wloclawek-z-rowerem-miejskim-_more_116697\/\" \/>\n<meta property=\"og:locale\" content=\"pl_PL\" \/>\n<meta property=\"og:type\" content=\"article\" \/>\n<meta property=\"og:title\" content=\"W\u0142oc\u0142awek z rowerem miejskim\" \/>\n<meta property=\"og:description\" content=\"Od 7 sierpnia wsze\u015bciu lokalizacjach we W\u0142oc\u0142awku ( Sportowa \u2013 DELFIN, Ostrowska \u2013 P\u0118TLA,Piwna...\" \/>\n<meta property=\"og:url\" content=\"https:\/\/transinfo.pl\/x\/infobike\/wloclawek-z-rowerem-miejskim-_more_116697\/\" \/>\n<meta property=\"og:site_name\" content=\"TransInfo Archiwum\" \/>\n<meta property=\"og:image\" content=\"http:\/\/default\" \/>\n<meta name=\"twitter:card\" content=\"summary_large_image\" \/>\n<meta name=\"twitter:label1\" content=\"Szacowany czas czytania\" \/>\n\t<meta name=\"twitter:data1\" content=\"1 minuta\" \/>\n<script type=\"application\/ld+json\" class=\"yoast-schema-graph\">{\"@context\":\"https:\/\/schema.org\",\"@graph\":[{\"@type\":\"WebPage\",\"@id\":\"https:\/\/transinfo.pl\/x\/infobike\/wloclawek-z-rowerem-miejskim-_more_116697\/\",\"url\":\"https:\/\/transinfo.pl\/x\/infobike\/wloclawek-z-rowerem-miejskim-_more_116697\/\",\"name\":\"W\u0142oc\u0142awek z rowerem miejskim - TransInfo Archiwum\",\"isPartOf\":{\"@id\":\"https:\/\/transinfo.pl\/x\/#website\"},\"primaryImageOfPage\":{\"@id\":\"https:\/\/transinfo.pl\/x\/infobike\/wloclawek-z-rowerem-miejskim-_more_116697\/#primaryimage\"},\"image\":{\"@id\":\"https:\/\/transinfo.pl\/x\/infobike\/wloclawek-z-rowerem-miejskim-_more_116697\/#primaryimage\"},\"thumbnailUrl\":\"https:\/\/transinfo.pl\/x\/wp-content\/uploads\/2022\/01\/Wloclawek-z-rowerem-miejskim-0-1.jpg\",\"datePublished\":\"2019-08-08T09:03:00+00:00\",\"dateModified\":\"2019-08-08T09:03:00+00:00\",\"breadcrumb\":{\"@id\":\"https:\/\/transinfo.pl\/x\/infobike\/wloclawek-z-rowerem-miejskim-_more_116697\/#breadcrumb\"},\"inLanguage\":\"pl-PL\",\"potentialAction\":[{\"@type\":\"ReadAction\",\"target\":[\"https:\/\/transinfo.pl\/x\/infobike\/wloclawek-z-rowerem-miejskim-_more_116697\/\"]}]},{\"@type\":\"ImageObject\",\"inLanguage\":\"pl-PL\",\"@id\":\"https:\/\/transinfo.pl\/x\/infobike\/wloclawek-z-rowerem-miejskim-_more_116697\/#primaryimage\",\"url\":\"https:\/\/transinfo.pl\/x\/wp-content\/uploads\/2022\/01\/Wloclawek-z-rowerem-miejskim-0-1.jpg\",\"contentUrl\":\"https:\/\/transinfo.pl\/x\/wp-content\/uploads\/2022\/01\/Wloclawek-z-rowerem-miejskim-0-1.jpg\"},{\"@type\":\"BreadcrumbList\",\"@id\":\"https:\/\/transinfo.pl\/x\/infobike\/wloclawek-z-rowerem-miejskim-_more_116697\/#breadcrumb\",\"itemListElement\":[{\"@type\":\"ListItem\",\"position\":1,\"name\":\"Home\",\"item\":\"https:\/\/transinfo.pl\/x\/\"},{\"@type\":\"ListItem\",\"position\":2,\"name\":\"Infobike\",\"item\":\"https:\/\/transinfo.pl\/x\/infobike\/\"},{\"@type\":\"ListItem\",\"position\":3,\"name\":\"W\u0142oc\u0142awek z rowerem miejskim\"}]},{\"@type\":\"WebSite\",\"@id\":\"https:\/\/transinfo.pl\/x\/#website\",\"url\":\"https:\/\/transinfo.pl\/x\/\",\"name\":\"TransInfo Archiwum\",\"description\":\"Ca\u0142y transport w jednym miejscu\",\"publisher\":{\"@id\":\"https:\/\/transinfo.pl\/x\/#organization\"},\"potentialAction\":[{\"@type\":\"SearchAction\",\"target\":{\"@type\":\"EntryPoint\",\"urlTemplate\":\"https:\/\/transinfo.pl\/x\/?s={search_term_string}\"},\"query-input\":{\"@type\":\"PropertyValueSpecification\",\"valueRequired\":true,\"valueName\":\"search_term_string\"}}],\"inLanguage\":\"pl-PL\"},{\"@type\":\"Organization\",\"@id\":\"https:\/\/transinfo.pl\/x\/#organization\",\"name\":\"TransInfo\",\"url\":\"https:\/\/transinfo.pl\/x\/\",\"logo\":{\"@type\":\"ImageObject\",\"inLanguage\":\"pl-PL\",\"@id\":\"https:\/\/transinfo.pl\/x\/#\/schema\/logo\/image\/\",\"url\":\"https:\/\/transinfo.pl\/x\/wp-content\/uploads\/2024\/10\/favicon.png\",\"contentUrl\":\"https:\/\/transinfo.pl\/x\/wp-content\/uploads\/2024\/10\/favicon.png\",\"width\":512,\"height\":512,\"caption\":\"TransInfo\"},\"image\":{\"@id\":\"https:\/\/transinfo.pl\/x\/#\/schema\/logo\/image\/\"}}]}<\/script>\n<!-- \/ Yoast SEO Premium plugin. -->","yoast_head_json":{"title":"W\u0142oc\u0142awek z rowerem miejskim - TransInfo Archiwum","robots":{"index":"index","follow":"follow","max-snippet":"max-snippet:-1","max-image-preview":"max-image-preview:large","max-video-preview":"max-video-preview:-1"},"canonical":"https:\/\/transinfo.pl\/x\/infobike\/wloclawek-z-rowerem-miejskim-_more_116697\/","og_locale":"pl_PL","og_type":"article","og_title":"W\u0142oc\u0142awek z rowerem miejskim","og_description":"Od 7 sierpnia wsze\u015bciu lokalizacjach we W\u0142oc\u0142awku ( Sportowa \u2013 DELFIN, Ostrowska \u2013 P\u0118TLA,Piwna...","og_url":"https:\/\/transinfo.pl\/x\/infobike\/wloclawek-z-rowerem-miejskim-_more_116697\/","og_site_name":"TransInfo Archiwum","og_image":[{"url":"default"}],"twitter_card":"summary_large_image","twitter_misc":{"Szacowany czas czytania":"1 minuta"},"schema":{"@context":"https:\/\/schema.org","@graph":[{"@type":"WebPage","@id":"https:\/\/transinfo.pl\/x\/infobike\/wloclawek-z-rowerem-miejskim-_more_116697\/","url":"https:\/\/transinfo.pl\/x\/infobike\/wloclawek-z-rowerem-miejskim-_more_116697\/","name":"W\u0142oc\u0142awek z rowerem miejskim - TransInfo Archiwum","isPartOf":{"@id":"https:\/\/transinfo.pl\/x\/#website"},"primaryImageOfPage":{"@id":"https:\/\/transinfo.pl\/x\/infobike\/wloclawek-z-rowerem-miejskim-_more_116697\/#primaryimage"},"image":{"@id":"https:\/\/transinfo.pl\/x\/infobike\/wloclawek-z-rowerem-miejskim-_more_116697\/#primaryimage"},"thumbnailUrl":"https:\/\/transinfo.pl\/x\/wp-content\/uploads\/2022\/01\/Wloclawek-z-rowerem-miejskim-0-1.jpg","datePublished":"2019-08-08T09:03:00+00:00","dateModified":"2019-08-08T09:03:00+00:00","breadcrumb":{"@id":"https:\/\/transinfo.pl\/x\/infobike\/wloclawek-z-rowerem-miejskim-_more_116697\/#breadcrumb"},"inLanguage":"pl-PL","potentialAction":[{"@type":"ReadAction","target":["https:\/\/transinfo.pl\/x\/infobike\/wloclawek-z-rowerem-miejskim-_more_116697\/"]}]},{"@type":"ImageObject","inLanguage":"pl-PL","@id":"https:\/\/transinfo.pl\/x\/infobike\/wloclawek-z-rowerem-miejskim-_more_116697\/#primaryimage","url":"https:\/\/transinfo.pl\/x\/wp-content\/uploads\/2022\/01\/Wloclawek-z-rowerem-miejskim-0-1.jpg","contentUrl":"https:\/\/transinfo.pl\/x\/wp-content\/uploads\/2022\/01\/Wloclawek-z-rowerem-miejskim-0-1.jpg"},{"@type":"BreadcrumbList","@id":"https:\/\/transinfo.pl\/x\/infobike\/wloclawek-z-rowerem-miejskim-_more_116697\/#breadcrumb","itemListElement":[{"@type":"ListItem","position":1,"name":"Home","item":"https:\/\/transinfo.pl\/x\/"},{"@type":"ListItem","position":2,"name":"Infobike","item":"https:\/\/transinfo.pl\/x\/infobike\/"},{"@type":"ListItem","position":3,"name":"W\u0142oc\u0142awek z rowerem miejskim"}]},{"@type":"WebSite","@id":"https:\/\/transinfo.pl\/x\/#website","url":"https:\/\/transinfo.pl\/x\/","name":"TransInfo Archiwum","description":"Ca\u0142y transport w jednym miejscu","publisher":{"@id":"https:\/\/transinfo.pl\/x\/#organization"},"potentialAction":[{"@type":"SearchAction","target":{"@type":"EntryPoint","urlTemplate":"https:\/\/transinfo.pl\/x\/?s={search_term_string}"},"query-input":{"@type":"PropertyValueSpecification","valueRequired":true,"valueName":"search_term_string"}}],"inLanguage":"pl-PL"},{"@type":"Organization","@id":"https:\/\/transinfo.pl\/x\/#organization","name":"TransInfo","url":"https:\/\/transinfo.pl\/x\/","logo":{"@type":"ImageObject","inLanguage":"pl-PL","@id":"https:\/\/transinfo.pl\/x\/#\/schema\/logo\/image\/","url":"https:\/\/transinfo.pl\/x\/wp-content\/uploads\/2024\/10\/favicon.png","contentUrl":"https:\/\/transinfo.pl\/x\/wp-content\/uploads\/2024\/10\/favicon.png","width":512,"height":512,"caption":"TransInfo"},"image":{"@id":"https:\/\/transinfo.pl\/x\/#\/schema\/logo\/image\/"}}]}},"_links":{"self":[{"href":"https:\/\/transinfo.pl\/x\/wp-json\/wp\/v2\/infobike\/201431","targetHints":{"allow":["GET"]}}],"collection":[{"href":"https:\/\/transinfo.pl\/x\/wp-json\/wp\/v2\/infobike"}],"about":[{"href":"https:\/\/transinfo.pl\/x\/wp-json\/wp\/v2\/types\/infobike"}],"author":[{"embeddable":true,"href":"https:\/\/transinfo.pl\/x\/wp-json\/wp\/v2\/users\/1"}],"replies":[{"embeddable":true,"href":"https:\/\/transinfo.pl\/x\/wp-json\/wp\/v2\/comments?post=201431"}],"wp:featuredmedia":[{"embeddable":true,"href":"https:\/\/transinfo.pl\/x\/wp-json\/wp\/v2\/media\/201432"}],"wp:attachment":[{"href":"https:\/\/transinfo.pl\/x\/wp-json\/wp\/v2\/media?parent=201431"}],"wp:term":[{"taxonomy":"category","embeddable":true,"href":"https:\/\/transinfo.pl\/x\/wp-json\/wp\/v2\/categories?post=201431"},{"taxonomy":"post_tag","embeddable":true,"href":"https:\/\/transinfo.pl\/x\/wp-json\/wp\/v2\/tags?post=201431"}],"curies":[{"name":"wp","href":"https:\/\/api.w.org\/{rel}","templated":true}]}}