{"id":186750,"date":"2018-06-26T14:45:00","date_gmt":"2018-06-26T14:45:00","guid":{"rendered":"https:\/\/transinfo.pl\/x\/infobike\/rower-w-pociagu-taniej-na-linii-krakow-oswiecim-_more_106202\/"},"modified":"2018-06-26T14:45:00","modified_gmt":"2018-06-26T14:45:00","slug":"rower-w-pociagu-taniej-na-linii-krakow-oswiecim-_more_106202","status":"publish","type":"infobike","link":"https:\/\/transinfo.pl\/x\/infobike\/rower-w-pociagu-taniej-na-linii-krakow-oswiecim-_more_106202\/","title":{"rendered":"Rower w poci\u0105gu. Taniej na linii Krak\u00f3w-O\u015bwi\u0119cim"},"content":{"rendered":"<p><span style=\"font-weight: bold\">W te wakacje mi\u0142o\u015bnicy dw\u00f3ch k\u00f3\u0142ek b\u0119d\u0105 mogli skorzysta\u0107 ze specjalnej oferty przygotowanej przez sp\u00f3\u0142k\u0119 Przewozy Regionalne i Wojew\u00f3dztwo Ma\u0142opolskie. <\/span><\/p>\n<p>W soboty, niedziele i w dni \u015bwi\u0105teczne przew\u00f3z roweru wybranymi poci\u0105gami na trasie Krak\u00f3w G\u0142\u00f3wny \u2013 O\u015bwi\u0119cim b\u0119dzie kosztowa\u0107 przys\u0142owiow\u0105 z\u0142ot\u00f3wk\u0119 i to niezale\u017cnie od odleg\u0142o\u015bci.<\/p>\n<p>Od 23 czerwca w ka\u017cdy weekend mi\u0142o\u015bnicy rower\u00f3w, kt\u00f3rzy zechc\u0105 zabra\u0107 swoje bicykle w kolejow\u0105 podr\u00f3\u017c z Krakowa do O\u015bwi\u0119cimia lub z powrotem, a p\u00f3\u017aniej cieszy\u0107 si\u0119 jazd\u0105 po Ma\u0142opolsce, mog\u0105 to zrobi\u0107 niemal za bezcen. Co wi\u0119cej, bez obawy, \u017ce w poci\u0105gu braknie miejsca. Wszystko dzi\u0119ki pilota\u017cowej akcji Przewoz\u00f3w Regionalnych i Wojew\u00f3dztwa Ma\u0142opolskiego, kt\u00f3ra obowi\u0105zywa\u0107 b\u0119dzie przez ca\u0142e wakacje do 26 sierpnia w wybranych pojazdach REGIO. Poci\u0105gi odje\u017cd\u017ca\u0107 b\u0119d\u0105 w nast\u0119puj\u0105cych godzinach:<\/p>\n<ul>\n<li>\n<p> Krak\u00f3w G\u0142\u00f3wny (odjazd 9:11) \u2013 O\u015bwi\u0119cim (przyjazd 10:58)<\/p>\n<\/li>\n<li>\n<p> O\u015bwi\u0119cim (odjazd 11:05) \u2013 Krak\u00f3w G\u0142\u00f3wny (przyjazd 12:51)<\/p>\n<\/li>\n<li>\n<p> Krak\u00f3w G\u0142\u00f3wny (odjazd 13:12) \u2013 O\u015bwi\u0119cim (przyjazd 14:58)<\/p>\n<\/li>\n<li>\n<p> O\u015bwi\u0119cim (odjazd 17:16) \u2013 Krak\u00f3w G\u0142\u00f3wny (przyjazd 19:24) <\/p>\n<\/li>\n<\/ul>\n<p>Kursy obs\u0142u\u017cy specjalnie przygotowany do tego celu tabor, z powi\u0119kszon\u0105 przestrzeni\u0105 przeznaczon\u0105 na przew\u00f3z rower\u00f3w. Akcja daje wi\u0119c niepowtarzaln\u0105 okazj\u0119, aby pozna\u0107 jedn\u0105 z najciekawszych tras rowerowych w Ma\u0142opolsce &#8211; Wi\u015blan\u0105 Tras\u0119 Rowerow\u0105, na kt\u00f3r\u0105 mo\u017cna wjecha\u0107 zar\u00f3wno w Krakowie i w O\u015bwi\u0119cimiu, a p\u00f3\u017aniej mkn\u0105\u0107 przemierzaj\u0105c najpi\u0119kniejsze zakamarki doliny Wis\u0142y. Wybieraj\u0105c ten szlak z \u0142atwo\u015bci\u0105 dotrzemy do Zamku Kr\u00f3lewskiego w Niepo\u0142omicach, Muzeum Drogownictwa w Szczucinie czy takich miejsc historycznych jak Muzeum Auschwitz-Birkenau w O\u015bwi\u0119cimiu.<\/p>\n<p>Ze specjalnych poci\u0105g\u00f3w mo\u017cna skorzysta\u0107 w ka\u017cdy weekend wakacji oraz w dni \u015bwi\u0105teczne, wy\u0142\u0105czaj\u0105c 18 sierpnia. Bilety na kursy dost\u0119pne s\u0105 w punktach odprawy, w poci\u0105gach, a tak\u017ce za po\u015brednictwem systemu MKA i aplikacji mobilnej iMKA.<\/p>\n<p>Oferta jest jednym z element\u00f3w kampanii promocyjnej Wojew\u00f3dztwa Ma\u0142opolskiego &#8222;Ma\u0142opolska na rowery \u2013 100% emocji&#8221; zach\u0119caj\u0105cej do jazdy na rowerze po regionie wszystkich, bez wzgl\u0119du na wiek.<\/p>\n<p>&#8222;<\/p>\n","protected":false},"author":1,"featured_media":186751,"comment_status":"","ping_status":"closed","template":"","categories":[26],"tags":[795,1608,66],"class_list":["post-186750","infobike","type-infobike","status-publish","has-post-thumbnail","hentry","category-przewoznicy","tag-bilet","tag-malopolska","tag-pociag"],"acf":[],"yoast_head":"<!-- This site is optimized with the Yoast SEO Premium plugin v21.8 (Yoast SEO v23.7) - https:\/\/yoast.com\/wordpress\/plugins\/seo\/ -->\n<title>Rower w poci\u0105gu. Taniej na linii Krak\u00f3w-O\u015bwi\u0119cim - TransInfo Archiwum<\/title>\n<meta name=\"robots\" content=\"index, follow, max-snippet:-1, max-image-preview:large, max-video-preview:-1\" \/>\n<link rel=\"canonical\" href=\"https:\/\/transinfo.pl\/x\/infobike\/rower-w-pociagu-taniej-na-linii-krakow-oswiecim-_more_106202\/\" \/>\n<meta property=\"og:locale\" content=\"pl_PL\" \/>\n<meta property=\"og:type\" content=\"article\" \/>\n<meta property=\"og:title\" content=\"Rower w poci\u0105gu. Taniej na linii Krak\u00f3w-O\u015bwi\u0119cim\" \/>\n<meta property=\"og:description\" content=\"W te wakacje mi\u0142o\u015bnicy dw\u00f3ch k\u00f3\u0142ek b\u0119d\u0105 mogli skorzysta\u0107 ze specjalnej oferty przygotowanej przez...\" \/>\n<meta property=\"og:url\" content=\"https:\/\/transinfo.pl\/x\/infobike\/rower-w-pociagu-taniej-na-linii-krakow-oswiecim-_more_106202\/\" \/>\n<meta property=\"og:site_name\" content=\"TransInfo Archiwum\" \/>\n<meta property=\"og:image\" content=\"http:\/\/default\" \/>\n<meta name=\"twitter:card\" content=\"summary_large_image\" \/>\n<meta name=\"twitter:label1\" content=\"Szacowany czas czytania\" \/>\n\t<meta name=\"twitter:data1\" content=\"2 minuty\" \/>\n<script type=\"application\/ld+json\" class=\"yoast-schema-graph\">{\"@context\":\"https:\/\/schema.org\",\"@graph\":[{\"@type\":\"WebPage\",\"@id\":\"https:\/\/transinfo.pl\/x\/infobike\/rower-w-pociagu-taniej-na-linii-krakow-oswiecim-_more_106202\/\",\"url\":\"https:\/\/transinfo.pl\/x\/infobike\/rower-w-pociagu-taniej-na-linii-krakow-oswiecim-_more_106202\/\",\"name\":\"Rower w poci\u0105gu. Taniej na linii Krak\u00f3w-O\u015bwi\u0119cim - TransInfo Archiwum\",\"isPartOf\":{\"@id\":\"https:\/\/transinfo.pl\/x\/#website\"},\"primaryImageOfPage\":{\"@id\":\"https:\/\/transinfo.pl\/x\/infobike\/rower-w-pociagu-taniej-na-linii-krakow-oswiecim-_more_106202\/#primaryimage\"},\"image\":{\"@id\":\"https:\/\/transinfo.pl\/x\/infobike\/rower-w-pociagu-taniej-na-linii-krakow-oswiecim-_more_106202\/#primaryimage\"},\"thumbnailUrl\":\"https:\/\/transinfo.pl\/x\/wp-content\/uploads\/2022\/01\/Rower-w-pociagu.-Taniej-na-linii-Krakow-Oswiecim-0-1.jpg\",\"datePublished\":\"2018-06-26T14:45:00+00:00\",\"dateModified\":\"2018-06-26T14:45:00+00:00\",\"breadcrumb\":{\"@id\":\"https:\/\/transinfo.pl\/x\/infobike\/rower-w-pociagu-taniej-na-linii-krakow-oswiecim-_more_106202\/#breadcrumb\"},\"inLanguage\":\"pl-PL\",\"potentialAction\":[{\"@type\":\"ReadAction\",\"target\":[\"https:\/\/transinfo.pl\/x\/infobike\/rower-w-pociagu-taniej-na-linii-krakow-oswiecim-_more_106202\/\"]}]},{\"@type\":\"ImageObject\",\"inLanguage\":\"pl-PL\",\"@id\":\"https:\/\/transinfo.pl\/x\/infobike\/rower-w-pociagu-taniej-na-linii-krakow-oswiecim-_more_106202\/#primaryimage\",\"url\":\"https:\/\/transinfo.pl\/x\/wp-content\/uploads\/2022\/01\/Rower-w-pociagu.-Taniej-na-linii-Krakow-Oswiecim-0-1.jpg\",\"contentUrl\":\"https:\/\/transinfo.pl\/x\/wp-content\/uploads\/2022\/01\/Rower-w-pociagu.-Taniej-na-linii-Krakow-Oswiecim-0-1.jpg\"},{\"@type\":\"BreadcrumbList\",\"@id\":\"https:\/\/transinfo.pl\/x\/infobike\/rower-w-pociagu-taniej-na-linii-krakow-oswiecim-_more_106202\/#breadcrumb\",\"itemListElement\":[{\"@type\":\"ListItem\",\"position\":1,\"name\":\"Home\",\"item\":\"https:\/\/transinfo.pl\/x\/\"},{\"@type\":\"ListItem\",\"position\":2,\"name\":\"Infobike\",\"item\":\"https:\/\/transinfo.pl\/x\/infobike\/\"},{\"@type\":\"ListItem\",\"position\":3,\"name\":\"Rower w poci\u0105gu. Taniej na linii Krak\u00f3w-O\u015bwi\u0119cim\"}]},{\"@type\":\"WebSite\",\"@id\":\"https:\/\/transinfo.pl\/x\/#website\",\"url\":\"https:\/\/transinfo.pl\/x\/\",\"name\":\"TransInfo Archiwum\",\"description\":\"Ca\u0142y transport w jednym miejscu\",\"publisher\":{\"@id\":\"https:\/\/transinfo.pl\/x\/#organization\"},\"potentialAction\":[{\"@type\":\"SearchAction\",\"target\":{\"@type\":\"EntryPoint\",\"urlTemplate\":\"https:\/\/transinfo.pl\/x\/?s={search_term_string}\"},\"query-input\":{\"@type\":\"PropertyValueSpecification\",\"valueRequired\":true,\"valueName\":\"search_term_string\"}}],\"inLanguage\":\"pl-PL\"},{\"@type\":\"Organization\",\"@id\":\"https:\/\/transinfo.pl\/x\/#organization\",\"name\":\"TransInfo\",\"url\":\"https:\/\/transinfo.pl\/x\/\",\"logo\":{\"@type\":\"ImageObject\",\"inLanguage\":\"pl-PL\",\"@id\":\"https:\/\/transinfo.pl\/x\/#\/schema\/logo\/image\/\",\"url\":\"https:\/\/transinfo.pl\/x\/wp-content\/uploads\/2024\/10\/favicon.png\",\"contentUrl\":\"https:\/\/transinfo.pl\/x\/wp-content\/uploads\/2024\/10\/favicon.png\",\"width\":512,\"height\":512,\"caption\":\"TransInfo\"},\"image\":{\"@id\":\"https:\/\/transinfo.pl\/x\/#\/schema\/logo\/image\/\"}}]}<\/script>\n<!-- \/ Yoast SEO Premium plugin. -->","yoast_head_json":{"title":"Rower w poci\u0105gu. Taniej na linii Krak\u00f3w-O\u015bwi\u0119cim - TransInfo Archiwum","robots":{"index":"index","follow":"follow","max-snippet":"max-snippet:-1","max-image-preview":"max-image-preview:large","max-video-preview":"max-video-preview:-1"},"canonical":"https:\/\/transinfo.pl\/x\/infobike\/rower-w-pociagu-taniej-na-linii-krakow-oswiecim-_more_106202\/","og_locale":"pl_PL","og_type":"article","og_title":"Rower w poci\u0105gu. Taniej na linii Krak\u00f3w-O\u015bwi\u0119cim","og_description":"W te wakacje mi\u0142o\u015bnicy dw\u00f3ch k\u00f3\u0142ek b\u0119d\u0105 mogli skorzysta\u0107 ze specjalnej oferty przygotowanej przez...","og_url":"https:\/\/transinfo.pl\/x\/infobike\/rower-w-pociagu-taniej-na-linii-krakow-oswiecim-_more_106202\/","og_site_name":"TransInfo Archiwum","og_image":[{"url":"default"}],"twitter_card":"summary_large_image","twitter_misc":{"Szacowany czas czytania":"2 minuty"},"schema":{"@context":"https:\/\/schema.org","@graph":[{"@type":"WebPage","@id":"https:\/\/transinfo.pl\/x\/infobike\/rower-w-pociagu-taniej-na-linii-krakow-oswiecim-_more_106202\/","url":"https:\/\/transinfo.pl\/x\/infobike\/rower-w-pociagu-taniej-na-linii-krakow-oswiecim-_more_106202\/","name":"Rower w poci\u0105gu. Taniej na linii Krak\u00f3w-O\u015bwi\u0119cim - TransInfo Archiwum","isPartOf":{"@id":"https:\/\/transinfo.pl\/x\/#website"},"primaryImageOfPage":{"@id":"https:\/\/transinfo.pl\/x\/infobike\/rower-w-pociagu-taniej-na-linii-krakow-oswiecim-_more_106202\/#primaryimage"},"image":{"@id":"https:\/\/transinfo.pl\/x\/infobike\/rower-w-pociagu-taniej-na-linii-krakow-oswiecim-_more_106202\/#primaryimage"},"thumbnailUrl":"https:\/\/transinfo.pl\/x\/wp-content\/uploads\/2022\/01\/Rower-w-pociagu.-Taniej-na-linii-Krakow-Oswiecim-0-1.jpg","datePublished":"2018-06-26T14:45:00+00:00","dateModified":"2018-06-26T14:45:00+00:00","breadcrumb":{"@id":"https:\/\/transinfo.pl\/x\/infobike\/rower-w-pociagu-taniej-na-linii-krakow-oswiecim-_more_106202\/#breadcrumb"},"inLanguage":"pl-PL","potentialAction":[{"@type":"ReadAction","target":["https:\/\/transinfo.pl\/x\/infobike\/rower-w-pociagu-taniej-na-linii-krakow-oswiecim-_more_106202\/"]}]},{"@type":"ImageObject","inLanguage":"pl-PL","@id":"https:\/\/transinfo.pl\/x\/infobike\/rower-w-pociagu-taniej-na-linii-krakow-oswiecim-_more_106202\/#primaryimage","url":"https:\/\/transinfo.pl\/x\/wp-content\/uploads\/2022\/01\/Rower-w-pociagu.-Taniej-na-linii-Krakow-Oswiecim-0-1.jpg","contentUrl":"https:\/\/transinfo.pl\/x\/wp-content\/uploads\/2022\/01\/Rower-w-pociagu.-Taniej-na-linii-Krakow-Oswiecim-0-1.jpg"},{"@type":"BreadcrumbList","@id":"https:\/\/transinfo.pl\/x\/infobike\/rower-w-pociagu-taniej-na-linii-krakow-oswiecim-_more_106202\/#breadcrumb","itemListElement":[{"@type":"ListItem","position":1,"name":"Home","item":"https:\/\/transinfo.pl\/x\/"},{"@type":"ListItem","position":2,"name":"Infobike","item":"https:\/\/transinfo.pl\/x\/infobike\/"},{"@type":"ListItem","position":3,"name":"Rower w poci\u0105gu. Taniej na linii Krak\u00f3w-O\u015bwi\u0119cim"}]},{"@type":"WebSite","@id":"https:\/\/transinfo.pl\/x\/#website","url":"https:\/\/transinfo.pl\/x\/","name":"TransInfo Archiwum","description":"Ca\u0142y transport w jednym miejscu","publisher":{"@id":"https:\/\/transinfo.pl\/x\/#organization"},"potentialAction":[{"@type":"SearchAction","target":{"@type":"EntryPoint","urlTemplate":"https:\/\/transinfo.pl\/x\/?s={search_term_string}"},"query-input":{"@type":"PropertyValueSpecification","valueRequired":true,"valueName":"search_term_string"}}],"inLanguage":"pl-PL"},{"@type":"Organization","@id":"https:\/\/transinfo.pl\/x\/#organization","name":"TransInfo","url":"https:\/\/transinfo.pl\/x\/","logo":{"@type":"ImageObject","inLanguage":"pl-PL","@id":"https:\/\/transinfo.pl\/x\/#\/schema\/logo\/image\/","url":"https:\/\/transinfo.pl\/x\/wp-content\/uploads\/2024\/10\/favicon.png","contentUrl":"https:\/\/transinfo.pl\/x\/wp-content\/uploads\/2024\/10\/favicon.png","width":512,"height":512,"caption":"TransInfo"},"image":{"@id":"https:\/\/transinfo.pl\/x\/#\/schema\/logo\/image\/"}}]}},"_links":{"self":[{"href":"https:\/\/transinfo.pl\/x\/wp-json\/wp\/v2\/infobike\/186750","targetHints":{"allow":["GET"]}}],"collection":[{"href":"https:\/\/transinfo.pl\/x\/wp-json\/wp\/v2\/infobike"}],"about":[{"href":"https:\/\/transinfo.pl\/x\/wp-json\/wp\/v2\/types\/infobike"}],"author":[{"embeddable":true,"href":"https:\/\/transinfo.pl\/x\/wp-json\/wp\/v2\/users\/1"}],"replies":[{"embeddable":true,"href":"https:\/\/transinfo.pl\/x\/wp-json\/wp\/v2\/comments?post=186750"}],"wp:featuredmedia":[{"embeddable":true,"href":"https:\/\/transinfo.pl\/x\/wp-json\/wp\/v2\/media\/186751"}],"wp:attachment":[{"href":"https:\/\/transinfo.pl\/x\/wp-json\/wp\/v2\/media?parent=186750"}],"wp:term":[{"taxonomy":"category","embeddable":true,"href":"https:\/\/transinfo.pl\/x\/wp-json\/wp\/v2\/categories?post=186750"},{"taxonomy":"post_tag","embeddable":true,"href":"https:\/\/transinfo.pl\/x\/wp-json\/wp\/v2\/tags?post=186750"}],"curies":[{"name":"wp","href":"https:\/\/api.w.org\/{rel}","templated":true}]}}