{"id":267064,"date":"2024-04-02T08:34:00","date_gmt":"2024-04-02T08:34:00","guid":{"rendered":"https:\/\/transinfo.pl\/x\/infoair\/letni-sezon-na-lotnisku-w-bydgoszczy-rozpoczety-gdzie-mozna-poleciec\/"},"modified":"2024-04-02T08:34:00","modified_gmt":"2024-04-02T08:34:00","slug":"letni-sezon-na-lotnisku-w-bydgoszczy-rozpoczety-gdzie-mozna-poleciec","status":"publish","type":"infoair","link":"https:\/\/transinfo.pl\/x\/infoair\/letni-sezon-na-lotnisku-w-bydgoszczy-rozpoczety-gdzie-mozna-poleciec\/","title":{"rendered":"Letni sezon na lotnisku w Bydgoszczy rozpocz\u0119ty. Gdzie mo\u017cna polecie\u0107?"},"content":{"rendered":"<style>h1,h2,h3,h4,h5,h6{margin:0 0 1.25rem;font-family:Arial,sans-serif;font-weight:600;color:#050505}h1{font-size:1.875rem;line-height:1.1em;text-transform:none}@media(min-width: 768px){h1{font-size:2.375rem}}h2{font-size:1.1875rem;line-height:1.2em;text-transform:uppercase}@media(min-width: 768px){h2{font-size:1.0625rem}}h3{font-size:0.9375rem;line-height:1.4em;font-weight:900;margin-bottom:0.9375rem}h4{font-size:0.875rem;line-height:1.2em;font-weight:500}h5{font-size:0.9375rem;line-height:1.6;font-weight:400}h6{font-size:0.9375rem;line-height:1.6;font-weight:600}\n<\/style>\n<h3 class=\"wp-block-heading\" id=\"h-moc-czarterowych-kierunkow-sezonowe-rejsy-do-krakowa-i-regularne-loty-trzech-przewoznikow-taki-bedzie-rozpoczynajacy-sie-w-niedziele-31-marca-sezon-letni-w-porcie-lotniczym-bydgoszcz-s-a\">Moc czarterowych kierunk\u00f3w, sezonowe rejsy do Krakowa i regularne loty trzech przewo\u017anik\u00f3w. Taki b\u0119dzie rozpoczynaj\u0105cy si\u0119 w niedziel\u0119 31 marca, sezon letni w Porcie Lotniczym Bydgoszcz S.A.&nbsp;<strong>&nbsp;<\/strong><\/h3>\n\n\n\n<h2 class=\"wp-block-heading\" id=\"h-krakow-sezonowe-polaczenie-ze-stolica-polskiej-turystyki\"><strong>Krak\u00f3w \u2013 sezonowe po\u0142\u0105czenie ze stolic\u0105 polskiej turystyki<\/strong><\/h2>\n\n\n<style>p{margin:0 0 1.5rem}p:last-child{margin:0}p.is-style-uppercase{text-transform:uppercase}p.is-style-preheading{color:#12406a;text-transform:uppercase}p.is-style-leadparagraph{font-size:1rem;line-height:1.625;font-weight:700}@media(min-width: 768px){p.is-style-leadparagraph{font-size:1.125rem;line-height:1.5555555556}}p.has-small-margin{margin-bottom:0.625rem}p.has-small-margin+h1,p.has-small-margin+h2,p.has-small-margin+h3{margin-top:1.875rem}\n<\/style>\n<p>Maj\u00f3wka w grodzie Kraka? Czemu nie! W tym roku Polskie Linie Lotnicze LOT zdecydowa\u0142y si\u0119 na uruchomienie lot\u00f3w do stolicy Ma\u0142opolski ju\u017c 27 kwietnia. Dzi\u0119ki temu mieszka\u0144cy regionu mog\u0105 zaplanowa\u0107 kr\u00f3tki maj\u00f3wkowy city break na po\u0142udniu Polski. To po\u0142\u0105czenie, kt\u00f3re ka\u017cdego roku cieszy si\u0119 coraz wi\u0119kszym zainteresowaniem podr\u00f3\u017cuj\u0105cych \u2013 kr\u00f3tki czas podr\u00f3\u017cy i dni operacji lotniczych dostosowane do potrzeb \u201epodr\u00f3\u017cnik\u00f3w\u201d \u2013 a to tylko niekt\u00f3re z zalet tego rejsu. Wyloty z Bydgoszczy do Krakowa zaplanowane zosta\u0142y na soboty i wtorki, natomiast rejsy do Portu Lotniczego Bydgoszcz S.A. z Lotniska w Balicach \u2013 w pi\u0105tki i poniedzia\u0142ki.<\/p>\n\n\n\n<h2 class=\"wp-block-heading\" id=\"h-antalya-burgas-kreta-rodos-i-zupelna-nowosc-majorka\"><strong>Antalya, Burgas, Kreta, Rodos i zupe\u0142na nowo\u015b\u0107 \u2013 Majorka!<\/strong><\/h2>\n\n\n\n<p>G\u0142\u00f3d wakacyjnych podr\u00f3\u017cy stale ro\u015bnie i zauwa\u017caj\u0105 to touroperatorzy, kt\u00f3rzy w tym roku zdecydowali si\u0119 na uruchomienie rekordowej liczby wycieczek z wylotem z Bydgoszczy. Pierwsze rejsy czarterowe zaplanowane s\u0105 ju\u017c na 24 kwietnia.<\/p>\n\n\n\n<p>Nowo\u015bci\u0105 w siatce wakacyjnych po\u0142\u0105cze\u0144 jest Majorka \u2013 uznawana za najpi\u0119kniejsz\u0105 wysp\u0119 Morza \u015ar\u00f3dziemnego. Rejsy na hiszpa\u0144sk\u0105 wysp\u0119 odbywa\u0107 b\u0119d\u0105 si\u0119 w ka\u017cd\u0105 niedziel\u0119, co pozwala<br>na zaplanowanie 7- oraz 14-dniowego pobytu w\u015br\u00f3d malowniczych zatok z piaszczystymi pla\u017cami, mn\u00f3stwa zabytk\u00f3w i urokliwych miasteczek.<\/p>\n\n\n\n<p>W ofercie touroperator\u00f3w,&nbsp; nie mog\u0142o zabrakn\u0105\u0107 absolutnego hitu sprzeda\u017cowego ostatnich lat \u2013 Antalyi. W sezonie letnim 2024 organizatorzy wycieczek zdecydowali si\u0119 na uruchomienie a\u017c 8 rejs\u00f3w tygodniowo na Riwier\u0119 Tureck\u0105 z naszego Portu.<\/p>\n\n\n\n<p>Kolejnym kierunkiem, kt\u00f3ry cieszy si\u0119 rosn\u0105cym zainteresowaniem jest grecka wyspa \u2013 Kreta. Loty do Heraklionu w tym roku realizowane b\u0119d\u0105 dwa razy w tygodniu.<\/p>\n\n\n\n<p>W ofercie biur podr\u00f3\u017cy nie zabraknie r\u00f3wnie\u017c Rodos i Burgas, kt\u00f3re kusz\u0105 turyst\u00f3w zapieraj\u0105cymi dech w piersiach widokami.<\/p>\n\n\n\n<p>Szczeg\u00f3\u0142y dotycz\u0105ce wakacyjnych podro\u017cy znale\u017a\u0107 mo\u017cna w biurach podr\u00f3\u017cy i na naszej stronie internetowej.<\/p>\n\n\n\n<h2 class=\"wp-block-heading\" id=\"h-nowy-rozklad-rejsow-regularnych\"><strong>Nowy rozk\u0142ad rejs\u00f3w regularnych<\/strong><\/h2>\n\n\n\n<p>Wraz z pocz\u0105tkiem sezonu letniego zmieniaj\u0105 si\u0119 tak\u017ce dni operowania niekt\u00f3rych kierunk\u00f3w.<\/p>\n\n\n\n<p>W siatce po\u0142\u0105cze\u0144 znajdziemy takich przewo\u017anik\u00f3w jak Polskie Linie Lotnicze LOT, Ryanair oraz WIZZ Air.<\/p>\n\n\n\n<p>PLL LOT, nasz narodowy przewo\u017anik dla Pasa\u017cer\u00f3w opr\u00f3cz wspomnianego wcze\u015bniej Krakowa oferuje r\u00f3wnie\u017c po\u0142\u0105czenie z HUB-em w Warszawie. Rejsy na lotnisko Chopina realizowane b\u0119d\u0105 od poniedzia\u0142ku do pi\u0105tku oraz w niedziele.<\/p>\n\n\n\n<p>Birmingham, Bristol, Londyn Luton, a tak\u017ce Londyn Stansted \u2013 to lotniska, na kt\u00f3re podr\u00f3\u017cnych z naszego Portu zabierze irlandzki przewo\u017anik \u2013 linia lotnicza Ryanair.<\/p>\n\n\n\n<p>W\u0119gierski przewo\u017anik \u2013 WIZZ Air zwi\u0119ksza liczb\u0119 rejs\u00f3w na lotnisko w Londynie Luton do trzech. Na pok\u0142ad swoich samolot\u00f3w zaprosi we wtorki, a tak\u017ce w czwartki i soboty.<\/p>\n\n\n\n<p>Szczeg\u00f3\u0142owe godziny lot\u00f3w oraz bilety dost\u0119pne s\u0105 na stronach internetowych przewo\u017anik\u00f3w.<\/p>\n\n\n\n<p>Sezon letni potrwa tradycyjnie \u2013 do ostatniej soboty pa\u017adziernika.<\/p>\n\n\n<style>.wp-block-image{margin:1.25rem 0;text-align:center}.wp-block-image figcaption{padding:0 0.9375rem;text-align:center}\n<\/style>\n<figure class=\"wp-block-image size-large\"><a href=\"https:\/\/transinfo.pl\/wp-content\/uploads\/2024\/04\/lato-bydgoszcz-1.jpg\"><img decoding=\"async\" src=\"https:\/\/transinfo.pl\/wp-content\/uploads\/2024\/04\/lato-bydgoszcz-1-1024x724.jpg\" alt=\"Moc czarterowych kierunk\u00f3w, sezonowe rejsy do Krakowa i regularne loty trzech przewo\u017anik\u00f3w. Taki b\u0119dzie sezon letni w Porcie Lotniczym Bydgoszcz S.A.\u00a0\u00a0\" class=\"wp-image-469787\" \/><\/a><figcaption class=\"wp-element-caption\">Rozk\u0142ad lot\u00f3w na lato z lotniska w Bydgoszczy<\/figcaption><\/figure>\n","protected":false},"author":6,"featured_media":267065,"comment_status":"","ping_status":"closed","template":"","categories":[26],"tags":[45,742,4749,763,22237],"class_list":["post-267064","infoair","type-infoair","status-publish","has-post-thumbnail","hentry","category-przewoznicy","tag-lotnisko","tag-lotnisko-bydgoszcz","tag-rozklad-lotow","tag-samolot","tag-sezon-letni"],"acf":[],"yoast_head":"<!-- This site is optimized with the Yoast SEO Premium plugin v21.8 (Yoast SEO v23.7) - https:\/\/yoast.com\/wordpress\/plugins\/seo\/ -->\n<title>Letni sezon na lotnisku w Bydgoszczy rozpocz\u0119ty. Gdzie mo\u017cna polecie\u0107? - TransInfo Archiwum<\/title>\n<meta name=\"description\" content=\"Moc czarterowych kierunk\u00f3w, sezonowe rejsy do Krakowa i regularne loty trzech przewo\u017anik\u00f3w. Taki b\u0119dzie sezon letni na lotnisku w Bydgoszczy\u00a0\u00a0\" \/>\n<meta name=\"robots\" content=\"index, follow, max-snippet:-1, max-image-preview:large, max-video-preview:-1\" \/>\n<link rel=\"canonical\" href=\"https:\/\/transinfo.pl\/x\/infoair\/letni-sezon-na-lotnisku-w-bydgoszczy-rozpoczety-gdzie-mozna-poleciec\/\" \/>\n<meta property=\"og:locale\" content=\"pl_PL\" \/>\n<meta property=\"og:type\" content=\"article\" \/>\n<meta property=\"og:title\" content=\"Letni sezon na lotnisku w Bydgoszczy rozpocz\u0119ty. Gdzie mo\u017cna polecie\u0107?\" \/>\n<meta property=\"og:description\" content=\"Moc czarterowych kierunk\u00f3w, sezonowe rejsy do Krakowa i regularne loty trzech przewo\u017anik\u00f3w. Taki b\u0119dzie sezon letni na lotnisku w Bydgoszczy\u00a0\u00a0\" \/>\n<meta property=\"og:url\" content=\"https:\/\/transinfo.pl\/x\/infoair\/letni-sezon-na-lotnisku-w-bydgoszczy-rozpoczety-gdzie-mozna-poleciec\/\" \/>\n<meta property=\"og:site_name\" content=\"TransInfo Archiwum\" \/>\n<meta property=\"og:image\" content=\"https:\/\/transinfo.pl\/x\/wp-content\/uploads\/2024\/04\/lato-bydgoszcz.jpg\" \/>\n\t<meta property=\"og:image:width\" content=\"1\" \/>\n\t<meta property=\"og:image:height\" content=\"1\" \/>\n\t<meta property=\"og:image:type\" content=\"image\/jpeg\" \/>\n<meta name=\"twitter:card\" content=\"summary_large_image\" \/>\n<meta name=\"twitter:label1\" content=\"Szacowany czas czytania\" \/>\n\t<meta name=\"twitter:data1\" content=\"3 minuty\" \/>\n<script type=\"application\/ld+json\" class=\"yoast-schema-graph\">{\"@context\":\"https:\/\/schema.org\",\"@graph\":[{\"@type\":\"WebPage\",\"@id\":\"https:\/\/transinfo.pl\/x\/infoair\/letni-sezon-na-lotnisku-w-bydgoszczy-rozpoczety-gdzie-mozna-poleciec\/\",\"url\":\"https:\/\/transinfo.pl\/x\/infoair\/letni-sezon-na-lotnisku-w-bydgoszczy-rozpoczety-gdzie-mozna-poleciec\/\",\"name\":\"Letni sezon na lotnisku w Bydgoszczy rozpocz\u0119ty. Gdzie mo\u017cna polecie\u0107? - TransInfo Archiwum\",\"isPartOf\":{\"@id\":\"https:\/\/transinfo.pl\/x\/#website\"},\"primaryImageOfPage\":{\"@id\":\"https:\/\/transinfo.pl\/x\/infoair\/letni-sezon-na-lotnisku-w-bydgoszczy-rozpoczety-gdzie-mozna-poleciec\/#primaryimage\"},\"image\":{\"@id\":\"https:\/\/transinfo.pl\/x\/infoair\/letni-sezon-na-lotnisku-w-bydgoszczy-rozpoczety-gdzie-mozna-poleciec\/#primaryimage\"},\"thumbnailUrl\":\"https:\/\/transinfo.pl\/x\/wp-content\/uploads\/2024\/04\/lato-bydgoszcz.jpg\",\"datePublished\":\"2024-04-02T08:34:00+00:00\",\"dateModified\":\"2024-04-02T08:34:00+00:00\",\"description\":\"Moc czarterowych kierunk\u00f3w, sezonowe rejsy do Krakowa i regularne loty trzech przewo\u017anik\u00f3w. Taki b\u0119dzie sezon letni na lotnisku w Bydgoszczy\u00a0\u00a0\",\"breadcrumb\":{\"@id\":\"https:\/\/transinfo.pl\/x\/infoair\/letni-sezon-na-lotnisku-w-bydgoszczy-rozpoczety-gdzie-mozna-poleciec\/#breadcrumb\"},\"inLanguage\":\"pl-PL\",\"potentialAction\":[{\"@type\":\"ReadAction\",\"target\":[\"https:\/\/transinfo.pl\/x\/infoair\/letni-sezon-na-lotnisku-w-bydgoszczy-rozpoczety-gdzie-mozna-poleciec\/\"]}]},{\"@type\":\"ImageObject\",\"inLanguage\":\"pl-PL\",\"@id\":\"https:\/\/transinfo.pl\/x\/infoair\/letni-sezon-na-lotnisku-w-bydgoszczy-rozpoczety-gdzie-mozna-poleciec\/#primaryimage\",\"url\":\"https:\/\/transinfo.pl\/x\/wp-content\/uploads\/2024\/04\/lato-bydgoszcz.jpg\",\"contentUrl\":\"https:\/\/transinfo.pl\/x\/wp-content\/uploads\/2024\/04\/lato-bydgoszcz.jpg\"},{\"@type\":\"BreadcrumbList\",\"@id\":\"https:\/\/transinfo.pl\/x\/infoair\/letni-sezon-na-lotnisku-w-bydgoszczy-rozpoczety-gdzie-mozna-poleciec\/#breadcrumb\",\"itemListElement\":[{\"@type\":\"ListItem\",\"position\":1,\"name\":\"Home\",\"item\":\"https:\/\/transinfo.pl\/x\/\"},{\"@type\":\"ListItem\",\"position\":2,\"name\":\"Infoair\",\"item\":\"https:\/\/transinfo.pl\/x\/infoair\/\"},{\"@type\":\"ListItem\",\"position\":3,\"name\":\"Letni sezon na lotnisku w Bydgoszczy rozpocz\u0119ty. Gdzie mo\u017cna polecie\u0107?\"}]},{\"@type\":\"WebSite\",\"@id\":\"https:\/\/transinfo.pl\/x\/#website\",\"url\":\"https:\/\/transinfo.pl\/x\/\",\"name\":\"TransInfo Archiwum\",\"description\":\"Ca\u0142y transport w jednym miejscu\",\"publisher\":{\"@id\":\"https:\/\/transinfo.pl\/x\/#organization\"},\"potentialAction\":[{\"@type\":\"SearchAction\",\"target\":{\"@type\":\"EntryPoint\",\"urlTemplate\":\"https:\/\/transinfo.pl\/x\/?s={search_term_string}\"},\"query-input\":{\"@type\":\"PropertyValueSpecification\",\"valueRequired\":true,\"valueName\":\"search_term_string\"}}],\"inLanguage\":\"pl-PL\"},{\"@type\":\"Organization\",\"@id\":\"https:\/\/transinfo.pl\/x\/#organization\",\"name\":\"TransInfo\",\"url\":\"https:\/\/transinfo.pl\/x\/\",\"logo\":{\"@type\":\"ImageObject\",\"inLanguage\":\"pl-PL\",\"@id\":\"https:\/\/transinfo.pl\/x\/#\/schema\/logo\/image\/\",\"url\":\"https:\/\/transinfo.pl\/x\/wp-content\/uploads\/2024\/10\/favicon.png\",\"contentUrl\":\"https:\/\/transinfo.pl\/x\/wp-content\/uploads\/2024\/10\/favicon.png\",\"width\":512,\"height\":512,\"caption\":\"TransInfo\"},\"image\":{\"@id\":\"https:\/\/transinfo.pl\/x\/#\/schema\/logo\/image\/\"}}]}<\/script>\n<!-- \/ Yoast SEO Premium plugin. -->","yoast_head_json":{"title":"Letni sezon na lotnisku w Bydgoszczy rozpocz\u0119ty. Gdzie mo\u017cna polecie\u0107? - TransInfo Archiwum","description":"Moc czarterowych kierunk\u00f3w, sezonowe rejsy do Krakowa i regularne loty trzech przewo\u017anik\u00f3w. Taki b\u0119dzie sezon letni na lotnisku w Bydgoszczy\u00a0\u00a0","robots":{"index":"index","follow":"follow","max-snippet":"max-snippet:-1","max-image-preview":"max-image-preview:large","max-video-preview":"max-video-preview:-1"},"canonical":"https:\/\/transinfo.pl\/x\/infoair\/letni-sezon-na-lotnisku-w-bydgoszczy-rozpoczety-gdzie-mozna-poleciec\/","og_locale":"pl_PL","og_type":"article","og_title":"Letni sezon na lotnisku w Bydgoszczy rozpocz\u0119ty. Gdzie mo\u017cna polecie\u0107?","og_description":"Moc czarterowych kierunk\u00f3w, sezonowe rejsy do Krakowa i regularne loty trzech przewo\u017anik\u00f3w. Taki b\u0119dzie sezon letni na lotnisku w Bydgoszczy\u00a0\u00a0","og_url":"https:\/\/transinfo.pl\/x\/infoair\/letni-sezon-na-lotnisku-w-bydgoszczy-rozpoczety-gdzie-mozna-poleciec\/","og_site_name":"TransInfo Archiwum","og_image":[{"url":"https:\/\/transinfo.pl\/x\/wp-content\/uploads\/2024\/04\/lato-bydgoszcz.jpg","width":1,"height":1,"type":"image\/jpeg"}],"twitter_card":"summary_large_image","twitter_misc":{"Szacowany czas czytania":"3 minuty"},"schema":{"@context":"https:\/\/schema.org","@graph":[{"@type":"WebPage","@id":"https:\/\/transinfo.pl\/x\/infoair\/letni-sezon-na-lotnisku-w-bydgoszczy-rozpoczety-gdzie-mozna-poleciec\/","url":"https:\/\/transinfo.pl\/x\/infoair\/letni-sezon-na-lotnisku-w-bydgoszczy-rozpoczety-gdzie-mozna-poleciec\/","name":"Letni sezon na lotnisku w Bydgoszczy rozpocz\u0119ty. Gdzie mo\u017cna polecie\u0107? - TransInfo Archiwum","isPartOf":{"@id":"https:\/\/transinfo.pl\/x\/#website"},"primaryImageOfPage":{"@id":"https:\/\/transinfo.pl\/x\/infoair\/letni-sezon-na-lotnisku-w-bydgoszczy-rozpoczety-gdzie-mozna-poleciec\/#primaryimage"},"image":{"@id":"https:\/\/transinfo.pl\/x\/infoair\/letni-sezon-na-lotnisku-w-bydgoszczy-rozpoczety-gdzie-mozna-poleciec\/#primaryimage"},"thumbnailUrl":"https:\/\/transinfo.pl\/x\/wp-content\/uploads\/2024\/04\/lato-bydgoszcz.jpg","datePublished":"2024-04-02T08:34:00+00:00","dateModified":"2024-04-02T08:34:00+00:00","description":"Moc czarterowych kierunk\u00f3w, sezonowe rejsy do Krakowa i regularne loty trzech przewo\u017anik\u00f3w. Taki b\u0119dzie sezon letni na lotnisku w Bydgoszczy\u00a0\u00a0","breadcrumb":{"@id":"https:\/\/transinfo.pl\/x\/infoair\/letni-sezon-na-lotnisku-w-bydgoszczy-rozpoczety-gdzie-mozna-poleciec\/#breadcrumb"},"inLanguage":"pl-PL","potentialAction":[{"@type":"ReadAction","target":["https:\/\/transinfo.pl\/x\/infoair\/letni-sezon-na-lotnisku-w-bydgoszczy-rozpoczety-gdzie-mozna-poleciec\/"]}]},{"@type":"ImageObject","inLanguage":"pl-PL","@id":"https:\/\/transinfo.pl\/x\/infoair\/letni-sezon-na-lotnisku-w-bydgoszczy-rozpoczety-gdzie-mozna-poleciec\/#primaryimage","url":"https:\/\/transinfo.pl\/x\/wp-content\/uploads\/2024\/04\/lato-bydgoszcz.jpg","contentUrl":"https:\/\/transinfo.pl\/x\/wp-content\/uploads\/2024\/04\/lato-bydgoszcz.jpg"},{"@type":"BreadcrumbList","@id":"https:\/\/transinfo.pl\/x\/infoair\/letni-sezon-na-lotnisku-w-bydgoszczy-rozpoczety-gdzie-mozna-poleciec\/#breadcrumb","itemListElement":[{"@type":"ListItem","position":1,"name":"Home","item":"https:\/\/transinfo.pl\/x\/"},{"@type":"ListItem","position":2,"name":"Infoair","item":"https:\/\/transinfo.pl\/x\/infoair\/"},{"@type":"ListItem","position":3,"name":"Letni sezon na lotnisku w Bydgoszczy rozpocz\u0119ty. Gdzie mo\u017cna polecie\u0107?"}]},{"@type":"WebSite","@id":"https:\/\/transinfo.pl\/x\/#website","url":"https:\/\/transinfo.pl\/x\/","name":"TransInfo Archiwum","description":"Ca\u0142y transport w jednym miejscu","publisher":{"@id":"https:\/\/transinfo.pl\/x\/#organization"},"potentialAction":[{"@type":"SearchAction","target":{"@type":"EntryPoint","urlTemplate":"https:\/\/transinfo.pl\/x\/?s={search_term_string}"},"query-input":{"@type":"PropertyValueSpecification","valueRequired":true,"valueName":"search_term_string"}}],"inLanguage":"pl-PL"},{"@type":"Organization","@id":"https:\/\/transinfo.pl\/x\/#organization","name":"TransInfo","url":"https:\/\/transinfo.pl\/x\/","logo":{"@type":"ImageObject","inLanguage":"pl-PL","@id":"https:\/\/transinfo.pl\/x\/#\/schema\/logo\/image\/","url":"https:\/\/transinfo.pl\/x\/wp-content\/uploads\/2024\/10\/favicon.png","contentUrl":"https:\/\/transinfo.pl\/x\/wp-content\/uploads\/2024\/10\/favicon.png","width":512,"height":512,"caption":"TransInfo"},"image":{"@id":"https:\/\/transinfo.pl\/x\/#\/schema\/logo\/image\/"}}]}},"_links":{"self":[{"href":"https:\/\/transinfo.pl\/x\/wp-json\/wp\/v2\/infoair\/267064","targetHints":{"allow":["GET"]}}],"collection":[{"href":"https:\/\/transinfo.pl\/x\/wp-json\/wp\/v2\/infoair"}],"about":[{"href":"https:\/\/transinfo.pl\/x\/wp-json\/wp\/v2\/types\/infoair"}],"author":[{"embeddable":true,"href":"https:\/\/transinfo.pl\/x\/wp-json\/wp\/v2\/users\/6"}],"replies":[{"embeddable":true,"href":"https:\/\/transinfo.pl\/x\/wp-json\/wp\/v2\/comments?post=267064"}],"wp:featuredmedia":[{"embeddable":true,"href":"https:\/\/transinfo.pl\/x\/wp-json\/wp\/v2\/media\/267065"}],"wp:attachment":[{"href":"https:\/\/transinfo.pl\/x\/wp-json\/wp\/v2\/media?parent=267064"}],"wp:term":[{"taxonomy":"category","embeddable":true,"href":"https:\/\/transinfo.pl\/x\/wp-json\/wp\/v2\/categories?post=267064"},{"taxonomy":"post_tag","embeddable":true,"href":"https:\/\/transinfo.pl\/x\/wp-json\/wp\/v2\/tags?post=267064"}],"curies":[{"name":"wp","href":"https:\/\/api.w.org\/{rel}","templated":true}]}}