{"id":266120,"date":"2024-03-11T16:34:00","date_gmt":"2024-03-11T16:34:00","guid":{"rendered":"https:\/\/transinfo.pl\/x\/infoair\/kolejny-rekord-na-lotnisku-w-jasionce-odprawiono-ponad-62-tys-pasazerow\/"},"modified":"2024-03-11T16:34:00","modified_gmt":"2024-03-11T16:34:00","slug":"kolejny-rekord-na-lotnisku-w-jasionce-odprawiono-ponad-62-tys-pasazerow","status":"publish","type":"infoair","link":"https:\/\/transinfo.pl\/x\/infoair\/kolejny-rekord-na-lotnisku-w-jasionce-odprawiono-ponad-62-tys-pasazerow\/","title":{"rendered":"Kolejny rekord na lotnisku w Jasionce! Odprawiono ponad 62 tys. pasa\u017cer\u00f3w"},"content":{"rendered":"<style>h1,h2,h3,h4,h5,h6{margin:0 0 1.25rem;font-family:Arial,sans-serif;font-weight:600;color:#050505}h1{font-size:1.875rem;line-height:1.1em;text-transform:none}@media(min-width: 768px){h1{font-size:2.375rem}}h2{font-size:1.1875rem;line-height:1.2em;text-transform:uppercase}@media(min-width: 768px){h2{font-size:1.0625rem}}h3{font-size:0.9375rem;line-height:1.4em;font-weight:900;margin-bottom:0.9375rem}h4{font-size:0.875rem;line-height:1.2em;font-weight:500}h5{font-size:0.9375rem;line-height:1.6;font-weight:400}h6{font-size:0.9375rem;line-height:1.6;font-weight:600}\n<\/style>\n<h3 class=\"wp-block-heading\" id=\"h-za-nami-najlepszy-luty-w-historii-lotniska-podczas-ktorego-port-lotniczy-obsluzyl-ponad-62-tysiace-osob-to-wynik-o-5-procent-lepszy-od-ubieglorocznego-lutego\">Za nami najlepszy luty w historii lotniska, podczas kt\u00f3rego port lotniczy obs\u0142u\u017cy\u0142 ponad 62 tysi\u0105ce os\u00f3b. To wynik o 5 procent lepszy od ubieg\u0142orocznego lutego. <\/h3>\n\n\n<style>.wp-block-quote{border-left:0.1875rem solid var(--page-color);font-size:1rem;font-style:italic;margin:0 0 1.6875rem;padding:1.25rem}.wp-block-quote cite{color:#050505}.wp-block-quote.is-style-large p{margin-bottom:10px}.wp-block-quote.is-style-large cite{color:#12406a}\n<\/style>\n<blockquote class=\"wp-block-quote is-layout-flow wp-block-quote-is-layout-flow\"><style>p{margin:0 0 1.5rem}p:last-child{margin:0}p.is-style-uppercase{text-transform:uppercase}p.is-style-preheading{color:#12406a;text-transform:uppercase}p.is-style-leadparagraph{font-size:1rem;line-height:1.625;font-weight:700}@media(min-width: 768px){p.is-style-leadparagraph{font-size:1.125rem;line-height:1.5555555556}}p.has-small-margin{margin-bottom:0.625rem}p.has-small-margin+h1,p.has-small-margin+h2,p.has-small-margin+h3{margin-top:1.875rem}\n<\/style>\n<p>Bardzo si\u0119 cieszymy, \u017ce ruch na podrzeszowskim lotnisku dynamicznie ro\u015bnie, za co chcia\u0142bym serdecznie podzi\u0119kowa\u0107 naszym pasa\u017cer\u00f3w oraz wszystkim pracownikom ortu, kt\u00f3rzy swoim zaanga\u017cowaniem zapewniaj\u0105 jego sprawn\u0105 obs\u0142ug\u0119 \u2013 m\u00f3wi Adam Hamryszczak, prezes zarz\u0105du portu lotniczego Rzesz\u00f3w-Jasionka. <\/p>\n<\/blockquote>\n\n\n\n<p>W lutym w Jasionce, gdzie w 2023 roku po raz pierwszy w historii przekroczono barier\u0119 miliona pasa\u017cer\u00f3w, najch\u0119tniej wybierano loty do Warszawy (14,3 tys. os\u00f3b), Londynu (13,6 tys.) i Rzymu (3,5 tys.). Z kolei w klasyfikacji przewo\u017anik\u00f3w najwi\u0119cej ludzi zasiad\u0142o w fotelach samolot\u00f3w Ryanaira (prawie 25 tys.), LOT-u (14,5 tys.) oraz czarter\u00f3w, g\u0142\u00f3wnie do<br>Egiptu (5 tys.). <\/p>\n\n\n\n<blockquote class=\"wp-block-quote is-layout-flow wp-block-quote-is-layout-flow\">\n<p>Liczymy na to, \u017ce w sezonie letnim ten pozytywny trend si\u0119 utrzyma i b\u0119dziemy mogli by\u0107 \u015bwiadkami wzmo\u017conego ruchu pasa\u017cerskiego na naszym lotnisku \u2013 podsumowa\u0142 Adam Hamryszczak. <\/p>\n<\/blockquote>\n\n\n\n<p>Sezon letni rozpoczyna si\u0119 w niedziel\u0119 wielkanocn\u0105. Podrzeszowskie lotnisko obs\u0142ugiwa\u0107 b\u0119dzie 13 tras regularnych i 16 czarterowych &#8211; odbywa\u0107 si\u0119 b\u0119dzie ok. 120 rotacji pasa\u017cerskich tygodniowo. Ryanair, kt\u00f3ry lata obecnie na trasach do Londynu (Luton i Stansted), Manchesteru, Bristolu, East Midlands oraz Dublina, dok\u0142ada od kwietnia trasy do hiszpa\u0144skiego Alicante (nowo\u015b\u0107!) i chorwackiego Zadaru. LOT wraca z mi\u0119dzykontynentaln\u0105 destynacj\u0105 do Nowego Jorku\/Newark (USA) oraz krajow\u0105 do Gda\u0144ska (od czerwca do wrze\u015bnia), a do Warszawy lata\u0142 b\u0119dzie a\u017c 33 razy w tygodniu! Lufthansa od 31 marca dodaje drugi samolot dziennie do Monachium, za\u015b Wizz Air nadal proponowa\u0142 b\u0119dzie dwa rejsy tygodniowo do Rzymu, dok\u0105d b\u0119dzie mo\u017cna polecie\u0107 na weekend (rejsy w poniedzia\u0142ki i czwartki). Natomiast biura podr\u00f3\u017cy oferuj\u0105 czartery na s\u0142onecznych trasach do Turcji, Egiptu, Grecji, Hiszpanii, Bu\u0142garii, Albanii, Tunezji i Czarnog\u00f3ry, w tym nowo\u015bci &#8211; Izmir i Majork\u0119.<\/p>\n\n\n<style>.wp-block-image{margin:1.25rem 0;text-align:center}.wp-block-image figcaption{padding:0 0.9375rem;text-align:center}\n<\/style>\n<figure class=\"wp-block-image size-large\"><a href=\"https:\/\/transinfo.pl\/wp-content\/uploads\/2024\/03\/luty_03_waldemar_mazgaj.jpg\"><img decoding=\"async\" src=\"https:\/\/transinfo.pl\/wp-content\/uploads\/2024\/03\/luty_03_waldemar_mazgaj-1024x576.jpg\" alt=\"W lutym w Jasionce, gdzie w 2023 roku po raz pierwszy w historii przekroczono barier\u0119 miliona pasa\u017cer\u00f3w, najch\u0119tniej wybierano loty do Warszawy\" class=\"wp-image-467129\" \/><\/a><figcaption class=\"wp-element-caption\">fot. Waldemar Mazgaj \/Port lotniczy Jasionka<\/figcaption><\/figure>\n","protected":false},"author":6,"featured_media":266121,"comment_status":"","ping_status":"closed","template":"","categories":[26],"tags":[45,8637,8846,5029,763],"class_list":["post-266120","infoair","type-infoair","status-publish","has-post-thumbnail","hentry","category-przewoznicy","tag-lotnisko","tag-lotnisko-jasionka","tag-lotnisko-rzeszow-jasionka","tag-rekord","tag-samolot"],"acf":[],"yoast_head":"<!-- This site is optimized with the Yoast SEO Premium plugin v21.8 (Yoast SEO v23.7) - https:\/\/yoast.com\/wordpress\/plugins\/seo\/ -->\n<title>Kolejny rekord na lotnisku w Jasionce! Odprawiono ponad 62 tys. pasa\u017cer\u00f3w - TransInfo Archiwum<\/title>\n<meta name=\"description\" content=\"Najlepszy luty w historii lotniska, podczas kt\u00f3rego obs\u0142u\u017cono ponad 62 tysi\u0105ce os\u00f3b. To wynik o 5 procent lepszy od ubieg\u0142orocznego lutego.\" \/>\n<meta name=\"robots\" content=\"index, follow, max-snippet:-1, max-image-preview:large, max-video-preview:-1\" \/>\n<link rel=\"canonical\" href=\"https:\/\/transinfo.pl\/x\/infoair\/kolejny-rekord-na-lotnisku-w-jasionce-odprawiono-ponad-62-tys-pasazerow\/\" \/>\n<meta property=\"og:locale\" content=\"pl_PL\" \/>\n<meta property=\"og:type\" content=\"article\" \/>\n<meta property=\"og:title\" content=\"Kolejny rekord na lotnisku w Jasionce! Odprawiono ponad 62 tys. pasa\u017cer\u00f3w\" \/>\n<meta property=\"og:description\" content=\"Najlepszy luty w historii lotniska, podczas kt\u00f3rego obs\u0142u\u017cono ponad 62 tysi\u0105ce os\u00f3b. To wynik o 5 procent lepszy od ubieg\u0142orocznego lutego.\" \/>\n<meta property=\"og:url\" content=\"https:\/\/transinfo.pl\/x\/infoair\/kolejny-rekord-na-lotnisku-w-jasionce-odprawiono-ponad-62-tys-pasazerow\/\" \/>\n<meta property=\"og:site_name\" content=\"TransInfo Archiwum\" \/>\n<meta property=\"og:image\" content=\"https:\/\/transinfo.pl\/x\/wp-content\/uploads\/2024\/03\/luty_01_krystian_dobrzanski.jpg\" \/>\n\t<meta property=\"og:image:width\" content=\"1\" \/>\n\t<meta property=\"og:image:height\" content=\"1\" \/>\n\t<meta property=\"og:image:type\" content=\"image\/jpeg\" \/>\n<meta name=\"twitter:card\" content=\"summary_large_image\" \/>\n<meta name=\"twitter:label1\" content=\"Szacowany czas czytania\" \/>\n\t<meta name=\"twitter:data1\" content=\"2 minuty\" \/>\n<script type=\"application\/ld+json\" class=\"yoast-schema-graph\">{\"@context\":\"https:\/\/schema.org\",\"@graph\":[{\"@type\":\"WebPage\",\"@id\":\"https:\/\/transinfo.pl\/x\/infoair\/kolejny-rekord-na-lotnisku-w-jasionce-odprawiono-ponad-62-tys-pasazerow\/\",\"url\":\"https:\/\/transinfo.pl\/x\/infoair\/kolejny-rekord-na-lotnisku-w-jasionce-odprawiono-ponad-62-tys-pasazerow\/\",\"name\":\"Kolejny rekord na lotnisku w Jasionce! Odprawiono ponad 62 tys. pasa\u017cer\u00f3w - TransInfo Archiwum\",\"isPartOf\":{\"@id\":\"https:\/\/transinfo.pl\/x\/#website\"},\"primaryImageOfPage\":{\"@id\":\"https:\/\/transinfo.pl\/x\/infoair\/kolejny-rekord-na-lotnisku-w-jasionce-odprawiono-ponad-62-tys-pasazerow\/#primaryimage\"},\"image\":{\"@id\":\"https:\/\/transinfo.pl\/x\/infoair\/kolejny-rekord-na-lotnisku-w-jasionce-odprawiono-ponad-62-tys-pasazerow\/#primaryimage\"},\"thumbnailUrl\":\"https:\/\/transinfo.pl\/x\/wp-content\/uploads\/2024\/03\/luty_01_krystian_dobrzanski.jpg\",\"datePublished\":\"2024-03-11T16:34:00+00:00\",\"dateModified\":\"2024-03-11T16:34:00+00:00\",\"description\":\"Najlepszy luty w historii lotniska, podczas kt\u00f3rego obs\u0142u\u017cono ponad 62 tysi\u0105ce os\u00f3b. To wynik o 5 procent lepszy od ubieg\u0142orocznego lutego.\",\"breadcrumb\":{\"@id\":\"https:\/\/transinfo.pl\/x\/infoair\/kolejny-rekord-na-lotnisku-w-jasionce-odprawiono-ponad-62-tys-pasazerow\/#breadcrumb\"},\"inLanguage\":\"pl-PL\",\"potentialAction\":[{\"@type\":\"ReadAction\",\"target\":[\"https:\/\/transinfo.pl\/x\/infoair\/kolejny-rekord-na-lotnisku-w-jasionce-odprawiono-ponad-62-tys-pasazerow\/\"]}]},{\"@type\":\"ImageObject\",\"inLanguage\":\"pl-PL\",\"@id\":\"https:\/\/transinfo.pl\/x\/infoair\/kolejny-rekord-na-lotnisku-w-jasionce-odprawiono-ponad-62-tys-pasazerow\/#primaryimage\",\"url\":\"https:\/\/transinfo.pl\/x\/wp-content\/uploads\/2024\/03\/luty_01_krystian_dobrzanski.jpg\",\"contentUrl\":\"https:\/\/transinfo.pl\/x\/wp-content\/uploads\/2024\/03\/luty_01_krystian_dobrzanski.jpg\"},{\"@type\":\"BreadcrumbList\",\"@id\":\"https:\/\/transinfo.pl\/x\/infoair\/kolejny-rekord-na-lotnisku-w-jasionce-odprawiono-ponad-62-tys-pasazerow\/#breadcrumb\",\"itemListElement\":[{\"@type\":\"ListItem\",\"position\":1,\"name\":\"Home\",\"item\":\"https:\/\/transinfo.pl\/x\/\"},{\"@type\":\"ListItem\",\"position\":2,\"name\":\"Infoair\",\"item\":\"https:\/\/transinfo.pl\/x\/infoair\/\"},{\"@type\":\"ListItem\",\"position\":3,\"name\":\"Kolejny rekord na lotnisku w Jasionce! Odprawiono ponad 62 tys. pasa\u017cer\u00f3w\"}]},{\"@type\":\"WebSite\",\"@id\":\"https:\/\/transinfo.pl\/x\/#website\",\"url\":\"https:\/\/transinfo.pl\/x\/\",\"name\":\"TransInfo Archiwum\",\"description\":\"Ca\u0142y transport w jednym miejscu\",\"publisher\":{\"@id\":\"https:\/\/transinfo.pl\/x\/#organization\"},\"potentialAction\":[{\"@type\":\"SearchAction\",\"target\":{\"@type\":\"EntryPoint\",\"urlTemplate\":\"https:\/\/transinfo.pl\/x\/?s={search_term_string}\"},\"query-input\":{\"@type\":\"PropertyValueSpecification\",\"valueRequired\":true,\"valueName\":\"search_term_string\"}}],\"inLanguage\":\"pl-PL\"},{\"@type\":\"Organization\",\"@id\":\"https:\/\/transinfo.pl\/x\/#organization\",\"name\":\"TransInfo\",\"url\":\"https:\/\/transinfo.pl\/x\/\",\"logo\":{\"@type\":\"ImageObject\",\"inLanguage\":\"pl-PL\",\"@id\":\"https:\/\/transinfo.pl\/x\/#\/schema\/logo\/image\/\",\"url\":\"https:\/\/transinfo.pl\/x\/wp-content\/uploads\/2024\/10\/favicon.png\",\"contentUrl\":\"https:\/\/transinfo.pl\/x\/wp-content\/uploads\/2024\/10\/favicon.png\",\"width\":512,\"height\":512,\"caption\":\"TransInfo\"},\"image\":{\"@id\":\"https:\/\/transinfo.pl\/x\/#\/schema\/logo\/image\/\"}}]}<\/script>\n<!-- \/ Yoast SEO Premium plugin. -->","yoast_head_json":{"title":"Kolejny rekord na lotnisku w Jasionce! Odprawiono ponad 62 tys. pasa\u017cer\u00f3w - TransInfo Archiwum","description":"Najlepszy luty w historii lotniska, podczas kt\u00f3rego obs\u0142u\u017cono ponad 62 tysi\u0105ce os\u00f3b. To wynik o 5 procent lepszy od ubieg\u0142orocznego lutego.","robots":{"index":"index","follow":"follow","max-snippet":"max-snippet:-1","max-image-preview":"max-image-preview:large","max-video-preview":"max-video-preview:-1"},"canonical":"https:\/\/transinfo.pl\/x\/infoair\/kolejny-rekord-na-lotnisku-w-jasionce-odprawiono-ponad-62-tys-pasazerow\/","og_locale":"pl_PL","og_type":"article","og_title":"Kolejny rekord na lotnisku w Jasionce! Odprawiono ponad 62 tys. pasa\u017cer\u00f3w","og_description":"Najlepszy luty w historii lotniska, podczas kt\u00f3rego obs\u0142u\u017cono ponad 62 tysi\u0105ce os\u00f3b. To wynik o 5 procent lepszy od ubieg\u0142orocznego lutego.","og_url":"https:\/\/transinfo.pl\/x\/infoair\/kolejny-rekord-na-lotnisku-w-jasionce-odprawiono-ponad-62-tys-pasazerow\/","og_site_name":"TransInfo Archiwum","og_image":[{"url":"https:\/\/transinfo.pl\/x\/wp-content\/uploads\/2024\/03\/luty_01_krystian_dobrzanski.jpg","width":1,"height":1,"type":"image\/jpeg"}],"twitter_card":"summary_large_image","twitter_misc":{"Szacowany czas czytania":"2 minuty"},"schema":{"@context":"https:\/\/schema.org","@graph":[{"@type":"WebPage","@id":"https:\/\/transinfo.pl\/x\/infoair\/kolejny-rekord-na-lotnisku-w-jasionce-odprawiono-ponad-62-tys-pasazerow\/","url":"https:\/\/transinfo.pl\/x\/infoair\/kolejny-rekord-na-lotnisku-w-jasionce-odprawiono-ponad-62-tys-pasazerow\/","name":"Kolejny rekord na lotnisku w Jasionce! Odprawiono ponad 62 tys. pasa\u017cer\u00f3w - TransInfo Archiwum","isPartOf":{"@id":"https:\/\/transinfo.pl\/x\/#website"},"primaryImageOfPage":{"@id":"https:\/\/transinfo.pl\/x\/infoair\/kolejny-rekord-na-lotnisku-w-jasionce-odprawiono-ponad-62-tys-pasazerow\/#primaryimage"},"image":{"@id":"https:\/\/transinfo.pl\/x\/infoair\/kolejny-rekord-na-lotnisku-w-jasionce-odprawiono-ponad-62-tys-pasazerow\/#primaryimage"},"thumbnailUrl":"https:\/\/transinfo.pl\/x\/wp-content\/uploads\/2024\/03\/luty_01_krystian_dobrzanski.jpg","datePublished":"2024-03-11T16:34:00+00:00","dateModified":"2024-03-11T16:34:00+00:00","description":"Najlepszy luty w historii lotniska, podczas kt\u00f3rego obs\u0142u\u017cono ponad 62 tysi\u0105ce os\u00f3b. To wynik o 5 procent lepszy od ubieg\u0142orocznego lutego.","breadcrumb":{"@id":"https:\/\/transinfo.pl\/x\/infoair\/kolejny-rekord-na-lotnisku-w-jasionce-odprawiono-ponad-62-tys-pasazerow\/#breadcrumb"},"inLanguage":"pl-PL","potentialAction":[{"@type":"ReadAction","target":["https:\/\/transinfo.pl\/x\/infoair\/kolejny-rekord-na-lotnisku-w-jasionce-odprawiono-ponad-62-tys-pasazerow\/"]}]},{"@type":"ImageObject","inLanguage":"pl-PL","@id":"https:\/\/transinfo.pl\/x\/infoair\/kolejny-rekord-na-lotnisku-w-jasionce-odprawiono-ponad-62-tys-pasazerow\/#primaryimage","url":"https:\/\/transinfo.pl\/x\/wp-content\/uploads\/2024\/03\/luty_01_krystian_dobrzanski.jpg","contentUrl":"https:\/\/transinfo.pl\/x\/wp-content\/uploads\/2024\/03\/luty_01_krystian_dobrzanski.jpg"},{"@type":"BreadcrumbList","@id":"https:\/\/transinfo.pl\/x\/infoair\/kolejny-rekord-na-lotnisku-w-jasionce-odprawiono-ponad-62-tys-pasazerow\/#breadcrumb","itemListElement":[{"@type":"ListItem","position":1,"name":"Home","item":"https:\/\/transinfo.pl\/x\/"},{"@type":"ListItem","position":2,"name":"Infoair","item":"https:\/\/transinfo.pl\/x\/infoair\/"},{"@type":"ListItem","position":3,"name":"Kolejny rekord na lotnisku w Jasionce! Odprawiono ponad 62 tys. pasa\u017cer\u00f3w"}]},{"@type":"WebSite","@id":"https:\/\/transinfo.pl\/x\/#website","url":"https:\/\/transinfo.pl\/x\/","name":"TransInfo Archiwum","description":"Ca\u0142y transport w jednym miejscu","publisher":{"@id":"https:\/\/transinfo.pl\/x\/#organization"},"potentialAction":[{"@type":"SearchAction","target":{"@type":"EntryPoint","urlTemplate":"https:\/\/transinfo.pl\/x\/?s={search_term_string}"},"query-input":{"@type":"PropertyValueSpecification","valueRequired":true,"valueName":"search_term_string"}}],"inLanguage":"pl-PL"},{"@type":"Organization","@id":"https:\/\/transinfo.pl\/x\/#organization","name":"TransInfo","url":"https:\/\/transinfo.pl\/x\/","logo":{"@type":"ImageObject","inLanguage":"pl-PL","@id":"https:\/\/transinfo.pl\/x\/#\/schema\/logo\/image\/","url":"https:\/\/transinfo.pl\/x\/wp-content\/uploads\/2024\/10\/favicon.png","contentUrl":"https:\/\/transinfo.pl\/x\/wp-content\/uploads\/2024\/10\/favicon.png","width":512,"height":512,"caption":"TransInfo"},"image":{"@id":"https:\/\/transinfo.pl\/x\/#\/schema\/logo\/image\/"}}]}},"_links":{"self":[{"href":"https:\/\/transinfo.pl\/x\/wp-json\/wp\/v2\/infoair\/266120","targetHints":{"allow":["GET"]}}],"collection":[{"href":"https:\/\/transinfo.pl\/x\/wp-json\/wp\/v2\/infoair"}],"about":[{"href":"https:\/\/transinfo.pl\/x\/wp-json\/wp\/v2\/types\/infoair"}],"author":[{"embeddable":true,"href":"https:\/\/transinfo.pl\/x\/wp-json\/wp\/v2\/users\/6"}],"replies":[{"embeddable":true,"href":"https:\/\/transinfo.pl\/x\/wp-json\/wp\/v2\/comments?post=266120"}],"wp:featuredmedia":[{"embeddable":true,"href":"https:\/\/transinfo.pl\/x\/wp-json\/wp\/v2\/media\/266121"}],"wp:attachment":[{"href":"https:\/\/transinfo.pl\/x\/wp-json\/wp\/v2\/media?parent=266120"}],"wp:term":[{"taxonomy":"category","embeddable":true,"href":"https:\/\/transinfo.pl\/x\/wp-json\/wp\/v2\/categories?post=266120"},{"taxonomy":"post_tag","embeddable":true,"href":"https:\/\/transinfo.pl\/x\/wp-json\/wp\/v2\/tags?post=266120"}],"curies":[{"name":"wp","href":"https:\/\/api.w.org\/{rel}","templated":true}]}}