{"id":265979,"date":"2024-03-08T08:34:00","date_gmt":"2024-03-08T08:34:00","guid":{"rendered":"https:\/\/transinfo.pl\/x\/infoair\/ponad-120-tys-odprawionych-pasazerow-na-lotnisku-w-radomiu\/"},"modified":"2024-03-08T08:34:00","modified_gmt":"2024-03-08T08:34:00","slug":"ponad-120-tys-odprawionych-pasazerow-na-lotnisku-w-radomiu","status":"publish","type":"infoair","link":"https:\/\/transinfo.pl\/x\/infoair\/ponad-120-tys-odprawionych-pasazerow-na-lotnisku-w-radomiu\/","title":{"rendered":"Ponad 120 tys. odprawionych pasa\u017cer\u00f3w na lotnisku w Radomiu"},"content":{"rendered":"<style>h1,h2,h3,h4,h5,h6{margin:0 0 1.25rem;font-family:Arial,sans-serif;font-weight:600;color:#050505}h1{font-size:1.875rem;line-height:1.1em;text-transform:none}@media(min-width: 768px){h1{font-size:2.375rem}}h2{font-size:1.1875rem;line-height:1.2em;text-transform:uppercase}@media(min-width: 768px){h2{font-size:1.0625rem}}h3{font-size:0.9375rem;line-height:1.4em;font-weight:900;margin-bottom:0.9375rem}h4{font-size:0.875rem;line-height:1.2em;font-weight:500}h5{font-size:0.9375rem;line-height:1.6;font-weight:400}h6{font-size:0.9375rem;line-height:1.6;font-weight:600}\n<\/style>\n<h3 class=\"wp-block-heading\" id=\"h-od-uruchomienia-pod-koniec-kwietnia-ub-roku-lotnisko-w-radomiu-odprawilo-ponad-120-tys-pasazerow-siatka-polaczen-z-radomskiego-portu-na-lato-2024-r-caly-czas-sie-ksztaltuje-i-mozna-spodziewac-sie-nowych-polaczen-poinformowala-6-marca-rzeczniczka-polskich-portow-lotniczych-ppl-anna-dermont\">Od uruchomienia pod koniec kwietnia ub. roku&nbsp;lotnisko w Radomiu odprawi\u0142o ponad 120 tys. pasa\u017cer\u00f3w. Siatka po\u0142\u0105cze\u0144 z radomskiego portu na lato 2024 r. ca\u0142y czas si\u0119 kszta\u0142tuje i mo\u017cna spodziewa\u0107 si\u0119 nowych po\u0142\u0105cze\u0144 \u2013 poinformowa\u0142a 6 marca rzeczniczka Polskich Port\u00f3w Lotniczych (PPL) Anna Dermont.<\/h3>\n\n\n<style>p{margin:0 0 1.5rem}p:last-child{margin:0}p.is-style-uppercase{text-transform:uppercase}p.is-style-preheading{color:#12406a;text-transform:uppercase}p.is-style-leadparagraph{font-size:1rem;line-height:1.625;font-weight:700}@media(min-width: 768px){p.is-style-leadparagraph{font-size:1.125rem;line-height:1.5555555556}}p.has-small-margin{margin-bottom:0.625rem}p.has-small-margin+h1,p.has-small-margin+h2,p.has-small-margin+h3{margin-top:1.875rem}\n<\/style>\n<p>Od pocz\u0105tku 2024 r.&nbsp;lotnisko Warszawa-Radom obs\u0142u\u017cy\u0142o 14 878 pasa\u017cer\u00f3w, a tylko w samym lutym, gdy pasa\u017cerowie podr\u00f3\u017cowali na trasach do Larnaki, Rzymu i Szarm el-Szejk &#8211; 7 554 os\u00f3b.<\/p>\n\n\n\n<p>Rzeczniczka poinformowa\u0142a, \u017ce wraz ze zmian\u0105 czasu, czyli pod koniec marca, zmieni si\u0119 siatka po\u0142\u0105cze\u0144 z zimowej na letni\u0105. &#8222;Partnerzy dotychczas wsp\u00f3\u0142pracuj\u0105cy z&nbsp;lotniskiem \u2013 biura podr\u00f3\u017cy i linie lotnicze &#8211; kontynuuj\u0105 wsp\u00f3\u0142prac\u0119, przed\u0142u\u017caj\u0105c lub poszerzaj\u0105c swoj\u0105 ofert\u0119&#8221; \u2013 zaznaczy\u0142a Dermont.<\/p>\n\n\n\n<p>W rozk\u0142adzie na Lato 2024 z&nbsp;lotniska w Radomiu zaplanowane s\u0105 trasy obs\u0142ugiwane w ramach rejs\u00f3w regularnych przez PLL LOT do Rzymu, Prewezy, Tirany. Narodowy przewo\u017anik wprowadza te\u017c nowy kierunek \u2013 Ochryd\u0119 w Macedonii P\u00f3\u0142nocnej. Z kolei w\u0119gierski niskokosztowy Wizz Air b\u0119dzie kontynuowa\u0142 loty do Larnaki na Cyprze.<\/p>\n\n\n\n<p>Opr\u00f3cz po\u0142\u0105cze\u0144 regularnych w siatce lot\u00f3w pojawi\u0105 si\u0119 te\u017c czarterowe. Biura podr\u00f3\u017cy oferuj\u0105 wycieczki z wylotem z Radomia do Antalyi i Tirany. Coral Travel poinformowa\u0142o, \u017ce w tym roku operowanie z Radomia zacznie wcze\u015bniej ni\u017c w ubieg\u0142e wakacje; wyloty na wczasy mo\u017cliwe b\u0119d\u0105 ju\u017c od 25 maja. Natomiast biuro Greckie Podr\u00f3\u017ce podwoi\u0142o oferty z wylotem z radomskiego portu.<\/p>\n\n\n\n<p>W ocenie Dermont dzia\u0142ania touroperator\u00f3w to sygna\u0142, \u017ce zainteresowanie pasa\u017cer\u00f3w wakacyjnymi lotami z radomskiego portu systematycznie ro\u015bnie i mo\u017cna spodziewa\u0107 si\u0119 dalszych zmian w siatce letniej. &#8222;Kszta\u0142towanie si\u0119 siatki po\u0142\u0105cze\u0144 na ka\u017cdym&nbsp;lotnisku to nieko\u0144cz\u0105cy si\u0119 proces. W przypadku rejs\u00f3w czarterowych przewo\u017anicy maj\u0105 wi\u0119ksz\u0105 elastyczno\u015b\u0107 i mog\u0105 uruchomi\u0107 po\u0142\u0105czenie kr\u00f3tko przed rozpocz\u0119ciem lot\u00f3w, dlatego temat ostatecznej siatki po\u0142\u0105cze\u0144 z Radomia na lato 2024 jest ca\u0142y czas otwarty&#8221;\u2013 zastrzeg\u0142a rzeczniczka PPL.<\/p>\n\n\n\n<p>Port lotniczy w Radomiu rozpocz\u0105\u0142 dzia\u0142alno\u015b\u0107 w maju 2014 r. Przez kr\u00f3tki czas loty z tego miasta odbywa\u0142y si\u0119 m.in. do Rygi, Berlina, Wroc\u0142awia i Lwowa. By\u0142o to jedyne&nbsp;lotnisko u\u017cytku publicznego w Polsce, kt\u00f3re powsta\u0142o bez wsparcia unijnego. Miasto zainwestowa\u0142o w jego utworzenie ponad 100 mln z\u0142. Po og\u0142oszeniu przez s\u0105d w 2018 r. upad\u0142o\u015bci prowadz\u0105cej&nbsp;lotnisko miejskiej sp\u00f3\u0142ki Port Lotniczy Radom,&nbsp;lotnisko kupi\u0142y Polskie Porty Lotnicze i wybudowa\u0142y je prawie od nowa. (PAP)<\/p>\n\n\n<style>.wp-block-image{margin:1.25rem 0;text-align:center}.wp-block-image figcaption{padding:0 0.9375rem;text-align:center}\n<\/style>\n<figure class=\"wp-block-image size-large\"><a href=\"https:\/\/transinfo.pl\/wp-content\/uploads\/2024\/03\/lotnisko-radom-1.jpg\"><img decoding=\"async\" src=\"https:\/\/transinfo.pl\/wp-content\/uploads\/2024\/03\/lotnisko-radom-1-1024x375.jpg\" alt=\"Od uruchomienia pod koniec kwietnia ub. roku\u00a0lotnisko w Radomiu odprawi\u0142o ponad 120 tys. pasa\u017cer\u00f3w.\" class=\"wp-image-466711\" \/><\/a><\/figure>\n","protected":false},"author":6,"featured_media":265980,"comment_status":"","ping_status":"closed","template":"","categories":[26],"tags":[45,21866,763],"class_list":["post-265979","infoair","type-infoair","status-publish","has-post-thumbnail","hentry","category-przewoznicy","tag-lotnisko","tag-lotnisko-radom-warszawa","tag-samolot"],"acf":[],"yoast_head":"<!-- This site is optimized with the Yoast SEO Premium plugin v21.8 (Yoast SEO v23.7) - https:\/\/yoast.com\/wordpress\/plugins\/seo\/ -->\n<title>Ponad 120 tys. odprawionych pasa\u017cer\u00f3w na lotnisku w Radomiu - TransInfo Archiwum<\/title>\n<meta name=\"description\" content=\"Siatka po\u0142\u0105cze\u0144 z radomskiego portu na lato 2024 r. ca\u0142y czas si\u0119 kszta\u0142tuje i mo\u017cna spodziewa\u0107 si\u0119 nowych po\u0142\u0105cze\u0144\" \/>\n<meta name=\"robots\" content=\"index, follow, max-snippet:-1, max-image-preview:large, max-video-preview:-1\" \/>\n<link rel=\"canonical\" href=\"https:\/\/transinfo.pl\/x\/infoair\/ponad-120-tys-odprawionych-pasazerow-na-lotnisku-w-radomiu\/\" \/>\n<meta property=\"og:locale\" content=\"pl_PL\" \/>\n<meta property=\"og:type\" content=\"article\" \/>\n<meta property=\"og:title\" content=\"Ponad 120 tys. odprawionych pasa\u017cer\u00f3w na lotnisku w Radomiu\" \/>\n<meta property=\"og:description\" content=\"Siatka po\u0142\u0105cze\u0144 z radomskiego portu na lato 2024 r. ca\u0142y czas si\u0119 kszta\u0142tuje i mo\u017cna spodziewa\u0107 si\u0119 nowych po\u0142\u0105cze\u0144\" \/>\n<meta property=\"og:url\" content=\"https:\/\/transinfo.pl\/x\/infoair\/ponad-120-tys-odprawionych-pasazerow-na-lotnisku-w-radomiu\/\" \/>\n<meta property=\"og:site_name\" content=\"TransInfo Archiwum\" \/>\n<meta property=\"og:image\" content=\"https:\/\/transinfo.pl\/x\/wp-content\/uploads\/2024\/03\/lotnisko-radom.jpg\" \/>\n\t<meta property=\"og:image:width\" content=\"1\" \/>\n\t<meta property=\"og:image:height\" content=\"1\" \/>\n\t<meta property=\"og:image:type\" content=\"image\/jpeg\" \/>\n<meta name=\"twitter:card\" content=\"summary_large_image\" \/>\n<meta name=\"twitter:label1\" content=\"Szacowany czas czytania\" \/>\n\t<meta name=\"twitter:data1\" content=\"2 minuty\" \/>\n<script type=\"application\/ld+json\" class=\"yoast-schema-graph\">{\"@context\":\"https:\/\/schema.org\",\"@graph\":[{\"@type\":\"WebPage\",\"@id\":\"https:\/\/transinfo.pl\/x\/infoair\/ponad-120-tys-odprawionych-pasazerow-na-lotnisku-w-radomiu\/\",\"url\":\"https:\/\/transinfo.pl\/x\/infoair\/ponad-120-tys-odprawionych-pasazerow-na-lotnisku-w-radomiu\/\",\"name\":\"Ponad 120 tys. odprawionych pasa\u017cer\u00f3w na lotnisku w Radomiu - TransInfo Archiwum\",\"isPartOf\":{\"@id\":\"https:\/\/transinfo.pl\/x\/#website\"},\"primaryImageOfPage\":{\"@id\":\"https:\/\/transinfo.pl\/x\/infoair\/ponad-120-tys-odprawionych-pasazerow-na-lotnisku-w-radomiu\/#primaryimage\"},\"image\":{\"@id\":\"https:\/\/transinfo.pl\/x\/infoair\/ponad-120-tys-odprawionych-pasazerow-na-lotnisku-w-radomiu\/#primaryimage\"},\"thumbnailUrl\":\"https:\/\/transinfo.pl\/x\/wp-content\/uploads\/2024\/03\/lotnisko-radom.jpg\",\"datePublished\":\"2024-03-08T08:34:00+00:00\",\"dateModified\":\"2024-03-08T08:34:00+00:00\",\"description\":\"Siatka po\u0142\u0105cze\u0144 z radomskiego portu na lato 2024 r. ca\u0142y czas si\u0119 kszta\u0142tuje i mo\u017cna spodziewa\u0107 si\u0119 nowych po\u0142\u0105cze\u0144\",\"breadcrumb\":{\"@id\":\"https:\/\/transinfo.pl\/x\/infoair\/ponad-120-tys-odprawionych-pasazerow-na-lotnisku-w-radomiu\/#breadcrumb\"},\"inLanguage\":\"pl-PL\",\"potentialAction\":[{\"@type\":\"ReadAction\",\"target\":[\"https:\/\/transinfo.pl\/x\/infoair\/ponad-120-tys-odprawionych-pasazerow-na-lotnisku-w-radomiu\/\"]}]},{\"@type\":\"ImageObject\",\"inLanguage\":\"pl-PL\",\"@id\":\"https:\/\/transinfo.pl\/x\/infoair\/ponad-120-tys-odprawionych-pasazerow-na-lotnisku-w-radomiu\/#primaryimage\",\"url\":\"https:\/\/transinfo.pl\/x\/wp-content\/uploads\/2024\/03\/lotnisko-radom.jpg\",\"contentUrl\":\"https:\/\/transinfo.pl\/x\/wp-content\/uploads\/2024\/03\/lotnisko-radom.jpg\"},{\"@type\":\"BreadcrumbList\",\"@id\":\"https:\/\/transinfo.pl\/x\/infoair\/ponad-120-tys-odprawionych-pasazerow-na-lotnisku-w-radomiu\/#breadcrumb\",\"itemListElement\":[{\"@type\":\"ListItem\",\"position\":1,\"name\":\"Home\",\"item\":\"https:\/\/transinfo.pl\/x\/\"},{\"@type\":\"ListItem\",\"position\":2,\"name\":\"Infoair\",\"item\":\"https:\/\/transinfo.pl\/x\/infoair\/\"},{\"@type\":\"ListItem\",\"position\":3,\"name\":\"Ponad 120 tys. odprawionych pasa\u017cer\u00f3w na lotnisku w Radomiu\"}]},{\"@type\":\"WebSite\",\"@id\":\"https:\/\/transinfo.pl\/x\/#website\",\"url\":\"https:\/\/transinfo.pl\/x\/\",\"name\":\"TransInfo Archiwum\",\"description\":\"Ca\u0142y transport w jednym miejscu\",\"publisher\":{\"@id\":\"https:\/\/transinfo.pl\/x\/#organization\"},\"potentialAction\":[{\"@type\":\"SearchAction\",\"target\":{\"@type\":\"EntryPoint\",\"urlTemplate\":\"https:\/\/transinfo.pl\/x\/?s={search_term_string}\"},\"query-input\":{\"@type\":\"PropertyValueSpecification\",\"valueRequired\":true,\"valueName\":\"search_term_string\"}}],\"inLanguage\":\"pl-PL\"},{\"@type\":\"Organization\",\"@id\":\"https:\/\/transinfo.pl\/x\/#organization\",\"name\":\"TransInfo\",\"url\":\"https:\/\/transinfo.pl\/x\/\",\"logo\":{\"@type\":\"ImageObject\",\"inLanguage\":\"pl-PL\",\"@id\":\"https:\/\/transinfo.pl\/x\/#\/schema\/logo\/image\/\",\"url\":\"https:\/\/transinfo.pl\/x\/wp-content\/uploads\/2024\/10\/favicon.png\",\"contentUrl\":\"https:\/\/transinfo.pl\/x\/wp-content\/uploads\/2024\/10\/favicon.png\",\"width\":512,\"height\":512,\"caption\":\"TransInfo\"},\"image\":{\"@id\":\"https:\/\/transinfo.pl\/x\/#\/schema\/logo\/image\/\"}}]}<\/script>\n<!-- \/ Yoast SEO Premium plugin. -->","yoast_head_json":{"title":"Ponad 120 tys. odprawionych pasa\u017cer\u00f3w na lotnisku w Radomiu - TransInfo Archiwum","description":"Siatka po\u0142\u0105cze\u0144 z radomskiego portu na lato 2024 r. ca\u0142y czas si\u0119 kszta\u0142tuje i mo\u017cna spodziewa\u0107 si\u0119 nowych po\u0142\u0105cze\u0144","robots":{"index":"index","follow":"follow","max-snippet":"max-snippet:-1","max-image-preview":"max-image-preview:large","max-video-preview":"max-video-preview:-1"},"canonical":"https:\/\/transinfo.pl\/x\/infoair\/ponad-120-tys-odprawionych-pasazerow-na-lotnisku-w-radomiu\/","og_locale":"pl_PL","og_type":"article","og_title":"Ponad 120 tys. odprawionych pasa\u017cer\u00f3w na lotnisku w Radomiu","og_description":"Siatka po\u0142\u0105cze\u0144 z radomskiego portu na lato 2024 r. ca\u0142y czas si\u0119 kszta\u0142tuje i mo\u017cna spodziewa\u0107 si\u0119 nowych po\u0142\u0105cze\u0144","og_url":"https:\/\/transinfo.pl\/x\/infoair\/ponad-120-tys-odprawionych-pasazerow-na-lotnisku-w-radomiu\/","og_site_name":"TransInfo Archiwum","og_image":[{"url":"https:\/\/transinfo.pl\/x\/wp-content\/uploads\/2024\/03\/lotnisko-radom.jpg","width":1,"height":1,"type":"image\/jpeg"}],"twitter_card":"summary_large_image","twitter_misc":{"Szacowany czas czytania":"2 minuty"},"schema":{"@context":"https:\/\/schema.org","@graph":[{"@type":"WebPage","@id":"https:\/\/transinfo.pl\/x\/infoair\/ponad-120-tys-odprawionych-pasazerow-na-lotnisku-w-radomiu\/","url":"https:\/\/transinfo.pl\/x\/infoair\/ponad-120-tys-odprawionych-pasazerow-na-lotnisku-w-radomiu\/","name":"Ponad 120 tys. odprawionych pasa\u017cer\u00f3w na lotnisku w Radomiu - TransInfo Archiwum","isPartOf":{"@id":"https:\/\/transinfo.pl\/x\/#website"},"primaryImageOfPage":{"@id":"https:\/\/transinfo.pl\/x\/infoair\/ponad-120-tys-odprawionych-pasazerow-na-lotnisku-w-radomiu\/#primaryimage"},"image":{"@id":"https:\/\/transinfo.pl\/x\/infoair\/ponad-120-tys-odprawionych-pasazerow-na-lotnisku-w-radomiu\/#primaryimage"},"thumbnailUrl":"https:\/\/transinfo.pl\/x\/wp-content\/uploads\/2024\/03\/lotnisko-radom.jpg","datePublished":"2024-03-08T08:34:00+00:00","dateModified":"2024-03-08T08:34:00+00:00","description":"Siatka po\u0142\u0105cze\u0144 z radomskiego portu na lato 2024 r. ca\u0142y czas si\u0119 kszta\u0142tuje i mo\u017cna spodziewa\u0107 si\u0119 nowych po\u0142\u0105cze\u0144","breadcrumb":{"@id":"https:\/\/transinfo.pl\/x\/infoair\/ponad-120-tys-odprawionych-pasazerow-na-lotnisku-w-radomiu\/#breadcrumb"},"inLanguage":"pl-PL","potentialAction":[{"@type":"ReadAction","target":["https:\/\/transinfo.pl\/x\/infoair\/ponad-120-tys-odprawionych-pasazerow-na-lotnisku-w-radomiu\/"]}]},{"@type":"ImageObject","inLanguage":"pl-PL","@id":"https:\/\/transinfo.pl\/x\/infoair\/ponad-120-tys-odprawionych-pasazerow-na-lotnisku-w-radomiu\/#primaryimage","url":"https:\/\/transinfo.pl\/x\/wp-content\/uploads\/2024\/03\/lotnisko-radom.jpg","contentUrl":"https:\/\/transinfo.pl\/x\/wp-content\/uploads\/2024\/03\/lotnisko-radom.jpg"},{"@type":"BreadcrumbList","@id":"https:\/\/transinfo.pl\/x\/infoair\/ponad-120-tys-odprawionych-pasazerow-na-lotnisku-w-radomiu\/#breadcrumb","itemListElement":[{"@type":"ListItem","position":1,"name":"Home","item":"https:\/\/transinfo.pl\/x\/"},{"@type":"ListItem","position":2,"name":"Infoair","item":"https:\/\/transinfo.pl\/x\/infoair\/"},{"@type":"ListItem","position":3,"name":"Ponad 120 tys. odprawionych pasa\u017cer\u00f3w na lotnisku w Radomiu"}]},{"@type":"WebSite","@id":"https:\/\/transinfo.pl\/x\/#website","url":"https:\/\/transinfo.pl\/x\/","name":"TransInfo Archiwum","description":"Ca\u0142y transport w jednym miejscu","publisher":{"@id":"https:\/\/transinfo.pl\/x\/#organization"},"potentialAction":[{"@type":"SearchAction","target":{"@type":"EntryPoint","urlTemplate":"https:\/\/transinfo.pl\/x\/?s={search_term_string}"},"query-input":{"@type":"PropertyValueSpecification","valueRequired":true,"valueName":"search_term_string"}}],"inLanguage":"pl-PL"},{"@type":"Organization","@id":"https:\/\/transinfo.pl\/x\/#organization","name":"TransInfo","url":"https:\/\/transinfo.pl\/x\/","logo":{"@type":"ImageObject","inLanguage":"pl-PL","@id":"https:\/\/transinfo.pl\/x\/#\/schema\/logo\/image\/","url":"https:\/\/transinfo.pl\/x\/wp-content\/uploads\/2024\/10\/favicon.png","contentUrl":"https:\/\/transinfo.pl\/x\/wp-content\/uploads\/2024\/10\/favicon.png","width":512,"height":512,"caption":"TransInfo"},"image":{"@id":"https:\/\/transinfo.pl\/x\/#\/schema\/logo\/image\/"}}]}},"_links":{"self":[{"href":"https:\/\/transinfo.pl\/x\/wp-json\/wp\/v2\/infoair\/265979","targetHints":{"allow":["GET"]}}],"collection":[{"href":"https:\/\/transinfo.pl\/x\/wp-json\/wp\/v2\/infoair"}],"about":[{"href":"https:\/\/transinfo.pl\/x\/wp-json\/wp\/v2\/types\/infoair"}],"author":[{"embeddable":true,"href":"https:\/\/transinfo.pl\/x\/wp-json\/wp\/v2\/users\/6"}],"replies":[{"embeddable":true,"href":"https:\/\/transinfo.pl\/x\/wp-json\/wp\/v2\/comments?post=265979"}],"wp:featuredmedia":[{"embeddable":true,"href":"https:\/\/transinfo.pl\/x\/wp-json\/wp\/v2\/media\/265980"}],"wp:attachment":[{"href":"https:\/\/transinfo.pl\/x\/wp-json\/wp\/v2\/media?parent=265979"}],"wp:term":[{"taxonomy":"category","embeddable":true,"href":"https:\/\/transinfo.pl\/x\/wp-json\/wp\/v2\/categories?post=265979"},{"taxonomy":"post_tag","embeddable":true,"href":"https:\/\/transinfo.pl\/x\/wp-json\/wp\/v2\/tags?post=265979"}],"curies":[{"name":"wp","href":"https:\/\/api.w.org\/{rel}","templated":true}]}}