{"id":265943,"date":"2024-03-07T12:45:56","date_gmt":"2024-03-07T12:45:56","guid":{"rendered":"https:\/\/transinfo.pl\/x\/infoair\/juz-niedlugo-poznamy-wynik-audytu-cpk\/"},"modified":"2024-03-07T12:45:56","modified_gmt":"2024-03-07T12:45:56","slug":"juz-niedlugo-poznamy-wynik-audytu-cpk","status":"publish","type":"infoair","link":"https:\/\/transinfo.pl\/x\/infoair\/juz-niedlugo-poznamy-wynik-audytu-cpk\/","title":{"rendered":"Jaki b\u0119dzie wynik audytu CPK? Nied\u0142ugo poznamy odpowied\u017a"},"content":{"rendered":"<style>h1,h2,h3,h4,h5,h6{margin:0 0 1.25rem;font-family:Arial,sans-serif;font-weight:600;color:#050505}h1{font-size:1.875rem;line-height:1.1em;text-transform:none}@media(min-width: 768px){h1{font-size:2.375rem}}h2{font-size:1.1875rem;line-height:1.2em;text-transform:uppercase}@media(min-width: 768px){h2{font-size:1.0625rem}}h3{font-size:0.9375rem;line-height:1.4em;font-weight:900;margin-bottom:0.9375rem}h4{font-size:0.875rem;line-height:1.2em;font-weight:500}h5{font-size:0.9375rem;line-height:1.6;font-weight:400}h6{font-size:0.9375rem;line-height:1.6;font-weight:600}\n<\/style>\n<h3 class=\"wp-block-heading\" id=\"h-za-okolo-trzy-tygodnie-planujemy-prezentacje-wynikow-wewnetrznego-audytu-spolki-centralny-port-komunikacyjny-zapowiedzial-pap-pelnomocnik-rzadu-ds-cpk-maciej-lasek-chcemy-wyprostowac-ten-projekt-dobrze-go-ocenic-i-wskazac-na-jego-ekonomiczne-i-merytoryczne-uzasadnienie-dodal\">Za oko\u0142o trzy tygodnie planujemy prezentacj\u0119 wynik\u00f3w wewn\u0119trznego audytu sp\u00f3\u0142ki Centralny Port Komunikacyjny &#8211; zapowiedzia\u0142 PAP pe\u0142nomocnik rz\u0105du ds. CPK Maciej Lasek. Chcemy wyprostowa\u0107 ten projekt, dobrze go oceni\u0107 i wskaza\u0107 na jego ekonomiczne i merytoryczne uzasadnienie &#8211; doda\u0142.<\/h3>\n\n\n<style>p{margin:0 0 1.5rem}p:last-child{margin:0}p.is-style-uppercase{text-transform:uppercase}p.is-style-preheading{color:#12406a;text-transform:uppercase}p.is-style-leadparagraph{font-size:1rem;line-height:1.625;font-weight:700}@media(min-width: 768px){p.is-style-leadparagraph{font-size:1.125rem;line-height:1.5555555556}}p.has-small-margin{margin-bottom:0.625rem}p.has-small-margin+h1,p.has-small-margin+h2,p.has-small-margin+h3{margin-top:1.875rem}\n<\/style>\n<p>Pe\u0142nomocnik rz\u0105du ds. CPK Maciej Lasek poinformowa\u0142 PAP, \u017ce obecnie w CPK trwa audyt wewn\u0119trzny prowadzony si\u0142ami sp\u00f3\u0142ki oraz Biura Pe\u0142nomocnika ds. CPK.<\/p>\n\n\n<style>.wp-block-quote{border-left:0.1875rem solid var(--page-color);font-size:1rem;font-style:italic;margin:0 0 1.6875rem;padding:1.25rem}.wp-block-quote cite{color:#050505}.wp-block-quote.is-style-large p{margin-bottom:10px}.wp-block-quote.is-style-large cite{color:#12406a}\n<\/style>\n<blockquote class=\"wp-block-quote is-layout-flow wp-block-quote-is-layout-flow\">\n<p>&#8222;Jeste\u015bmy na bardzo zaawansowanym poziomie w audycie wydatk\u00f3w na Program Spo\u0142eczno-Gospodarczy, analizujemy tak\u017ce obszar HR i realizacj\u0119 Programu Dobrowolnych Naby\u0107. Trwaj\u0105 te\u017c prace nad ocen\u0105 harmonogram\u00f3w w programie kolejowym i&nbsp;lotniskowym&#8221; &#8211; powiedzia\u0142 Lasek.<\/p>\n<\/blockquote>\n\n\n\n<p>Doda\u0142, \u017ce sp\u00f3\u0142ka realizuje r\u00f3wnolegle przetargi na audytor\u00f3w zewn\u0119trznych. &#8222;Bardzo nas ciekawi, jakie firmy si\u0119 zg\u0142osz\u0105, poniewa\u017c przez ostatnie lata sp\u00f3\u0142ka do\u015b\u0107 mocno wydrenowa\u0142a rynek, czyli pozawiera\u0142a bardzo du\u017co um\u00f3w z podmiotami, kt\u00f3re mog\u0142yby takie audyty przeprowadzi\u0107. Ze wst\u0119pnych naszych analiz wynika, \u017ce to ok. 116 takich firm&#8221; &#8211; powiedzia\u0142. Jak doda\u0142, firmy te zostan\u0105 wykluczone z post\u0119powania na audytora ze wzgl\u0119du na podejrzenie konfliktu interes\u00f3w, nie mo\u017cna bowiem ocenia\u0107 pracy, kt\u00f3r\u0105 w wi\u0119kszej lub mniejszej cz\u0119\u015bci samemu si\u0119 wykonywa\u0142o.<\/p>\n\n\n\n<p>Przypomnia\u0142, \u017ce sp\u00f3\u0142ka w ostatnim czasie uniewa\u017cni\u0142a post\u0119powania przetargowe zwi\u0105zane z audytem poziomu zatrudnienia i wynagrodze\u0144, &#8222;w zwi\u0105zku z identyfikacj\u0105 sytuacji maj\u0105cej znamiona konfliktu interes\u00f3w&#8221;. Uniewa\u017cniono tak\u017ce post\u0119powanie na audyt harmonogram\u00f3w dla cz\u0119\u015bci&nbsp;lotniskowej i kolejowej (w zakresie linii \u201eigrek\u201d), kt\u00f3ry by\u0142 prowadzony jako post\u0119powanie regulaminowe.<\/p>\n\n\n\n<blockquote class=\"wp-block-quote is-layout-flow wp-block-quote-is-layout-flow\">\n<p>&#8222;Wracaj\u0105c do audyt\u00f3w prowadzonych przez sp\u00f3\u0142k\u0119 i Biuro Pe\u0142nomocnika ds. CPK, to w zasadzie jeste\u015bmy na uko\u0144czeniu audytu wewn\u0119trznego w zakresie harmonogramu&nbsp;lotniskowego oraz realizacji Programu Spo\u0142eczno-Gospodarczego i my\u015bl\u0119, \u017ce nied\u0142ugo, za oko\u0142o trzy tygodnie, b\u0119dziemy informowali o wewn\u0119trznych ustaleniach &#8221; &#8211; powiedzia\u0142 Lasek.<\/p>\n<\/blockquote>\n\n\n\n<blockquote class=\"wp-block-quote is-layout-flow wp-block-quote-is-layout-flow\">\n<p>&#8222;D\u0105\u017cymy do tego, \u017ceby ten projekt wyprostowa\u0107, \u017ceby go dobrze oceni\u0107, wskaza\u0107, co ma w nim sens, uzasadnienie ekonomiczne i merytoryczne&#8221; &#8211; poinformowa\u0142.<\/p>\n<\/blockquote>\n\n\n\n<p>Rozm\u00f3wca PAP doda\u0142, \u017ce sp\u00f3\u0142ka jednocze\u015bnie pracuje nad urealnieniem koszt\u00f3w projektu CPK. &#8222;W wieloletnim programie inwestycyjnym CPK do 2030 r. na cz\u0119\u015b\u0107&nbsp;lotniskow\u0105 przewidziano 76 mld z\u0142, a na kolejow\u0105 &#8211; 60 mld z\u0142. W sumie z inwestycjami towarzysz\u0105cymi to ok. 155 mld z\u0142&#8221; &#8211; powiedzia\u0142 Lasek.<\/p>\n\n\n\n<p>Sp\u00f3\u0142ka Centralny Port Komunikacyjny (CPK) zosta\u0142a powo\u0142ana do przygotowania i realizacji Programu wieloletniego Centralnego Portu Komunikacyjnego, obejmuj\u0105cego m.in. budow\u0119 nowego&nbsp;lotniska centralnego dla Polski oraz inwestycji towarzysz\u0105cych &#8211; m.in. linii kolejowych, dr\u00f3g ekspresowych i autostrad.<\/p>\n\n\n\n<p>Centralny Port Komunikacyjny to planowany w\u0119ze\u0142 przesiadkowy mi\u0119dzy Warszaw\u0105 i \u0141odzi\u0105, kt\u00f3ry ma zintegrowa\u0107 transport lotniczy, kolejowy i drogowy. W ramach tego projektu w odleg\u0142o\u015bci 37 km na zach\u00f3d od Warszawy, na obszarze ok. 3 tys. hektar\u00f3w ma by\u0107 wybudowany port lotniczy. W sk\u0142ad CPK maj\u0105 wej\u015b\u0107 te\u017c inwestycje kolejowe: w\u0119ze\u0142 przy porcie lotniczym i po\u0142\u0105czenia na terenie kraju, kt\u00f3re maj\u0105 umo\u017cliwi\u0107 przejazd mi\u0119dzy Warszaw\u0105 a najwi\u0119kszymi polskimi miastami w czasie nie d\u0142u\u017cszym ni\u017c 2,5 godz. CPK jest w 100 proc. w\u0142asno\u015bci\u0105 Skarbu Pa\u0144stwa. (PAP)<\/p>\n\n\n<style>.wp-block-image{margin:1.25rem 0;text-align:center}.wp-block-image figcaption{padding:0 0.9375rem;text-align:center}\n<\/style>\n<figure class=\"wp-block-image size-large\"><a href=\"https:\/\/transinfo.pl\/wp-content\/uploads\/2024\/03\/cpk-2.jpg\"><img decoding=\"async\" src=\"https:\/\/transinfo.pl\/wp-content\/uploads\/2024\/03\/cpk-2-1024x724.jpg\" alt=\"\" class=\"wp-image-466624\" \/><\/a><figcaption class=\"wp-element-caption\">Wizualizacja CPK<\/figcaption><\/figure>\n","protected":false},"author":6,"featured_media":265944,"comment_status":"","ping_status":"closed","template":"","categories":[24],"tags":[6299,68,674,45,763],"class_list":["post-265943","infoair","type-infoair","status-publish","has-post-thumbnail","hentry","category-prawo","tag-audyt","tag-centralny-port-komunikacyjny","tag-cpk","tag-lotnisko","tag-samolot"],"acf":[],"yoast_head":"<!-- This site is optimized with the Yoast SEO Premium plugin v21.8 (Yoast SEO v23.7) - https:\/\/yoast.com\/wordpress\/plugins\/seo\/ -->\n<title>Jaki b\u0119dzie wynik audytu CPK? Nied\u0142ugo poznamy odpowied\u017a - TransInfo Archiwum<\/title>\n<meta name=\"description\" content=\"Za oko\u0142o trzy tygodnie planujemy prezentacj\u0119 wynik\u00f3w wewn\u0119trznego audytu sp\u00f3\u0142ki Centralny Port Komunikacyjny\" \/>\n<meta name=\"robots\" content=\"index, follow, max-snippet:-1, max-image-preview:large, max-video-preview:-1\" \/>\n<link rel=\"canonical\" href=\"https:\/\/transinfo.pl\/x\/infoair\/juz-niedlugo-poznamy-wynik-audytu-cpk\/\" \/>\n<meta property=\"og:locale\" content=\"pl_PL\" \/>\n<meta property=\"og:type\" content=\"article\" \/>\n<meta property=\"og:title\" content=\"Jaki b\u0119dzie wynik audytu CPK? Nied\u0142ugo poznamy odpowied\u017a\" \/>\n<meta property=\"og:description\" content=\"Za oko\u0142o trzy tygodnie planujemy prezentacj\u0119 wynik\u00f3w wewn\u0119trznego audytu sp\u00f3\u0142ki Centralny Port Komunikacyjny\" \/>\n<meta property=\"og:url\" content=\"https:\/\/transinfo.pl\/x\/infoair\/juz-niedlugo-poznamy-wynik-audytu-cpk\/\" \/>\n<meta property=\"og:site_name\" content=\"TransInfo Archiwum\" \/>\n<meta property=\"og:image\" content=\"https:\/\/transinfo.pl\/x\/wp-content\/uploads\/2024\/03\/CPK_Koncepcja-5-1920x1295-1.jpg\" \/>\n\t<meta property=\"og:image:width\" content=\"1\" \/>\n\t<meta property=\"og:image:height\" content=\"1\" \/>\n\t<meta property=\"og:image:type\" content=\"image\/jpeg\" \/>\n<meta name=\"twitter:card\" content=\"summary_large_image\" \/>\n<meta name=\"twitter:label1\" content=\"Szacowany czas czytania\" \/>\n\t<meta name=\"twitter:data1\" content=\"3 minuty\" \/>\n<script type=\"application\/ld+json\" class=\"yoast-schema-graph\">{\"@context\":\"https:\/\/schema.org\",\"@graph\":[{\"@type\":\"WebPage\",\"@id\":\"https:\/\/transinfo.pl\/x\/infoair\/juz-niedlugo-poznamy-wynik-audytu-cpk\/\",\"url\":\"https:\/\/transinfo.pl\/x\/infoair\/juz-niedlugo-poznamy-wynik-audytu-cpk\/\",\"name\":\"Jaki b\u0119dzie wynik audytu CPK? Nied\u0142ugo poznamy odpowied\u017a - TransInfo Archiwum\",\"isPartOf\":{\"@id\":\"https:\/\/transinfo.pl\/x\/#website\"},\"primaryImageOfPage\":{\"@id\":\"https:\/\/transinfo.pl\/x\/infoair\/juz-niedlugo-poznamy-wynik-audytu-cpk\/#primaryimage\"},\"image\":{\"@id\":\"https:\/\/transinfo.pl\/x\/infoair\/juz-niedlugo-poznamy-wynik-audytu-cpk\/#primaryimage\"},\"thumbnailUrl\":\"https:\/\/transinfo.pl\/x\/wp-content\/uploads\/2024\/03\/CPK_Koncepcja-5-1920x1295-1.jpg\",\"datePublished\":\"2024-03-07T12:45:56+00:00\",\"dateModified\":\"2024-03-07T12:45:56+00:00\",\"description\":\"Za oko\u0142o trzy tygodnie planujemy prezentacj\u0119 wynik\u00f3w wewn\u0119trznego audytu sp\u00f3\u0142ki Centralny Port Komunikacyjny\",\"breadcrumb\":{\"@id\":\"https:\/\/transinfo.pl\/x\/infoair\/juz-niedlugo-poznamy-wynik-audytu-cpk\/#breadcrumb\"},\"inLanguage\":\"pl-PL\",\"potentialAction\":[{\"@type\":\"ReadAction\",\"target\":[\"https:\/\/transinfo.pl\/x\/infoair\/juz-niedlugo-poznamy-wynik-audytu-cpk\/\"]}]},{\"@type\":\"ImageObject\",\"inLanguage\":\"pl-PL\",\"@id\":\"https:\/\/transinfo.pl\/x\/infoair\/juz-niedlugo-poznamy-wynik-audytu-cpk\/#primaryimage\",\"url\":\"https:\/\/transinfo.pl\/x\/wp-content\/uploads\/2024\/03\/CPK_Koncepcja-5-1920x1295-1.jpg\",\"contentUrl\":\"https:\/\/transinfo.pl\/x\/wp-content\/uploads\/2024\/03\/CPK_Koncepcja-5-1920x1295-1.jpg\"},{\"@type\":\"BreadcrumbList\",\"@id\":\"https:\/\/transinfo.pl\/x\/infoair\/juz-niedlugo-poznamy-wynik-audytu-cpk\/#breadcrumb\",\"itemListElement\":[{\"@type\":\"ListItem\",\"position\":1,\"name\":\"Home\",\"item\":\"https:\/\/transinfo.pl\/x\/\"},{\"@type\":\"ListItem\",\"position\":2,\"name\":\"Infoair\",\"item\":\"https:\/\/transinfo.pl\/x\/infoair\/\"},{\"@type\":\"ListItem\",\"position\":3,\"name\":\"Jaki b\u0119dzie wynik audytu CPK? Nied\u0142ugo poznamy odpowied\u017a\"}]},{\"@type\":\"WebSite\",\"@id\":\"https:\/\/transinfo.pl\/x\/#website\",\"url\":\"https:\/\/transinfo.pl\/x\/\",\"name\":\"TransInfo Archiwum\",\"description\":\"Ca\u0142y transport w jednym miejscu\",\"publisher\":{\"@id\":\"https:\/\/transinfo.pl\/x\/#organization\"},\"potentialAction\":[{\"@type\":\"SearchAction\",\"target\":{\"@type\":\"EntryPoint\",\"urlTemplate\":\"https:\/\/transinfo.pl\/x\/?s={search_term_string}\"},\"query-input\":{\"@type\":\"PropertyValueSpecification\",\"valueRequired\":true,\"valueName\":\"search_term_string\"}}],\"inLanguage\":\"pl-PL\"},{\"@type\":\"Organization\",\"@id\":\"https:\/\/transinfo.pl\/x\/#organization\",\"name\":\"TransInfo\",\"url\":\"https:\/\/transinfo.pl\/x\/\",\"logo\":{\"@type\":\"ImageObject\",\"inLanguage\":\"pl-PL\",\"@id\":\"https:\/\/transinfo.pl\/x\/#\/schema\/logo\/image\/\",\"url\":\"https:\/\/transinfo.pl\/x\/wp-content\/uploads\/2024\/10\/favicon.png\",\"contentUrl\":\"https:\/\/transinfo.pl\/x\/wp-content\/uploads\/2024\/10\/favicon.png\",\"width\":512,\"height\":512,\"caption\":\"TransInfo\"},\"image\":{\"@id\":\"https:\/\/transinfo.pl\/x\/#\/schema\/logo\/image\/\"}}]}<\/script>\n<!-- \/ Yoast SEO Premium plugin. -->","yoast_head_json":{"title":"Jaki b\u0119dzie wynik audytu CPK? Nied\u0142ugo poznamy odpowied\u017a - TransInfo Archiwum","description":"Za oko\u0142o trzy tygodnie planujemy prezentacj\u0119 wynik\u00f3w wewn\u0119trznego audytu sp\u00f3\u0142ki Centralny Port Komunikacyjny","robots":{"index":"index","follow":"follow","max-snippet":"max-snippet:-1","max-image-preview":"max-image-preview:large","max-video-preview":"max-video-preview:-1"},"canonical":"https:\/\/transinfo.pl\/x\/infoair\/juz-niedlugo-poznamy-wynik-audytu-cpk\/","og_locale":"pl_PL","og_type":"article","og_title":"Jaki b\u0119dzie wynik audytu CPK? Nied\u0142ugo poznamy odpowied\u017a","og_description":"Za oko\u0142o trzy tygodnie planujemy prezentacj\u0119 wynik\u00f3w wewn\u0119trznego audytu sp\u00f3\u0142ki Centralny Port Komunikacyjny","og_url":"https:\/\/transinfo.pl\/x\/infoair\/juz-niedlugo-poznamy-wynik-audytu-cpk\/","og_site_name":"TransInfo Archiwum","og_image":[{"url":"https:\/\/transinfo.pl\/x\/wp-content\/uploads\/2024\/03\/CPK_Koncepcja-5-1920x1295-1.jpg","width":1,"height":1,"type":"image\/jpeg"}],"twitter_card":"summary_large_image","twitter_misc":{"Szacowany czas czytania":"3 minuty"},"schema":{"@context":"https:\/\/schema.org","@graph":[{"@type":"WebPage","@id":"https:\/\/transinfo.pl\/x\/infoair\/juz-niedlugo-poznamy-wynik-audytu-cpk\/","url":"https:\/\/transinfo.pl\/x\/infoair\/juz-niedlugo-poznamy-wynik-audytu-cpk\/","name":"Jaki b\u0119dzie wynik audytu CPK? Nied\u0142ugo poznamy odpowied\u017a - TransInfo Archiwum","isPartOf":{"@id":"https:\/\/transinfo.pl\/x\/#website"},"primaryImageOfPage":{"@id":"https:\/\/transinfo.pl\/x\/infoair\/juz-niedlugo-poznamy-wynik-audytu-cpk\/#primaryimage"},"image":{"@id":"https:\/\/transinfo.pl\/x\/infoair\/juz-niedlugo-poznamy-wynik-audytu-cpk\/#primaryimage"},"thumbnailUrl":"https:\/\/transinfo.pl\/x\/wp-content\/uploads\/2024\/03\/CPK_Koncepcja-5-1920x1295-1.jpg","datePublished":"2024-03-07T12:45:56+00:00","dateModified":"2024-03-07T12:45:56+00:00","description":"Za oko\u0142o trzy tygodnie planujemy prezentacj\u0119 wynik\u00f3w wewn\u0119trznego audytu sp\u00f3\u0142ki Centralny Port Komunikacyjny","breadcrumb":{"@id":"https:\/\/transinfo.pl\/x\/infoair\/juz-niedlugo-poznamy-wynik-audytu-cpk\/#breadcrumb"},"inLanguage":"pl-PL","potentialAction":[{"@type":"ReadAction","target":["https:\/\/transinfo.pl\/x\/infoair\/juz-niedlugo-poznamy-wynik-audytu-cpk\/"]}]},{"@type":"ImageObject","inLanguage":"pl-PL","@id":"https:\/\/transinfo.pl\/x\/infoair\/juz-niedlugo-poznamy-wynik-audytu-cpk\/#primaryimage","url":"https:\/\/transinfo.pl\/x\/wp-content\/uploads\/2024\/03\/CPK_Koncepcja-5-1920x1295-1.jpg","contentUrl":"https:\/\/transinfo.pl\/x\/wp-content\/uploads\/2024\/03\/CPK_Koncepcja-5-1920x1295-1.jpg"},{"@type":"BreadcrumbList","@id":"https:\/\/transinfo.pl\/x\/infoair\/juz-niedlugo-poznamy-wynik-audytu-cpk\/#breadcrumb","itemListElement":[{"@type":"ListItem","position":1,"name":"Home","item":"https:\/\/transinfo.pl\/x\/"},{"@type":"ListItem","position":2,"name":"Infoair","item":"https:\/\/transinfo.pl\/x\/infoair\/"},{"@type":"ListItem","position":3,"name":"Jaki b\u0119dzie wynik audytu CPK? Nied\u0142ugo poznamy odpowied\u017a"}]},{"@type":"WebSite","@id":"https:\/\/transinfo.pl\/x\/#website","url":"https:\/\/transinfo.pl\/x\/","name":"TransInfo Archiwum","description":"Ca\u0142y transport w jednym miejscu","publisher":{"@id":"https:\/\/transinfo.pl\/x\/#organization"},"potentialAction":[{"@type":"SearchAction","target":{"@type":"EntryPoint","urlTemplate":"https:\/\/transinfo.pl\/x\/?s={search_term_string}"},"query-input":{"@type":"PropertyValueSpecification","valueRequired":true,"valueName":"search_term_string"}}],"inLanguage":"pl-PL"},{"@type":"Organization","@id":"https:\/\/transinfo.pl\/x\/#organization","name":"TransInfo","url":"https:\/\/transinfo.pl\/x\/","logo":{"@type":"ImageObject","inLanguage":"pl-PL","@id":"https:\/\/transinfo.pl\/x\/#\/schema\/logo\/image\/","url":"https:\/\/transinfo.pl\/x\/wp-content\/uploads\/2024\/10\/favicon.png","contentUrl":"https:\/\/transinfo.pl\/x\/wp-content\/uploads\/2024\/10\/favicon.png","width":512,"height":512,"caption":"TransInfo"},"image":{"@id":"https:\/\/transinfo.pl\/x\/#\/schema\/logo\/image\/"}}]}},"_links":{"self":[{"href":"https:\/\/transinfo.pl\/x\/wp-json\/wp\/v2\/infoair\/265943","targetHints":{"allow":["GET"]}}],"collection":[{"href":"https:\/\/transinfo.pl\/x\/wp-json\/wp\/v2\/infoair"}],"about":[{"href":"https:\/\/transinfo.pl\/x\/wp-json\/wp\/v2\/types\/infoair"}],"author":[{"embeddable":true,"href":"https:\/\/transinfo.pl\/x\/wp-json\/wp\/v2\/users\/6"}],"replies":[{"embeddable":true,"href":"https:\/\/transinfo.pl\/x\/wp-json\/wp\/v2\/comments?post=265943"}],"wp:featuredmedia":[{"embeddable":true,"href":"https:\/\/transinfo.pl\/x\/wp-json\/wp\/v2\/media\/265944"}],"wp:attachment":[{"href":"https:\/\/transinfo.pl\/x\/wp-json\/wp\/v2\/media?parent=265943"}],"wp:term":[{"taxonomy":"category","embeddable":true,"href":"https:\/\/transinfo.pl\/x\/wp-json\/wp\/v2\/categories?post=265943"},{"taxonomy":"post_tag","embeddable":true,"href":"https:\/\/transinfo.pl\/x\/wp-json\/wp\/v2\/tags?post=265943"}],"curies":[{"name":"wp","href":"https:\/\/api.w.org\/{rel}","templated":true}]}}