{"id":265398,"date":"2024-02-26T14:08:49","date_gmt":"2024-02-26T14:08:49","guid":{"rendered":"https:\/\/transinfo.pl\/x\/infoair\/rozklad-lotow-klm-na-lato-wiecej-polaczen-z-polski\/"},"modified":"2024-02-26T14:08:49","modified_gmt":"2024-02-26T14:08:49","slug":"rozklad-lotow-klm-na-lato-wiecej-polaczen-z-polski","status":"publish","type":"infoair","link":"https:\/\/transinfo.pl\/x\/infoair\/rozklad-lotow-klm-na-lato-wiecej-polaczen-z-polski\/","title":{"rendered":"Rozk\u0142ad lot\u00f3w KLM na lato. Wi\u0119cej po\u0142\u0105cze\u0144 z Polski"},"content":{"rendered":"<style>h1,h2,h3,h4,h5,h6{margin:0 0 1.25rem;font-family:Arial,sans-serif;font-weight:600;color:#050505}h1{font-size:1.875rem;line-height:1.1em;text-transform:none}@media(min-width: 768px){h1{font-size:2.375rem}}h2{font-size:1.1875rem;line-height:1.2em;text-transform:uppercase}@media(min-width: 768px){h2{font-size:1.0625rem}}h3{font-size:0.9375rem;line-height:1.4em;font-weight:900;margin-bottom:0.9375rem}h4{font-size:0.875rem;line-height:1.2em;font-weight:500}h5{font-size:0.9375rem;line-height:1.6;font-weight:400}h6{font-size:0.9375rem;line-height:1.6;font-weight:600}\n<\/style>\n<h3 class=\"wp-block-heading\" id=\"h-klm-szykuje-sie-do-letniego-sezonu-155-kierunkow-na-calym-swiecie-i-wiecej-lotow-z-polsk-najbardziej-skorzystaja-lotniska-w-krakowie-gdansku-i-wroclawiu\">KLM szykuje si\u0119 do letniego sezonu. 155 kierunk\u00f3w na ca\u0142ym \u015bwiecie i wi\u0119cej lot\u00f3w z Polsk, najbardziej skorzystaj\u0105 lotniska w Krakowie, Gda\u0144sku i Wroc\u0142awiu<\/h3>\n\n\n<style>p{margin:0 0 1.5rem}p:last-child{margin:0}p.is-style-uppercase{text-transform:uppercase}p.is-style-preheading{color:#12406a;text-transform:uppercase}p.is-style-leadparagraph{font-size:1rem;line-height:1.625;font-weight:700}@media(min-width: 768px){p.is-style-leadparagraph{font-size:1.125rem;line-height:1.5555555556}}p.has-small-margin{margin-bottom:0.625rem}p.has-small-margin+h1,p.has-small-margin+h2,p.has-small-margin+h3{margin-top:1.875rem}\n<\/style>\n<p>KLM og\u0142osi\u0142 swoje plany na zbli\u017caj\u0105cy si\u0119 letni sezon lot\u00f3w. W tym roku nowy rozk\u0142ad obowi\u0105zuje od 31 marca do 26 pa\u017adziernika. Linia planuje zaoferowa\u0107 155 kierunk\u00f3w, w tym 63 trasy mi\u0119dzykontynentalne i 92 miasta w Europie. W por\u00f3wnaniu z latem 2023, oferta dost\u0119pnych miejsc b\u0119dzie wi\u0119ksza o oko\u0142o 7 procent i prawie osi\u0105gnie poziom sprzed pandemii. Dobr\u0105 informacj\u0105 dla podr\u00f3\u017cnych z Polski jest wi\u0119cej lot\u00f3w z Krakowa, Gda\u0144ska i Wroc\u0142awia.<\/p>\n\n\n\n<p>KLM planuje zwi\u0119kszy\u0107 cz\u0119stotliwo\u015b\u0107 po\u0142\u0105cze\u0144 na wybranych trasach mi\u0119dzykontynentalnych. Linia zaoferuje wi\u0119cej lot\u00f3w do D\u017cakarty w ramach rejs\u00f3w \u0142\u0105czonych z Kuala Lumpur oraz do Denpasar (Bali) z l\u0105dowaniem w Singapurze. Zostan\u0105 wznowione bezpo\u015brednie loty z Amsterdamu do Osaki i codzienne po\u0142\u0105czenie do Tokio Narita. Dodatkowo wzro\u015bnie liczba rotacji do Tajpej, Hongkongu, Montrealu, Toronto i Los<\/p>\n\n\n\n<p>Angeles. Aktualnie, poda\u017c miejsc na lotach KLM do Ameryki P\u00f3\u0142nocnej jest wy\u017csza ni\u017c w 2019 roku.<\/p>\n\n\n\n<p>Stopniowe zwi\u0119kszanie liczby lot\u00f3w na wybranych trasach jest cz\u0119\u015bci\u0105 trwaj\u0105cego procesu, w ramach kt\u00f3rego KLM dostosowuje swoj\u0105 siatk\u0119 po\u0142\u0105cze\u0144 do wymog\u00f3w rynku, z uwzgl\u0119dnieniem dost\u0119pnej floty i za\u0142\u00f3g.<\/p>\n\n\n\n<p>Kolejne zmiany planowane przez przewo\u017anika w sezonie wiosna-lato 2024 obejmuj\u0105 wznowienie lot\u00f3w do Tel Awiwu od 1 kwietnia b.r. Do co najmniej 19 maja, po\u0142\u0105czenie to b\u0119dzie odbywa\u0142o si\u0119 z mi\u0119dzyl\u0105dowaniem w Larnace na Cyprze. KLM uzale\u017cnia swoje operacje od warunk\u00f3w bezpiecze\u0144stwa w regionie i uwa\u017cnie monitoruje sytuacj\u0119 pod tym wzgl\u0119dem.<\/p>\n\n\n\n<p>Linia zapowiedzia\u0142a te\u017c liczne inwestycje w swoj\u0105 europejsk\u0105 siatk\u0119 po\u0142\u0105cze\u0144, gdzie wzmocni swoj\u0105 obecno\u015b\u0107 w wybranych krajach, zwi\u0119kszaj\u0105c liczb\u0119 rotacji. Korzystne zmiany w rozk\u0142adzie nadchodz\u0105 do Polski gdzie, w por\u00f3wnaniu z ubieg\u0142orocznym latem, b\u0119dzie wi\u0119cej lot\u00f3w do Amsterdamu z port\u00f3w regionalnych, zw\u0142aszcza z Krakowa, Wroc\u0142awia i Gda\u0144ska. Ze stolicy Ma\u0142opolski KLM zaplanowa\u0142 3 do 4 lot\u00f3w dziennie, z Wroc\u0142awia \u2013 podobnie jak w sezonie zimowym &#8211; b\u0119d\u0105 realizowane 2 po\u0142\u0105czenia dziennie, natomiast podr\u00f3\u017cni z Gda\u0144ska b\u0119d\u0105 mieli do dyspozycji a\u017c 4 loty dziennie (wiosn\u0105 do ko\u0144ca czerwca oraz we wrze\u015bniu i pa\u017adzierniku) oraz 3 loty dziennie w czasie letnich wakacji w lipcu i sierpniu. Ponadto KLM b\u0119dzie lata\u0142 \u015brednio 4 razy dziennie w Warszawy, a z Poznania \u2013 podobnie jak zim\u0105 \u2013 zaoferuje codzienne po\u0142\u0105czenie z Amsterdamem.<\/p>\n\n\n\n<p>Pozostaj\u0105c w Europie, w letnim rozk\u0142adzie KLM przyb\u0119dzie r\u00f3wnie\u017c lot\u00f3w na trasach z Amsterdamu do Edynburga, Newcastle, Glasgow, Southampton, a tak\u017ce do Pragi, Bolonii, Florencji i Genui. Linia zaoferuje te\u017c codzienne po\u0142\u0105czenia do Billund, Stavanger, Nicei i pozostawi w rozk\u0142adzie zainaugurowan\u0105 w pa\u017adzierniku tras\u0119 do Marsylii.<\/p>\n\n\n\n<p>Szczeg\u00f3\u0142owy rozk\u0142ad lot\u00f3w i bilety na podr\u00f3\u017ce KLM s\u0105 dost\u0119pne na klm.pl<\/p>\n\n\n<style>.wp-block-image{margin:1.25rem 0;text-align:center}.wp-block-image figcaption{padding:0 0.9375rem;text-align:center}\n<\/style>\n<figure class=\"wp-block-image size-large\"><a href=\"https:\/\/transinfo.pl\/wp-content\/uploads\/2024\/02\/Dwa-samoloty-KLM-na-plycie-scaled.jpg\"><img decoding=\"async\" src=\"https:\/\/transinfo.pl\/wp-content\/uploads\/2024\/02\/Dwa-samoloty-KLM-na-plycie-1024x678.jpg\" alt=\"KLM szykuje si\u0119 na lato - wi\u0119cej lot\u00f3w z Polski, najbardziej skorzystaj\u0105 lotniska w Krakowie, Gda\u0144sku i Wroc\u0142awiu\" class=\"wp-image-465324\" \/><\/a><figcaption class=\"wp-element-caption\">Dwa samoloty KLM na p\u0142ycie lotniska<\/figcaption><\/figure>\n","protected":false},"author":6,"featured_media":256247,"comment_status":"","ping_status":"closed","template":"","categories":[26],"tags":[],"class_list":["post-265398","infoair","type-infoair","status-publish","has-post-thumbnail","hentry","category-przewoznicy"],"acf":[],"yoast_head":"<!-- This site is optimized with the Yoast SEO Premium plugin v21.8 (Yoast SEO v23.7) - https:\/\/yoast.com\/wordpress\/plugins\/seo\/ -->\n<title>Rozk\u0142ad lot\u00f3w KLM na lato. Wi\u0119cej po\u0142\u0105cze\u0144 z Polski - TransInfo Archiwum<\/title>\n<meta name=\"description\" content=\"KLM szykuje si\u0119 na lato - wi\u0119cej lot\u00f3w z Polski, najbardziej skorzystaj\u0105 lotniska w Krakowie, Gda\u0144sku i Wroc\u0142awiu\" \/>\n<meta name=\"robots\" content=\"index, follow, max-snippet:-1, max-image-preview:large, max-video-preview:-1\" \/>\n<link rel=\"canonical\" href=\"https:\/\/transinfo.pl\/x\/infoair\/rozklad-lotow-klm-na-lato-wiecej-polaczen-z-polski\/\" \/>\n<meta property=\"og:locale\" content=\"pl_PL\" \/>\n<meta property=\"og:type\" content=\"article\" \/>\n<meta property=\"og:title\" content=\"Rozk\u0142ad lot\u00f3w KLM na lato. Wi\u0119cej po\u0142\u0105cze\u0144 z Polski\" \/>\n<meta property=\"og:description\" content=\"KLM szykuje si\u0119 na lato - wi\u0119cej lot\u00f3w z Polski, najbardziej skorzystaj\u0105 lotniska w Krakowie, Gda\u0144sku i Wroc\u0142awiu\" \/>\n<meta property=\"og:url\" content=\"https:\/\/transinfo.pl\/x\/infoair\/rozklad-lotow-klm-na-lato-wiecej-polaczen-z-polski\/\" \/>\n<meta property=\"og:site_name\" content=\"TransInfo Archiwum\" \/>\n<meta property=\"og:image\" content=\"https:\/\/transinfo.pl\/x\/wp-content\/uploads\/2023\/08\/KLM.jpg\" \/>\n\t<meta property=\"og:image:width\" content=\"1\" \/>\n\t<meta property=\"og:image:height\" content=\"1\" \/>\n\t<meta property=\"og:image:type\" content=\"image\/jpeg\" \/>\n<meta name=\"twitter:card\" content=\"summary_large_image\" \/>\n<meta name=\"twitter:label1\" content=\"Szacowany czas czytania\" \/>\n\t<meta name=\"twitter:data1\" content=\"3 minuty\" \/>\n<script type=\"application\/ld+json\" class=\"yoast-schema-graph\">{\"@context\":\"https:\/\/schema.org\",\"@graph\":[{\"@type\":\"WebPage\",\"@id\":\"https:\/\/transinfo.pl\/x\/infoair\/rozklad-lotow-klm-na-lato-wiecej-polaczen-z-polski\/\",\"url\":\"https:\/\/transinfo.pl\/x\/infoair\/rozklad-lotow-klm-na-lato-wiecej-polaczen-z-polski\/\",\"name\":\"Rozk\u0142ad lot\u00f3w KLM na lato. Wi\u0119cej po\u0142\u0105cze\u0144 z Polski - TransInfo Archiwum\",\"isPartOf\":{\"@id\":\"https:\/\/transinfo.pl\/x\/#website\"},\"primaryImageOfPage\":{\"@id\":\"https:\/\/transinfo.pl\/x\/infoair\/rozklad-lotow-klm-na-lato-wiecej-polaczen-z-polski\/#primaryimage\"},\"image\":{\"@id\":\"https:\/\/transinfo.pl\/x\/infoair\/rozklad-lotow-klm-na-lato-wiecej-polaczen-z-polski\/#primaryimage\"},\"thumbnailUrl\":\"https:\/\/transinfo.pl\/x\/wp-content\/uploads\/2023\/08\/KLM.jpg\",\"datePublished\":\"2024-02-26T14:08:49+00:00\",\"dateModified\":\"2024-02-26T14:08:49+00:00\",\"description\":\"KLM szykuje si\u0119 na lato - wi\u0119cej lot\u00f3w z Polski, najbardziej skorzystaj\u0105 lotniska w Krakowie, Gda\u0144sku i Wroc\u0142awiu\",\"breadcrumb\":{\"@id\":\"https:\/\/transinfo.pl\/x\/infoair\/rozklad-lotow-klm-na-lato-wiecej-polaczen-z-polski\/#breadcrumb\"},\"inLanguage\":\"pl-PL\",\"potentialAction\":[{\"@type\":\"ReadAction\",\"target\":[\"https:\/\/transinfo.pl\/x\/infoair\/rozklad-lotow-klm-na-lato-wiecej-polaczen-z-polski\/\"]}]},{\"@type\":\"ImageObject\",\"inLanguage\":\"pl-PL\",\"@id\":\"https:\/\/transinfo.pl\/x\/infoair\/rozklad-lotow-klm-na-lato-wiecej-polaczen-z-polski\/#primaryimage\",\"url\":\"https:\/\/transinfo.pl\/x\/wp-content\/uploads\/2023\/08\/KLM.jpg\",\"contentUrl\":\"https:\/\/transinfo.pl\/x\/wp-content\/uploads\/2023\/08\/KLM.jpg\"},{\"@type\":\"BreadcrumbList\",\"@id\":\"https:\/\/transinfo.pl\/x\/infoair\/rozklad-lotow-klm-na-lato-wiecej-polaczen-z-polski\/#breadcrumb\",\"itemListElement\":[{\"@type\":\"ListItem\",\"position\":1,\"name\":\"Home\",\"item\":\"https:\/\/transinfo.pl\/x\/\"},{\"@type\":\"ListItem\",\"position\":2,\"name\":\"Infoair\",\"item\":\"https:\/\/transinfo.pl\/x\/infoair\/\"},{\"@type\":\"ListItem\",\"position\":3,\"name\":\"Rozk\u0142ad lot\u00f3w KLM na lato. Wi\u0119cej po\u0142\u0105cze\u0144 z Polski\"}]},{\"@type\":\"WebSite\",\"@id\":\"https:\/\/transinfo.pl\/x\/#website\",\"url\":\"https:\/\/transinfo.pl\/x\/\",\"name\":\"TransInfo Archiwum\",\"description\":\"Ca\u0142y transport w jednym miejscu\",\"publisher\":{\"@id\":\"https:\/\/transinfo.pl\/x\/#organization\"},\"potentialAction\":[{\"@type\":\"SearchAction\",\"target\":{\"@type\":\"EntryPoint\",\"urlTemplate\":\"https:\/\/transinfo.pl\/x\/?s={search_term_string}\"},\"query-input\":{\"@type\":\"PropertyValueSpecification\",\"valueRequired\":true,\"valueName\":\"search_term_string\"}}],\"inLanguage\":\"pl-PL\"},{\"@type\":\"Organization\",\"@id\":\"https:\/\/transinfo.pl\/x\/#organization\",\"name\":\"TransInfo\",\"url\":\"https:\/\/transinfo.pl\/x\/\",\"logo\":{\"@type\":\"ImageObject\",\"inLanguage\":\"pl-PL\",\"@id\":\"https:\/\/transinfo.pl\/x\/#\/schema\/logo\/image\/\",\"url\":\"https:\/\/transinfo.pl\/x\/wp-content\/uploads\/2024\/10\/favicon.png\",\"contentUrl\":\"https:\/\/transinfo.pl\/x\/wp-content\/uploads\/2024\/10\/favicon.png\",\"width\":512,\"height\":512,\"caption\":\"TransInfo\"},\"image\":{\"@id\":\"https:\/\/transinfo.pl\/x\/#\/schema\/logo\/image\/\"}}]}<\/script>\n<!-- \/ Yoast SEO Premium plugin. -->","yoast_head_json":{"title":"Rozk\u0142ad lot\u00f3w KLM na lato. Wi\u0119cej po\u0142\u0105cze\u0144 z Polski - TransInfo Archiwum","description":"KLM szykuje si\u0119 na lato - wi\u0119cej lot\u00f3w z Polski, najbardziej skorzystaj\u0105 lotniska w Krakowie, Gda\u0144sku i Wroc\u0142awiu","robots":{"index":"index","follow":"follow","max-snippet":"max-snippet:-1","max-image-preview":"max-image-preview:large","max-video-preview":"max-video-preview:-1"},"canonical":"https:\/\/transinfo.pl\/x\/infoair\/rozklad-lotow-klm-na-lato-wiecej-polaczen-z-polski\/","og_locale":"pl_PL","og_type":"article","og_title":"Rozk\u0142ad lot\u00f3w KLM na lato. Wi\u0119cej po\u0142\u0105cze\u0144 z Polski","og_description":"KLM szykuje si\u0119 na lato - wi\u0119cej lot\u00f3w z Polski, najbardziej skorzystaj\u0105 lotniska w Krakowie, Gda\u0144sku i Wroc\u0142awiu","og_url":"https:\/\/transinfo.pl\/x\/infoair\/rozklad-lotow-klm-na-lato-wiecej-polaczen-z-polski\/","og_site_name":"TransInfo Archiwum","og_image":[{"url":"https:\/\/transinfo.pl\/x\/wp-content\/uploads\/2023\/08\/KLM.jpg","width":1,"height":1,"type":"image\/jpeg"}],"twitter_card":"summary_large_image","twitter_misc":{"Szacowany czas czytania":"3 minuty"},"schema":{"@context":"https:\/\/schema.org","@graph":[{"@type":"WebPage","@id":"https:\/\/transinfo.pl\/x\/infoair\/rozklad-lotow-klm-na-lato-wiecej-polaczen-z-polski\/","url":"https:\/\/transinfo.pl\/x\/infoair\/rozklad-lotow-klm-na-lato-wiecej-polaczen-z-polski\/","name":"Rozk\u0142ad lot\u00f3w KLM na lato. Wi\u0119cej po\u0142\u0105cze\u0144 z Polski - TransInfo Archiwum","isPartOf":{"@id":"https:\/\/transinfo.pl\/x\/#website"},"primaryImageOfPage":{"@id":"https:\/\/transinfo.pl\/x\/infoair\/rozklad-lotow-klm-na-lato-wiecej-polaczen-z-polski\/#primaryimage"},"image":{"@id":"https:\/\/transinfo.pl\/x\/infoair\/rozklad-lotow-klm-na-lato-wiecej-polaczen-z-polski\/#primaryimage"},"thumbnailUrl":"https:\/\/transinfo.pl\/x\/wp-content\/uploads\/2023\/08\/KLM.jpg","datePublished":"2024-02-26T14:08:49+00:00","dateModified":"2024-02-26T14:08:49+00:00","description":"KLM szykuje si\u0119 na lato - wi\u0119cej lot\u00f3w z Polski, najbardziej skorzystaj\u0105 lotniska w Krakowie, Gda\u0144sku i Wroc\u0142awiu","breadcrumb":{"@id":"https:\/\/transinfo.pl\/x\/infoair\/rozklad-lotow-klm-na-lato-wiecej-polaczen-z-polski\/#breadcrumb"},"inLanguage":"pl-PL","potentialAction":[{"@type":"ReadAction","target":["https:\/\/transinfo.pl\/x\/infoair\/rozklad-lotow-klm-na-lato-wiecej-polaczen-z-polski\/"]}]},{"@type":"ImageObject","inLanguage":"pl-PL","@id":"https:\/\/transinfo.pl\/x\/infoair\/rozklad-lotow-klm-na-lato-wiecej-polaczen-z-polski\/#primaryimage","url":"https:\/\/transinfo.pl\/x\/wp-content\/uploads\/2023\/08\/KLM.jpg","contentUrl":"https:\/\/transinfo.pl\/x\/wp-content\/uploads\/2023\/08\/KLM.jpg"},{"@type":"BreadcrumbList","@id":"https:\/\/transinfo.pl\/x\/infoair\/rozklad-lotow-klm-na-lato-wiecej-polaczen-z-polski\/#breadcrumb","itemListElement":[{"@type":"ListItem","position":1,"name":"Home","item":"https:\/\/transinfo.pl\/x\/"},{"@type":"ListItem","position":2,"name":"Infoair","item":"https:\/\/transinfo.pl\/x\/infoair\/"},{"@type":"ListItem","position":3,"name":"Rozk\u0142ad lot\u00f3w KLM na lato. Wi\u0119cej po\u0142\u0105cze\u0144 z Polski"}]},{"@type":"WebSite","@id":"https:\/\/transinfo.pl\/x\/#website","url":"https:\/\/transinfo.pl\/x\/","name":"TransInfo Archiwum","description":"Ca\u0142y transport w jednym miejscu","publisher":{"@id":"https:\/\/transinfo.pl\/x\/#organization"},"potentialAction":[{"@type":"SearchAction","target":{"@type":"EntryPoint","urlTemplate":"https:\/\/transinfo.pl\/x\/?s={search_term_string}"},"query-input":{"@type":"PropertyValueSpecification","valueRequired":true,"valueName":"search_term_string"}}],"inLanguage":"pl-PL"},{"@type":"Organization","@id":"https:\/\/transinfo.pl\/x\/#organization","name":"TransInfo","url":"https:\/\/transinfo.pl\/x\/","logo":{"@type":"ImageObject","inLanguage":"pl-PL","@id":"https:\/\/transinfo.pl\/x\/#\/schema\/logo\/image\/","url":"https:\/\/transinfo.pl\/x\/wp-content\/uploads\/2024\/10\/favicon.png","contentUrl":"https:\/\/transinfo.pl\/x\/wp-content\/uploads\/2024\/10\/favicon.png","width":512,"height":512,"caption":"TransInfo"},"image":{"@id":"https:\/\/transinfo.pl\/x\/#\/schema\/logo\/image\/"}}]}},"_links":{"self":[{"href":"https:\/\/transinfo.pl\/x\/wp-json\/wp\/v2\/infoair\/265398","targetHints":{"allow":["GET"]}}],"collection":[{"href":"https:\/\/transinfo.pl\/x\/wp-json\/wp\/v2\/infoair"}],"about":[{"href":"https:\/\/transinfo.pl\/x\/wp-json\/wp\/v2\/types\/infoair"}],"author":[{"embeddable":true,"href":"https:\/\/transinfo.pl\/x\/wp-json\/wp\/v2\/users\/6"}],"replies":[{"embeddable":true,"href":"https:\/\/transinfo.pl\/x\/wp-json\/wp\/v2\/comments?post=265398"}],"wp:featuredmedia":[{"embeddable":true,"href":"https:\/\/transinfo.pl\/x\/wp-json\/wp\/v2\/media\/256247"}],"wp:attachment":[{"href":"https:\/\/transinfo.pl\/x\/wp-json\/wp\/v2\/media?parent=265398"}],"wp:term":[{"taxonomy":"category","embeddable":true,"href":"https:\/\/transinfo.pl\/x\/wp-json\/wp\/v2\/categories?post=265398"},{"taxonomy":"post_tag","embeddable":true,"href":"https:\/\/transinfo.pl\/x\/wp-json\/wp\/v2\/tags?post=265398"}],"curies":[{"name":"wp","href":"https:\/\/api.w.org\/{rel}","templated":true}]}}