{"id":264868,"date":"2024-02-14T07:06:00","date_gmt":"2024-02-14T07:06:00","guid":{"rendered":"https:\/\/transinfo.pl\/x\/infoair\/lasek-o-okeciu-jestesmy-zakladnikami-ograniczonej-przepustowosci\/"},"modified":"2024-02-14T07:06:00","modified_gmt":"2024-02-14T07:06:00","slug":"lasek-o-okeciu-jestesmy-zakladnikami-ograniczonej-przepustowosci","status":"publish","type":"infoair","link":"https:\/\/transinfo.pl\/x\/infoair\/lasek-o-okeciu-jestesmy-zakladnikami-ograniczonej-przepustowosci\/","title":{"rendered":"Lasek o Ok\u0119ciu: Jeste\u015bmy zak\u0142adnikami ograniczonej przepustowo\u015bci"},"content":{"rendered":"<style>h1,h2,h3,h4,h5,h6{margin:0 0 1.25rem;font-family:Arial,sans-serif;font-weight:600;color:#050505}h1{font-size:1.875rem;line-height:1.1em;text-transform:none}@media(min-width: 768px){h1{font-size:2.375rem}}h2{font-size:1.1875rem;line-height:1.2em;text-transform:uppercase}@media(min-width: 768px){h2{font-size:1.0625rem}}h3{font-size:0.9375rem;line-height:1.4em;font-weight:900;margin-bottom:0.9375rem}h4{font-size:0.875rem;line-height:1.2em;font-weight:500}h5{font-size:0.9375rem;line-height:1.6;font-weight:400}h6{font-size:0.9375rem;line-height:1.6;font-weight:600}\n<\/style>\n<h3 class=\"wp-block-heading\" id=\"h-zdaniem-pelnomocnika-rzadu-ds-cpk-macieja-laska-powrot-do-inwestycji-na-lotnisku-chopina-mozliwy-jest-bardzo-szybko\">Zdaniem pe\u0142nomocnika rz\u0105du ds. CPK Macieja Laska powr\u00f3t do inwestycji na Lotnisku Chopina mo\u017cliwy jest bardzo szybko. <\/h3>\n\n\n<style>p{margin:0 0 1.5rem}p:last-child{margin:0}p.is-style-uppercase{text-transform:uppercase}p.is-style-preheading{color:#12406a;text-transform:uppercase}p.is-style-leadparagraph{font-size:1rem;line-height:1.625;font-weight:700}@media(min-width: 768px){p.is-style-leadparagraph{font-size:1.125rem;line-height:1.5555555556}}p.has-small-margin{margin-bottom:0.625rem}p.has-small-margin+h1,p.has-small-margin+h2,p.has-small-margin+h3{margin-top:1.875rem}\n<\/style>\n<p>-&#8222;Niezale\u017cnie od decyzji, jaka zostanie podj\u0119ta w sprawie lotniska centralnego, jeste\u015bmy ju\u017c zak\u0142adnikami ograniczonej przepustowo\u015bci na Ok\u0119ciu&#8221; &#8211; oceni\u0142 Lasek w rozmowie z &#8222;GW&#8221;.<\/p>\n\n\n\n<h2 class=\"wp-block-heading\" id=\"h-bardzo-powazny-blad\">bardzo powa\u017cny b\u0142\u0105d<\/h2>\n\n\n\n<p>Pe\u0142nomocnik rz\u0105du ds. CPK w rozmowie z &#8222;GW&#8221; zosta\u0142 zapytany m.in. o to, co dalej z lotniskami Chopina na Ok\u0119ciu, w Modlinie i Radomiu. W jego ocenie poprzednicy obecnego rz\u0105du pope\u0142nili &#8222;bardzo powa\u017cny b\u0142\u0105d&#8221;.<\/p>\n\n\n<style>.wp-block-quote{border-left:0.1875rem solid var(--page-color);font-size:1rem;font-style:italic;margin:0 0 1.6875rem;padding:1.25rem}.wp-block-quote cite{color:#050505}.wp-block-quote.is-style-large p{margin-bottom:10px}.wp-block-quote.is-style-large cite{color:#12406a}\n<\/style>\n<blockquote class=\"wp-block-quote is-layout-flow wp-block-quote-is-layout-flow\">\n<p>&#8222;Przyzwyczajeni do nierealnego harmonogramu CPK, kt\u00f3ry sobie sami wymy\u015blili, w 2019 r. wstrzymali inwestycje rozwojowe na Lotnisku Chopina. Co ciekawe, na wniosek czy z polecenia \u00f3wczesnego wiceministra infrastruktury Miko\u0142aja Wilda, kt\u00f3ry wkr\u00f3tce poszed\u0142 do sp\u00f3\u0142ki CPK i zosta\u0142 jej prezesem&#8221; &#8211; powiedzia\u0142 Maciej Lasek. Zwr\u00f3ci\u0142 r\u00f3wnie\u017c uwag\u0119 na to, \u017ce \u015bwiadomie blokowano tak\u017ce rozw\u00f3j lotniska w Modlinie.<\/p>\n<\/blockquote>\n\n\n\n<p>Zapytany o to, do jakiego poziomu mo\u017cna rozbudowa\u0107 Lotnisko Chopina i ilu pasa\u017cer\u00f3w rocznie jest ono w stanie odprawi\u0107 zaznaczy\u0142, \u017ce wed\u0142ug analiz jest to 26-27 mln pasa\u017cer\u00f3w podczas, gdy obecnie jest to nieca\u0142e 19 mln.<\/p>\n\n\n\n<p>Dopytywany o to, kiedy mo\u017cliwy jest powr\u00f3t do inwestycji na Lotnisku Chopina powiedzia\u0142: &#8222;My\u015bl\u0119, \u017ce bardzo szybko, bo niezale\u017cnie od decyzji, jaka zostanie podj\u0119ta w sprawie lotniska centralnego, jeste\u015bmy ju\u017c zak\u0142adnikami ograniczonej przepustowo\u015bci na Ok\u0119ciu i decyzji naszych poprzednik\u00f3w. Gdyby nie patrzyli na ten projekt politycznie, to dzi\u015b by\u015bmy mieli zapas i mogli spokojnie m\u00f3wi\u0107 o tym, \u017ce LOT mo\u017ce si\u0119 rozwija\u0107&#8221; &#8211; m\u00f3wi\u0142.<\/p>\n\n\n<style>.wp-block-image{margin:1.25rem 0;text-align:center}.wp-block-image figcaption{padding:0 0.9375rem;text-align:center}\n<\/style>\n<figure class=\"wp-block-image aligncenter size-full\"><a href=\"https:\/\/transinfo.pl\/wp-content\/uploads\/2024\/02\/lotnsiko-warszawa-cpk-2.jpg\"><img decoding=\"async\" src=\"https:\/\/transinfo.pl\/wp-content\/uploads\/2024\/02\/lotnsiko-warszawa-cpk-2.jpg\" alt=\"M.Lasek dla &quot;GW&quot;: jeste\u015bmy ju\u017c zak\u0142adnikami ograniczonej przepustowo\u015bci na Ok\u0119ciu\" class=\"wp-image-463870\" \/><\/a><figcaption class=\"wp-element-caption\">M.Lasek dla &#8222;GW&#8221;: jeste\u015bmy ju\u017c zak\u0142adnikami ograniczonej przepustowo\u015bci na Ok\u0119ciu<\/figcaption><\/figure>\n\n\n\n<h2 class=\"wp-block-heading\" id=\"h-przyszlosc-lot-u\">przysz\u0142o\u015b\u0107 LOT-u<\/h2>\n\n\n\n<p>Odnosz\u0105c si\u0119 do kwestii przysz\u0142o\u015bci LOT-u zaznaczy\u0142, \u017ce chcia\u0142by porozmawia\u0107 z jego zarz\u0105dem o tym, jakie s\u0105 mo\u017cliwo\u015bci i potrzeby tego przewo\u017anika. &#8222;Z wcze\u015bniejszych prognoz stowarzyszenia przewo\u017anik\u00f3w IATA dla CPK wynika\u0142o, \u017ce LOT w 2028 r. mia\u0142by 148 samolot\u00f3w, z czego 36 dalekiego zasi\u0119gu. Teraz ma o po\u0142ow\u0119 mniej. W dodatku prezes LOT-u na zesz\u0142orocznej konferencji o strategii m\u00f3wi\u0142 ju\u017c tylko o 109 samolotach w 2028 r. Tak wi\u0119c na CPK mia\u0142o by\u0107 18-19 mln pasa\u017cer\u00f3w tranzytowych rocznie, a aktualna prognoza urealni\u0142a to o 25 proc. w d\u00f3\u0142&#8221; &#8211; powiedzia\u0142.<\/p>\n\n\n\n<p>Jego zdaniem, je\u015bli nie powstan\u0105 nowe mo\u017cliwo\u015bci przewozowe na lotniskach na Ok\u0119ciu i w Modlinie, &#8222;to ju\u017c za dwa-trzy lata b\u0119d\u0105 olbrzymie problemy z dalszym zwi\u0119kszaniem liczby pasa\u017cer\u00f3w&#8221;. &#8222;Otwarto te\u017c lotnisko w Radomiu, ale w du\u017cej mierze by\u0142 to projekt polityczny. Teraz te\u017c trzeba szuka\u0107 dla niego mo\u017cliwo\u015bci&#8221; &#8211; m\u00f3wi\u0142.<\/p>\n\n\n\n<figure class=\"wp-block-image size-full\"><a href=\"https:\/\/transinfo.pl\/wp-content\/uploads\/2024\/02\/lotnsiko-warszawa-cpk-3.jpg\"><img decoding=\"async\" src=\"https:\/\/transinfo.pl\/wp-content\/uploads\/2024\/02\/lotnsiko-warszawa-cpk-3.jpg\" alt=\"M.Lasek dla &quot;GW&quot;: jeste\u015bmy ju\u017c zak\u0142adnikami ograniczonej przepustowo\u015bci na Ok\u0119ciu\" class=\"wp-image-463871\" \/><\/a><figcaption class=\"wp-element-caption\">M.Lasek dla &#8222;GW&#8221;: jeste\u015bmy ju\u017c zak\u0142adnikami ograniczonej przepustowo\u015bci na Ok\u0119ciu<\/figcaption><\/figure>\n\n\n\n<h2 class=\"wp-block-heading\" id=\"h-co-z-tanimi-liniami\">Co z tanimi liniami?<\/h2>\n\n\n\n<p>Na pytanie o to, jak zmusi\u0107 do wyprowadzki z Ok\u0119cia przewo\u017anik\u00f3w typu Wizz Air czy Ryanair albo przenie\u015b\u0107 st\u0105d loty czarterowe biur turystycznych odpar\u0142, \u017ce &#8222;na to s\u0105 r\u00f3\u017cne metody&#8221;.<\/p>\n\n\n\n<blockquote class=\"wp-block-quote is-layout-flow wp-block-quote-is-layout-flow\">\n<p>&#8222;Mo\u017cna zaoferowa\u0107 system zach\u0119t, mo\u017cna pokusi\u0107 si\u0119 o administracyjny podzia\u0142 ruchu, cho\u0107 to jest bardzo ryzykowne. Niezale\u017cnie od decyzji w sprawie CPK dzisiaj trzeba stworzy\u0107 mo\u017cliwo\u015b\u0107 wch\u0142oni\u0119cia wi\u0119kszej liczby pasa\u017cer\u00f3w na Mazowszu. A \u017ceby to zrobi\u0107, musimy mimo wszystko doko\u0144czy\u0107 modernizacj\u0119 Lotniska Chopina, zwolni\u0107 hamulec dla Modlina i stara\u0107 si\u0119 znale\u017a\u0107 spos\u00f3b na wykorzystanie pustego lotniska w Radomiu. Bo je\u017celi na co\u015b wydano publiczne pieni\u0105dze, tak jak na ten nieszcz\u0119sny przekop przez Mierzej\u0119 Wi\u015blan\u0105, kt\u00f3rym jak na razie ci\u0105gle nic nie p\u0142ywa, to zastan\u00f3wmy si\u0119, \u017ceby i w Radomiu zniwelowa\u0107 deficyt i koszty utrzymania tego lotniska&#8221; &#8211; powiedzia\u0142 Lasek.(PAP)<\/p>\n<\/blockquote>\n\n\n\n<figure class=\"wp-block-image size-full\"><a href=\"https:\/\/transinfo.pl\/?attachment_id=463872\"><img decoding=\"async\" src=\"https:\/\/transinfo.pl\/wp-content\/uploads\/2024\/02\/lotnsiko-warszawa-cpk-5.jpg\" alt=\"M.Lasek dla &quot;GW&quot;: jeste\u015bmy ju\u017c zak\u0142adnikami ograniczonej przepustowo\u015bci na Ok\u0119ciu\" class=\"wp-image-463872\" \/><\/a><figcaption class=\"wp-element-caption\">M.Lasek dla &#8222;GW&#8221;: jeste\u015bmy ju\u017c zak\u0142adnikami ograniczonej przepustowo\u015bci na Ok\u0119ciu<\/figcaption><\/figure>\n","protected":false},"author":2,"featured_media":264869,"comment_status":"","ping_status":"closed","template":"","categories":[23],"tags":[6299,674,45,40,22751],"class_list":["post-264868","infoair","type-infoair","status-publish","has-post-thumbnail","hentry","category-infrastruktura","tag-audyt","tag-cpk","tag-lotnisko","tag-lotnisko-warszawa","tag-maciej-lasek"],"acf":[],"yoast_head":"<!-- This site is optimized with the Yoast SEO Premium plugin v21.8 (Yoast SEO v23.7) - https:\/\/yoast.com\/wordpress\/plugins\/seo\/ -->\n<title>Lasek o Ok\u0119ciu: Jeste\u015bmy zak\u0142adnikami ograniczonej przepustowo\u015bci - TransInfo Archiwum<\/title>\n<meta name=\"description\" content=\"Zdaniem pe\u0142nomocnika rz\u0105du ds. CPK Macieja Laska powr\u00f3t do inwestycji na Lotnisku Chopina mo\u017cliwy jest bardzo szybko.\" \/>\n<meta name=\"robots\" content=\"index, follow, max-snippet:-1, max-image-preview:large, max-video-preview:-1\" \/>\n<link rel=\"canonical\" href=\"https:\/\/transinfo.pl\/x\/infoair\/lasek-o-okeciu-jestesmy-zakladnikami-ograniczonej-przepustowosci\/\" \/>\n<meta property=\"og:locale\" content=\"pl_PL\" \/>\n<meta property=\"og:type\" content=\"article\" \/>\n<meta property=\"og:title\" content=\"Lasek o Ok\u0119ciu: Jeste\u015bmy zak\u0142adnikami ograniczonej przepustowo\u015bci\" \/>\n<meta property=\"og:description\" content=\"Zdaniem pe\u0142nomocnika rz\u0105du ds. CPK Macieja Laska powr\u00f3t do inwestycji na Lotnisku Chopina mo\u017cliwy jest bardzo szybko.\" \/>\n<meta property=\"og:url\" content=\"https:\/\/transinfo.pl\/x\/infoair\/lasek-o-okeciu-jestesmy-zakladnikami-ograniczonej-przepustowosci\/\" \/>\n<meta property=\"og:site_name\" content=\"TransInfo Archiwum\" \/>\n<meta property=\"og:image\" content=\"https:\/\/transinfo.pl\/x\/wp-content\/uploads\/2024\/02\/lotnsiko-warszawa-cpk-4.jpg\" \/>\n\t<meta property=\"og:image:width\" content=\"1\" \/>\n\t<meta property=\"og:image:height\" content=\"1\" \/>\n\t<meta property=\"og:image:type\" content=\"image\/jpeg\" \/>\n<meta name=\"twitter:card\" content=\"summary_large_image\" \/>\n<meta name=\"twitter:label1\" content=\"Szacowany czas czytania\" \/>\n\t<meta name=\"twitter:data1\" content=\"3 minuty\" \/>\n<script type=\"application\/ld+json\" class=\"yoast-schema-graph\">{\"@context\":\"https:\/\/schema.org\",\"@graph\":[{\"@type\":\"WebPage\",\"@id\":\"https:\/\/transinfo.pl\/x\/infoair\/lasek-o-okeciu-jestesmy-zakladnikami-ograniczonej-przepustowosci\/\",\"url\":\"https:\/\/transinfo.pl\/x\/infoair\/lasek-o-okeciu-jestesmy-zakladnikami-ograniczonej-przepustowosci\/\",\"name\":\"Lasek o Ok\u0119ciu: Jeste\u015bmy zak\u0142adnikami ograniczonej przepustowo\u015bci - TransInfo Archiwum\",\"isPartOf\":{\"@id\":\"https:\/\/transinfo.pl\/x\/#website\"},\"primaryImageOfPage\":{\"@id\":\"https:\/\/transinfo.pl\/x\/infoair\/lasek-o-okeciu-jestesmy-zakladnikami-ograniczonej-przepustowosci\/#primaryimage\"},\"image\":{\"@id\":\"https:\/\/transinfo.pl\/x\/infoair\/lasek-o-okeciu-jestesmy-zakladnikami-ograniczonej-przepustowosci\/#primaryimage\"},\"thumbnailUrl\":\"https:\/\/transinfo.pl\/x\/wp-content\/uploads\/2024\/02\/lotnsiko-warszawa-cpk-4.jpg\",\"datePublished\":\"2024-02-14T07:06:00+00:00\",\"dateModified\":\"2024-02-14T07:06:00+00:00\",\"description\":\"Zdaniem pe\u0142nomocnika rz\u0105du ds. CPK Macieja Laska powr\u00f3t do inwestycji na Lotnisku Chopina mo\u017cliwy jest bardzo szybko.\",\"breadcrumb\":{\"@id\":\"https:\/\/transinfo.pl\/x\/infoair\/lasek-o-okeciu-jestesmy-zakladnikami-ograniczonej-przepustowosci\/#breadcrumb\"},\"inLanguage\":\"pl-PL\",\"potentialAction\":[{\"@type\":\"ReadAction\",\"target\":[\"https:\/\/transinfo.pl\/x\/infoair\/lasek-o-okeciu-jestesmy-zakladnikami-ograniczonej-przepustowosci\/\"]}]},{\"@type\":\"ImageObject\",\"inLanguage\":\"pl-PL\",\"@id\":\"https:\/\/transinfo.pl\/x\/infoair\/lasek-o-okeciu-jestesmy-zakladnikami-ograniczonej-przepustowosci\/#primaryimage\",\"url\":\"https:\/\/transinfo.pl\/x\/wp-content\/uploads\/2024\/02\/lotnsiko-warszawa-cpk-4.jpg\",\"contentUrl\":\"https:\/\/transinfo.pl\/x\/wp-content\/uploads\/2024\/02\/lotnsiko-warszawa-cpk-4.jpg\"},{\"@type\":\"BreadcrumbList\",\"@id\":\"https:\/\/transinfo.pl\/x\/infoair\/lasek-o-okeciu-jestesmy-zakladnikami-ograniczonej-przepustowosci\/#breadcrumb\",\"itemListElement\":[{\"@type\":\"ListItem\",\"position\":1,\"name\":\"Home\",\"item\":\"https:\/\/transinfo.pl\/x\/\"},{\"@type\":\"ListItem\",\"position\":2,\"name\":\"Infoair\",\"item\":\"https:\/\/transinfo.pl\/x\/infoair\/\"},{\"@type\":\"ListItem\",\"position\":3,\"name\":\"Lasek o Ok\u0119ciu: Jeste\u015bmy zak\u0142adnikami ograniczonej przepustowo\u015bci\"}]},{\"@type\":\"WebSite\",\"@id\":\"https:\/\/transinfo.pl\/x\/#website\",\"url\":\"https:\/\/transinfo.pl\/x\/\",\"name\":\"TransInfo Archiwum\",\"description\":\"Ca\u0142y transport w jednym miejscu\",\"publisher\":{\"@id\":\"https:\/\/transinfo.pl\/x\/#organization\"},\"potentialAction\":[{\"@type\":\"SearchAction\",\"target\":{\"@type\":\"EntryPoint\",\"urlTemplate\":\"https:\/\/transinfo.pl\/x\/?s={search_term_string}\"},\"query-input\":{\"@type\":\"PropertyValueSpecification\",\"valueRequired\":true,\"valueName\":\"search_term_string\"}}],\"inLanguage\":\"pl-PL\"},{\"@type\":\"Organization\",\"@id\":\"https:\/\/transinfo.pl\/x\/#organization\",\"name\":\"TransInfo\",\"url\":\"https:\/\/transinfo.pl\/x\/\",\"logo\":{\"@type\":\"ImageObject\",\"inLanguage\":\"pl-PL\",\"@id\":\"https:\/\/transinfo.pl\/x\/#\/schema\/logo\/image\/\",\"url\":\"https:\/\/transinfo.pl\/x\/wp-content\/uploads\/2024\/10\/favicon.png\",\"contentUrl\":\"https:\/\/transinfo.pl\/x\/wp-content\/uploads\/2024\/10\/favicon.png\",\"width\":512,\"height\":512,\"caption\":\"TransInfo\"},\"image\":{\"@id\":\"https:\/\/transinfo.pl\/x\/#\/schema\/logo\/image\/\"}}]}<\/script>\n<!-- \/ Yoast SEO Premium plugin. -->","yoast_head_json":{"title":"Lasek o Ok\u0119ciu: Jeste\u015bmy zak\u0142adnikami ograniczonej przepustowo\u015bci - TransInfo Archiwum","description":"Zdaniem pe\u0142nomocnika rz\u0105du ds. CPK Macieja Laska powr\u00f3t do inwestycji na Lotnisku Chopina mo\u017cliwy jest bardzo szybko.","robots":{"index":"index","follow":"follow","max-snippet":"max-snippet:-1","max-image-preview":"max-image-preview:large","max-video-preview":"max-video-preview:-1"},"canonical":"https:\/\/transinfo.pl\/x\/infoair\/lasek-o-okeciu-jestesmy-zakladnikami-ograniczonej-przepustowosci\/","og_locale":"pl_PL","og_type":"article","og_title":"Lasek o Ok\u0119ciu: Jeste\u015bmy zak\u0142adnikami ograniczonej przepustowo\u015bci","og_description":"Zdaniem pe\u0142nomocnika rz\u0105du ds. CPK Macieja Laska powr\u00f3t do inwestycji na Lotnisku Chopina mo\u017cliwy jest bardzo szybko.","og_url":"https:\/\/transinfo.pl\/x\/infoair\/lasek-o-okeciu-jestesmy-zakladnikami-ograniczonej-przepustowosci\/","og_site_name":"TransInfo Archiwum","og_image":[{"url":"https:\/\/transinfo.pl\/x\/wp-content\/uploads\/2024\/02\/lotnsiko-warszawa-cpk-4.jpg","width":1,"height":1,"type":"image\/jpeg"}],"twitter_card":"summary_large_image","twitter_misc":{"Szacowany czas czytania":"3 minuty"},"schema":{"@context":"https:\/\/schema.org","@graph":[{"@type":"WebPage","@id":"https:\/\/transinfo.pl\/x\/infoair\/lasek-o-okeciu-jestesmy-zakladnikami-ograniczonej-przepustowosci\/","url":"https:\/\/transinfo.pl\/x\/infoair\/lasek-o-okeciu-jestesmy-zakladnikami-ograniczonej-przepustowosci\/","name":"Lasek o Ok\u0119ciu: Jeste\u015bmy zak\u0142adnikami ograniczonej przepustowo\u015bci - TransInfo Archiwum","isPartOf":{"@id":"https:\/\/transinfo.pl\/x\/#website"},"primaryImageOfPage":{"@id":"https:\/\/transinfo.pl\/x\/infoair\/lasek-o-okeciu-jestesmy-zakladnikami-ograniczonej-przepustowosci\/#primaryimage"},"image":{"@id":"https:\/\/transinfo.pl\/x\/infoair\/lasek-o-okeciu-jestesmy-zakladnikami-ograniczonej-przepustowosci\/#primaryimage"},"thumbnailUrl":"https:\/\/transinfo.pl\/x\/wp-content\/uploads\/2024\/02\/lotnsiko-warszawa-cpk-4.jpg","datePublished":"2024-02-14T07:06:00+00:00","dateModified":"2024-02-14T07:06:00+00:00","description":"Zdaniem pe\u0142nomocnika rz\u0105du ds. CPK Macieja Laska powr\u00f3t do inwestycji na Lotnisku Chopina mo\u017cliwy jest bardzo szybko.","breadcrumb":{"@id":"https:\/\/transinfo.pl\/x\/infoair\/lasek-o-okeciu-jestesmy-zakladnikami-ograniczonej-przepustowosci\/#breadcrumb"},"inLanguage":"pl-PL","potentialAction":[{"@type":"ReadAction","target":["https:\/\/transinfo.pl\/x\/infoair\/lasek-o-okeciu-jestesmy-zakladnikami-ograniczonej-przepustowosci\/"]}]},{"@type":"ImageObject","inLanguage":"pl-PL","@id":"https:\/\/transinfo.pl\/x\/infoair\/lasek-o-okeciu-jestesmy-zakladnikami-ograniczonej-przepustowosci\/#primaryimage","url":"https:\/\/transinfo.pl\/x\/wp-content\/uploads\/2024\/02\/lotnsiko-warszawa-cpk-4.jpg","contentUrl":"https:\/\/transinfo.pl\/x\/wp-content\/uploads\/2024\/02\/lotnsiko-warszawa-cpk-4.jpg"},{"@type":"BreadcrumbList","@id":"https:\/\/transinfo.pl\/x\/infoair\/lasek-o-okeciu-jestesmy-zakladnikami-ograniczonej-przepustowosci\/#breadcrumb","itemListElement":[{"@type":"ListItem","position":1,"name":"Home","item":"https:\/\/transinfo.pl\/x\/"},{"@type":"ListItem","position":2,"name":"Infoair","item":"https:\/\/transinfo.pl\/x\/infoair\/"},{"@type":"ListItem","position":3,"name":"Lasek o Ok\u0119ciu: Jeste\u015bmy zak\u0142adnikami ograniczonej przepustowo\u015bci"}]},{"@type":"WebSite","@id":"https:\/\/transinfo.pl\/x\/#website","url":"https:\/\/transinfo.pl\/x\/","name":"TransInfo Archiwum","description":"Ca\u0142y transport w jednym miejscu","publisher":{"@id":"https:\/\/transinfo.pl\/x\/#organization"},"potentialAction":[{"@type":"SearchAction","target":{"@type":"EntryPoint","urlTemplate":"https:\/\/transinfo.pl\/x\/?s={search_term_string}"},"query-input":{"@type":"PropertyValueSpecification","valueRequired":true,"valueName":"search_term_string"}}],"inLanguage":"pl-PL"},{"@type":"Organization","@id":"https:\/\/transinfo.pl\/x\/#organization","name":"TransInfo","url":"https:\/\/transinfo.pl\/x\/","logo":{"@type":"ImageObject","inLanguage":"pl-PL","@id":"https:\/\/transinfo.pl\/x\/#\/schema\/logo\/image\/","url":"https:\/\/transinfo.pl\/x\/wp-content\/uploads\/2024\/10\/favicon.png","contentUrl":"https:\/\/transinfo.pl\/x\/wp-content\/uploads\/2024\/10\/favicon.png","width":512,"height":512,"caption":"TransInfo"},"image":{"@id":"https:\/\/transinfo.pl\/x\/#\/schema\/logo\/image\/"}}]}},"_links":{"self":[{"href":"https:\/\/transinfo.pl\/x\/wp-json\/wp\/v2\/infoair\/264868","targetHints":{"allow":["GET"]}}],"collection":[{"href":"https:\/\/transinfo.pl\/x\/wp-json\/wp\/v2\/infoair"}],"about":[{"href":"https:\/\/transinfo.pl\/x\/wp-json\/wp\/v2\/types\/infoair"}],"author":[{"embeddable":true,"href":"https:\/\/transinfo.pl\/x\/wp-json\/wp\/v2\/users\/2"}],"replies":[{"embeddable":true,"href":"https:\/\/transinfo.pl\/x\/wp-json\/wp\/v2\/comments?post=264868"}],"wp:featuredmedia":[{"embeddable":true,"href":"https:\/\/transinfo.pl\/x\/wp-json\/wp\/v2\/media\/264869"}],"wp:attachment":[{"href":"https:\/\/transinfo.pl\/x\/wp-json\/wp\/v2\/media?parent=264868"}],"wp:term":[{"taxonomy":"category","embeddable":true,"href":"https:\/\/transinfo.pl\/x\/wp-json\/wp\/v2\/categories?post=264868"},{"taxonomy":"post_tag","embeddable":true,"href":"https:\/\/transinfo.pl\/x\/wp-json\/wp\/v2\/tags?post=264868"}],"curies":[{"name":"wp","href":"https:\/\/api.w.org\/{rel}","templated":true}]}}