{"id":264505,"date":"2024-02-07T08:31:00","date_gmt":"2024-02-07T08:31:00","guid":{"rendered":"https:\/\/transinfo.pl\/x\/infoair\/nowe-zasady-dotyczace-odszkodowan-dla-spoznionych-samolotow\/"},"modified":"2024-02-07T08:31:00","modified_gmt":"2024-02-07T08:31:00","slug":"nowe-zasady-dotyczace-odszkodowan-dla-spoznionych-samolotow","status":"publish","type":"infoair","link":"https:\/\/transinfo.pl\/x\/infoair\/nowe-zasady-dotyczace-odszkodowan-dla-spoznionych-samolotow\/","title":{"rendered":"Nowe zasady dotycz\u0105ce odszkodowa\u0144 dla sp\u00f3\u017anionych samolot\u00f3w"},"content":{"rendered":"<style>h1,h2,h3,h4,h5,h6{margin:0 0 1.25rem;font-family:Arial,sans-serif;font-weight:600;color:#050505}h1{font-size:1.875rem;line-height:1.1em;text-transform:none}@media(min-width: 768px){h1{font-size:2.375rem}}h2{font-size:1.1875rem;line-height:1.2em;text-transform:uppercase}@media(min-width: 768px){h2{font-size:1.0625rem}}h3{font-size:0.9375rem;line-height:1.4em;font-weight:900;margin-bottom:0.9375rem}h4{font-size:0.875rem;line-height:1.2em;font-weight:500}h5{font-size:0.9375rem;line-height:1.6;font-weight:400}h6{font-size:0.9375rem;line-height:1.6;font-weight:600}\n<\/style>\n<h3 class=\"wp-block-heading\" id=\"h-prawo-do-zryczaltowanego-odszkodowania-nie-przysluguje-w-razie-niestawienia-sie-do-wejscia-na-poklad-samolotu-ktory-przybyl-z-duzym-opoznieniem-ani-gdy-zakup-nbsp-biletu-na-lot-zastepczy-pozwolil-na-przybycie-do-miejsca-docelowego-z-opoznieniem-krotszym-niz-trzy-godziny-orzekl-w-czwartek-trybunal-sprawiedliwosci-ue-w-luksemburgu\">Prawo do zrycza\u0142towanego odszkodowania nie przys\u0142uguje w razie niestawienia si\u0119 do wej\u015bcia na pok\u0142ad samolotu, kt\u00f3ry przyby\u0142 z du\u017cym op\u00f3\u017anieniem, ani gdy zakup&nbsp;biletu na lot zast\u0119pczy pozwoli\u0142 na przybycie do miejsca docelowego z op\u00f3\u017anieniem kr\u00f3tszym ni\u017c trzy godziny &#8211; orzek\u0142 w czwartek Trybuna\u0142 Sprawiedliwo\u015bci UE w Luksemburgu.<\/h3>\n\n\n<style>p{margin:0 0 1.5rem}p:last-child{margin:0}p.is-style-uppercase{text-transform:uppercase}p.is-style-preheading{color:#12406a;text-transform:uppercase}p.is-style-leadparagraph{font-size:1rem;line-height:1.625;font-weight:700}@media(min-width: 768px){p.is-style-leadparagraph{font-size:1.125rem;line-height:1.5555555556}}p.has-small-margin{margin-bottom:0.625rem}p.has-small-margin+h1,p.has-small-margin+h2,p.has-small-margin+h3{margin-top:1.875rem}\n<\/style>\n<p>TSUE zajmowa\u0142 si\u0119 spraw\u0105 dw\u00f3ch pasa\u017cer\u00f3w, kt\u00f3rzy lecieli z Duesseldorfu na Majork\u0119. Loty obs\u0142ugiwane przez przewo\u017anika lotniczego mia\u0142y mie\u0107 ponad trzygodzinne op\u00f3\u017anienie. W obawie, \u017ce nie zd\u0105\u017c\u0105 na spotkanie s\u0142u\u017cbowe pasa\u017cerowie postanowili nie lecie\u0107. Samolot pierwszego z pasa\u017cer\u00f3w rzeczywi\u015bcie dolecia\u0142 z op\u00f3\u017anieniem wynosz\u0105cym 3 godz. i 32 min. Drugi pasa\u017cer sam dokona\u0142 rezerwacji lotu zast\u0119pczego, dzi\u0119ki czemu przyby\u0142 do miejsca docelowego z op\u00f3\u017anieniem kr\u00f3tszym ni\u017c trzy godziny w stosunku do pierwotnego lotu.<\/p>\n\n\n\n<p>Podr\u00f3\u017cni wytoczyli przeciwko Laudamotion spraw\u0119 przed s\u0105dami niemieckimi, \u017c\u0105daj\u0105c zrycza\u0142towanego odszkodowania w wysoko\u015bci 250 euro. Zgodnie z rozporz\u0105dzeniem UE w sprawie praw pasa\u017cer\u00f3w linii lotniczych1 odszkodowania tego mo\u017ce co do zasady dochodzi\u0107 ka\u017cdy pasa\u017cer w przypadku op\u00f3\u017anienia lotu o co najmniej trzy godziny w stosunku do pierwotnie zaplanowanej przez przewo\u017anika lotniczego godziny przylotu.<\/p>\n\n\n\n<p>Niemiecki federalny trybuna\u0142 sprawiedliwo\u015bci zwr\u00f3ci\u0142 si\u0119 do TSUE z pytaniem, czy w przypadku zapowiedzi, \u017ce lot ma by\u0107 op\u00f3\u017aniony o co najmniej trzy godziny w stosunku do pierwotnie zaplanowanej godziny przylotu, pasa\u017cer linii lotniczych ma prawo do takiego odszkodowania, je\u017celi nie stawi\u0142 si\u0119 na odpraw\u0119 lub je\u017celi sam zarezerwowa\u0142 lot zast\u0119pczy, kt\u00f3ry umo\u017cliwi\u0142 mu dotarcie do miejsca docelowego z op\u00f3\u017anieniem mniejszym ni\u017c trzy godziny.<\/p>\n\n\n\n<p>Zdaniem Trybuna\u0142u w tych dw\u00f3ch przypadkach odszkodowanie rycza\u0142towe nie przys\u0142uguje.<\/p>\n\n\n<style>.wp-block-quote{border-left:0.1875rem solid var(--page-color);font-size:1rem;font-style:italic;margin:0 0 1.6875rem;padding:1.25rem}.wp-block-quote cite{color:#050505}.wp-block-quote.is-style-large p{margin-bottom:10px}.wp-block-quote.is-style-large cite{color:#12406a}\n<\/style>\n<blockquote class=\"wp-block-quote is-layout-flow wp-block-quote-is-layout-flow\">\n<p>&#8222;Pasa\u017cerowie op\u00f3\u017anionych lot\u00f3w s\u0105 traktowani jak pasa\u017cerowie odwo\u0142anych lot\u00f3w do cel\u00f3w stosowania prawa do odszkodowania, je\u017celi op\u00f3\u017anienie wynosi co najmniej trzy godziny. (&#8230;) Pasa\u017cerowie lotu, kt\u00f3rego dotyczy du\u017ce op\u00f3\u017anienie, ponosz\u0105 \u2013 podobnie jak pasa\u017cerowie odwo\u0142anego lotu \u2013 szkod\u0119, kt\u00f3ra urzeczywistnia si\u0119 przez nieodwracaln\u0105 strat\u0119 czasu wynosz\u0105c\u0105 co najmniej trzy godziny. Tymczasem pasa\u017cer, kt\u00f3ry nie uda\u0142 si\u0119 na lotnisko, z wszelkim prawdopodobie\u0144stwem nie poni\u00f3s\u0142 takiej straty czasu. Ponadto, w przypadku gdy lot ma du\u017ce op\u00f3\u017anienie, mo\u017ce on jednak doj\u015b\u0107 do skutku, w zwi\u0105zku z czym czynno\u015bci zwi\u0105zane z odpraw\u0105 powinny zosta\u0107 przeprowadzone&#8221; &#8211; oceni\u0142 TSUE.<\/p>\n<\/blockquote>\n\n\n\n<p>W zwi\u0105zku z tym, &#8222;pasa\u017cerowie op\u00f3\u017anionego lotu nie s\u0105 zwolnieni z obowi\u0105zku stawienia si\u0119 na odpraw\u0119, w przeciwie\u0144stwie do pasa\u017cer\u00f3w, kt\u00f3rych lot zosta\u0142 odwo\u0142any, i dla kt\u00f3rych takie zwolnienie jest wyra\u017anie przewidziane w rozporz\u0105dzeniu w sprawie praw pasa\u017cer\u00f3w&#8221;.<\/p>\n\n\n\n<blockquote class=\"wp-block-quote is-layout-flow wp-block-quote-is-layout-flow\">\n<p>&#8222;Ponadto pasa\u017cer linii lotniczych, kt\u00f3ry dobrowolnie nie skorzysta\u0142 z lotu, na kt\u00f3ry dysponowa\u0142 potwierdzon\u0105 rezerwacj\u0105, i dzi\u0119ki lotowi zast\u0119pczemu, kt\u00f3ry sam zarezerwowa\u0142, dotar\u0142 do miejsca docelowego z op\u00f3\u017anieniem mniejszym ni\u017c trzy godziny w stosunku do zaplanowanego pierwotnie czasu przylotu, nie poni\u00f3s\u0142 takiej straty czasu, za kt\u00f3r\u0105 przys\u0142uguje rycza\u0142towe odszkodowanie&#8221; &#8211; podsumowa\u0142 Trybuna\u0142.<\/p>\n<\/blockquote>\n\n\n\n<p>Z Brukseli Artur Ciechanowicz (PAP)<\/p>\n\n\n<style>.wp-block-image{margin:1.25rem 0;text-align:center}.wp-block-image figcaption{padding:0 0.9375rem;text-align:center}\n<\/style>\n<figure class=\"wp-block-image size-large\"><a href=\"https:\/\/transinfo.pl\/wp-content\/uploads\/2024\/02\/787-LOT.jpg\"><img decoding=\"async\" src=\"https:\/\/transinfo.pl\/wp-content\/uploads\/2024\/02\/787-LOT-1024x576.jpg\" alt=\"Prawo do odszkodowania nie przys\u0142uguje w razie niestawienia si\u0119 do wej\u015bcia na pok\u0142ad samolotu, kt\u00f3ry przyby\u0142 z du\u017cym op\u00f3\u017anieniem\" class=\"wp-image-462858\" \/><\/a><figcaption class=\"wp-element-caption\">Boeing 787 PLL LOT<\/figcaption><\/figure>\n","protected":false},"author":6,"featured_media":264506,"comment_status":"","ping_status":"closed","template":"","categories":[24],"tags":[5022,20502,763],"class_list":["post-264505","infoair","type-infoair","status-publish","has-post-thumbnail","hentry","category-prawo","tag-odszkodowanie","tag-opozniony-lot","tag-samolot"],"acf":[],"yoast_head":"<!-- This site is optimized with the Yoast SEO Premium plugin v21.8 (Yoast SEO v23.7) - https:\/\/yoast.com\/wordpress\/plugins\/seo\/ -->\n<title>Nowe zasady dotycz\u0105ce odszkodowa\u0144 dla sp\u00f3\u017anionych samolot\u00f3w - TransInfo Archiwum<\/title>\n<meta name=\"description\" content=\"Prawo do odszkodowania nie przys\u0142uguje w razie niestawienia si\u0119 do wej\u015bcia na pok\u0142ad samolotu, kt\u00f3ry przyby\u0142 z du\u017cym op\u00f3\u017anieniem\" \/>\n<meta name=\"robots\" content=\"index, follow, max-snippet:-1, max-image-preview:large, max-video-preview:-1\" \/>\n<link rel=\"canonical\" href=\"https:\/\/transinfo.pl\/x\/infoair\/nowe-zasady-dotyczace-odszkodowan-dla-spoznionych-samolotow\/\" \/>\n<meta property=\"og:locale\" content=\"pl_PL\" \/>\n<meta property=\"og:type\" content=\"article\" \/>\n<meta property=\"og:title\" content=\"Nowe zasady dotycz\u0105ce odszkodowa\u0144 dla sp\u00f3\u017anionych samolot\u00f3w\" \/>\n<meta property=\"og:description\" content=\"Prawo do odszkodowania nie przys\u0142uguje w razie niestawienia si\u0119 do wej\u015bcia na pok\u0142ad samolotu, kt\u00f3ry przyby\u0142 z du\u017cym op\u00f3\u017anieniem\" \/>\n<meta property=\"og:url\" content=\"https:\/\/transinfo.pl\/x\/infoair\/nowe-zasady-dotyczace-odszkodowan-dla-spoznionych-samolotow\/\" \/>\n<meta property=\"og:site_name\" content=\"TransInfo Archiwum\" \/>\n<meta property=\"og:image\" content=\"https:\/\/transinfo.pl\/x\/wp-content\/uploads\/2024\/02\/787-LOT-1.jpg\" \/>\n\t<meta property=\"og:image:width\" content=\"1\" \/>\n\t<meta property=\"og:image:height\" content=\"1\" \/>\n\t<meta property=\"og:image:type\" content=\"image\/jpeg\" \/>\n<meta name=\"twitter:card\" content=\"summary_large_image\" \/>\n<meta name=\"twitter:label1\" content=\"Szacowany czas czytania\" \/>\n\t<meta name=\"twitter:data1\" content=\"3 minuty\" \/>\n<script type=\"application\/ld+json\" class=\"yoast-schema-graph\">{\"@context\":\"https:\/\/schema.org\",\"@graph\":[{\"@type\":\"WebPage\",\"@id\":\"https:\/\/transinfo.pl\/x\/infoair\/nowe-zasady-dotyczace-odszkodowan-dla-spoznionych-samolotow\/\",\"url\":\"https:\/\/transinfo.pl\/x\/infoair\/nowe-zasady-dotyczace-odszkodowan-dla-spoznionych-samolotow\/\",\"name\":\"Nowe zasady dotycz\u0105ce odszkodowa\u0144 dla sp\u00f3\u017anionych samolot\u00f3w - TransInfo Archiwum\",\"isPartOf\":{\"@id\":\"https:\/\/transinfo.pl\/x\/#website\"},\"primaryImageOfPage\":{\"@id\":\"https:\/\/transinfo.pl\/x\/infoair\/nowe-zasady-dotyczace-odszkodowan-dla-spoznionych-samolotow\/#primaryimage\"},\"image\":{\"@id\":\"https:\/\/transinfo.pl\/x\/infoair\/nowe-zasady-dotyczace-odszkodowan-dla-spoznionych-samolotow\/#primaryimage\"},\"thumbnailUrl\":\"https:\/\/transinfo.pl\/x\/wp-content\/uploads\/2024\/02\/787-LOT-1.jpg\",\"datePublished\":\"2024-02-07T08:31:00+00:00\",\"dateModified\":\"2024-02-07T08:31:00+00:00\",\"description\":\"Prawo do odszkodowania nie przys\u0142uguje w razie niestawienia si\u0119 do wej\u015bcia na pok\u0142ad samolotu, kt\u00f3ry przyby\u0142 z du\u017cym op\u00f3\u017anieniem\",\"breadcrumb\":{\"@id\":\"https:\/\/transinfo.pl\/x\/infoair\/nowe-zasady-dotyczace-odszkodowan-dla-spoznionych-samolotow\/#breadcrumb\"},\"inLanguage\":\"pl-PL\",\"potentialAction\":[{\"@type\":\"ReadAction\",\"target\":[\"https:\/\/transinfo.pl\/x\/infoair\/nowe-zasady-dotyczace-odszkodowan-dla-spoznionych-samolotow\/\"]}]},{\"@type\":\"ImageObject\",\"inLanguage\":\"pl-PL\",\"@id\":\"https:\/\/transinfo.pl\/x\/infoair\/nowe-zasady-dotyczace-odszkodowan-dla-spoznionych-samolotow\/#primaryimage\",\"url\":\"https:\/\/transinfo.pl\/x\/wp-content\/uploads\/2024\/02\/787-LOT-1.jpg\",\"contentUrl\":\"https:\/\/transinfo.pl\/x\/wp-content\/uploads\/2024\/02\/787-LOT-1.jpg\"},{\"@type\":\"BreadcrumbList\",\"@id\":\"https:\/\/transinfo.pl\/x\/infoair\/nowe-zasady-dotyczace-odszkodowan-dla-spoznionych-samolotow\/#breadcrumb\",\"itemListElement\":[{\"@type\":\"ListItem\",\"position\":1,\"name\":\"Home\",\"item\":\"https:\/\/transinfo.pl\/x\/\"},{\"@type\":\"ListItem\",\"position\":2,\"name\":\"Infoair\",\"item\":\"https:\/\/transinfo.pl\/x\/infoair\/\"},{\"@type\":\"ListItem\",\"position\":3,\"name\":\"Nowe zasady dotycz\u0105ce odszkodowa\u0144 dla sp\u00f3\u017anionych samolot\u00f3w\"}]},{\"@type\":\"WebSite\",\"@id\":\"https:\/\/transinfo.pl\/x\/#website\",\"url\":\"https:\/\/transinfo.pl\/x\/\",\"name\":\"TransInfo Archiwum\",\"description\":\"Ca\u0142y transport w jednym miejscu\",\"publisher\":{\"@id\":\"https:\/\/transinfo.pl\/x\/#organization\"},\"potentialAction\":[{\"@type\":\"SearchAction\",\"target\":{\"@type\":\"EntryPoint\",\"urlTemplate\":\"https:\/\/transinfo.pl\/x\/?s={search_term_string}\"},\"query-input\":{\"@type\":\"PropertyValueSpecification\",\"valueRequired\":true,\"valueName\":\"search_term_string\"}}],\"inLanguage\":\"pl-PL\"},{\"@type\":\"Organization\",\"@id\":\"https:\/\/transinfo.pl\/x\/#organization\",\"name\":\"TransInfo\",\"url\":\"https:\/\/transinfo.pl\/x\/\",\"logo\":{\"@type\":\"ImageObject\",\"inLanguage\":\"pl-PL\",\"@id\":\"https:\/\/transinfo.pl\/x\/#\/schema\/logo\/image\/\",\"url\":\"https:\/\/transinfo.pl\/x\/wp-content\/uploads\/2024\/10\/favicon.png\",\"contentUrl\":\"https:\/\/transinfo.pl\/x\/wp-content\/uploads\/2024\/10\/favicon.png\",\"width\":512,\"height\":512,\"caption\":\"TransInfo\"},\"image\":{\"@id\":\"https:\/\/transinfo.pl\/x\/#\/schema\/logo\/image\/\"}}]}<\/script>\n<!-- \/ Yoast SEO Premium plugin. -->","yoast_head_json":{"title":"Nowe zasady dotycz\u0105ce odszkodowa\u0144 dla sp\u00f3\u017anionych samolot\u00f3w - TransInfo Archiwum","description":"Prawo do odszkodowania nie przys\u0142uguje w razie niestawienia si\u0119 do wej\u015bcia na pok\u0142ad samolotu, kt\u00f3ry przyby\u0142 z du\u017cym op\u00f3\u017anieniem","robots":{"index":"index","follow":"follow","max-snippet":"max-snippet:-1","max-image-preview":"max-image-preview:large","max-video-preview":"max-video-preview:-1"},"canonical":"https:\/\/transinfo.pl\/x\/infoair\/nowe-zasady-dotyczace-odszkodowan-dla-spoznionych-samolotow\/","og_locale":"pl_PL","og_type":"article","og_title":"Nowe zasady dotycz\u0105ce odszkodowa\u0144 dla sp\u00f3\u017anionych samolot\u00f3w","og_description":"Prawo do odszkodowania nie przys\u0142uguje w razie niestawienia si\u0119 do wej\u015bcia na pok\u0142ad samolotu, kt\u00f3ry przyby\u0142 z du\u017cym op\u00f3\u017anieniem","og_url":"https:\/\/transinfo.pl\/x\/infoair\/nowe-zasady-dotyczace-odszkodowan-dla-spoznionych-samolotow\/","og_site_name":"TransInfo Archiwum","og_image":[{"url":"https:\/\/transinfo.pl\/x\/wp-content\/uploads\/2024\/02\/787-LOT-1.jpg","width":1,"height":1,"type":"image\/jpeg"}],"twitter_card":"summary_large_image","twitter_misc":{"Szacowany czas czytania":"3 minuty"},"schema":{"@context":"https:\/\/schema.org","@graph":[{"@type":"WebPage","@id":"https:\/\/transinfo.pl\/x\/infoair\/nowe-zasady-dotyczace-odszkodowan-dla-spoznionych-samolotow\/","url":"https:\/\/transinfo.pl\/x\/infoair\/nowe-zasady-dotyczace-odszkodowan-dla-spoznionych-samolotow\/","name":"Nowe zasady dotycz\u0105ce odszkodowa\u0144 dla sp\u00f3\u017anionych samolot\u00f3w - TransInfo Archiwum","isPartOf":{"@id":"https:\/\/transinfo.pl\/x\/#website"},"primaryImageOfPage":{"@id":"https:\/\/transinfo.pl\/x\/infoair\/nowe-zasady-dotyczace-odszkodowan-dla-spoznionych-samolotow\/#primaryimage"},"image":{"@id":"https:\/\/transinfo.pl\/x\/infoair\/nowe-zasady-dotyczace-odszkodowan-dla-spoznionych-samolotow\/#primaryimage"},"thumbnailUrl":"https:\/\/transinfo.pl\/x\/wp-content\/uploads\/2024\/02\/787-LOT-1.jpg","datePublished":"2024-02-07T08:31:00+00:00","dateModified":"2024-02-07T08:31:00+00:00","description":"Prawo do odszkodowania nie przys\u0142uguje w razie niestawienia si\u0119 do wej\u015bcia na pok\u0142ad samolotu, kt\u00f3ry przyby\u0142 z du\u017cym op\u00f3\u017anieniem","breadcrumb":{"@id":"https:\/\/transinfo.pl\/x\/infoair\/nowe-zasady-dotyczace-odszkodowan-dla-spoznionych-samolotow\/#breadcrumb"},"inLanguage":"pl-PL","potentialAction":[{"@type":"ReadAction","target":["https:\/\/transinfo.pl\/x\/infoair\/nowe-zasady-dotyczace-odszkodowan-dla-spoznionych-samolotow\/"]}]},{"@type":"ImageObject","inLanguage":"pl-PL","@id":"https:\/\/transinfo.pl\/x\/infoair\/nowe-zasady-dotyczace-odszkodowan-dla-spoznionych-samolotow\/#primaryimage","url":"https:\/\/transinfo.pl\/x\/wp-content\/uploads\/2024\/02\/787-LOT-1.jpg","contentUrl":"https:\/\/transinfo.pl\/x\/wp-content\/uploads\/2024\/02\/787-LOT-1.jpg"},{"@type":"BreadcrumbList","@id":"https:\/\/transinfo.pl\/x\/infoair\/nowe-zasady-dotyczace-odszkodowan-dla-spoznionych-samolotow\/#breadcrumb","itemListElement":[{"@type":"ListItem","position":1,"name":"Home","item":"https:\/\/transinfo.pl\/x\/"},{"@type":"ListItem","position":2,"name":"Infoair","item":"https:\/\/transinfo.pl\/x\/infoair\/"},{"@type":"ListItem","position":3,"name":"Nowe zasady dotycz\u0105ce odszkodowa\u0144 dla sp\u00f3\u017anionych samolot\u00f3w"}]},{"@type":"WebSite","@id":"https:\/\/transinfo.pl\/x\/#website","url":"https:\/\/transinfo.pl\/x\/","name":"TransInfo Archiwum","description":"Ca\u0142y transport w jednym miejscu","publisher":{"@id":"https:\/\/transinfo.pl\/x\/#organization"},"potentialAction":[{"@type":"SearchAction","target":{"@type":"EntryPoint","urlTemplate":"https:\/\/transinfo.pl\/x\/?s={search_term_string}"},"query-input":{"@type":"PropertyValueSpecification","valueRequired":true,"valueName":"search_term_string"}}],"inLanguage":"pl-PL"},{"@type":"Organization","@id":"https:\/\/transinfo.pl\/x\/#organization","name":"TransInfo","url":"https:\/\/transinfo.pl\/x\/","logo":{"@type":"ImageObject","inLanguage":"pl-PL","@id":"https:\/\/transinfo.pl\/x\/#\/schema\/logo\/image\/","url":"https:\/\/transinfo.pl\/x\/wp-content\/uploads\/2024\/10\/favicon.png","contentUrl":"https:\/\/transinfo.pl\/x\/wp-content\/uploads\/2024\/10\/favicon.png","width":512,"height":512,"caption":"TransInfo"},"image":{"@id":"https:\/\/transinfo.pl\/x\/#\/schema\/logo\/image\/"}}]}},"_links":{"self":[{"href":"https:\/\/transinfo.pl\/x\/wp-json\/wp\/v2\/infoair\/264505","targetHints":{"allow":["GET"]}}],"collection":[{"href":"https:\/\/transinfo.pl\/x\/wp-json\/wp\/v2\/infoair"}],"about":[{"href":"https:\/\/transinfo.pl\/x\/wp-json\/wp\/v2\/types\/infoair"}],"author":[{"embeddable":true,"href":"https:\/\/transinfo.pl\/x\/wp-json\/wp\/v2\/users\/6"}],"replies":[{"embeddable":true,"href":"https:\/\/transinfo.pl\/x\/wp-json\/wp\/v2\/comments?post=264505"}],"wp:featuredmedia":[{"embeddable":true,"href":"https:\/\/transinfo.pl\/x\/wp-json\/wp\/v2\/media\/264506"}],"wp:attachment":[{"href":"https:\/\/transinfo.pl\/x\/wp-json\/wp\/v2\/media?parent=264505"}],"wp:term":[{"taxonomy":"category","embeddable":true,"href":"https:\/\/transinfo.pl\/x\/wp-json\/wp\/v2\/categories?post=264505"},{"taxonomy":"post_tag","embeddable":true,"href":"https:\/\/transinfo.pl\/x\/wp-json\/wp\/v2\/tags?post=264505"}],"curies":[{"name":"wp","href":"https:\/\/api.w.org\/{rel}","templated":true}]}}