{"id":263902,"date":"2024-01-25T12:57:00","date_gmt":"2024-01-25T12:57:00","guid":{"rendered":"https:\/\/transinfo.pl\/x\/infoair\/nowy-prezes-spolki-cpk-zostanie-powolany-w-ciagu-3-miesiecy\/"},"modified":"2024-01-25T12:57:00","modified_gmt":"2024-01-25T12:57:00","slug":"nowy-prezes-spolki-cpk-zostanie-powolany-w-ciagu-3-miesiecy","status":"publish","type":"infoair","link":"https:\/\/transinfo.pl\/x\/infoair\/nowy-prezes-spolki-cpk-zostanie-powolany-w-ciagu-3-miesiecy\/","title":{"rendered":"Nowy prezes sp\u00f3\u0142ki CPK zostanie powo\u0142any w ci\u0105gu 3 miesi\u0119cy"},"content":{"rendered":"<style>h1,h2,h3,h4,h5,h6{margin:0 0 1.25rem;font-family:Arial,sans-serif;font-weight:600;color:#050505}h1{font-size:1.875rem;line-height:1.1em;text-transform:none}@media(min-width: 768px){h1{font-size:2.375rem}}h2{font-size:1.1875rem;line-height:1.2em;text-transform:uppercase}@media(min-width: 768px){h2{font-size:1.0625rem}}h3{font-size:0.9375rem;line-height:1.4em;font-weight:900;margin-bottom:0.9375rem}h4{font-size:0.875rem;line-height:1.2em;font-weight:500}h5{font-size:0.9375rem;line-height:1.6;font-weight:400}h6{font-size:0.9375rem;line-height:1.6;font-weight:600}\n<\/style>\n<h3 class=\"wp-block-heading\" id=\"h-w-ciagu-trzech-miesiecy-odbedzie-sie-konkurs-na-stanowisko-prezesa-spolki-centralnego-portu-komunikacyjnego-poinformowal-25-stycznia-pelnomocnik-rzadu-ds-cpk-maciej-lasek-jego-zdaniem-kandydatem-powinien-byc-ekspert-z-rynku-krajowego-majacy-doswiadczenie-w-realizacji-podobnych-projektow-w-polsce\">W ci\u0105gu trzech miesi\u0119cy odb\u0119dzie si\u0119 konkurs na stanowisko prezesa sp\u00f3\u0142ki Centralnego Portu Komunikacyjnego &#8211; poinformowa\u0142 25 stycznia pe\u0142nomocnik rz\u0105du ds. CPK, Maciej Lasek. Jego zdaniem, kandydatem powinien by\u0107 ekspert z rynku krajowego, maj\u0105cy do\u015bwiadczenie w realizacji podobnych projekt\u00f3w w Polsce.<\/h3>\n\n\n<style>p{margin:0 0 1.5rem}p:last-child{margin:0}p.is-style-uppercase{text-transform:uppercase}p.is-style-preheading{color:#12406a;text-transform:uppercase}p.is-style-leadparagraph{font-size:1rem;line-height:1.625;font-weight:700}@media(min-width: 768px){p.is-style-leadparagraph{font-size:1.125rem;line-height:1.5555555556}}p.has-small-margin{margin-bottom:0.625rem}p.has-small-margin+h1,p.has-small-margin+h2,p.has-small-margin+h3{margin-top:1.875rem}\n<\/style>\n<p>Rada nadzorcza sp\u00f3\u0142ki Centralny Port Komunikacyjny (CPK) odwo\u0142a\u0142a w pi\u0105tek dw\u00f3ch cz\u0142onk\u00f3w trzyosobowego zarz\u0105du sp\u00f3\u0142ki: prezesa Miko\u0142aja Wilda, kt\u00f3ry szefowa\u0142 sp\u00f3\u0142ce od grudniu 2019 r., i Rados\u0142awa Kantaka, odpowiadaj\u0105cego za inwestycje kolejowe. W zarz\u0105dzie sp\u00f3\u0142ki pozosta\u0142 Andrzej Alot, kt\u00f3ry odpowiada za sprawy finansowe. Jednocze\u015bnie przewodnicz\u0105cy rady nadzorczej Filip Czernicki zosta\u0142 oddelegowany na trzy miesi\u0105ce do pe\u0142nienia funkcji prezesa zarz\u0105du.<\/p>\n\n\n\n<p>Lasek w czwartek w Studiu PAP pytany o konkurs na stanowisko prezesa sp\u00f3\u0142ki CPK odpowiedzia\u0142, \u017ce musi si\u0119 odby\u0107 w ci\u0105gu trzech miesi\u0119cy, gdy\u017c jest to maksymalny czas, na jaki mo\u017cna oddelegowa\u0107 przewodnicz\u0105cego rady nadzorczej do pe\u0142nienia tej funkcji. Podkre\u015bli\u0142, \u017ce wa\u017cne jest wy\u0142onienie odpowiedniego kandydata, kt\u00f3ry zarz\u0105dzi tym &#8222;olbrzymim projektem lotniczym, kolejowym i drogowym oraz du\u017c\u0105 grup\u0105 kapita\u0142ow\u0105 sk\u0142adaj\u0105c\u0105 si\u0119 z 24 sp\u00f3\u0142ek&#8221;.<\/p>\n\n\n\n<p>Wiceminister funduszy i polityki regionalnej oceni\u0142, \u017ce ekspert ten powinien raczej pochodzi\u0107 z rynku krajowego. Argumentowa\u0142, \u017ce &#8222;potrzeba rozs\u0105dnej osoby, kt\u00f3ra zna nasze realia, realizowa\u0142a podobne albo cho\u0107by zbli\u017cone projekty w tej bran\u017cy&#8221;. &#8222;Takie jest moje zdanie&#8221; &#8211; doda\u0142.<\/p>\n\n\n\n<p>Na uwag\u0119, \u017ce ze wzgl\u0119du na wielko\u015b\u0107 i z\u0142o\u017cono\u015b\u0107 projektu grupa takich kandydat\u00f3w jest ograniczona, powiedzia\u0142, \u017ce chodzi o ekspert\u00f3w, kt\u00f3rzy maj\u0105 do\u015bwiadczenie w projektach budowy, rozbudowy i uruchamiania&nbsp;lotnisk, ale tak\u017ce sieci kolejowych.<\/p>\n\n\n\n<p>Lasek zaznaczy\u0142, \u017ce na ka\u017cde stanowisko w zarz\u0105dzie sp\u00f3\u0142ki b\u0119dzie rozpisany konkurs, tak jak w przypadku trwaj\u0105cego w\u0142a\u015bnie naboru konkursowego na drugiego cz\u0142onka zarz\u0105du. Doda\u0142, \u017ce g\u0142\u00f3wnym oczekiwaniem wobec zarz\u0105du jest mo\u017cliwe szybkie i sprawne przeprowadzenie audytu sp\u00f3\u0142ki.<\/p>\n\n\n\n<p>Sp\u00f3\u0142ka Centralny Port Komunikacyjny zosta\u0142a powo\u0142ana do przygotowania i realizacji Programu wieloletniego Centralnego Portu Komunikacyjnego, obejmuj\u0105cego m.in. budow\u0119 nowego&nbsp;lotniska centralnego dla Polski oraz inwestycji towarzysz\u0105cych &#8211; m.in. linii kolejowych, dr\u00f3g ekspresowych i autostrad.<\/p>\n\n\n\n<p>Centralny Port Komunikacyjny to planowany w\u0119ze\u0142 przesiadkowy mi\u0119dzy Warszaw\u0105 i \u0141odzi\u0105, kt\u00f3ry ma zintegrowa\u0107 transport lotniczy, kolejowy i drogowy. W ramach tego projektu w odleg\u0142o\u015bci 37 km na zach\u00f3d od Warszawy, na obszarze ok. 3 tys. hektar\u00f3w ma by\u0107 wybudowany port lotniczy. W sk\u0142ad CPK maj\u0105 wej\u015b\u0107 te\u017c inwestycje kolejowe: w\u0119ze\u0142 przy porcie lotniczym i po\u0142\u0105czenia na terenie kraju, kt\u00f3re maj\u0105 umo\u017cliwi\u0107 przejazd mi\u0119dzy Warszaw\u0105 a najwi\u0119kszymi polskimi miastami w czasie nie d\u0142u\u017cszym ni\u017c 2,5 godz. CPK jest w 100 proc. w\u0142asno\u015bci\u0105 Skarbu Pa\u0144stwa. (PAP)<\/p>\n\n\n\n<p>Ca\u0142a rozmowa dost\u0119pna jest pod adresem:&nbsp;<a href=\"http:\/\/www.pap.pl\/aktualnosci\/gosc-studia-pap-maciej-lasek-wiceminister-funduszy-i-polityki-regionalnej-pelnomocnik\" target=\"_blank\" rel=\"noreferrer noopener\">https:\/\/www.pap.pl\/aktualnosci\/gosc-studia-pap-maciej-lasek-wiceminister-funduszy-i-polityki-regionalnej-pelnomocnik<\/a>&nbsp;i na&nbsp;<a href=\"http:\/\/wideo.pap.pl\/\" target=\"_blank\" rel=\"noreferrer noopener\">www.wideo.pap.pl<\/a>. (PAP)<\/p>\n\n\n<style>.wp-block-image{margin:1.25rem 0;text-align:center}.wp-block-image figcaption{padding:0 0.9375rem;text-align:center}\n<\/style>\n<figure class=\"wp-block-image size-large\"><a href=\"https:\/\/transinfo.pl\/wp-content\/uploads\/2024\/01\/CPK_Koncepcja-6-1920x1280-1.jpg\"><img decoding=\"async\" src=\"https:\/\/transinfo.pl\/wp-content\/uploads\/2024\/01\/CPK_Koncepcja-6-1920x1280-1-1024x683.jpg\" alt=\"W ci\u0105gu trzech miesi\u0119cy odb\u0119dzie si\u0119 konkurs na stanowisko prezesa sp\u00f3\u0142ki Centralnego Portu Komunikacyjnego - kandydatem powinien by\u0107 ekspert z rynku krajowego, maj\u0105cy do\u015bwiadczenie w realizacji podobnych projekt\u00f3w w Polsce.\" class=\"wp-image-461727\" \/><\/a><figcaption class=\"wp-element-caption\">Wizualizacja terminala Centralnego Portu Komunikacyjnego<\/figcaption><\/figure>\n","protected":false},"author":6,"featured_media":263903,"comment_status":"","ping_status":"closed","template":"","categories":[23],"tags":[68,674,45],"class_list":["post-263902","infoair","type-infoair","status-publish","has-post-thumbnail","hentry","category-infrastruktura","tag-centralny-port-komunikacyjny","tag-cpk","tag-lotnisko"],"acf":[],"yoast_head":"<!-- This site is optimized with the Yoast SEO Premium plugin v21.8 (Yoast SEO v23.7) - https:\/\/yoast.com\/wordpress\/plugins\/seo\/ -->\n<title>Nowy prezes sp\u00f3\u0142ki CPK zostanie powo\u0142any w ci\u0105gu 3 miesi\u0119cy - TransInfo Archiwum<\/title>\n<meta name=\"description\" content=\"W ci\u0105gu trzech miesi\u0119cy odb\u0119dzie si\u0119 konkurs na stanowisko prezesa sp\u00f3\u0142ki Centralnego Portu Komunikacyjnego\" \/>\n<meta name=\"robots\" content=\"index, follow, max-snippet:-1, max-image-preview:large, max-video-preview:-1\" \/>\n<link rel=\"canonical\" href=\"https:\/\/transinfo.pl\/x\/infoair\/nowy-prezes-spolki-cpk-zostanie-powolany-w-ciagu-3-miesiecy\/\" \/>\n<meta property=\"og:locale\" content=\"pl_PL\" \/>\n<meta property=\"og:type\" content=\"article\" \/>\n<meta property=\"og:title\" content=\"Nowy prezes sp\u00f3\u0142ki CPK zostanie powo\u0142any w ci\u0105gu 3 miesi\u0119cy\" \/>\n<meta property=\"og:description\" content=\"W ci\u0105gu trzech miesi\u0119cy odb\u0119dzie si\u0119 konkurs na stanowisko prezesa sp\u00f3\u0142ki Centralnego Portu Komunikacyjnego\" \/>\n<meta property=\"og:url\" content=\"https:\/\/transinfo.pl\/x\/infoair\/nowy-prezes-spolki-cpk-zostanie-powolany-w-ciagu-3-miesiecy\/\" \/>\n<meta property=\"og:site_name\" content=\"TransInfo Archiwum\" \/>\n<meta property=\"og:image\" content=\"https:\/\/transinfo.pl\/x\/wp-content\/uploads\/2024\/01\/CPK_Koncepcja-5-1920x1295-1.jpg\" \/>\n\t<meta property=\"og:image:width\" content=\"1\" \/>\n\t<meta property=\"og:image:height\" content=\"1\" \/>\n\t<meta property=\"og:image:type\" content=\"image\/jpeg\" \/>\n<meta name=\"twitter:card\" content=\"summary_large_image\" \/>\n<meta name=\"twitter:label1\" content=\"Szacowany czas czytania\" \/>\n\t<meta name=\"twitter:data1\" content=\"3 minuty\" \/>\n<script type=\"application\/ld+json\" class=\"yoast-schema-graph\">{\"@context\":\"https:\/\/schema.org\",\"@graph\":[{\"@type\":\"WebPage\",\"@id\":\"https:\/\/transinfo.pl\/x\/infoair\/nowy-prezes-spolki-cpk-zostanie-powolany-w-ciagu-3-miesiecy\/\",\"url\":\"https:\/\/transinfo.pl\/x\/infoair\/nowy-prezes-spolki-cpk-zostanie-powolany-w-ciagu-3-miesiecy\/\",\"name\":\"Nowy prezes sp\u00f3\u0142ki CPK zostanie powo\u0142any w ci\u0105gu 3 miesi\u0119cy - TransInfo Archiwum\",\"isPartOf\":{\"@id\":\"https:\/\/transinfo.pl\/x\/#website\"},\"primaryImageOfPage\":{\"@id\":\"https:\/\/transinfo.pl\/x\/infoair\/nowy-prezes-spolki-cpk-zostanie-powolany-w-ciagu-3-miesiecy\/#primaryimage\"},\"image\":{\"@id\":\"https:\/\/transinfo.pl\/x\/infoair\/nowy-prezes-spolki-cpk-zostanie-powolany-w-ciagu-3-miesiecy\/#primaryimage\"},\"thumbnailUrl\":\"https:\/\/transinfo.pl\/x\/wp-content\/uploads\/2024\/01\/CPK_Koncepcja-5-1920x1295-1.jpg\",\"datePublished\":\"2024-01-25T12:57:00+00:00\",\"dateModified\":\"2024-01-25T12:57:00+00:00\",\"description\":\"W ci\u0105gu trzech miesi\u0119cy odb\u0119dzie si\u0119 konkurs na stanowisko prezesa sp\u00f3\u0142ki Centralnego Portu Komunikacyjnego\",\"breadcrumb\":{\"@id\":\"https:\/\/transinfo.pl\/x\/infoair\/nowy-prezes-spolki-cpk-zostanie-powolany-w-ciagu-3-miesiecy\/#breadcrumb\"},\"inLanguage\":\"pl-PL\",\"potentialAction\":[{\"@type\":\"ReadAction\",\"target\":[\"https:\/\/transinfo.pl\/x\/infoair\/nowy-prezes-spolki-cpk-zostanie-powolany-w-ciagu-3-miesiecy\/\"]}]},{\"@type\":\"ImageObject\",\"inLanguage\":\"pl-PL\",\"@id\":\"https:\/\/transinfo.pl\/x\/infoair\/nowy-prezes-spolki-cpk-zostanie-powolany-w-ciagu-3-miesiecy\/#primaryimage\",\"url\":\"https:\/\/transinfo.pl\/x\/wp-content\/uploads\/2024\/01\/CPK_Koncepcja-5-1920x1295-1.jpg\",\"contentUrl\":\"https:\/\/transinfo.pl\/x\/wp-content\/uploads\/2024\/01\/CPK_Koncepcja-5-1920x1295-1.jpg\"},{\"@type\":\"BreadcrumbList\",\"@id\":\"https:\/\/transinfo.pl\/x\/infoair\/nowy-prezes-spolki-cpk-zostanie-powolany-w-ciagu-3-miesiecy\/#breadcrumb\",\"itemListElement\":[{\"@type\":\"ListItem\",\"position\":1,\"name\":\"Home\",\"item\":\"https:\/\/transinfo.pl\/x\/\"},{\"@type\":\"ListItem\",\"position\":2,\"name\":\"Infoair\",\"item\":\"https:\/\/transinfo.pl\/x\/infoair\/\"},{\"@type\":\"ListItem\",\"position\":3,\"name\":\"Nowy prezes sp\u00f3\u0142ki CPK zostanie powo\u0142any w ci\u0105gu 3 miesi\u0119cy\"}]},{\"@type\":\"WebSite\",\"@id\":\"https:\/\/transinfo.pl\/x\/#website\",\"url\":\"https:\/\/transinfo.pl\/x\/\",\"name\":\"TransInfo Archiwum\",\"description\":\"Ca\u0142y transport w jednym miejscu\",\"publisher\":{\"@id\":\"https:\/\/transinfo.pl\/x\/#organization\"},\"potentialAction\":[{\"@type\":\"SearchAction\",\"target\":{\"@type\":\"EntryPoint\",\"urlTemplate\":\"https:\/\/transinfo.pl\/x\/?s={search_term_string}\"},\"query-input\":{\"@type\":\"PropertyValueSpecification\",\"valueRequired\":true,\"valueName\":\"search_term_string\"}}],\"inLanguage\":\"pl-PL\"},{\"@type\":\"Organization\",\"@id\":\"https:\/\/transinfo.pl\/x\/#organization\",\"name\":\"TransInfo\",\"url\":\"https:\/\/transinfo.pl\/x\/\",\"logo\":{\"@type\":\"ImageObject\",\"inLanguage\":\"pl-PL\",\"@id\":\"https:\/\/transinfo.pl\/x\/#\/schema\/logo\/image\/\",\"url\":\"https:\/\/transinfo.pl\/x\/wp-content\/uploads\/2024\/10\/favicon.png\",\"contentUrl\":\"https:\/\/transinfo.pl\/x\/wp-content\/uploads\/2024\/10\/favicon.png\",\"width\":512,\"height\":512,\"caption\":\"TransInfo\"},\"image\":{\"@id\":\"https:\/\/transinfo.pl\/x\/#\/schema\/logo\/image\/\"}}]}<\/script>\n<!-- \/ Yoast SEO Premium plugin. -->","yoast_head_json":{"title":"Nowy prezes sp\u00f3\u0142ki CPK zostanie powo\u0142any w ci\u0105gu 3 miesi\u0119cy - TransInfo Archiwum","description":"W ci\u0105gu trzech miesi\u0119cy odb\u0119dzie si\u0119 konkurs na stanowisko prezesa sp\u00f3\u0142ki Centralnego Portu Komunikacyjnego","robots":{"index":"index","follow":"follow","max-snippet":"max-snippet:-1","max-image-preview":"max-image-preview:large","max-video-preview":"max-video-preview:-1"},"canonical":"https:\/\/transinfo.pl\/x\/infoair\/nowy-prezes-spolki-cpk-zostanie-powolany-w-ciagu-3-miesiecy\/","og_locale":"pl_PL","og_type":"article","og_title":"Nowy prezes sp\u00f3\u0142ki CPK zostanie powo\u0142any w ci\u0105gu 3 miesi\u0119cy","og_description":"W ci\u0105gu trzech miesi\u0119cy odb\u0119dzie si\u0119 konkurs na stanowisko prezesa sp\u00f3\u0142ki Centralnego Portu Komunikacyjnego","og_url":"https:\/\/transinfo.pl\/x\/infoair\/nowy-prezes-spolki-cpk-zostanie-powolany-w-ciagu-3-miesiecy\/","og_site_name":"TransInfo Archiwum","og_image":[{"url":"https:\/\/transinfo.pl\/x\/wp-content\/uploads\/2024\/01\/CPK_Koncepcja-5-1920x1295-1.jpg","width":1,"height":1,"type":"image\/jpeg"}],"twitter_card":"summary_large_image","twitter_misc":{"Szacowany czas czytania":"3 minuty"},"schema":{"@context":"https:\/\/schema.org","@graph":[{"@type":"WebPage","@id":"https:\/\/transinfo.pl\/x\/infoair\/nowy-prezes-spolki-cpk-zostanie-powolany-w-ciagu-3-miesiecy\/","url":"https:\/\/transinfo.pl\/x\/infoair\/nowy-prezes-spolki-cpk-zostanie-powolany-w-ciagu-3-miesiecy\/","name":"Nowy prezes sp\u00f3\u0142ki CPK zostanie powo\u0142any w ci\u0105gu 3 miesi\u0119cy - TransInfo Archiwum","isPartOf":{"@id":"https:\/\/transinfo.pl\/x\/#website"},"primaryImageOfPage":{"@id":"https:\/\/transinfo.pl\/x\/infoair\/nowy-prezes-spolki-cpk-zostanie-powolany-w-ciagu-3-miesiecy\/#primaryimage"},"image":{"@id":"https:\/\/transinfo.pl\/x\/infoair\/nowy-prezes-spolki-cpk-zostanie-powolany-w-ciagu-3-miesiecy\/#primaryimage"},"thumbnailUrl":"https:\/\/transinfo.pl\/x\/wp-content\/uploads\/2024\/01\/CPK_Koncepcja-5-1920x1295-1.jpg","datePublished":"2024-01-25T12:57:00+00:00","dateModified":"2024-01-25T12:57:00+00:00","description":"W ci\u0105gu trzech miesi\u0119cy odb\u0119dzie si\u0119 konkurs na stanowisko prezesa sp\u00f3\u0142ki Centralnego Portu Komunikacyjnego","breadcrumb":{"@id":"https:\/\/transinfo.pl\/x\/infoair\/nowy-prezes-spolki-cpk-zostanie-powolany-w-ciagu-3-miesiecy\/#breadcrumb"},"inLanguage":"pl-PL","potentialAction":[{"@type":"ReadAction","target":["https:\/\/transinfo.pl\/x\/infoair\/nowy-prezes-spolki-cpk-zostanie-powolany-w-ciagu-3-miesiecy\/"]}]},{"@type":"ImageObject","inLanguage":"pl-PL","@id":"https:\/\/transinfo.pl\/x\/infoair\/nowy-prezes-spolki-cpk-zostanie-powolany-w-ciagu-3-miesiecy\/#primaryimage","url":"https:\/\/transinfo.pl\/x\/wp-content\/uploads\/2024\/01\/CPK_Koncepcja-5-1920x1295-1.jpg","contentUrl":"https:\/\/transinfo.pl\/x\/wp-content\/uploads\/2024\/01\/CPK_Koncepcja-5-1920x1295-1.jpg"},{"@type":"BreadcrumbList","@id":"https:\/\/transinfo.pl\/x\/infoair\/nowy-prezes-spolki-cpk-zostanie-powolany-w-ciagu-3-miesiecy\/#breadcrumb","itemListElement":[{"@type":"ListItem","position":1,"name":"Home","item":"https:\/\/transinfo.pl\/x\/"},{"@type":"ListItem","position":2,"name":"Infoair","item":"https:\/\/transinfo.pl\/x\/infoair\/"},{"@type":"ListItem","position":3,"name":"Nowy prezes sp\u00f3\u0142ki CPK zostanie powo\u0142any w ci\u0105gu 3 miesi\u0119cy"}]},{"@type":"WebSite","@id":"https:\/\/transinfo.pl\/x\/#website","url":"https:\/\/transinfo.pl\/x\/","name":"TransInfo Archiwum","description":"Ca\u0142y transport w jednym miejscu","publisher":{"@id":"https:\/\/transinfo.pl\/x\/#organization"},"potentialAction":[{"@type":"SearchAction","target":{"@type":"EntryPoint","urlTemplate":"https:\/\/transinfo.pl\/x\/?s={search_term_string}"},"query-input":{"@type":"PropertyValueSpecification","valueRequired":true,"valueName":"search_term_string"}}],"inLanguage":"pl-PL"},{"@type":"Organization","@id":"https:\/\/transinfo.pl\/x\/#organization","name":"TransInfo","url":"https:\/\/transinfo.pl\/x\/","logo":{"@type":"ImageObject","inLanguage":"pl-PL","@id":"https:\/\/transinfo.pl\/x\/#\/schema\/logo\/image\/","url":"https:\/\/transinfo.pl\/x\/wp-content\/uploads\/2024\/10\/favicon.png","contentUrl":"https:\/\/transinfo.pl\/x\/wp-content\/uploads\/2024\/10\/favicon.png","width":512,"height":512,"caption":"TransInfo"},"image":{"@id":"https:\/\/transinfo.pl\/x\/#\/schema\/logo\/image\/"}}]}},"_links":{"self":[{"href":"https:\/\/transinfo.pl\/x\/wp-json\/wp\/v2\/infoair\/263902","targetHints":{"allow":["GET"]}}],"collection":[{"href":"https:\/\/transinfo.pl\/x\/wp-json\/wp\/v2\/infoair"}],"about":[{"href":"https:\/\/transinfo.pl\/x\/wp-json\/wp\/v2\/types\/infoair"}],"author":[{"embeddable":true,"href":"https:\/\/transinfo.pl\/x\/wp-json\/wp\/v2\/users\/6"}],"replies":[{"embeddable":true,"href":"https:\/\/transinfo.pl\/x\/wp-json\/wp\/v2\/comments?post=263902"}],"wp:featuredmedia":[{"embeddable":true,"href":"https:\/\/transinfo.pl\/x\/wp-json\/wp\/v2\/media\/263903"}],"wp:attachment":[{"href":"https:\/\/transinfo.pl\/x\/wp-json\/wp\/v2\/media?parent=263902"}],"wp:term":[{"taxonomy":"category","embeddable":true,"href":"https:\/\/transinfo.pl\/x\/wp-json\/wp\/v2\/categories?post=263902"},{"taxonomy":"post_tag","embeddable":true,"href":"https:\/\/transinfo.pl\/x\/wp-json\/wp\/v2\/tags?post=263902"}],"curies":[{"name":"wp","href":"https:\/\/api.w.org\/{rel}","templated":true}]}}