{"id":263533,"date":"2024-01-17T13:48:54","date_gmt":"2024-01-17T13:48:54","guid":{"rendered":"https:\/\/transinfo.pl\/x\/infoair\/maciej-lasek-jest-nowy-sklad-rady-nadzorczej-spolki-cpk\/"},"modified":"2024-01-17T13:48:54","modified_gmt":"2024-01-17T13:48:54","slug":"maciej-lasek-jest-nowy-sklad-rady-nadzorczej-spolki-cpk","status":"publish","type":"infoair","link":"https:\/\/transinfo.pl\/x\/infoair\/maciej-lasek-jest-nowy-sklad-rady-nadzorczej-spolki-cpk\/","title":{"rendered":"Maciej Lasek: Jest nowy sk\u0142ad rady nadzorczej sp\u00f3\u0142ki CPK"},"content":{"rendered":"<style>h1,h2,h3,h4,h5,h6{margin:0 0 1.25rem;font-family:Arial,sans-serif;font-weight:600;color:#050505}h1{font-size:1.875rem;line-height:1.1em;text-transform:none}@media(min-width: 768px){h1{font-size:2.375rem}}h2{font-size:1.1875rem;line-height:1.2em;text-transform:uppercase}@media(min-width: 768px){h2{font-size:1.0625rem}}h3{font-size:0.9375rem;line-height:1.4em;font-weight:900;margin-bottom:0.9375rem}h4{font-size:0.875rem;line-height:1.2em;font-weight:500}h5{font-size:0.9375rem;line-height:1.6;font-weight:400}h6{font-size:0.9375rem;line-height:1.6;font-weight:600}\n<\/style>\n<h3 class=\"wp-block-heading\" id=\"h-17-stycznia-powolany-zostal-nowy-sklad-rady-nadzorczej-spolki-centralny-port-komunikacyjny-a-w-najblizszych-dniach-beda-kolejne-zmiany\">17 stycznia powo\u0142any zosta\u0142 nowy sk\u0142ad rady nadzorczej sp\u00f3\u0142ki Centralny Port Komunikacyjny, a w najbli\u017cszych dniach b\u0119d\u0105 kolejne zmiany.<\/h3>\n\n\n<style>p{margin:0 0 1.5rem}p:last-child{margin:0}p.is-style-uppercase{text-transform:uppercase}p.is-style-preheading{color:#12406a;text-transform:uppercase}p.is-style-leadparagraph{font-size:1rem;line-height:1.625;font-weight:700}@media(min-width: 768px){p.is-style-leadparagraph{font-size:1.125rem;line-height:1.5555555556}}p.has-small-margin{margin-bottom:0.625rem}p.has-small-margin+h1,p.has-small-margin+h2,p.has-small-margin+h3{margin-top:1.875rem}\n<\/style>\n<p>Tak\u0105 informacj\u0119 przekaza\u0142 w Sejmie pe\u0142nomocnik rz\u0105du ds. CPK Maciej Lasek. Doda\u0142, \u017ce przygotowywany jest audyt CPK. Zapewni\u0142, \u017ce wszystkie decyzje dotycz\u0105ce dalszego losu projektu b\u0119d\u0105 bazowa\u0142y na analizach.<\/p>\n\n\n\n<h2 class=\"wp-block-heading\" id=\"h-nowy-sklad\">nowy sk\u0142ad <\/h2>\n\n\n<style>.wp-block-quote{border-left:0.1875rem solid var(--page-color);font-size:1rem;font-style:italic;margin:0 0 1.6875rem;padding:1.25rem}.wp-block-quote cite{color:#050505}.wp-block-quote.is-style-large p{margin-bottom:10px}.wp-block-quote.is-style-large cite{color:#12406a}\n<\/style>\n<blockquote class=\"wp-block-quote is-layout-flow wp-block-quote-is-layout-flow\">\n<p>&#8222;Dzisiaj zosta\u0142 powo\u0142any nowy sk\u0142ad rady nadzorczej sp\u00f3\u0142ki, a kolejne zmiany nast\u0105pi\u0105 w najbli\u017cszych dniach&#8221; &#8211; zapowiedzia\u0142 17 stycznia  w Sejmie wiceminister funduszy i polityki regionalnej, pe\u0142nomocnik rz\u0105du ds. CPK Maciej Lasek.<\/p>\n<\/blockquote>\n\n\n\n<p>Sp\u00f3\u0142ka Centralny Port Komunikacyjny (CPK) zosta\u0142a powo\u0142ana do przygotowania i realizacji Programu wieloletniego Centralnego Portu Komunikacyjnego, obejmuj\u0105cego m.in. budow\u0119 nowego lotniska centralnego dla Polski, oraz inwestycje towarzysz\u0105ce &#8211; m.in. linie kolejowe, drogi ekspresowe i autostrady.<\/p>\n\n\n\n<p>Lasek powiedzia\u0142, \u017ce w ostatnim czasie, jako pe\u0142nomocnik, wykonywa\u0142 prawa z udzia\u0142\u00f3w w sp\u00f3\u0142ce CPK w imieniu i na rzecz Skarbu Pa\u0144stwa, jedynego udzia\u0142owca sp\u00f3\u0142ki. <\/p>\n\n\n\n<blockquote class=\"wp-block-quote is-layout-flow wp-block-quote-is-layout-flow\">\n<p>-&#8222;W ten spos\u00f3b zachodz\u0105 zmiany w organach sp\u00f3\u0142ki, kt\u00f3re umo\u017cliwi\u0105 lepsz\u0105 wsp\u00f3\u0142prac\u0119 przy projekcie, ale tak\u017ce przy jego weryfikacji&#8221; &#8211; oceni\u0142 Lasek. Jak m\u00f3wi\u0142, po przeprowadzonej analizie uznano, \u017ce dzia\u0142aj\u0105cy przy pe\u0142nomocniku zesp\u00f3\u0142 doradczy, &#8222;pomimo p\u0142atnej formu\u0142y, nie wypracowa\u0142 \u017cadnych sensownych, u\u017cytecznych rekomendacji&#8221;. &#8222;Dlatego jedn\u0105 z moich pierwszych decyzji by\u0142o rozwi\u0105zanie tego gremium&#8221; &#8211; poinformowa\u0142.<\/p>\n<\/blockquote>\n\n\n<style>.wp-block-image{margin:1.25rem 0;text-align:center}.wp-block-image figcaption{padding:0 0.9375rem;text-align:center}\n<\/style>\n<figure class=\"wp-block-image size-large\"><a href=\"https:\/\/transinfo.pl\/wp-content\/uploads\/2024\/01\/Zarzad-\u2013-Centralny-Port-Komunikacyjny-\u2013-CPK.jpg\"><img decoding=\"async\" src=\"https:\/\/transinfo.pl\/wp-content\/uploads\/2024\/01\/Zarzad-\u2013-Centralny-Port-Komunikacyjny-\u2013-CPK-1024x511.jpg\" alt=\"Pe\u0142nomocnik rz\u0105du ds. CPK: powo\u0142ano nowy sk\u0142ad rady nadzorczej sp\u00f3\u0142ki\" class=\"wp-image-460837\" \/><\/a><figcaption class=\"wp-element-caption\">Na stronie CPK widnieje taki sk\u0142ad zarz\u0105du sp\u00f3\u0142ki <\/figcaption><\/figure>\n\n\n\n<h2 class=\"wp-block-heading\" id=\"h-audyt-wydatkow\">Audyt wydatk\u00f3w <\/h2>\n\n\n\n<p>Zapowiedzia\u0142 r\u00f3wnie\u017c, \u017ce przygotowywane jest &#8222;uruchomienie audyty, kt\u00f3ry pozwoli prze\u015bledzi\u0107 zar\u00f3wno dzia\u0142alno\u015b\u0107 sp\u00f3\u0142ki, jak i pe\u0142nomocnika&#8221;. Sprecyzowa\u0142, \u017ce audytem b\u0119d\u0105 obj\u0119te analizy dotycz\u0105ce m.in. projektu oraz innych zada\u0144 CPK &#8222;pod k\u0105tem ich zasadno\u015bci oraz sposobu realizacji&#8221;, a tak\u017ce decyzji i zobowi\u0105za\u0144 finansowych z nich wynikaj\u0105cych. Audytowi ma r\u00f3wnie\u017c podlega\u0107 &#8211; jak m\u00f3wi\u0142 &#8211; struktura organizacyjna sp\u00f3\u0142ki, kadry &#8222;w uj\u0119ciu ilo\u015bciowym i jako\u015bciowym&#8221;.<\/p>\n\n\n\n<p>Zdaniem pe\u0142nomocnika audyt ma r\u00f3wnie\u017c obejmowa\u0107 zam\u00f3wienia i kontrakty. Jego zdaniem te ostatnie b\u0119d\u0105 wa\u017cnym jego elementem. Doda\u0142, \u017ce chodzi zar\u00f3wno o kontrakty zrealizowane, jak i te w realizacji &#8211; &#8222;ich zwarto\u015b\u0107, celowo\u015b\u0107, warunki, na kt\u00f3re zgodzi\u0142 si\u0119 zarz\u0105d&#8221;. &#8222;Ale te\u017c warunki ewentualnego rozwi\u0105zania um\u00f3w bez przes\u0105dzania oczywi\u015bcie, jakie b\u0119d\u0105 decyzje&#8221; &#8211; zaznaczy\u0142.<\/p>\n\n\n\n<p>Powo\u0142uj\u0105c si\u0119 na pierwsze analizy przyzna\u0142, \u017ce &#8222;trudno znale\u017a\u0107 uzasadnienia dla niekt\u00f3rych wydatk\u00f3w, np. tzw. planu spo\u0142eczno-gospodarczego, gdzie limit wydatk\u00f3w w Programie wieloletnim na lata 2020-2023 zosta\u0142 wskazany na \u0107wier\u0107 miliarda z\u0142otych (249 mln z\u0142)&#8221;. Doda\u0142, \u017ce ostatnie dni pokaza\u0142y, i\u017c &#8222;swoisty sponsoring dotyczy\u0142 r\u00f3\u017cnych zada\u0144 np. tych okre\u015blanych przez media, jako +o\u0142tarz plus+&#8221;. Media informowa\u0142y, \u017ce sp\u00f3\u0142ka CPK przeznaczy\u0142a 400 tys. z\u0142 na renowacj\u0119 trzech o\u0142tarzy w jednym z ko\u015bcio\u0142\u00f3w po\u0142o\u017conych niedaleko Baranowa.<\/p>\n\n\n\n<blockquote class=\"wp-block-quote is-layout-flow wp-block-quote-is-layout-flow\">\n<p>&#8222;Wszystkie wydatki oraz ich podstawa b\u0119d\u0105 zweryfikowane&#8221; &#8211; zapewni\u0142 Lasek.<\/p>\n<\/blockquote>\n\n\n\n<figure class=\"wp-block-image size-large\"><a href=\"https:\/\/transinfo.pl\/wp-content\/uploads\/2024\/01\/Lasek-Centralny-Port-Komunikacyjny-\u2013-CPK-2.jpg\"><img decoding=\"async\" src=\"https:\/\/transinfo.pl\/wp-content\/uploads\/2024\/01\/Lasek-Centralny-Port-Komunikacyjny-\u2013-CPK-2-1024x791.jpg\" alt=\"Maciej Lasek - sekretarz stanu w Ministerstwie Funduszy i Polityki Regionalnej.\" class=\"wp-image-460838\" \/><\/a><figcaption class=\"wp-element-caption\">Maciej Lasek &#8211; sekretarz stanu w Ministerstwie Funduszy i Polityki Regionalnej.<\/figcaption><\/figure>\n\n\n\n<h2 class=\"wp-block-heading\" id=\"h-lotniskowa-symbioza\">Lotniskowa symbioza <\/h2>\n\n\n\n<p>Lasek zapowiedzia\u0142 te\u017c decyzje dotycz\u0105ce rozwoju istniej\u0105cych lotnisk, np. Lotniska Chopina czy w Modlinie. W jego ocenie, poprzednia ekipa rz\u0105dz\u0105ca &#8222;\u015bwiadomie i celowo blokowa\u0142a&#8221; rozw\u00f3j tych port\u00f3w, &#8222;by uzasadni\u0107 budow\u0119 CPK&#8221;.<\/p>\n\n\n\n<p>Zdaniem pe\u0142nomocnika &#8222;rozw\u00f3j mazowieckich port\u00f3w lotniczych jest niezb\u0119dny i musi poprzedzi\u0107 potencjaln\u0105 budow\u0119 nowego lotniska centralnego&#8221;. Oceni\u0142, \u017ce nazywanie dotychczas obowi\u0105zuj\u0105cego harmonogramu realizacji projektu CPK &#8222;realistycznym&#8221;, gdzie pierwsze loty z CPK mia\u0142y si\u0119 odby\u0107 w 2028 r., &#8222;wymaga &#8211; \u0142agodnie m\u00f3wi\u0105c &#8211; du\u017cej odwagi cywilnej&#8221;.<\/p>\n\n\n\n<blockquote class=\"wp-block-quote is-layout-flow wp-block-quote-is-layout-flow\">\n<p>&#8222;B\u0119dziemy oczywi\u015bcie dzia\u0142ali w ramach uwarunkowa\u0144 wytworzonych przez poprzednik\u00f3w, ale nie b\u0119dziemy niewolnikami decyzji podejmowanych przez poprzednik\u00f3w. Poszukamy w\u0142a\u015bciwej \u015bcie\u017cki rozwojowej dla wszystkich &#8211; nie tylko dla mazowieckich port\u00f3w lotniczych&#8221; &#8211; powiedzia\u0142 Maciej Lasek.<\/p>\n<\/blockquote>\n\n\n\n<p>Zapewni\u0142, \u017ce wszystkie decyzje dotycz\u0105ce CPK b\u0119d\u0105 bazowa\u0142y na analizach. &#8222;Po audycie b\u0119d\u0119 got\u00f3w do szczeg\u00f3\u0142owego odpowiadania na pytania, co przemawia za budow\u0105 CPK, a co przemawia przeciw&#8221; &#8211; powiedzia\u0142. Zastrzeg\u0142 te\u017c, \u017ce na razie nie mo\u017ce wskaza\u0107, jakie b\u0119d\u0119 jego rekomendacje dla Rady Ministr\u00f3w w sprawie kontynuowania i zakresu programu CPK.<\/p>\n\n\n\n<p>Centralny Port Komunikacyjny to planowany w\u0119ze\u0142 przesiadkowy mi\u0119dzy Warszaw\u0105 i \u0141odzi\u0105, kt\u00f3ry ma zintegrowa\u0107 transport lotniczy, kolejowy i drogowy. W ramach tego projektu w odleg\u0142o\u015bci 37 km na zach\u00f3d od Warszawy, na obszarze ok. 3.000 hektar\u00f3w ma by\u0107 wybudowany Port Lotniczy. W sk\u0142ad CPK maj\u0105 wej\u015b\u0107 te\u017c inwestycje kolejowe: w\u0119ze\u0142 przy porcie lotniczym i po\u0142\u0105czenia na terenie kraju, kt\u00f3re maj\u0105 umo\u017cliwi\u0107 przejazd mi\u0119dzy Warszaw\u0105 a najwi\u0119kszymi polskimi miastami w czasie nie d\u0142u\u017cszym ni\u017c 2,5 godz. CPK jest w 100 proc. w\u0142asno\u015bci\u0105 Skarbu Pa\u0144stwa. (PAP)<\/p>\n\n\n\n<p><\/p>\n","protected":false},"author":2,"featured_media":263534,"comment_status":"","ping_status":"closed","template":"","categories":[23],"tags":[674,45,22751,490,361,107],"class_list":["post-263533","infoair","type-infoair","status-publish","has-post-thumbnail","hentry","category-infrastruktura","tag-cpk","tag-lotnisko","tag-maciej-lasek","tag-personalia","tag-rzad","tag-sejm"],"acf":[],"yoast_head":"<!-- This site is optimized with the Yoast SEO Premium plugin v21.8 (Yoast SEO v23.7) - https:\/\/yoast.com\/wordpress\/plugins\/seo\/ -->\n<title>Maciej Lasek: Jest nowy sk\u0142ad rady nadzorczej sp\u00f3\u0142ki CPK - TransInfo Archiwum<\/title>\n<meta name=\"description\" content=\"17 stycznia powo\u0142any zosta\u0142 nowy sk\u0142ad rady nadzorczej sp\u00f3\u0142ki Centralny Port Komunikacyjny, a w najbli\u017cszych dniach b\u0119d\u0105 kolejne zmiany.\" \/>\n<meta name=\"robots\" content=\"index, follow, max-snippet:-1, max-image-preview:large, max-video-preview:-1\" \/>\n<link rel=\"canonical\" href=\"https:\/\/transinfo.pl\/x\/infoair\/maciej-lasek-jest-nowy-sklad-rady-nadzorczej-spolki-cpk\/\" \/>\n<meta property=\"og:locale\" content=\"pl_PL\" \/>\n<meta property=\"og:type\" content=\"article\" \/>\n<meta property=\"og:title\" content=\"Maciej Lasek: Jest nowy sk\u0142ad rady nadzorczej sp\u00f3\u0142ki CPK\" \/>\n<meta property=\"og:description\" content=\"17 stycznia powo\u0142any zosta\u0142 nowy sk\u0142ad rady nadzorczej sp\u00f3\u0142ki Centralny Port Komunikacyjny, a w najbli\u017cszych dniach b\u0119d\u0105 kolejne zmiany.\" \/>\n<meta property=\"og:url\" content=\"https:\/\/transinfo.pl\/x\/infoair\/maciej-lasek-jest-nowy-sklad-rady-nadzorczej-spolki-cpk\/\" \/>\n<meta property=\"og:site_name\" content=\"TransInfo Archiwum\" \/>\n<meta property=\"og:image\" content=\"https:\/\/transinfo.pl\/x\/wp-content\/uploads\/2024\/01\/Lasek-Centralny-Port-Komunikacyjny-\u2013-CPK.jpg\" \/>\n\t<meta property=\"og:image:width\" content=\"1\" \/>\n\t<meta property=\"og:image:height\" content=\"1\" \/>\n\t<meta property=\"og:image:type\" content=\"image\/jpeg\" \/>\n<meta name=\"twitter:card\" content=\"summary_large_image\" \/>\n<meta name=\"twitter:label1\" content=\"Szacowany czas czytania\" \/>\n\t<meta name=\"twitter:data1\" content=\"4 minuty\" \/>\n<script type=\"application\/ld+json\" class=\"yoast-schema-graph\">{\"@context\":\"https:\/\/schema.org\",\"@graph\":[{\"@type\":\"WebPage\",\"@id\":\"https:\/\/transinfo.pl\/x\/infoair\/maciej-lasek-jest-nowy-sklad-rady-nadzorczej-spolki-cpk\/\",\"url\":\"https:\/\/transinfo.pl\/x\/infoair\/maciej-lasek-jest-nowy-sklad-rady-nadzorczej-spolki-cpk\/\",\"name\":\"Maciej Lasek: Jest nowy sk\u0142ad rady nadzorczej sp\u00f3\u0142ki CPK - TransInfo Archiwum\",\"isPartOf\":{\"@id\":\"https:\/\/transinfo.pl\/x\/#website\"},\"primaryImageOfPage\":{\"@id\":\"https:\/\/transinfo.pl\/x\/infoair\/maciej-lasek-jest-nowy-sklad-rady-nadzorczej-spolki-cpk\/#primaryimage\"},\"image\":{\"@id\":\"https:\/\/transinfo.pl\/x\/infoair\/maciej-lasek-jest-nowy-sklad-rady-nadzorczej-spolki-cpk\/#primaryimage\"},\"thumbnailUrl\":\"https:\/\/transinfo.pl\/x\/wp-content\/uploads\/2024\/01\/Lasek-Centralny-Port-Komunikacyjny-\u2013-CPK.jpg\",\"datePublished\":\"2024-01-17T13:48:54+00:00\",\"dateModified\":\"2024-01-17T13:48:54+00:00\",\"description\":\"17 stycznia powo\u0142any zosta\u0142 nowy sk\u0142ad rady nadzorczej sp\u00f3\u0142ki Centralny Port Komunikacyjny, a w najbli\u017cszych dniach b\u0119d\u0105 kolejne zmiany.\",\"breadcrumb\":{\"@id\":\"https:\/\/transinfo.pl\/x\/infoair\/maciej-lasek-jest-nowy-sklad-rady-nadzorczej-spolki-cpk\/#breadcrumb\"},\"inLanguage\":\"pl-PL\",\"potentialAction\":[{\"@type\":\"ReadAction\",\"target\":[\"https:\/\/transinfo.pl\/x\/infoair\/maciej-lasek-jest-nowy-sklad-rady-nadzorczej-spolki-cpk\/\"]}]},{\"@type\":\"ImageObject\",\"inLanguage\":\"pl-PL\",\"@id\":\"https:\/\/transinfo.pl\/x\/infoair\/maciej-lasek-jest-nowy-sklad-rady-nadzorczej-spolki-cpk\/#primaryimage\",\"url\":\"https:\/\/transinfo.pl\/x\/wp-content\/uploads\/2024\/01\/Lasek-Centralny-Port-Komunikacyjny-\u2013-CPK.jpg\",\"contentUrl\":\"https:\/\/transinfo.pl\/x\/wp-content\/uploads\/2024\/01\/Lasek-Centralny-Port-Komunikacyjny-\u2013-CPK.jpg\"},{\"@type\":\"BreadcrumbList\",\"@id\":\"https:\/\/transinfo.pl\/x\/infoair\/maciej-lasek-jest-nowy-sklad-rady-nadzorczej-spolki-cpk\/#breadcrumb\",\"itemListElement\":[{\"@type\":\"ListItem\",\"position\":1,\"name\":\"Home\",\"item\":\"https:\/\/transinfo.pl\/x\/\"},{\"@type\":\"ListItem\",\"position\":2,\"name\":\"Infoair\",\"item\":\"https:\/\/transinfo.pl\/x\/infoair\/\"},{\"@type\":\"ListItem\",\"position\":3,\"name\":\"Maciej Lasek: Jest nowy sk\u0142ad rady nadzorczej sp\u00f3\u0142ki CPK\"}]},{\"@type\":\"WebSite\",\"@id\":\"https:\/\/transinfo.pl\/x\/#website\",\"url\":\"https:\/\/transinfo.pl\/x\/\",\"name\":\"TransInfo Archiwum\",\"description\":\"Ca\u0142y transport w jednym miejscu\",\"publisher\":{\"@id\":\"https:\/\/transinfo.pl\/x\/#organization\"},\"potentialAction\":[{\"@type\":\"SearchAction\",\"target\":{\"@type\":\"EntryPoint\",\"urlTemplate\":\"https:\/\/transinfo.pl\/x\/?s={search_term_string}\"},\"query-input\":{\"@type\":\"PropertyValueSpecification\",\"valueRequired\":true,\"valueName\":\"search_term_string\"}}],\"inLanguage\":\"pl-PL\"},{\"@type\":\"Organization\",\"@id\":\"https:\/\/transinfo.pl\/x\/#organization\",\"name\":\"TransInfo\",\"url\":\"https:\/\/transinfo.pl\/x\/\",\"logo\":{\"@type\":\"ImageObject\",\"inLanguage\":\"pl-PL\",\"@id\":\"https:\/\/transinfo.pl\/x\/#\/schema\/logo\/image\/\",\"url\":\"https:\/\/transinfo.pl\/x\/wp-content\/uploads\/2024\/10\/favicon.png\",\"contentUrl\":\"https:\/\/transinfo.pl\/x\/wp-content\/uploads\/2024\/10\/favicon.png\",\"width\":512,\"height\":512,\"caption\":\"TransInfo\"},\"image\":{\"@id\":\"https:\/\/transinfo.pl\/x\/#\/schema\/logo\/image\/\"}}]}<\/script>\n<!-- \/ Yoast SEO Premium plugin. -->","yoast_head_json":{"title":"Maciej Lasek: Jest nowy sk\u0142ad rady nadzorczej sp\u00f3\u0142ki CPK - TransInfo Archiwum","description":"17 stycznia powo\u0142any zosta\u0142 nowy sk\u0142ad rady nadzorczej sp\u00f3\u0142ki Centralny Port Komunikacyjny, a w najbli\u017cszych dniach b\u0119d\u0105 kolejne zmiany.","robots":{"index":"index","follow":"follow","max-snippet":"max-snippet:-1","max-image-preview":"max-image-preview:large","max-video-preview":"max-video-preview:-1"},"canonical":"https:\/\/transinfo.pl\/x\/infoair\/maciej-lasek-jest-nowy-sklad-rady-nadzorczej-spolki-cpk\/","og_locale":"pl_PL","og_type":"article","og_title":"Maciej Lasek: Jest nowy sk\u0142ad rady nadzorczej sp\u00f3\u0142ki CPK","og_description":"17 stycznia powo\u0142any zosta\u0142 nowy sk\u0142ad rady nadzorczej sp\u00f3\u0142ki Centralny Port Komunikacyjny, a w najbli\u017cszych dniach b\u0119d\u0105 kolejne zmiany.","og_url":"https:\/\/transinfo.pl\/x\/infoair\/maciej-lasek-jest-nowy-sklad-rady-nadzorczej-spolki-cpk\/","og_site_name":"TransInfo Archiwum","og_image":[{"url":"https:\/\/transinfo.pl\/x\/wp-content\/uploads\/2024\/01\/Lasek-Centralny-Port-Komunikacyjny-\u2013-CPK.jpg","width":1,"height":1,"type":"image\/jpeg"}],"twitter_card":"summary_large_image","twitter_misc":{"Szacowany czas czytania":"4 minuty"},"schema":{"@context":"https:\/\/schema.org","@graph":[{"@type":"WebPage","@id":"https:\/\/transinfo.pl\/x\/infoair\/maciej-lasek-jest-nowy-sklad-rady-nadzorczej-spolki-cpk\/","url":"https:\/\/transinfo.pl\/x\/infoair\/maciej-lasek-jest-nowy-sklad-rady-nadzorczej-spolki-cpk\/","name":"Maciej Lasek: Jest nowy sk\u0142ad rady nadzorczej sp\u00f3\u0142ki CPK - TransInfo Archiwum","isPartOf":{"@id":"https:\/\/transinfo.pl\/x\/#website"},"primaryImageOfPage":{"@id":"https:\/\/transinfo.pl\/x\/infoair\/maciej-lasek-jest-nowy-sklad-rady-nadzorczej-spolki-cpk\/#primaryimage"},"image":{"@id":"https:\/\/transinfo.pl\/x\/infoair\/maciej-lasek-jest-nowy-sklad-rady-nadzorczej-spolki-cpk\/#primaryimage"},"thumbnailUrl":"https:\/\/transinfo.pl\/x\/wp-content\/uploads\/2024\/01\/Lasek-Centralny-Port-Komunikacyjny-\u2013-CPK.jpg","datePublished":"2024-01-17T13:48:54+00:00","dateModified":"2024-01-17T13:48:54+00:00","description":"17 stycznia powo\u0142any zosta\u0142 nowy sk\u0142ad rady nadzorczej sp\u00f3\u0142ki Centralny Port Komunikacyjny, a w najbli\u017cszych dniach b\u0119d\u0105 kolejne zmiany.","breadcrumb":{"@id":"https:\/\/transinfo.pl\/x\/infoair\/maciej-lasek-jest-nowy-sklad-rady-nadzorczej-spolki-cpk\/#breadcrumb"},"inLanguage":"pl-PL","potentialAction":[{"@type":"ReadAction","target":["https:\/\/transinfo.pl\/x\/infoair\/maciej-lasek-jest-nowy-sklad-rady-nadzorczej-spolki-cpk\/"]}]},{"@type":"ImageObject","inLanguage":"pl-PL","@id":"https:\/\/transinfo.pl\/x\/infoair\/maciej-lasek-jest-nowy-sklad-rady-nadzorczej-spolki-cpk\/#primaryimage","url":"https:\/\/transinfo.pl\/x\/wp-content\/uploads\/2024\/01\/Lasek-Centralny-Port-Komunikacyjny-\u2013-CPK.jpg","contentUrl":"https:\/\/transinfo.pl\/x\/wp-content\/uploads\/2024\/01\/Lasek-Centralny-Port-Komunikacyjny-\u2013-CPK.jpg"},{"@type":"BreadcrumbList","@id":"https:\/\/transinfo.pl\/x\/infoair\/maciej-lasek-jest-nowy-sklad-rady-nadzorczej-spolki-cpk\/#breadcrumb","itemListElement":[{"@type":"ListItem","position":1,"name":"Home","item":"https:\/\/transinfo.pl\/x\/"},{"@type":"ListItem","position":2,"name":"Infoair","item":"https:\/\/transinfo.pl\/x\/infoair\/"},{"@type":"ListItem","position":3,"name":"Maciej Lasek: Jest nowy sk\u0142ad rady nadzorczej sp\u00f3\u0142ki CPK"}]},{"@type":"WebSite","@id":"https:\/\/transinfo.pl\/x\/#website","url":"https:\/\/transinfo.pl\/x\/","name":"TransInfo Archiwum","description":"Ca\u0142y transport w jednym miejscu","publisher":{"@id":"https:\/\/transinfo.pl\/x\/#organization"},"potentialAction":[{"@type":"SearchAction","target":{"@type":"EntryPoint","urlTemplate":"https:\/\/transinfo.pl\/x\/?s={search_term_string}"},"query-input":{"@type":"PropertyValueSpecification","valueRequired":true,"valueName":"search_term_string"}}],"inLanguage":"pl-PL"},{"@type":"Organization","@id":"https:\/\/transinfo.pl\/x\/#organization","name":"TransInfo","url":"https:\/\/transinfo.pl\/x\/","logo":{"@type":"ImageObject","inLanguage":"pl-PL","@id":"https:\/\/transinfo.pl\/x\/#\/schema\/logo\/image\/","url":"https:\/\/transinfo.pl\/x\/wp-content\/uploads\/2024\/10\/favicon.png","contentUrl":"https:\/\/transinfo.pl\/x\/wp-content\/uploads\/2024\/10\/favicon.png","width":512,"height":512,"caption":"TransInfo"},"image":{"@id":"https:\/\/transinfo.pl\/x\/#\/schema\/logo\/image\/"}}]}},"_links":{"self":[{"href":"https:\/\/transinfo.pl\/x\/wp-json\/wp\/v2\/infoair\/263533","targetHints":{"allow":["GET"]}}],"collection":[{"href":"https:\/\/transinfo.pl\/x\/wp-json\/wp\/v2\/infoair"}],"about":[{"href":"https:\/\/transinfo.pl\/x\/wp-json\/wp\/v2\/types\/infoair"}],"author":[{"embeddable":true,"href":"https:\/\/transinfo.pl\/x\/wp-json\/wp\/v2\/users\/2"}],"replies":[{"embeddable":true,"href":"https:\/\/transinfo.pl\/x\/wp-json\/wp\/v2\/comments?post=263533"}],"wp:featuredmedia":[{"embeddable":true,"href":"https:\/\/transinfo.pl\/x\/wp-json\/wp\/v2\/media\/263534"}],"wp:attachment":[{"href":"https:\/\/transinfo.pl\/x\/wp-json\/wp\/v2\/media?parent=263533"}],"wp:term":[{"taxonomy":"category","embeddable":true,"href":"https:\/\/transinfo.pl\/x\/wp-json\/wp\/v2\/categories?post=263533"},{"taxonomy":"post_tag","embeddable":true,"href":"https:\/\/transinfo.pl\/x\/wp-json\/wp\/v2\/tags?post=263533"}],"curies":[{"name":"wp","href":"https:\/\/api.w.org\/{rel}","templated":true}]}}