{"id":263100,"date":"2024-01-09T08:36:00","date_gmt":"2024-01-09T08:36:00","guid":{"rendered":"https:\/\/transinfo.pl\/x\/infoair\/stanowisko-boeinga-w-sprawie-wypadku-z-b737-alaska-airlines\/"},"modified":"2024-01-09T08:36:00","modified_gmt":"2024-01-09T08:36:00","slug":"stanowisko-boeinga-w-sprawie-wypadku-z-b737-alaska-airlines","status":"publish","type":"infoair","link":"https:\/\/transinfo.pl\/x\/infoair\/stanowisko-boeinga-w-sprawie-wypadku-z-b737-alaska-airlines\/","title":{"rendered":"Stanowisko Boeinga w sprawie wypadku z B737 Alaska Airlines"},"content":{"rendered":"<style>h1,h2,h3,h4,h5,h6{margin:0 0 1.25rem;font-family:Arial,sans-serif;font-weight:600;color:#050505}h1{font-size:1.875rem;line-height:1.1em;text-transform:none}@media(min-width: 768px){h1{font-size:2.375rem}}h2{font-size:1.1875rem;line-height:1.2em;text-transform:uppercase}@media(min-width: 768px){h2{font-size:1.0625rem}}h3{font-size:0.9375rem;line-height:1.4em;font-weight:900;margin-bottom:0.9375rem}h4{font-size:0.875rem;line-height:1.2em;font-weight:500}h5{font-size:0.9375rem;line-height:1.6;font-weight:400}h6{font-size:0.9375rem;line-height:1.6;font-weight:600}\n<\/style>\n<h3 class=\"wp-block-heading\" id=\"h-boeing-oglosil-ze-odbedzie-sie-specjalne-spotkanie-poswiecone-bezpieczenstwu-w-zwiazku-z-incydentem-uszkodzonego-boeinga-737-max-9-linii-alaska-airlines\">Boeing og\u0142osi\u0142, \u017ce odb\u0119dzie si\u0119 specjalne spotkanie po\u015bwi\u0119cone bezpiecze\u0144stwu w zwi\u0105zku z incydentem uszkodzonego Boeinga 737 MAX 9 linii Alaska Airlines<\/h3>\n\n\n<style>p{margin:0 0 1.5rem}p:last-child{margin:0}p.is-style-uppercase{text-transform:uppercase}p.is-style-preheading{color:#12406a;text-transform:uppercase}p.is-style-leadparagraph{font-size:1rem;line-height:1.625;font-weight:700}@media(min-width: 768px){p.is-style-leadparagraph{font-size:1.125rem;line-height:1.5555555556}}p.has-small-margin{margin-bottom:0.625rem}p.has-small-margin+h1,p.has-small-margin+h2,p.has-small-margin+h3{margin-top:1.875rem}\n<\/style>\n<p>Dave Calhoun, Prezes i Dyrektor Generalny Boeinga, zaprosi\u0142 wszystkich pracownik\u00f3w do udzia\u0142u w firmowym wideokonferencji po\u015bwi\u0119conej tematowi bezpiecze\u0144stwa, kt\u00f3ra odb\u0119dzie si\u0119 we wtorek, 9 stycznia, z fabryki Boeinga w Renton, w stanie Waszyngton. W swoim komunikacie Calhoun powiedzia\u0142:<\/p>\n\n\n<style>.wp-block-quote{border-left:0.1875rem solid var(--page-color);font-size:1rem;font-style:italic;margin:0 0 1.6875rem;padding:1.25rem}.wp-block-quote cite{color:#050505}.wp-block-quote.is-style-large p{margin-bottom:10px}.wp-block-quote.is-style-large cite{color:#12406a}\n<\/style>\n<blockquote class=\"wp-block-quote is-layout-flow wp-block-quote-is-layout-flow\">\n<p>&#8222;Je\u015bli chodzi o bezpiecze\u0144stwo naszych produkt\u00f3w i us\u0142ug, ka\u017cda decyzja i ka\u017cda akcja ma znaczenie. A gdy dochodzi do powa\u017cnych wypadk\u00f3w, takich jak ten, wa\u017cne jest, aby\u015bmy pracowali transparentnie z naszymi klientami i regulatorami, aby zrozumie\u0107 i rozwi\u0105za\u0107 przyczyny zdarzenia, i zapewni\u0107, \u017ce nie powt\u00f3rz\u0105 si\u0119 one ponownie. To jest i musi by\u0107 teraz g\u0142\u00f3wnym celem naszego zespo\u0142u. Jestem g\u0142\u0119boko wdzi\u0119czny naszym kolegom, kt\u00f3rzy nieprzerwanie pracowali nad reakcj\u0105 naszej firmy przez ostatnie dwa dni.<\/p>\n<\/blockquote>\n\n\n\n<p>Wsp\u00f3lnie sp\u0119dzimy czas we wtorek, rozmawiaj\u0105c o reakcji naszej firmy na ten wypadek i podkre\u015blaj\u0105c nasze zobowi\u0105zanie do bezpiecze\u0144stwa, jako\u015bci, uczciwo\u015bci i przejrzysto\u015bci. Chocia\u017c osi\u0105gn\u0119li\u015bmy post\u0119py w wzmacnianiu naszych system\u00f3w i proces\u00f3w zarz\u0105dzania bezpiecze\u0144stwem i kontroli jako\u015bci w ostatnich latach, sytuacje takie jak ta przypominaj\u0105 nam, \u017ce musimy pozosta\u0107 skoncentrowani na nieustannym doskonaleniu si\u0119 ka\u017cdego dnia.&#8221;<\/p>\n\n\n<style>.wp-block-embed{margin:2.5rem 0;position:relative;padding-bottom:56.25%;overflow:hidden;max-width:100%;height:auto}.wp-block-embed.wp-embed-aspect-21-9{padding-bottom:42.85%}.wp-block-embed.wp-embed-aspect-18-9{padding-bottom:50%}.wp-block-embed.wp-embed-aspect-16-9{padding-bottom:56.25%}.wp-block-embed.wp-embed-aspect-4-3{padding-bottom:75%}.wp-block-embed.wp-embed-aspect-1-1{padding-bottom:100%}.wp-block-embed.wp-embed-aspect-9-16{padding-bottom:177.77%}.wp-block-embed.wp-embed-aspect-1-2{padding-bottom:200%}.wp-block-embed iframe{position:absolute;top:0;left:0;width:100%;height:100%;transform:translateX(0)}\n<\/style>\n<figure class=\"wp-block-embed is-type-rich is-provider-twitter wp-block-embed-twitter\"><div class=\"wp-block-embed__wrapper\">\n<blockquote class=\"twitter-tweet\" data-width=\"500\" data-dnt=\"true\"><p lang=\"zxx\" dir=\"ltr\"><a href=\"https:\/\/t.co\/3hnQPSuWG6\">pic.twitter.com\/3hnQPSuWG6<\/a><\/p>&mdash; Boeing Airplanes (@BoeingAirplanes) <a href=\"https:\/\/twitter.com\/BoeingAirplanes\/status\/1743710589090746548?ref_src=twsrc%5Etfw\">January 6, 2024<\/a><\/blockquote><script async src=\"https:\/\/platform.twitter.com\/widgets.js\" charset=\"utf-8\"><\/script>\n<\/div><\/figure>\n\n\n\n<h2 class=\"wp-block-heading\" id=\"h-oswiadczenie-boeinga-w-sprawie-inspekcji-737-9\">O\u015bwiadczenie Boeinga w sprawie inspekcji 737-9<\/h2>\n\n\n\n<blockquote class=\"wp-block-quote is-layout-flow wp-block-quote-is-layout-flow\">\n<p>&#8222;Bezpiecze\u0144stwo jest naszym najwy\u017cszym priorytetem, i g\u0142\u0119boko \u017ca\u0142ujemy wp\u0142ywu, jaki ten zdarzenie mia\u0142o na naszych klient\u00f3w i ich pasa\u017cer\u00f3w. Zgadzamy si\u0119 z decyzj\u0105 FAA (Federalnej Administracji Lotnictwa) w sprawie natychmiastowej inspekcji samolot\u00f3w 737-9 o tej samej konfiguracji co dotkni\u0119ty samolot. Dodatkowo zesp\u00f3\u0142 techniczny Boeinga wspiera \u015bledztwo NTSB (Narodowej Rady Bezpiecze\u0144stwa Transportu) w sprawie wypadku z 5 stycznia. B\u0119dziemy utrzymywa\u0107 bliski kontakt z naszym regulatorem i klientami.&#8221;<\/p>\n<\/blockquote>\n\n\n\n<h2 class=\"wp-block-heading\" id=\"h-stanowisko-dotyczace-lotu-nr-1282-alaska-airlines\">Stanowisko dotycz\u0105ce lotu nr. 1282 Alaska Airlines<\/h2>\n\n\n\n<blockquote class=\"wp-block-quote is-layout-flow wp-block-quote-is-layout-flow\">\n<p>&#8222;Jeste\u015bmy \u015bwiadomi zdarzenia zwi\u0105zanego z lotem Alaska Airlines 1282. Pracujemy nad zebraniem wi\u0119kszej ilo\u015bci informacji i utrzymujemy kontakt z naszym klientem linii lotniczej. Zesp\u00f3\u0142 techniczny Boeinga jest got\u00f3w wesprze\u0107 \u015bledztwo.&#8221;<\/p>\n<\/blockquote>\n\n\n<style>.wp-block-image{margin:1.25rem 0;text-align:center}.wp-block-image figcaption{padding:0 0.9375rem;text-align:center}\n<\/style>\n<figure class=\"wp-block-image size-full\"><a href=\"https:\/\/transinfo.pl\/wp-content\/uploads\/2024\/01\/alaska-airlines-bez-okna-1.jpg\"><img decoding=\"async\" src=\"https:\/\/transinfo.pl\/wp-content\/uploads\/2024\/01\/alaska-airlines-bez-okna-1.jpg\" alt=\"Boeing og\u0142osi\u0142, \u017ce odb\u0119dzie si\u0119 specjalne spotkanie po\u015bwi\u0119cone bezpiecze\u0144stwu w zwi\u0105zku z incydentem uszkodzonego Boeinga 737 MAX 9 linii Alaska Airlines\" class=\"wp-image-459519\" \/><\/a><figcaption class=\"wp-element-caption\">Boeing 737 MAX 9 podczas lotu 1282 Alaska Airlines<\/figcaption><\/figure>\n","protected":false},"author":6,"featured_media":263101,"comment_status":"","ping_status":"closed","template":"","categories":[25],"tags":[9606,9456,746,22707,5606,5633,763,375],"class_list":["post-263100","infoair","type-infoair","status-publish","has-post-thumbnail","hentry","category-producenci","tag-alaska-airlines","tag-b737","tag-boeing","tag-boeing-737-max-9","tag-producent","tag-przewoznik","tag-samolot","tag-wypadek"],"acf":[],"yoast_head":"<!-- This site is optimized with the Yoast SEO Premium plugin v21.8 (Yoast SEO v23.7) - https:\/\/yoast.com\/wordpress\/plugins\/seo\/ -->\n<title>Stanowisko Boeinga w sprawie wypadku z B737 Alaska Airlines - TransInfo Archiwum<\/title>\n<meta name=\"description\" content=\"Boeing og\u0142osi\u0142, \u017ce odb\u0119dzie si\u0119 specjalne spotkanie po\u015bwi\u0119cone bezpiecze\u0144stwu w zwi\u0105zku z incydentem B737 MAX 9 linii Alaska Airlines\" \/>\n<meta name=\"robots\" content=\"index, follow, max-snippet:-1, max-image-preview:large, max-video-preview:-1\" \/>\n<link rel=\"canonical\" href=\"https:\/\/transinfo.pl\/x\/infoair\/stanowisko-boeinga-w-sprawie-wypadku-z-b737-alaska-airlines\/\" \/>\n<meta property=\"og:locale\" content=\"pl_PL\" \/>\n<meta property=\"og:type\" content=\"article\" \/>\n<meta property=\"og:title\" content=\"Stanowisko Boeinga w sprawie wypadku z B737 Alaska Airlines\" \/>\n<meta property=\"og:description\" content=\"Boeing og\u0142osi\u0142, \u017ce odb\u0119dzie si\u0119 specjalne spotkanie po\u015bwi\u0119cone bezpiecze\u0144stwu w zwi\u0105zku z incydentem B737 MAX 9 linii Alaska Airlines\" \/>\n<meta property=\"og:url\" content=\"https:\/\/transinfo.pl\/x\/infoair\/stanowisko-boeinga-w-sprawie-wypadku-z-b737-alaska-airlines\/\" \/>\n<meta property=\"og:site_name\" content=\"TransInfo Archiwum\" \/>\n<meta property=\"og:image\" content=\"https:\/\/transinfo.pl\/x\/wp-content\/uploads\/2024\/01\/alaska-airlines-bez-okna1.jpg\" \/>\n\t<meta property=\"og:image:width\" content=\"1\" \/>\n\t<meta property=\"og:image:height\" content=\"1\" \/>\n\t<meta property=\"og:image:type\" content=\"image\/jpeg\" \/>\n<meta name=\"twitter:card\" content=\"summary_large_image\" \/>\n<meta name=\"twitter:label1\" content=\"Szacowany czas czytania\" \/>\n\t<meta name=\"twitter:data1\" content=\"2 minuty\" \/>\n<script type=\"application\/ld+json\" class=\"yoast-schema-graph\">{\"@context\":\"https:\/\/schema.org\",\"@graph\":[{\"@type\":\"WebPage\",\"@id\":\"https:\/\/transinfo.pl\/x\/infoair\/stanowisko-boeinga-w-sprawie-wypadku-z-b737-alaska-airlines\/\",\"url\":\"https:\/\/transinfo.pl\/x\/infoair\/stanowisko-boeinga-w-sprawie-wypadku-z-b737-alaska-airlines\/\",\"name\":\"Stanowisko Boeinga w sprawie wypadku z B737 Alaska Airlines - TransInfo Archiwum\",\"isPartOf\":{\"@id\":\"https:\/\/transinfo.pl\/x\/#website\"},\"primaryImageOfPage\":{\"@id\":\"https:\/\/transinfo.pl\/x\/infoair\/stanowisko-boeinga-w-sprawie-wypadku-z-b737-alaska-airlines\/#primaryimage\"},\"image\":{\"@id\":\"https:\/\/transinfo.pl\/x\/infoair\/stanowisko-boeinga-w-sprawie-wypadku-z-b737-alaska-airlines\/#primaryimage\"},\"thumbnailUrl\":\"https:\/\/transinfo.pl\/x\/wp-content\/uploads\/2024\/01\/alaska-airlines-bez-okna1.jpg\",\"datePublished\":\"2024-01-09T08:36:00+00:00\",\"dateModified\":\"2024-01-09T08:36:00+00:00\",\"description\":\"Boeing og\u0142osi\u0142, \u017ce odb\u0119dzie si\u0119 specjalne spotkanie po\u015bwi\u0119cone bezpiecze\u0144stwu w zwi\u0105zku z incydentem B737 MAX 9 linii Alaska Airlines\",\"breadcrumb\":{\"@id\":\"https:\/\/transinfo.pl\/x\/infoair\/stanowisko-boeinga-w-sprawie-wypadku-z-b737-alaska-airlines\/#breadcrumb\"},\"inLanguage\":\"pl-PL\",\"potentialAction\":[{\"@type\":\"ReadAction\",\"target\":[\"https:\/\/transinfo.pl\/x\/infoair\/stanowisko-boeinga-w-sprawie-wypadku-z-b737-alaska-airlines\/\"]}]},{\"@type\":\"ImageObject\",\"inLanguage\":\"pl-PL\",\"@id\":\"https:\/\/transinfo.pl\/x\/infoair\/stanowisko-boeinga-w-sprawie-wypadku-z-b737-alaska-airlines\/#primaryimage\",\"url\":\"https:\/\/transinfo.pl\/x\/wp-content\/uploads\/2024\/01\/alaska-airlines-bez-okna1.jpg\",\"contentUrl\":\"https:\/\/transinfo.pl\/x\/wp-content\/uploads\/2024\/01\/alaska-airlines-bez-okna1.jpg\"},{\"@type\":\"BreadcrumbList\",\"@id\":\"https:\/\/transinfo.pl\/x\/infoair\/stanowisko-boeinga-w-sprawie-wypadku-z-b737-alaska-airlines\/#breadcrumb\",\"itemListElement\":[{\"@type\":\"ListItem\",\"position\":1,\"name\":\"Home\",\"item\":\"https:\/\/transinfo.pl\/x\/\"},{\"@type\":\"ListItem\",\"position\":2,\"name\":\"Infoair\",\"item\":\"https:\/\/transinfo.pl\/x\/infoair\/\"},{\"@type\":\"ListItem\",\"position\":3,\"name\":\"Stanowisko Boeinga w sprawie wypadku z B737 Alaska Airlines\"}]},{\"@type\":\"WebSite\",\"@id\":\"https:\/\/transinfo.pl\/x\/#website\",\"url\":\"https:\/\/transinfo.pl\/x\/\",\"name\":\"TransInfo Archiwum\",\"description\":\"Ca\u0142y transport w jednym miejscu\",\"publisher\":{\"@id\":\"https:\/\/transinfo.pl\/x\/#organization\"},\"potentialAction\":[{\"@type\":\"SearchAction\",\"target\":{\"@type\":\"EntryPoint\",\"urlTemplate\":\"https:\/\/transinfo.pl\/x\/?s={search_term_string}\"},\"query-input\":{\"@type\":\"PropertyValueSpecification\",\"valueRequired\":true,\"valueName\":\"search_term_string\"}}],\"inLanguage\":\"pl-PL\"},{\"@type\":\"Organization\",\"@id\":\"https:\/\/transinfo.pl\/x\/#organization\",\"name\":\"TransInfo\",\"url\":\"https:\/\/transinfo.pl\/x\/\",\"logo\":{\"@type\":\"ImageObject\",\"inLanguage\":\"pl-PL\",\"@id\":\"https:\/\/transinfo.pl\/x\/#\/schema\/logo\/image\/\",\"url\":\"https:\/\/transinfo.pl\/x\/wp-content\/uploads\/2024\/10\/favicon.png\",\"contentUrl\":\"https:\/\/transinfo.pl\/x\/wp-content\/uploads\/2024\/10\/favicon.png\",\"width\":512,\"height\":512,\"caption\":\"TransInfo\"},\"image\":{\"@id\":\"https:\/\/transinfo.pl\/x\/#\/schema\/logo\/image\/\"}}]}<\/script>\n<!-- \/ Yoast SEO Premium plugin. -->","yoast_head_json":{"title":"Stanowisko Boeinga w sprawie wypadku z B737 Alaska Airlines - TransInfo Archiwum","description":"Boeing og\u0142osi\u0142, \u017ce odb\u0119dzie si\u0119 specjalne spotkanie po\u015bwi\u0119cone bezpiecze\u0144stwu w zwi\u0105zku z incydentem B737 MAX 9 linii Alaska Airlines","robots":{"index":"index","follow":"follow","max-snippet":"max-snippet:-1","max-image-preview":"max-image-preview:large","max-video-preview":"max-video-preview:-1"},"canonical":"https:\/\/transinfo.pl\/x\/infoair\/stanowisko-boeinga-w-sprawie-wypadku-z-b737-alaska-airlines\/","og_locale":"pl_PL","og_type":"article","og_title":"Stanowisko Boeinga w sprawie wypadku z B737 Alaska Airlines","og_description":"Boeing og\u0142osi\u0142, \u017ce odb\u0119dzie si\u0119 specjalne spotkanie po\u015bwi\u0119cone bezpiecze\u0144stwu w zwi\u0105zku z incydentem B737 MAX 9 linii Alaska Airlines","og_url":"https:\/\/transinfo.pl\/x\/infoair\/stanowisko-boeinga-w-sprawie-wypadku-z-b737-alaska-airlines\/","og_site_name":"TransInfo Archiwum","og_image":[{"url":"https:\/\/transinfo.pl\/x\/wp-content\/uploads\/2024\/01\/alaska-airlines-bez-okna1.jpg","width":1,"height":1,"type":"image\/jpeg"}],"twitter_card":"summary_large_image","twitter_misc":{"Szacowany czas czytania":"2 minuty"},"schema":{"@context":"https:\/\/schema.org","@graph":[{"@type":"WebPage","@id":"https:\/\/transinfo.pl\/x\/infoair\/stanowisko-boeinga-w-sprawie-wypadku-z-b737-alaska-airlines\/","url":"https:\/\/transinfo.pl\/x\/infoair\/stanowisko-boeinga-w-sprawie-wypadku-z-b737-alaska-airlines\/","name":"Stanowisko Boeinga w sprawie wypadku z B737 Alaska Airlines - TransInfo Archiwum","isPartOf":{"@id":"https:\/\/transinfo.pl\/x\/#website"},"primaryImageOfPage":{"@id":"https:\/\/transinfo.pl\/x\/infoair\/stanowisko-boeinga-w-sprawie-wypadku-z-b737-alaska-airlines\/#primaryimage"},"image":{"@id":"https:\/\/transinfo.pl\/x\/infoair\/stanowisko-boeinga-w-sprawie-wypadku-z-b737-alaska-airlines\/#primaryimage"},"thumbnailUrl":"https:\/\/transinfo.pl\/x\/wp-content\/uploads\/2024\/01\/alaska-airlines-bez-okna1.jpg","datePublished":"2024-01-09T08:36:00+00:00","dateModified":"2024-01-09T08:36:00+00:00","description":"Boeing og\u0142osi\u0142, \u017ce odb\u0119dzie si\u0119 specjalne spotkanie po\u015bwi\u0119cone bezpiecze\u0144stwu w zwi\u0105zku z incydentem B737 MAX 9 linii Alaska Airlines","breadcrumb":{"@id":"https:\/\/transinfo.pl\/x\/infoair\/stanowisko-boeinga-w-sprawie-wypadku-z-b737-alaska-airlines\/#breadcrumb"},"inLanguage":"pl-PL","potentialAction":[{"@type":"ReadAction","target":["https:\/\/transinfo.pl\/x\/infoair\/stanowisko-boeinga-w-sprawie-wypadku-z-b737-alaska-airlines\/"]}]},{"@type":"ImageObject","inLanguage":"pl-PL","@id":"https:\/\/transinfo.pl\/x\/infoair\/stanowisko-boeinga-w-sprawie-wypadku-z-b737-alaska-airlines\/#primaryimage","url":"https:\/\/transinfo.pl\/x\/wp-content\/uploads\/2024\/01\/alaska-airlines-bez-okna1.jpg","contentUrl":"https:\/\/transinfo.pl\/x\/wp-content\/uploads\/2024\/01\/alaska-airlines-bez-okna1.jpg"},{"@type":"BreadcrumbList","@id":"https:\/\/transinfo.pl\/x\/infoair\/stanowisko-boeinga-w-sprawie-wypadku-z-b737-alaska-airlines\/#breadcrumb","itemListElement":[{"@type":"ListItem","position":1,"name":"Home","item":"https:\/\/transinfo.pl\/x\/"},{"@type":"ListItem","position":2,"name":"Infoair","item":"https:\/\/transinfo.pl\/x\/infoair\/"},{"@type":"ListItem","position":3,"name":"Stanowisko Boeinga w sprawie wypadku z B737 Alaska Airlines"}]},{"@type":"WebSite","@id":"https:\/\/transinfo.pl\/x\/#website","url":"https:\/\/transinfo.pl\/x\/","name":"TransInfo Archiwum","description":"Ca\u0142y transport w jednym miejscu","publisher":{"@id":"https:\/\/transinfo.pl\/x\/#organization"},"potentialAction":[{"@type":"SearchAction","target":{"@type":"EntryPoint","urlTemplate":"https:\/\/transinfo.pl\/x\/?s={search_term_string}"},"query-input":{"@type":"PropertyValueSpecification","valueRequired":true,"valueName":"search_term_string"}}],"inLanguage":"pl-PL"},{"@type":"Organization","@id":"https:\/\/transinfo.pl\/x\/#organization","name":"TransInfo","url":"https:\/\/transinfo.pl\/x\/","logo":{"@type":"ImageObject","inLanguage":"pl-PL","@id":"https:\/\/transinfo.pl\/x\/#\/schema\/logo\/image\/","url":"https:\/\/transinfo.pl\/x\/wp-content\/uploads\/2024\/10\/favicon.png","contentUrl":"https:\/\/transinfo.pl\/x\/wp-content\/uploads\/2024\/10\/favicon.png","width":512,"height":512,"caption":"TransInfo"},"image":{"@id":"https:\/\/transinfo.pl\/x\/#\/schema\/logo\/image\/"}}]}},"_links":{"self":[{"href":"https:\/\/transinfo.pl\/x\/wp-json\/wp\/v2\/infoair\/263100","targetHints":{"allow":["GET"]}}],"collection":[{"href":"https:\/\/transinfo.pl\/x\/wp-json\/wp\/v2\/infoair"}],"about":[{"href":"https:\/\/transinfo.pl\/x\/wp-json\/wp\/v2\/types\/infoair"}],"author":[{"embeddable":true,"href":"https:\/\/transinfo.pl\/x\/wp-json\/wp\/v2\/users\/6"}],"replies":[{"embeddable":true,"href":"https:\/\/transinfo.pl\/x\/wp-json\/wp\/v2\/comments?post=263100"}],"wp:featuredmedia":[{"embeddable":true,"href":"https:\/\/transinfo.pl\/x\/wp-json\/wp\/v2\/media\/263101"}],"wp:attachment":[{"href":"https:\/\/transinfo.pl\/x\/wp-json\/wp\/v2\/media?parent=263100"}],"wp:term":[{"taxonomy":"category","embeddable":true,"href":"https:\/\/transinfo.pl\/x\/wp-json\/wp\/v2\/categories?post=263100"},{"taxonomy":"post_tag","embeddable":true,"href":"https:\/\/transinfo.pl\/x\/wp-json\/wp\/v2\/tags?post=263100"}],"curies":[{"name":"wp","href":"https:\/\/api.w.org\/{rel}","templated":true}]}}