{"id":259688,"date":"2023-11-03T12:36:00","date_gmt":"2023-11-03T12:36:00","guid":{"rendered":"https:\/\/transinfo.pl\/x\/infoair\/cpk-spodziewa-sie-decyzji-o-lokalizacji-lotniska-na-poczatku-2024\/"},"modified":"2023-11-03T12:36:00","modified_gmt":"2023-11-03T12:36:00","slug":"cpk-spodziewa-sie-decyzji-o-lokalizacji-lotniska-na-poczatku-2024","status":"publish","type":"infoair","link":"https:\/\/transinfo.pl\/x\/infoair\/cpk-spodziewa-sie-decyzji-o-lokalizacji-lotniska-na-poczatku-2024\/","title":{"rendered":"CPK spodziewa si\u0119 decyzji o lokalizacji lotniska na pocz\u0105tku 2024"},"content":{"rendered":"<style>h1,h2,h3,h4,h5,h6{margin:0 0 1.25rem;font-family:Arial,sans-serif;font-weight:600;color:#050505}h1{font-size:1.875rem;line-height:1.1em;text-transform:none}@media(min-width: 768px){h1{font-size:2.375rem}}h2{font-size:1.1875rem;line-height:1.2em;text-transform:uppercase}@media(min-width: 768px){h2{font-size:1.0625rem}}h3{font-size:0.9375rem;line-height:1.4em;font-weight:900;margin-bottom:0.9375rem}h4{font-size:0.875rem;line-height:1.2em;font-weight:500}h5{font-size:0.9375rem;line-height:1.6;font-weight:400}h6{font-size:0.9375rem;line-height:1.6;font-weight:600}\n<\/style>\n<h3 class=\"wp-block-heading\" id=\"h-w-harmonogramie-zakladamy-mozliwosc-pozyskania-decyzji-lokalizacyjnej-dla-lotniska-cpk-w-pierwszym-kwartale-2024-r-poinformowal-rzecznik-spolki-konrad-majszyk\">W harmonogramie zak\u0142adamy mo\u017cliwo\u015b\u0107 pozyskania decyzji lokalizacyjnej dla lotniska CPK w pierwszym kwartale 2024 r. &#8211; poinformowa\u0142 rzecznik sp\u00f3\u0142ki Konrad Majszyk.<\/h3>\n\n\n<style>p{margin:0 0 1.5rem}p:last-child{margin:0}p.is-style-uppercase{text-transform:uppercase}p.is-style-preheading{color:#12406a;text-transform:uppercase}p.is-style-leadparagraph{font-size:1rem;line-height:1.625;font-weight:700}@media(min-width: 768px){p.is-style-leadparagraph{font-size:1.125rem;line-height:1.5555555556}}p.has-small-margin{margin-bottom:0.625rem}p.has-small-margin+h1,p.has-small-margin+h2,p.has-small-margin+h3{margin-top:1.875rem}\n<\/style>\n<p>Zgodnie z przekazan\u0105 przez rzecznika informacj\u0105, w pa\u017adzierniku sp\u00f3\u0142ka CPK z\u0142o\u017cy\u0142a wniosek o decyzj\u0119 lokalizacyjn\u0105 do wojewody mazowieckiego. Przedstawiciel sp\u00f3\u0142ki zauwa\u017cy\u0142, i\u017c tempo rozpatrywania wniosku zale\u017cy od wojewody. &#8222;Zak\u0142adamy w naszym harmonogramie, \u017ce jest mo\u017cliwo\u015b\u0107 pozyskania decyzji w pierwszym kwartale przysz\u0142ego roku. B\u0119dzie to prosta \u015bcie\u017cka do wniosku o pozwolenie na budow\u0119&#8221; &#8211; doda\u0142 Majszyk.<\/p>\n\n\n<style>.wp-block-quote{border-left:0.1875rem solid var(--page-color);font-size:1rem;font-style:italic;margin:0 0 1.6875rem;padding:1.25rem}.wp-block-quote cite{color:#050505}.wp-block-quote.is-style-large p{margin-bottom:10px}.wp-block-quote.is-style-large cite{color:#12406a}\n<\/style>\n<blockquote class=\"wp-block-quote is-layout-flow wp-block-quote-is-layout-flow\">\n<p>Jak wskaza\u0142, sp\u00f3\u0142ka ma ju\u017c pakiet wa\u017cnych uzgodnie\u0144 i dokument\u00f3w, m.in. master plan lotniska czy decyzj\u0119 \u015brodowiskow\u0105 z rygorem natychmiastowej wykonalno\u015bci wydan\u0105 przez Regionalnego Dyrektora Ochrony \u015arodowiska. &#8222;Jest zatwierdzony przez Ministra Infrastruktury Plan Generalny i promesa zezwolenia na za\u0142o\u017cenie lotniska z Urz\u0119du Lotnictwa Cywilnego (ULC). Co wa\u017cne dla finansowania projektu, przyj\u0119ty jest drugi etap Programu Wieloletniego, kt\u00f3ry obejmie lata 2024 \u2013 2030. Gwarantuje on bowiem \u015brodki niezb\u0119dne do kontynuacji prac projektowych oraz przeprowadzenia rob\u00f3t budowlanych Portu Lotniczego CPK, a tak\u017ce zwi\u0105zanych z tym kluczowych inwestycji&#8221; &#8211; wskaza\u0142 rzecznik.<\/p>\n<\/blockquote>\n\n\n\n<p>W informacji przekazano ponadto, \u017ce w ramach Programu Dobrowolnych Naby\u0107 (PDN) sp\u00f3\u0142ka pozyska\u0142a blisko 1100 hektar\u00f3w terenu, a do PDN zg\u0142osi\u0142o si\u0119 ponad 1,3 tys. w\u0142a\u015bcicieli posiadaj\u0105cych prawie 3600 ha grunt\u00f3w. &#8222;To ponad 80 proc. nieruchomo\u015bci zabudowanych z terenu pierwszego etapu budowy Centralnego Portu Komunikacyjnego&#8221; &#8211; podkre\u015blono.<\/p>\n\n\n\n<p>Centralny Port Komunikacyjny to planowany w\u0119ze\u0142 przesiadkowy mi\u0119dzy Warszaw\u0105 i \u0141odzi\u0105, kt\u00f3ry zintegruje transport lotniczy, kolejowy i drogowy. W ramach tego projektu w odleg\u0142o\u015bci 37 km na zach\u00f3d od Warszawy, na obszarze ok. 3 tys. ha ma by\u0107 wybudowany port lotniczy. Pierwszy etap lotniska, obejmuj\u0105cy dwie r\u00f3wnoleg\u0142e drogi startowe i infrastruktur\u0119 do obs\u0142ugi 40 mln pasa\u017cer\u00f3w, uruchomi si\u0119 w 2028 roku. Plan Generalny CPK zak\u0142ada kolejne modu\u0142owe rozbudowywanie portu.<\/p>\n\n\n\n<p>Sp\u00f3\u0142ka CPK jest w 100-proc. w\u0142asno\u015bci\u0105 Skarbu Pa\u0144stwa. Jak wynika z prognoz Mi\u0119dzynarodowego Zrzeszenia Przewo\u017anik\u00f3w Lotniczych (IATA), w 2060 r. lotnisko mo\u017ce obs\u0142ugiwa\u0107 do 65 mln pasa\u017cer\u00f3w.<\/p>\n\n\n\n<p>Informacj\u0119 o ws. wniosku o decyzj\u0119 lokalizacyjn\u0105 dla CPK jako pierwszy przekaza\u0142 RMF FM. (PAP)<\/p>\n\n\n<style>.wp-block-image{margin:1.25rem 0;text-align:center}.wp-block-image figcaption{padding:0 0.9375rem;text-align:center}\n<\/style>\n<figure class=\"wp-block-image size-large\"><a href=\"https:\/\/transinfo.pl\/wp-content\/uploads\/2023\/11\/CPK_.jpg\"><img decoding=\"async\" src=\"https:\/\/transinfo.pl\/wp-content\/uploads\/2023\/11\/CPK_-1024x576.jpg\" alt=\"Sp\u00f3\u0142ka pozyska\u0142a blisko 1100 hektar\u00f3w terenu, a do PDN zg\u0142osi\u0142o si\u0119 ponad 1,3 tys. w\u0142a\u015bcicieli posiadaj\u0105cych prawie 3600 ha grunt\u00f3w. \" class=\"wp-image-451071\" \/><\/a><figcaption class=\"wp-element-caption\">CPK, z mo\u017cliwo\u015bci\u0105 obs\u0142u\u017cenia 40 mln pasa\u017cer\u00f3w, planuje uruchomi\u0107 dzia\u0142alno\u015b\u0107 w 2028 r.<\/figcaption><\/figure>\n","protected":false},"author":2,"featured_media":258530,"comment_status":"","ping_status":"closed","template":"","categories":[23],"tags":[68,674,45,763],"class_list":["post-259688","infoair","type-infoair","status-publish","has-post-thumbnail","hentry","category-infrastruktura","tag-centralny-port-komunikacyjny","tag-cpk","tag-lotnisko","tag-samolot"],"acf":[],"yoast_head":"<!-- This site is optimized with the Yoast SEO Premium plugin v21.8 (Yoast SEO v23.7) - https:\/\/yoast.com\/wordpress\/plugins\/seo\/ -->\n<title>CPK spodziewa si\u0119 decyzji o lokalizacji lotniska na pocz\u0105tku 2024 - TransInfo Archiwum<\/title>\n<meta name=\"description\" content=\"W harmonogramie zak\u0142adamy mo\u017cliwo\u015b\u0107 pozyskania decyzji lokalizacyjnej dla lotniska CPK w pierwszym kwartale 2024 r.\" \/>\n<meta name=\"robots\" content=\"index, follow, max-snippet:-1, max-image-preview:large, max-video-preview:-1\" \/>\n<link rel=\"canonical\" href=\"https:\/\/transinfo.pl\/x\/infoair\/cpk-spodziewa-sie-decyzji-o-lokalizacji-lotniska-na-poczatku-2024\/\" \/>\n<meta property=\"og:locale\" content=\"pl_PL\" \/>\n<meta property=\"og:type\" content=\"article\" \/>\n<meta property=\"og:title\" content=\"CPK spodziewa si\u0119 decyzji o lokalizacji lotniska na pocz\u0105tku 2024\" \/>\n<meta property=\"og:description\" content=\"W harmonogramie zak\u0142adamy mo\u017cliwo\u015b\u0107 pozyskania decyzji lokalizacyjnej dla lotniska CPK w pierwszym kwartale 2024 r.\" \/>\n<meta property=\"og:url\" content=\"https:\/\/transinfo.pl\/x\/infoair\/cpk-spodziewa-sie-decyzji-o-lokalizacji-lotniska-na-poczatku-2024\/\" \/>\n<meta property=\"og:site_name\" content=\"TransInfo Archiwum\" \/>\n<meta property=\"og:image\" content=\"https:\/\/transinfo.pl\/x\/wp-content\/uploads\/2023\/10\/lotniskoCPK.jpg\" \/>\n\t<meta property=\"og:image:width\" content=\"1\" \/>\n\t<meta property=\"og:image:height\" content=\"1\" \/>\n\t<meta property=\"og:image:type\" content=\"image\/jpeg\" \/>\n<meta name=\"twitter:card\" content=\"summary_large_image\" \/>\n<meta name=\"twitter:label1\" content=\"Szacowany czas czytania\" \/>\n\t<meta name=\"twitter:data1\" content=\"2 minuty\" \/>\n<script type=\"application\/ld+json\" class=\"yoast-schema-graph\">{\"@context\":\"https:\/\/schema.org\",\"@graph\":[{\"@type\":\"WebPage\",\"@id\":\"https:\/\/transinfo.pl\/x\/infoair\/cpk-spodziewa-sie-decyzji-o-lokalizacji-lotniska-na-poczatku-2024\/\",\"url\":\"https:\/\/transinfo.pl\/x\/infoair\/cpk-spodziewa-sie-decyzji-o-lokalizacji-lotniska-na-poczatku-2024\/\",\"name\":\"CPK spodziewa si\u0119 decyzji o lokalizacji lotniska na pocz\u0105tku 2024 - TransInfo Archiwum\",\"isPartOf\":{\"@id\":\"https:\/\/transinfo.pl\/x\/#website\"},\"primaryImageOfPage\":{\"@id\":\"https:\/\/transinfo.pl\/x\/infoair\/cpk-spodziewa-sie-decyzji-o-lokalizacji-lotniska-na-poczatku-2024\/#primaryimage\"},\"image\":{\"@id\":\"https:\/\/transinfo.pl\/x\/infoair\/cpk-spodziewa-sie-decyzji-o-lokalizacji-lotniska-na-poczatku-2024\/#primaryimage\"},\"thumbnailUrl\":\"https:\/\/transinfo.pl\/x\/wp-content\/uploads\/2023\/10\/lotniskoCPK.jpg\",\"datePublished\":\"2023-11-03T12:36:00+00:00\",\"dateModified\":\"2023-11-03T12:36:00+00:00\",\"description\":\"W harmonogramie zak\u0142adamy mo\u017cliwo\u015b\u0107 pozyskania decyzji lokalizacyjnej dla lotniska CPK w pierwszym kwartale 2024 r.\",\"breadcrumb\":{\"@id\":\"https:\/\/transinfo.pl\/x\/infoair\/cpk-spodziewa-sie-decyzji-o-lokalizacji-lotniska-na-poczatku-2024\/#breadcrumb\"},\"inLanguage\":\"pl-PL\",\"potentialAction\":[{\"@type\":\"ReadAction\",\"target\":[\"https:\/\/transinfo.pl\/x\/infoair\/cpk-spodziewa-sie-decyzji-o-lokalizacji-lotniska-na-poczatku-2024\/\"]}]},{\"@type\":\"ImageObject\",\"inLanguage\":\"pl-PL\",\"@id\":\"https:\/\/transinfo.pl\/x\/infoair\/cpk-spodziewa-sie-decyzji-o-lokalizacji-lotniska-na-poczatku-2024\/#primaryimage\",\"url\":\"https:\/\/transinfo.pl\/x\/wp-content\/uploads\/2023\/10\/lotniskoCPK.jpg\",\"contentUrl\":\"https:\/\/transinfo.pl\/x\/wp-content\/uploads\/2023\/10\/lotniskoCPK.jpg\"},{\"@type\":\"BreadcrumbList\",\"@id\":\"https:\/\/transinfo.pl\/x\/infoair\/cpk-spodziewa-sie-decyzji-o-lokalizacji-lotniska-na-poczatku-2024\/#breadcrumb\",\"itemListElement\":[{\"@type\":\"ListItem\",\"position\":1,\"name\":\"Home\",\"item\":\"https:\/\/transinfo.pl\/x\/\"},{\"@type\":\"ListItem\",\"position\":2,\"name\":\"Infoair\",\"item\":\"https:\/\/transinfo.pl\/x\/infoair\/\"},{\"@type\":\"ListItem\",\"position\":3,\"name\":\"CPK spodziewa si\u0119 decyzji o lokalizacji lotniska na pocz\u0105tku 2024\"}]},{\"@type\":\"WebSite\",\"@id\":\"https:\/\/transinfo.pl\/x\/#website\",\"url\":\"https:\/\/transinfo.pl\/x\/\",\"name\":\"TransInfo Archiwum\",\"description\":\"Ca\u0142y transport w jednym miejscu\",\"publisher\":{\"@id\":\"https:\/\/transinfo.pl\/x\/#organization\"},\"potentialAction\":[{\"@type\":\"SearchAction\",\"target\":{\"@type\":\"EntryPoint\",\"urlTemplate\":\"https:\/\/transinfo.pl\/x\/?s={search_term_string}\"},\"query-input\":{\"@type\":\"PropertyValueSpecification\",\"valueRequired\":true,\"valueName\":\"search_term_string\"}}],\"inLanguage\":\"pl-PL\"},{\"@type\":\"Organization\",\"@id\":\"https:\/\/transinfo.pl\/x\/#organization\",\"name\":\"TransInfo\",\"url\":\"https:\/\/transinfo.pl\/x\/\",\"logo\":{\"@type\":\"ImageObject\",\"inLanguage\":\"pl-PL\",\"@id\":\"https:\/\/transinfo.pl\/x\/#\/schema\/logo\/image\/\",\"url\":\"https:\/\/transinfo.pl\/x\/wp-content\/uploads\/2024\/10\/favicon.png\",\"contentUrl\":\"https:\/\/transinfo.pl\/x\/wp-content\/uploads\/2024\/10\/favicon.png\",\"width\":512,\"height\":512,\"caption\":\"TransInfo\"},\"image\":{\"@id\":\"https:\/\/transinfo.pl\/x\/#\/schema\/logo\/image\/\"}}]}<\/script>\n<!-- \/ Yoast SEO Premium plugin. -->","yoast_head_json":{"title":"CPK spodziewa si\u0119 decyzji o lokalizacji lotniska na pocz\u0105tku 2024 - TransInfo Archiwum","description":"W harmonogramie zak\u0142adamy mo\u017cliwo\u015b\u0107 pozyskania decyzji lokalizacyjnej dla lotniska CPK w pierwszym kwartale 2024 r.","robots":{"index":"index","follow":"follow","max-snippet":"max-snippet:-1","max-image-preview":"max-image-preview:large","max-video-preview":"max-video-preview:-1"},"canonical":"https:\/\/transinfo.pl\/x\/infoair\/cpk-spodziewa-sie-decyzji-o-lokalizacji-lotniska-na-poczatku-2024\/","og_locale":"pl_PL","og_type":"article","og_title":"CPK spodziewa si\u0119 decyzji o lokalizacji lotniska na pocz\u0105tku 2024","og_description":"W harmonogramie zak\u0142adamy mo\u017cliwo\u015b\u0107 pozyskania decyzji lokalizacyjnej dla lotniska CPK w pierwszym kwartale 2024 r.","og_url":"https:\/\/transinfo.pl\/x\/infoair\/cpk-spodziewa-sie-decyzji-o-lokalizacji-lotniska-na-poczatku-2024\/","og_site_name":"TransInfo Archiwum","og_image":[{"url":"https:\/\/transinfo.pl\/x\/wp-content\/uploads\/2023\/10\/lotniskoCPK.jpg","width":1,"height":1,"type":"image\/jpeg"}],"twitter_card":"summary_large_image","twitter_misc":{"Szacowany czas czytania":"2 minuty"},"schema":{"@context":"https:\/\/schema.org","@graph":[{"@type":"WebPage","@id":"https:\/\/transinfo.pl\/x\/infoair\/cpk-spodziewa-sie-decyzji-o-lokalizacji-lotniska-na-poczatku-2024\/","url":"https:\/\/transinfo.pl\/x\/infoair\/cpk-spodziewa-sie-decyzji-o-lokalizacji-lotniska-na-poczatku-2024\/","name":"CPK spodziewa si\u0119 decyzji o lokalizacji lotniska na pocz\u0105tku 2024 - TransInfo Archiwum","isPartOf":{"@id":"https:\/\/transinfo.pl\/x\/#website"},"primaryImageOfPage":{"@id":"https:\/\/transinfo.pl\/x\/infoair\/cpk-spodziewa-sie-decyzji-o-lokalizacji-lotniska-na-poczatku-2024\/#primaryimage"},"image":{"@id":"https:\/\/transinfo.pl\/x\/infoair\/cpk-spodziewa-sie-decyzji-o-lokalizacji-lotniska-na-poczatku-2024\/#primaryimage"},"thumbnailUrl":"https:\/\/transinfo.pl\/x\/wp-content\/uploads\/2023\/10\/lotniskoCPK.jpg","datePublished":"2023-11-03T12:36:00+00:00","dateModified":"2023-11-03T12:36:00+00:00","description":"W harmonogramie zak\u0142adamy mo\u017cliwo\u015b\u0107 pozyskania decyzji lokalizacyjnej dla lotniska CPK w pierwszym kwartale 2024 r.","breadcrumb":{"@id":"https:\/\/transinfo.pl\/x\/infoair\/cpk-spodziewa-sie-decyzji-o-lokalizacji-lotniska-na-poczatku-2024\/#breadcrumb"},"inLanguage":"pl-PL","potentialAction":[{"@type":"ReadAction","target":["https:\/\/transinfo.pl\/x\/infoair\/cpk-spodziewa-sie-decyzji-o-lokalizacji-lotniska-na-poczatku-2024\/"]}]},{"@type":"ImageObject","inLanguage":"pl-PL","@id":"https:\/\/transinfo.pl\/x\/infoair\/cpk-spodziewa-sie-decyzji-o-lokalizacji-lotniska-na-poczatku-2024\/#primaryimage","url":"https:\/\/transinfo.pl\/x\/wp-content\/uploads\/2023\/10\/lotniskoCPK.jpg","contentUrl":"https:\/\/transinfo.pl\/x\/wp-content\/uploads\/2023\/10\/lotniskoCPK.jpg"},{"@type":"BreadcrumbList","@id":"https:\/\/transinfo.pl\/x\/infoair\/cpk-spodziewa-sie-decyzji-o-lokalizacji-lotniska-na-poczatku-2024\/#breadcrumb","itemListElement":[{"@type":"ListItem","position":1,"name":"Home","item":"https:\/\/transinfo.pl\/x\/"},{"@type":"ListItem","position":2,"name":"Infoair","item":"https:\/\/transinfo.pl\/x\/infoair\/"},{"@type":"ListItem","position":3,"name":"CPK spodziewa si\u0119 decyzji o lokalizacji lotniska na pocz\u0105tku 2024"}]},{"@type":"WebSite","@id":"https:\/\/transinfo.pl\/x\/#website","url":"https:\/\/transinfo.pl\/x\/","name":"TransInfo Archiwum","description":"Ca\u0142y transport w jednym miejscu","publisher":{"@id":"https:\/\/transinfo.pl\/x\/#organization"},"potentialAction":[{"@type":"SearchAction","target":{"@type":"EntryPoint","urlTemplate":"https:\/\/transinfo.pl\/x\/?s={search_term_string}"},"query-input":{"@type":"PropertyValueSpecification","valueRequired":true,"valueName":"search_term_string"}}],"inLanguage":"pl-PL"},{"@type":"Organization","@id":"https:\/\/transinfo.pl\/x\/#organization","name":"TransInfo","url":"https:\/\/transinfo.pl\/x\/","logo":{"@type":"ImageObject","inLanguage":"pl-PL","@id":"https:\/\/transinfo.pl\/x\/#\/schema\/logo\/image\/","url":"https:\/\/transinfo.pl\/x\/wp-content\/uploads\/2024\/10\/favicon.png","contentUrl":"https:\/\/transinfo.pl\/x\/wp-content\/uploads\/2024\/10\/favicon.png","width":512,"height":512,"caption":"TransInfo"},"image":{"@id":"https:\/\/transinfo.pl\/x\/#\/schema\/logo\/image\/"}}]}},"_links":{"self":[{"href":"https:\/\/transinfo.pl\/x\/wp-json\/wp\/v2\/infoair\/259688","targetHints":{"allow":["GET"]}}],"collection":[{"href":"https:\/\/transinfo.pl\/x\/wp-json\/wp\/v2\/infoair"}],"about":[{"href":"https:\/\/transinfo.pl\/x\/wp-json\/wp\/v2\/types\/infoair"}],"author":[{"embeddable":true,"href":"https:\/\/transinfo.pl\/x\/wp-json\/wp\/v2\/users\/2"}],"replies":[{"embeddable":true,"href":"https:\/\/transinfo.pl\/x\/wp-json\/wp\/v2\/comments?post=259688"}],"wp:featuredmedia":[{"embeddable":true,"href":"https:\/\/transinfo.pl\/x\/wp-json\/wp\/v2\/media\/258530"}],"wp:attachment":[{"href":"https:\/\/transinfo.pl\/x\/wp-json\/wp\/v2\/media?parent=259688"}],"wp:term":[{"taxonomy":"category","embeddable":true,"href":"https:\/\/transinfo.pl\/x\/wp-json\/wp\/v2\/categories?post=259688"},{"taxonomy":"post_tag","embeddable":true,"href":"https:\/\/transinfo.pl\/x\/wp-json\/wp\/v2\/tags?post=259688"}],"curies":[{"name":"wp","href":"https:\/\/api.w.org\/{rel}","templated":true}]}}