{"id":259589,"date":"2023-11-02T08:37:00","date_gmt":"2023-11-02T08:37:00","guid":{"rendered":"https:\/\/transinfo.pl\/x\/infoair\/zimowy-sezon-lotniczy-oficjalnie-rozpoczety-na-lotnisku-chopina\/"},"modified":"2023-11-02T08:37:00","modified_gmt":"2023-11-02T08:37:00","slug":"zimowy-sezon-lotniczy-oficjalnie-rozpoczety-na-lotnisku-chopina","status":"publish","type":"infoair","link":"https:\/\/transinfo.pl\/x\/infoair\/zimowy-sezon-lotniczy-oficjalnie-rozpoczety-na-lotnisku-chopina\/","title":{"rendered":"Zimowy sezon lotniczy oficjalnie rozpocz\u0119ty na lotnisku Chopina"},"content":{"rendered":"<style>h1,h2,h3,h4,h5,h6{margin:0 0 1.25rem;font-family:Arial,sans-serif;font-weight:600;color:#050505}h1{font-size:1.875rem;line-height:1.1em;text-transform:none}@media(min-width: 768px){h1{font-size:2.375rem}}h2{font-size:1.1875rem;line-height:1.2em;text-transform:uppercase}@media(min-width: 768px){h2{font-size:1.0625rem}}h3{font-size:0.9375rem;line-height:1.4em;font-weight:900;margin-bottom:0.9375rem}h4{font-size:0.875rem;line-height:1.2em;font-weight:500}h5{font-size:0.9375rem;line-height:1.6;font-weight:400}h6{font-size:0.9375rem;line-height:1.6;font-weight:600}\n<\/style>\n<h3 class=\"wp-block-heading\" id=\"h-zima-na-lotnisku-chopina-wystartowala-sezon-zostal-oficjalnie-rozpoczety-30-pazdziernika-parada-zespolu-utrzymania-nawierzchni\">Zima na lotnisku Chopina wystartowa\u0142a, sezon zosta\u0142 oficjalnie rozpocz\u0119ty 30 pa\u017adziernika parad\u0105  Zespo\u0142u Utrzymania Nawierzchni.<\/h3>\n\n\n<style>p{margin:0 0 1.5rem}p:last-child{margin:0}p.is-style-uppercase{text-transform:uppercase}p.is-style-preheading{color:#12406a;text-transform:uppercase}p.is-style-leadparagraph{font-size:1rem;line-height:1.625;font-weight:700}@media(min-width: 768px){p.is-style-leadparagraph{font-size:1.125rem;line-height:1.5555555556}}p.has-small-margin{margin-bottom:0.625rem}p.has-small-margin+h1,p.has-small-margin+h2,p.has-small-margin+h3{margin-top:1.875rem}\n<\/style>\n<p>Kalendarz lotniczy nieco r\u00f3\u017cni si\u0119 od tego tradycyjnego, poniewa\u017c zima startuje ju\u017c w pa\u017adzierniku. Na Lotnisku Chopina w Warszawie gotowo\u015b\u0107 do\u00a0 prowadzenia operacji lotniczych w warunkach zimowych trwa od 15 pa\u017adziernika do 15 kwietnia ka\u017cdego roku. Symbolicznym potwierdzeniem przygotowania s\u0142u\u017cb jest Parada Akcji Zima, czyli przejazd po p\u0142ycie lotniska pojazd\u00f3w Zespo\u0142u Utrzymania Nawierzchni. Tegoroczna Parada odby\u0142a si\u0119 w poniedzia\u0142ek, 30 pa\u017adziernika.<\/p>\n\n\n<style>.wp-block-quote{border-left:0.1875rem solid var(--page-color);font-size:1rem;font-style:italic;margin:0 0 1.6875rem;padding:1.25rem}.wp-block-quote cite{color:#050505}.wp-block-quote.is-style-large p{margin-bottom:10px}.wp-block-quote.is-style-large cite{color:#12406a}\n<\/style>\n<blockquote class=\"wp-block-quote is-layout-flow wp-block-quote-is-layout-flow\">\n<p>\u201eDzisiejsza parada sprz\u0119tu, to swego rodzaju pr\u00f3ba generalna, ale te\u017c wyj\u0105tkowy dzie\u0144 dla wszystkich pracownik\u00f3w dzia\u0142u utrzymania. Akcja Zima trwa do po\u0142owy kwietnia, a ju\u017c nast\u0119pnego dnia zaczynamy przygotowania do kolejnego sezonu. Szkolimy pracownik\u00f3w, remontujemy i modernizujemy sprz\u0119t, zaopatrujemy si\u0119 w \u015brodki chemiczne. Parada Akcji Zima potwierdza nasz\u0105 gotowo\u015b\u0107 do walki z trudnymi warunkami atmosferycznymi i symbolicznie finalizuje wielomiesi\u0119czne przygotowania\u201d \u2013 m\u00f3wi Stanis\u0142aw Wojtera prezes zarz\u0105du Polskich Port\u00f3w Lotniczych S.A.<\/p>\n<\/blockquote>\n\n\n\n<p>W zimowe utrzymanie Lotniska Chopina zaanga\u017cowanych jest kilkaset os\u00f3b z r\u00f3\u017cnych jednostek i firm \u2013 nale\u017c\u0105 do nich m.in. operatorzy sprz\u0119tu zimowego utrzymania, osoby kieruj\u0105ce dzia\u0142aniami, Dy\u017curni Operacyjni Portu, kontrolerzy ruchu lotniczego, czy operatorzy licznych specjalistycznych system\u00f3w. Sto\u0142eczny port dysponuje jednymi z najnowocze\u015bniejszych rozwi\u0105za\u0144 w zakresie sprz\u0119tu zimowego utrzymania. W dyspozycji Dzia\u0142u Utrzymania Infrastruktury Lotniskowej jest, mi\u0119dzy innymi:<br><br>\u00a0&#8211; 10 zestaw\u00f3w od\u015bnie\u017cnych wysokiej wydajno\u015bci,<br>\u00a0&#8211; 6 zestaw\u00f3w \u015bredniej wydajno\u015bci,<br>\u00a0&#8211; 7 oczyszczarek kompaktowych,<br>\u00a0&#8211; 4 jednostki sprz\u0119tu os\u0142ony chemicznej,<br>\u00a0&#8211; 3 p\u0142ugi wirnikowe<br>\u00a0&#8211; i wiele innych pojazd\u00f3w i maszyn wsparcia.<br><br>Taka konfiguracja sprz\u0119tu pozwala na sprawne od\u015bnie\u017canie dr\u00f3g startowych za jednym przejazdem na wymagan\u0105 szeroko\u015b\u0107, zabezpieczenie ekologicznymi \u015brodkami chemicznymi nawierzchni przed oblodzeniem oraz bie\u017c\u0105ce od\u015bnie\u017canie i zabezpieczenie nawierzchni p\u0142yt postojowych. Ponadto lotnisko posiada zaplecze techniczne, kt\u00f3re gwarantuje sta\u0142\u0105 dost\u0119pno\u015b\u0107 sprz\u0119tu zimowego utrzymania, a wi\u0119c realizacj\u0119 napraw, przegl\u0105d\u00f3w i konserwacji oraz wymian\u0119 element\u00f3w eksploatacyjnych przez 7 dni w tygodniu. Dzi\u0119ki gotowo\u015bci, do\u015bwiadczeniu i profesjonalizmowi personelu, Lotnisko Chopina nigdy nie zamkn\u0119\u0142o si\u0119 z powodu z\u0142ych warunk\u00f3w pogodowych w swojej historii.<\/p>\n\n\n<style>.wp-block-image{margin:1.25rem 0;text-align:center}.wp-block-image figcaption{padding:0 0.9375rem;text-align:center}\n<\/style>\n<figure class=\"wp-block-image size-full\"><a href=\"https:\/\/transinfo.pl\/wp-content\/uploads\/2023\/11\/lotnisko-chopina-sezon-zima-1.jpg\"><img decoding=\"async\" src=\"https:\/\/transinfo.pl\/wp-content\/uploads\/2023\/11\/lotnisko-chopina-sezon-zima-1.jpg\" alt=\"W zimowym utrzymanie Lotniska Chopina zajmuj\u0105 si\u0119 operatorzy sprz\u0119tu zimowego utrzymania, osoby kieruj\u0105ce dzia\u0142aniami, Dy\u017curni Operacyjni Portu, kontrolerzy ruchu lotniczego, ioperatorzy licznych specjalistycznych system\u00f3w\" class=\"wp-image-450775\" \/><\/a><figcaption class=\"wp-element-caption\"> 10 zestaw\u00f3w od\u015bnie\u017cnych wysokiej wydajno\u015bci, 6 zestaw\u00f3w \u015bredniej wydajno\u015bci, 7 oczyszczarek kompaktowych, 4 jednostki sprz\u0119tu os\u0142ony chemicznej, 3 p\u0142ugi wirnikowe &#8211; sprz\u0119t na zim\u0119 lotniska Chopina<\/figcaption><\/figure>\n","protected":false},"author":2,"featured_media":259590,"comment_status":"","ping_status":"closed","template":"","categories":[23],"tags":[],"class_list":["post-259589","infoair","type-infoair","status-publish","has-post-thumbnail","hentry","category-infrastruktura"],"acf":[],"yoast_head":"<!-- This site is optimized with the Yoast SEO Premium plugin v21.8 (Yoast SEO v23.7) - https:\/\/yoast.com\/wordpress\/plugins\/seo\/ -->\n<title>Zimowy sezon lotniczy oficjalnie rozpocz\u0119ty na lotnisku Chopina - TransInfo Archiwum<\/title>\n<meta name=\"description\" content=\"Zima na lotnisku Chopina wystartowa\u0142a, sezon zosta\u0142 oficjalnie rozpocz\u0119ty 30 pa\u017adziernika parad\u0105 Zespo\u0142u Utrzymania Nawierzchni.\" \/>\n<meta name=\"robots\" content=\"index, follow, max-snippet:-1, max-image-preview:large, max-video-preview:-1\" \/>\n<link rel=\"canonical\" href=\"https:\/\/transinfo.pl\/x\/infoair\/zimowy-sezon-lotniczy-oficjalnie-rozpoczety-na-lotnisku-chopina\/\" \/>\n<meta property=\"og:locale\" content=\"pl_PL\" \/>\n<meta property=\"og:type\" content=\"article\" \/>\n<meta property=\"og:title\" content=\"Zimowy sezon lotniczy oficjalnie rozpocz\u0119ty na lotnisku Chopina\" \/>\n<meta property=\"og:description\" content=\"Zima na lotnisku Chopina wystartowa\u0142a, sezon zosta\u0142 oficjalnie rozpocz\u0119ty 30 pa\u017adziernika parad\u0105 Zespo\u0142u Utrzymania Nawierzchni.\" \/>\n<meta property=\"og:url\" content=\"https:\/\/transinfo.pl\/x\/infoair\/zimowy-sezon-lotniczy-oficjalnie-rozpoczety-na-lotnisku-chopina\/\" \/>\n<meta property=\"og:site_name\" content=\"TransInfo Archiwum\" \/>\n<meta property=\"og:image\" content=\"https:\/\/transinfo.pl\/x\/wp-content\/uploads\/2023\/11\/lotnisko-chopina-sezon-zima.jpg\" \/>\n\t<meta property=\"og:image:width\" content=\"1\" \/>\n\t<meta property=\"og:image:height\" content=\"1\" \/>\n\t<meta property=\"og:image:type\" content=\"image\/jpeg\" \/>\n<meta name=\"twitter:card\" content=\"summary_large_image\" \/>\n<meta name=\"twitter:label1\" content=\"Szacowany czas czytania\" \/>\n\t<meta name=\"twitter:data1\" content=\"2 minuty\" \/>\n<script type=\"application\/ld+json\" class=\"yoast-schema-graph\">{\"@context\":\"https:\/\/schema.org\",\"@graph\":[{\"@type\":\"WebPage\",\"@id\":\"https:\/\/transinfo.pl\/x\/infoair\/zimowy-sezon-lotniczy-oficjalnie-rozpoczety-na-lotnisku-chopina\/\",\"url\":\"https:\/\/transinfo.pl\/x\/infoair\/zimowy-sezon-lotniczy-oficjalnie-rozpoczety-na-lotnisku-chopina\/\",\"name\":\"Zimowy sezon lotniczy oficjalnie rozpocz\u0119ty na lotnisku Chopina - TransInfo Archiwum\",\"isPartOf\":{\"@id\":\"https:\/\/transinfo.pl\/x\/#website\"},\"primaryImageOfPage\":{\"@id\":\"https:\/\/transinfo.pl\/x\/infoair\/zimowy-sezon-lotniczy-oficjalnie-rozpoczety-na-lotnisku-chopina\/#primaryimage\"},\"image\":{\"@id\":\"https:\/\/transinfo.pl\/x\/infoair\/zimowy-sezon-lotniczy-oficjalnie-rozpoczety-na-lotnisku-chopina\/#primaryimage\"},\"thumbnailUrl\":\"https:\/\/transinfo.pl\/x\/wp-content\/uploads\/2023\/11\/lotnisko-chopina-sezon-zima.jpg\",\"datePublished\":\"2023-11-02T08:37:00+00:00\",\"dateModified\":\"2023-11-02T08:37:00+00:00\",\"description\":\"Zima na lotnisku Chopina wystartowa\u0142a, sezon zosta\u0142 oficjalnie rozpocz\u0119ty 30 pa\u017adziernika parad\u0105 Zespo\u0142u Utrzymania Nawierzchni.\",\"breadcrumb\":{\"@id\":\"https:\/\/transinfo.pl\/x\/infoair\/zimowy-sezon-lotniczy-oficjalnie-rozpoczety-na-lotnisku-chopina\/#breadcrumb\"},\"inLanguage\":\"pl-PL\",\"potentialAction\":[{\"@type\":\"ReadAction\",\"target\":[\"https:\/\/transinfo.pl\/x\/infoair\/zimowy-sezon-lotniczy-oficjalnie-rozpoczety-na-lotnisku-chopina\/\"]}]},{\"@type\":\"ImageObject\",\"inLanguage\":\"pl-PL\",\"@id\":\"https:\/\/transinfo.pl\/x\/infoair\/zimowy-sezon-lotniczy-oficjalnie-rozpoczety-na-lotnisku-chopina\/#primaryimage\",\"url\":\"https:\/\/transinfo.pl\/x\/wp-content\/uploads\/2023\/11\/lotnisko-chopina-sezon-zima.jpg\",\"contentUrl\":\"https:\/\/transinfo.pl\/x\/wp-content\/uploads\/2023\/11\/lotnisko-chopina-sezon-zima.jpg\"},{\"@type\":\"BreadcrumbList\",\"@id\":\"https:\/\/transinfo.pl\/x\/infoair\/zimowy-sezon-lotniczy-oficjalnie-rozpoczety-na-lotnisku-chopina\/#breadcrumb\",\"itemListElement\":[{\"@type\":\"ListItem\",\"position\":1,\"name\":\"Home\",\"item\":\"https:\/\/transinfo.pl\/x\/\"},{\"@type\":\"ListItem\",\"position\":2,\"name\":\"Infoair\",\"item\":\"https:\/\/transinfo.pl\/x\/infoair\/\"},{\"@type\":\"ListItem\",\"position\":3,\"name\":\"Zimowy sezon lotniczy oficjalnie rozpocz\u0119ty na lotnisku Chopina\"}]},{\"@type\":\"WebSite\",\"@id\":\"https:\/\/transinfo.pl\/x\/#website\",\"url\":\"https:\/\/transinfo.pl\/x\/\",\"name\":\"TransInfo Archiwum\",\"description\":\"Ca\u0142y transport w jednym miejscu\",\"publisher\":{\"@id\":\"https:\/\/transinfo.pl\/x\/#organization\"},\"potentialAction\":[{\"@type\":\"SearchAction\",\"target\":{\"@type\":\"EntryPoint\",\"urlTemplate\":\"https:\/\/transinfo.pl\/x\/?s={search_term_string}\"},\"query-input\":{\"@type\":\"PropertyValueSpecification\",\"valueRequired\":true,\"valueName\":\"search_term_string\"}}],\"inLanguage\":\"pl-PL\"},{\"@type\":\"Organization\",\"@id\":\"https:\/\/transinfo.pl\/x\/#organization\",\"name\":\"TransInfo\",\"url\":\"https:\/\/transinfo.pl\/x\/\",\"logo\":{\"@type\":\"ImageObject\",\"inLanguage\":\"pl-PL\",\"@id\":\"https:\/\/transinfo.pl\/x\/#\/schema\/logo\/image\/\",\"url\":\"https:\/\/transinfo.pl\/x\/wp-content\/uploads\/2024\/10\/favicon.png\",\"contentUrl\":\"https:\/\/transinfo.pl\/x\/wp-content\/uploads\/2024\/10\/favicon.png\",\"width\":512,\"height\":512,\"caption\":\"TransInfo\"},\"image\":{\"@id\":\"https:\/\/transinfo.pl\/x\/#\/schema\/logo\/image\/\"}}]}<\/script>\n<!-- \/ Yoast SEO Premium plugin. -->","yoast_head_json":{"title":"Zimowy sezon lotniczy oficjalnie rozpocz\u0119ty na lotnisku Chopina - TransInfo Archiwum","description":"Zima na lotnisku Chopina wystartowa\u0142a, sezon zosta\u0142 oficjalnie rozpocz\u0119ty 30 pa\u017adziernika parad\u0105 Zespo\u0142u Utrzymania Nawierzchni.","robots":{"index":"index","follow":"follow","max-snippet":"max-snippet:-1","max-image-preview":"max-image-preview:large","max-video-preview":"max-video-preview:-1"},"canonical":"https:\/\/transinfo.pl\/x\/infoair\/zimowy-sezon-lotniczy-oficjalnie-rozpoczety-na-lotnisku-chopina\/","og_locale":"pl_PL","og_type":"article","og_title":"Zimowy sezon lotniczy oficjalnie rozpocz\u0119ty na lotnisku Chopina","og_description":"Zima na lotnisku Chopina wystartowa\u0142a, sezon zosta\u0142 oficjalnie rozpocz\u0119ty 30 pa\u017adziernika parad\u0105 Zespo\u0142u Utrzymania Nawierzchni.","og_url":"https:\/\/transinfo.pl\/x\/infoair\/zimowy-sezon-lotniczy-oficjalnie-rozpoczety-na-lotnisku-chopina\/","og_site_name":"TransInfo Archiwum","og_image":[{"url":"https:\/\/transinfo.pl\/x\/wp-content\/uploads\/2023\/11\/lotnisko-chopina-sezon-zima.jpg","width":1,"height":1,"type":"image\/jpeg"}],"twitter_card":"summary_large_image","twitter_misc":{"Szacowany czas czytania":"2 minuty"},"schema":{"@context":"https:\/\/schema.org","@graph":[{"@type":"WebPage","@id":"https:\/\/transinfo.pl\/x\/infoair\/zimowy-sezon-lotniczy-oficjalnie-rozpoczety-na-lotnisku-chopina\/","url":"https:\/\/transinfo.pl\/x\/infoair\/zimowy-sezon-lotniczy-oficjalnie-rozpoczety-na-lotnisku-chopina\/","name":"Zimowy sezon lotniczy oficjalnie rozpocz\u0119ty na lotnisku Chopina - TransInfo Archiwum","isPartOf":{"@id":"https:\/\/transinfo.pl\/x\/#website"},"primaryImageOfPage":{"@id":"https:\/\/transinfo.pl\/x\/infoair\/zimowy-sezon-lotniczy-oficjalnie-rozpoczety-na-lotnisku-chopina\/#primaryimage"},"image":{"@id":"https:\/\/transinfo.pl\/x\/infoair\/zimowy-sezon-lotniczy-oficjalnie-rozpoczety-na-lotnisku-chopina\/#primaryimage"},"thumbnailUrl":"https:\/\/transinfo.pl\/x\/wp-content\/uploads\/2023\/11\/lotnisko-chopina-sezon-zima.jpg","datePublished":"2023-11-02T08:37:00+00:00","dateModified":"2023-11-02T08:37:00+00:00","description":"Zima na lotnisku Chopina wystartowa\u0142a, sezon zosta\u0142 oficjalnie rozpocz\u0119ty 30 pa\u017adziernika parad\u0105 Zespo\u0142u Utrzymania Nawierzchni.","breadcrumb":{"@id":"https:\/\/transinfo.pl\/x\/infoair\/zimowy-sezon-lotniczy-oficjalnie-rozpoczety-na-lotnisku-chopina\/#breadcrumb"},"inLanguage":"pl-PL","potentialAction":[{"@type":"ReadAction","target":["https:\/\/transinfo.pl\/x\/infoair\/zimowy-sezon-lotniczy-oficjalnie-rozpoczety-na-lotnisku-chopina\/"]}]},{"@type":"ImageObject","inLanguage":"pl-PL","@id":"https:\/\/transinfo.pl\/x\/infoair\/zimowy-sezon-lotniczy-oficjalnie-rozpoczety-na-lotnisku-chopina\/#primaryimage","url":"https:\/\/transinfo.pl\/x\/wp-content\/uploads\/2023\/11\/lotnisko-chopina-sezon-zima.jpg","contentUrl":"https:\/\/transinfo.pl\/x\/wp-content\/uploads\/2023\/11\/lotnisko-chopina-sezon-zima.jpg"},{"@type":"BreadcrumbList","@id":"https:\/\/transinfo.pl\/x\/infoair\/zimowy-sezon-lotniczy-oficjalnie-rozpoczety-na-lotnisku-chopina\/#breadcrumb","itemListElement":[{"@type":"ListItem","position":1,"name":"Home","item":"https:\/\/transinfo.pl\/x\/"},{"@type":"ListItem","position":2,"name":"Infoair","item":"https:\/\/transinfo.pl\/x\/infoair\/"},{"@type":"ListItem","position":3,"name":"Zimowy sezon lotniczy oficjalnie rozpocz\u0119ty na lotnisku Chopina"}]},{"@type":"WebSite","@id":"https:\/\/transinfo.pl\/x\/#website","url":"https:\/\/transinfo.pl\/x\/","name":"TransInfo Archiwum","description":"Ca\u0142y transport w jednym miejscu","publisher":{"@id":"https:\/\/transinfo.pl\/x\/#organization"},"potentialAction":[{"@type":"SearchAction","target":{"@type":"EntryPoint","urlTemplate":"https:\/\/transinfo.pl\/x\/?s={search_term_string}"},"query-input":{"@type":"PropertyValueSpecification","valueRequired":true,"valueName":"search_term_string"}}],"inLanguage":"pl-PL"},{"@type":"Organization","@id":"https:\/\/transinfo.pl\/x\/#organization","name":"TransInfo","url":"https:\/\/transinfo.pl\/x\/","logo":{"@type":"ImageObject","inLanguage":"pl-PL","@id":"https:\/\/transinfo.pl\/x\/#\/schema\/logo\/image\/","url":"https:\/\/transinfo.pl\/x\/wp-content\/uploads\/2024\/10\/favicon.png","contentUrl":"https:\/\/transinfo.pl\/x\/wp-content\/uploads\/2024\/10\/favicon.png","width":512,"height":512,"caption":"TransInfo"},"image":{"@id":"https:\/\/transinfo.pl\/x\/#\/schema\/logo\/image\/"}}]}},"_links":{"self":[{"href":"https:\/\/transinfo.pl\/x\/wp-json\/wp\/v2\/infoair\/259589","targetHints":{"allow":["GET"]}}],"collection":[{"href":"https:\/\/transinfo.pl\/x\/wp-json\/wp\/v2\/infoair"}],"about":[{"href":"https:\/\/transinfo.pl\/x\/wp-json\/wp\/v2\/types\/infoair"}],"author":[{"embeddable":true,"href":"https:\/\/transinfo.pl\/x\/wp-json\/wp\/v2\/users\/2"}],"replies":[{"embeddable":true,"href":"https:\/\/transinfo.pl\/x\/wp-json\/wp\/v2\/comments?post=259589"}],"wp:featuredmedia":[{"embeddable":true,"href":"https:\/\/transinfo.pl\/x\/wp-json\/wp\/v2\/media\/259590"}],"wp:attachment":[{"href":"https:\/\/transinfo.pl\/x\/wp-json\/wp\/v2\/media?parent=259589"}],"wp:term":[{"taxonomy":"category","embeddable":true,"href":"https:\/\/transinfo.pl\/x\/wp-json\/wp\/v2\/categories?post=259589"},{"taxonomy":"post_tag","embeddable":true,"href":"https:\/\/transinfo.pl\/x\/wp-json\/wp\/v2\/tags?post=259589"}],"curies":[{"name":"wp","href":"https:\/\/api.w.org\/{rel}","templated":true}]}}