{"id":259158,"date":"2023-10-23T16:35:00","date_gmt":"2023-10-23T16:35:00","guid":{"rendered":"https:\/\/transinfo.pl\/x\/infoair\/navblue-swietuje-pierwsza-rocznice-otwarcia-biura-w-polsce\/"},"modified":"2023-10-23T16:35:00","modified_gmt":"2023-10-23T16:35:00","slug":"navblue-swietuje-pierwsza-rocznice-otwarcia-biura-w-polsce","status":"publish","type":"infoair","link":"https:\/\/transinfo.pl\/x\/infoair\/navblue-swietuje-pierwsza-rocznice-otwarcia-biura-w-polsce\/","title":{"rendered":"NAVBLUE \u015bwi\u0119tuje pierwsz\u0105 rocznic\u0119 otwarcia biura w Polsce"},"content":{"rendered":"<style>h1,h2,h3,h4,h5,h6{margin:0 0 1.25rem;font-family:Arial,sans-serif;font-weight:600;color:#050505}h1{font-size:1.875rem;line-height:1.1em;text-transform:none}@media(min-width: 768px){h1{font-size:2.375rem}}h2{font-size:1.1875rem;line-height:1.2em;text-transform:uppercase}@media(min-width: 768px){h2{font-size:1.0625rem}}h3{font-size:0.9375rem;line-height:1.4em;font-weight:900;margin-bottom:0.9375rem}h4{font-size:0.875rem;line-height:1.2em;font-weight:500}h5{font-size:0.9375rem;line-height:1.6;font-weight:400}h6{font-size:0.9375rem;line-height:1.6;font-weight:600}\n<\/style>\n<h3 class=\"wp-block-heading\" id=\"h-navblue-spolka-zalezna-airbusa-specjalizujaca-sie-w-uslugach-lotniczych-swietuje-pierwsza-rocznice-otwarcia-swojego-biura-w-polsce-w-ciagu-pierwszego-roku-dzialalnosci-w-gdansku-firma-zatrudnila-juz-40-pracownikow-a-planuje-zwiekszyc-te-liczbe-do-100-do-konca-2024-roku\">NAVBLUE, sp\u00f3\u0142ka zale\u017cna Airbusa, specjalizuj\u0105ca si\u0119 w us\u0142ugach lotniczych, \u015bwi\u0119tuje pierwsz\u0105 rocznic\u0119 otwarcia swojego biura w Polsce. W ci\u0105gu pierwszego roku dzia\u0142alno\u015bci w Gda\u0144sku, firma zatrudni\u0142a ju\u017c 40 pracownik\u00f3w, a planuje zwi\u0119kszy\u0107 t\u0119 liczb\u0119 do 100 do ko\u0144ca 2024 roku.<\/h3>\n\n\n<style>p{margin:0 0 1.5rem}p:last-child{margin:0}p.is-style-uppercase{text-transform:uppercase}p.is-style-preheading{color:#12406a;text-transform:uppercase}p.is-style-leadparagraph{font-size:1rem;line-height:1.625;font-weight:700}@media(min-width: 768px){p.is-style-leadparagraph{font-size:1.125rem;line-height:1.5555555556}}p.has-small-margin{margin-bottom:0.625rem}p.has-small-margin+h1,p.has-small-margin+h2,p.has-small-margin+h3{margin-top:1.875rem}\n<\/style>\n<p>Wyb\u00f3r Gda\u0144ska jako siedziby polskiego biura NAVBLUE wynika z ugruntowanej pozycji miasta jako centrum oprogramowania i us\u0142ug dla bran\u017cy lotniczej w Europie. Pracownicy biura w Gda\u0144sku zajmuj\u0105 si\u0119 rozwojem, tworzeniem i dostarczaniem zaawansowanych produkt\u00f3w i rozwi\u0105za\u0144 lotniczych, maj\u0105cych na celu zwi\u0119kszenie efektywno\u015bci linii lotniczych oraz wsparcie zr\u00f3wnowa\u017conego rozwoju lotnictwa.<\/p>\n\n\n\n<p>Marc Lemeilleur, prezes NAVBLUE, podkre\u015bli\u0142: \u201eSukcesy w rekrutacji do naszego biura w Gda\u0144sku \u015bwiadcz\u0105 o wysokiej skuteczno\u015bci i atrakcyjno\u015bci naszej firmy. To nowe biuro wzmocni nasz\u0105 wiedz\u0119 specjalistyczn\u0105 i sie\u0107 naszych plac\u00f3wek w Europie i na \u015bwiecie, wsp\u00f3\u0142pracuj\u0105c z zespo\u0142ami w Europie, Azji i Ameryce\u201d.<\/p>\n\n\n\n<p>Dzia\u0142alno\u015b\u0107 NAVBLUE w Polsce przyczyni\u0142a si\u0119 do umocnienia obecno\u015bci technologicznej Airbusa w kraju i zwi\u0119kszy\u0142a liczb\u0119 biur NAVBLUE w Europie do czterech (Francja, Wielka Brytania, Polska i Szwecja). Firma dzia\u0142a tak\u017ce na innych kontynentach, m.in. w Kanadzie, USA, Tajlandii i Singapurze.<\/p>\n\n\n\n<p>NAVBLUE to wiod\u0105ca firma us\u0142ugowa, ca\u0142kowicie nale\u017c\u0105ca do Airbusa, dostarczaj\u0105ca naziemne i pok\u0142adowe rozwi\u0105zania oraz us\u0142ugi usprawniaj\u0105ce operacje lotnicze liniom lotniczym i innym operatorom statk\u00f3w powietrznych. Firma wykorzystuje wiedz\u0119 producent\u00f3w samolot\u00f3w oraz do\u015bwiadczenie w operacjach lotniczych, aby zwi\u0119kszy\u0107 wydajno\u015b\u0107, zoptymalizowa\u0107 zasoby i poprawi\u0107 produktywno\u015b\u0107 w celu zapewnienia bezpiecznego i zr\u00f3wnowa\u017conego rozwoju lotnictwa. NAVBLUE obs\u0142uguje ponad 600 klient\u00f3w na ca\u0142ym \u015bwiecie i zatrudnia ekspert\u00f3w w wielu dziedzinach, takich jak cyfrowe kokpity, systemy Operations Control Center (OCC), in\u017cynieria lotu i nawigacja oparta na osi\u0105gach (PBN).<\/p>\n\n\n\n<p>Wi\u0119cej informacji na temat rozwi\u0105za\u0144 NAVBLUE mo\u017cna znale\u017a\u0107 na stronie <a href=\"www.navblue.aero\">www.navblue.aero<\/a>. Informacje dotycz\u0105ce ofert pracy w firmie NAVBLUE w Polsce s\u0105 dost\u0119pne pod <a href=\"www.navblue.aero\/careers\">tym linkiem<\/a>.<\/p>\n\n\n<style>.wp-block-image{margin:1.25rem 0;text-align:center}.wp-block-image figcaption{padding:0 0.9375rem;text-align:center}\n<\/style>\n<figure class=\"wp-block-image size-large\"><a href=\"https:\/\/transinfo.pl\/wp-content\/uploads\/2023\/10\/A350-cockpit-by-night-1.jpg\"><img decoding=\"async\" src=\"https:\/\/transinfo.pl\/wp-content\/uploads\/2023\/10\/A350-cockpit-by-night-1-1024x713.jpg\" alt=\"Dzia\u0142alno\u015b\u0107 NAVBLUE w Polsce przyczyni\u0142a si\u0119 do umocnienia obecno\u015bci technologicznej Airbusa w kraju i zwi\u0119kszy\u0142a liczb\u0119 biur NAVBLUE w Europie do czterech \" class=\"wp-image-449765\" \/><\/a><figcaption class=\"wp-element-caption\">NAVBLUE firma produkuj\u0105ca oprogramowanie i dane dla lotnictwa obchodzi rocznic\u0119 otwarcia biura w Polsce<br>fot. NAVBLUE<\/figcaption><\/figure>\n","protected":false},"author":2,"featured_media":259159,"comment_status":"","ping_status":"closed","template":"","categories":[25],"tags":[762,20527,210,763],"class_list":["post-259158","infoair","type-infoair","status-publish","has-post-thumbnail","hentry","category-producenci","tag-airbus","tag-navblue","tag-polska","tag-samolot"],"acf":[],"yoast_head":"<!-- This site is optimized with the Yoast SEO Premium plugin v21.8 (Yoast SEO v23.7) - https:\/\/yoast.com\/wordpress\/plugins\/seo\/ -->\n<title>NAVBLUE \u015bwi\u0119tuje pierwsz\u0105 rocznic\u0119 otwarcia biura w Polsce - TransInfo Archiwum<\/title>\n<meta name=\"description\" content=\"NAVBLUE, sp\u00f3\u0142ka Airbusa, specjalizuj\u0105ca si\u0119 w us\u0142ugach lotniczych, \u015bwi\u0119tuje pierwsz\u0105 rocznic\u0119 otwarcia swojego biura w Polsce.\" \/>\n<meta name=\"robots\" content=\"index, follow, max-snippet:-1, max-image-preview:large, max-video-preview:-1\" \/>\n<link rel=\"canonical\" href=\"https:\/\/transinfo.pl\/x\/infoair\/navblue-swietuje-pierwsza-rocznice-otwarcia-biura-w-polsce\/\" \/>\n<meta property=\"og:locale\" content=\"pl_PL\" \/>\n<meta property=\"og:type\" content=\"article\" \/>\n<meta property=\"og:title\" content=\"NAVBLUE \u015bwi\u0119tuje pierwsz\u0105 rocznic\u0119 otwarcia biura w Polsce\" \/>\n<meta property=\"og:description\" content=\"NAVBLUE, sp\u00f3\u0142ka Airbusa, specjalizuj\u0105ca si\u0119 w us\u0142ugach lotniczych, \u015bwi\u0119tuje pierwsz\u0105 rocznic\u0119 otwarcia swojego biura w Polsce.\" \/>\n<meta property=\"og:url\" content=\"https:\/\/transinfo.pl\/x\/infoair\/navblue-swietuje-pierwsza-rocznice-otwarcia-biura-w-polsce\/\" \/>\n<meta property=\"og:site_name\" content=\"TransInfo Archiwum\" \/>\n<meta property=\"og:image\" content=\"https:\/\/transinfo.pl\/x\/wp-content\/uploads\/2023\/10\/A350-cockpit-by-night.jpg\" \/>\n\t<meta property=\"og:image:width\" content=\"1\" \/>\n\t<meta property=\"og:image:height\" content=\"1\" \/>\n\t<meta property=\"og:image:type\" content=\"image\/jpeg\" \/>\n<meta name=\"twitter:card\" content=\"summary_large_image\" \/>\n<meta name=\"twitter:label1\" content=\"Szacowany czas czytania\" \/>\n\t<meta name=\"twitter:data1\" content=\"2 minuty\" \/>\n<script type=\"application\/ld+json\" class=\"yoast-schema-graph\">{\"@context\":\"https:\/\/schema.org\",\"@graph\":[{\"@type\":\"WebPage\",\"@id\":\"https:\/\/transinfo.pl\/x\/infoair\/navblue-swietuje-pierwsza-rocznice-otwarcia-biura-w-polsce\/\",\"url\":\"https:\/\/transinfo.pl\/x\/infoair\/navblue-swietuje-pierwsza-rocznice-otwarcia-biura-w-polsce\/\",\"name\":\"NAVBLUE \u015bwi\u0119tuje pierwsz\u0105 rocznic\u0119 otwarcia biura w Polsce - TransInfo Archiwum\",\"isPartOf\":{\"@id\":\"https:\/\/transinfo.pl\/x\/#website\"},\"primaryImageOfPage\":{\"@id\":\"https:\/\/transinfo.pl\/x\/infoair\/navblue-swietuje-pierwsza-rocznice-otwarcia-biura-w-polsce\/#primaryimage\"},\"image\":{\"@id\":\"https:\/\/transinfo.pl\/x\/infoair\/navblue-swietuje-pierwsza-rocznice-otwarcia-biura-w-polsce\/#primaryimage\"},\"thumbnailUrl\":\"https:\/\/transinfo.pl\/x\/wp-content\/uploads\/2023\/10\/A350-cockpit-by-night.jpg\",\"datePublished\":\"2023-10-23T16:35:00+00:00\",\"dateModified\":\"2023-10-23T16:35:00+00:00\",\"description\":\"NAVBLUE, sp\u00f3\u0142ka Airbusa, specjalizuj\u0105ca si\u0119 w us\u0142ugach lotniczych, \u015bwi\u0119tuje pierwsz\u0105 rocznic\u0119 otwarcia swojego biura w Polsce.\",\"breadcrumb\":{\"@id\":\"https:\/\/transinfo.pl\/x\/infoair\/navblue-swietuje-pierwsza-rocznice-otwarcia-biura-w-polsce\/#breadcrumb\"},\"inLanguage\":\"pl-PL\",\"potentialAction\":[{\"@type\":\"ReadAction\",\"target\":[\"https:\/\/transinfo.pl\/x\/infoair\/navblue-swietuje-pierwsza-rocznice-otwarcia-biura-w-polsce\/\"]}]},{\"@type\":\"ImageObject\",\"inLanguage\":\"pl-PL\",\"@id\":\"https:\/\/transinfo.pl\/x\/infoair\/navblue-swietuje-pierwsza-rocznice-otwarcia-biura-w-polsce\/#primaryimage\",\"url\":\"https:\/\/transinfo.pl\/x\/wp-content\/uploads\/2023\/10\/A350-cockpit-by-night.jpg\",\"contentUrl\":\"https:\/\/transinfo.pl\/x\/wp-content\/uploads\/2023\/10\/A350-cockpit-by-night.jpg\"},{\"@type\":\"BreadcrumbList\",\"@id\":\"https:\/\/transinfo.pl\/x\/infoair\/navblue-swietuje-pierwsza-rocznice-otwarcia-biura-w-polsce\/#breadcrumb\",\"itemListElement\":[{\"@type\":\"ListItem\",\"position\":1,\"name\":\"Home\",\"item\":\"https:\/\/transinfo.pl\/x\/\"},{\"@type\":\"ListItem\",\"position\":2,\"name\":\"Infoair\",\"item\":\"https:\/\/transinfo.pl\/x\/infoair\/\"},{\"@type\":\"ListItem\",\"position\":3,\"name\":\"NAVBLUE \u015bwi\u0119tuje pierwsz\u0105 rocznic\u0119 otwarcia biura w Polsce\"}]},{\"@type\":\"WebSite\",\"@id\":\"https:\/\/transinfo.pl\/x\/#website\",\"url\":\"https:\/\/transinfo.pl\/x\/\",\"name\":\"TransInfo Archiwum\",\"description\":\"Ca\u0142y transport w jednym miejscu\",\"publisher\":{\"@id\":\"https:\/\/transinfo.pl\/x\/#organization\"},\"potentialAction\":[{\"@type\":\"SearchAction\",\"target\":{\"@type\":\"EntryPoint\",\"urlTemplate\":\"https:\/\/transinfo.pl\/x\/?s={search_term_string}\"},\"query-input\":{\"@type\":\"PropertyValueSpecification\",\"valueRequired\":true,\"valueName\":\"search_term_string\"}}],\"inLanguage\":\"pl-PL\"},{\"@type\":\"Organization\",\"@id\":\"https:\/\/transinfo.pl\/x\/#organization\",\"name\":\"TransInfo\",\"url\":\"https:\/\/transinfo.pl\/x\/\",\"logo\":{\"@type\":\"ImageObject\",\"inLanguage\":\"pl-PL\",\"@id\":\"https:\/\/transinfo.pl\/x\/#\/schema\/logo\/image\/\",\"url\":\"https:\/\/transinfo.pl\/x\/wp-content\/uploads\/2024\/10\/favicon.png\",\"contentUrl\":\"https:\/\/transinfo.pl\/x\/wp-content\/uploads\/2024\/10\/favicon.png\",\"width\":512,\"height\":512,\"caption\":\"TransInfo\"},\"image\":{\"@id\":\"https:\/\/transinfo.pl\/x\/#\/schema\/logo\/image\/\"}}]}<\/script>\n<!-- \/ Yoast SEO Premium plugin. -->","yoast_head_json":{"title":"NAVBLUE \u015bwi\u0119tuje pierwsz\u0105 rocznic\u0119 otwarcia biura w Polsce - TransInfo Archiwum","description":"NAVBLUE, sp\u00f3\u0142ka Airbusa, specjalizuj\u0105ca si\u0119 w us\u0142ugach lotniczych, \u015bwi\u0119tuje pierwsz\u0105 rocznic\u0119 otwarcia swojego biura w Polsce.","robots":{"index":"index","follow":"follow","max-snippet":"max-snippet:-1","max-image-preview":"max-image-preview:large","max-video-preview":"max-video-preview:-1"},"canonical":"https:\/\/transinfo.pl\/x\/infoair\/navblue-swietuje-pierwsza-rocznice-otwarcia-biura-w-polsce\/","og_locale":"pl_PL","og_type":"article","og_title":"NAVBLUE \u015bwi\u0119tuje pierwsz\u0105 rocznic\u0119 otwarcia biura w Polsce","og_description":"NAVBLUE, sp\u00f3\u0142ka Airbusa, specjalizuj\u0105ca si\u0119 w us\u0142ugach lotniczych, \u015bwi\u0119tuje pierwsz\u0105 rocznic\u0119 otwarcia swojego biura w Polsce.","og_url":"https:\/\/transinfo.pl\/x\/infoair\/navblue-swietuje-pierwsza-rocznice-otwarcia-biura-w-polsce\/","og_site_name":"TransInfo Archiwum","og_image":[{"url":"https:\/\/transinfo.pl\/x\/wp-content\/uploads\/2023\/10\/A350-cockpit-by-night.jpg","width":1,"height":1,"type":"image\/jpeg"}],"twitter_card":"summary_large_image","twitter_misc":{"Szacowany czas czytania":"2 minuty"},"schema":{"@context":"https:\/\/schema.org","@graph":[{"@type":"WebPage","@id":"https:\/\/transinfo.pl\/x\/infoair\/navblue-swietuje-pierwsza-rocznice-otwarcia-biura-w-polsce\/","url":"https:\/\/transinfo.pl\/x\/infoair\/navblue-swietuje-pierwsza-rocznice-otwarcia-biura-w-polsce\/","name":"NAVBLUE \u015bwi\u0119tuje pierwsz\u0105 rocznic\u0119 otwarcia biura w Polsce - TransInfo Archiwum","isPartOf":{"@id":"https:\/\/transinfo.pl\/x\/#website"},"primaryImageOfPage":{"@id":"https:\/\/transinfo.pl\/x\/infoair\/navblue-swietuje-pierwsza-rocznice-otwarcia-biura-w-polsce\/#primaryimage"},"image":{"@id":"https:\/\/transinfo.pl\/x\/infoair\/navblue-swietuje-pierwsza-rocznice-otwarcia-biura-w-polsce\/#primaryimage"},"thumbnailUrl":"https:\/\/transinfo.pl\/x\/wp-content\/uploads\/2023\/10\/A350-cockpit-by-night.jpg","datePublished":"2023-10-23T16:35:00+00:00","dateModified":"2023-10-23T16:35:00+00:00","description":"NAVBLUE, sp\u00f3\u0142ka Airbusa, specjalizuj\u0105ca si\u0119 w us\u0142ugach lotniczych, \u015bwi\u0119tuje pierwsz\u0105 rocznic\u0119 otwarcia swojego biura w Polsce.","breadcrumb":{"@id":"https:\/\/transinfo.pl\/x\/infoair\/navblue-swietuje-pierwsza-rocznice-otwarcia-biura-w-polsce\/#breadcrumb"},"inLanguage":"pl-PL","potentialAction":[{"@type":"ReadAction","target":["https:\/\/transinfo.pl\/x\/infoair\/navblue-swietuje-pierwsza-rocznice-otwarcia-biura-w-polsce\/"]}]},{"@type":"ImageObject","inLanguage":"pl-PL","@id":"https:\/\/transinfo.pl\/x\/infoair\/navblue-swietuje-pierwsza-rocznice-otwarcia-biura-w-polsce\/#primaryimage","url":"https:\/\/transinfo.pl\/x\/wp-content\/uploads\/2023\/10\/A350-cockpit-by-night.jpg","contentUrl":"https:\/\/transinfo.pl\/x\/wp-content\/uploads\/2023\/10\/A350-cockpit-by-night.jpg"},{"@type":"BreadcrumbList","@id":"https:\/\/transinfo.pl\/x\/infoair\/navblue-swietuje-pierwsza-rocznice-otwarcia-biura-w-polsce\/#breadcrumb","itemListElement":[{"@type":"ListItem","position":1,"name":"Home","item":"https:\/\/transinfo.pl\/x\/"},{"@type":"ListItem","position":2,"name":"Infoair","item":"https:\/\/transinfo.pl\/x\/infoair\/"},{"@type":"ListItem","position":3,"name":"NAVBLUE \u015bwi\u0119tuje pierwsz\u0105 rocznic\u0119 otwarcia biura w Polsce"}]},{"@type":"WebSite","@id":"https:\/\/transinfo.pl\/x\/#website","url":"https:\/\/transinfo.pl\/x\/","name":"TransInfo Archiwum","description":"Ca\u0142y transport w jednym miejscu","publisher":{"@id":"https:\/\/transinfo.pl\/x\/#organization"},"potentialAction":[{"@type":"SearchAction","target":{"@type":"EntryPoint","urlTemplate":"https:\/\/transinfo.pl\/x\/?s={search_term_string}"},"query-input":{"@type":"PropertyValueSpecification","valueRequired":true,"valueName":"search_term_string"}}],"inLanguage":"pl-PL"},{"@type":"Organization","@id":"https:\/\/transinfo.pl\/x\/#organization","name":"TransInfo","url":"https:\/\/transinfo.pl\/x\/","logo":{"@type":"ImageObject","inLanguage":"pl-PL","@id":"https:\/\/transinfo.pl\/x\/#\/schema\/logo\/image\/","url":"https:\/\/transinfo.pl\/x\/wp-content\/uploads\/2024\/10\/favicon.png","contentUrl":"https:\/\/transinfo.pl\/x\/wp-content\/uploads\/2024\/10\/favicon.png","width":512,"height":512,"caption":"TransInfo"},"image":{"@id":"https:\/\/transinfo.pl\/x\/#\/schema\/logo\/image\/"}}]}},"_links":{"self":[{"href":"https:\/\/transinfo.pl\/x\/wp-json\/wp\/v2\/infoair\/259158","targetHints":{"allow":["GET"]}}],"collection":[{"href":"https:\/\/transinfo.pl\/x\/wp-json\/wp\/v2\/infoair"}],"about":[{"href":"https:\/\/transinfo.pl\/x\/wp-json\/wp\/v2\/types\/infoair"}],"author":[{"embeddable":true,"href":"https:\/\/transinfo.pl\/x\/wp-json\/wp\/v2\/users\/2"}],"replies":[{"embeddable":true,"href":"https:\/\/transinfo.pl\/x\/wp-json\/wp\/v2\/comments?post=259158"}],"wp:featuredmedia":[{"embeddable":true,"href":"https:\/\/transinfo.pl\/x\/wp-json\/wp\/v2\/media\/259159"}],"wp:attachment":[{"href":"https:\/\/transinfo.pl\/x\/wp-json\/wp\/v2\/media?parent=259158"}],"wp:term":[{"taxonomy":"category","embeddable":true,"href":"https:\/\/transinfo.pl\/x\/wp-json\/wp\/v2\/categories?post=259158"},{"taxonomy":"post_tag","embeddable":true,"href":"https:\/\/transinfo.pl\/x\/wp-json\/wp\/v2\/tags?post=259158"}],"curies":[{"name":"wp","href":"https:\/\/api.w.org\/{rel}","templated":true}]}}