{"id":258345,"date":"2023-10-05T12:38:00","date_gmt":"2023-10-05T12:38:00","guid":{"rendered":"https:\/\/transinfo.pl\/x\/infoair\/parlament-europejski-wprowadzi-zmiany-dot-bagazu-podrecznego\/"},"modified":"2023-10-05T12:38:00","modified_gmt":"2023-10-05T12:38:00","slug":"parlament-europejski-wprowadzi-zmiany-dot-bagazu-podrecznego","status":"publish","type":"infoair","link":"https:\/\/transinfo.pl\/x\/infoair\/parlament-europejski-wprowadzi-zmiany-dot-bagazu-podrecznego\/","title":{"rendered":"Parlament Europejski: wprowadzi zmiany dot. baga\u017cu podr\u0119cznego"},"content":{"rendered":"<style>h1,h2,h3,h4,h5,h6{margin:0 0 1.25rem;font-family:Arial,sans-serif;font-weight:600;color:#050505}h1{font-size:1.875rem;line-height:1.1em;text-transform:none}@media(min-width: 768px){h1{font-size:2.375rem}}h2{font-size:1.1875rem;line-height:1.2em;text-transform:uppercase}@media(min-width: 768px){h2{font-size:1.0625rem}}h3{font-size:0.9375rem;line-height:1.4em;font-weight:900;margin-bottom:0.9375rem}h4{font-size:0.875rem;line-height:1.2em;font-weight:500}h5{font-size:0.9375rem;line-height:1.6;font-weight:400}h6{font-size:0.9375rem;line-height:1.6;font-weight:600}\n<\/style>\n<h3 class=\"wp-block-heading\" id=\"h-w-rezolucji-ktora-zostala-przyjeta-4-pazdziernika-w-parlamencie-europejskim-w-strasburgu-podkresla-sie-potrzebe-wprowadzenia-jednolitych-standardow-dotyczacych-rozmiaru-i-cen-bagazu-podrecznego-przez-linie-lotnicze-w-unii-europejskiej\">W rezolucji, kt\u00f3ra zosta\u0142a przyj\u0119ta 4 pa\u017adziernika w Parlamencie Europejskim w Strasburgu, podkre\u015bla si\u0119 potrzeb\u0119 wprowadzenia jednolitych standard\u00f3w dotycz\u0105cych rozmiaru i cen baga\u017cu podr\u0119cznego przez linie lotnicze w Unii Europejskiej.<\/h3>\n\n\n<style>p{margin:0 0 1.5rem}p:last-child{margin:0}p.is-style-uppercase{text-transform:uppercase}p.is-style-preheading{color:#12406a;text-transform:uppercase}p.is-style-leadparagraph{font-size:1rem;line-height:1.625;font-weight:700}@media(min-width: 768px){p.is-style-leadparagraph{font-size:1.125rem;line-height:1.5555555556}}p.has-small-margin{margin-bottom:0.625rem}p.has-small-margin+h1,p.has-small-margin+h2,p.has-small-margin+h3{margin-top:1.875rem}\n<\/style>\n<p>Rezolucja podkre\u015bla niezadowolenie obywateli dotycz\u0105ce niedogodno\u015bci i dyskomfortu, spowodowanego niesp\u00f3jnymi przepisami dotycz\u0105cymi baga\u017cu podr\u0119cznego linii lotniczych. W dokumencie zaznaczono, \u017ce nale\u017cy dokona\u0107 zmian w unijnych przepisach dotycz\u0105cych praw pasa\u017cer\u00f3w linii lotniczych, aby znale\u017a\u0107 rozwi\u0105zanie.<\/p>\n\n\n\n<p>R\u00f3\u017cne przepisy linii lotniczych dotycz\u0105ce dozwolonego baga\u017cu powoduj\u0105 ukryte op\u0142aty i utrudniaj\u0105 por\u00f3wnywanie cen &#8211; twierdz\u0105 pos\u0142owie. Ponadto, gdy pasa\u017cerowie korzystaj\u0105 z r\u00f3\u017cnych linii lotniczych lub musz\u0105 zmieni\u0107 swoje plany, niesp\u00f3jne przepisy wprowadzaj\u0105 zamieszanie. Pos\u0142owie podkre\u015blaj\u0105 potrzeb\u0119 pe\u0142nego wdro\u017cenia orzeczenia Trybuna\u0142u Sprawiedliwo\u015bci UE podczas przegl\u0105du obecnych przepis\u00f3w UE dotycz\u0105cych us\u0142ug lotniczych.<\/p>\n\n\n\n<p>Trybuna\u0142  stwierdzi\u0142, \u017ce linie lotnicze nie powinny pobiera\u0107 dodatkowej op\u0142aty za baga\u017c podr\u0119czny &#8222;pod warunkiem, \u017ce taki baga\u017c podr\u0119czny spe\u0142nia rozs\u0105dne wymagania pod wzgl\u0119dem wagi i wymiar\u00f3w oraz jest zgodny z obowi\u0105zuj\u0105cymi wymogami bezpiecze\u0144stwa&#8221;. Nowe przepisy powinny r\u00f3wnie\u017c dotyczy\u0107 innych ukrytych koszt\u00f3w, na przyk\u0142ad op\u0142at zwi\u0105zanych z przydzia\u0142em miejsc, argumentuj\u0105 pos\u0142owie.<\/p>\n\n\n<style>.wp-block-image{margin:1.25rem 0;text-align:center}.wp-block-image figcaption{padding:0 0.9375rem;text-align:center}\n<\/style>\n<figure class=\"wp-block-image size-full\"><a href=\"https:\/\/transinfo.pl\/wp-content\/uploads\/2023\/10\/bagaz-podreczny-parlament.jpg\"><img decoding=\"async\" src=\"https:\/\/transinfo.pl\/wp-content\/uploads\/2023\/10\/bagaz-podreczny-parlament.jpg\" alt=\"Parlament Europejski chce wprowadzi\u0107 ujednolicenie przepis\u00f3w dotycz\u0105cych baga\u017cu podr\u0119cznego w liniach lotniczych\" class=\"wp-image-447197\" \/><\/a><figcaption class=\"wp-element-caption\">fot. Facebook\/ Port Lotniczy Wroc\u0142aw<\/figcaption><\/figure>\n","protected":false},"author":2,"featured_media":258346,"comment_status":"","ping_status":"closed","template":"","categories":[24],"tags":[9189,3265,1806,763],"class_list":["post-258345","infoair","type-infoair","status-publish","has-post-thumbnail","hentry","category-prawo","tag-bagaz-podreczny","tag-linie-lotnicze","tag-parlament-europejski","tag-samolot"],"acf":[],"yoast_head":"<!-- This site is optimized with the Yoast SEO Premium plugin v21.8 (Yoast SEO v23.7) - https:\/\/yoast.com\/wordpress\/plugins\/seo\/ -->\n<title>Parlament Europejski: wprowadzi zmiany dot. baga\u017cu podr\u0119cznego - TransInfo Archiwum<\/title>\n<meta name=\"description\" content=\"Podkre\u015bla si\u0119 potrzeb\u0119 wprowadzenia jednolitych standard\u00f3w dotycz\u0105cych rozmiaru i cen baga\u017cu podr\u0119cznego przez linie lotnicze w UE.\" \/>\n<meta name=\"robots\" content=\"index, follow, max-snippet:-1, max-image-preview:large, max-video-preview:-1\" \/>\n<link rel=\"canonical\" href=\"https:\/\/transinfo.pl\/x\/infoair\/parlament-europejski-wprowadzi-zmiany-dot-bagazu-podrecznego\/\" \/>\n<meta property=\"og:locale\" content=\"pl_PL\" \/>\n<meta property=\"og:type\" content=\"article\" \/>\n<meta property=\"og:title\" content=\"Parlament Europejski: wprowadzi zmiany dot. baga\u017cu podr\u0119cznego\" \/>\n<meta property=\"og:description\" content=\"Podkre\u015bla si\u0119 potrzeb\u0119 wprowadzenia jednolitych standard\u00f3w dotycz\u0105cych rozmiaru i cen baga\u017cu podr\u0119cznego przez linie lotnicze w UE.\" \/>\n<meta property=\"og:url\" content=\"https:\/\/transinfo.pl\/x\/infoair\/parlament-europejski-wprowadzi-zmiany-dot-bagazu-podrecznego\/\" \/>\n<meta property=\"og:site_name\" content=\"TransInfo Archiwum\" \/>\n<meta property=\"og:image\" content=\"https:\/\/transinfo.pl\/x\/wp-content\/uploads\/2023\/10\/bagaz-podreczny-parlament-1.jpg\" \/>\n\t<meta property=\"og:image:width\" content=\"1\" \/>\n\t<meta property=\"og:image:height\" content=\"1\" \/>\n\t<meta property=\"og:image:type\" content=\"image\/jpeg\" \/>\n<meta name=\"twitter:card\" content=\"summary_large_image\" \/>\n<meta name=\"twitter:label1\" content=\"Szacowany czas czytania\" \/>\n\t<meta name=\"twitter:data1\" content=\"1 minuta\" \/>\n<script type=\"application\/ld+json\" class=\"yoast-schema-graph\">{\"@context\":\"https:\/\/schema.org\",\"@graph\":[{\"@type\":\"WebPage\",\"@id\":\"https:\/\/transinfo.pl\/x\/infoair\/parlament-europejski-wprowadzi-zmiany-dot-bagazu-podrecznego\/\",\"url\":\"https:\/\/transinfo.pl\/x\/infoair\/parlament-europejski-wprowadzi-zmiany-dot-bagazu-podrecznego\/\",\"name\":\"Parlament Europejski: wprowadzi zmiany dot. baga\u017cu podr\u0119cznego - TransInfo Archiwum\",\"isPartOf\":{\"@id\":\"https:\/\/transinfo.pl\/x\/#website\"},\"primaryImageOfPage\":{\"@id\":\"https:\/\/transinfo.pl\/x\/infoair\/parlament-europejski-wprowadzi-zmiany-dot-bagazu-podrecznego\/#primaryimage\"},\"image\":{\"@id\":\"https:\/\/transinfo.pl\/x\/infoair\/parlament-europejski-wprowadzi-zmiany-dot-bagazu-podrecznego\/#primaryimage\"},\"thumbnailUrl\":\"https:\/\/transinfo.pl\/x\/wp-content\/uploads\/2023\/10\/bagaz-podreczny-parlament-1.jpg\",\"datePublished\":\"2023-10-05T12:38:00+00:00\",\"dateModified\":\"2023-10-05T12:38:00+00:00\",\"description\":\"Podkre\u015bla si\u0119 potrzeb\u0119 wprowadzenia jednolitych standard\u00f3w dotycz\u0105cych rozmiaru i cen baga\u017cu podr\u0119cznego przez linie lotnicze w UE.\",\"breadcrumb\":{\"@id\":\"https:\/\/transinfo.pl\/x\/infoair\/parlament-europejski-wprowadzi-zmiany-dot-bagazu-podrecznego\/#breadcrumb\"},\"inLanguage\":\"pl-PL\",\"potentialAction\":[{\"@type\":\"ReadAction\",\"target\":[\"https:\/\/transinfo.pl\/x\/infoair\/parlament-europejski-wprowadzi-zmiany-dot-bagazu-podrecznego\/\"]}]},{\"@type\":\"ImageObject\",\"inLanguage\":\"pl-PL\",\"@id\":\"https:\/\/transinfo.pl\/x\/infoair\/parlament-europejski-wprowadzi-zmiany-dot-bagazu-podrecznego\/#primaryimage\",\"url\":\"https:\/\/transinfo.pl\/x\/wp-content\/uploads\/2023\/10\/bagaz-podreczny-parlament-1.jpg\",\"contentUrl\":\"https:\/\/transinfo.pl\/x\/wp-content\/uploads\/2023\/10\/bagaz-podreczny-parlament-1.jpg\"},{\"@type\":\"BreadcrumbList\",\"@id\":\"https:\/\/transinfo.pl\/x\/infoair\/parlament-europejski-wprowadzi-zmiany-dot-bagazu-podrecznego\/#breadcrumb\",\"itemListElement\":[{\"@type\":\"ListItem\",\"position\":1,\"name\":\"Home\",\"item\":\"https:\/\/transinfo.pl\/x\/\"},{\"@type\":\"ListItem\",\"position\":2,\"name\":\"Infoair\",\"item\":\"https:\/\/transinfo.pl\/x\/infoair\/\"},{\"@type\":\"ListItem\",\"position\":3,\"name\":\"Parlament Europejski: wprowadzi zmiany dot. baga\u017cu podr\u0119cznego\"}]},{\"@type\":\"WebSite\",\"@id\":\"https:\/\/transinfo.pl\/x\/#website\",\"url\":\"https:\/\/transinfo.pl\/x\/\",\"name\":\"TransInfo Archiwum\",\"description\":\"Ca\u0142y transport w jednym miejscu\",\"publisher\":{\"@id\":\"https:\/\/transinfo.pl\/x\/#organization\"},\"potentialAction\":[{\"@type\":\"SearchAction\",\"target\":{\"@type\":\"EntryPoint\",\"urlTemplate\":\"https:\/\/transinfo.pl\/x\/?s={search_term_string}\"},\"query-input\":{\"@type\":\"PropertyValueSpecification\",\"valueRequired\":true,\"valueName\":\"search_term_string\"}}],\"inLanguage\":\"pl-PL\"},{\"@type\":\"Organization\",\"@id\":\"https:\/\/transinfo.pl\/x\/#organization\",\"name\":\"TransInfo\",\"url\":\"https:\/\/transinfo.pl\/x\/\",\"logo\":{\"@type\":\"ImageObject\",\"inLanguage\":\"pl-PL\",\"@id\":\"https:\/\/transinfo.pl\/x\/#\/schema\/logo\/image\/\",\"url\":\"https:\/\/transinfo.pl\/x\/wp-content\/uploads\/2024\/10\/favicon.png\",\"contentUrl\":\"https:\/\/transinfo.pl\/x\/wp-content\/uploads\/2024\/10\/favicon.png\",\"width\":512,\"height\":512,\"caption\":\"TransInfo\"},\"image\":{\"@id\":\"https:\/\/transinfo.pl\/x\/#\/schema\/logo\/image\/\"}}]}<\/script>\n<!-- \/ Yoast SEO Premium plugin. -->","yoast_head_json":{"title":"Parlament Europejski: wprowadzi zmiany dot. baga\u017cu podr\u0119cznego - TransInfo Archiwum","description":"Podkre\u015bla si\u0119 potrzeb\u0119 wprowadzenia jednolitych standard\u00f3w dotycz\u0105cych rozmiaru i cen baga\u017cu podr\u0119cznego przez linie lotnicze w UE.","robots":{"index":"index","follow":"follow","max-snippet":"max-snippet:-1","max-image-preview":"max-image-preview:large","max-video-preview":"max-video-preview:-1"},"canonical":"https:\/\/transinfo.pl\/x\/infoair\/parlament-europejski-wprowadzi-zmiany-dot-bagazu-podrecznego\/","og_locale":"pl_PL","og_type":"article","og_title":"Parlament Europejski: wprowadzi zmiany dot. baga\u017cu podr\u0119cznego","og_description":"Podkre\u015bla si\u0119 potrzeb\u0119 wprowadzenia jednolitych standard\u00f3w dotycz\u0105cych rozmiaru i cen baga\u017cu podr\u0119cznego przez linie lotnicze w UE.","og_url":"https:\/\/transinfo.pl\/x\/infoair\/parlament-europejski-wprowadzi-zmiany-dot-bagazu-podrecznego\/","og_site_name":"TransInfo Archiwum","og_image":[{"url":"https:\/\/transinfo.pl\/x\/wp-content\/uploads\/2023\/10\/bagaz-podreczny-parlament-1.jpg","width":1,"height":1,"type":"image\/jpeg"}],"twitter_card":"summary_large_image","twitter_misc":{"Szacowany czas czytania":"1 minuta"},"schema":{"@context":"https:\/\/schema.org","@graph":[{"@type":"WebPage","@id":"https:\/\/transinfo.pl\/x\/infoair\/parlament-europejski-wprowadzi-zmiany-dot-bagazu-podrecznego\/","url":"https:\/\/transinfo.pl\/x\/infoair\/parlament-europejski-wprowadzi-zmiany-dot-bagazu-podrecznego\/","name":"Parlament Europejski: wprowadzi zmiany dot. baga\u017cu podr\u0119cznego - TransInfo Archiwum","isPartOf":{"@id":"https:\/\/transinfo.pl\/x\/#website"},"primaryImageOfPage":{"@id":"https:\/\/transinfo.pl\/x\/infoair\/parlament-europejski-wprowadzi-zmiany-dot-bagazu-podrecznego\/#primaryimage"},"image":{"@id":"https:\/\/transinfo.pl\/x\/infoair\/parlament-europejski-wprowadzi-zmiany-dot-bagazu-podrecznego\/#primaryimage"},"thumbnailUrl":"https:\/\/transinfo.pl\/x\/wp-content\/uploads\/2023\/10\/bagaz-podreczny-parlament-1.jpg","datePublished":"2023-10-05T12:38:00+00:00","dateModified":"2023-10-05T12:38:00+00:00","description":"Podkre\u015bla si\u0119 potrzeb\u0119 wprowadzenia jednolitych standard\u00f3w dotycz\u0105cych rozmiaru i cen baga\u017cu podr\u0119cznego przez linie lotnicze w UE.","breadcrumb":{"@id":"https:\/\/transinfo.pl\/x\/infoair\/parlament-europejski-wprowadzi-zmiany-dot-bagazu-podrecznego\/#breadcrumb"},"inLanguage":"pl-PL","potentialAction":[{"@type":"ReadAction","target":["https:\/\/transinfo.pl\/x\/infoair\/parlament-europejski-wprowadzi-zmiany-dot-bagazu-podrecznego\/"]}]},{"@type":"ImageObject","inLanguage":"pl-PL","@id":"https:\/\/transinfo.pl\/x\/infoair\/parlament-europejski-wprowadzi-zmiany-dot-bagazu-podrecznego\/#primaryimage","url":"https:\/\/transinfo.pl\/x\/wp-content\/uploads\/2023\/10\/bagaz-podreczny-parlament-1.jpg","contentUrl":"https:\/\/transinfo.pl\/x\/wp-content\/uploads\/2023\/10\/bagaz-podreczny-parlament-1.jpg"},{"@type":"BreadcrumbList","@id":"https:\/\/transinfo.pl\/x\/infoair\/parlament-europejski-wprowadzi-zmiany-dot-bagazu-podrecznego\/#breadcrumb","itemListElement":[{"@type":"ListItem","position":1,"name":"Home","item":"https:\/\/transinfo.pl\/x\/"},{"@type":"ListItem","position":2,"name":"Infoair","item":"https:\/\/transinfo.pl\/x\/infoair\/"},{"@type":"ListItem","position":3,"name":"Parlament Europejski: wprowadzi zmiany dot. baga\u017cu podr\u0119cznego"}]},{"@type":"WebSite","@id":"https:\/\/transinfo.pl\/x\/#website","url":"https:\/\/transinfo.pl\/x\/","name":"TransInfo Archiwum","description":"Ca\u0142y transport w jednym miejscu","publisher":{"@id":"https:\/\/transinfo.pl\/x\/#organization"},"potentialAction":[{"@type":"SearchAction","target":{"@type":"EntryPoint","urlTemplate":"https:\/\/transinfo.pl\/x\/?s={search_term_string}"},"query-input":{"@type":"PropertyValueSpecification","valueRequired":true,"valueName":"search_term_string"}}],"inLanguage":"pl-PL"},{"@type":"Organization","@id":"https:\/\/transinfo.pl\/x\/#organization","name":"TransInfo","url":"https:\/\/transinfo.pl\/x\/","logo":{"@type":"ImageObject","inLanguage":"pl-PL","@id":"https:\/\/transinfo.pl\/x\/#\/schema\/logo\/image\/","url":"https:\/\/transinfo.pl\/x\/wp-content\/uploads\/2024\/10\/favicon.png","contentUrl":"https:\/\/transinfo.pl\/x\/wp-content\/uploads\/2024\/10\/favicon.png","width":512,"height":512,"caption":"TransInfo"},"image":{"@id":"https:\/\/transinfo.pl\/x\/#\/schema\/logo\/image\/"}}]}},"_links":{"self":[{"href":"https:\/\/transinfo.pl\/x\/wp-json\/wp\/v2\/infoair\/258345","targetHints":{"allow":["GET"]}}],"collection":[{"href":"https:\/\/transinfo.pl\/x\/wp-json\/wp\/v2\/infoair"}],"about":[{"href":"https:\/\/transinfo.pl\/x\/wp-json\/wp\/v2\/types\/infoair"}],"author":[{"embeddable":true,"href":"https:\/\/transinfo.pl\/x\/wp-json\/wp\/v2\/users\/2"}],"replies":[{"embeddable":true,"href":"https:\/\/transinfo.pl\/x\/wp-json\/wp\/v2\/comments?post=258345"}],"wp:featuredmedia":[{"embeddable":true,"href":"https:\/\/transinfo.pl\/x\/wp-json\/wp\/v2\/media\/258346"}],"wp:attachment":[{"href":"https:\/\/transinfo.pl\/x\/wp-json\/wp\/v2\/media?parent=258345"}],"wp:term":[{"taxonomy":"category","embeddable":true,"href":"https:\/\/transinfo.pl\/x\/wp-json\/wp\/v2\/categories?post=258345"},{"taxonomy":"post_tag","embeddable":true,"href":"https:\/\/transinfo.pl\/x\/wp-json\/wp\/v2\/tags?post=258345"}],"curies":[{"name":"wp","href":"https:\/\/api.w.org\/{rel}","templated":true}]}}