{"id":256387,"date":"2023-08-13T08:37:35","date_gmt":"2023-08-13T08:37:35","guid":{"rendered":"https:\/\/transinfo.pl\/x\/infoair\/wysokie-ceny-lotow-we-wloszech-komisja-europejska-zada-wyjasnien\/"},"modified":"2023-08-13T08:37:35","modified_gmt":"2023-08-13T08:37:35","slug":"wysokie-ceny-lotow-we-wloszech-komisja-europejska-zada-wyjasnien","status":"publish","type":"infoair","link":"https:\/\/transinfo.pl\/x\/infoair\/wysokie-ceny-lotow-we-wloszech-komisja-europejska-zada-wyjasnien\/","title":{"rendered":"Wysokie ceny lot\u00f3w we W\u0142oszech, Komisja Europejska \u017c\u0105da wyja\u015bnie\u0144"},"content":{"rendered":"<style>h1,h2,h3,h4,h5,h6{margin:0 0 1.25rem;font-family:Arial,sans-serif;font-weight:600;color:#050505}h1{font-size:1.875rem;line-height:1.1em;text-transform:none}@media(min-width: 768px){h1{font-size:2.375rem}}h2{font-size:1.1875rem;line-height:1.2em;text-transform:uppercase}@media(min-width: 768px){h2{font-size:1.0625rem}}h3{font-size:0.9375rem;line-height:1.4em;font-weight:900;margin-bottom:0.9375rem}h4{font-size:0.875rem;line-height:1.2em;font-weight:500}h5{font-size:0.9375rem;line-height:1.6;font-weight:400}h6{font-size:0.9375rem;line-height:1.6;font-weight:600}\n<\/style>\n<h3 class=\"wp-block-heading\" id=\"h-komisja-europejska-zazadala-od-wloch-wyjasnien-dotyczacych-strategii-przeciwdzialania-wysokim-cenom-lotow-pomiedzy-wloskimi-wyspami-a-glownym-ladem-linie-lotnicze-twierdza-ze-taka-inicjatywa-moze-stanowic-naruszenie-regulacji-unii-europejskiej-donosi-serwis-politico\">Komisja Europejska za\u017c\u0105da\u0142a od W\u0142och wyja\u015bnie\u0144 dotycz\u0105cych strategii przeciwdzia\u0142ania wysokim cenom lot\u00f3w pomi\u0119dzy w\u0142oskimi wyspami a g\u0142\u00f3wnym l\u0105dem. Linie lotnicze twierdz\u0105, \u017ce taka inicjatywa mo\u017ce stanowi\u0107 naruszenie regulacji Unii Europejskiej &#8211; donosi serwis Politico.<\/h3>\n\n\n<style>p{margin:0 0 1.5rem}p:last-child{margin:0}p.is-style-uppercase{text-transform:uppercase}p.is-style-preheading{color:#12406a;text-transform:uppercase}p.is-style-leadparagraph{font-size:1rem;line-height:1.625;font-weight:700}@media(min-width: 768px){p.is-style-leadparagraph{font-size:1.125rem;line-height:1.5555555556}}p.has-small-margin{margin-bottom:0.625rem}p.has-small-margin+h1,p.has-small-margin+h2,p.has-small-margin+h3{margin-top:1.875rem}\n<\/style>\n<p>W\u0142oski rz\u0105d Giorgii Meloni zatwierdzi\u0142 w poniedzia\u0142ek metod\u0119 ustalania cen lot\u00f3w przez linie lotnicze. W praktyce zabrania ona liniom lotniczym podnoszenia cen lot\u00f3w mi\u0119dzy kontynentem a Sycyli\u0105 lub Sardyni\u0105 o wi\u0119cej ni\u017c 200 procent \u015bredniej ceny lotu \u2013 chocia\u017c nie jest jasne, co liczy\u0142oby si\u0119 jako \u201e\u015brednia cena\u201d. Decyzja pojawia si\u0119 po gwa\u0142townym wzro\u015bcie cen bilet\u00f3w tanich przewo\u017anik\u00f3w na obie wyspy.<\/p>\n\n\n\n<p>Linie lotnicze zareagowa\u0142y &#8222;w\u015bciekle&#8221; na ruch Rzymu, a dyrektor generalny Ryanair, Eddie Wilson, nazwa\u0142 go \u201enielegalnym\u201d, informuje Politico.<\/p>\n\n\n<style>.wp-block-quote{border-left:0.1875rem solid var(--page-color);font-size:1rem;font-style:italic;margin:0 0 1.6875rem;padding:1.25rem}.wp-block-quote cite{color:#050505}.wp-block-quote.is-style-large p{margin-bottom:10px}.wp-block-quote.is-style-large cite{color:#12406a}\n<\/style>\n<blockquote class=\"wp-block-quote is-layout-flow wp-block-quote-is-layout-flow\">\n<p>\u201eTo niedorzeczne, nielegalne i koliduje z wolnym rynkiem, zgodnie z prawem europejskim\u201d \u2013 powiedzia\u0142 Wilson agencji ANSA w \u015brod\u0119. \u201eTo musi by\u0107 odwo\u0142ane\u201d &#8211; doda\u0142.<\/p>\n<\/blockquote>\n\n\n\n<p>Rzecznik Komisji Europejskiej powiedzia\u0142 Politico, \u017ce Komisja skontaktowa\u0142a si\u0119 z w\u0142adzami w\u0142oskimi i spodziewa si\u0119 otrzyma\u0107 \u201ebardziej szczeg\u00f3\u0142owe informacje na temat dok\u0142adnej tre\u015bci przedmiotowego \u015brodka\u201d.<\/p>\n\n\n\n<p>Chocia\u017c rzecznik powiedzia\u0142, \u017ce Komisja popiera dzia\u0142ania poprawiaj\u0105ce \u0142\u0105czno\u015b\u0107 po przyst\u0119pnych cenach, to \u201ezr\u00f3wnowa\u017cona konkurencja z swobodnym ustalaniem cen jest zwykle najlepszym gwarantem przyst\u0119pnych cen\u201d.<\/p>\n\n\n\n<p>Tylko w okre\u015blonych przypadkach, na przyk\u0142ad podr\u00f3\u017cy do odleg\u0142ych region\u00f3w, kt\u00f3re nie przynosz\u0105 liniom lotniczym wystarczaj\u0105cych zysk\u00f3w, aby by\u0107 rentownymi, prawo UE warunkowo zezwala na regulacj\u0119 cen.<\/p>\n\n\n<style>.wp-block-image{margin:1.25rem 0;text-align:center}.wp-block-image figcaption{padding:0 0.9375rem;text-align:center}\n<\/style>\n<figure class=\"wp-block-image size-full\"><a href=\"https:\/\/transinfo.pl\/wp-content\/uploads\/2023\/08\/277505850_343423011159346_5317098628891775803_n.jpg\"><img decoding=\"async\" src=\"https:\/\/transinfo.pl\/wp-content\/uploads\/2023\/08\/277505850_343423011159346_5317098628891775803_n.jpg\" alt=\"\" class=\"wp-image-440509\" \/><\/a><figcaption class=\"wp-element-caption\">fot. Palazzo Chigi &#8211; Presidenza del Consiglio dei Ministri<\/figcaption><\/figure>\n","protected":false},"author":2,"featured_media":256388,"comment_status":"","ping_status":"closed","template":"","categories":[24],"tags":[795,1050,763,331],"class_list":["post-256387","infoair","type-infoair","status-publish","has-post-thumbnail","hentry","category-prawo","tag-bilet","tag-komisja-europejska","tag-samolot","tag-wlochy"],"acf":[],"yoast_head":"<!-- This site is optimized with the Yoast SEO Premium plugin v21.8 (Yoast SEO v23.7) - https:\/\/yoast.com\/wordpress\/plugins\/seo\/ -->\n<title>Wysokie ceny lot\u00f3w we W\u0142oszech, Komisja Europejska \u017c\u0105da wyja\u015bnie\u0144 - TransInfo Archiwum<\/title>\n<meta name=\"description\" content=\"Komisja Europejska za\u017c\u0105da\u0142a od W\u0142och wyja\u015bnie\u0144 dotycz\u0105cych strategii przeciwdzia\u0142ania wysokim cenom lot\u00f3w domowych\" \/>\n<meta name=\"robots\" content=\"index, follow, max-snippet:-1, max-image-preview:large, max-video-preview:-1\" \/>\n<link rel=\"canonical\" href=\"https:\/\/transinfo.pl\/x\/infoair\/wysokie-ceny-lotow-we-wloszech-komisja-europejska-zada-wyjasnien\/\" \/>\n<meta property=\"og:locale\" content=\"pl_PL\" \/>\n<meta property=\"og:type\" content=\"article\" \/>\n<meta property=\"og:title\" content=\"Wysokie ceny lot\u00f3w we W\u0142oszech, Komisja Europejska \u017c\u0105da wyja\u015bnie\u0144\" \/>\n<meta property=\"og:description\" content=\"Komisja Europejska za\u017c\u0105da\u0142a od W\u0142och wyja\u015bnie\u0144 dotycz\u0105cych strategii przeciwdzia\u0142ania wysokim cenom lot\u00f3w domowych\" \/>\n<meta property=\"og:url\" content=\"https:\/\/transinfo.pl\/x\/infoair\/wysokie-ceny-lotow-we-wloszech-komisja-europejska-zada-wyjasnien\/\" \/>\n<meta property=\"og:site_name\" content=\"TransInfo Archiwum\" \/>\n<meta property=\"og:image\" content=\"https:\/\/transinfo.pl\/x\/wp-content\/uploads\/2023\/08\/277505850_343423011159346_5317098628891775803_n-1.jpg\" \/>\n\t<meta property=\"og:image:width\" content=\"1\" \/>\n\t<meta property=\"og:image:height\" content=\"1\" \/>\n\t<meta property=\"og:image:type\" content=\"image\/jpeg\" \/>\n<meta name=\"twitter:card\" content=\"summary_large_image\" \/>\n<meta name=\"twitter:label1\" content=\"Szacowany czas czytania\" \/>\n\t<meta name=\"twitter:data1\" content=\"1 minuta\" \/>\n<script type=\"application\/ld+json\" class=\"yoast-schema-graph\">{\"@context\":\"https:\/\/schema.org\",\"@graph\":[{\"@type\":\"WebPage\",\"@id\":\"https:\/\/transinfo.pl\/x\/infoair\/wysokie-ceny-lotow-we-wloszech-komisja-europejska-zada-wyjasnien\/\",\"url\":\"https:\/\/transinfo.pl\/x\/infoair\/wysokie-ceny-lotow-we-wloszech-komisja-europejska-zada-wyjasnien\/\",\"name\":\"Wysokie ceny lot\u00f3w we W\u0142oszech, Komisja Europejska \u017c\u0105da wyja\u015bnie\u0144 - TransInfo Archiwum\",\"isPartOf\":{\"@id\":\"https:\/\/transinfo.pl\/x\/#website\"},\"primaryImageOfPage\":{\"@id\":\"https:\/\/transinfo.pl\/x\/infoair\/wysokie-ceny-lotow-we-wloszech-komisja-europejska-zada-wyjasnien\/#primaryimage\"},\"image\":{\"@id\":\"https:\/\/transinfo.pl\/x\/infoair\/wysokie-ceny-lotow-we-wloszech-komisja-europejska-zada-wyjasnien\/#primaryimage\"},\"thumbnailUrl\":\"https:\/\/transinfo.pl\/x\/wp-content\/uploads\/2023\/08\/277505850_343423011159346_5317098628891775803_n-1.jpg\",\"datePublished\":\"2023-08-13T08:37:35+00:00\",\"dateModified\":\"2023-08-13T08:37:35+00:00\",\"description\":\"Komisja Europejska za\u017c\u0105da\u0142a od W\u0142och wyja\u015bnie\u0144 dotycz\u0105cych strategii przeciwdzia\u0142ania wysokim cenom lot\u00f3w domowych\",\"breadcrumb\":{\"@id\":\"https:\/\/transinfo.pl\/x\/infoair\/wysokie-ceny-lotow-we-wloszech-komisja-europejska-zada-wyjasnien\/#breadcrumb\"},\"inLanguage\":\"pl-PL\",\"potentialAction\":[{\"@type\":\"ReadAction\",\"target\":[\"https:\/\/transinfo.pl\/x\/infoair\/wysokie-ceny-lotow-we-wloszech-komisja-europejska-zada-wyjasnien\/\"]}]},{\"@type\":\"ImageObject\",\"inLanguage\":\"pl-PL\",\"@id\":\"https:\/\/transinfo.pl\/x\/infoair\/wysokie-ceny-lotow-we-wloszech-komisja-europejska-zada-wyjasnien\/#primaryimage\",\"url\":\"https:\/\/transinfo.pl\/x\/wp-content\/uploads\/2023\/08\/277505850_343423011159346_5317098628891775803_n-1.jpg\",\"contentUrl\":\"https:\/\/transinfo.pl\/x\/wp-content\/uploads\/2023\/08\/277505850_343423011159346_5317098628891775803_n-1.jpg\"},{\"@type\":\"BreadcrumbList\",\"@id\":\"https:\/\/transinfo.pl\/x\/infoair\/wysokie-ceny-lotow-we-wloszech-komisja-europejska-zada-wyjasnien\/#breadcrumb\",\"itemListElement\":[{\"@type\":\"ListItem\",\"position\":1,\"name\":\"Home\",\"item\":\"https:\/\/transinfo.pl\/x\/\"},{\"@type\":\"ListItem\",\"position\":2,\"name\":\"Infoair\",\"item\":\"https:\/\/transinfo.pl\/x\/infoair\/\"},{\"@type\":\"ListItem\",\"position\":3,\"name\":\"Wysokie ceny lot\u00f3w we W\u0142oszech, Komisja Europejska \u017c\u0105da wyja\u015bnie\u0144\"}]},{\"@type\":\"WebSite\",\"@id\":\"https:\/\/transinfo.pl\/x\/#website\",\"url\":\"https:\/\/transinfo.pl\/x\/\",\"name\":\"TransInfo Archiwum\",\"description\":\"Ca\u0142y transport w jednym miejscu\",\"publisher\":{\"@id\":\"https:\/\/transinfo.pl\/x\/#organization\"},\"potentialAction\":[{\"@type\":\"SearchAction\",\"target\":{\"@type\":\"EntryPoint\",\"urlTemplate\":\"https:\/\/transinfo.pl\/x\/?s={search_term_string}\"},\"query-input\":{\"@type\":\"PropertyValueSpecification\",\"valueRequired\":true,\"valueName\":\"search_term_string\"}}],\"inLanguage\":\"pl-PL\"},{\"@type\":\"Organization\",\"@id\":\"https:\/\/transinfo.pl\/x\/#organization\",\"name\":\"TransInfo\",\"url\":\"https:\/\/transinfo.pl\/x\/\",\"logo\":{\"@type\":\"ImageObject\",\"inLanguage\":\"pl-PL\",\"@id\":\"https:\/\/transinfo.pl\/x\/#\/schema\/logo\/image\/\",\"url\":\"https:\/\/transinfo.pl\/x\/wp-content\/uploads\/2024\/10\/favicon.png\",\"contentUrl\":\"https:\/\/transinfo.pl\/x\/wp-content\/uploads\/2024\/10\/favicon.png\",\"width\":512,\"height\":512,\"caption\":\"TransInfo\"},\"image\":{\"@id\":\"https:\/\/transinfo.pl\/x\/#\/schema\/logo\/image\/\"}}]}<\/script>\n<!-- \/ Yoast SEO Premium plugin. -->","yoast_head_json":{"title":"Wysokie ceny lot\u00f3w we W\u0142oszech, Komisja Europejska \u017c\u0105da wyja\u015bnie\u0144 - TransInfo Archiwum","description":"Komisja Europejska za\u017c\u0105da\u0142a od W\u0142och wyja\u015bnie\u0144 dotycz\u0105cych strategii przeciwdzia\u0142ania wysokim cenom lot\u00f3w domowych","robots":{"index":"index","follow":"follow","max-snippet":"max-snippet:-1","max-image-preview":"max-image-preview:large","max-video-preview":"max-video-preview:-1"},"canonical":"https:\/\/transinfo.pl\/x\/infoair\/wysokie-ceny-lotow-we-wloszech-komisja-europejska-zada-wyjasnien\/","og_locale":"pl_PL","og_type":"article","og_title":"Wysokie ceny lot\u00f3w we W\u0142oszech, Komisja Europejska \u017c\u0105da wyja\u015bnie\u0144","og_description":"Komisja Europejska za\u017c\u0105da\u0142a od W\u0142och wyja\u015bnie\u0144 dotycz\u0105cych strategii przeciwdzia\u0142ania wysokim cenom lot\u00f3w domowych","og_url":"https:\/\/transinfo.pl\/x\/infoair\/wysokie-ceny-lotow-we-wloszech-komisja-europejska-zada-wyjasnien\/","og_site_name":"TransInfo Archiwum","og_image":[{"url":"https:\/\/transinfo.pl\/x\/wp-content\/uploads\/2023\/08\/277505850_343423011159346_5317098628891775803_n-1.jpg","width":1,"height":1,"type":"image\/jpeg"}],"twitter_card":"summary_large_image","twitter_misc":{"Szacowany czas czytania":"1 minuta"},"schema":{"@context":"https:\/\/schema.org","@graph":[{"@type":"WebPage","@id":"https:\/\/transinfo.pl\/x\/infoair\/wysokie-ceny-lotow-we-wloszech-komisja-europejska-zada-wyjasnien\/","url":"https:\/\/transinfo.pl\/x\/infoair\/wysokie-ceny-lotow-we-wloszech-komisja-europejska-zada-wyjasnien\/","name":"Wysokie ceny lot\u00f3w we W\u0142oszech, Komisja Europejska \u017c\u0105da wyja\u015bnie\u0144 - TransInfo Archiwum","isPartOf":{"@id":"https:\/\/transinfo.pl\/x\/#website"},"primaryImageOfPage":{"@id":"https:\/\/transinfo.pl\/x\/infoair\/wysokie-ceny-lotow-we-wloszech-komisja-europejska-zada-wyjasnien\/#primaryimage"},"image":{"@id":"https:\/\/transinfo.pl\/x\/infoair\/wysokie-ceny-lotow-we-wloszech-komisja-europejska-zada-wyjasnien\/#primaryimage"},"thumbnailUrl":"https:\/\/transinfo.pl\/x\/wp-content\/uploads\/2023\/08\/277505850_343423011159346_5317098628891775803_n-1.jpg","datePublished":"2023-08-13T08:37:35+00:00","dateModified":"2023-08-13T08:37:35+00:00","description":"Komisja Europejska za\u017c\u0105da\u0142a od W\u0142och wyja\u015bnie\u0144 dotycz\u0105cych strategii przeciwdzia\u0142ania wysokim cenom lot\u00f3w domowych","breadcrumb":{"@id":"https:\/\/transinfo.pl\/x\/infoair\/wysokie-ceny-lotow-we-wloszech-komisja-europejska-zada-wyjasnien\/#breadcrumb"},"inLanguage":"pl-PL","potentialAction":[{"@type":"ReadAction","target":["https:\/\/transinfo.pl\/x\/infoair\/wysokie-ceny-lotow-we-wloszech-komisja-europejska-zada-wyjasnien\/"]}]},{"@type":"ImageObject","inLanguage":"pl-PL","@id":"https:\/\/transinfo.pl\/x\/infoair\/wysokie-ceny-lotow-we-wloszech-komisja-europejska-zada-wyjasnien\/#primaryimage","url":"https:\/\/transinfo.pl\/x\/wp-content\/uploads\/2023\/08\/277505850_343423011159346_5317098628891775803_n-1.jpg","contentUrl":"https:\/\/transinfo.pl\/x\/wp-content\/uploads\/2023\/08\/277505850_343423011159346_5317098628891775803_n-1.jpg"},{"@type":"BreadcrumbList","@id":"https:\/\/transinfo.pl\/x\/infoair\/wysokie-ceny-lotow-we-wloszech-komisja-europejska-zada-wyjasnien\/#breadcrumb","itemListElement":[{"@type":"ListItem","position":1,"name":"Home","item":"https:\/\/transinfo.pl\/x\/"},{"@type":"ListItem","position":2,"name":"Infoair","item":"https:\/\/transinfo.pl\/x\/infoair\/"},{"@type":"ListItem","position":3,"name":"Wysokie ceny lot\u00f3w we W\u0142oszech, Komisja Europejska \u017c\u0105da wyja\u015bnie\u0144"}]},{"@type":"WebSite","@id":"https:\/\/transinfo.pl\/x\/#website","url":"https:\/\/transinfo.pl\/x\/","name":"TransInfo Archiwum","description":"Ca\u0142y transport w jednym miejscu","publisher":{"@id":"https:\/\/transinfo.pl\/x\/#organization"},"potentialAction":[{"@type":"SearchAction","target":{"@type":"EntryPoint","urlTemplate":"https:\/\/transinfo.pl\/x\/?s={search_term_string}"},"query-input":{"@type":"PropertyValueSpecification","valueRequired":true,"valueName":"search_term_string"}}],"inLanguage":"pl-PL"},{"@type":"Organization","@id":"https:\/\/transinfo.pl\/x\/#organization","name":"TransInfo","url":"https:\/\/transinfo.pl\/x\/","logo":{"@type":"ImageObject","inLanguage":"pl-PL","@id":"https:\/\/transinfo.pl\/x\/#\/schema\/logo\/image\/","url":"https:\/\/transinfo.pl\/x\/wp-content\/uploads\/2024\/10\/favicon.png","contentUrl":"https:\/\/transinfo.pl\/x\/wp-content\/uploads\/2024\/10\/favicon.png","width":512,"height":512,"caption":"TransInfo"},"image":{"@id":"https:\/\/transinfo.pl\/x\/#\/schema\/logo\/image\/"}}]}},"_links":{"self":[{"href":"https:\/\/transinfo.pl\/x\/wp-json\/wp\/v2\/infoair\/256387","targetHints":{"allow":["GET"]}}],"collection":[{"href":"https:\/\/transinfo.pl\/x\/wp-json\/wp\/v2\/infoair"}],"about":[{"href":"https:\/\/transinfo.pl\/x\/wp-json\/wp\/v2\/types\/infoair"}],"author":[{"embeddable":true,"href":"https:\/\/transinfo.pl\/x\/wp-json\/wp\/v2\/users\/2"}],"replies":[{"embeddable":true,"href":"https:\/\/transinfo.pl\/x\/wp-json\/wp\/v2\/comments?post=256387"}],"wp:featuredmedia":[{"embeddable":true,"href":"https:\/\/transinfo.pl\/x\/wp-json\/wp\/v2\/media\/256388"}],"wp:attachment":[{"href":"https:\/\/transinfo.pl\/x\/wp-json\/wp\/v2\/media?parent=256387"}],"wp:term":[{"taxonomy":"category","embeddable":true,"href":"https:\/\/transinfo.pl\/x\/wp-json\/wp\/v2\/categories?post=256387"},{"taxonomy":"post_tag","embeddable":true,"href":"https:\/\/transinfo.pl\/x\/wp-json\/wp\/v2\/tags?post=256387"}],"curies":[{"name":"wp","href":"https:\/\/api.w.org\/{rel}","templated":true}]}}