{"id":256312,"date":"2023-08-10T16:34:00","date_gmt":"2023-08-10T16:34:00","guid":{"rendered":"https:\/\/transinfo.pl\/x\/infoair\/nowe-ubezpieczenie-za-zgubiony-i-opozniony-bagaz-od-airhelp\/"},"modified":"2023-08-10T16:34:00","modified_gmt":"2023-08-10T16:34:00","slug":"nowe-ubezpieczenie-za-zgubiony-i-opozniony-bagaz-od-airhelp","status":"publish","type":"infoair","link":"https:\/\/transinfo.pl\/x\/infoair\/nowe-ubezpieczenie-za-zgubiony-i-opozniony-bagaz-od-airhelp\/","title":{"rendered":"Nowe ubezpieczenie za zgubiony i op\u00f3\u017aniony baga\u017c od AirHelp"},"content":{"rendered":"<style>h1,h2,h3,h4,h5,h6{margin:0 0 1.25rem;font-family:Arial,sans-serif;font-weight:600;color:#050505}h1{font-size:1.875rem;line-height:1.1em;text-transform:none}@media(min-width: 768px){h1{font-size:2.375rem}}h2{font-size:1.1875rem;line-height:1.2em;text-transform:uppercase}@media(min-width: 768px){h2{font-size:1.0625rem}}h3{font-size:0.9375rem;line-height:1.4em;font-weight:900;margin-bottom:0.9375rem}h4{font-size:0.875rem;line-height:1.2em;font-weight:500}h5{font-size:0.9375rem;line-height:1.6;font-weight:400}h6{font-size:0.9375rem;line-height:1.6;font-weight:600}\n<\/style>\n<h3 class=\"wp-block-heading\" id=\"h-airhelp-wprowadza-kolejne-ubezpieczenie-zabezpieczajace-prawa-polskich-pasazerow-150-euro-za-kazdy-zagubiony-lub-opozniony-bagaz\">AirHelp wprowadza kolejne ubezpieczenie zabezpieczaj\u0105ce prawa polskich pasa\u017cer\u00f3w, 150 euro za ka\u017cdy zagubiony lub op\u00f3\u017aniony baga\u017c<\/h3>\n\n\n<style>p{margin:0 0 1.5rem}p:last-child{margin:0}p.is-style-uppercase{text-transform:uppercase}p.is-style-preheading{color:#12406a;text-transform:uppercase}p.is-style-leadparagraph{font-size:1rem;line-height:1.625;font-weight:700}@media(min-width: 768px){p.is-style-leadparagraph{font-size:1.125rem;line-height:1.5555555556}}p.has-small-margin{margin-bottom:0.625rem}p.has-small-margin+h1,p.has-small-margin+h2,p.has-small-margin+h3{margin-top:1.875rem}\n<\/style>\n<p><br>Warszawa, 09.08.2023. W szczycie sezonu letnich podr\u00f3\u017cy lotniczych i masowych problem\u00f3w na lotniskach, AirHelp wprowadza kolejne ubezpieczenie chroni\u0105ce prawa pasa\u017cer\u00f3w. W ramach AirLuggage podr\u00f3\u017cuj\u0105cy automatycznie, w ci\u0105gu kilku dni dostaj\u0105 odszkodowanie w przypadku zagubienia, op\u00f3\u017anienia lub uszkodzenia ich baga\u017cu. Jest ono wyp\u0142acane niezale\u017cnie od rekompensaty, kt\u00f3r\u0105 otrzymuj\u0105 od linii lotniczych w zwi\u0105zku z op\u00f3\u017anionym lub odwo\u0142anym lotem.<\/p>\n\n\n\n<p><br>AirLuggage chroni pasa\u017cer\u00f3w przed zak\u0142\u00f3ceniami zwi\u0105zanymi z baga\u017cem \u2013 uzyskuj\u0105 oni 150 euro rekompensaty za ka\u017cd\u0105 sztuk\u0119 baga\u017cu rejestrowanego, kt\u00f3ra zostanie zagubiona lub dotrze do miejsca docelowego z op\u00f3\u017anieniem. Obejmuje ona maksymalnie 4 sztuki baga\u017cu rejestrowanego odprawione na nazwisko pasa\u017cera.<\/p>\n\n\n\n<p><br>Odszkodowanie trafia na konto pasa\u017cera w ci\u0105gu pi\u0119ciu dni roboczych, przy czym podr\u00f3\u017cuj\u0105cy nie musz\u0105 nawet uzasadnia\u0107, co znajdowa\u0142o si\u0119 w ich baga\u017cu. Wystarczy, \u017ce podadz\u0105 numer raportu PIR (Raport Niezgodno\u015bci W\u0142asno\u015bci), kt\u00f3ry otrzymaj\u0105 w punkcie zg\u0142aszania zagubionego baga\u017cu.<\/p>\n\n\n<style>.wp-block-quote{border-left:0.1875rem solid var(--page-color);font-size:1rem;font-style:italic;margin:0 0 1.6875rem;padding:1.25rem}.wp-block-quote cite{color:#050505}.wp-block-quote.is-style-large p{margin-bottom:10px}.wp-block-quote.is-style-large cite{color:#12406a}\n<\/style>\n<blockquote class=\"wp-block-quote is-layout-flow wp-block-quote-is-layout-flow\">\n<p><br>\u2013 Je\u015bli tylko baga\u017c rejestrowany nie dotrze do miejsca docelowego, podr\u00f3\u017cuj\u0105cy powinni uda\u0107 si\u0119 do punktu zg\u0142aszania zagubionego baga\u017cu na lotnisku i poprosi\u0107 o numer Raportu Niezgodno\u015bci W\u0142asno\u015bci. Podaj\u0105 go kontaktuj\u0105c si\u0119 z nami, co jest podstaw\u0105 do wyp\u0142aty odszkodowania. W ci\u0105gu pi\u0119ciu dni przekazujemy odszkodowanie na konto wskazane przez klient\u00f3w \u2013 i to niezale\u017cnie od tego, jak szybko zostanie znaleziony ich baga\u017c \u2013 t\u0142umaczy Tomasz Pawliszyn, CEO AirHelp.<\/p>\n<\/blockquote>\n\n\n\n<blockquote class=\"wp-block-quote is-layout-flow wp-block-quote-is-layout-flow\">\n<p><br>\u2013 Zapewniamy pasa\u017cerom pe\u0142ne wsparcie i ochron\u0119. Na ka\u017cdym etapie swojej podr\u00f3\u017cy, na czacie mog\u0105 korzysta\u0107 z pomocy i wsparcia ekspert\u00f3w AirHelp. W ka\u017cdej chwili mog\u0105 sprawdzi\u0107, czy ich lot kwalifikuje si\u0119 do odszkodowania, a nast\u0119pnie ubiega\u0107 si\u0119 o odszkodowanie za op\u00f3\u017anione, odwo\u0142ane i przepe\u0142nione loty. Elementem tego pakietu jest tak\u017ce ubezpieczenie AirPayout podr\u00f3\u017ce, kt\u00f3re niedawno wprowadzili\u015bmy. Dodatkowo, posiadacze Pakietu Complete mog\u0105 korzysta\u0107 z ponad 1100 luksusowych poczekalni lotniskowych na ca\u0142ym \u015bwiecie, je\u015bli ich lot zostanie zak\u0142\u00f3cony \u2013 uzupe\u0142nia Tomasz Pawliszyn.<\/p>\n<\/blockquote>\n\n\n\n<p><br>Wprowadzone niedawno ubezpieczenie AirHelp Plus jest dodatkow\u0105 rekompensat\u0105 dla podr\u00f3\u017cuj\u0105cych za niedogodno\u015bci. W sytuacji, je\u015bli jakikolwiek lot w ramach podr\u00f3\u017cy jest op\u00f3\u017aniony o ponad trzy godziny lub odwo\u0142any (na mniej ni\u017c siedem dni przed odlotem) b\u0105d\u017a te\u017c przekierowany, podr\u00f3\u017cuj\u0105cy z ubezpieczeniem AirPayout, automatycznie w ci\u0105gu pi\u0119ciu dni roboczych otrzymuj\u0105 100 euro. Jednocze\u015bnie, nadal maj\u0105 prawo ubiega\u0107 si\u0119 o pe\u0142n\u0105 kwot\u0119 odszkodowania wynikaj\u0105c\u0105 z zak\u0142\u00f3ce\u0144 lot\u00f3w, zgodnie z obowi\u0105zuj\u0105cymi regulacjami.<\/p>\n\n\n\n<p><br>Ze statystyk AirHelp wynika, \u017ce w pierwszym p\u00f3\u0142roczu zak\u0142\u00f3cenia lotnicze utrudni\u0142y podr\u00f3\u017c ponad 1,55 milionom pasa\u017cer\u00f3w startuj\u0105cym z polskich lotnisk. A\u017c 45 tysi\u0119cy z nich musia\u0142o zmieni\u0107 swoje plany, poniewa\u017c ich loty zosta\u0142y anulowane. Ponad 106 tysi\u0119cy pasa\u017cer\u00f3w, kt\u00f3rych dotkn\u0119\u0142y lotnicze zak\u0142\u00f3cenia \u2013 zgodnie z europejskim prawem \u2013 mo\u017ce domaga\u0107 si\u0119 rekompensaty.<\/p>\n\n\n\n<p><br>Tylko w czerwcu 339 tysi\u0119cy wylatuj\u0105cych z polskich lotnisk spotka\u0142o si\u0119 z utrudnieniami, poniewa\u017c ich lot by\u0142 op\u00f3\u017aniony lub anulowany. Ponad 12 tysi\u0119cy os\u00f3b musia\u0142o poradzi\u0107 sobie z ponad 3 godzinnym op\u00f3\u017anieniem lotu, a prawie 9,5 tysi\u0105ca os\u00f3b zmieni\u0107 plany z powodu odwo\u0142anego wylotu. Zgodnie z wyliczeniami AirHelp, ponad 24,8 tysi\u0119cy pasa\u017cer\u00f3w, kt\u00f3rych dotkn\u0119\u0142y w czerwcu w Polsce lotnicze zak\u0142\u00f3cenia mo\u017ce domaga\u0107 si\u0119 rekompensaty.<\/p>\n\n\n<style>.wp-block-image{margin:1.25rem 0;text-align:center}.wp-block-image figcaption{padding:0 0.9375rem;text-align:center}\n<\/style>\n<figure class=\"wp-block-image size-large\"><a href=\"https:\/\/transinfo.pl\/wp-content\/uploads\/2023\/08\/airhelp.jpg\"><img decoding=\"async\" src=\"https:\/\/transinfo.pl\/wp-content\/uploads\/2023\/08\/airhelp-1024x1024.jpg\" alt=\"\" class=\"wp-image-440313\" \/><\/a><figcaption class=\"wp-element-caption\">fot. AirHelp<\/figcaption><\/figure>\n","protected":false},"author":2,"featured_media":256313,"comment_status":"","ping_status":"closed","template":"","categories":[28],"tags":[804,763,6978],"class_list":["post-256312","infoair","type-infoair","status-publish","has-post-thumbnail","hentry","category-pasazer","tag-airhelp","tag-samolot","tag-ubezpieczenie"],"acf":[],"yoast_head":"<!-- This site is optimized with the Yoast SEO Premium plugin v21.8 (Yoast SEO v23.7) - https:\/\/yoast.com\/wordpress\/plugins\/seo\/ -->\n<title>Nowe ubezpieczenie za zgubiony i op\u00f3\u017aniony baga\u017c od AirHelp - TransInfo Archiwum<\/title>\n<meta name=\"description\" content=\"AirHelp wprowadza kolejne ubezpieczenie zabezpieczaj\u0105ce prawa polskich pasa\u017cer\u00f3w, 150 euro za ka\u017cdy zagubiony lub op\u00f3\u017aniony baga\u017c\" \/>\n<meta name=\"robots\" content=\"index, follow, max-snippet:-1, max-image-preview:large, max-video-preview:-1\" \/>\n<link rel=\"canonical\" href=\"https:\/\/transinfo.pl\/x\/infoair\/nowe-ubezpieczenie-za-zgubiony-i-opozniony-bagaz-od-airhelp\/\" \/>\n<meta property=\"og:locale\" content=\"pl_PL\" \/>\n<meta property=\"og:type\" content=\"article\" \/>\n<meta property=\"og:title\" content=\"Nowe ubezpieczenie za zgubiony i op\u00f3\u017aniony baga\u017c od AirHelp\" \/>\n<meta property=\"og:description\" content=\"AirHelp wprowadza kolejne ubezpieczenie zabezpieczaj\u0105ce prawa polskich pasa\u017cer\u00f3w, 150 euro za ka\u017cdy zagubiony lub op\u00f3\u017aniony baga\u017c\" \/>\n<meta property=\"og:url\" content=\"https:\/\/transinfo.pl\/x\/infoair\/nowe-ubezpieczenie-za-zgubiony-i-opozniony-bagaz-od-airhelp\/\" \/>\n<meta property=\"og:site_name\" content=\"TransInfo Archiwum\" \/>\n<meta property=\"og:image\" content=\"https:\/\/transinfo.pl\/x\/wp-content\/uploads\/2023\/08\/airhelp1.jpg\" \/>\n\t<meta property=\"og:image:width\" content=\"1\" \/>\n\t<meta property=\"og:image:height\" content=\"1\" \/>\n\t<meta property=\"og:image:type\" content=\"image\/jpeg\" \/>\n<meta name=\"twitter:card\" content=\"summary_large_image\" \/>\n<meta name=\"twitter:label1\" content=\"Szacowany czas czytania\" \/>\n\t<meta name=\"twitter:data1\" content=\"3 minuty\" \/>\n<script type=\"application\/ld+json\" class=\"yoast-schema-graph\">{\"@context\":\"https:\/\/schema.org\",\"@graph\":[{\"@type\":\"WebPage\",\"@id\":\"https:\/\/transinfo.pl\/x\/infoair\/nowe-ubezpieczenie-za-zgubiony-i-opozniony-bagaz-od-airhelp\/\",\"url\":\"https:\/\/transinfo.pl\/x\/infoair\/nowe-ubezpieczenie-za-zgubiony-i-opozniony-bagaz-od-airhelp\/\",\"name\":\"Nowe ubezpieczenie za zgubiony i op\u00f3\u017aniony baga\u017c od AirHelp - TransInfo Archiwum\",\"isPartOf\":{\"@id\":\"https:\/\/transinfo.pl\/x\/#website\"},\"primaryImageOfPage\":{\"@id\":\"https:\/\/transinfo.pl\/x\/infoair\/nowe-ubezpieczenie-za-zgubiony-i-opozniony-bagaz-od-airhelp\/#primaryimage\"},\"image\":{\"@id\":\"https:\/\/transinfo.pl\/x\/infoair\/nowe-ubezpieczenie-za-zgubiony-i-opozniony-bagaz-od-airhelp\/#primaryimage\"},\"thumbnailUrl\":\"https:\/\/transinfo.pl\/x\/wp-content\/uploads\/2023\/08\/airhelp1.jpg\",\"datePublished\":\"2023-08-10T16:34:00+00:00\",\"dateModified\":\"2023-08-10T16:34:00+00:00\",\"description\":\"AirHelp wprowadza kolejne ubezpieczenie zabezpieczaj\u0105ce prawa polskich pasa\u017cer\u00f3w, 150 euro za ka\u017cdy zagubiony lub op\u00f3\u017aniony baga\u017c\",\"breadcrumb\":{\"@id\":\"https:\/\/transinfo.pl\/x\/infoair\/nowe-ubezpieczenie-za-zgubiony-i-opozniony-bagaz-od-airhelp\/#breadcrumb\"},\"inLanguage\":\"pl-PL\",\"potentialAction\":[{\"@type\":\"ReadAction\",\"target\":[\"https:\/\/transinfo.pl\/x\/infoair\/nowe-ubezpieczenie-za-zgubiony-i-opozniony-bagaz-od-airhelp\/\"]}]},{\"@type\":\"ImageObject\",\"inLanguage\":\"pl-PL\",\"@id\":\"https:\/\/transinfo.pl\/x\/infoair\/nowe-ubezpieczenie-za-zgubiony-i-opozniony-bagaz-od-airhelp\/#primaryimage\",\"url\":\"https:\/\/transinfo.pl\/x\/wp-content\/uploads\/2023\/08\/airhelp1.jpg\",\"contentUrl\":\"https:\/\/transinfo.pl\/x\/wp-content\/uploads\/2023\/08\/airhelp1.jpg\"},{\"@type\":\"BreadcrumbList\",\"@id\":\"https:\/\/transinfo.pl\/x\/infoair\/nowe-ubezpieczenie-za-zgubiony-i-opozniony-bagaz-od-airhelp\/#breadcrumb\",\"itemListElement\":[{\"@type\":\"ListItem\",\"position\":1,\"name\":\"Home\",\"item\":\"https:\/\/transinfo.pl\/x\/\"},{\"@type\":\"ListItem\",\"position\":2,\"name\":\"Infoair\",\"item\":\"https:\/\/transinfo.pl\/x\/infoair\/\"},{\"@type\":\"ListItem\",\"position\":3,\"name\":\"Nowe ubezpieczenie za zgubiony i op\u00f3\u017aniony baga\u017c od AirHelp\"}]},{\"@type\":\"WebSite\",\"@id\":\"https:\/\/transinfo.pl\/x\/#website\",\"url\":\"https:\/\/transinfo.pl\/x\/\",\"name\":\"TransInfo Archiwum\",\"description\":\"Ca\u0142y transport w jednym miejscu\",\"publisher\":{\"@id\":\"https:\/\/transinfo.pl\/x\/#organization\"},\"potentialAction\":[{\"@type\":\"SearchAction\",\"target\":{\"@type\":\"EntryPoint\",\"urlTemplate\":\"https:\/\/transinfo.pl\/x\/?s={search_term_string}\"},\"query-input\":{\"@type\":\"PropertyValueSpecification\",\"valueRequired\":true,\"valueName\":\"search_term_string\"}}],\"inLanguage\":\"pl-PL\"},{\"@type\":\"Organization\",\"@id\":\"https:\/\/transinfo.pl\/x\/#organization\",\"name\":\"TransInfo\",\"url\":\"https:\/\/transinfo.pl\/x\/\",\"logo\":{\"@type\":\"ImageObject\",\"inLanguage\":\"pl-PL\",\"@id\":\"https:\/\/transinfo.pl\/x\/#\/schema\/logo\/image\/\",\"url\":\"https:\/\/transinfo.pl\/x\/wp-content\/uploads\/2024\/10\/favicon.png\",\"contentUrl\":\"https:\/\/transinfo.pl\/x\/wp-content\/uploads\/2024\/10\/favicon.png\",\"width\":512,\"height\":512,\"caption\":\"TransInfo\"},\"image\":{\"@id\":\"https:\/\/transinfo.pl\/x\/#\/schema\/logo\/image\/\"}}]}<\/script>\n<!-- \/ Yoast SEO Premium plugin. -->","yoast_head_json":{"title":"Nowe ubezpieczenie za zgubiony i op\u00f3\u017aniony baga\u017c od AirHelp - TransInfo Archiwum","description":"AirHelp wprowadza kolejne ubezpieczenie zabezpieczaj\u0105ce prawa polskich pasa\u017cer\u00f3w, 150 euro za ka\u017cdy zagubiony lub op\u00f3\u017aniony baga\u017c","robots":{"index":"index","follow":"follow","max-snippet":"max-snippet:-1","max-image-preview":"max-image-preview:large","max-video-preview":"max-video-preview:-1"},"canonical":"https:\/\/transinfo.pl\/x\/infoair\/nowe-ubezpieczenie-za-zgubiony-i-opozniony-bagaz-od-airhelp\/","og_locale":"pl_PL","og_type":"article","og_title":"Nowe ubezpieczenie za zgubiony i op\u00f3\u017aniony baga\u017c od AirHelp","og_description":"AirHelp wprowadza kolejne ubezpieczenie zabezpieczaj\u0105ce prawa polskich pasa\u017cer\u00f3w, 150 euro za ka\u017cdy zagubiony lub op\u00f3\u017aniony baga\u017c","og_url":"https:\/\/transinfo.pl\/x\/infoair\/nowe-ubezpieczenie-za-zgubiony-i-opozniony-bagaz-od-airhelp\/","og_site_name":"TransInfo Archiwum","og_image":[{"url":"https:\/\/transinfo.pl\/x\/wp-content\/uploads\/2023\/08\/airhelp1.jpg","width":1,"height":1,"type":"image\/jpeg"}],"twitter_card":"summary_large_image","twitter_misc":{"Szacowany czas czytania":"3 minuty"},"schema":{"@context":"https:\/\/schema.org","@graph":[{"@type":"WebPage","@id":"https:\/\/transinfo.pl\/x\/infoair\/nowe-ubezpieczenie-za-zgubiony-i-opozniony-bagaz-od-airhelp\/","url":"https:\/\/transinfo.pl\/x\/infoair\/nowe-ubezpieczenie-za-zgubiony-i-opozniony-bagaz-od-airhelp\/","name":"Nowe ubezpieczenie za zgubiony i op\u00f3\u017aniony baga\u017c od AirHelp - TransInfo Archiwum","isPartOf":{"@id":"https:\/\/transinfo.pl\/x\/#website"},"primaryImageOfPage":{"@id":"https:\/\/transinfo.pl\/x\/infoair\/nowe-ubezpieczenie-za-zgubiony-i-opozniony-bagaz-od-airhelp\/#primaryimage"},"image":{"@id":"https:\/\/transinfo.pl\/x\/infoair\/nowe-ubezpieczenie-za-zgubiony-i-opozniony-bagaz-od-airhelp\/#primaryimage"},"thumbnailUrl":"https:\/\/transinfo.pl\/x\/wp-content\/uploads\/2023\/08\/airhelp1.jpg","datePublished":"2023-08-10T16:34:00+00:00","dateModified":"2023-08-10T16:34:00+00:00","description":"AirHelp wprowadza kolejne ubezpieczenie zabezpieczaj\u0105ce prawa polskich pasa\u017cer\u00f3w, 150 euro za ka\u017cdy zagubiony lub op\u00f3\u017aniony baga\u017c","breadcrumb":{"@id":"https:\/\/transinfo.pl\/x\/infoair\/nowe-ubezpieczenie-za-zgubiony-i-opozniony-bagaz-od-airhelp\/#breadcrumb"},"inLanguage":"pl-PL","potentialAction":[{"@type":"ReadAction","target":["https:\/\/transinfo.pl\/x\/infoair\/nowe-ubezpieczenie-za-zgubiony-i-opozniony-bagaz-od-airhelp\/"]}]},{"@type":"ImageObject","inLanguage":"pl-PL","@id":"https:\/\/transinfo.pl\/x\/infoair\/nowe-ubezpieczenie-za-zgubiony-i-opozniony-bagaz-od-airhelp\/#primaryimage","url":"https:\/\/transinfo.pl\/x\/wp-content\/uploads\/2023\/08\/airhelp1.jpg","contentUrl":"https:\/\/transinfo.pl\/x\/wp-content\/uploads\/2023\/08\/airhelp1.jpg"},{"@type":"BreadcrumbList","@id":"https:\/\/transinfo.pl\/x\/infoair\/nowe-ubezpieczenie-za-zgubiony-i-opozniony-bagaz-od-airhelp\/#breadcrumb","itemListElement":[{"@type":"ListItem","position":1,"name":"Home","item":"https:\/\/transinfo.pl\/x\/"},{"@type":"ListItem","position":2,"name":"Infoair","item":"https:\/\/transinfo.pl\/x\/infoair\/"},{"@type":"ListItem","position":3,"name":"Nowe ubezpieczenie za zgubiony i op\u00f3\u017aniony baga\u017c od AirHelp"}]},{"@type":"WebSite","@id":"https:\/\/transinfo.pl\/x\/#website","url":"https:\/\/transinfo.pl\/x\/","name":"TransInfo Archiwum","description":"Ca\u0142y transport w jednym miejscu","publisher":{"@id":"https:\/\/transinfo.pl\/x\/#organization"},"potentialAction":[{"@type":"SearchAction","target":{"@type":"EntryPoint","urlTemplate":"https:\/\/transinfo.pl\/x\/?s={search_term_string}"},"query-input":{"@type":"PropertyValueSpecification","valueRequired":true,"valueName":"search_term_string"}}],"inLanguage":"pl-PL"},{"@type":"Organization","@id":"https:\/\/transinfo.pl\/x\/#organization","name":"TransInfo","url":"https:\/\/transinfo.pl\/x\/","logo":{"@type":"ImageObject","inLanguage":"pl-PL","@id":"https:\/\/transinfo.pl\/x\/#\/schema\/logo\/image\/","url":"https:\/\/transinfo.pl\/x\/wp-content\/uploads\/2024\/10\/favicon.png","contentUrl":"https:\/\/transinfo.pl\/x\/wp-content\/uploads\/2024\/10\/favicon.png","width":512,"height":512,"caption":"TransInfo"},"image":{"@id":"https:\/\/transinfo.pl\/x\/#\/schema\/logo\/image\/"}}]}},"_links":{"self":[{"href":"https:\/\/transinfo.pl\/x\/wp-json\/wp\/v2\/infoair\/256312","targetHints":{"allow":["GET"]}}],"collection":[{"href":"https:\/\/transinfo.pl\/x\/wp-json\/wp\/v2\/infoair"}],"about":[{"href":"https:\/\/transinfo.pl\/x\/wp-json\/wp\/v2\/types\/infoair"}],"author":[{"embeddable":true,"href":"https:\/\/transinfo.pl\/x\/wp-json\/wp\/v2\/users\/2"}],"replies":[{"embeddable":true,"href":"https:\/\/transinfo.pl\/x\/wp-json\/wp\/v2\/comments?post=256312"}],"wp:featuredmedia":[{"embeddable":true,"href":"https:\/\/transinfo.pl\/x\/wp-json\/wp\/v2\/media\/256313"}],"wp:attachment":[{"href":"https:\/\/transinfo.pl\/x\/wp-json\/wp\/v2\/media?parent=256312"}],"wp:term":[{"taxonomy":"category","embeddable":true,"href":"https:\/\/transinfo.pl\/x\/wp-json\/wp\/v2\/categories?post=256312"},{"taxonomy":"post_tag","embeddable":true,"href":"https:\/\/transinfo.pl\/x\/wp-json\/wp\/v2\/tags?post=256312"}],"curies":[{"name":"wp","href":"https:\/\/api.w.org\/{rel}","templated":true}]}}