{"id":254587,"date":"2023-06-26T12:03:00","date_gmt":"2023-06-26T12:03:00","guid":{"rendered":"https:\/\/transinfo.pl\/x\/infoair\/z-radomia-do-paryza-i-rzymu-polecimy-takze-w-sezonie-zimowym-2023-2024\/"},"modified":"2023-06-26T12:03:00","modified_gmt":"2023-06-26T12:03:00","slug":"z-radomia-do-paryza-i-rzymu-polecimy-takze-w-sezonie-zimowym-2023-2024","status":"publish","type":"infoair","link":"https:\/\/transinfo.pl\/x\/infoair\/z-radomia-do-paryza-i-rzymu-polecimy-takze-w-sezonie-zimowym-2023-2024\/","title":{"rendered":"Z Radomia do Pary\u017ca i Rzymu polecimy tak\u017ce w sezonie zimowym 2023\/2024"},"content":{"rendered":"<style>h1,h2,h3,h4,h5,h6{margin:0 0 1.25rem;font-family:Arial,sans-serif;font-weight:600;color:#050505}h1{font-size:1.875rem;line-height:1.1em;text-transform:none}@media(min-width: 768px){h1{font-size:2.375rem}}h2{font-size:1.1875rem;line-height:1.2em;text-transform:uppercase}@media(min-width: 768px){h2{font-size:1.0625rem}}h3{font-size:0.9375rem;line-height:1.4em;font-weight:900;margin-bottom:0.9375rem}h4{font-size:0.875rem;line-height:1.2em;font-weight:500}h5{font-size:0.9375rem;line-height:1.6;font-weight:400}h6{font-size:0.9375rem;line-height:1.6;font-weight:600}\n<\/style>\n<h3 class=\"wp-block-heading\">PLL LOT potwierdzi\u0142y utrzymanie regularnych rejs\u00f3w z lotniska w Radomiu do Rzymu i Pary\u017ca tak\u017ce w sezonie zimowym, od pa\u017adziernika do marca.<\/h3>\n\n\n<style>p{margin:0 0 1.5rem}p:last-child{margin:0}p.is-style-uppercase{text-transform:uppercase}p.is-style-preheading{color:#12406a;text-transform:uppercase}p.is-style-leadparagraph{font-size:1rem;line-height:1.625;font-weight:700}@media(min-width: 768px){p.is-style-leadparagraph{font-size:1.125rem;line-height:1.5555555556}}p.has-small-margin{margin-bottom:0.625rem}p.has-small-margin+h1,p.has-small-margin+h2,p.has-small-margin+h3{margin-top:1.875rem}\n<\/style>\n<p>T\u0105 dobr\u0105 informacj\u0119 dla  pasa\u017cer\u00f3w przekaza\u0142 23 czerwca rzeczniczka Polskich Port\u00f3w Lotniczych Anna Dermont. Doda\u0142a, \u017ce zgodnie z zapowiedziami narodowego przewo\u017anika loty, zar\u00f3wno do stolicy W\u0142och, jak i Francji, b\u0119d\u0105 wykonywane trzy razy w tygodniu.<\/p>\n\n\n\n<h2 class=\"wp-block-heading\">Najnowsze statystyki <\/h2>\n\n\n\n<p>Dermont przekaza\u0142a, \u017ce po o\u015bmiu tygodniach od uruchomienia lotnisko Warszawa-Radom odprawi\u0142o ju\u017c przesz\u0142o 18,6 tys. pasa\u017cer\u00f3w. Zaznaczy\u0142a, \u017ce port lotniczy odnotowuje wysok\u0105 dynamik\u0119 wzrostu liczby podr\u00f3\u017cnych. Pierwsze 10 tys. osi\u0105gni\u0119te zosta\u0142o w 5 tygodni, a kolejne 10 tys. w ci\u0105gu 3 tygodni. &#8222;W nieca\u0142e dwa miesi\u0105ce obs\u0142u\u017cyli\u015bmy o 192 proc. wi\u0119cej pasa\u017cer\u00f3w od rekordu rocznego ustanowionego w 2016 r., czyli ostatnim roku funkcjonowania starego portu&#8221; \u2013 podkre\u015bli\u0142a rzeczniczka.<\/p>\n\n\n\n<p>Aktualnie lotnisko obs\u0142uguje 30 pasa\u017cerskich operacji lotniczych w ci\u0105gu tygodnia. Oferuje 5 po\u0142\u0105cze\u0144 regularnych realizowanych przez PLL LOT do Pary\u017ca, Prewezy, Rzymu, Tirany i Warny. Opr\u00f3cz tego port odprawia rejsy czarterowe \u2013 do Antalyi i Tirany. Te loty wykonywane s\u0105 przez Enter Air i PLL LOT na zlecenie biur podr\u00f3\u017cy: Itaka, Nekera, TUI, Coral Travel, Greckie Podr\u00f3\u017ce oraz Rego-Bis.<\/p>\n\n\n\n<p>Dermont podkre\u015bli\u0142a, \u017ce liczba kierunk\u00f3w realizowanych z Radomia nie r\u00f3\u017cni si\u0119 od oferty innych polskich port\u00f3w lotniczych, kt\u00f3re maj\u0105 ju\u017c ugruntowan\u0105 pozycj\u0119. Jako przyk\u0142ad poda\u0142a, m.in. port lotniczy Olsztyn-Mazury (5 po\u0142\u0105cze\u0144), \u0141\u00f3d\u017a (6 po\u0142\u0105cze\u0144), Lublin i Bydgoszcz (po 7 po\u0142\u0105cze\u0144), Szczecin (8 po\u0142\u0105cze\u0144).<\/p>\n\n\n<style>.wp-block-image{margin:1.25rem 0;text-align:center}.wp-block-image figcaption{padding:0 0.9375rem;text-align:center}\n<\/style>\n<figure class=\"wp-block-image size-large\"><a href=\"https:\/\/transinfo.pl\/wp-content\/uploads\/2023\/06\/lotnisko-Radom.jpg\"><img decoding=\"async\" src=\"https:\/\/transinfo.pl\/wp-content\/uploads\/2023\/06\/lotnisko-Radom-1024x682.jpg\" alt=\"\" class=\"wp-image-435362\" \/><\/a><figcaption class=\"wp-element-caption\">fot. Lotnisko Radom <\/figcaption><\/figure>\n\n\n\n<h2 class=\"wp-block-heading\">Kielecka nowo\u015b\u0107 <\/h2>\n\n\n\n<p>Wed\u0142ug rzeczniczki PPL dynamiczny wzrost liczby pasa\u017cer\u00f3w przek\u0142ada si\u0119 na coraz wi\u0119ksze zainteresowanie portem ze strony linii lotniczych. &#8222;Partnerzy PPL znaj\u0105 wype\u0142nienia miejsc w samolotach startuj\u0105cych z lotniska Warszawa-Radom, dlatego jeste\u015bmy pewni, \u017ce z ka\u017cdym rokiem siatka po\u0142\u0105cze\u0144 regularnych i czarterowych b\u0119dzie rosn\u0105\u0107, a wraz z nimi liczba pasa\u017cer\u00f3w&#8221; \u2013 zaznaczy\u0142a Dermont.<\/p>\n\n\n\n<p>Nowo\u015bci\u0105 zapowiadan\u0105 przez PPL s\u0105 darmowe shuttle busy, kt\u00f3re od niedzieli b\u0119d\u0105 kursowa\u0107 z Kielc przez Skar\u017cysko\u2014Kamienn\u0105 na lotnisko w Radomiu. To odpowied\u017a na du\u017ce zainteresowanie lotami z Radomia pasa\u017cer\u00f3w z woj. \u015bwi\u0119tokrzyskiego. (PAP)<\/p>\n","protected":false},"author":2,"featured_media":0,"comment_status":"","ping_status":"closed","template":"","categories":[28],"tags":[568,45,750,733,2132,763,331],"class_list":["post-254587","infoair","type-infoair","status-publish","hentry","category-pasazer","tag-francja","tag-lotnisko","tag-lotnisko-radom","tag-ppl","tag-rozklad","tag-samolot","tag-wlochy"],"acf":[],"yoast_head":"<!-- This site is optimized with the Yoast SEO Premium plugin v21.8 (Yoast SEO v23.7) - https:\/\/yoast.com\/wordpress\/plugins\/seo\/ -->\n<title>Z Radomia do Pary\u017ca i Rzymu polecimy tak\u017ce w sezonie zimowym 2023\/2024 - TransInfo Archiwum<\/title>\n<meta name=\"description\" content=\"PLL LOT potwierdzi\u0142y utrzymanie regularnych rejs\u00f3w z lotniska w Radomiu do Rzymu i Pary\u017ca tak\u017ce w sezonie zimowym, od pa\u017adziernika do marca\" \/>\n<meta name=\"robots\" content=\"index, follow, max-snippet:-1, max-image-preview:large, max-video-preview:-1\" \/>\n<link rel=\"canonical\" href=\"https:\/\/transinfo.pl\/x\/infoair\/z-radomia-do-paryza-i-rzymu-polecimy-takze-w-sezonie-zimowym-2023-2024\/\" \/>\n<meta property=\"og:locale\" content=\"pl_PL\" \/>\n<meta property=\"og:type\" content=\"article\" \/>\n<meta property=\"og:title\" content=\"Z Radomia do Pary\u017ca i Rzymu polecimy tak\u017ce w sezonie zimowym 2023\/2024\" \/>\n<meta property=\"og:description\" content=\"PLL LOT potwierdzi\u0142y utrzymanie regularnych rejs\u00f3w z lotniska w Radomiu do Rzymu i Pary\u017ca tak\u017ce w sezonie zimowym, od pa\u017adziernika do marca\" \/>\n<meta property=\"og:url\" content=\"https:\/\/transinfo.pl\/x\/infoair\/z-radomia-do-paryza-i-rzymu-polecimy-takze-w-sezonie-zimowym-2023-2024\/\" \/>\n<meta property=\"og:site_name\" content=\"TransInfo Archiwum\" \/>\n<meta property=\"og:image\" content=\"http:\/\/default\" \/>\n<meta name=\"twitter:card\" content=\"summary_large_image\" \/>\n<meta name=\"twitter:label1\" content=\"Szacowany czas czytania\" \/>\n\t<meta name=\"twitter:data1\" content=\"2 minuty\" \/>\n<script type=\"application\/ld+json\" class=\"yoast-schema-graph\">{\"@context\":\"https:\/\/schema.org\",\"@graph\":[{\"@type\":\"WebPage\",\"@id\":\"https:\/\/transinfo.pl\/x\/infoair\/z-radomia-do-paryza-i-rzymu-polecimy-takze-w-sezonie-zimowym-2023-2024\/\",\"url\":\"https:\/\/transinfo.pl\/x\/infoair\/z-radomia-do-paryza-i-rzymu-polecimy-takze-w-sezonie-zimowym-2023-2024\/\",\"name\":\"Z Radomia do Pary\u017ca i Rzymu polecimy tak\u017ce w sezonie zimowym 2023\/2024 - TransInfo Archiwum\",\"isPartOf\":{\"@id\":\"https:\/\/transinfo.pl\/x\/#website\"},\"primaryImageOfPage\":{\"@id\":\"https:\/\/transinfo.pl\/x\/infoair\/z-radomia-do-paryza-i-rzymu-polecimy-takze-w-sezonie-zimowym-2023-2024\/#primaryimage\"},\"image\":{\"@id\":\"https:\/\/transinfo.pl\/x\/infoair\/z-radomia-do-paryza-i-rzymu-polecimy-takze-w-sezonie-zimowym-2023-2024\/#primaryimage\"},\"thumbnailUrl\":\"https:\/\/transinfo.pl\/wp-content\/uploads\/2023\/06\/lotnisko-Radom-1024x682.jpg\",\"datePublished\":\"2023-06-26T12:03:00+00:00\",\"dateModified\":\"2023-06-26T12:03:00+00:00\",\"description\":\"PLL LOT potwierdzi\u0142y utrzymanie regularnych rejs\u00f3w z lotniska w Radomiu do Rzymu i Pary\u017ca tak\u017ce w sezonie zimowym, od pa\u017adziernika do marca\",\"breadcrumb\":{\"@id\":\"https:\/\/transinfo.pl\/x\/infoair\/z-radomia-do-paryza-i-rzymu-polecimy-takze-w-sezonie-zimowym-2023-2024\/#breadcrumb\"},\"inLanguage\":\"pl-PL\",\"potentialAction\":[{\"@type\":\"ReadAction\",\"target\":[\"https:\/\/transinfo.pl\/x\/infoair\/z-radomia-do-paryza-i-rzymu-polecimy-takze-w-sezonie-zimowym-2023-2024\/\"]}]},{\"@type\":\"ImageObject\",\"inLanguage\":\"pl-PL\",\"@id\":\"https:\/\/transinfo.pl\/x\/infoair\/z-radomia-do-paryza-i-rzymu-polecimy-takze-w-sezonie-zimowym-2023-2024\/#primaryimage\",\"url\":\"https:\/\/transinfo.pl\/wp-content\/uploads\/2023\/06\/lotnisko-Radom-1024x682.jpg\",\"contentUrl\":\"https:\/\/transinfo.pl\/wp-content\/uploads\/2023\/06\/lotnisko-Radom-1024x682.jpg\"},{\"@type\":\"BreadcrumbList\",\"@id\":\"https:\/\/transinfo.pl\/x\/infoair\/z-radomia-do-paryza-i-rzymu-polecimy-takze-w-sezonie-zimowym-2023-2024\/#breadcrumb\",\"itemListElement\":[{\"@type\":\"ListItem\",\"position\":1,\"name\":\"Home\",\"item\":\"https:\/\/transinfo.pl\/x\/\"},{\"@type\":\"ListItem\",\"position\":2,\"name\":\"Infoair\",\"item\":\"https:\/\/transinfo.pl\/x\/infoair\/\"},{\"@type\":\"ListItem\",\"position\":3,\"name\":\"Z Radomia do Pary\u017ca i Rzymu polecimy tak\u017ce w sezonie zimowym 2023\/2024\"}]},{\"@type\":\"WebSite\",\"@id\":\"https:\/\/transinfo.pl\/x\/#website\",\"url\":\"https:\/\/transinfo.pl\/x\/\",\"name\":\"TransInfo Archiwum\",\"description\":\"Ca\u0142y transport w jednym miejscu\",\"publisher\":{\"@id\":\"https:\/\/transinfo.pl\/x\/#organization\"},\"potentialAction\":[{\"@type\":\"SearchAction\",\"target\":{\"@type\":\"EntryPoint\",\"urlTemplate\":\"https:\/\/transinfo.pl\/x\/?s={search_term_string}\"},\"query-input\":{\"@type\":\"PropertyValueSpecification\",\"valueRequired\":true,\"valueName\":\"search_term_string\"}}],\"inLanguage\":\"pl-PL\"},{\"@type\":\"Organization\",\"@id\":\"https:\/\/transinfo.pl\/x\/#organization\",\"name\":\"TransInfo\",\"url\":\"https:\/\/transinfo.pl\/x\/\",\"logo\":{\"@type\":\"ImageObject\",\"inLanguage\":\"pl-PL\",\"@id\":\"https:\/\/transinfo.pl\/x\/#\/schema\/logo\/image\/\",\"url\":\"https:\/\/transinfo.pl\/x\/wp-content\/uploads\/2024\/10\/favicon.png\",\"contentUrl\":\"https:\/\/transinfo.pl\/x\/wp-content\/uploads\/2024\/10\/favicon.png\",\"width\":512,\"height\":512,\"caption\":\"TransInfo\"},\"image\":{\"@id\":\"https:\/\/transinfo.pl\/x\/#\/schema\/logo\/image\/\"}}]}<\/script>\n<!-- \/ Yoast SEO Premium plugin. -->","yoast_head_json":{"title":"Z Radomia do Pary\u017ca i Rzymu polecimy tak\u017ce w sezonie zimowym 2023\/2024 - TransInfo Archiwum","description":"PLL LOT potwierdzi\u0142y utrzymanie regularnych rejs\u00f3w z lotniska w Radomiu do Rzymu i Pary\u017ca tak\u017ce w sezonie zimowym, od pa\u017adziernika do marca","robots":{"index":"index","follow":"follow","max-snippet":"max-snippet:-1","max-image-preview":"max-image-preview:large","max-video-preview":"max-video-preview:-1"},"canonical":"https:\/\/transinfo.pl\/x\/infoair\/z-radomia-do-paryza-i-rzymu-polecimy-takze-w-sezonie-zimowym-2023-2024\/","og_locale":"pl_PL","og_type":"article","og_title":"Z Radomia do Pary\u017ca i Rzymu polecimy tak\u017ce w sezonie zimowym 2023\/2024","og_description":"PLL LOT potwierdzi\u0142y utrzymanie regularnych rejs\u00f3w z lotniska w Radomiu do Rzymu i Pary\u017ca tak\u017ce w sezonie zimowym, od pa\u017adziernika do marca","og_url":"https:\/\/transinfo.pl\/x\/infoair\/z-radomia-do-paryza-i-rzymu-polecimy-takze-w-sezonie-zimowym-2023-2024\/","og_site_name":"TransInfo Archiwum","og_image":[{"url":"default"}],"twitter_card":"summary_large_image","twitter_misc":{"Szacowany czas czytania":"2 minuty"},"schema":{"@context":"https:\/\/schema.org","@graph":[{"@type":"WebPage","@id":"https:\/\/transinfo.pl\/x\/infoair\/z-radomia-do-paryza-i-rzymu-polecimy-takze-w-sezonie-zimowym-2023-2024\/","url":"https:\/\/transinfo.pl\/x\/infoair\/z-radomia-do-paryza-i-rzymu-polecimy-takze-w-sezonie-zimowym-2023-2024\/","name":"Z Radomia do Pary\u017ca i Rzymu polecimy tak\u017ce w sezonie zimowym 2023\/2024 - TransInfo Archiwum","isPartOf":{"@id":"https:\/\/transinfo.pl\/x\/#website"},"primaryImageOfPage":{"@id":"https:\/\/transinfo.pl\/x\/infoair\/z-radomia-do-paryza-i-rzymu-polecimy-takze-w-sezonie-zimowym-2023-2024\/#primaryimage"},"image":{"@id":"https:\/\/transinfo.pl\/x\/infoair\/z-radomia-do-paryza-i-rzymu-polecimy-takze-w-sezonie-zimowym-2023-2024\/#primaryimage"},"thumbnailUrl":"https:\/\/transinfo.pl\/wp-content\/uploads\/2023\/06\/lotnisko-Radom-1024x682.jpg","datePublished":"2023-06-26T12:03:00+00:00","dateModified":"2023-06-26T12:03:00+00:00","description":"PLL LOT potwierdzi\u0142y utrzymanie regularnych rejs\u00f3w z lotniska w Radomiu do Rzymu i Pary\u017ca tak\u017ce w sezonie zimowym, od pa\u017adziernika do marca","breadcrumb":{"@id":"https:\/\/transinfo.pl\/x\/infoair\/z-radomia-do-paryza-i-rzymu-polecimy-takze-w-sezonie-zimowym-2023-2024\/#breadcrumb"},"inLanguage":"pl-PL","potentialAction":[{"@type":"ReadAction","target":["https:\/\/transinfo.pl\/x\/infoair\/z-radomia-do-paryza-i-rzymu-polecimy-takze-w-sezonie-zimowym-2023-2024\/"]}]},{"@type":"ImageObject","inLanguage":"pl-PL","@id":"https:\/\/transinfo.pl\/x\/infoair\/z-radomia-do-paryza-i-rzymu-polecimy-takze-w-sezonie-zimowym-2023-2024\/#primaryimage","url":"https:\/\/transinfo.pl\/wp-content\/uploads\/2023\/06\/lotnisko-Radom-1024x682.jpg","contentUrl":"https:\/\/transinfo.pl\/wp-content\/uploads\/2023\/06\/lotnisko-Radom-1024x682.jpg"},{"@type":"BreadcrumbList","@id":"https:\/\/transinfo.pl\/x\/infoair\/z-radomia-do-paryza-i-rzymu-polecimy-takze-w-sezonie-zimowym-2023-2024\/#breadcrumb","itemListElement":[{"@type":"ListItem","position":1,"name":"Home","item":"https:\/\/transinfo.pl\/x\/"},{"@type":"ListItem","position":2,"name":"Infoair","item":"https:\/\/transinfo.pl\/x\/infoair\/"},{"@type":"ListItem","position":3,"name":"Z Radomia do Pary\u017ca i Rzymu polecimy tak\u017ce w sezonie zimowym 2023\/2024"}]},{"@type":"WebSite","@id":"https:\/\/transinfo.pl\/x\/#website","url":"https:\/\/transinfo.pl\/x\/","name":"TransInfo Archiwum","description":"Ca\u0142y transport w jednym miejscu","publisher":{"@id":"https:\/\/transinfo.pl\/x\/#organization"},"potentialAction":[{"@type":"SearchAction","target":{"@type":"EntryPoint","urlTemplate":"https:\/\/transinfo.pl\/x\/?s={search_term_string}"},"query-input":{"@type":"PropertyValueSpecification","valueRequired":true,"valueName":"search_term_string"}}],"inLanguage":"pl-PL"},{"@type":"Organization","@id":"https:\/\/transinfo.pl\/x\/#organization","name":"TransInfo","url":"https:\/\/transinfo.pl\/x\/","logo":{"@type":"ImageObject","inLanguage":"pl-PL","@id":"https:\/\/transinfo.pl\/x\/#\/schema\/logo\/image\/","url":"https:\/\/transinfo.pl\/x\/wp-content\/uploads\/2024\/10\/favicon.png","contentUrl":"https:\/\/transinfo.pl\/x\/wp-content\/uploads\/2024\/10\/favicon.png","width":512,"height":512,"caption":"TransInfo"},"image":{"@id":"https:\/\/transinfo.pl\/x\/#\/schema\/logo\/image\/"}}]}},"_links":{"self":[{"href":"https:\/\/transinfo.pl\/x\/wp-json\/wp\/v2\/infoair\/254587","targetHints":{"allow":["GET"]}}],"collection":[{"href":"https:\/\/transinfo.pl\/x\/wp-json\/wp\/v2\/infoair"}],"about":[{"href":"https:\/\/transinfo.pl\/x\/wp-json\/wp\/v2\/types\/infoair"}],"author":[{"embeddable":true,"href":"https:\/\/transinfo.pl\/x\/wp-json\/wp\/v2\/users\/2"}],"replies":[{"embeddable":true,"href":"https:\/\/transinfo.pl\/x\/wp-json\/wp\/v2\/comments?post=254587"}],"wp:attachment":[{"href":"https:\/\/transinfo.pl\/x\/wp-json\/wp\/v2\/media?parent=254587"}],"wp:term":[{"taxonomy":"category","embeddable":true,"href":"https:\/\/transinfo.pl\/x\/wp-json\/wp\/v2\/categories?post=254587"},{"taxonomy":"post_tag","embeddable":true,"href":"https:\/\/transinfo.pl\/x\/wp-json\/wp\/v2\/tags?post=254587"}],"curies":[{"name":"wp","href":"https:\/\/api.w.org\/{rel}","templated":true}]}}