{"id":254446,"date":"2023-06-21T18:30:00","date_gmt":"2023-06-21T18:30:00","guid":{"rendered":"https:\/\/transinfo.pl\/x\/infoair\/z-lotniska-olsztyn-mazury-mozna-juz-poleciec-do-antalyi\/"},"modified":"2023-06-21T18:30:00","modified_gmt":"2023-06-21T18:30:00","slug":"z-lotniska-olsztyn-mazury-mozna-juz-poleciec-do-antalyi","status":"publish","type":"infoair","link":"https:\/\/transinfo.pl\/x\/infoair\/z-lotniska-olsztyn-mazury-mozna-juz-poleciec-do-antalyi\/","title":{"rendered":"Z Lotniska Olsztyn-Mazury mo\u017cna ju\u017c polecie\u0107 do Antalyi"},"content":{"rendered":"<style>h1,h2,h3,h4,h5,h6{margin:0 0 1.25rem;font-family:Arial,sans-serif;font-weight:600;color:#050505}h1{font-size:1.875rem;line-height:1.1em;text-transform:none}@media(min-width: 768px){h1{font-size:2.375rem}}h2{font-size:1.1875rem;line-height:1.2em;text-transform:uppercase}@media(min-width: 768px){h2{font-size:1.0625rem}}h3{font-size:0.9375rem;line-height:1.4em;font-weight:900;margin-bottom:0.9375rem}h4{font-size:0.875rem;line-height:1.2em;font-weight:500}h5{font-size:0.9375rem;line-height:1.6;font-weight:400}h6{font-size:0.9375rem;line-height:1.6;font-weight:600}\n<\/style>\n<h6 class=\"wp-block-heading\">W \u015brod\u0119 w porcie lotniczym Olsztyn-Mazury zainaugurowano nowe po\u0142\u0105czenie czarterowe touroperatora Itaka do tureckiej Antalyi. Loty na tej trasie b\u0119d\u0105 realizowane w ka\u017cd\u0105 \u015brod\u0119 do 20 wrze\u015bnia &#8211; poinformowa\u0142 port lotniczy.<\/h6>\n\n\n<style>p{margin:0 0 1.5rem}p:last-child{margin:0}p.is-style-uppercase{text-transform:uppercase}p.is-style-preheading{color:#12406a;text-transform:uppercase}p.is-style-leadparagraph{font-size:1rem;line-height:1.625;font-weight:700}@media(min-width: 768px){p.is-style-leadparagraph{font-size:1.125rem;line-height:1.5555555556}}p.has-small-margin{margin-bottom:0.625rem}p.has-small-margin+h1,p.has-small-margin+h2,p.has-small-margin+h3{margin-top:1.875rem}\n<\/style>\n<p>Jak wskaza\u0142 w komunikacie rzecznik portu Dariusz Naworski, na zlecenie Itaki loty na tej trasie obs\u0142uguje polska linia lotnicza Buzz nale\u017c\u0105ca do grupy Ryanair. Pe\u0142ny samolot wystartowa\u0142 z Lotniska Olsztyn-Mazury chwil\u0119 po godz. 11:00. Lot do Antalyi trwa oko\u0142o 3 godzin.<\/p>\n\n\n<style>.wp-block-quote{border-left:0.1875rem solid var(--page-color);font-size:1rem;font-style:italic;margin:0 0 1.6875rem;padding:1.25rem}.wp-block-quote cite{color:#050505}.wp-block-quote.is-style-large p{margin-bottom:10px}.wp-block-quote.is-style-large cite{color:#12406a}\n<\/style>\n<blockquote class=\"wp-block-quote is-layout-flow wp-block-quote-is-layout-flow\">\n<p>Dzisiejsza inauguracja nowego po\u0142\u0105czenia do Turcji to idealny start sezonu wakacyjnego na naszym lotnisku. Cieszymy si\u0119, \u017ce mieszka\u0144cy Warmii i Mazur, jak r\u00f3wnie\u017c Podlasia, zyskali tego lata mo\u017cliwo\u015b\u0107 wylotu na wymarzone wczasy z lotniska po\u0142o\u017conego w ich regionie. Mamy nadziej\u0119, \u017ce to dopiero pocz\u0105tek naszej wsp\u00f3\u0142pracy z Itak\u0105 \u2013 liderem bran\u017cy turystycznej, kt\u00f3ra zaowocuje rozbudow\u0105 siatki po\u0142\u0105cze\u0144 czarterowych w kolejnych latach \u2013 powiedzia\u0142  prezes Zarz\u0105du Warmia i Mazury, operatora portu Wiktor W\u00f3jcik.<\/p>\n<\/blockquote>\n\n\n\n\n\n\n\n<p>Wiceprezes Itaka Holdings Piotr Henicz podkre\u015bli\u0142, \u017ce pierwszy raz w historii klienci firmy rozpoczn\u0105 swoj\u0105 wakacyjn\u0105 podr\u00f3\u017c od lotniska Olsztyn-Mazury. Wskaza\u0142, \u017ce wybieraj\u0105c wylot z lotniska Olsztyna-Mazury kierowali si\u0119 tym, \u017ce jest ono blisko ich miejsca zamieszkania. <\/p>\n\n\n\n<blockquote class=\"wp-block-quote is-layout-flow wp-block-quote-is-layout-flow\">\n<p>Kolejne lotnisko wylotowe znakomicie wpisuje si\u0119 w nasz\u0105 strategi\u0119. Antalya na s\u0142ynnej Riwierze Tureckiej, to nasz ofertowy hit, o czym \u015bwiadcz\u0105 miliony klient\u00f3w, kt\u00f3rzy sp\u0119dzili z nami udane wakacje w tym rejonie &#8211; wskaza\u0142 Henicz.<\/p>\n<\/blockquote>\n\n\n\n<p>Wskaz\u00f3wki jak dojecha\u0107 na Lotnisko Olsztyn-Mazury oraz pe\u0142en rozk\u0142ad lot\u00f3w dost\u0119pne s\u0105 na stronie portu lotniczego&nbsp;<a href=\"http:\/\/mazuryairport.pl\/\" target=\"_blank\" rel=\"noreferrer noopener\">www.mazuryairport.pl<\/a><\/p>\n","protected":false},"author":1,"featured_media":254447,"comment_status":"","ping_status":"closed","template":"","categories":[28,27],"tags":[15887,2767,45,5561,20930],"class_list":["post-254446","infoair","type-infoair","status-publish","has-post-thumbnail","hentry","category-pasazer","category-wydarzenia","tag-antalya","tag-itaka","tag-lotnisko","tag-lotnisko-olsztyn-mazury","tag-polaczenie-czarterowe"],"acf":[],"yoast_head":"<!-- This site is optimized with the Yoast SEO Premium plugin v21.8 (Yoast SEO v23.7) - https:\/\/yoast.com\/wordpress\/plugins\/seo\/ -->\n<title>Z Lotniska Olsztyn-Mazury mo\u017cna ju\u017c polecie\u0107 do Antalyi - TransInfo Archiwum<\/title>\n<meta name=\"description\" content=\"W porcie lotniczym Olsztyn-Mazury zainaugurowano nowe po\u0142\u0105czenie czarterowe touroperatora Itaka do tureckiej Antalyi\" \/>\n<meta name=\"robots\" content=\"index, follow, max-snippet:-1, max-image-preview:large, max-video-preview:-1\" \/>\n<link rel=\"canonical\" href=\"https:\/\/transinfo.pl\/x\/infoair\/z-lotniska-olsztyn-mazury-mozna-juz-poleciec-do-antalyi\/\" \/>\n<meta property=\"og:locale\" content=\"pl_PL\" \/>\n<meta property=\"og:type\" content=\"article\" \/>\n<meta property=\"og:title\" content=\"Z Lotniska Olsztyn-Mazury mo\u017cna ju\u017c polecie\u0107 do Antalyi\" \/>\n<meta property=\"og:description\" content=\"W porcie lotniczym Olsztyn-Mazury zainaugurowano nowe po\u0142\u0105czenie czarterowe touroperatora Itaka do tureckiej Antalyi\" \/>\n<meta property=\"og:url\" content=\"https:\/\/transinfo.pl\/x\/infoair\/z-lotniska-olsztyn-mazury-mozna-juz-poleciec-do-antalyi\/\" \/>\n<meta property=\"og:site_name\" content=\"TransInfo Archiwum\" \/>\n<meta property=\"og:image\" content=\"https:\/\/transinfo.pl\/x\/wp-content\/uploads\/2023\/06\/Olsztyn-Mazury-inauguracja-czarteru-do-Turcji.jpg\" \/>\n\t<meta property=\"og:image:width\" content=\"1\" \/>\n\t<meta property=\"og:image:height\" content=\"1\" \/>\n\t<meta property=\"og:image:type\" content=\"image\/jpeg\" \/>\n<meta name=\"twitter:card\" content=\"summary_large_image\" \/>\n<meta name=\"twitter:label1\" content=\"Szacowany czas czytania\" \/>\n\t<meta name=\"twitter:data1\" content=\"1 minuta\" \/>\n<script type=\"application\/ld+json\" class=\"yoast-schema-graph\">{\"@context\":\"https:\/\/schema.org\",\"@graph\":[{\"@type\":\"WebPage\",\"@id\":\"https:\/\/transinfo.pl\/x\/infoair\/z-lotniska-olsztyn-mazury-mozna-juz-poleciec-do-antalyi\/\",\"url\":\"https:\/\/transinfo.pl\/x\/infoair\/z-lotniska-olsztyn-mazury-mozna-juz-poleciec-do-antalyi\/\",\"name\":\"Z Lotniska Olsztyn-Mazury mo\u017cna ju\u017c polecie\u0107 do Antalyi - TransInfo Archiwum\",\"isPartOf\":{\"@id\":\"https:\/\/transinfo.pl\/x\/#website\"},\"primaryImageOfPage\":{\"@id\":\"https:\/\/transinfo.pl\/x\/infoair\/z-lotniska-olsztyn-mazury-mozna-juz-poleciec-do-antalyi\/#primaryimage\"},\"image\":{\"@id\":\"https:\/\/transinfo.pl\/x\/infoair\/z-lotniska-olsztyn-mazury-mozna-juz-poleciec-do-antalyi\/#primaryimage\"},\"thumbnailUrl\":\"https:\/\/transinfo.pl\/x\/wp-content\/uploads\/2023\/06\/Olsztyn-Mazury-inauguracja-czarteru-do-Turcji.jpg\",\"datePublished\":\"2023-06-21T18:30:00+00:00\",\"dateModified\":\"2023-06-21T18:30:00+00:00\",\"description\":\"W porcie lotniczym Olsztyn-Mazury zainaugurowano nowe po\u0142\u0105czenie czarterowe touroperatora Itaka do tureckiej Antalyi\",\"breadcrumb\":{\"@id\":\"https:\/\/transinfo.pl\/x\/infoair\/z-lotniska-olsztyn-mazury-mozna-juz-poleciec-do-antalyi\/#breadcrumb\"},\"inLanguage\":\"pl-PL\",\"potentialAction\":[{\"@type\":\"ReadAction\",\"target\":[\"https:\/\/transinfo.pl\/x\/infoair\/z-lotniska-olsztyn-mazury-mozna-juz-poleciec-do-antalyi\/\"]}]},{\"@type\":\"ImageObject\",\"inLanguage\":\"pl-PL\",\"@id\":\"https:\/\/transinfo.pl\/x\/infoair\/z-lotniska-olsztyn-mazury-mozna-juz-poleciec-do-antalyi\/#primaryimage\",\"url\":\"https:\/\/transinfo.pl\/x\/wp-content\/uploads\/2023\/06\/Olsztyn-Mazury-inauguracja-czarteru-do-Turcji.jpg\",\"contentUrl\":\"https:\/\/transinfo.pl\/x\/wp-content\/uploads\/2023\/06\/Olsztyn-Mazury-inauguracja-czarteru-do-Turcji.jpg\"},{\"@type\":\"BreadcrumbList\",\"@id\":\"https:\/\/transinfo.pl\/x\/infoair\/z-lotniska-olsztyn-mazury-mozna-juz-poleciec-do-antalyi\/#breadcrumb\",\"itemListElement\":[{\"@type\":\"ListItem\",\"position\":1,\"name\":\"Home\",\"item\":\"https:\/\/transinfo.pl\/x\/\"},{\"@type\":\"ListItem\",\"position\":2,\"name\":\"Infoair\",\"item\":\"https:\/\/transinfo.pl\/x\/infoair\/\"},{\"@type\":\"ListItem\",\"position\":3,\"name\":\"Z Lotniska Olsztyn-Mazury mo\u017cna ju\u017c polecie\u0107 do Antalyi\"}]},{\"@type\":\"WebSite\",\"@id\":\"https:\/\/transinfo.pl\/x\/#website\",\"url\":\"https:\/\/transinfo.pl\/x\/\",\"name\":\"TransInfo Archiwum\",\"description\":\"Ca\u0142y transport w jednym miejscu\",\"publisher\":{\"@id\":\"https:\/\/transinfo.pl\/x\/#organization\"},\"potentialAction\":[{\"@type\":\"SearchAction\",\"target\":{\"@type\":\"EntryPoint\",\"urlTemplate\":\"https:\/\/transinfo.pl\/x\/?s={search_term_string}\"},\"query-input\":{\"@type\":\"PropertyValueSpecification\",\"valueRequired\":true,\"valueName\":\"search_term_string\"}}],\"inLanguage\":\"pl-PL\"},{\"@type\":\"Organization\",\"@id\":\"https:\/\/transinfo.pl\/x\/#organization\",\"name\":\"TransInfo\",\"url\":\"https:\/\/transinfo.pl\/x\/\",\"logo\":{\"@type\":\"ImageObject\",\"inLanguage\":\"pl-PL\",\"@id\":\"https:\/\/transinfo.pl\/x\/#\/schema\/logo\/image\/\",\"url\":\"https:\/\/transinfo.pl\/x\/wp-content\/uploads\/2024\/10\/favicon.png\",\"contentUrl\":\"https:\/\/transinfo.pl\/x\/wp-content\/uploads\/2024\/10\/favicon.png\",\"width\":512,\"height\":512,\"caption\":\"TransInfo\"},\"image\":{\"@id\":\"https:\/\/transinfo.pl\/x\/#\/schema\/logo\/image\/\"}}]}<\/script>\n<!-- \/ Yoast SEO Premium plugin. -->","yoast_head_json":{"title":"Z Lotniska Olsztyn-Mazury mo\u017cna ju\u017c polecie\u0107 do Antalyi - TransInfo Archiwum","description":"W porcie lotniczym Olsztyn-Mazury zainaugurowano nowe po\u0142\u0105czenie czarterowe touroperatora Itaka do tureckiej Antalyi","robots":{"index":"index","follow":"follow","max-snippet":"max-snippet:-1","max-image-preview":"max-image-preview:large","max-video-preview":"max-video-preview:-1"},"canonical":"https:\/\/transinfo.pl\/x\/infoair\/z-lotniska-olsztyn-mazury-mozna-juz-poleciec-do-antalyi\/","og_locale":"pl_PL","og_type":"article","og_title":"Z Lotniska Olsztyn-Mazury mo\u017cna ju\u017c polecie\u0107 do Antalyi","og_description":"W porcie lotniczym Olsztyn-Mazury zainaugurowano nowe po\u0142\u0105czenie czarterowe touroperatora Itaka do tureckiej Antalyi","og_url":"https:\/\/transinfo.pl\/x\/infoair\/z-lotniska-olsztyn-mazury-mozna-juz-poleciec-do-antalyi\/","og_site_name":"TransInfo Archiwum","og_image":[{"url":"https:\/\/transinfo.pl\/x\/wp-content\/uploads\/2023\/06\/Olsztyn-Mazury-inauguracja-czarteru-do-Turcji.jpg","width":1,"height":1,"type":"image\/jpeg"}],"twitter_card":"summary_large_image","twitter_misc":{"Szacowany czas czytania":"1 minuta"},"schema":{"@context":"https:\/\/schema.org","@graph":[{"@type":"WebPage","@id":"https:\/\/transinfo.pl\/x\/infoair\/z-lotniska-olsztyn-mazury-mozna-juz-poleciec-do-antalyi\/","url":"https:\/\/transinfo.pl\/x\/infoair\/z-lotniska-olsztyn-mazury-mozna-juz-poleciec-do-antalyi\/","name":"Z Lotniska Olsztyn-Mazury mo\u017cna ju\u017c polecie\u0107 do Antalyi - TransInfo Archiwum","isPartOf":{"@id":"https:\/\/transinfo.pl\/x\/#website"},"primaryImageOfPage":{"@id":"https:\/\/transinfo.pl\/x\/infoair\/z-lotniska-olsztyn-mazury-mozna-juz-poleciec-do-antalyi\/#primaryimage"},"image":{"@id":"https:\/\/transinfo.pl\/x\/infoair\/z-lotniska-olsztyn-mazury-mozna-juz-poleciec-do-antalyi\/#primaryimage"},"thumbnailUrl":"https:\/\/transinfo.pl\/x\/wp-content\/uploads\/2023\/06\/Olsztyn-Mazury-inauguracja-czarteru-do-Turcji.jpg","datePublished":"2023-06-21T18:30:00+00:00","dateModified":"2023-06-21T18:30:00+00:00","description":"W porcie lotniczym Olsztyn-Mazury zainaugurowano nowe po\u0142\u0105czenie czarterowe touroperatora Itaka do tureckiej Antalyi","breadcrumb":{"@id":"https:\/\/transinfo.pl\/x\/infoair\/z-lotniska-olsztyn-mazury-mozna-juz-poleciec-do-antalyi\/#breadcrumb"},"inLanguage":"pl-PL","potentialAction":[{"@type":"ReadAction","target":["https:\/\/transinfo.pl\/x\/infoair\/z-lotniska-olsztyn-mazury-mozna-juz-poleciec-do-antalyi\/"]}]},{"@type":"ImageObject","inLanguage":"pl-PL","@id":"https:\/\/transinfo.pl\/x\/infoair\/z-lotniska-olsztyn-mazury-mozna-juz-poleciec-do-antalyi\/#primaryimage","url":"https:\/\/transinfo.pl\/x\/wp-content\/uploads\/2023\/06\/Olsztyn-Mazury-inauguracja-czarteru-do-Turcji.jpg","contentUrl":"https:\/\/transinfo.pl\/x\/wp-content\/uploads\/2023\/06\/Olsztyn-Mazury-inauguracja-czarteru-do-Turcji.jpg"},{"@type":"BreadcrumbList","@id":"https:\/\/transinfo.pl\/x\/infoair\/z-lotniska-olsztyn-mazury-mozna-juz-poleciec-do-antalyi\/#breadcrumb","itemListElement":[{"@type":"ListItem","position":1,"name":"Home","item":"https:\/\/transinfo.pl\/x\/"},{"@type":"ListItem","position":2,"name":"Infoair","item":"https:\/\/transinfo.pl\/x\/infoair\/"},{"@type":"ListItem","position":3,"name":"Z Lotniska Olsztyn-Mazury mo\u017cna ju\u017c polecie\u0107 do Antalyi"}]},{"@type":"WebSite","@id":"https:\/\/transinfo.pl\/x\/#website","url":"https:\/\/transinfo.pl\/x\/","name":"TransInfo Archiwum","description":"Ca\u0142y transport w jednym miejscu","publisher":{"@id":"https:\/\/transinfo.pl\/x\/#organization"},"potentialAction":[{"@type":"SearchAction","target":{"@type":"EntryPoint","urlTemplate":"https:\/\/transinfo.pl\/x\/?s={search_term_string}"},"query-input":{"@type":"PropertyValueSpecification","valueRequired":true,"valueName":"search_term_string"}}],"inLanguage":"pl-PL"},{"@type":"Organization","@id":"https:\/\/transinfo.pl\/x\/#organization","name":"TransInfo","url":"https:\/\/transinfo.pl\/x\/","logo":{"@type":"ImageObject","inLanguage":"pl-PL","@id":"https:\/\/transinfo.pl\/x\/#\/schema\/logo\/image\/","url":"https:\/\/transinfo.pl\/x\/wp-content\/uploads\/2024\/10\/favicon.png","contentUrl":"https:\/\/transinfo.pl\/x\/wp-content\/uploads\/2024\/10\/favicon.png","width":512,"height":512,"caption":"TransInfo"},"image":{"@id":"https:\/\/transinfo.pl\/x\/#\/schema\/logo\/image\/"}}]}},"_links":{"self":[{"href":"https:\/\/transinfo.pl\/x\/wp-json\/wp\/v2\/infoair\/254446","targetHints":{"allow":["GET"]}}],"collection":[{"href":"https:\/\/transinfo.pl\/x\/wp-json\/wp\/v2\/infoair"}],"about":[{"href":"https:\/\/transinfo.pl\/x\/wp-json\/wp\/v2\/types\/infoair"}],"author":[{"embeddable":true,"href":"https:\/\/transinfo.pl\/x\/wp-json\/wp\/v2\/users\/1"}],"replies":[{"embeddable":true,"href":"https:\/\/transinfo.pl\/x\/wp-json\/wp\/v2\/comments?post=254446"}],"wp:featuredmedia":[{"embeddable":true,"href":"https:\/\/transinfo.pl\/x\/wp-json\/wp\/v2\/media\/254447"}],"wp:attachment":[{"href":"https:\/\/transinfo.pl\/x\/wp-json\/wp\/v2\/media?parent=254446"}],"wp:term":[{"taxonomy":"category","embeddable":true,"href":"https:\/\/transinfo.pl\/x\/wp-json\/wp\/v2\/categories?post=254446"},{"taxonomy":"post_tag","embeddable":true,"href":"https:\/\/transinfo.pl\/x\/wp-json\/wp\/v2\/tags?post=254446"}],"curies":[{"name":"wp","href":"https:\/\/api.w.org\/{rel}","templated":true}]}}