{"id":254137,"date":"2023-06-13T11:30:00","date_gmt":"2023-06-13T11:30:00","guid":{"rendered":"https:\/\/transinfo.pl\/x\/infoair\/pegasus-uruchomi-polaczenie-z-lotniska-krakow-do-ankary\/"},"modified":"2023-06-13T11:30:00","modified_gmt":"2023-06-13T11:30:00","slug":"pegasus-uruchomi-polaczenie-z-lotniska-krakow-do-ankary","status":"publish","type":"infoair","link":"https:\/\/transinfo.pl\/x\/infoair\/pegasus-uruchomi-polaczenie-z-lotniska-krakow-do-ankary\/","title":{"rendered":"Pegasus uruchomi po\u0142\u0105czenie z Lotniska Krak\u00f3w do Ankary"},"content":{"rendered":"<style>h1,h2,h3,h4,h5,h6{margin:0 0 1.25rem;font-family:Arial,sans-serif;font-weight:600;color:#050505}h1{font-size:1.875rem;line-height:1.1em;text-transform:none}@media(min-width: 768px){h1{font-size:2.375rem}}h2{font-size:1.1875rem;line-height:1.2em;text-transform:uppercase}@media(min-width: 768px){h2{font-size:1.0625rem}}h3{font-size:0.9375rem;line-height:1.4em;font-weight:900;margin-bottom:0.9375rem}h4{font-size:0.875rem;line-height:1.2em;font-weight:500}h5{font-size:0.9375rem;line-height:1.6;font-weight:400}h6{font-size:0.9375rem;line-height:1.6;font-weight:600}\n<\/style>\n<h6 class=\"wp-block-heading\">Krak\u00f3w b\u0119dzie mia\u0142 od 10 lipca po\u0142\u0105czenie ze stolic\u0105 Turcji Ankar\u0105, kt\u00f3re uruchomi tamtejsza linia&nbsp;lotnicza Pegasus. B\u0119dzie to trzecie w tym sezonie letnim bezpo\u015brednie po\u0142\u0105czenie stolicy Ma\u0142opolski z Turcj\u0105, po Stambule i kurorcie Antalya &#8211; poda\u0142 port Krak\u00f3w Airport.<\/h6>\n\n\n<style>p{margin:0 0 1.5rem}p:last-child{margin:0}p.is-style-uppercase{text-transform:uppercase}p.is-style-preheading{color:#12406a;text-transform:uppercase}p.is-style-leadparagraph{font-size:1rem;line-height:1.625;font-weight:700}@media(min-width: 768px){p.is-style-leadparagraph{font-size:1.125rem;line-height:1.5555555556}}p.has-small-margin{margin-bottom:0.625rem}p.has-small-margin+h1,p.has-small-margin+h2,p.has-small-margin+h3{margin-top:1.875rem}\n<\/style>\n<p>Jak przekazali w poniedzia\u0142ek przedstawiciele portu&nbsp;lotniczego Krak\u00f3w Airport, loty mi\u0119dzy Krakowem i Ankar\u0105 b\u0119d\u0105 realizowane dwa razy w tygodniu \u2013 w poniedzia\u0142ki i czwartki.<\/p>\n\n\n\n<p>Prezes Krak\u00f3w Airport Rados\u0142aw W\u0142oszek przypomnia\u0142, \u017ce Ankara to kolejne miasto na mapie po\u0142\u0105cze\u0144 krakowskiego&nbsp;lotniska i kolejny nowy przewo\u017anik w tegorocznym sezonie letnim.<\/p>\n\n\n<style>.wp-block-quote{border-left:0.1875rem solid var(--page-color);font-size:1rem;font-style:italic;margin:0 0 1.6875rem;padding:1.25rem}.wp-block-quote cite{color:#050505}.wp-block-quote.is-style-large p{margin-bottom:10px}.wp-block-quote.is-style-large cite{color:#12406a}\n<\/style>\n<blockquote class=\"wp-block-quote is-layout-flow wp-block-quote-is-layout-flow\">\n<p>Stolica Turcji, drugie po Stambule co do wielko\u015bci miasto cieszy si\u0119 wielk\u0105 popularno\u015bci\u0105 turyst\u00f3w z ca\u0142ego \u015bwiata. Jestem pewien, \u017ce nowe po\u0142\u0105czenie wzmocni tak\u017ce relacje biznesowe mi\u0119dzy naszymi regionami i przyniesie o\u017cywion\u0105 wi\u0119\u017a gospodarcz\u0105 \u2013 doda\u0142 W\u0142oszek.<\/p>\n<\/blockquote>\n\n\n\n\n\n\n\n<p>W tym sezonie letnim Krak\u00f3w zyska\u0142 ju\u017c po\u0142\u0105czenie ze Stambu\u0142em, kt\u00f3re od ko\u0144ca kwietnia obs\u0142uguj\u0105 wsp\u00f3lnie PLL LOT i Turkish Airlines w ramach partnerstwa sojuszu Star Alliance. Od pocz\u0105tku maja ze stolicy Ma\u0142opolski mo\u017cna te\u017c polecie\u0107 do portu&nbsp;lotniczego Antalya, dzi\u0119ki po\u0142\u0105czeniu obs\u0142ugiwanemu przez tamtejsz\u0105 lini\u0119 SunExpress.<\/p>\n\n\n\n<p>Mi\u0119dzynarodowy Port&nbsp;Lotniczy Krak\u00f3w-Balice jest drugim&nbsp;lotniskiem w Polsce pod wzgl\u0119dem liczby obs\u0142ugiwanych pasa\u017cer\u00f3w i najwi\u0119kszym portem regionalnym. W 2022 r. port obs\u0142u\u017cy\u0142 blisko 7,4 mln pasa\u017cer\u00f3w; by\u0142 to drugi wynik w historii&nbsp;lotniska. Rekord na poziomie 8,4 mln podr\u00f3\u017cnych ustanowiono w ostatnim przed pandemi\u0105 2019 r.<\/p>\n\n\n\n<p>W obowi\u0105zuj\u0105cym letnim rozk\u0142adzie lot\u00f3w przewo\u017anicy operuj\u0105cy z krakowskiego&nbsp;lotniska oferuj\u0105 145 po\u0142\u0105czenia do 107 miast w 33 krajach.<\/p>\n","protected":false},"author":1,"featured_media":254138,"comment_status":"","ping_status":"closed","template":"","categories":[28,27],"tags":[3345,3265,39,9749,5568],"class_list":["post-254137","infoair","type-infoair","status-publish","has-post-thumbnail","hentry","category-pasazer","category-wydarzenia","tag-ankara","tag-linie-lotnicze","tag-lotnisko-krakow","tag-pegasus","tag-polaczenie-lotnicze"],"acf":[],"yoast_head":"<!-- This site is optimized with the Yoast SEO Premium plugin v21.8 (Yoast SEO v23.7) - https:\/\/yoast.com\/wordpress\/plugins\/seo\/ -->\n<title>Pegasus uruchomi po\u0142\u0105czenie z Lotniska Krak\u00f3w do Ankary - TransInfo Archiwum<\/title>\n<meta name=\"description\" content=\"Krak\u00f3w b\u0119dzie mia\u0142 od 10 lipca po\u0142\u0105czenie ze stolic\u0105 Turcji Ankar\u0105, kt\u00f3re uruchomi tamtejsza linia\u00a0lotnicza Pegasus.\" \/>\n<meta name=\"robots\" content=\"index, follow, max-snippet:-1, max-image-preview:large, max-video-preview:-1\" \/>\n<link rel=\"canonical\" href=\"https:\/\/transinfo.pl\/x\/infoair\/pegasus-uruchomi-polaczenie-z-lotniska-krakow-do-ankary\/\" \/>\n<meta property=\"og:locale\" content=\"pl_PL\" \/>\n<meta property=\"og:type\" content=\"article\" \/>\n<meta property=\"og:title\" content=\"Pegasus uruchomi po\u0142\u0105czenie z Lotniska Krak\u00f3w do Ankary\" \/>\n<meta property=\"og:description\" content=\"Krak\u00f3w b\u0119dzie mia\u0142 od 10 lipca po\u0142\u0105czenie ze stolic\u0105 Turcji Ankar\u0105, kt\u00f3re uruchomi tamtejsza linia\u00a0lotnicza Pegasus.\" \/>\n<meta property=\"og:url\" content=\"https:\/\/transinfo.pl\/x\/infoair\/pegasus-uruchomi-polaczenie-z-lotniska-krakow-do-ankary\/\" \/>\n<meta property=\"og:site_name\" content=\"TransInfo Archiwum\" \/>\n<meta property=\"og:image\" content=\"https:\/\/transinfo.pl\/x\/wp-content\/uploads\/2023\/06\/Lotnisko-Krakow-Ankara.jpg\" \/>\n\t<meta property=\"og:image:width\" content=\"1\" \/>\n\t<meta property=\"og:image:height\" content=\"1\" \/>\n\t<meta property=\"og:image:type\" content=\"image\/jpeg\" \/>\n<meta name=\"twitter:card\" content=\"summary_large_image\" \/>\n<meta name=\"twitter:label1\" content=\"Szacowany czas czytania\" \/>\n\t<meta name=\"twitter:data1\" content=\"1 minuta\" \/>\n<script type=\"application\/ld+json\" class=\"yoast-schema-graph\">{\"@context\":\"https:\/\/schema.org\",\"@graph\":[{\"@type\":\"WebPage\",\"@id\":\"https:\/\/transinfo.pl\/x\/infoair\/pegasus-uruchomi-polaczenie-z-lotniska-krakow-do-ankary\/\",\"url\":\"https:\/\/transinfo.pl\/x\/infoair\/pegasus-uruchomi-polaczenie-z-lotniska-krakow-do-ankary\/\",\"name\":\"Pegasus uruchomi po\u0142\u0105czenie z Lotniska Krak\u00f3w do Ankary - TransInfo Archiwum\",\"isPartOf\":{\"@id\":\"https:\/\/transinfo.pl\/x\/#website\"},\"primaryImageOfPage\":{\"@id\":\"https:\/\/transinfo.pl\/x\/infoair\/pegasus-uruchomi-polaczenie-z-lotniska-krakow-do-ankary\/#primaryimage\"},\"image\":{\"@id\":\"https:\/\/transinfo.pl\/x\/infoair\/pegasus-uruchomi-polaczenie-z-lotniska-krakow-do-ankary\/#primaryimage\"},\"thumbnailUrl\":\"https:\/\/transinfo.pl\/x\/wp-content\/uploads\/2023\/06\/Lotnisko-Krakow-Ankara.jpg\",\"datePublished\":\"2023-06-13T11:30:00+00:00\",\"dateModified\":\"2023-06-13T11:30:00+00:00\",\"description\":\"Krak\u00f3w b\u0119dzie mia\u0142 od 10 lipca po\u0142\u0105czenie ze stolic\u0105 Turcji Ankar\u0105, kt\u00f3re uruchomi tamtejsza linia\u00a0lotnicza Pegasus.\",\"breadcrumb\":{\"@id\":\"https:\/\/transinfo.pl\/x\/infoair\/pegasus-uruchomi-polaczenie-z-lotniska-krakow-do-ankary\/#breadcrumb\"},\"inLanguage\":\"pl-PL\",\"potentialAction\":[{\"@type\":\"ReadAction\",\"target\":[\"https:\/\/transinfo.pl\/x\/infoair\/pegasus-uruchomi-polaczenie-z-lotniska-krakow-do-ankary\/\"]}]},{\"@type\":\"ImageObject\",\"inLanguage\":\"pl-PL\",\"@id\":\"https:\/\/transinfo.pl\/x\/infoair\/pegasus-uruchomi-polaczenie-z-lotniska-krakow-do-ankary\/#primaryimage\",\"url\":\"https:\/\/transinfo.pl\/x\/wp-content\/uploads\/2023\/06\/Lotnisko-Krakow-Ankara.jpg\",\"contentUrl\":\"https:\/\/transinfo.pl\/x\/wp-content\/uploads\/2023\/06\/Lotnisko-Krakow-Ankara.jpg\"},{\"@type\":\"BreadcrumbList\",\"@id\":\"https:\/\/transinfo.pl\/x\/infoair\/pegasus-uruchomi-polaczenie-z-lotniska-krakow-do-ankary\/#breadcrumb\",\"itemListElement\":[{\"@type\":\"ListItem\",\"position\":1,\"name\":\"Home\",\"item\":\"https:\/\/transinfo.pl\/x\/\"},{\"@type\":\"ListItem\",\"position\":2,\"name\":\"Infoair\",\"item\":\"https:\/\/transinfo.pl\/x\/infoair\/\"},{\"@type\":\"ListItem\",\"position\":3,\"name\":\"Pegasus uruchomi po\u0142\u0105czenie z Lotniska Krak\u00f3w do Ankary\"}]},{\"@type\":\"WebSite\",\"@id\":\"https:\/\/transinfo.pl\/x\/#website\",\"url\":\"https:\/\/transinfo.pl\/x\/\",\"name\":\"TransInfo Archiwum\",\"description\":\"Ca\u0142y transport w jednym miejscu\",\"publisher\":{\"@id\":\"https:\/\/transinfo.pl\/x\/#organization\"},\"potentialAction\":[{\"@type\":\"SearchAction\",\"target\":{\"@type\":\"EntryPoint\",\"urlTemplate\":\"https:\/\/transinfo.pl\/x\/?s={search_term_string}\"},\"query-input\":{\"@type\":\"PropertyValueSpecification\",\"valueRequired\":true,\"valueName\":\"search_term_string\"}}],\"inLanguage\":\"pl-PL\"},{\"@type\":\"Organization\",\"@id\":\"https:\/\/transinfo.pl\/x\/#organization\",\"name\":\"TransInfo\",\"url\":\"https:\/\/transinfo.pl\/x\/\",\"logo\":{\"@type\":\"ImageObject\",\"inLanguage\":\"pl-PL\",\"@id\":\"https:\/\/transinfo.pl\/x\/#\/schema\/logo\/image\/\",\"url\":\"https:\/\/transinfo.pl\/x\/wp-content\/uploads\/2024\/10\/favicon.png\",\"contentUrl\":\"https:\/\/transinfo.pl\/x\/wp-content\/uploads\/2024\/10\/favicon.png\",\"width\":512,\"height\":512,\"caption\":\"TransInfo\"},\"image\":{\"@id\":\"https:\/\/transinfo.pl\/x\/#\/schema\/logo\/image\/\"}}]}<\/script>\n<!-- \/ Yoast SEO Premium plugin. -->","yoast_head_json":{"title":"Pegasus uruchomi po\u0142\u0105czenie z Lotniska Krak\u00f3w do Ankary - TransInfo Archiwum","description":"Krak\u00f3w b\u0119dzie mia\u0142 od 10 lipca po\u0142\u0105czenie ze stolic\u0105 Turcji Ankar\u0105, kt\u00f3re uruchomi tamtejsza linia\u00a0lotnicza Pegasus.","robots":{"index":"index","follow":"follow","max-snippet":"max-snippet:-1","max-image-preview":"max-image-preview:large","max-video-preview":"max-video-preview:-1"},"canonical":"https:\/\/transinfo.pl\/x\/infoair\/pegasus-uruchomi-polaczenie-z-lotniska-krakow-do-ankary\/","og_locale":"pl_PL","og_type":"article","og_title":"Pegasus uruchomi po\u0142\u0105czenie z Lotniska Krak\u00f3w do Ankary","og_description":"Krak\u00f3w b\u0119dzie mia\u0142 od 10 lipca po\u0142\u0105czenie ze stolic\u0105 Turcji Ankar\u0105, kt\u00f3re uruchomi tamtejsza linia\u00a0lotnicza Pegasus.","og_url":"https:\/\/transinfo.pl\/x\/infoair\/pegasus-uruchomi-polaczenie-z-lotniska-krakow-do-ankary\/","og_site_name":"TransInfo Archiwum","og_image":[{"url":"https:\/\/transinfo.pl\/x\/wp-content\/uploads\/2023\/06\/Lotnisko-Krakow-Ankara.jpg","width":1,"height":1,"type":"image\/jpeg"}],"twitter_card":"summary_large_image","twitter_misc":{"Szacowany czas czytania":"1 minuta"},"schema":{"@context":"https:\/\/schema.org","@graph":[{"@type":"WebPage","@id":"https:\/\/transinfo.pl\/x\/infoair\/pegasus-uruchomi-polaczenie-z-lotniska-krakow-do-ankary\/","url":"https:\/\/transinfo.pl\/x\/infoair\/pegasus-uruchomi-polaczenie-z-lotniska-krakow-do-ankary\/","name":"Pegasus uruchomi po\u0142\u0105czenie z Lotniska Krak\u00f3w do Ankary - TransInfo Archiwum","isPartOf":{"@id":"https:\/\/transinfo.pl\/x\/#website"},"primaryImageOfPage":{"@id":"https:\/\/transinfo.pl\/x\/infoair\/pegasus-uruchomi-polaczenie-z-lotniska-krakow-do-ankary\/#primaryimage"},"image":{"@id":"https:\/\/transinfo.pl\/x\/infoair\/pegasus-uruchomi-polaczenie-z-lotniska-krakow-do-ankary\/#primaryimage"},"thumbnailUrl":"https:\/\/transinfo.pl\/x\/wp-content\/uploads\/2023\/06\/Lotnisko-Krakow-Ankara.jpg","datePublished":"2023-06-13T11:30:00+00:00","dateModified":"2023-06-13T11:30:00+00:00","description":"Krak\u00f3w b\u0119dzie mia\u0142 od 10 lipca po\u0142\u0105czenie ze stolic\u0105 Turcji Ankar\u0105, kt\u00f3re uruchomi tamtejsza linia\u00a0lotnicza Pegasus.","breadcrumb":{"@id":"https:\/\/transinfo.pl\/x\/infoair\/pegasus-uruchomi-polaczenie-z-lotniska-krakow-do-ankary\/#breadcrumb"},"inLanguage":"pl-PL","potentialAction":[{"@type":"ReadAction","target":["https:\/\/transinfo.pl\/x\/infoair\/pegasus-uruchomi-polaczenie-z-lotniska-krakow-do-ankary\/"]}]},{"@type":"ImageObject","inLanguage":"pl-PL","@id":"https:\/\/transinfo.pl\/x\/infoair\/pegasus-uruchomi-polaczenie-z-lotniska-krakow-do-ankary\/#primaryimage","url":"https:\/\/transinfo.pl\/x\/wp-content\/uploads\/2023\/06\/Lotnisko-Krakow-Ankara.jpg","contentUrl":"https:\/\/transinfo.pl\/x\/wp-content\/uploads\/2023\/06\/Lotnisko-Krakow-Ankara.jpg"},{"@type":"BreadcrumbList","@id":"https:\/\/transinfo.pl\/x\/infoair\/pegasus-uruchomi-polaczenie-z-lotniska-krakow-do-ankary\/#breadcrumb","itemListElement":[{"@type":"ListItem","position":1,"name":"Home","item":"https:\/\/transinfo.pl\/x\/"},{"@type":"ListItem","position":2,"name":"Infoair","item":"https:\/\/transinfo.pl\/x\/infoair\/"},{"@type":"ListItem","position":3,"name":"Pegasus uruchomi po\u0142\u0105czenie z Lotniska Krak\u00f3w do Ankary"}]},{"@type":"WebSite","@id":"https:\/\/transinfo.pl\/x\/#website","url":"https:\/\/transinfo.pl\/x\/","name":"TransInfo Archiwum","description":"Ca\u0142y transport w jednym miejscu","publisher":{"@id":"https:\/\/transinfo.pl\/x\/#organization"},"potentialAction":[{"@type":"SearchAction","target":{"@type":"EntryPoint","urlTemplate":"https:\/\/transinfo.pl\/x\/?s={search_term_string}"},"query-input":{"@type":"PropertyValueSpecification","valueRequired":true,"valueName":"search_term_string"}}],"inLanguage":"pl-PL"},{"@type":"Organization","@id":"https:\/\/transinfo.pl\/x\/#organization","name":"TransInfo","url":"https:\/\/transinfo.pl\/x\/","logo":{"@type":"ImageObject","inLanguage":"pl-PL","@id":"https:\/\/transinfo.pl\/x\/#\/schema\/logo\/image\/","url":"https:\/\/transinfo.pl\/x\/wp-content\/uploads\/2024\/10\/favicon.png","contentUrl":"https:\/\/transinfo.pl\/x\/wp-content\/uploads\/2024\/10\/favicon.png","width":512,"height":512,"caption":"TransInfo"},"image":{"@id":"https:\/\/transinfo.pl\/x\/#\/schema\/logo\/image\/"}}]}},"_links":{"self":[{"href":"https:\/\/transinfo.pl\/x\/wp-json\/wp\/v2\/infoair\/254137","targetHints":{"allow":["GET"]}}],"collection":[{"href":"https:\/\/transinfo.pl\/x\/wp-json\/wp\/v2\/infoair"}],"about":[{"href":"https:\/\/transinfo.pl\/x\/wp-json\/wp\/v2\/types\/infoair"}],"author":[{"embeddable":true,"href":"https:\/\/transinfo.pl\/x\/wp-json\/wp\/v2\/users\/1"}],"replies":[{"embeddable":true,"href":"https:\/\/transinfo.pl\/x\/wp-json\/wp\/v2\/comments?post=254137"}],"wp:featuredmedia":[{"embeddable":true,"href":"https:\/\/transinfo.pl\/x\/wp-json\/wp\/v2\/media\/254138"}],"wp:attachment":[{"href":"https:\/\/transinfo.pl\/x\/wp-json\/wp\/v2\/media?parent=254137"}],"wp:term":[{"taxonomy":"category","embeddable":true,"href":"https:\/\/transinfo.pl\/x\/wp-json\/wp\/v2\/categories?post=254137"},{"taxonomy":"post_tag","embeddable":true,"href":"https:\/\/transinfo.pl\/x\/wp-json\/wp\/v2\/tags?post=254137"}],"curies":[{"name":"wp","href":"https:\/\/api.w.org\/{rel}","templated":true}]}}