{"id":253908,"date":"2023-06-06T08:30:00","date_gmt":"2023-06-06T08:30:00","guid":{"rendered":"https:\/\/transinfo.pl\/x\/infoair\/lotnisko-olsztyn-mazury-ponad-136-tys-obsluzonych-pasazerow-w-maju\/"},"modified":"2023-06-06T08:30:00","modified_gmt":"2023-06-06T08:30:00","slug":"lotnisko-olsztyn-mazury-ponad-136-tys-obsluzonych-pasazerow-w-maju","status":"publish","type":"infoair","link":"https:\/\/transinfo.pl\/x\/infoair\/lotnisko-olsztyn-mazury-ponad-136-tys-obsluzonych-pasazerow-w-maju\/","title":{"rendered":"Lotnisko Olsztyn-Mazury: ponad 13,6 tys. obs\u0142u\u017conych pasa\u017cer\u00f3w w maju"},"content":{"rendered":"<style>h1,h2,h3,h4,h5,h6{margin:0 0 1.25rem;font-family:Arial,sans-serif;font-weight:600;color:#050505}h1{font-size:1.875rem;line-height:1.1em;text-transform:none}@media(min-width: 768px){h1{font-size:2.375rem}}h2{font-size:1.1875rem;line-height:1.2em;text-transform:uppercase}@media(min-width: 768px){h2{font-size:1.0625rem}}h3{font-size:0.9375rem;line-height:1.4em;font-weight:900;margin-bottom:0.9375rem}h4{font-size:0.875rem;line-height:1.2em;font-weight:500}h5{font-size:0.9375rem;line-height:1.6;font-weight:400}h6{font-size:0.9375rem;line-height:1.6;font-weight:600}\n<\/style>\n<h6 class=\"wp-block-heading\">W maju z lotniska Olsztyn-Mazury skorzysta\u0142o 13 tys. 623 pasa\u017cer\u00f3w, podczas gdy w maju 2022 r. 11 tys. 987 podr\u00f3\u017cnych. Tegoroczny wynik to wzrost liczby os\u00f3b o 13,6 proc.; to najlepszy maj w historii Portu Lotniczego Olsztyn-Mazury &#8211; poda\u0142y s\u0142u\u017cby lotniska.<\/h6>\n\n\n<style>p{margin:0 0 1.5rem}p:last-child{margin:0}p.is-style-uppercase{text-transform:uppercase}p.is-style-preheading{color:#12406a;text-transform:uppercase}p.is-style-leadparagraph{font-size:1rem;line-height:1.625;font-weight:700}@media(min-width: 768px){p.is-style-leadparagraph{font-size:1.125rem;line-height:1.5555555556}}p.has-small-margin{margin-bottom:0.625rem}p.has-small-margin+h1,p.has-small-margin+h2,p.has-small-margin+h3{margin-top:1.875rem}\n<\/style>\n<p>Jak poinformowa\u0142 w poniedzia\u0142ek rzecznik portu Dariusz Naworski, statystyki pokazuj\u0105 sukcesywn\u0105 odbudow\u0119 ruchu pasa\u017cerskiego po pandemii Covid-19 i zapowiadaj\u0105 udany sezon wakacyjny.<\/p>\n\n\n<style>.wp-block-quote{border-left:0.1875rem solid var(--page-color);font-size:1rem;font-style:italic;margin:0 0 1.6875rem;padding:1.25rem}.wp-block-quote cite{color:#050505}.wp-block-quote.is-style-large p{margin-bottom:10px}.wp-block-quote.is-style-large cite{color:#12406a}\n<\/style>\n<blockquote class=\"wp-block-quote is-layout-flow wp-block-quote-is-layout-flow\">\n<p>Majowy wynik to dobry start sezonu letniego. To tak\u017ce potwierdzenie, \u017ce wielu mieszka\u0144c\u00f3w naszego regionu, ale r\u00f3wnie\u017c turyst\u00f3w odwiedzaj\u0105cych go, wybiera wygodn\u0105 i szybk\u0105 opcj\u0119 podr\u00f3\u017cy lotniczej z i na Warmi\u0119 i Mazury. Mamy nadziej\u0119, \u017ce tendencja ta utrzyma si\u0119 a wakacyjne loty czarterowe dodatkowo nap\u0119dz\u0105 ruch na naszym lotnisku &#8211; podkre\u015bli\u0142  Wiktor W\u00f3jcik, prezes Zarz\u0105du Warmia i Mazury Sp. z o.o., zarz\u0105dzaj\u0105cej Portem Lotniczym Olsztyn-Mazury w Szymanach.<\/p>\n<\/blockquote>\n\n\n\n<p>U\u0142atwieniem dla pasa\u017cer\u00f3w podr\u00f3\u017cuj\u0105cych przez Port Lotniczy Olsztyn-Mazury tego lata ma by\u0107 darmowy transfer autobusowy pomi\u0119dzy Szczytnem a lotniskiem, kt\u00f3ry umo\u017cliwia przesiadk\u0119 np. na poci\u0105g z\/do Olsztyna i E\u0142ku.<\/p>\n\n\n<style>.wp-block-image{margin:1.25rem 0;text-align:center}.wp-block-image figcaption{padding:0 0.9375rem;text-align:center}\n<\/style>\n<figure class=\"wp-block-image size-large\"><img decoding=\"async\" src=\"https:\/\/transinfo.pl\/wp-content\/uploads\/2023\/06\/Lotnisko-Olsztyn-Mazury-wizz-air-1024x683.jpg\" alt=\"\" class=\"wp-image-433294\" \/><\/figure>\n\n\n\n<p>Letni rozk\u0142ad lot\u00f3w lotniska w Szymanach obejmuje rejsowe po\u0142\u0105czenia z\/do: Krakowa realizowane przez LOT w poniedzia\u0142ki i pi\u0105tki, Krakowa realizowane przez Ryanair we wtorki, czwartki i niedziele, do Wroc\u0142awia realizowane przez Ryanair w czwartki i niedziele, Dortmundu (Wizz Air we wtorki i soboty), do Londyn Stansted realizowane przez Ryanair w poniedzia\u0142ki i pi\u0105tki oraz do Londyn Luton &#8211; Wizz Air, wtorki i soboty. Tegoroczn\u0105 nowo\u015bci\u0105 jest po\u0142\u0105czenie czarterowe do tureckiej Antalyi realizowane przez touroperatora Itak\u0119 w \u015brody od 21 czerwca do 20 wrze\u015bnia br.&nbsp;<\/p>\n","protected":false},"author":1,"featured_media":253909,"comment_status":"","ping_status":"closed","template":"","categories":[28,27],"tags":[45,5561,123,481],"class_list":["post-253908","infoair","type-infoair","status-publish","has-post-thumbnail","hentry","category-pasazer","category-wydarzenia","tag-lotnisko","tag-lotnisko-olsztyn-mazury","tag-pasazer","tag-statystyka"],"acf":[],"yoast_head":"<!-- This site is optimized with the Yoast SEO Premium plugin v21.8 (Yoast SEO v23.7) - https:\/\/yoast.com\/wordpress\/plugins\/seo\/ -->\n<title>Lotnisko Olsztyn-Mazury: ponad 13,6 tys. obs\u0142u\u017conych pasa\u017cer\u00f3w w maju - TransInfo Archiwum<\/title>\n<meta name=\"description\" content=\"W maju z lotniska Olsztyn-Mazury skorzysta\u0142o 13 tys. 623 pasa\u017cer\u00f3w, podczas gdy w maju 2022 r. 11 tys. 987 podr\u00f3\u017cnych\" \/>\n<meta name=\"robots\" content=\"index, follow, max-snippet:-1, max-image-preview:large, max-video-preview:-1\" \/>\n<link rel=\"canonical\" href=\"https:\/\/transinfo.pl\/x\/infoair\/lotnisko-olsztyn-mazury-ponad-136-tys-obsluzonych-pasazerow-w-maju\/\" \/>\n<meta property=\"og:locale\" content=\"pl_PL\" \/>\n<meta property=\"og:type\" content=\"article\" \/>\n<meta property=\"og:title\" content=\"Lotnisko Olsztyn-Mazury: ponad 13,6 tys. obs\u0142u\u017conych pasa\u017cer\u00f3w w maju\" \/>\n<meta property=\"og:description\" content=\"W maju z lotniska Olsztyn-Mazury skorzysta\u0142o 13 tys. 623 pasa\u017cer\u00f3w, podczas gdy w maju 2022 r. 11 tys. 987 podr\u00f3\u017cnych\" \/>\n<meta property=\"og:url\" content=\"https:\/\/transinfo.pl\/x\/infoair\/lotnisko-olsztyn-mazury-ponad-136-tys-obsluzonych-pasazerow-w-maju\/\" \/>\n<meta property=\"og:site_name\" content=\"TransInfo Archiwum\" \/>\n<meta property=\"og:image\" content=\"https:\/\/transinfo.pl\/x\/wp-content\/uploads\/2023\/06\/Lotnisko-Olsztyn-Mazury.jpg\" \/>\n\t<meta property=\"og:image:width\" content=\"1\" \/>\n\t<meta property=\"og:image:height\" content=\"1\" \/>\n\t<meta property=\"og:image:type\" content=\"image\/jpeg\" \/>\n<meta name=\"twitter:card\" content=\"summary_large_image\" \/>\n<meta name=\"twitter:label1\" content=\"Szacowany czas czytania\" \/>\n\t<meta name=\"twitter:data1\" content=\"1 minuta\" \/>\n<script type=\"application\/ld+json\" class=\"yoast-schema-graph\">{\"@context\":\"https:\/\/schema.org\",\"@graph\":[{\"@type\":\"WebPage\",\"@id\":\"https:\/\/transinfo.pl\/x\/infoair\/lotnisko-olsztyn-mazury-ponad-136-tys-obsluzonych-pasazerow-w-maju\/\",\"url\":\"https:\/\/transinfo.pl\/x\/infoair\/lotnisko-olsztyn-mazury-ponad-136-tys-obsluzonych-pasazerow-w-maju\/\",\"name\":\"Lotnisko Olsztyn-Mazury: ponad 13,6 tys. obs\u0142u\u017conych pasa\u017cer\u00f3w w maju - TransInfo Archiwum\",\"isPartOf\":{\"@id\":\"https:\/\/transinfo.pl\/x\/#website\"},\"primaryImageOfPage\":{\"@id\":\"https:\/\/transinfo.pl\/x\/infoair\/lotnisko-olsztyn-mazury-ponad-136-tys-obsluzonych-pasazerow-w-maju\/#primaryimage\"},\"image\":{\"@id\":\"https:\/\/transinfo.pl\/x\/infoair\/lotnisko-olsztyn-mazury-ponad-136-tys-obsluzonych-pasazerow-w-maju\/#primaryimage\"},\"thumbnailUrl\":\"https:\/\/transinfo.pl\/x\/wp-content\/uploads\/2023\/06\/Lotnisko-Olsztyn-Mazury.jpg\",\"datePublished\":\"2023-06-06T08:30:00+00:00\",\"dateModified\":\"2023-06-06T08:30:00+00:00\",\"description\":\"W maju z lotniska Olsztyn-Mazury skorzysta\u0142o 13 tys. 623 pasa\u017cer\u00f3w, podczas gdy w maju 2022 r. 11 tys. 987 podr\u00f3\u017cnych\",\"breadcrumb\":{\"@id\":\"https:\/\/transinfo.pl\/x\/infoair\/lotnisko-olsztyn-mazury-ponad-136-tys-obsluzonych-pasazerow-w-maju\/#breadcrumb\"},\"inLanguage\":\"pl-PL\",\"potentialAction\":[{\"@type\":\"ReadAction\",\"target\":[\"https:\/\/transinfo.pl\/x\/infoair\/lotnisko-olsztyn-mazury-ponad-136-tys-obsluzonych-pasazerow-w-maju\/\"]}]},{\"@type\":\"ImageObject\",\"inLanguage\":\"pl-PL\",\"@id\":\"https:\/\/transinfo.pl\/x\/infoair\/lotnisko-olsztyn-mazury-ponad-136-tys-obsluzonych-pasazerow-w-maju\/#primaryimage\",\"url\":\"https:\/\/transinfo.pl\/x\/wp-content\/uploads\/2023\/06\/Lotnisko-Olsztyn-Mazury.jpg\",\"contentUrl\":\"https:\/\/transinfo.pl\/x\/wp-content\/uploads\/2023\/06\/Lotnisko-Olsztyn-Mazury.jpg\"},{\"@type\":\"BreadcrumbList\",\"@id\":\"https:\/\/transinfo.pl\/x\/infoair\/lotnisko-olsztyn-mazury-ponad-136-tys-obsluzonych-pasazerow-w-maju\/#breadcrumb\",\"itemListElement\":[{\"@type\":\"ListItem\",\"position\":1,\"name\":\"Home\",\"item\":\"https:\/\/transinfo.pl\/x\/\"},{\"@type\":\"ListItem\",\"position\":2,\"name\":\"Infoair\",\"item\":\"https:\/\/transinfo.pl\/x\/infoair\/\"},{\"@type\":\"ListItem\",\"position\":3,\"name\":\"Lotnisko Olsztyn-Mazury: ponad 13,6 tys. obs\u0142u\u017conych pasa\u017cer\u00f3w w maju\"}]},{\"@type\":\"WebSite\",\"@id\":\"https:\/\/transinfo.pl\/x\/#website\",\"url\":\"https:\/\/transinfo.pl\/x\/\",\"name\":\"TransInfo Archiwum\",\"description\":\"Ca\u0142y transport w jednym miejscu\",\"publisher\":{\"@id\":\"https:\/\/transinfo.pl\/x\/#organization\"},\"potentialAction\":[{\"@type\":\"SearchAction\",\"target\":{\"@type\":\"EntryPoint\",\"urlTemplate\":\"https:\/\/transinfo.pl\/x\/?s={search_term_string}\"},\"query-input\":{\"@type\":\"PropertyValueSpecification\",\"valueRequired\":true,\"valueName\":\"search_term_string\"}}],\"inLanguage\":\"pl-PL\"},{\"@type\":\"Organization\",\"@id\":\"https:\/\/transinfo.pl\/x\/#organization\",\"name\":\"TransInfo\",\"url\":\"https:\/\/transinfo.pl\/x\/\",\"logo\":{\"@type\":\"ImageObject\",\"inLanguage\":\"pl-PL\",\"@id\":\"https:\/\/transinfo.pl\/x\/#\/schema\/logo\/image\/\",\"url\":\"https:\/\/transinfo.pl\/x\/wp-content\/uploads\/2024\/10\/favicon.png\",\"contentUrl\":\"https:\/\/transinfo.pl\/x\/wp-content\/uploads\/2024\/10\/favicon.png\",\"width\":512,\"height\":512,\"caption\":\"TransInfo\"},\"image\":{\"@id\":\"https:\/\/transinfo.pl\/x\/#\/schema\/logo\/image\/\"}}]}<\/script>\n<!-- \/ Yoast SEO Premium plugin. -->","yoast_head_json":{"title":"Lotnisko Olsztyn-Mazury: ponad 13,6 tys. obs\u0142u\u017conych pasa\u017cer\u00f3w w maju - TransInfo Archiwum","description":"W maju z lotniska Olsztyn-Mazury skorzysta\u0142o 13 tys. 623 pasa\u017cer\u00f3w, podczas gdy w maju 2022 r. 11 tys. 987 podr\u00f3\u017cnych","robots":{"index":"index","follow":"follow","max-snippet":"max-snippet:-1","max-image-preview":"max-image-preview:large","max-video-preview":"max-video-preview:-1"},"canonical":"https:\/\/transinfo.pl\/x\/infoair\/lotnisko-olsztyn-mazury-ponad-136-tys-obsluzonych-pasazerow-w-maju\/","og_locale":"pl_PL","og_type":"article","og_title":"Lotnisko Olsztyn-Mazury: ponad 13,6 tys. obs\u0142u\u017conych pasa\u017cer\u00f3w w maju","og_description":"W maju z lotniska Olsztyn-Mazury skorzysta\u0142o 13 tys. 623 pasa\u017cer\u00f3w, podczas gdy w maju 2022 r. 11 tys. 987 podr\u00f3\u017cnych","og_url":"https:\/\/transinfo.pl\/x\/infoair\/lotnisko-olsztyn-mazury-ponad-136-tys-obsluzonych-pasazerow-w-maju\/","og_site_name":"TransInfo Archiwum","og_image":[{"url":"https:\/\/transinfo.pl\/x\/wp-content\/uploads\/2023\/06\/Lotnisko-Olsztyn-Mazury.jpg","width":1,"height":1,"type":"image\/jpeg"}],"twitter_card":"summary_large_image","twitter_misc":{"Szacowany czas czytania":"1 minuta"},"schema":{"@context":"https:\/\/schema.org","@graph":[{"@type":"WebPage","@id":"https:\/\/transinfo.pl\/x\/infoair\/lotnisko-olsztyn-mazury-ponad-136-tys-obsluzonych-pasazerow-w-maju\/","url":"https:\/\/transinfo.pl\/x\/infoair\/lotnisko-olsztyn-mazury-ponad-136-tys-obsluzonych-pasazerow-w-maju\/","name":"Lotnisko Olsztyn-Mazury: ponad 13,6 tys. obs\u0142u\u017conych pasa\u017cer\u00f3w w maju - TransInfo Archiwum","isPartOf":{"@id":"https:\/\/transinfo.pl\/x\/#website"},"primaryImageOfPage":{"@id":"https:\/\/transinfo.pl\/x\/infoair\/lotnisko-olsztyn-mazury-ponad-136-tys-obsluzonych-pasazerow-w-maju\/#primaryimage"},"image":{"@id":"https:\/\/transinfo.pl\/x\/infoair\/lotnisko-olsztyn-mazury-ponad-136-tys-obsluzonych-pasazerow-w-maju\/#primaryimage"},"thumbnailUrl":"https:\/\/transinfo.pl\/x\/wp-content\/uploads\/2023\/06\/Lotnisko-Olsztyn-Mazury.jpg","datePublished":"2023-06-06T08:30:00+00:00","dateModified":"2023-06-06T08:30:00+00:00","description":"W maju z lotniska Olsztyn-Mazury skorzysta\u0142o 13 tys. 623 pasa\u017cer\u00f3w, podczas gdy w maju 2022 r. 11 tys. 987 podr\u00f3\u017cnych","breadcrumb":{"@id":"https:\/\/transinfo.pl\/x\/infoair\/lotnisko-olsztyn-mazury-ponad-136-tys-obsluzonych-pasazerow-w-maju\/#breadcrumb"},"inLanguage":"pl-PL","potentialAction":[{"@type":"ReadAction","target":["https:\/\/transinfo.pl\/x\/infoair\/lotnisko-olsztyn-mazury-ponad-136-tys-obsluzonych-pasazerow-w-maju\/"]}]},{"@type":"ImageObject","inLanguage":"pl-PL","@id":"https:\/\/transinfo.pl\/x\/infoair\/lotnisko-olsztyn-mazury-ponad-136-tys-obsluzonych-pasazerow-w-maju\/#primaryimage","url":"https:\/\/transinfo.pl\/x\/wp-content\/uploads\/2023\/06\/Lotnisko-Olsztyn-Mazury.jpg","contentUrl":"https:\/\/transinfo.pl\/x\/wp-content\/uploads\/2023\/06\/Lotnisko-Olsztyn-Mazury.jpg"},{"@type":"BreadcrumbList","@id":"https:\/\/transinfo.pl\/x\/infoair\/lotnisko-olsztyn-mazury-ponad-136-tys-obsluzonych-pasazerow-w-maju\/#breadcrumb","itemListElement":[{"@type":"ListItem","position":1,"name":"Home","item":"https:\/\/transinfo.pl\/x\/"},{"@type":"ListItem","position":2,"name":"Infoair","item":"https:\/\/transinfo.pl\/x\/infoair\/"},{"@type":"ListItem","position":3,"name":"Lotnisko Olsztyn-Mazury: ponad 13,6 tys. obs\u0142u\u017conych pasa\u017cer\u00f3w w maju"}]},{"@type":"WebSite","@id":"https:\/\/transinfo.pl\/x\/#website","url":"https:\/\/transinfo.pl\/x\/","name":"TransInfo Archiwum","description":"Ca\u0142y transport w jednym miejscu","publisher":{"@id":"https:\/\/transinfo.pl\/x\/#organization"},"potentialAction":[{"@type":"SearchAction","target":{"@type":"EntryPoint","urlTemplate":"https:\/\/transinfo.pl\/x\/?s={search_term_string}"},"query-input":{"@type":"PropertyValueSpecification","valueRequired":true,"valueName":"search_term_string"}}],"inLanguage":"pl-PL"},{"@type":"Organization","@id":"https:\/\/transinfo.pl\/x\/#organization","name":"TransInfo","url":"https:\/\/transinfo.pl\/x\/","logo":{"@type":"ImageObject","inLanguage":"pl-PL","@id":"https:\/\/transinfo.pl\/x\/#\/schema\/logo\/image\/","url":"https:\/\/transinfo.pl\/x\/wp-content\/uploads\/2024\/10\/favicon.png","contentUrl":"https:\/\/transinfo.pl\/x\/wp-content\/uploads\/2024\/10\/favicon.png","width":512,"height":512,"caption":"TransInfo"},"image":{"@id":"https:\/\/transinfo.pl\/x\/#\/schema\/logo\/image\/"}}]}},"_links":{"self":[{"href":"https:\/\/transinfo.pl\/x\/wp-json\/wp\/v2\/infoair\/253908","targetHints":{"allow":["GET"]}}],"collection":[{"href":"https:\/\/transinfo.pl\/x\/wp-json\/wp\/v2\/infoair"}],"about":[{"href":"https:\/\/transinfo.pl\/x\/wp-json\/wp\/v2\/types\/infoair"}],"author":[{"embeddable":true,"href":"https:\/\/transinfo.pl\/x\/wp-json\/wp\/v2\/users\/1"}],"replies":[{"embeddable":true,"href":"https:\/\/transinfo.pl\/x\/wp-json\/wp\/v2\/comments?post=253908"}],"wp:featuredmedia":[{"embeddable":true,"href":"https:\/\/transinfo.pl\/x\/wp-json\/wp\/v2\/media\/253909"}],"wp:attachment":[{"href":"https:\/\/transinfo.pl\/x\/wp-json\/wp\/v2\/media?parent=253908"}],"wp:term":[{"taxonomy":"category","embeddable":true,"href":"https:\/\/transinfo.pl\/x\/wp-json\/wp\/v2\/categories?post=253908"},{"taxonomy":"post_tag","embeddable":true,"href":"https:\/\/transinfo.pl\/x\/wp-json\/wp\/v2\/tags?post=253908"}],"curies":[{"name":"wp","href":"https:\/\/api.w.org\/{rel}","templated":true}]}}