{"id":253448,"date":"2023-05-22T11:30:00","date_gmt":"2023-05-22T11:30:00","guid":{"rendered":"https:\/\/transinfo.pl\/x\/infoair\/lotnisko-szczecin-przygotowuje-sie-do-rozpoczecia-sezonu-letnich-czarterow\/"},"modified":"2023-05-22T11:30:00","modified_gmt":"2023-05-22T11:30:00","slug":"lotnisko-szczecin-przygotowuje-sie-do-rozpoczecia-sezonu-letnich-czarterow","status":"publish","type":"infoair","link":"https:\/\/transinfo.pl\/x\/infoair\/lotnisko-szczecin-przygotowuje-sie-do-rozpoczecia-sezonu-letnich-czarterow\/","title":{"rendered":"Lotnisko Szczecin przygotowuje si\u0119 do rozpocz\u0119cia sezonu letnich czarter\u00f3w"},"content":{"rendered":"<style>h1,h2,h3,h4,h5,h6{margin:0 0 1.25rem;font-family:Arial,sans-serif;font-weight:600;color:#050505}h1{font-size:1.875rem;line-height:1.1em;text-transform:none}@media(min-width: 768px){h1{font-size:2.375rem}}h2{font-size:1.1875rem;line-height:1.2em;text-transform:uppercase}@media(min-width: 768px){h2{font-size:1.0625rem}}h3{font-size:0.9375rem;line-height:1.4em;font-weight:900;margin-bottom:0.9375rem}h4{font-size:0.875rem;line-height:1.2em;font-weight:500}h5{font-size:0.9375rem;line-height:1.6;font-weight:400}h6{font-size:0.9375rem;line-height:1.6;font-weight:600}\n<\/style>\n<h6 class=\"wp-block-heading\">3 czerwca 2023 roku Lotnisko Szczecin-Goleni\u00f3w&nbsp; rozpocznie sezon letnich czarter\u00f3w. Siatka po\u0142\u0105cze\u0144 utrzyma si\u0119 na skromnym poziomie dw\u00f3ch sprawdzonych kurort\u00f3w wypoczynkowych.<\/h6>\n\n\n<style>p{margin:0 0 1.5rem}p:last-child{margin:0}p.is-style-uppercase{text-transform:uppercase}p.is-style-preheading{color:#12406a;text-transform:uppercase}p.is-style-leadparagraph{font-size:1rem;line-height:1.625;font-weight:700}@media(min-width: 768px){p.is-style-leadparagraph{font-size:1.125rem;line-height:1.5555555556}}p.has-small-margin{margin-bottom:0.625rem}p.has-small-margin+h1,p.has-small-margin+h2,p.has-small-margin+h3{margin-top:1.875rem}\n<\/style>\n<p>Przez 4,5 miesi\u0105ca sezonu po\u0142\u0105cze\u0144 czarterowych, podszczeci\u0144skie&nbsp; lotnisko ma nadziej\u0119 na obs\u0142u\u017cenie w tym czasie nawet 46 tys. turyst\u00f3w, czyli a\u017c o 40 proc. wi\u0119cej ni\u017c w ubieg\u0142orocznym sezonie letnim. Oferta Portu Lotniczego Szczecin b\u0119dzie opiera\u0142a si\u0119 na po\u0142\u0105czeniu do tureckiej Antalyi i bu\u0142garskiego Burgas.&nbsp;<\/p>\n\n\n\n<p>Trasa na Riwier\u0119 Tureck\u0105 b\u0119dzie realizowana z cz\u0119stotliwo\u015bci\u0105 pi\u0119ciu lot\u00f3w tygodniowo. Przewidziano seri\u0119 trzech wylot\u00f3w w \u015brod\u0119 oraz dw\u00f3ch w sobot\u0119. Wycieczki do Antalyi maj\u0105 w swojej ofercie biura: Coral Travel, TUI, Itaka oraz Rainbow Tours.<\/p>\n\n\n\n\n\n\n\n<p>Podr\u00f3\u017cni b\u0119d\u0105 mogli te\u017c liczy\u0107 na sezonow\u0105 nowo\u015b\u0107, czyli czarterow\u0105 tras\u0119 do bu\u0142garskiego Burgas. Miasto nad Zatok\u0105 Bu\u0142garsk\u0105 b\u0119dzie obs\u0142ugiwane raz w tygodniu w ramach partnerstwa z biurami: Coral Travel, TUI oraz Itaka. Wylot do Burgas zaplanowano na wtorek. Ostatni tury\u015bci wr\u00f3c\u0105 z wymarzonych wakacji w Bu\u0142garii ju\u017c 12 wrze\u015bnia 2023 roku, natomiast z Turcji wyra\u017anie p\u00f3\u017aniej, bo dopiero 21 pa\u017adziernika 2023 roku.<\/p>\n\n\n\n<p>Ofert\u0119 lot\u00f3w czarterowych w Szczecinie uzupe\u0142ni\u0105 po\u0142\u0105czenia przewo\u017anik\u00f3w tradycyjnych i niskokosztowych. Mowa o rejsach z Goleniowa na Lotnisko Chopina , kt\u00f3re realizuje PLL LOT, oraz Modlina, Krakowa, Stansted, Liverpoolu i Dublina realizowanych przez Ryanair, a tak\u017ce Torp (Wizz Air) oraz Gardermoen (Norwegian).<\/p>\n","protected":false},"author":1,"featured_media":253449,"comment_status":"","ping_status":"closed","template":"","categories":[28,27],"tags":[770,45,20339,5568],"class_list":["post-253448","infoair","type-infoair","status-publish","has-post-thumbnail","hentry","category-pasazer","category-wydarzenia","tag-czarter","tag-lotnisko","tag-lotnisko-szczecin-goleniow","tag-polaczenie-lotnicze"],"acf":[],"yoast_head":"<!-- This site is optimized with the Yoast SEO Premium plugin v21.8 (Yoast SEO v23.7) - https:\/\/yoast.com\/wordpress\/plugins\/seo\/ -->\n<title>Lotnisko Szczecin przygotowuje si\u0119 do rozpocz\u0119cia sezonu letnich czarter\u00f3w - TransInfo Archiwum<\/title>\n<meta name=\"description\" content=\"Przez 4,5 miesi\u0105ca sezonu po\u0142\u0105cze\u0144 czarterowych, podszczeci\u0144skie\u00a0 lotnisko ma nadziej\u0119 na obs\u0142u\u017cenie w tym czasie nawet 46 tys. turyst\u00f3w\" \/>\n<meta name=\"robots\" content=\"index, follow, max-snippet:-1, max-image-preview:large, max-video-preview:-1\" \/>\n<link rel=\"canonical\" href=\"https:\/\/transinfo.pl\/x\/infoair\/lotnisko-szczecin-przygotowuje-sie-do-rozpoczecia-sezonu-letnich-czarterow\/\" \/>\n<meta property=\"og:locale\" content=\"pl_PL\" \/>\n<meta property=\"og:type\" content=\"article\" \/>\n<meta property=\"og:title\" content=\"Lotnisko Szczecin przygotowuje si\u0119 do rozpocz\u0119cia sezonu letnich czarter\u00f3w\" \/>\n<meta property=\"og:description\" content=\"Przez 4,5 miesi\u0105ca sezonu po\u0142\u0105cze\u0144 czarterowych, podszczeci\u0144skie\u00a0 lotnisko ma nadziej\u0119 na obs\u0142u\u017cenie w tym czasie nawet 46 tys. turyst\u00f3w\" \/>\n<meta property=\"og:url\" content=\"https:\/\/transinfo.pl\/x\/infoair\/lotnisko-szczecin-przygotowuje-sie-do-rozpoczecia-sezonu-letnich-czarterow\/\" \/>\n<meta property=\"og:site_name\" content=\"TransInfo Archiwum\" \/>\n<meta property=\"og:image\" content=\"https:\/\/transinfo.pl\/x\/wp-content\/uploads\/2023\/05\/Lotnisko-szczecin-czartery.jpg\" \/>\n\t<meta property=\"og:image:width\" content=\"1\" \/>\n\t<meta property=\"og:image:height\" content=\"1\" \/>\n\t<meta property=\"og:image:type\" content=\"image\/jpeg\" \/>\n<meta name=\"twitter:card\" content=\"summary_large_image\" \/>\n<meta name=\"twitter:label1\" content=\"Szacowany czas czytania\" \/>\n\t<meta name=\"twitter:data1\" content=\"1 minuta\" \/>\n<script type=\"application\/ld+json\" class=\"yoast-schema-graph\">{\"@context\":\"https:\/\/schema.org\",\"@graph\":[{\"@type\":\"WebPage\",\"@id\":\"https:\/\/transinfo.pl\/x\/infoair\/lotnisko-szczecin-przygotowuje-sie-do-rozpoczecia-sezonu-letnich-czarterow\/\",\"url\":\"https:\/\/transinfo.pl\/x\/infoair\/lotnisko-szczecin-przygotowuje-sie-do-rozpoczecia-sezonu-letnich-czarterow\/\",\"name\":\"Lotnisko Szczecin przygotowuje si\u0119 do rozpocz\u0119cia sezonu letnich czarter\u00f3w - TransInfo Archiwum\",\"isPartOf\":{\"@id\":\"https:\/\/transinfo.pl\/x\/#website\"},\"primaryImageOfPage\":{\"@id\":\"https:\/\/transinfo.pl\/x\/infoair\/lotnisko-szczecin-przygotowuje-sie-do-rozpoczecia-sezonu-letnich-czarterow\/#primaryimage\"},\"image\":{\"@id\":\"https:\/\/transinfo.pl\/x\/infoair\/lotnisko-szczecin-przygotowuje-sie-do-rozpoczecia-sezonu-letnich-czarterow\/#primaryimage\"},\"thumbnailUrl\":\"https:\/\/transinfo.pl\/x\/wp-content\/uploads\/2023\/05\/Lotnisko-szczecin-czartery.jpg\",\"datePublished\":\"2023-05-22T11:30:00+00:00\",\"dateModified\":\"2023-05-22T11:30:00+00:00\",\"description\":\"Przez 4,5 miesi\u0105ca sezonu po\u0142\u0105cze\u0144 czarterowych, podszczeci\u0144skie\u00a0 lotnisko ma nadziej\u0119 na obs\u0142u\u017cenie w tym czasie nawet 46 tys. turyst\u00f3w\",\"breadcrumb\":{\"@id\":\"https:\/\/transinfo.pl\/x\/infoair\/lotnisko-szczecin-przygotowuje-sie-do-rozpoczecia-sezonu-letnich-czarterow\/#breadcrumb\"},\"inLanguage\":\"pl-PL\",\"potentialAction\":[{\"@type\":\"ReadAction\",\"target\":[\"https:\/\/transinfo.pl\/x\/infoair\/lotnisko-szczecin-przygotowuje-sie-do-rozpoczecia-sezonu-letnich-czarterow\/\"]}]},{\"@type\":\"ImageObject\",\"inLanguage\":\"pl-PL\",\"@id\":\"https:\/\/transinfo.pl\/x\/infoair\/lotnisko-szczecin-przygotowuje-sie-do-rozpoczecia-sezonu-letnich-czarterow\/#primaryimage\",\"url\":\"https:\/\/transinfo.pl\/x\/wp-content\/uploads\/2023\/05\/Lotnisko-szczecin-czartery.jpg\",\"contentUrl\":\"https:\/\/transinfo.pl\/x\/wp-content\/uploads\/2023\/05\/Lotnisko-szczecin-czartery.jpg\"},{\"@type\":\"BreadcrumbList\",\"@id\":\"https:\/\/transinfo.pl\/x\/infoair\/lotnisko-szczecin-przygotowuje-sie-do-rozpoczecia-sezonu-letnich-czarterow\/#breadcrumb\",\"itemListElement\":[{\"@type\":\"ListItem\",\"position\":1,\"name\":\"Home\",\"item\":\"https:\/\/transinfo.pl\/x\/\"},{\"@type\":\"ListItem\",\"position\":2,\"name\":\"Infoair\",\"item\":\"https:\/\/transinfo.pl\/x\/infoair\/\"},{\"@type\":\"ListItem\",\"position\":3,\"name\":\"Lotnisko Szczecin przygotowuje si\u0119 do rozpocz\u0119cia sezonu letnich czarter\u00f3w\"}]},{\"@type\":\"WebSite\",\"@id\":\"https:\/\/transinfo.pl\/x\/#website\",\"url\":\"https:\/\/transinfo.pl\/x\/\",\"name\":\"TransInfo Archiwum\",\"description\":\"Ca\u0142y transport w jednym miejscu\",\"publisher\":{\"@id\":\"https:\/\/transinfo.pl\/x\/#organization\"},\"potentialAction\":[{\"@type\":\"SearchAction\",\"target\":{\"@type\":\"EntryPoint\",\"urlTemplate\":\"https:\/\/transinfo.pl\/x\/?s={search_term_string}\"},\"query-input\":{\"@type\":\"PropertyValueSpecification\",\"valueRequired\":true,\"valueName\":\"search_term_string\"}}],\"inLanguage\":\"pl-PL\"},{\"@type\":\"Organization\",\"@id\":\"https:\/\/transinfo.pl\/x\/#organization\",\"name\":\"TransInfo\",\"url\":\"https:\/\/transinfo.pl\/x\/\",\"logo\":{\"@type\":\"ImageObject\",\"inLanguage\":\"pl-PL\",\"@id\":\"https:\/\/transinfo.pl\/x\/#\/schema\/logo\/image\/\",\"url\":\"https:\/\/transinfo.pl\/x\/wp-content\/uploads\/2024\/10\/favicon.png\",\"contentUrl\":\"https:\/\/transinfo.pl\/x\/wp-content\/uploads\/2024\/10\/favicon.png\",\"width\":512,\"height\":512,\"caption\":\"TransInfo\"},\"image\":{\"@id\":\"https:\/\/transinfo.pl\/x\/#\/schema\/logo\/image\/\"}}]}<\/script>\n<!-- \/ Yoast SEO Premium plugin. -->","yoast_head_json":{"title":"Lotnisko Szczecin przygotowuje si\u0119 do rozpocz\u0119cia sezonu letnich czarter\u00f3w - TransInfo Archiwum","description":"Przez 4,5 miesi\u0105ca sezonu po\u0142\u0105cze\u0144 czarterowych, podszczeci\u0144skie\u00a0 lotnisko ma nadziej\u0119 na obs\u0142u\u017cenie w tym czasie nawet 46 tys. turyst\u00f3w","robots":{"index":"index","follow":"follow","max-snippet":"max-snippet:-1","max-image-preview":"max-image-preview:large","max-video-preview":"max-video-preview:-1"},"canonical":"https:\/\/transinfo.pl\/x\/infoair\/lotnisko-szczecin-przygotowuje-sie-do-rozpoczecia-sezonu-letnich-czarterow\/","og_locale":"pl_PL","og_type":"article","og_title":"Lotnisko Szczecin przygotowuje si\u0119 do rozpocz\u0119cia sezonu letnich czarter\u00f3w","og_description":"Przez 4,5 miesi\u0105ca sezonu po\u0142\u0105cze\u0144 czarterowych, podszczeci\u0144skie\u00a0 lotnisko ma nadziej\u0119 na obs\u0142u\u017cenie w tym czasie nawet 46 tys. turyst\u00f3w","og_url":"https:\/\/transinfo.pl\/x\/infoair\/lotnisko-szczecin-przygotowuje-sie-do-rozpoczecia-sezonu-letnich-czarterow\/","og_site_name":"TransInfo Archiwum","og_image":[{"url":"https:\/\/transinfo.pl\/x\/wp-content\/uploads\/2023\/05\/Lotnisko-szczecin-czartery.jpg","width":1,"height":1,"type":"image\/jpeg"}],"twitter_card":"summary_large_image","twitter_misc":{"Szacowany czas czytania":"1 minuta"},"schema":{"@context":"https:\/\/schema.org","@graph":[{"@type":"WebPage","@id":"https:\/\/transinfo.pl\/x\/infoair\/lotnisko-szczecin-przygotowuje-sie-do-rozpoczecia-sezonu-letnich-czarterow\/","url":"https:\/\/transinfo.pl\/x\/infoair\/lotnisko-szczecin-przygotowuje-sie-do-rozpoczecia-sezonu-letnich-czarterow\/","name":"Lotnisko Szczecin przygotowuje si\u0119 do rozpocz\u0119cia sezonu letnich czarter\u00f3w - TransInfo Archiwum","isPartOf":{"@id":"https:\/\/transinfo.pl\/x\/#website"},"primaryImageOfPage":{"@id":"https:\/\/transinfo.pl\/x\/infoair\/lotnisko-szczecin-przygotowuje-sie-do-rozpoczecia-sezonu-letnich-czarterow\/#primaryimage"},"image":{"@id":"https:\/\/transinfo.pl\/x\/infoair\/lotnisko-szczecin-przygotowuje-sie-do-rozpoczecia-sezonu-letnich-czarterow\/#primaryimage"},"thumbnailUrl":"https:\/\/transinfo.pl\/x\/wp-content\/uploads\/2023\/05\/Lotnisko-szczecin-czartery.jpg","datePublished":"2023-05-22T11:30:00+00:00","dateModified":"2023-05-22T11:30:00+00:00","description":"Przez 4,5 miesi\u0105ca sezonu po\u0142\u0105cze\u0144 czarterowych, podszczeci\u0144skie\u00a0 lotnisko ma nadziej\u0119 na obs\u0142u\u017cenie w tym czasie nawet 46 tys. turyst\u00f3w","breadcrumb":{"@id":"https:\/\/transinfo.pl\/x\/infoair\/lotnisko-szczecin-przygotowuje-sie-do-rozpoczecia-sezonu-letnich-czarterow\/#breadcrumb"},"inLanguage":"pl-PL","potentialAction":[{"@type":"ReadAction","target":["https:\/\/transinfo.pl\/x\/infoair\/lotnisko-szczecin-przygotowuje-sie-do-rozpoczecia-sezonu-letnich-czarterow\/"]}]},{"@type":"ImageObject","inLanguage":"pl-PL","@id":"https:\/\/transinfo.pl\/x\/infoair\/lotnisko-szczecin-przygotowuje-sie-do-rozpoczecia-sezonu-letnich-czarterow\/#primaryimage","url":"https:\/\/transinfo.pl\/x\/wp-content\/uploads\/2023\/05\/Lotnisko-szczecin-czartery.jpg","contentUrl":"https:\/\/transinfo.pl\/x\/wp-content\/uploads\/2023\/05\/Lotnisko-szczecin-czartery.jpg"},{"@type":"BreadcrumbList","@id":"https:\/\/transinfo.pl\/x\/infoair\/lotnisko-szczecin-przygotowuje-sie-do-rozpoczecia-sezonu-letnich-czarterow\/#breadcrumb","itemListElement":[{"@type":"ListItem","position":1,"name":"Home","item":"https:\/\/transinfo.pl\/x\/"},{"@type":"ListItem","position":2,"name":"Infoair","item":"https:\/\/transinfo.pl\/x\/infoair\/"},{"@type":"ListItem","position":3,"name":"Lotnisko Szczecin przygotowuje si\u0119 do rozpocz\u0119cia sezonu letnich czarter\u00f3w"}]},{"@type":"WebSite","@id":"https:\/\/transinfo.pl\/x\/#website","url":"https:\/\/transinfo.pl\/x\/","name":"TransInfo Archiwum","description":"Ca\u0142y transport w jednym miejscu","publisher":{"@id":"https:\/\/transinfo.pl\/x\/#organization"},"potentialAction":[{"@type":"SearchAction","target":{"@type":"EntryPoint","urlTemplate":"https:\/\/transinfo.pl\/x\/?s={search_term_string}"},"query-input":{"@type":"PropertyValueSpecification","valueRequired":true,"valueName":"search_term_string"}}],"inLanguage":"pl-PL"},{"@type":"Organization","@id":"https:\/\/transinfo.pl\/x\/#organization","name":"TransInfo","url":"https:\/\/transinfo.pl\/x\/","logo":{"@type":"ImageObject","inLanguage":"pl-PL","@id":"https:\/\/transinfo.pl\/x\/#\/schema\/logo\/image\/","url":"https:\/\/transinfo.pl\/x\/wp-content\/uploads\/2024\/10\/favicon.png","contentUrl":"https:\/\/transinfo.pl\/x\/wp-content\/uploads\/2024\/10\/favicon.png","width":512,"height":512,"caption":"TransInfo"},"image":{"@id":"https:\/\/transinfo.pl\/x\/#\/schema\/logo\/image\/"}}]}},"_links":{"self":[{"href":"https:\/\/transinfo.pl\/x\/wp-json\/wp\/v2\/infoair\/253448","targetHints":{"allow":["GET"]}}],"collection":[{"href":"https:\/\/transinfo.pl\/x\/wp-json\/wp\/v2\/infoair"}],"about":[{"href":"https:\/\/transinfo.pl\/x\/wp-json\/wp\/v2\/types\/infoair"}],"author":[{"embeddable":true,"href":"https:\/\/transinfo.pl\/x\/wp-json\/wp\/v2\/users\/1"}],"replies":[{"embeddable":true,"href":"https:\/\/transinfo.pl\/x\/wp-json\/wp\/v2\/comments?post=253448"}],"wp:featuredmedia":[{"embeddable":true,"href":"https:\/\/transinfo.pl\/x\/wp-json\/wp\/v2\/media\/253449"}],"wp:attachment":[{"href":"https:\/\/transinfo.pl\/x\/wp-json\/wp\/v2\/media?parent=253448"}],"wp:term":[{"taxonomy":"category","embeddable":true,"href":"https:\/\/transinfo.pl\/x\/wp-json\/wp\/v2\/categories?post=253448"},{"taxonomy":"post_tag","embeddable":true,"href":"https:\/\/transinfo.pl\/x\/wp-json\/wp\/v2\/tags?post=253448"}],"curies":[{"name":"wp","href":"https:\/\/api.w.org\/{rel}","templated":true}]}}