{"id":247805,"date":"2022-12-06T08:30:00","date_gmt":"2022-12-06T08:30:00","guid":{"rendered":"https:\/\/transinfo.pl\/x\/infoair\/wspolpraca-airbusa-i-grupy-renault-w-zakresie-elektryfikacji-samolotow\/"},"modified":"2022-12-06T08:30:00","modified_gmt":"2022-12-06T08:30:00","slug":"wspolpraca-airbusa-i-grupy-renault-w-zakresie-elektryfikacji-samolotow","status":"publish","type":"infoair","link":"https:\/\/transinfo.pl\/x\/infoair\/wspolpraca-airbusa-i-grupy-renault-w-zakresie-elektryfikacji-samolotow\/","title":{"rendered":"Wsp\u00f3\u0142praca Airbusa i Grupy Renault w zakresie elektryfikacji samolot\u00f3w"},"content":{"rendered":"<style>h1,h2,h3,h4,h5,h6{margin:0 0 1.25rem;font-family:Arial,sans-serif;font-weight:600;color:#050505}h1{font-size:1.875rem;line-height:1.1em;text-transform:none}@media(min-width: 768px){h1{font-size:2.375rem}}h2{font-size:1.1875rem;line-height:1.2em;text-transform:uppercase}@media(min-width: 768px){h2{font-size:1.0625rem}}h3{font-size:0.9375rem;line-height:1.4em;font-weight:900;margin-bottom:0.9375rem}h4{font-size:0.875rem;line-height:1.2em;font-weight:500}h5{font-size:0.9375rem;line-height:1.6;font-weight:400}h6{font-size:0.9375rem;line-height:1.6;font-weight:600}\n<\/style>\n<h6 class=\"wp-block-heading\">Airbus i Grupa Renault, podpisali umow\u0119 badawczo-rozwojow\u0105, kt\u00f3rej celem jest przyspieszenie plan\u00f3w elektryfikacji i doskonalenia produkt\u00f3w obu firm. Zawi\u0105zane partnerstwo pomo\u017ce Airbusowi rozwin\u0105\u0107 technologie zwi\u0105zane z przysz\u0142ymi samolotami hybrydowo-elektrycznymi.<\/h6>\n\n\n<style>p{margin:0 0 1.5rem}p:last-child{margin:0}p.is-style-uppercase{text-transform:uppercase}p.is-style-preheading{color:#12406a;text-transform:uppercase}p.is-style-leadparagraph{font-size:1rem;line-height:1.625;font-weight:700}@media(min-width: 768px){p.is-style-leadparagraph{font-size:1.125rem;line-height:1.5555555556}}p.has-small-margin{margin-bottom:0.625rem}p.has-small-margin+h1,p.has-small-margin+h2,p.has-small-margin+h3{margin-top:1.875rem}\n<\/style>\n<p>Zespo\u0142y in\u017cynier\u00f3w Airbusa i Grupy Renault po\u0142\u0105cz\u0105 si\u0142y w celu opracowania dojrza\u0142ych technologii zwi\u0105zanych z magazynowaniem energii, kt\u00f3re stanowi jedn\u0105 z g\u0142\u00f3wnych przeszk\u00f3d w rozwoju pojazd\u00f3w elektrycznych dalekiego zasi\u0119gu.&nbsp;<\/p>\n\n\n\n<p>Umowa o wsp\u00f3\u0142pracy obejmuje w szczeg\u00f3lno\u015bci kwestie zwi\u0105zane z optymalizacj\u0105 zarz\u0105dzania energi\u0105 i popraw\u0105 masy akumulator\u00f3w, a tak\u017ce pozwoli poszukiwa\u0107 najlepszych sposob\u00f3w przej\u015bcia od obecnych ogniw chemicznych (zaawansowane ogniwa litowo-jonowe) do nowych konstrukcji, kt\u00f3re mog\u0142yby podwoi\u0107 g\u0119sto\u015b\u0107 energii magazynowanej w bateriach w perspektywie 2030 r.<\/p>\n\n\n\n<p>Podczas wsp\u00f3lnych prac zbadany zostanie r\u00f3wnie\u017c pe\u0142ny cykl \u017cycia przysz\u0142ych akumulator\u00f3w, od etapu produkcji po mo\u017cliwo\u015b\u0107 recyklingu, w celu przygotowania industrializacji nowych projekt\u00f3w akumulator\u00f3w. Przy okazji oceniony zostanie ich \u015blad w\u0119glowy w ca\u0142ym cyklu eksploatacji.<\/p>\n\n\n<style>.wp-block-quote{border-left:0.1875rem solid var(--page-color);font-size:1rem;font-style:italic;margin:0 0 1.6875rem;padding:1.25rem}.wp-block-quote cite{color:#050505}.wp-block-quote.is-style-large p{margin-bottom:10px}.wp-block-quote.is-style-large cite{color:#12406a}\n<\/style>\n<blockquote class=\"wp-block-quote is-layout-flow wp-block-quote-is-layout-flow\"><p>Po raz pierwszy dw\u00f3ch europejskich lider\u00f3w z r\u00f3\u017cnych bran\u017c dzieli si\u0119 wiedz\u0105 in\u017cyniersk\u0105, aby wp\u0142yn\u0105\u0107 na przysz\u0142o\u015b\u0107 samolot\u00f3w hybrydowo-elektrycznych. Lotnictwo to niezwykle wymagaj\u0105ca dziedzina zar\u00f3wno pod wzgl\u0119dem bezpiecze\u0144stwa, jak i zu\u017cycia energii, podobnie jak przemys\u0142 samochodowy. W Grupie Renault, nasze 10-letnie do\u015bwiadczenie w obszarze pojazd\u00f3w elektrycznych zapewnia nam wiedz\u0119 specjalistyczn\u0105 odno\u015bnie wydajno\u015bci system\u00f3w zarz\u0105dzania akumulatorami. Kieruj\u0105c si\u0119 takimi samymi ambicjami, czyli chc\u0105c wprowadza\u0107 innowacje i zmniejsza\u0107 \u015blad w\u0119glowy, nasze zespo\u0142y in\u017cynier\u00f3w wymieniaj\u0105 si\u0119 wiedz\u0105 z zespo\u0142ami Airbusa, aby stworzy\u0107 technologie umo\u017cliwiaj\u0105ce eksploatacj\u0119 zar\u00f3wno samolot\u00f3w hybrydowych, jak i rozw\u00f3j pojazd\u00f3w jutra-\u00a0 powiedzia\u0142 Gilles Le Borgne, wiceprezes Grupy Renault do spraw in\u017cynierskich.<\/p><\/blockquote>\n\n\n\n<blockquote class=\"wp-block-quote is-layout-flow wp-block-quote-is-layout-flow\"><p>Mi\u0119dzybran\u017cowe partnerstwo z Grup\u0105 Renault pomo\u017ce nam opracowa\u0107 now\u0105 generacj\u0119 akumulator\u00f3w w ramach planu elektryfikacji statk\u00f3w powietrznych produkowanych przez Airbusa. Osi\u0105gni\u0119cie zerowej emisji dwutlenku w\u0119gla netto do 2050 r. to wyj\u0105tkowe wyzwanie, kt\u00f3re ju\u017c dzi\u015b wymaga wsp\u00f3\u0142pracy mi\u0119dzy sektorami. Po\u0142\u0105czenie do\u015bwiadczenia Grupy Renault w pojazdach elektrycznych z naszymi w\u0142asnymi osi\u0105gni\u0119ciami z prac przy demonstratorach statk\u00f3w powietrznych z elektronap\u0119dem pozwoli przyspieszy\u0107 rozw\u00f3j technologii wymaganych dla przysz\u0142ej architektury samolot\u00f3w hybrydowych w latach 30. XXI wieku i p\u00f3\u017aniej. B\u0119dzie r\u00f3wnie\u017c sprzyja\u0107 powstawaniu wsp\u00f3lnych standard\u00f3w technicznych i regulacyjnych, wspieraj\u0105cych rozwi\u0105zania w zakresie czystej mobilno\u015bci, potrzebne do osi\u0105gni\u0119cia cel\u00f3w klimatycznych &#8211; powiedzia\u0142a Sabine Klauke, dyrektor techniczny Airbusa..<\/p><\/blockquote>\n\n\n\n<p>Trendy technologiczne zmierzaj\u0105 w tym samym kierunku. Wsp\u00f3\u0142praca Airbusa i Grupy Renault w zakresie elektryfikacji statk\u00f3w powietrznych i pojazd\u00f3w odegra wa\u017cn\u0105 rol\u0119 we wprowadzaniu zmian w bran\u017cy transportowej, skutecznie przyczyniaj\u0105c si\u0119 do osi\u0105gni\u0119cia zerowej emisji netto do 2050 r., zar\u00f3wno w sektorze motoryzacyjnym, jak i lotnictwie.<\/p>\n","protected":false},"author":1,"featured_media":247806,"comment_status":"","ping_status":"closed","template":"","categories":[25],"tags":[762,525,692,3325,21132],"class_list":["post-247805","infoair","type-infoair","status-publish","has-post-thumbnail","hentry","category-producenci","tag-airbus","tag-ekologia","tag-elektromobilnosc","tag-renault","tag-wpspolpraca"],"acf":[],"yoast_head":"<!-- This site is optimized with the Yoast SEO Premium plugin v21.8 (Yoast SEO v23.7) - https:\/\/yoast.com\/wordpress\/plugins\/seo\/ -->\n<title>Wsp\u00f3\u0142praca Airbusa i Grupy Renault w zakresie elektryfikacji samolot\u00f3w - TransInfo Archiwum<\/title>\n<meta name=\"description\" content=\"Wsp\u00f3\u0142praca Airbusa i Grupy Renault w zakresie elektryfikacji samolot\u00f3w\" \/>\n<meta name=\"robots\" content=\"index, follow, max-snippet:-1, max-image-preview:large, max-video-preview:-1\" \/>\n<link rel=\"canonical\" href=\"https:\/\/transinfo.pl\/x\/infoair\/wspolpraca-airbusa-i-grupy-renault-w-zakresie-elektryfikacji-samolotow\/\" \/>\n<meta property=\"og:locale\" content=\"pl_PL\" \/>\n<meta property=\"og:type\" content=\"article\" \/>\n<meta property=\"og:title\" content=\"Wsp\u00f3\u0142praca Airbusa i Grupy Renault w zakresie elektryfikacji samolot\u00f3w\" \/>\n<meta property=\"og:description\" content=\"Wsp\u00f3\u0142praca Airbusa i Grupy Renault w zakresie elektryfikacji samolot\u00f3w\" \/>\n<meta property=\"og:url\" content=\"https:\/\/transinfo.pl\/x\/infoair\/wspolpraca-airbusa-i-grupy-renault-w-zakresie-elektryfikacji-samolotow\/\" \/>\n<meta property=\"og:site_name\" content=\"TransInfo Archiwum\" \/>\n<meta property=\"og:image\" content=\"https:\/\/transinfo.pl\/x\/wp-content\/uploads\/2022\/12\/reanult-airbus-elektryfikacja-produktow.jpg\" \/>\n\t<meta property=\"og:image:width\" content=\"1\" \/>\n\t<meta property=\"og:image:height\" content=\"1\" \/>\n\t<meta property=\"og:image:type\" content=\"image\/jpeg\" \/>\n<meta name=\"twitter:card\" content=\"summary_large_image\" \/>\n<meta name=\"twitter:label1\" content=\"Szacowany czas czytania\" \/>\n\t<meta name=\"twitter:data1\" content=\"2 minuty\" \/>\n<script type=\"application\/ld+json\" class=\"yoast-schema-graph\">{\"@context\":\"https:\/\/schema.org\",\"@graph\":[{\"@type\":\"WebPage\",\"@id\":\"https:\/\/transinfo.pl\/x\/infoair\/wspolpraca-airbusa-i-grupy-renault-w-zakresie-elektryfikacji-samolotow\/\",\"url\":\"https:\/\/transinfo.pl\/x\/infoair\/wspolpraca-airbusa-i-grupy-renault-w-zakresie-elektryfikacji-samolotow\/\",\"name\":\"Wsp\u00f3\u0142praca Airbusa i Grupy Renault w zakresie elektryfikacji samolot\u00f3w - TransInfo Archiwum\",\"isPartOf\":{\"@id\":\"https:\/\/transinfo.pl\/x\/#website\"},\"primaryImageOfPage\":{\"@id\":\"https:\/\/transinfo.pl\/x\/infoair\/wspolpraca-airbusa-i-grupy-renault-w-zakresie-elektryfikacji-samolotow\/#primaryimage\"},\"image\":{\"@id\":\"https:\/\/transinfo.pl\/x\/infoair\/wspolpraca-airbusa-i-grupy-renault-w-zakresie-elektryfikacji-samolotow\/#primaryimage\"},\"thumbnailUrl\":\"https:\/\/transinfo.pl\/x\/wp-content\/uploads\/2022\/12\/reanult-airbus-elektryfikacja-produktow.jpg\",\"datePublished\":\"2022-12-06T08:30:00+00:00\",\"dateModified\":\"2022-12-06T08:30:00+00:00\",\"description\":\"Wsp\u00f3\u0142praca Airbusa i Grupy Renault w zakresie elektryfikacji samolot\u00f3w\",\"breadcrumb\":{\"@id\":\"https:\/\/transinfo.pl\/x\/infoair\/wspolpraca-airbusa-i-grupy-renault-w-zakresie-elektryfikacji-samolotow\/#breadcrumb\"},\"inLanguage\":\"pl-PL\",\"potentialAction\":[{\"@type\":\"ReadAction\",\"target\":[\"https:\/\/transinfo.pl\/x\/infoair\/wspolpraca-airbusa-i-grupy-renault-w-zakresie-elektryfikacji-samolotow\/\"]}]},{\"@type\":\"ImageObject\",\"inLanguage\":\"pl-PL\",\"@id\":\"https:\/\/transinfo.pl\/x\/infoair\/wspolpraca-airbusa-i-grupy-renault-w-zakresie-elektryfikacji-samolotow\/#primaryimage\",\"url\":\"https:\/\/transinfo.pl\/x\/wp-content\/uploads\/2022\/12\/reanult-airbus-elektryfikacja-produktow.jpg\",\"contentUrl\":\"https:\/\/transinfo.pl\/x\/wp-content\/uploads\/2022\/12\/reanult-airbus-elektryfikacja-produktow.jpg\"},{\"@type\":\"BreadcrumbList\",\"@id\":\"https:\/\/transinfo.pl\/x\/infoair\/wspolpraca-airbusa-i-grupy-renault-w-zakresie-elektryfikacji-samolotow\/#breadcrumb\",\"itemListElement\":[{\"@type\":\"ListItem\",\"position\":1,\"name\":\"Home\",\"item\":\"https:\/\/transinfo.pl\/x\/\"},{\"@type\":\"ListItem\",\"position\":2,\"name\":\"Infoair\",\"item\":\"https:\/\/transinfo.pl\/x\/infoair\/\"},{\"@type\":\"ListItem\",\"position\":3,\"name\":\"Wsp\u00f3\u0142praca Airbusa i Grupy Renault w zakresie elektryfikacji samolot\u00f3w\"}]},{\"@type\":\"WebSite\",\"@id\":\"https:\/\/transinfo.pl\/x\/#website\",\"url\":\"https:\/\/transinfo.pl\/x\/\",\"name\":\"TransInfo Archiwum\",\"description\":\"Ca\u0142y transport w jednym miejscu\",\"publisher\":{\"@id\":\"https:\/\/transinfo.pl\/x\/#organization\"},\"potentialAction\":[{\"@type\":\"SearchAction\",\"target\":{\"@type\":\"EntryPoint\",\"urlTemplate\":\"https:\/\/transinfo.pl\/x\/?s={search_term_string}\"},\"query-input\":{\"@type\":\"PropertyValueSpecification\",\"valueRequired\":true,\"valueName\":\"search_term_string\"}}],\"inLanguage\":\"pl-PL\"},{\"@type\":\"Organization\",\"@id\":\"https:\/\/transinfo.pl\/x\/#organization\",\"name\":\"TransInfo\",\"url\":\"https:\/\/transinfo.pl\/x\/\",\"logo\":{\"@type\":\"ImageObject\",\"inLanguage\":\"pl-PL\",\"@id\":\"https:\/\/transinfo.pl\/x\/#\/schema\/logo\/image\/\",\"url\":\"https:\/\/transinfo.pl\/x\/wp-content\/uploads\/2024\/10\/favicon.png\",\"contentUrl\":\"https:\/\/transinfo.pl\/x\/wp-content\/uploads\/2024\/10\/favicon.png\",\"width\":512,\"height\":512,\"caption\":\"TransInfo\"},\"image\":{\"@id\":\"https:\/\/transinfo.pl\/x\/#\/schema\/logo\/image\/\"}}]}<\/script>\n<!-- \/ Yoast SEO Premium plugin. -->","yoast_head_json":{"title":"Wsp\u00f3\u0142praca Airbusa i Grupy Renault w zakresie elektryfikacji samolot\u00f3w - TransInfo Archiwum","description":"Wsp\u00f3\u0142praca Airbusa i Grupy Renault w zakresie elektryfikacji samolot\u00f3w","robots":{"index":"index","follow":"follow","max-snippet":"max-snippet:-1","max-image-preview":"max-image-preview:large","max-video-preview":"max-video-preview:-1"},"canonical":"https:\/\/transinfo.pl\/x\/infoair\/wspolpraca-airbusa-i-grupy-renault-w-zakresie-elektryfikacji-samolotow\/","og_locale":"pl_PL","og_type":"article","og_title":"Wsp\u00f3\u0142praca Airbusa i Grupy Renault w zakresie elektryfikacji samolot\u00f3w","og_description":"Wsp\u00f3\u0142praca Airbusa i Grupy Renault w zakresie elektryfikacji samolot\u00f3w","og_url":"https:\/\/transinfo.pl\/x\/infoair\/wspolpraca-airbusa-i-grupy-renault-w-zakresie-elektryfikacji-samolotow\/","og_site_name":"TransInfo Archiwum","og_image":[{"url":"https:\/\/transinfo.pl\/x\/wp-content\/uploads\/2022\/12\/reanult-airbus-elektryfikacja-produktow.jpg","width":1,"height":1,"type":"image\/jpeg"}],"twitter_card":"summary_large_image","twitter_misc":{"Szacowany czas czytania":"2 minuty"},"schema":{"@context":"https:\/\/schema.org","@graph":[{"@type":"WebPage","@id":"https:\/\/transinfo.pl\/x\/infoair\/wspolpraca-airbusa-i-grupy-renault-w-zakresie-elektryfikacji-samolotow\/","url":"https:\/\/transinfo.pl\/x\/infoair\/wspolpraca-airbusa-i-grupy-renault-w-zakresie-elektryfikacji-samolotow\/","name":"Wsp\u00f3\u0142praca Airbusa i Grupy Renault w zakresie elektryfikacji samolot\u00f3w - TransInfo Archiwum","isPartOf":{"@id":"https:\/\/transinfo.pl\/x\/#website"},"primaryImageOfPage":{"@id":"https:\/\/transinfo.pl\/x\/infoair\/wspolpraca-airbusa-i-grupy-renault-w-zakresie-elektryfikacji-samolotow\/#primaryimage"},"image":{"@id":"https:\/\/transinfo.pl\/x\/infoair\/wspolpraca-airbusa-i-grupy-renault-w-zakresie-elektryfikacji-samolotow\/#primaryimage"},"thumbnailUrl":"https:\/\/transinfo.pl\/x\/wp-content\/uploads\/2022\/12\/reanult-airbus-elektryfikacja-produktow.jpg","datePublished":"2022-12-06T08:30:00+00:00","dateModified":"2022-12-06T08:30:00+00:00","description":"Wsp\u00f3\u0142praca Airbusa i Grupy Renault w zakresie elektryfikacji samolot\u00f3w","breadcrumb":{"@id":"https:\/\/transinfo.pl\/x\/infoair\/wspolpraca-airbusa-i-grupy-renault-w-zakresie-elektryfikacji-samolotow\/#breadcrumb"},"inLanguage":"pl-PL","potentialAction":[{"@type":"ReadAction","target":["https:\/\/transinfo.pl\/x\/infoair\/wspolpraca-airbusa-i-grupy-renault-w-zakresie-elektryfikacji-samolotow\/"]}]},{"@type":"ImageObject","inLanguage":"pl-PL","@id":"https:\/\/transinfo.pl\/x\/infoair\/wspolpraca-airbusa-i-grupy-renault-w-zakresie-elektryfikacji-samolotow\/#primaryimage","url":"https:\/\/transinfo.pl\/x\/wp-content\/uploads\/2022\/12\/reanult-airbus-elektryfikacja-produktow.jpg","contentUrl":"https:\/\/transinfo.pl\/x\/wp-content\/uploads\/2022\/12\/reanult-airbus-elektryfikacja-produktow.jpg"},{"@type":"BreadcrumbList","@id":"https:\/\/transinfo.pl\/x\/infoair\/wspolpraca-airbusa-i-grupy-renault-w-zakresie-elektryfikacji-samolotow\/#breadcrumb","itemListElement":[{"@type":"ListItem","position":1,"name":"Home","item":"https:\/\/transinfo.pl\/x\/"},{"@type":"ListItem","position":2,"name":"Infoair","item":"https:\/\/transinfo.pl\/x\/infoair\/"},{"@type":"ListItem","position":3,"name":"Wsp\u00f3\u0142praca Airbusa i Grupy Renault w zakresie elektryfikacji samolot\u00f3w"}]},{"@type":"WebSite","@id":"https:\/\/transinfo.pl\/x\/#website","url":"https:\/\/transinfo.pl\/x\/","name":"TransInfo Archiwum","description":"Ca\u0142y transport w jednym miejscu","publisher":{"@id":"https:\/\/transinfo.pl\/x\/#organization"},"potentialAction":[{"@type":"SearchAction","target":{"@type":"EntryPoint","urlTemplate":"https:\/\/transinfo.pl\/x\/?s={search_term_string}"},"query-input":{"@type":"PropertyValueSpecification","valueRequired":true,"valueName":"search_term_string"}}],"inLanguage":"pl-PL"},{"@type":"Organization","@id":"https:\/\/transinfo.pl\/x\/#organization","name":"TransInfo","url":"https:\/\/transinfo.pl\/x\/","logo":{"@type":"ImageObject","inLanguage":"pl-PL","@id":"https:\/\/transinfo.pl\/x\/#\/schema\/logo\/image\/","url":"https:\/\/transinfo.pl\/x\/wp-content\/uploads\/2024\/10\/favicon.png","contentUrl":"https:\/\/transinfo.pl\/x\/wp-content\/uploads\/2024\/10\/favicon.png","width":512,"height":512,"caption":"TransInfo"},"image":{"@id":"https:\/\/transinfo.pl\/x\/#\/schema\/logo\/image\/"}}]}},"_links":{"self":[{"href":"https:\/\/transinfo.pl\/x\/wp-json\/wp\/v2\/infoair\/247805","targetHints":{"allow":["GET"]}}],"collection":[{"href":"https:\/\/transinfo.pl\/x\/wp-json\/wp\/v2\/infoair"}],"about":[{"href":"https:\/\/transinfo.pl\/x\/wp-json\/wp\/v2\/types\/infoair"}],"author":[{"embeddable":true,"href":"https:\/\/transinfo.pl\/x\/wp-json\/wp\/v2\/users\/1"}],"replies":[{"embeddable":true,"href":"https:\/\/transinfo.pl\/x\/wp-json\/wp\/v2\/comments?post=247805"}],"wp:featuredmedia":[{"embeddable":true,"href":"https:\/\/transinfo.pl\/x\/wp-json\/wp\/v2\/media\/247806"}],"wp:attachment":[{"href":"https:\/\/transinfo.pl\/x\/wp-json\/wp\/v2\/media?parent=247805"}],"wp:term":[{"taxonomy":"category","embeddable":true,"href":"https:\/\/transinfo.pl\/x\/wp-json\/wp\/v2\/categories?post=247805"},{"taxonomy":"post_tag","embeddable":true,"href":"https:\/\/transinfo.pl\/x\/wp-json\/wp\/v2\/tags?post=247805"}],"curies":[{"name":"wp","href":"https:\/\/api.w.org\/{rel}","templated":true}]}}